{"id":144095,"date":"2023-11-17T10:37:03","date_gmt":"2023-11-17T15:37:03","guid":{"rendered":"https:\/\/telefilm.ca\/?post_type=appel-inscription&#038;p=144095"},"modified":"2023-11-22T09:27:48","modified_gmt":"2023-11-22T14:27:48","slug":"directory-of-canadians-at-berlin-2024-21st-berlinale-european-film-market-efm","status":"publish","type":"appel-inscription","link":"https:\/\/telefilm.ca\/en\/appel-inscription\/directory-of-canadians-at-berlin-2024-21st-berlinale-european-film-market-efm","title":{"rendered":"Directory of Canadians at Berlin 2024 | Berlinale &#038; European Film Market (EFM)"},"content":{"rendered":"<div class=\"editor-content\">\n<h2 class=\"wp-block-heading\"><strong>REGISTRATIONS OPEN<\/strong><\/h2>\n\n\n\n<p class=\"wp-block-paragraph\"><em>(Canadian industry professionals)<\/em><\/p>\n\n\n\n<p class=\"wp-block-paragraph\">Canadian industry professionals attending the<strong> European Film Market (EFM)<\/strong> <strong>and the<\/strong> <strong>Berlinale 2024<\/strong> can now register to the Directory of Canadians at Berlin 2024. By registering, you will be part of our <strong>CANADA AT BERLIN 2024<\/strong> promotional campaign and invited to Canadian activities organized on-site, if any.<\/p>\n\n\n\n<hr class=\"wp-block-separator has-alpha-channel-opacity\"\/>\n\n\n\n<div class=\"wp-block-buttons is-style-default act-button act-button--full-width is-layout-flex wp-block-buttons-is-layout-flex\">\n<div class=\"wp-block-button has-custom-width wp-block-button__width-100 is-style-with-icon\"><a class=\"wp-block-button__link wp-element-button\" href=\"https:\/\/telefilmbpm.appiancloud.com\/suite\/sites\/client\/page\/clientHome\/record\/lIBaiJ45Q3Cj0vo-S0PQD9tsUXzKchiZNAulR-r--TCfR_vQjAtq73aQ1DjMZ4fYrE_4ubz58P0MIt79udFzK0uLZt2rpILwQWA7OZF9k1VmBqU\/view\/summary\" target=\"_blank\" rel=\"noreferrer noopener\"><strong>REGISTER HERE<\/strong><i aria-label=\"Bouton primaire pleine largeur avec ic\u00f4ne\" class=\"icon far fa-external-link-alt\" aria-hidden=\"true\"> <\/i>     <\/a><\/div>\n<\/div>\n\n\n\n<ul class=\"wp-block-list\">\n<li>This Call for Entries will be submitted through <strong><a href=\"https:\/\/telefilm.ca\/en\/log-in\" target=\"_blank\" rel=\"noreferrer noopener\">Dialogue Events<\/a><\/strong>.<\/li>\n\n\n\n<li>Please consult the <strong><a href=\"https:\/\/telefilm.ca\/wp-content\/uploads\/2023\/09\/User-Guide_Dialogue-Events-1.pdf\" target=\"_blank\" rel=\"noreferrer noopener\">User Guide<\/a><\/strong> to submit your application.<\/li>\n<\/ul>\n\n\n\n<hr class=\"wp-block-separator has-alpha-channel-opacity\"\/>\n\n\n\n<h3 class=\"wp-block-heading\">MORE <strong>I<\/strong>NFORMATION&nbsp;<\/h3>\n\n\n\n<p class=\"wp-block-paragraph\">For more information, you can contact <strong>Myriam Blais<\/strong> (<strong><a href=\"mailto:myriam.blais@telefilm.ca\" target=\"_blank\" rel=\"noreferrer noopener\">myriam.blais@telefilm.ca<\/a><\/strong>) \/ or <strong>Val\u00e9rie Frappier<\/strong> (<strong><strong><a href=\"mailto:valerie.frappier@telefilm.ca\" target=\"_blank\" rel=\"noreferrer noopener\">valerie.frappier@telefilm.ca<\/a><\/strong><\/strong>).&nbsp;<\/p>\n\n\n\n<p class=\"wp-block-paragraph\"><\/p>\n\n\n\n<p class=\"wp-block-paragraph\"><strong>Promotion<\/strong>&nbsp;<strong>and Communications<\/strong><br>Telefilm Canada, Montreal&nbsp;<br><a href=\"mailto:DL-Festivals@telefilm.ca\" target=\"_blank\" rel=\"noreferrer noopener\"><strong>DL-Festivals@telefilm.ca<\/strong><\/a>&nbsp;<br>1 800 567-0890<\/p>\n<\/div>","protected":false},"template":"","categorie_appel_inscription":[11,13],"class_list":["post-144095","appel-inscription","type-appel-inscription","status-publish","hentry","categorie_appel_inscription-festival","categorie_appel_inscription-market"],"acf":{"date_debut":"20240215","date_fin":"20240225","ville":"Berlin","pays":"Germany","edition":"","deadlines":[{"description":"Deadline to register","date":"20240116"}]},"yoast_head":"<!-- This site is optimized with the Yoast SEO plugin v28.4 - https:\/\/yoast.com\/product\/yoast-seo-wordpress\/ -->\n<title>Directory of Canadians at Berlin 2024 | Berlinale &amp; European Film Market (EFM) | Telefilm Canada<\/title>\n<meta name=\"robots\" content=\"index, follow, max-snippet:-1, max-image-preview:large, max-video-preview:-1\" \/>\n<link rel=\"canonical\" href=\"https:\/\/telefilm.ca\/en\/appel-inscription\/directory-of-canadians-at-berlin-2024-21st-berlinale-european-film-market-efm\" \/>\n<meta property=\"og:locale\" content=\"en_US\" \/>\n<meta property=\"og:type\" content=\"article\" \/>\n<meta property=\"og:title\" content=\"Directory of Canadians at Berlin 2024 | Berlinale &amp; European Film Market (EFM) | Telefilm Canada\" \/>\n<meta property=\"og:description\" content=\"REGISTRATIONS OPEN (Canadian industry professionals) Canadian industry professionals attending the European Film Market (EFM) and the Berlinale 2024 can now register to the Directory of Canadians at Berlin 2024. By registering, you will be part of our CANADA AT BERLIN 2024 promotional campaign and invited to Canadian activities organized on-site, if any. MORE INFORMATION&nbsp; For [&hellip;]\" \/>\n<meta property=\"og:url\" content=\"https:\/\/telefilm.ca\/en\/appel-inscription\/directory-of-canadians-at-berlin-2024-21st-berlinale-european-film-market-efm\" \/>\n<meta property=\"og:site_name\" content=\"Telefilm Canada\" \/>\n<meta property=\"article:publisher\" content=\"https:\/\/www.facebook.com\/TelefilmCanada\/\" \/>\n<meta property=\"article:modified_time\" content=\"2023-11-22T14:27:48+00:00\" \/>\n<meta property=\"og:image\" content=\"https:\/\/telefilm.ca\/wp-content\/uploads\/2026\/08\/og-image-t-1200x675-1.png\" \/>\n\t<meta property=\"og:image:width\" content=\"1200\" \/>\n\t<meta property=\"og:image:height\" content=\"675\" \/>\n\t<meta property=\"og:image:type\" content=\"image\/png\" \/>\n<meta name=\"twitter:card\" content=\"summary_large_image\" \/>\n<meta name=\"twitter:site\" content=\"@Telefilm_Canada\" \/>\n<meta name=\"twitter:label1\" content=\"Est. reading time\" \/>\n\t<meta name=\"twitter:data1\" content=\"1 minute\" \/>\n<script type=\"application\/ld+json\" class=\"yoast-schema-graph\">{\"@context\":\"https:\\\/\\\/schema.org\",\"@graph\":[{\"@type\":\"WebPage\",\"@id\":\"https:\\\/\\\/telefilm.ca\\\/en\\\/appel-inscription\\\/directory-of-canadians-at-berlin-2024-21st-berlinale-european-film-market-efm\",\"url\":\"https:\\\/\\\/telefilm.ca\\\/en\\\/appel-inscription\\\/directory-of-canadians-at-berlin-2024-21st-berlinale-european-film-market-efm\",\"name\":\"Directory of Canadians at Berlin 2024 | Berlinale & European Film Market (EFM) | Telefilm Canada\",\"isPartOf\":{\"@id\":\"https:\\\/\\\/telefilm.ca\\\/en\\\/#website\"},\"datePublished\":\"2023-11-17T15:37:03+00:00\",\"dateModified\":\"2023-11-22T14:27:48+00:00\",\"breadcrumb\":{\"@id\":\"https:\\\/\\\/telefilm.ca\\\/en\\\/appel-inscription\\\/directory-of-canadians-at-berlin-2024-21st-berlinale-european-film-market-efm#breadcrumb\"},\"inLanguage\":\"en-CA\",\"potentialAction\":[{\"@type\":\"ReadAction\",\"target\":[\"https:\\\/\\\/telefilm.ca\\\/en\\\/appel-inscription\\\/directory-of-canadians-at-berlin-2024-21st-berlinale-european-film-market-efm\"]}]},{\"@type\":\"BreadcrumbList\",\"@id\":\"https:\\\/\\\/telefilm.ca\\\/en\\\/appel-inscription\\\/directory-of-canadians-at-berlin-2024-21st-berlinale-european-film-market-efm#breadcrumb\",\"itemListElement\":[{\"@type\":\"ListItem\",\"position\":1,\"name\":\"Home\",\"item\":\"https:\\\/\\\/telefilm.ca\\\/en\"},{\"@type\":\"ListItem\",\"position\":2,\"name\":\"Calls for Entry\",\"item\":\"https:\\\/\\\/telefilm.ca\\\/en\\\/appel-inscription\"},{\"@type\":\"ListItem\",\"position\":3,\"name\":\"Directory of Canadians at Berlin 2024 | Berlinale &#038; European Film Market (EFM)\"}]},{\"@type\":\"WebSite\",\"@id\":\"https:\\\/\\\/telefilm.ca\\\/en\\\/#website\",\"url\":\"https:\\\/\\\/telefilm.ca\\\/en\\\/\",\"name\":\"Telefilm Canada\",\"description\":\"Partner of Choice\",\"publisher\":{\"@id\":\"https:\\\/\\\/telefilm.ca\\\/en\\\/#organization\"},\"potentialAction\":[{\"@type\":\"SearchAction\",\"target\":{\"@type\":\"EntryPoint\",\"urlTemplate\":\"https:\\\/\\\/telefilm.ca\\\/en\\\/?s={search_term_string}\"},\"query-input\":{\"@type\":\"PropertyValueSpecification\",\"valueRequired\":true,\"valueName\":\"search_term_string\"}}],\"inLanguage\":\"en-CA\"},{\"@type\":\"Organization\",\"@id\":\"https:\\\/\\\/telefilm.ca\\\/en\\\/#organization\",\"name\":\"Telefilm Canada\",\"url\":\"https:\\\/\\\/telefilm.ca\\\/en\\\/\",\"logo\":{\"@type\":\"ImageObject\",\"inLanguage\":\"en-CA\",\"@id\":\"https:\\\/\\\/telefilm.ca\\\/en\\\/#\\\/schema\\\/logo\\\/image\\\/\",\"url\":\"https:\\\/\\\/telefilm.ca\\\/wp-content\\\/uploads\\\/2026\\\/05\\\/cropped-tfc_favicon_512.png\",\"contentUrl\":\"https:\\\/\\\/telefilm.ca\\\/wp-content\\\/uploads\\\/2026\\\/05\\\/cropped-tfc_favicon_512.png\",\"width\":512,\"height\":512,\"caption\":\"Telefilm Canada\"},\"image\":{\"@id\":\"https:\\\/\\\/telefilm.ca\\\/en\\\/#\\\/schema\\\/logo\\\/image\\\/\"},\"sameAs\":[\"https:\\\/\\\/www.facebook.com\\\/TelefilmCanada\\\/\",\"https:\\\/\\\/x.com\\\/Telefilm_Canada\",\"https:\\\/\\\/www.instagram.com\\\/telefilm_canada\\\/\",\"https:\\\/\\\/www.linkedin.com\\\/company\\\/telefilm-canada\\\/\",\"https:\\\/\\\/www.youtube.com\\\/user\\\/telefilmcanada\"]}]}<\/script>\n<!-- \/ Yoast SEO plugin. -->","yoast_head_json":{"title":"Directory of Canadians at Berlin 2024 | Berlinale & European Film Market (EFM) | Telefilm Canada","robots":{"index":"index","follow":"follow","max-snippet":"max-snippet:-1","max-image-preview":"max-image-preview:large","max-video-preview":"max-video-preview:-1"},"canonical":"https:\/\/telefilm.ca\/en\/appel-inscription\/directory-of-canadians-at-berlin-2024-21st-berlinale-european-film-market-efm","og_locale":"en_US","og_type":"article","og_title":"Directory of Canadians at Berlin 2024 | Berlinale & European Film Market (EFM) | Telefilm Canada","og_description":"REGISTRATIONS OPEN (Canadian industry professionals) Canadian industry professionals attending the European Film Market (EFM) and the Berlinale 2024 can now register to the Directory of Canadians at Berlin 2024. By registering, you will be part of our CANADA AT BERLIN 2024 promotional campaign and invited to Canadian activities organized on-site, if any. MORE INFORMATION&nbsp; For [&hellip;]","og_url":"https:\/\/telefilm.ca\/en\/appel-inscription\/directory-of-canadians-at-berlin-2024-21st-berlinale-european-film-market-efm","og_site_name":"Telefilm Canada","article_publisher":"https:\/\/www.facebook.com\/TelefilmCanada\/","article_modified_time":"2023-11-22T14:27:48+00:00","og_image":[{"width":1200,"height":675,"url":"https:\/\/telefilm.ca\/wp-content\/uploads\/2026\/08\/og-image-t-1200x675-1.png","type":"image\/png"}],"twitter_card":"summary_large_image","twitter_site":"@Telefilm_Canada","twitter_misc":{"Est. reading time":"1 minute"},"schema":{"@context":"https:\/\/schema.org","@graph":[{"@type":"WebPage","@id":"https:\/\/telefilm.ca\/en\/appel-inscription\/directory-of-canadians-at-berlin-2024-21st-berlinale-european-film-market-efm","url":"https:\/\/telefilm.ca\/en\/appel-inscription\/directory-of-canadians-at-berlin-2024-21st-berlinale-european-film-market-efm","name":"Directory of Canadians at Berlin 2024 | Berlinale & European Film Market (EFM) | Telefilm Canada","isPartOf":{"@id":"https:\/\/telefilm.ca\/en\/#website"},"datePublished":"2023-11-17T15:37:03+00:00","dateModified":"2023-11-22T14:27:48+00:00","breadcrumb":{"@id":"https:\/\/telefilm.ca\/en\/appel-inscription\/directory-of-canadians-at-berlin-2024-21st-berlinale-european-film-market-efm#breadcrumb"},"inLanguage":"en-CA","potentialAction":[{"@type":"ReadAction","target":["https:\/\/telefilm.ca\/en\/appel-inscription\/directory-of-canadians-at-berlin-2024-21st-berlinale-european-film-market-efm"]}]},{"@type":"BreadcrumbList","@id":"https:\/\/telefilm.ca\/en\/appel-inscription\/directory-of-canadians-at-berlin-2024-21st-berlinale-european-film-market-efm#breadcrumb","itemListElement":[{"@type":"ListItem","position":1,"name":"Home","item":"https:\/\/telefilm.ca\/en"},{"@type":"ListItem","position":2,"name":"Calls for Entry","item":"https:\/\/telefilm.ca\/en\/appel-inscription"},{"@type":"ListItem","position":3,"name":"Directory of Canadians at Berlin 2024 | Berlinale &#038; European Film Market (EFM)"}]},{"@type":"WebSite","@id":"https:\/\/telefilm.ca\/en\/#website","url":"https:\/\/telefilm.ca\/en\/","name":"Telefilm Canada","description":"Partner of Choice","publisher":{"@id":"https:\/\/telefilm.ca\/en\/#organization"},"potentialAction":[{"@type":"SearchAction","target":{"@type":"EntryPoint","urlTemplate":"https:\/\/telefilm.ca\/en\/?s={search_term_string}"},"query-input":{"@type":"PropertyValueSpecification","valueRequired":true,"valueName":"search_term_string"}}],"inLanguage":"en-CA"},{"@type":"Organization","@id":"https:\/\/telefilm.ca\/en\/#organization","name":"Telefilm Canada","url":"https:\/\/telefilm.ca\/en\/","logo":{"@type":"ImageObject","inLanguage":"en-CA","@id":"https:\/\/telefilm.ca\/en\/#\/schema\/logo\/image\/","url":"https:\/\/telefilm.ca\/wp-content\/uploads\/2026\/05\/cropped-tfc_favicon_512.png","contentUrl":"https:\/\/telefilm.ca\/wp-content\/uploads\/2026\/05\/cropped-tfc_favicon_512.png","width":512,"height":512,"caption":"Telefilm Canada"},"image":{"@id":"https:\/\/telefilm.ca\/en\/#\/schema\/logo\/image\/"},"sameAs":["https:\/\/www.facebook.com\/TelefilmCanada\/","https:\/\/x.com\/Telefilm_Canada","https:\/\/www.instagram.com\/telefilm_canada\/","https:\/\/www.linkedin.com\/company\/telefilm-canada\/","https:\/\/www.youtube.com\/user\/telefilmcanada"]}]}},"wpml_current_locale":"en_CA","wpml_translations":[{"locale":"fr_CA","id":144098,"post_title":"R\u00e9pertoire des Canadiens \u00e0 Berlin 2024 | Berlinale & March\u00e9 du film europ\u00e9en (EFM)","href":"https:\/\/telefilm.ca\/fr\/repertoire-des-canadiens-a-berlin-2024-berlinale-21e-marche-du-film-europeen-efm\/"}],"_links":{"self":[{"href":"https:\/\/telefilm.ca\/en\/wp-json\/wp\/v2\/appel-inscription\/144095","targetHints":{"allow":["GET"]}}],"collection":[{"href":"https:\/\/telefilm.ca\/en\/wp-json\/wp\/v2\/appel-inscription"}],"about":[{"href":"https:\/\/telefilm.ca\/en\/wp-json\/wp\/v2\/types\/appel-inscription"}],"version-history":[{"count":5,"href":"https:\/\/telefilm.ca\/en\/wp-json\/wp\/v2\/appel-inscription\/144095\/revisions"}],"predecessor-version":[{"id":144177,"href":"https:\/\/telefilm.ca\/en\/wp-json\/wp\/v2\/appel-inscription\/144095\/revisions\/144177"}],"wp:attachment":[{"href":"https:\/\/telefilm.ca\/en\/wp-json\/wp\/v2\/media?parent=144095"}],"wp:term":[{"taxonomy":"categorie_appel_inscription","embeddable":true,"href":"https:\/\/telefilm.ca\/en\/wp-json\/wp\/v2\/categorie_appel_inscription?post=144095"}],"curies":[{"name":"wp","href":"https:\/\/api.w.org\/{rel}","templated":true}]}}