{"version":"1.0","provider_name":"T\u00e9l\u00e9film Canada","provider_url":"https:\/\/telefilm.ca\/fr","author_name":"Mahnoor Masood","author_url":"https:\/\/telefilm.ca\/fr\/author\/mahnoor-masoodtelefilm-ca","title":"38e International Documentary Film Festival Amsterdam\u00a0\u00a0 | T\u00e9l\u00e9film Canada","type":"rich","width":600,"height":338,"html":"<blockquote class=\"wp-embedded-content\" data-secret=\"Via3MGNeXv\"><a href=\"https:\/\/telefilm.ca\/fr\/appel-inscription\/38e-international-documentary-film-festival-amsterdam\">38e International Documentary Film Festival Amsterdam\u00a0\u00a0<\/a><\/blockquote><iframe sandbox=\"allow-scripts\" security=\"restricted\" src=\"https:\/\/telefilm.ca\/fr\/appel-inscription\/38e-international-documentary-film-festival-amsterdam\/embed#?secret=Via3MGNeXv\" width=\"600\" height=\"338\" title=\"&laquo; 38e International Documentary Film Festival Amsterdam\u00a0\u00a0 &raquo; &#8212; T\u00e9l\u00e9film Canada\" data-secret=\"Via3MGNeXv\" frameborder=\"0\" marginwidth=\"0\" marginheight=\"0\" scrolling=\"no\" class=\"wp-embedded-content\"><\/iframe><script>\n\/*! This file is auto-generated *\/\n!function(d,l){\"use strict\";l.querySelector&&d.addEventListener&&\"undefined\"!=typeof URL&&(d.wp=d.wp||{},d.wp.receiveEmbedMessage||(d.wp.receiveEmbedMessage=function(e){var t=e.data;if((t||t.secret||t.message||t.value)&&!\/[^a-zA-Z0-9]\/.test(t.secret)){for(var s,r,n,a=l.querySelectorAll('iframe[data-secret=\"'+t.secret+'\"]'),o=l.querySelectorAll('blockquote[data-secret=\"'+t.secret+'\"]'),c=new RegExp(\"^https?:$\",\"i\"),i=0;i<o.length;i++)o[i].style.display=\"none\";for(i=0;i<a.length;i++)s=a[i],e.source===s.contentWindow&&(s.removeAttribute(\"style\"),\"height\"===t.message?(1e3<(r=parseInt(t.value,10))?r=1e3:~~r<200&&(r=200),s.height=r):\"link\"===t.message&&(r=new URL(s.getAttribute(\"src\")),n=new URL(t.value),c.test(n.protocol))&&n.host===r.host&&l.activeElement===s&&(d.top.location.href=t.value))}},d.addEventListener(\"message\",d.wp.receiveEmbedMessage,!1),l.addEventListener(\"DOMContentLoaded\",function(){for(var e,t,s=l.querySelectorAll(\"iframe.wp-embedded-content\"),r=0;r<s.length;r++)(t=(e=s[r]).getAttribute(\"data-secret\"))||(t=Math.random().toString(36).substring(2,12),e.src+=\"#?secret=\"+t,e.setAttribute(\"data-secret\",t)),e.contentWindow.postMessage({message:\"ready\",secret:t},\"*\")},!1)))}(window,document);\n\/\/# sourceURL=https:\/\/telefilm.ca\/wp-includes\/js\/wp-embed.min.js\n<\/script>\n","description":"APPEL D\u2019INSCRIPTIONS&nbsp;&nbsp; (Documentaires \u2013 longs et courts m\u00e9trages, projets nouveaux m\u00e9dias immersifs)\u00a0 L\u2019International Documentary Film Festival Amsterdam accepte pr\u00e9sentement les inscriptions pour sa prochaine \u00e9dition. Veuillez noter que les films doivent \u00eatre soumis directement au festival.\u00a0 D\u00c9TAILS&nbsp;&nbsp; CRIT\u00c8RES ADMISSIBILIT\u00c9&nbsp;&nbsp; \u00c0 PROPOS&nbsp;&nbsp;&nbsp; L\u2019International Documentary Film Festival Amsterdam est devenu l\u2019un des plus importants festivals du film [&hellip;]","thumbnail_url":"https:\/\/telefilm.ca\/wp-content\/uploads\/2026\/08\/og-image-t-1200x675-1.png","thumbnail_width":1200,"thumbnail_height":675}