{"id":123543,"date":"2022-09-06T19:28:10","date_gmt":"2022-09-06T19:28:10","guid":{"rendered":"https:\/\/telefilm.ca\/?post_type=appel-inscription&#038;p=123543"},"modified":"2022-09-06T19:28:11","modified_gmt":"2022-09-06T19:28:11","slug":"66e-san-francisco-international-film-festival","status":"publish","type":"appel-inscription","link":"https:\/\/telefilm.ca\/fr\/appel-inscription\/66e-san-francisco-international-film-festival","title":{"rendered":"66e San Francisco International Film Festival\u00a0"},"content":{"rendered":"<div class=\"editor-content\">\n<h3 class=\"wp-block-heading\"><strong>Appel d\u2019inscriptions<\/strong>&nbsp;<\/h3>\n\n\n\n<p class=\"wp-block-paragraph\"><em>(Longs, mi-long m\u00e9trage, courts m\u00e9trages, tous genres)<\/em>&nbsp;<\/p>\n\n\n\n<p class=\"wp-block-paragraph\">Le <a href=\"https:\/\/sffilm.org\/submit-your-film\/\" target=\"_blank\" rel=\"noreferrer noopener\">San Francisco International Film Festival<\/a> accepte pr\u00e9sentement les inscriptions pour son \u00e9dition 2023.&nbsp;<\/p>\n\n\n\n<p class=\"wp-block-paragraph\"><strong>Veuillez noter que les films doivent \u00eatre soumis directement aupr\u00e8s du Festival.<\/strong>&nbsp;<\/p>\n\n\n\n<p class=\"wp-block-paragraph\"><strong>Comp\u00e9titif: <\/strong>Oui&nbsp;<\/p>\n\n\n\n<p class=\"wp-block-paragraph\">F<strong>rais d\u2019inscription:<\/strong> Oui (60 \u2013 90$ US)&nbsp;<\/p>\n\n\n\n<h5 class=\"wp-block-heading\" id=\"admissibilite\">ADMISSIBILIT\u00c9<\/h5>\n\n\n\n<p class=\"wp-block-paragraph\"><a href=\"https:\/\/sffilm.org\/entry-info\/\">Consultez le site du festival.<\/a><\/p>\n\n\n\n<h5 class=\"wp-block-heading\" id=\"a-propos\">\u00c0 PROPOS<\/h5>\n\n\n\n<p class=\"wp-block-paragraph\">Fond\u00e9 en 1957, le Festival de San Francisco a pour objectif d&#8217;\u00eatre un festival intime en d\u00e9pit de sa taille et de sa port\u00e9e.&nbsp;&nbsp;<\/p>\n\n\n\n<p class=\"wp-block-paragraph\">Chaque ann\u00e9e, le comp\u00e9tition Golden Gate Awards offre plus de 30 000$ en prix pour 14 cat\u00e9gories de longs et courts m\u00e9trages.&nbsp;<\/p>\n\n\n\n<p class=\"wp-block-paragraph\">Le laur\u00e9at du meilleur court m\u00e9trage (moins de 40 minutes) devient \u00e9ligible pour l\u2019une des trois <strong>cat\u00e9gories de court m\u00e9trage aux Oscars<\/strong> (fiction, animation, documentaire) \u00e0 condition que celui-ci n\u2019ait pas \u00e9t\u00e9 diffus\u00e9 \u00e0 la t\u00e9l\u00e9vision ou sur le web.&nbsp;<\/p>\n\n\n\n<p class=\"wp-block-paragraph\">En 2022, les longs m\u00e9trages canadiens <strong>Fire of Love<\/strong> et <strong>Midwives<\/strong> \u00e9taient parmi la s\u00e9lection du festival.&nbsp;<\/p>\n\n\n\n<p class=\"wp-block-paragraph\"><strong>T\u00e9l\u00e9film Canada reconna\u00eet la s\u00e9lection d\u2019un long m\u00e9trage \u00e0 ce Festival et peut offrir une aide financi\u00e8re via le<\/strong> <strong><a href=\"http:\/\/www.telefilm.ca\/fr\/fonds-et-programmes\/programme-de-mise-en-marche-international\" target=\"_blank\" rel=\"noreferrer noopener\">Programme de promotion internationale<\/a>.&nbsp;<\/strong><\/p>\n\n\n\n<p class=\"wp-block-paragraph\"><strong>Promotion et Communications<\/strong>&nbsp;<br>T\u00e9l\u00e9film Canada, Montr\u00e9al&nbsp;<br><a href=\"mailto:festivals@telefilm.ca\" target=\"_blank\" rel=\"noreferrer noopener\"><strong>festivals@telefilm.ca<\/strong><\/a>&nbsp;<br>1 800 567-0890<\/p>\n<\/div>","protected":false},"template":"","categorie_appel_inscription":[],"class_list":["post-123543","appel-inscription","type-appel-inscription","status-publish","hentry"],"acf":{"date_debut":"20230413","date_fin":"20230423","ville":"San Francisco","pays":"\u00c9tats-Unis","edition":"","deadlines":[{"description":"Date limite d\u2019inscription h\u00e2tive","date":"20220930"},{"description":"Date limite d\u2019inscription r\u00e9gulier\u202f","date":"20221104"},{"description":"Date limite d\u2019inscription tardive","date":"20221202"}]},"yoast_head":"<!-- This site is optimized with the Yoast SEO plugin v28.4 - https:\/\/yoast.com\/product\/yoast-seo-wordpress\/ -->\n<title>66e San Francisco International Film Festival\u00a0 | T\u00e9l\u00e9film Canada<\/title>\n<meta name=\"robots\" content=\"index, follow, max-snippet:-1, max-image-preview:large, max-video-preview:-1\" \/>\n<link rel=\"canonical\" href=\"https:\/\/telefilm.ca\/fr\/appel-inscription\/66e-san-francisco-international-film-festival\" \/>\n<meta property=\"og:locale\" content=\"fr_CA\" \/>\n<meta property=\"og:type\" content=\"article\" \/>\n<meta property=\"og:title\" content=\"66e San Francisco International Film Festival\u00a0 | T\u00e9l\u00e9film Canada\" \/>\n<meta property=\"og:description\" content=\"Appel d\u2019inscriptions&nbsp; (Longs, mi-long m\u00e9trage, courts m\u00e9trages, tous genres)&nbsp; Le San Francisco International Film Festival accepte pr\u00e9sentement les inscriptions pour son \u00e9dition 2023.&nbsp; Veuillez noter que les films doivent \u00eatre soumis directement aupr\u00e8s du Festival.&nbsp; Comp\u00e9titif: Oui&nbsp; Frais d\u2019inscription: Oui (60 \u2013 90$ US)&nbsp; ADMISSIBILIT\u00c9 Consultez le site du festival. \u00c0 PROPOS Fond\u00e9 en 1957, [&hellip;]\" \/>\n<meta property=\"og:url\" content=\"https:\/\/telefilm.ca\/fr\/appel-inscription\/66e-san-francisco-international-film-festival\" \/>\n<meta property=\"og:site_name\" content=\"T\u00e9l\u00e9film Canada\" \/>\n<meta property=\"article:publisher\" content=\"https:\/\/www.facebook.com\/TelefilmCanada\/\" \/>\n<meta property=\"article:modified_time\" content=\"2022-09-06T19:28:11+00:00\" \/>\n<meta property=\"og:image\" content=\"https:\/\/telefilm.ca\/wp-content\/uploads\/2026\/08\/og-image-t-1200x675-1.png\" \/>\n\t<meta property=\"og:image:width\" content=\"1200\" \/>\n\t<meta property=\"og:image:height\" content=\"675\" \/>\n\t<meta property=\"og:image:type\" content=\"image\/png\" \/>\n<meta name=\"twitter:card\" content=\"summary_large_image\" \/>\n<meta name=\"twitter:site\" content=\"@Telefilm_Canada\" \/>\n<meta name=\"twitter:label1\" content=\"Estimation du temps de lecture\" \/>\n\t<meta name=\"twitter:data1\" content=\"1 minute\" \/>\n<script type=\"application\/ld+json\" class=\"yoast-schema-graph\">{\"@context\":\"https:\\\/\\\/schema.org\",\"@graph\":[{\"@type\":\"WebPage\",\"@id\":\"https:\\\/\\\/telefilm.ca\\\/fr\\\/appel-inscription\\\/66e-san-francisco-international-film-festival\",\"url\":\"https:\\\/\\\/telefilm.ca\\\/fr\\\/appel-inscription\\\/66e-san-francisco-international-film-festival\",\"name\":\"66e San Francisco International Film Festival\u00a0 | T\u00e9l\u00e9film Canada\",\"isPartOf\":{\"@id\":\"https:\\\/\\\/telefilm.ca\\\/fr#website\"},\"datePublished\":\"2022-09-06T19:28:10+00:00\",\"dateModified\":\"2022-09-06T19:28:11+00:00\",\"breadcrumb\":{\"@id\":\"https:\\\/\\\/telefilm.ca\\\/fr\\\/appel-inscription\\\/66e-san-francisco-international-film-festival#breadcrumb\"},\"inLanguage\":\"fr-CA\",\"potentialAction\":[{\"@type\":\"ReadAction\",\"target\":[\"https:\\\/\\\/telefilm.ca\\\/fr\\\/appel-inscription\\\/66e-san-francisco-international-film-festival\"]}]},{\"@type\":\"BreadcrumbList\",\"@id\":\"https:\\\/\\\/telefilm.ca\\\/fr\\\/appel-inscription\\\/66e-san-francisco-international-film-festival#breadcrumb\",\"itemListElement\":[{\"@type\":\"ListItem\",\"position\":1,\"name\":\"Accueil\",\"item\":\"https:\\\/\\\/telefilm.ca\\\/fr\"},{\"@type\":\"ListItem\",\"position\":2,\"name\":\"Calls for Entry\",\"item\":\"https:\\\/\\\/telefilm.ca\\\/fr\\\/appel-inscription\"},{\"@type\":\"ListItem\",\"position\":3,\"name\":\"66e San Francisco International Film Festival\u00a0\"}]},{\"@type\":\"WebSite\",\"@id\":\"https:\\\/\\\/telefilm.ca\\\/fr#website\",\"url\":\"https:\\\/\\\/telefilm.ca\\\/fr\",\"name\":\"T\u00e9l\u00e9film Canada\",\"description\":\"Partenaire de choix\",\"publisher\":{\"@id\":\"https:\\\/\\\/telefilm.ca\\\/fr#organization\"},\"potentialAction\":[{\"@type\":\"SearchAction\",\"target\":{\"@type\":\"EntryPoint\",\"urlTemplate\":\"https:\\\/\\\/telefilm.ca\\\/fr?s={search_term_string}\"},\"query-input\":{\"@type\":\"PropertyValueSpecification\",\"valueRequired\":true,\"valueName\":\"search_term_string\"}}],\"inLanguage\":\"fr-CA\"},{\"@type\":\"Organization\",\"@id\":\"https:\\\/\\\/telefilm.ca\\\/fr#organization\",\"name\":\"Telefilm Canada\",\"url\":\"https:\\\/\\\/telefilm.ca\\\/fr\",\"logo\":{\"@type\":\"ImageObject\",\"inLanguage\":\"fr-CA\",\"@id\":\"https:\\\/\\\/telefilm.ca\\\/fr#\\\/schema\\\/logo\\\/image\\\/\",\"url\":\"https:\\\/\\\/telefilm.ca\\\/wp-content\\\/uploads\\\/2026\\\/05\\\/cropped-tfc_favicon_512.png\",\"contentUrl\":\"https:\\\/\\\/telefilm.ca\\\/wp-content\\\/uploads\\\/2026\\\/05\\\/cropped-tfc_favicon_512.png\",\"width\":512,\"height\":512,\"caption\":\"Telefilm Canada\"},\"image\":{\"@id\":\"https:\\\/\\\/telefilm.ca\\\/fr#\\\/schema\\\/logo\\\/image\\\/\"},\"sameAs\":[\"https:\\\/\\\/www.facebook.com\\\/TelefilmCanada\\\/\",\"https:\\\/\\\/x.com\\\/Telefilm_Canada\",\"https:\\\/\\\/www.instagram.com\\\/telefilm_canada\\\/\",\"https:\\\/\\\/www.linkedin.com\\\/company\\\/telefilm-canada\\\/\",\"https:\\\/\\\/www.youtube.com\\\/user\\\/telefilmcanada\"]}]}<\/script>\n<!-- \/ Yoast SEO plugin. -->","yoast_head_json":{"title":"66e San Francisco International Film Festival\u00a0 | T\u00e9l\u00e9film Canada","robots":{"index":"index","follow":"follow","max-snippet":"max-snippet:-1","max-image-preview":"max-image-preview:large","max-video-preview":"max-video-preview:-1"},"canonical":"https:\/\/telefilm.ca\/fr\/appel-inscription\/66e-san-francisco-international-film-festival","og_locale":"fr_CA","og_type":"article","og_title":"66e San Francisco International Film Festival\u00a0 | T\u00e9l\u00e9film Canada","og_description":"Appel d\u2019inscriptions&nbsp; (Longs, mi-long m\u00e9trage, courts m\u00e9trages, tous genres)&nbsp; Le San Francisco International Film Festival accepte pr\u00e9sentement les inscriptions pour son \u00e9dition 2023.&nbsp; Veuillez noter que les films doivent \u00eatre soumis directement aupr\u00e8s du Festival.&nbsp; Comp\u00e9titif: Oui&nbsp; Frais d\u2019inscription: Oui (60 \u2013 90$ US)&nbsp; ADMISSIBILIT\u00c9 Consultez le site du festival. \u00c0 PROPOS Fond\u00e9 en 1957, [&hellip;]","og_url":"https:\/\/telefilm.ca\/fr\/appel-inscription\/66e-san-francisco-international-film-festival","og_site_name":"T\u00e9l\u00e9film Canada","article_publisher":"https:\/\/www.facebook.com\/TelefilmCanada\/","article_modified_time":"2022-09-06T19:28:11+00:00","og_image":[{"width":1200,"height":675,"url":"https:\/\/telefilm.ca\/wp-content\/uploads\/2026\/08\/og-image-t-1200x675-1.png","type":"image\/png"}],"twitter_card":"summary_large_image","twitter_site":"@Telefilm_Canada","twitter_misc":{"Estimation du temps de lecture":"1 minute"},"schema":{"@context":"https:\/\/schema.org","@graph":[{"@type":"WebPage","@id":"https:\/\/telefilm.ca\/fr\/appel-inscription\/66e-san-francisco-international-film-festival","url":"https:\/\/telefilm.ca\/fr\/appel-inscription\/66e-san-francisco-international-film-festival","name":"66e San Francisco International Film Festival\u00a0 | T\u00e9l\u00e9film Canada","isPartOf":{"@id":"https:\/\/telefilm.ca\/fr#website"},"datePublished":"2022-09-06T19:28:10+00:00","dateModified":"2022-09-06T19:28:11+00:00","breadcrumb":{"@id":"https:\/\/telefilm.ca\/fr\/appel-inscription\/66e-san-francisco-international-film-festival#breadcrumb"},"inLanguage":"fr-CA","potentialAction":[{"@type":"ReadAction","target":["https:\/\/telefilm.ca\/fr\/appel-inscription\/66e-san-francisco-international-film-festival"]}]},{"@type":"BreadcrumbList","@id":"https:\/\/telefilm.ca\/fr\/appel-inscription\/66e-san-francisco-international-film-festival#breadcrumb","itemListElement":[{"@type":"ListItem","position":1,"name":"Accueil","item":"https:\/\/telefilm.ca\/fr"},{"@type":"ListItem","position":2,"name":"Calls for Entry","item":"https:\/\/telefilm.ca\/fr\/appel-inscription"},{"@type":"ListItem","position":3,"name":"66e San Francisco International Film Festival\u00a0"}]},{"@type":"WebSite","@id":"https:\/\/telefilm.ca\/fr#website","url":"https:\/\/telefilm.ca\/fr","name":"T\u00e9l\u00e9film Canada","description":"Partenaire de choix","publisher":{"@id":"https:\/\/telefilm.ca\/fr#organization"},"potentialAction":[{"@type":"SearchAction","target":{"@type":"EntryPoint","urlTemplate":"https:\/\/telefilm.ca\/fr?s={search_term_string}"},"query-input":{"@type":"PropertyValueSpecification","valueRequired":true,"valueName":"search_term_string"}}],"inLanguage":"fr-CA"},{"@type":"Organization","@id":"https:\/\/telefilm.ca\/fr#organization","name":"Telefilm Canada","url":"https:\/\/telefilm.ca\/fr","logo":{"@type":"ImageObject","inLanguage":"fr-CA","@id":"https:\/\/telefilm.ca\/fr#\/schema\/logo\/image\/","url":"https:\/\/telefilm.ca\/wp-content\/uploads\/2026\/05\/cropped-tfc_favicon_512.png","contentUrl":"https:\/\/telefilm.ca\/wp-content\/uploads\/2026\/05\/cropped-tfc_favicon_512.png","width":512,"height":512,"caption":"Telefilm Canada"},"image":{"@id":"https:\/\/telefilm.ca\/fr#\/schema\/logo\/image\/"},"sameAs":["https:\/\/www.facebook.com\/TelefilmCanada\/","https:\/\/x.com\/Telefilm_Canada","https:\/\/www.instagram.com\/telefilm_canada\/","https:\/\/www.linkedin.com\/company\/telefilm-canada\/","https:\/\/www.youtube.com\/user\/telefilmcanada"]}]}},"wpml_current_locale":"fr_CA","wpml_translations":[{"locale":"en_CA","id":123540,"post_title":"66th San Francisco International Film Festival\u00a0","href":"https:\/\/telefilm.ca\/en\/66th-san-francisco-international-film-festival\/"}],"_links":{"self":[{"href":"https:\/\/telefilm.ca\/fr\/wp-json\/wp\/v2\/appel-inscription\/123543","targetHints":{"allow":["GET"]}}],"collection":[{"href":"https:\/\/telefilm.ca\/fr\/wp-json\/wp\/v2\/appel-inscription"}],"about":[{"href":"https:\/\/telefilm.ca\/fr\/wp-json\/wp\/v2\/types\/appel-inscription"}],"version-history":[{"count":5,"href":"https:\/\/telefilm.ca\/fr\/wp-json\/wp\/v2\/appel-inscription\/123543\/revisions"}],"predecessor-version":[{"id":123596,"href":"https:\/\/telefilm.ca\/fr\/wp-json\/wp\/v2\/appel-inscription\/123543\/revisions\/123596"}],"wp:attachment":[{"href":"https:\/\/telefilm.ca\/fr\/wp-json\/wp\/v2\/media?parent=123543"}],"wp:term":[{"taxonomy":"categorie_appel_inscription","embeddable":true,"href":"https:\/\/telefilm.ca\/fr\/wp-json\/wp\/v2\/categorie_appel_inscription?post=123543"}],"curies":[{"name":"wp","href":"https:\/\/api.w.org\/{rel}","templated":true}]}}