{"id":123587,"date":"2022-09-06T19:45:25","date_gmt":"2022-09-06T19:45:25","guid":{"rendered":"https:\/\/telefilm.ca\/?post_type=appel-inscription&#038;p=123587"},"modified":"2022-09-06T19:45:26","modified_gmt":"2022-09-06T19:45:26","slug":"fipadoc-2023-festival-et-journees-professionnelles","status":"publish","type":"appel-inscription","link":"https:\/\/telefilm.ca\/fr\/appel-inscription\/fipadoc-2023-festival-et-journees-professionnelles","title":{"rendered":"FIPADOC 2023 | Festival et journ\u00e9es professionnelles\u00a0"},"content":{"rendered":"<div class=\"editor-content\">\n<h3 class=\"wp-block-heading\" id=\"appel-dinscriptions\">Appel d\u2019inscriptions&nbsp;<\/h3>\n\n\n\n<p class=\"wp-block-paragraph\"><em>(Films documentaires ou exp\u00e9riences num\u00e9riques)&nbsp;<\/em><\/p>\n\n\n\n<p class=\"wp-block-paragraph\">Le <a href=\"https:\/\/fipadoc.com\/fr\" target=\"_blank\" rel=\"noreferrer noopener\">FIPADOC 2023<\/a>&nbsp; accepte actuellement les <a href=\"https:\/\/film-fipadoc.festicine.pro\/fr\" target=\"_blank\" rel=\"noreferrer noopener\">inscriptions de films documentaires<\/a> pour sa prochaine \u00e9dition.&nbsp;&nbsp;<\/p>\n\n\n\n<p class=\"wp-block-paragraph\">Le festival accepte aussi les <a href=\"https:\/\/pitch-fipadoc.festicine.pro\/fr\" target=\"_blank\" rel=\"noreferrer noopener\">projets documentaires<\/a> en d\u00e9veloppement ou en production pour l\u2019\u00e9dition 2023 des journ\u00e9es professionnelles organis\u00e9es en marge du festival.&nbsp;<\/p>\n\n\n\n<ul class=\"wp-block-list\"><li><strong>Comp\u00e9titif\u202f: <\/strong>Oui&nbsp;<\/li><\/ul>\n\n\n\n<ul class=\"wp-block-list\"><li><strong>Frais d\u2019inscription :<\/strong> Oui&nbsp;<\/li><\/ul>\n\n\n\n<h5 class=\"wp-block-heading\" id=\"admissibilite\">ADMISSIBILIT\u00c9<\/h5>\n\n\n\n<p class=\"wp-block-paragraph\"><strong>Films compl\u00e9t\u00e9s<\/strong>&nbsp;<\/p>\n\n\n\n<ul class=\"wp-block-list\"><li>les documentaires doivent avoir \u00e9t\u00e9 produits entre le 1er d\u00e9cembre 2021 et le 30 novembre 2022.&nbsp;&nbsp;<\/li><\/ul>\n\n\n\n<ul class=\"wp-block-list\"><li>Les films doivent durer au moins 50 minutes et un maximum de 20 minutes pour les formats courts et pourront se pr\u00e9senter sous n\u2019importe quel format narratif documentaire.&nbsp;<\/li><\/ul>\n\n\n\n<h5 class=\"wp-block-heading\" id=\"a-propos\">\u00c0 PROPOS<\/h5>\n\n\n\n<p class=\"wp-block-paragraph\">Le FIPADOC, festival international de documentaires, r\u00e9unit public et professionnels autour d\u2019une s\u00e9lection d\u2019\u0153uvres d\u2019exception. Lieu de rencontres et d\u2019\u00e9mergence de nouveaux projets, le FIPADOC s\u2019engage pour l\u2019impact, l\u2019innovation, l\u2019\u00e9ducation \u00e0 l\u2019image et la jeune cr\u00e9ation. En janvier, le FIPADOC ouvre l\u2019ann\u00e9e des grands festivals internationaux de documentaires.&nbsp;<\/p>\n\n\n\n<p class=\"wp-block-paragraph\">Les Journ\u00e9es professionnelles sont devenues le rendez-vous incontournable des acteurs de la cr\u00e9ation documentaire : le lieu o\u00f9 les d\u00e9cideurs et talents de l\u2019audiovisuel se rencontrent pour d\u00e9couvrir des projets en d\u00e9veloppement ou en cours de production, d\u00e9battre et imaginer le documentaire de demain. Les projets retenus seront pitch\u00e9s sur place par leurs repr\u00e9sentants devant une s\u00e9lection de professionnels invit\u00e9s par le FIPADOC et b\u00e9n\u00e9ficieront d\u2019un atelier de pr\u00e9paration obligatoire avec les mod\u00e9ratrices et d\u2019un suivi individualis\u00e9 de la part de l\u2019\u00e9quipe des Journ\u00e9es professionnelles. Ils profiteront \u00e9galement de rencontres individuelles avec des partenaires potentiels organis\u00e9es par nos soins avant ou apr\u00e8s la session de pitch.&nbsp;<\/p>\n\n\n\n<p class=\"wp-block-paragraph\">Le SMART est l\u2019espace enti\u00e8rement d\u00e9di\u00e9 aux exp\u00e9riences num\u00e9riques documentaires. Vous y trouverez une s\u00e9lection d\u2019oeuvres en r\u00e9alit\u00e9 virtuelle, en r\u00e9alit\u00e9 augment\u00e9 ou des films 360 et des s\u00e9ries web.&nbsp;&nbsp;<\/p>\n\n\n\n<p class=\"wp-block-paragraph\"><strong>Promotion internationale<\/strong>&nbsp;<br>T\u00e9l\u00e9film Canada, Montr\u00e9al&nbsp;<br><a href=\"mailto:festivals@telefilm.ca\" target=\"_blank\" rel=\"noreferrer noopener\">festivals@telefilm.ca<\/a>&nbsp;<br>1 800 567-0890&nbsp;<\/p>\n<\/div>","protected":false},"template":"","categorie_appel_inscription":[],"class_list":["post-123587","appel-inscription","type-appel-inscription","status-publish","hentry"],"acf":{"date_debut":"20230120","date_fin":"20230128","ville":"Biarritz","pays":"France","edition":"","deadlines":[{"description":"Date limite pour les films compl\u00e9t\u00e9s","date":"20221014"}]},"yoast_head":"<!-- This site is optimized with the Yoast SEO plugin v28.4 - https:\/\/yoast.com\/product\/yoast-seo-wordpress\/ -->\n<title>FIPADOC 2023 | Festival et journ\u00e9es professionnelles\u00a0 | T\u00e9l\u00e9film Canada<\/title>\n<meta name=\"robots\" content=\"index, follow, max-snippet:-1, max-image-preview:large, max-video-preview:-1\" \/>\n<link rel=\"canonical\" href=\"https:\/\/telefilm.ca\/fr\/appel-inscription\/fipadoc-2023-festival-et-journees-professionnelles\" \/>\n<meta property=\"og:locale\" content=\"fr_CA\" \/>\n<meta property=\"og:type\" content=\"article\" \/>\n<meta property=\"og:title\" content=\"FIPADOC 2023 | Festival et journ\u00e9es professionnelles\u00a0 | T\u00e9l\u00e9film Canada\" \/>\n<meta property=\"og:description\" content=\"Appel d\u2019inscriptions&nbsp; (Films documentaires ou exp\u00e9riences num\u00e9riques)&nbsp; Le FIPADOC 2023&nbsp; accepte actuellement les inscriptions de films documentaires pour sa prochaine \u00e9dition.&nbsp;&nbsp; Le festival accepte aussi les projets documentaires en d\u00e9veloppement ou en production pour l\u2019\u00e9dition 2023 des journ\u00e9es professionnelles organis\u00e9es en marge du festival.&nbsp; Comp\u00e9titif\u202f: Oui&nbsp; Frais d\u2019inscription : Oui&nbsp; ADMISSIBILIT\u00c9 Films compl\u00e9t\u00e9s&nbsp; les documentaires [&hellip;]\" \/>\n<meta property=\"og:url\" content=\"https:\/\/telefilm.ca\/fr\/appel-inscription\/fipadoc-2023-festival-et-journees-professionnelles\" \/>\n<meta property=\"og:site_name\" content=\"T\u00e9l\u00e9film Canada\" \/>\n<meta property=\"article:publisher\" content=\"https:\/\/www.facebook.com\/TelefilmCanada\/\" \/>\n<meta property=\"article:modified_time\" content=\"2022-09-06T19:45:26+00:00\" \/>\n<meta property=\"og:image\" content=\"https:\/\/telefilm.ca\/wp-content\/uploads\/2026\/08\/og-image-t-1200x675-1.png\" \/>\n\t<meta property=\"og:image:width\" content=\"1200\" \/>\n\t<meta property=\"og:image:height\" content=\"675\" \/>\n\t<meta property=\"og:image:type\" content=\"image\/png\" \/>\n<meta name=\"twitter:card\" content=\"summary_large_image\" \/>\n<meta name=\"twitter:site\" content=\"@Telefilm_Canada\" \/>\n<meta name=\"twitter:label1\" content=\"Estimation du temps de lecture\" \/>\n\t<meta name=\"twitter:data1\" content=\"2 minutes\" \/>\n<script type=\"application\/ld+json\" class=\"yoast-schema-graph\">{\"@context\":\"https:\\\/\\\/schema.org\",\"@graph\":[{\"@type\":\"WebPage\",\"@id\":\"https:\\\/\\\/telefilm.ca\\\/fr\\\/appel-inscription\\\/fipadoc-2023-festival-et-journees-professionnelles\",\"url\":\"https:\\\/\\\/telefilm.ca\\\/fr\\\/appel-inscription\\\/fipadoc-2023-festival-et-journees-professionnelles\",\"name\":\"FIPADOC 2023 | Festival et journ\u00e9es professionnelles\u00a0 | T\u00e9l\u00e9film Canada\",\"isPartOf\":{\"@id\":\"https:\\\/\\\/telefilm.ca\\\/fr#website\"},\"datePublished\":\"2022-09-06T19:45:25+00:00\",\"dateModified\":\"2022-09-06T19:45:26+00:00\",\"breadcrumb\":{\"@id\":\"https:\\\/\\\/telefilm.ca\\\/fr\\\/appel-inscription\\\/fipadoc-2023-festival-et-journees-professionnelles#breadcrumb\"},\"inLanguage\":\"fr-CA\",\"potentialAction\":[{\"@type\":\"ReadAction\",\"target\":[\"https:\\\/\\\/telefilm.ca\\\/fr\\\/appel-inscription\\\/fipadoc-2023-festival-et-journees-professionnelles\"]}]},{\"@type\":\"BreadcrumbList\",\"@id\":\"https:\\\/\\\/telefilm.ca\\\/fr\\\/appel-inscription\\\/fipadoc-2023-festival-et-journees-professionnelles#breadcrumb\",\"itemListElement\":[{\"@type\":\"ListItem\",\"position\":1,\"name\":\"Accueil\",\"item\":\"https:\\\/\\\/telefilm.ca\\\/fr\"},{\"@type\":\"ListItem\",\"position\":2,\"name\":\"Calls for Entry\",\"item\":\"https:\\\/\\\/telefilm.ca\\\/fr\\\/appel-inscription\"},{\"@type\":\"ListItem\",\"position\":3,\"name\":\"FIPADOC 2023 | Festival et journ\u00e9es professionnelles\u00a0\"}]},{\"@type\":\"WebSite\",\"@id\":\"https:\\\/\\\/telefilm.ca\\\/fr#website\",\"url\":\"https:\\\/\\\/telefilm.ca\\\/fr\",\"name\":\"T\u00e9l\u00e9film Canada\",\"description\":\"Partenaire de choix\",\"publisher\":{\"@id\":\"https:\\\/\\\/telefilm.ca\\\/fr#organization\"},\"potentialAction\":[{\"@type\":\"SearchAction\",\"target\":{\"@type\":\"EntryPoint\",\"urlTemplate\":\"https:\\\/\\\/telefilm.ca\\\/fr?s={search_term_string}\"},\"query-input\":{\"@type\":\"PropertyValueSpecification\",\"valueRequired\":true,\"valueName\":\"search_term_string\"}}],\"inLanguage\":\"fr-CA\"},{\"@type\":\"Organization\",\"@id\":\"https:\\\/\\\/telefilm.ca\\\/fr#organization\",\"name\":\"Telefilm Canada\",\"url\":\"https:\\\/\\\/telefilm.ca\\\/fr\",\"logo\":{\"@type\":\"ImageObject\",\"inLanguage\":\"fr-CA\",\"@id\":\"https:\\\/\\\/telefilm.ca\\\/fr#\\\/schema\\\/logo\\\/image\\\/\",\"url\":\"https:\\\/\\\/telefilm.ca\\\/wp-content\\\/uploads\\\/2026\\\/05\\\/cropped-tfc_favicon_512.png\",\"contentUrl\":\"https:\\\/\\\/telefilm.ca\\\/wp-content\\\/uploads\\\/2026\\\/05\\\/cropped-tfc_favicon_512.png\",\"width\":512,\"height\":512,\"caption\":\"Telefilm Canada\"},\"image\":{\"@id\":\"https:\\\/\\\/telefilm.ca\\\/fr#\\\/schema\\\/logo\\\/image\\\/\"},\"sameAs\":[\"https:\\\/\\\/www.facebook.com\\\/TelefilmCanada\\\/\",\"https:\\\/\\\/x.com\\\/Telefilm_Canada\",\"https:\\\/\\\/www.instagram.com\\\/telefilm_canada\\\/\",\"https:\\\/\\\/www.linkedin.com\\\/company\\\/telefilm-canada\\\/\",\"https:\\\/\\\/www.youtube.com\\\/user\\\/telefilmcanada\"]}]}<\/script>\n<!-- \/ Yoast SEO plugin. -->","yoast_head_json":{"title":"FIPADOC 2023 | Festival et journ\u00e9es professionnelles\u00a0 | T\u00e9l\u00e9film Canada","robots":{"index":"index","follow":"follow","max-snippet":"max-snippet:-1","max-image-preview":"max-image-preview:large","max-video-preview":"max-video-preview:-1"},"canonical":"https:\/\/telefilm.ca\/fr\/appel-inscription\/fipadoc-2023-festival-et-journees-professionnelles","og_locale":"fr_CA","og_type":"article","og_title":"FIPADOC 2023 | Festival et journ\u00e9es professionnelles\u00a0 | T\u00e9l\u00e9film Canada","og_description":"Appel d\u2019inscriptions&nbsp; (Films documentaires ou exp\u00e9riences num\u00e9riques)&nbsp; Le FIPADOC 2023&nbsp; accepte actuellement les inscriptions de films documentaires pour sa prochaine \u00e9dition.&nbsp;&nbsp; Le festival accepte aussi les projets documentaires en d\u00e9veloppement ou en production pour l\u2019\u00e9dition 2023 des journ\u00e9es professionnelles organis\u00e9es en marge du festival.&nbsp; Comp\u00e9titif\u202f: Oui&nbsp; Frais d\u2019inscription : Oui&nbsp; ADMISSIBILIT\u00c9 Films compl\u00e9t\u00e9s&nbsp; les documentaires [&hellip;]","og_url":"https:\/\/telefilm.ca\/fr\/appel-inscription\/fipadoc-2023-festival-et-journees-professionnelles","og_site_name":"T\u00e9l\u00e9film Canada","article_publisher":"https:\/\/www.facebook.com\/TelefilmCanada\/","article_modified_time":"2022-09-06T19:45:26+00:00","og_image":[{"width":1200,"height":675,"url":"https:\/\/telefilm.ca\/wp-content\/uploads\/2026\/08\/og-image-t-1200x675-1.png","type":"image\/png"}],"twitter_card":"summary_large_image","twitter_site":"@Telefilm_Canada","twitter_misc":{"Estimation du temps de lecture":"2 minutes"},"schema":{"@context":"https:\/\/schema.org","@graph":[{"@type":"WebPage","@id":"https:\/\/telefilm.ca\/fr\/appel-inscription\/fipadoc-2023-festival-et-journees-professionnelles","url":"https:\/\/telefilm.ca\/fr\/appel-inscription\/fipadoc-2023-festival-et-journees-professionnelles","name":"FIPADOC 2023 | Festival et journ\u00e9es professionnelles\u00a0 | T\u00e9l\u00e9film Canada","isPartOf":{"@id":"https:\/\/telefilm.ca\/fr#website"},"datePublished":"2022-09-06T19:45:25+00:00","dateModified":"2022-09-06T19:45:26+00:00","breadcrumb":{"@id":"https:\/\/telefilm.ca\/fr\/appel-inscription\/fipadoc-2023-festival-et-journees-professionnelles#breadcrumb"},"inLanguage":"fr-CA","potentialAction":[{"@type":"ReadAction","target":["https:\/\/telefilm.ca\/fr\/appel-inscription\/fipadoc-2023-festival-et-journees-professionnelles"]}]},{"@type":"BreadcrumbList","@id":"https:\/\/telefilm.ca\/fr\/appel-inscription\/fipadoc-2023-festival-et-journees-professionnelles#breadcrumb","itemListElement":[{"@type":"ListItem","position":1,"name":"Accueil","item":"https:\/\/telefilm.ca\/fr"},{"@type":"ListItem","position":2,"name":"Calls for Entry","item":"https:\/\/telefilm.ca\/fr\/appel-inscription"},{"@type":"ListItem","position":3,"name":"FIPADOC 2023 | Festival et journ\u00e9es professionnelles\u00a0"}]},{"@type":"WebSite","@id":"https:\/\/telefilm.ca\/fr#website","url":"https:\/\/telefilm.ca\/fr","name":"T\u00e9l\u00e9film Canada","description":"Partenaire de choix","publisher":{"@id":"https:\/\/telefilm.ca\/fr#organization"},"potentialAction":[{"@type":"SearchAction","target":{"@type":"EntryPoint","urlTemplate":"https:\/\/telefilm.ca\/fr?s={search_term_string}"},"query-input":{"@type":"PropertyValueSpecification","valueRequired":true,"valueName":"search_term_string"}}],"inLanguage":"fr-CA"},{"@type":"Organization","@id":"https:\/\/telefilm.ca\/fr#organization","name":"Telefilm Canada","url":"https:\/\/telefilm.ca\/fr","logo":{"@type":"ImageObject","inLanguage":"fr-CA","@id":"https:\/\/telefilm.ca\/fr#\/schema\/logo\/image\/","url":"https:\/\/telefilm.ca\/wp-content\/uploads\/2026\/05\/cropped-tfc_favicon_512.png","contentUrl":"https:\/\/telefilm.ca\/wp-content\/uploads\/2026\/05\/cropped-tfc_favicon_512.png","width":512,"height":512,"caption":"Telefilm Canada"},"image":{"@id":"https:\/\/telefilm.ca\/fr#\/schema\/logo\/image\/"},"sameAs":["https:\/\/www.facebook.com\/TelefilmCanada\/","https:\/\/x.com\/Telefilm_Canada","https:\/\/www.instagram.com\/telefilm_canada\/","https:\/\/www.linkedin.com\/company\/telefilm-canada\/","https:\/\/www.youtube.com\/user\/telefilmcanada"]}]}},"wpml_current_locale":"fr_CA","wpml_translations":[{"locale":"en_CA","id":123583,"post_title":"FIPADOC 2023 | Festival and Industry Days\u00a0","href":"https:\/\/telefilm.ca\/en\/fipadoc-2023-festival-and-industry-days\/"}],"_links":{"self":[{"href":"https:\/\/telefilm.ca\/fr\/wp-json\/wp\/v2\/appel-inscription\/123587","targetHints":{"allow":["GET"]}}],"collection":[{"href":"https:\/\/telefilm.ca\/fr\/wp-json\/wp\/v2\/appel-inscription"}],"about":[{"href":"https:\/\/telefilm.ca\/fr\/wp-json\/wp\/v2\/types\/appel-inscription"}],"version-history":[{"count":5,"href":"https:\/\/telefilm.ca\/fr\/wp-json\/wp\/v2\/appel-inscription\/123587\/revisions"}],"predecessor-version":[{"id":123606,"href":"https:\/\/telefilm.ca\/fr\/wp-json\/wp\/v2\/appel-inscription\/123587\/revisions\/123606"}],"wp:attachment":[{"href":"https:\/\/telefilm.ca\/fr\/wp-json\/wp\/v2\/media?parent=123587"}],"wp:term":[{"taxonomy":"categorie_appel_inscription","embeddable":true,"href":"https:\/\/telefilm.ca\/fr\/wp-json\/wp\/v2\/categorie_appel_inscription?post=123587"}],"curies":[{"name":"wp","href":"https:\/\/api.w.org\/{rel}","templated":true}]}}