{"id":126147,"date":"2022-09-27T14:48:50","date_gmt":"2022-09-27T18:48:50","guid":{"rendered":"https:\/\/telefilm.ca\/?post_type=appel-inscription&#038;p=126147"},"modified":"2022-09-27T14:48:51","modified_gmt":"2022-09-27T18:48:51","slug":"30e-stuttgart-international-festival-of-animated-film","status":"publish","type":"appel-inscription","link":"https:\/\/telefilm.ca\/fr\/appel-inscription\/30e-stuttgart-international-festival-of-animated-film","title":{"rendered":"30e Stuttgart International Festival of Animated Film\u00a0\u00a0\u00a0"},"content":{"rendered":"<div class=\"editor-content\">\n<h3 class=\"wp-block-heading\" id=\"appel-dinscriptions\">Appel d&#8217;inscriptions<\/h3>\n\n\n\n<p class=\"wp-block-paragraph\"><em>(Longs, courts, films \u00e9tudiants, transmedia)\u00a0<\/em><\/p>\n\n\n\n<p class=\"wp-block-paragraph\">Le <a href=\"http:\/\/www.itfs.de\/en\/branche\/competitions\/\" target=\"_blank\" rel=\"noreferrer noopener\">30e Stuttgart International Festival of Animated Film<\/a> accepte pr\u00e9sentement les inscriptions pour sa prochaine \u00e9dition.&nbsp;<\/p>\n\n\n\n<p class=\"wp-block-paragraph\"><strong>Veuillez noter que les films doivent \u00eatre soumis directement au festival.<\/strong>\u00a0<\/p>\n\n\n\n<ul class=\"wp-block-list\"><li><strong>Comp\u00e9titif\u202f:\u00a0<\/strong>Oui<\/li><li><strong>Frais d\u2019inscription :\u00a0<\/strong>Non * <em>Le festival ne charge pas de frais, mais la plateforme de soumissions Shortfilmdepot.com charge un petit montant selon le nombre de films soumis.<\/em>\u00a0\u00a0<\/li><\/ul>\n\n\n\n<h5 class=\"wp-block-heading\" id=\"admissibilite\">ADMISSIBILIT\u00c9<\/h5>\n\n\n\n<p class=\"wp-block-paragraph\"><a href=\"https:\/\/www.itfs.de\/wp-content\/uploads\/2022\/08\/ITFS23_Regulations_GB.pdf\">Veuillez consulter le site du festival.<\/a><\/p>\n\n\n\n<h5 class=\"wp-block-heading\" id=\"a-propos\">\u00c0 PROPOS<\/h5>\n\n\n\n<p class=\"wp-block-paragraph\">Fond\u00e9 en 1982, l\u2019ITFS est l\u2019un des plus importants festivals internationaux pour les films d\u2019animation. Il attire pr\u00e8s de 90\u202f000 cin\u00e9philes et 2\u202f500 professionnels accr\u00e9dit\u00e9s. De plus, le festival pr\u00e9sente des \u00e9v\u00e8nements parall\u00e8les r\u00e9serv\u00e9s aux professionnels\u202fdont le <em>16<\/em><em><sup>th<\/sup><\/em><em> Animation Production Days<\/em>, un forum de 4 jours sur la coproduction et le financement qui r\u00e9unit 200 participants de 20 pays pr\u00e9sentant 50 projets en d\u00e9veloppement, auquel s\u2019ajoute la Conf\u00e9rence FMX (animation, effets, jeux, media immersifs) qui attire 4,000 professionnels.&nbsp;<\/p>\n\n\n\n<p class=\"wp-block-paragraph\">Principalement ax\u00e9 sur le court m\u00e9trage, le festival comprend plusieurs sections comp\u00e9titives et octroie des prix accompagn\u00e9s d\u2019une remise en argent d\u2019une valeur totalisant 70,000 \u20ac. Le court remportant le Grand Prix (15,000 \u20ac) se qualifie automatique pour les Oscars dans la cat\u00e9gorie court m\u00e9trage d\u2019animation.<strong> <\/strong>Deux prix sont r\u00e9serv\u00e9s aux films \u00e9tudiants dont le Meilleur film de fin d\u2019\u00e9tude (10,000 \u20ac).\u00a0<\/p>\n\n\n\n<p class=\"wp-block-paragraph\"><strong>Promotion internationale<\/strong>\u00a0<br>T\u00e9l\u00e9film Canada, Montr\u00e9al\u00a0<br><a href=\"mailto:festivals@telefilm.ca\" target=\"_blank\" rel=\"noreferrer noopener\">festivals@telefilm.ca<\/a>\u00a0<br>1 800 567-0890\u00a0<\/p>\n<\/div>","protected":false},"template":"","categorie_appel_inscription":[],"class_list":["post-126147","appel-inscription","type-appel-inscription","status-publish","hentry"],"acf":{"date_debut":"20230425","date_fin":"20230430","ville":"Stuttgart","pays":"Allemagne","edition":"","deadlines":[{"description":"Date limite d\u2019inscription pour les courts m\u00e9trages","date":"20221201"},{"description":"Date limite d'inscription pour les longs m\u00e9trages","date":"20230116"}]},"yoast_head":"<!-- This site is optimized with the Yoast SEO plugin v28.4 - https:\/\/yoast.com\/product\/yoast-seo-wordpress\/ -->\n<title>30e Stuttgart International Festival of Animated Film\u00a0\u00a0\u00a0 | T\u00e9l\u00e9film Canada<\/title>\n<meta name=\"robots\" content=\"index, follow, max-snippet:-1, max-image-preview:large, max-video-preview:-1\" \/>\n<link rel=\"canonical\" href=\"https:\/\/telefilm.ca\/fr\/appel-inscription\/30e-stuttgart-international-festival-of-animated-film\" \/>\n<meta property=\"og:locale\" content=\"fr_CA\" \/>\n<meta property=\"og:type\" content=\"article\" \/>\n<meta property=\"og:title\" content=\"30e Stuttgart International Festival of Animated Film\u00a0\u00a0\u00a0 | T\u00e9l\u00e9film Canada\" \/>\n<meta property=\"og:description\" content=\"Appel d&#8217;inscriptions (Longs, courts, films \u00e9tudiants, transmedia)\u00a0 Le 30e Stuttgart International Festival of Animated Film accepte pr\u00e9sentement les inscriptions pour sa prochaine \u00e9dition.&nbsp; Veuillez noter que les films doivent \u00eatre soumis directement au festival.\u00a0 Comp\u00e9titif\u202f:\u00a0Oui Frais d\u2019inscription :\u00a0Non * Le festival ne charge pas de frais, mais la plateforme de soumissions Shortfilmdepot.com charge un petit [&hellip;]\" \/>\n<meta property=\"og:url\" content=\"https:\/\/telefilm.ca\/fr\/appel-inscription\/30e-stuttgart-international-festival-of-animated-film\" \/>\n<meta property=\"og:site_name\" content=\"T\u00e9l\u00e9film Canada\" \/>\n<meta property=\"article:publisher\" content=\"https:\/\/www.facebook.com\/TelefilmCanada\/\" \/>\n<meta property=\"article:modified_time\" content=\"2022-09-27T18:48:51+00:00\" \/>\n<meta property=\"og:image\" content=\"https:\/\/telefilm.ca\/wp-content\/uploads\/2026\/08\/og-image-t-1200x675-1.png\" \/>\n\t<meta property=\"og:image:width\" content=\"1200\" \/>\n\t<meta property=\"og:image:height\" content=\"675\" \/>\n\t<meta property=\"og:image:type\" content=\"image\/png\" \/>\n<meta name=\"twitter:card\" content=\"summary_large_image\" \/>\n<meta name=\"twitter:site\" content=\"@Telefilm_Canada\" \/>\n<meta name=\"twitter:label1\" content=\"Estimation du temps de lecture\" \/>\n\t<meta name=\"twitter:data1\" content=\"2 minutes\" \/>\n<script type=\"application\/ld+json\" class=\"yoast-schema-graph\">{\"@context\":\"https:\\\/\\\/schema.org\",\"@graph\":[{\"@type\":\"WebPage\",\"@id\":\"https:\\\/\\\/telefilm.ca\\\/fr\\\/appel-inscription\\\/30e-stuttgart-international-festival-of-animated-film\",\"url\":\"https:\\\/\\\/telefilm.ca\\\/fr\\\/appel-inscription\\\/30e-stuttgart-international-festival-of-animated-film\",\"name\":\"30e Stuttgart International Festival of Animated Film\u00a0\u00a0\u00a0 | T\u00e9l\u00e9film Canada\",\"isPartOf\":{\"@id\":\"https:\\\/\\\/telefilm.ca\\\/fr#website\"},\"datePublished\":\"2022-09-27T18:48:50+00:00\",\"dateModified\":\"2022-09-27T18:48:51+00:00\",\"breadcrumb\":{\"@id\":\"https:\\\/\\\/telefilm.ca\\\/fr\\\/appel-inscription\\\/30e-stuttgart-international-festival-of-animated-film#breadcrumb\"},\"inLanguage\":\"fr-CA\",\"potentialAction\":[{\"@type\":\"ReadAction\",\"target\":[\"https:\\\/\\\/telefilm.ca\\\/fr\\\/appel-inscription\\\/30e-stuttgart-international-festival-of-animated-film\"]}]},{\"@type\":\"BreadcrumbList\",\"@id\":\"https:\\\/\\\/telefilm.ca\\\/fr\\\/appel-inscription\\\/30e-stuttgart-international-festival-of-animated-film#breadcrumb\",\"itemListElement\":[{\"@type\":\"ListItem\",\"position\":1,\"name\":\"Accueil\",\"item\":\"https:\\\/\\\/telefilm.ca\\\/fr\"},{\"@type\":\"ListItem\",\"position\":2,\"name\":\"Calls for Entry\",\"item\":\"https:\\\/\\\/telefilm.ca\\\/fr\\\/appel-inscription\"},{\"@type\":\"ListItem\",\"position\":3,\"name\":\"30e Stuttgart International Festival of Animated Film\u00a0\u00a0\u00a0\"}]},{\"@type\":\"WebSite\",\"@id\":\"https:\\\/\\\/telefilm.ca\\\/fr#website\",\"url\":\"https:\\\/\\\/telefilm.ca\\\/fr\",\"name\":\"T\u00e9l\u00e9film Canada\",\"description\":\"Partenaire de choix\",\"publisher\":{\"@id\":\"https:\\\/\\\/telefilm.ca\\\/fr#organization\"},\"potentialAction\":[{\"@type\":\"SearchAction\",\"target\":{\"@type\":\"EntryPoint\",\"urlTemplate\":\"https:\\\/\\\/telefilm.ca\\\/fr?s={search_term_string}\"},\"query-input\":{\"@type\":\"PropertyValueSpecification\",\"valueRequired\":true,\"valueName\":\"search_term_string\"}}],\"inLanguage\":\"fr-CA\"},{\"@type\":\"Organization\",\"@id\":\"https:\\\/\\\/telefilm.ca\\\/fr#organization\",\"name\":\"Telefilm Canada\",\"url\":\"https:\\\/\\\/telefilm.ca\\\/fr\",\"logo\":{\"@type\":\"ImageObject\",\"inLanguage\":\"fr-CA\",\"@id\":\"https:\\\/\\\/telefilm.ca\\\/fr#\\\/schema\\\/logo\\\/image\\\/\",\"url\":\"https:\\\/\\\/telefilm.ca\\\/wp-content\\\/uploads\\\/2026\\\/05\\\/cropped-tfc_favicon_512.png\",\"contentUrl\":\"https:\\\/\\\/telefilm.ca\\\/wp-content\\\/uploads\\\/2026\\\/05\\\/cropped-tfc_favicon_512.png\",\"width\":512,\"height\":512,\"caption\":\"Telefilm Canada\"},\"image\":{\"@id\":\"https:\\\/\\\/telefilm.ca\\\/fr#\\\/schema\\\/logo\\\/image\\\/\"},\"sameAs\":[\"https:\\\/\\\/www.facebook.com\\\/TelefilmCanada\\\/\",\"https:\\\/\\\/x.com\\\/Telefilm_Canada\",\"https:\\\/\\\/www.instagram.com\\\/telefilm_canada\\\/\",\"https:\\\/\\\/www.linkedin.com\\\/company\\\/telefilm-canada\\\/\",\"https:\\\/\\\/www.youtube.com\\\/user\\\/telefilmcanada\"]}]}<\/script>\n<!-- \/ Yoast SEO plugin. -->","yoast_head_json":{"title":"30e Stuttgart International Festival of Animated Film\u00a0\u00a0\u00a0 | T\u00e9l\u00e9film Canada","robots":{"index":"index","follow":"follow","max-snippet":"max-snippet:-1","max-image-preview":"max-image-preview:large","max-video-preview":"max-video-preview:-1"},"canonical":"https:\/\/telefilm.ca\/fr\/appel-inscription\/30e-stuttgart-international-festival-of-animated-film","og_locale":"fr_CA","og_type":"article","og_title":"30e Stuttgart International Festival of Animated Film\u00a0\u00a0\u00a0 | T\u00e9l\u00e9film Canada","og_description":"Appel d&#8217;inscriptions (Longs, courts, films \u00e9tudiants, transmedia)\u00a0 Le 30e Stuttgart International Festival of Animated Film accepte pr\u00e9sentement les inscriptions pour sa prochaine \u00e9dition.&nbsp; Veuillez noter que les films doivent \u00eatre soumis directement au festival.\u00a0 Comp\u00e9titif\u202f:\u00a0Oui Frais d\u2019inscription :\u00a0Non * Le festival ne charge pas de frais, mais la plateforme de soumissions Shortfilmdepot.com charge un petit [&hellip;]","og_url":"https:\/\/telefilm.ca\/fr\/appel-inscription\/30e-stuttgart-international-festival-of-animated-film","og_site_name":"T\u00e9l\u00e9film Canada","article_publisher":"https:\/\/www.facebook.com\/TelefilmCanada\/","article_modified_time":"2022-09-27T18:48:51+00:00","og_image":[{"width":1200,"height":675,"url":"https:\/\/telefilm.ca\/wp-content\/uploads\/2026\/08\/og-image-t-1200x675-1.png","type":"image\/png"}],"twitter_card":"summary_large_image","twitter_site":"@Telefilm_Canada","twitter_misc":{"Estimation du temps de lecture":"2 minutes"},"schema":{"@context":"https:\/\/schema.org","@graph":[{"@type":"WebPage","@id":"https:\/\/telefilm.ca\/fr\/appel-inscription\/30e-stuttgart-international-festival-of-animated-film","url":"https:\/\/telefilm.ca\/fr\/appel-inscription\/30e-stuttgart-international-festival-of-animated-film","name":"30e Stuttgart International Festival of Animated Film\u00a0\u00a0\u00a0 | T\u00e9l\u00e9film Canada","isPartOf":{"@id":"https:\/\/telefilm.ca\/fr#website"},"datePublished":"2022-09-27T18:48:50+00:00","dateModified":"2022-09-27T18:48:51+00:00","breadcrumb":{"@id":"https:\/\/telefilm.ca\/fr\/appel-inscription\/30e-stuttgart-international-festival-of-animated-film#breadcrumb"},"inLanguage":"fr-CA","potentialAction":[{"@type":"ReadAction","target":["https:\/\/telefilm.ca\/fr\/appel-inscription\/30e-stuttgart-international-festival-of-animated-film"]}]},{"@type":"BreadcrumbList","@id":"https:\/\/telefilm.ca\/fr\/appel-inscription\/30e-stuttgart-international-festival-of-animated-film#breadcrumb","itemListElement":[{"@type":"ListItem","position":1,"name":"Accueil","item":"https:\/\/telefilm.ca\/fr"},{"@type":"ListItem","position":2,"name":"Calls for Entry","item":"https:\/\/telefilm.ca\/fr\/appel-inscription"},{"@type":"ListItem","position":3,"name":"30e Stuttgart International Festival of Animated Film\u00a0\u00a0\u00a0"}]},{"@type":"WebSite","@id":"https:\/\/telefilm.ca\/fr#website","url":"https:\/\/telefilm.ca\/fr","name":"T\u00e9l\u00e9film Canada","description":"Partenaire de choix","publisher":{"@id":"https:\/\/telefilm.ca\/fr#organization"},"potentialAction":[{"@type":"SearchAction","target":{"@type":"EntryPoint","urlTemplate":"https:\/\/telefilm.ca\/fr?s={search_term_string}"},"query-input":{"@type":"PropertyValueSpecification","valueRequired":true,"valueName":"search_term_string"}}],"inLanguage":"fr-CA"},{"@type":"Organization","@id":"https:\/\/telefilm.ca\/fr#organization","name":"Telefilm Canada","url":"https:\/\/telefilm.ca\/fr","logo":{"@type":"ImageObject","inLanguage":"fr-CA","@id":"https:\/\/telefilm.ca\/fr#\/schema\/logo\/image\/","url":"https:\/\/telefilm.ca\/wp-content\/uploads\/2026\/05\/cropped-tfc_favicon_512.png","contentUrl":"https:\/\/telefilm.ca\/wp-content\/uploads\/2026\/05\/cropped-tfc_favicon_512.png","width":512,"height":512,"caption":"Telefilm Canada"},"image":{"@id":"https:\/\/telefilm.ca\/fr#\/schema\/logo\/image\/"},"sameAs":["https:\/\/www.facebook.com\/TelefilmCanada\/","https:\/\/x.com\/Telefilm_Canada","https:\/\/www.instagram.com\/telefilm_canada\/","https:\/\/www.linkedin.com\/company\/telefilm-canada\/","https:\/\/www.youtube.com\/user\/telefilmcanada"]}]}},"wpml_current_locale":"fr_CA","wpml_translations":[{"locale":"en_CA","id":126140,"post_title":"30th International Festival of Animated Film Stuttgart\u00a0","href":"https:\/\/telefilm.ca\/en\/30th-international-festival-of-animated-film-stuttgart\/"}],"_links":{"self":[{"href":"https:\/\/telefilm.ca\/fr\/wp-json\/wp\/v2\/appel-inscription\/126147","targetHints":{"allow":["GET"]}}],"collection":[{"href":"https:\/\/telefilm.ca\/fr\/wp-json\/wp\/v2\/appel-inscription"}],"about":[{"href":"https:\/\/telefilm.ca\/fr\/wp-json\/wp\/v2\/types\/appel-inscription"}],"version-history":[{"count":4,"href":"https:\/\/telefilm.ca\/fr\/wp-json\/wp\/v2\/appel-inscription\/126147\/revisions"}],"predecessor-version":[{"id":126151,"href":"https:\/\/telefilm.ca\/fr\/wp-json\/wp\/v2\/appel-inscription\/126147\/revisions\/126151"}],"wp:attachment":[{"href":"https:\/\/telefilm.ca\/fr\/wp-json\/wp\/v2\/media?parent=126147"}],"wp:term":[{"taxonomy":"categorie_appel_inscription","embeddable":true,"href":"https:\/\/telefilm.ca\/fr\/wp-json\/wp\/v2\/categorie_appel_inscription?post=126147"}],"curies":[{"name":"wp","href":"https:\/\/api.w.org\/{rel}","templated":true}]}}