{"id":140518,"date":"2023-04-17T16:54:19","date_gmt":"2023-04-17T20:54:19","guid":{"rendered":"https:\/\/telefilm.ca\/?post_type=appel-inscription&#038;p=140518"},"modified":"2023-04-17T17:01:02","modified_gmt":"2023-04-17T21:01:02","slug":"68e-festival-international-du-film-de-valladolid","status":"publish","type":"appel-inscription","link":"https:\/\/telefilm.ca\/fr\/appel-inscription\/68e-festival-international-du-film-de-valladolid","title":{"rendered":"68e Festival International du Film de Valladolid"},"content":{"rendered":"<div class=\"editor-content\">\n<h5 class=\"wp-block-heading\"><strong>Appel d\u2019inscriptions<\/strong><\/h5>\n\n\n\n<p class=\"wp-block-paragraph\"><em>Longs m\u00e9trages, documentaires et courts m\u00e9trages<\/em><\/p>\n\n\n\n<p class=\"wp-block-paragraph\">Le <strong><a href=\"https:\/\/www.seminci.es\/en\/regulations\/\" target=\"_blank\" rel=\"noreferrer noopener\">Festival international du film de Valladolid<\/a> <\/strong>accepte pr\u00e9sentement les inscriptions pour l\u2019\u00e9dition 2023.<\/p>\n\n\n\n<p class=\"wp-block-paragraph\"><strong>Veuillez noter que les films doivent \u00eatre soumis directement au festival.<\/strong><\/p>\n\n\n\n<p class=\"wp-block-paragraph\">Format de soumission : <strong>Lien de visionnement s\u00e9curis\u00e9 via la <a href=\"https:\/\/vp.eventival.com\/seminci\/2023\" target=\"_blank\" rel=\"noreferrer noopener\">plateforme Eventival<\/a>&nbsp;<\/strong><\/p>\n\n\n\n<p class=\"wp-block-paragraph\">Comp\u00e9titif : <strong>Oui<\/strong>&nbsp;<\/p>\n\n\n\n<p class=\"wp-block-paragraph\">Frais d&#8217;inscription : <strong>Non<\/strong><\/p>\n\n\n\n<h5 class=\"wp-block-heading\" id=\"criteres-dadmissibilite\">CRIT\u00c8RES D&#8217;ADMISSIBILIT\u00c9<\/h5>\n\n\n\n<p class=\"wp-block-paragraph\">Tous les films soumis au festival doivent satisfaire les conditions suivantes :&nbsp;<\/p>\n\n\n\n<ul class=\"wp-block-list\">\n<li>Avoir \u00e9t\u00e9 produits apr\u00e8s le 1er juillet 2022 et ne pas avoir \u00e9t\u00e9 distribu\u00e9s en salles commerciales, en ligne, sur DVD, ni t\u00e9l\u00e9diffus\u00e9s ou diffus\u00e9s en ligne en Espagne;&nbsp;<\/li>\n\n\n\n<li>Ne pas avoir \u00e9t\u00e9 pr\u00e9sent\u00e9s dans le cadre d\u2019un autre festival en Espagne;&nbsp;<\/li>\n\n\n\n<li>Les films de plus de 60 minutes sont consid\u00e9r\u00e9s comme des longs m\u00e9trages et la dur\u00e9e des courts m\u00e9trages ne peut d\u00e9passer 30 minutes.&nbsp;<\/li>\n<\/ul>\n\n\n\n<h5 class=\"wp-block-heading\" id=\"a-propos\">\u00c0 PROPOS<\/h5>\n\n\n\n<p class=\"wp-block-paragraph\">Le Festival de Valladolid, l\u2019un des plus vieux de l\u2019Europe, s\u2019est toujours distingu\u00e9 par sa volont\u00e9 d\u2019offrir une programmation sous le signe de l\u2019audace et de l\u2019innovation. Les sections comp\u00e9titives internationales sont : l&#8217;Officiel, Meeting Point, Time of History, Seminci Joven et Climate Change. Le festival accorde des prix en argent aux longs et courts m\u00e9trages dans les diff\u00e9rentes cat\u00e9gories.&nbsp;<\/p>\n\n\n\n<p class=\"wp-block-paragraph\">T\u00e9l\u00e9film Canada reconnait la participation \u00e0 ce festival pour une demande de soutien dans le cadre du <a href=\"https:\/\/telefilm.ca\/fr\/financement\/mise-en-marche-internationale\" target=\"_blank\" rel=\"noreferrer noopener\">Programme de promotion internationale<\/a>.<\/p>\n\n\n\n<p class=\"wp-block-paragraph\"><strong>Promotion internationale<\/strong><br>T\u00e9l\u00e9film Canada, Montr\u00e9al<br><a href=\"mailto:dl-festivals@telefilm.ca\">dl-festivals@telefilm.ca<\/a> <br>1 800 567-0890<\/p>\n<\/div>","protected":false},"template":"","categorie_appel_inscription":[14,15],"class_list":["post-140518","appel-inscription","type-appel-inscription","status-publish","hentry","categorie_appel_inscription-festival-fr","categorie_appel_inscription-festival-court-metrages"],"acf":{"date_debut":"20231021","date_fin":"20231028","ville":"Valladolid","pays":"Espagne","edition":"68e","deadlines":[{"description":"Date limite d'inscription","date":"20230704"}]},"yoast_head":"<!-- This site is optimized with the Yoast SEO plugin v28.4 - https:\/\/yoast.com\/product\/yoast-seo-wordpress\/ -->\n<title>68e Festival International du Film de Valladolid | T\u00e9l\u00e9film Canada<\/title>\n<meta name=\"robots\" content=\"index, follow, max-snippet:-1, max-image-preview:large, max-video-preview:-1\" \/>\n<link rel=\"canonical\" href=\"https:\/\/telefilm.ca\/fr\/appel-inscription\/68e-festival-international-du-film-de-valladolid\" \/>\n<meta property=\"og:locale\" content=\"fr_CA\" \/>\n<meta property=\"og:type\" content=\"article\" \/>\n<meta property=\"og:title\" content=\"68e Festival International du Film de Valladolid | T\u00e9l\u00e9film Canada\" \/>\n<meta property=\"og:description\" content=\"Appel d\u2019inscriptions Longs m\u00e9trages, documentaires et courts m\u00e9trages Le Festival international du film de Valladolid accepte pr\u00e9sentement les inscriptions pour l\u2019\u00e9dition 2023. Veuillez noter que les films doivent \u00eatre soumis directement au festival. Format de soumission : Lien de visionnement s\u00e9curis\u00e9 via la plateforme Eventival&nbsp; Comp\u00e9titif : Oui&nbsp; Frais d&#8217;inscription : Non CRIT\u00c8RES D&#8217;ADMISSIBILIT\u00c9 Tous [&hellip;]\" \/>\n<meta property=\"og:url\" content=\"https:\/\/telefilm.ca\/fr\/appel-inscription\/68e-festival-international-du-film-de-valladolid\" \/>\n<meta property=\"og:site_name\" content=\"T\u00e9l\u00e9film Canada\" \/>\n<meta property=\"article:publisher\" content=\"https:\/\/www.facebook.com\/TelefilmCanada\/\" \/>\n<meta property=\"article:modified_time\" content=\"2023-04-17T21:01:02+00:00\" \/>\n<meta property=\"og:image\" content=\"https:\/\/telefilm.ca\/wp-content\/uploads\/2026\/08\/og-image-t-1200x675-1.png\" \/>\n\t<meta property=\"og:image:width\" content=\"1200\" \/>\n\t<meta property=\"og:image:height\" content=\"675\" \/>\n\t<meta property=\"og:image:type\" content=\"image\/png\" \/>\n<meta name=\"twitter:card\" content=\"summary_large_image\" \/>\n<meta name=\"twitter:site\" content=\"@Telefilm_Canada\" \/>\n<meta name=\"twitter:label1\" content=\"Estimation du temps de lecture\" \/>\n\t<meta name=\"twitter:data1\" content=\"2 minutes\" \/>\n<script type=\"application\/ld+json\" class=\"yoast-schema-graph\">{\"@context\":\"https:\\\/\\\/schema.org\",\"@graph\":[{\"@type\":\"WebPage\",\"@id\":\"https:\\\/\\\/telefilm.ca\\\/fr\\\/appel-inscription\\\/68e-festival-international-du-film-de-valladolid\",\"url\":\"https:\\\/\\\/telefilm.ca\\\/fr\\\/appel-inscription\\\/68e-festival-international-du-film-de-valladolid\",\"name\":\"68e Festival International du Film de Valladolid | T\u00e9l\u00e9film Canada\",\"isPartOf\":{\"@id\":\"https:\\\/\\\/telefilm.ca\\\/fr#website\"},\"datePublished\":\"2023-04-17T20:54:19+00:00\",\"dateModified\":\"2023-04-17T21:01:02+00:00\",\"breadcrumb\":{\"@id\":\"https:\\\/\\\/telefilm.ca\\\/fr\\\/appel-inscription\\\/68e-festival-international-du-film-de-valladolid#breadcrumb\"},\"inLanguage\":\"fr-CA\",\"potentialAction\":[{\"@type\":\"ReadAction\",\"target\":[\"https:\\\/\\\/telefilm.ca\\\/fr\\\/appel-inscription\\\/68e-festival-international-du-film-de-valladolid\"]}]},{\"@type\":\"BreadcrumbList\",\"@id\":\"https:\\\/\\\/telefilm.ca\\\/fr\\\/appel-inscription\\\/68e-festival-international-du-film-de-valladolid#breadcrumb\",\"itemListElement\":[{\"@type\":\"ListItem\",\"position\":1,\"name\":\"Accueil\",\"item\":\"https:\\\/\\\/telefilm.ca\\\/fr\"},{\"@type\":\"ListItem\",\"position\":2,\"name\":\"Calls for Entry\",\"item\":\"https:\\\/\\\/telefilm.ca\\\/fr\\\/appel-inscription\"},{\"@type\":\"ListItem\",\"position\":3,\"name\":\"68e Festival International du Film de Valladolid\"}]},{\"@type\":\"WebSite\",\"@id\":\"https:\\\/\\\/telefilm.ca\\\/fr#website\",\"url\":\"https:\\\/\\\/telefilm.ca\\\/fr\",\"name\":\"T\u00e9l\u00e9film Canada\",\"description\":\"Partenaire de choix\",\"publisher\":{\"@id\":\"https:\\\/\\\/telefilm.ca\\\/fr#organization\"},\"potentialAction\":[{\"@type\":\"SearchAction\",\"target\":{\"@type\":\"EntryPoint\",\"urlTemplate\":\"https:\\\/\\\/telefilm.ca\\\/fr?s={search_term_string}\"},\"query-input\":{\"@type\":\"PropertyValueSpecification\",\"valueRequired\":true,\"valueName\":\"search_term_string\"}}],\"inLanguage\":\"fr-CA\"},{\"@type\":\"Organization\",\"@id\":\"https:\\\/\\\/telefilm.ca\\\/fr#organization\",\"name\":\"Telefilm Canada\",\"url\":\"https:\\\/\\\/telefilm.ca\\\/fr\",\"logo\":{\"@type\":\"ImageObject\",\"inLanguage\":\"fr-CA\",\"@id\":\"https:\\\/\\\/telefilm.ca\\\/fr#\\\/schema\\\/logo\\\/image\\\/\",\"url\":\"https:\\\/\\\/telefilm.ca\\\/wp-content\\\/uploads\\\/2026\\\/05\\\/cropped-tfc_favicon_512.png\",\"contentUrl\":\"https:\\\/\\\/telefilm.ca\\\/wp-content\\\/uploads\\\/2026\\\/05\\\/cropped-tfc_favicon_512.png\",\"width\":512,\"height\":512,\"caption\":\"Telefilm Canada\"},\"image\":{\"@id\":\"https:\\\/\\\/telefilm.ca\\\/fr#\\\/schema\\\/logo\\\/image\\\/\"},\"sameAs\":[\"https:\\\/\\\/www.facebook.com\\\/TelefilmCanada\\\/\",\"https:\\\/\\\/x.com\\\/Telefilm_Canada\",\"https:\\\/\\\/www.instagram.com\\\/telefilm_canada\\\/\",\"https:\\\/\\\/www.linkedin.com\\\/company\\\/telefilm-canada\\\/\",\"https:\\\/\\\/www.youtube.com\\\/user\\\/telefilmcanada\"]}]}<\/script>\n<!-- \/ Yoast SEO plugin. -->","yoast_head_json":{"title":"68e Festival International du Film de Valladolid | T\u00e9l\u00e9film Canada","robots":{"index":"index","follow":"follow","max-snippet":"max-snippet:-1","max-image-preview":"max-image-preview:large","max-video-preview":"max-video-preview:-1"},"canonical":"https:\/\/telefilm.ca\/fr\/appel-inscription\/68e-festival-international-du-film-de-valladolid","og_locale":"fr_CA","og_type":"article","og_title":"68e Festival International du Film de Valladolid | T\u00e9l\u00e9film Canada","og_description":"Appel d\u2019inscriptions Longs m\u00e9trages, documentaires et courts m\u00e9trages Le Festival international du film de Valladolid accepte pr\u00e9sentement les inscriptions pour l\u2019\u00e9dition 2023. Veuillez noter que les films doivent \u00eatre soumis directement au festival. Format de soumission : Lien de visionnement s\u00e9curis\u00e9 via la plateforme Eventival&nbsp; Comp\u00e9titif : Oui&nbsp; Frais d&#8217;inscription : Non CRIT\u00c8RES D&#8217;ADMISSIBILIT\u00c9 Tous [&hellip;]","og_url":"https:\/\/telefilm.ca\/fr\/appel-inscription\/68e-festival-international-du-film-de-valladolid","og_site_name":"T\u00e9l\u00e9film Canada","article_publisher":"https:\/\/www.facebook.com\/TelefilmCanada\/","article_modified_time":"2023-04-17T21:01:02+00:00","og_image":[{"width":1200,"height":675,"url":"https:\/\/telefilm.ca\/wp-content\/uploads\/2026\/08\/og-image-t-1200x675-1.png","type":"image\/png"}],"twitter_card":"summary_large_image","twitter_site":"@Telefilm_Canada","twitter_misc":{"Estimation du temps de lecture":"2 minutes"},"schema":{"@context":"https:\/\/schema.org","@graph":[{"@type":"WebPage","@id":"https:\/\/telefilm.ca\/fr\/appel-inscription\/68e-festival-international-du-film-de-valladolid","url":"https:\/\/telefilm.ca\/fr\/appel-inscription\/68e-festival-international-du-film-de-valladolid","name":"68e Festival International du Film de Valladolid | T\u00e9l\u00e9film Canada","isPartOf":{"@id":"https:\/\/telefilm.ca\/fr#website"},"datePublished":"2023-04-17T20:54:19+00:00","dateModified":"2023-04-17T21:01:02+00:00","breadcrumb":{"@id":"https:\/\/telefilm.ca\/fr\/appel-inscription\/68e-festival-international-du-film-de-valladolid#breadcrumb"},"inLanguage":"fr-CA","potentialAction":[{"@type":"ReadAction","target":["https:\/\/telefilm.ca\/fr\/appel-inscription\/68e-festival-international-du-film-de-valladolid"]}]},{"@type":"BreadcrumbList","@id":"https:\/\/telefilm.ca\/fr\/appel-inscription\/68e-festival-international-du-film-de-valladolid#breadcrumb","itemListElement":[{"@type":"ListItem","position":1,"name":"Accueil","item":"https:\/\/telefilm.ca\/fr"},{"@type":"ListItem","position":2,"name":"Calls for Entry","item":"https:\/\/telefilm.ca\/fr\/appel-inscription"},{"@type":"ListItem","position":3,"name":"68e Festival International du Film de Valladolid"}]},{"@type":"WebSite","@id":"https:\/\/telefilm.ca\/fr#website","url":"https:\/\/telefilm.ca\/fr","name":"T\u00e9l\u00e9film Canada","description":"Partenaire de choix","publisher":{"@id":"https:\/\/telefilm.ca\/fr#organization"},"potentialAction":[{"@type":"SearchAction","target":{"@type":"EntryPoint","urlTemplate":"https:\/\/telefilm.ca\/fr?s={search_term_string}"},"query-input":{"@type":"PropertyValueSpecification","valueRequired":true,"valueName":"search_term_string"}}],"inLanguage":"fr-CA"},{"@type":"Organization","@id":"https:\/\/telefilm.ca\/fr#organization","name":"Telefilm Canada","url":"https:\/\/telefilm.ca\/fr","logo":{"@type":"ImageObject","inLanguage":"fr-CA","@id":"https:\/\/telefilm.ca\/fr#\/schema\/logo\/image\/","url":"https:\/\/telefilm.ca\/wp-content\/uploads\/2026\/05\/cropped-tfc_favicon_512.png","contentUrl":"https:\/\/telefilm.ca\/wp-content\/uploads\/2026\/05\/cropped-tfc_favicon_512.png","width":512,"height":512,"caption":"Telefilm Canada"},"image":{"@id":"https:\/\/telefilm.ca\/fr#\/schema\/logo\/image\/"},"sameAs":["https:\/\/www.facebook.com\/TelefilmCanada\/","https:\/\/x.com\/Telefilm_Canada","https:\/\/www.instagram.com\/telefilm_canada\/","https:\/\/www.linkedin.com\/company\/telefilm-canada\/","https:\/\/www.youtube.com\/user\/telefilmcanada"]}]}},"wpml_current_locale":"fr_CA","wpml_translations":[{"locale":"en_CA","id":140511,"post_title":"68th Valladolid International Film Festival\u00a0","href":"https:\/\/telefilm.ca\/en\/68th-valladolid-international-film-festival\/"}],"_links":{"self":[{"href":"https:\/\/telefilm.ca\/fr\/wp-json\/wp\/v2\/appel-inscription\/140518","targetHints":{"allow":["GET"]}}],"collection":[{"href":"https:\/\/telefilm.ca\/fr\/wp-json\/wp\/v2\/appel-inscription"}],"about":[{"href":"https:\/\/telefilm.ca\/fr\/wp-json\/wp\/v2\/types\/appel-inscription"}],"version-history":[{"count":3,"href":"https:\/\/telefilm.ca\/fr\/wp-json\/wp\/v2\/appel-inscription\/140518\/revisions"}],"predecessor-version":[{"id":140521,"href":"https:\/\/telefilm.ca\/fr\/wp-json\/wp\/v2\/appel-inscription\/140518\/revisions\/140521"}],"wp:attachment":[{"href":"https:\/\/telefilm.ca\/fr\/wp-json\/wp\/v2\/media?parent=140518"}],"wp:term":[{"taxonomy":"categorie_appel_inscription","embeddable":true,"href":"https:\/\/telefilm.ca\/fr\/wp-json\/wp\/v2\/categorie_appel_inscription?post=140518"}],"curies":[{"name":"wp","href":"https:\/\/api.w.org\/{rel}","templated":true}]}}