{"id":141670,"date":"2023-06-12T11:04:34","date_gmt":"2023-06-12T15:04:34","guid":{"rendered":"https:\/\/telefilm.ca\/?post_type=appel-inscription&#038;p=141670"},"modified":"2023-06-12T11:04:36","modified_gmt":"2023-06-12T15:04:36","slug":"mercato-internazionale-audiovisivo-2023-marche-de-coproduction-et-forum-de-pitch","status":"publish","type":"appel-inscription","link":"https:\/\/telefilm.ca\/fr\/appel-inscription\/mercato-internazionale-audiovisivo-2023-marche-de-coproduction-et-forum-de-pitch","title":{"rendered":"Mercato Internazionale Audiovisivo 2023 | March\u00e9 de Coproduction et Forum de pitch \u00a0"},"content":{"rendered":"<div class=\"editor-content\">\n<h2 class=\"wp-block-heading\"><strong>APPEL D&#8217;INSCRIPTIONS<\/strong><\/h2>\n\n\n\n<p class=\"wp-block-paragraph\"><em>(Projets en d\u00e9veloppement, narratifs, documentaires et animation, TV et films)&nbsp;<\/em><\/p>\n\n\n\n<p class=\"wp-block-paragraph\">Le <a href=\"https:\/\/www.miamarket.it\/en\/co-pro-market-en\/film\/\" target=\"_blank\" rel=\"noreferrer noopener\"><strong>MIA &#8211; Mercato Internazionale Audiovisivo<\/strong><\/a> de Rome accepte actuellement les candidatures pour son \u00e9dition 2023.&nbsp;<\/p>\n\n\n\n<h3 class=\"wp-block-heading\" id=\"details\">D\u00c9TAILS<\/h3>\n\n\n\n<ul class=\"wp-block-list\">\n<li><strong>Comp\u00e9titif : <\/strong>Non<\/li>\n\n\n\n<li><strong>Frais d&#8217;inscription : <\/strong>Non<\/li>\n\n\n\n<li>Veuillez noter que les projets doivent \u00eatre soumis directement sur le <strong><a href=\"https:\/\/www.miamarket.it\/en\/co-pro-market-en\/presentation\/\" target=\"_blank\" rel=\"noreferrer noopener\">site du march\u00e9<\/a><\/strong><a href=\"https:\/\/www.miamarket.it\/en\/co-pro-market-en\/presentation\/\" target=\"_blank\" rel=\"noreferrer noopener\">.<\/a>&nbsp;<\/li>\n<\/ul>\n\n\n\n<h3 class=\"wp-block-heading\"><strong>CRIT\u00c8RES D\u2019ADMISSIBILIT\u00c9<\/strong>&nbsp;<\/h3>\n\n\n\n<ul class=\"wp-block-list\">\n<li>Veuillez consulter le <strong><a href=\"https:\/\/www.miamarket.it\/en\/co-pro-market-en\/presentation\/\">site du march\u00e9<\/a><\/strong>.<\/li>\n<\/ul>\n\n\n\n<hr class=\"wp-block-separator has-alpha-channel-opacity\"\/>\n\n\n\n<div class=\"wp-block-buttons is-style-default act-button act-button--full-width is-layout-flex wp-block-buttons-is-layout-flex\">\n<div class=\"wp-block-button has-custom-width wp-block-button__width-100 is-style-with-icon\"><a class=\"wp-block-button__link wp-element-button\" href=\"https:\/\/www.miamarket.it\/en\/co-pro-market-en\/presentation\/\" target=\"_blank\" rel=\"noreferrer noopener\">         <strong>SOUMETTRE ICI<\/strong><i aria-label=\"Bouton primaire pleine largeur avec ic\u00f4ne\" class=\"icon far fa-external-link-alt\" aria-hidden=\"true\"> <\/i>     <\/a><\/div>\n<\/div>\n\n\n\n<hr class=\"wp-block-separator has-alpha-channel-opacity\"\/>\n\n\n\n<h3 class=\"wp-block-heading\" id=\"a-propos\">\u00c0 PROPOS<\/h3>\n\n\n\n<p class=\"wp-block-paragraph\">Le <strong>MIA <\/strong>est largement reconnu comme un march\u00e9 o\u00f9 l&#8217;industrie internationale peut trouver de r\u00e9elles opportunit\u00e9s de partenariat et de financement pour les projets en d\u00e9veloppement.&nbsp;&nbsp;&nbsp;<\/p>\n\n\n\n<p class=\"wp-block-paragraph\">Le march\u00e9 vise \u00e0 faciliter, encourager et acc\u00e9l\u00e9rer les nouvelles opportunit\u00e9s commerciales pour le d\u00e9veloppement et la cr\u00e9ation de nouveaux contenus au niveau international. Le march\u00e9 de la coproduction et le forum de pitching s\u00e9lectionneront environ 50 projets du monde entier, pr\u00e9sent\u00e9s dans les cat\u00e9gories Film, Drama, Doc et Animation.&nbsp;&nbsp;&nbsp;&nbsp;<\/p>\n\n\n\n<p class=\"wp-block-paragraph\">Chaque division accueille un march\u00e9 international de contenu tr\u00e8s sp\u00e9cifique, proposant des activit\u00e9s sur mesure destin\u00e9es \u00e0 trouver des partenaires financiers et de production, par le biais d&#8217;accords de coproduction internationaux.&nbsp;Le Pitching Forum &amp; Co-Production Market est divis\u00e9 selon les cat\u00e9gories suivantes :&nbsp;Film, Drame, Doc et Animation.&nbsp;&nbsp;&nbsp;<\/p>\n\n\n\n<p class=\"wp-block-paragraph\">En 2022, les projets <strong>The Delivery Line<\/strong> (Loaded Pictures), <strong>Tina : Photographer &amp; Revolutionary<\/strong> (Productions Ocho) et <strong>The Last Wish of Sasha Cade<\/strong> (Waterside Studios) ont \u00e9t\u00e9 pr\u00e9sent\u00e9s au march\u00e9.&nbsp;<\/p>\n\n\n\n<p class=\"wp-block-paragraph\">T\u00e9l\u00e9film Canada reconna\u00eet la s\u00e9lection faite \u00e0 ce march\u00e9 pour les demandes au <a href=\"https:\/\/telefilm.ca\/fr\/financement\/mise-en-marche-internationale\" target=\"_blank\" rel=\"noreferrer noopener\"><strong>Programme de promotion internationale<\/strong><\/a>.&nbsp;&nbsp;<\/p>\n\n\n\n<p class=\"wp-block-paragraph\"><strong>Promotion et communications<\/strong>&nbsp;<br>T\u00e9l\u00e9film Canada, Montr\u00e9al&nbsp;<br><a href=\"mailto:dl-festivals@telefilm.ca\" target=\"_blank\" rel=\"noreferrer noopener\"><strong>DL-festivals@telefilm.ca<\/strong><\/a>&nbsp;<br>1-800-567-0890<\/p>\n<\/div>","protected":false},"template":"","categorie_appel_inscription":[16],"class_list":["post-141670","appel-inscription","type-appel-inscription","status-publish","hentry","categorie_appel_inscription-marche"],"acf":{"date_debut":"20231009","date_fin":"20231013","ville":"Rome","pays":"Italie","edition":"","deadlines":[{"description":"Date limite d'inscription","date":"20230707"}]},"yoast_head":"<!-- This site is optimized with the Yoast SEO plugin v28.4 - https:\/\/yoast.com\/product\/yoast-seo-wordpress\/ -->\n<title>Mercato Internazionale Audiovisivo 2023 | March\u00e9 de Coproduction et Forum de pitch \u00a0 | T\u00e9l\u00e9film Canada<\/title>\n<meta name=\"robots\" content=\"index, follow, max-snippet:-1, max-image-preview:large, max-video-preview:-1\" \/>\n<link rel=\"canonical\" href=\"https:\/\/telefilm.ca\/fr\/appel-inscription\/mercato-internazionale-audiovisivo-2023-marche-de-coproduction-et-forum-de-pitch\" \/>\n<meta property=\"og:locale\" content=\"fr_CA\" \/>\n<meta property=\"og:type\" content=\"article\" \/>\n<meta property=\"og:title\" content=\"Mercato Internazionale Audiovisivo 2023 | March\u00e9 de Coproduction et Forum de pitch \u00a0 | T\u00e9l\u00e9film Canada\" \/>\n<meta property=\"og:description\" content=\"APPEL D&#8217;INSCRIPTIONS (Projets en d\u00e9veloppement, narratifs, documentaires et animation, TV et films)&nbsp; Le MIA &#8211; Mercato Internazionale Audiovisivo de Rome accepte actuellement les candidatures pour son \u00e9dition 2023.&nbsp; D\u00c9TAILS CRIT\u00c8RES D\u2019ADMISSIBILIT\u00c9&nbsp; \u00c0 PROPOS Le MIA est largement reconnu comme un march\u00e9 o\u00f9 l&#8217;industrie internationale peut trouver de r\u00e9elles opportunit\u00e9s de partenariat et de financement pour [&hellip;]\" \/>\n<meta property=\"og:url\" content=\"https:\/\/telefilm.ca\/fr\/appel-inscription\/mercato-internazionale-audiovisivo-2023-marche-de-coproduction-et-forum-de-pitch\" \/>\n<meta property=\"og:site_name\" content=\"T\u00e9l\u00e9film Canada\" \/>\n<meta property=\"article:publisher\" content=\"https:\/\/www.facebook.com\/TelefilmCanada\/\" \/>\n<meta property=\"article:modified_time\" content=\"2023-06-12T15:04:36+00:00\" \/>\n<meta property=\"og:image\" content=\"https:\/\/telefilm.ca\/wp-content\/uploads\/2026\/08\/og-image-t-1200x675-1.png\" \/>\n\t<meta property=\"og:image:width\" content=\"1200\" \/>\n\t<meta property=\"og:image:height\" content=\"675\" \/>\n\t<meta property=\"og:image:type\" content=\"image\/png\" \/>\n<meta name=\"twitter:card\" content=\"summary_large_image\" \/>\n<meta name=\"twitter:site\" content=\"@Telefilm_Canada\" \/>\n<meta name=\"twitter:label1\" content=\"Estimation du temps de lecture\" \/>\n\t<meta name=\"twitter:data1\" content=\"2 minutes\" \/>\n<script type=\"application\/ld+json\" class=\"yoast-schema-graph\">{\"@context\":\"https:\\\/\\\/schema.org\",\"@graph\":[{\"@type\":\"WebPage\",\"@id\":\"https:\\\/\\\/telefilm.ca\\\/fr\\\/appel-inscription\\\/mercato-internazionale-audiovisivo-2023-marche-de-coproduction-et-forum-de-pitch\",\"url\":\"https:\\\/\\\/telefilm.ca\\\/fr\\\/appel-inscription\\\/mercato-internazionale-audiovisivo-2023-marche-de-coproduction-et-forum-de-pitch\",\"name\":\"Mercato Internazionale Audiovisivo 2023 | March\u00e9 de Coproduction et Forum de pitch \u00a0 | T\u00e9l\u00e9film Canada\",\"isPartOf\":{\"@id\":\"https:\\\/\\\/telefilm.ca\\\/fr#website\"},\"datePublished\":\"2023-06-12T15:04:34+00:00\",\"dateModified\":\"2023-06-12T15:04:36+00:00\",\"breadcrumb\":{\"@id\":\"https:\\\/\\\/telefilm.ca\\\/fr\\\/appel-inscription\\\/mercato-internazionale-audiovisivo-2023-marche-de-coproduction-et-forum-de-pitch#breadcrumb\"},\"inLanguage\":\"fr-CA\",\"potentialAction\":[{\"@type\":\"ReadAction\",\"target\":[\"https:\\\/\\\/telefilm.ca\\\/fr\\\/appel-inscription\\\/mercato-internazionale-audiovisivo-2023-marche-de-coproduction-et-forum-de-pitch\"]}]},{\"@type\":\"BreadcrumbList\",\"@id\":\"https:\\\/\\\/telefilm.ca\\\/fr\\\/appel-inscription\\\/mercato-internazionale-audiovisivo-2023-marche-de-coproduction-et-forum-de-pitch#breadcrumb\",\"itemListElement\":[{\"@type\":\"ListItem\",\"position\":1,\"name\":\"Accueil\",\"item\":\"https:\\\/\\\/telefilm.ca\\\/fr\"},{\"@type\":\"ListItem\",\"position\":2,\"name\":\"Calls for Entry\",\"item\":\"https:\\\/\\\/telefilm.ca\\\/fr\\\/appel-inscription\"},{\"@type\":\"ListItem\",\"position\":3,\"name\":\"Mercato Internazionale Audiovisivo 2023 | March\u00e9 de Coproduction et Forum de pitch \u00a0\"}]},{\"@type\":\"WebSite\",\"@id\":\"https:\\\/\\\/telefilm.ca\\\/fr#website\",\"url\":\"https:\\\/\\\/telefilm.ca\\\/fr\",\"name\":\"T\u00e9l\u00e9film Canada\",\"description\":\"Partenaire de choix\",\"publisher\":{\"@id\":\"https:\\\/\\\/telefilm.ca\\\/fr#organization\"},\"potentialAction\":[{\"@type\":\"SearchAction\",\"target\":{\"@type\":\"EntryPoint\",\"urlTemplate\":\"https:\\\/\\\/telefilm.ca\\\/fr?s={search_term_string}\"},\"query-input\":{\"@type\":\"PropertyValueSpecification\",\"valueRequired\":true,\"valueName\":\"search_term_string\"}}],\"inLanguage\":\"fr-CA\"},{\"@type\":\"Organization\",\"@id\":\"https:\\\/\\\/telefilm.ca\\\/fr#organization\",\"name\":\"Telefilm Canada\",\"url\":\"https:\\\/\\\/telefilm.ca\\\/fr\",\"logo\":{\"@type\":\"ImageObject\",\"inLanguage\":\"fr-CA\",\"@id\":\"https:\\\/\\\/telefilm.ca\\\/fr#\\\/schema\\\/logo\\\/image\\\/\",\"url\":\"https:\\\/\\\/telefilm.ca\\\/wp-content\\\/uploads\\\/2026\\\/05\\\/cropped-tfc_favicon_512.png\",\"contentUrl\":\"https:\\\/\\\/telefilm.ca\\\/wp-content\\\/uploads\\\/2026\\\/05\\\/cropped-tfc_favicon_512.png\",\"width\":512,\"height\":512,\"caption\":\"Telefilm Canada\"},\"image\":{\"@id\":\"https:\\\/\\\/telefilm.ca\\\/fr#\\\/schema\\\/logo\\\/image\\\/\"},\"sameAs\":[\"https:\\\/\\\/www.facebook.com\\\/TelefilmCanada\\\/\",\"https:\\\/\\\/x.com\\\/Telefilm_Canada\",\"https:\\\/\\\/www.instagram.com\\\/telefilm_canada\\\/\",\"https:\\\/\\\/www.linkedin.com\\\/company\\\/telefilm-canada\\\/\",\"https:\\\/\\\/www.youtube.com\\\/user\\\/telefilmcanada\"]}]}<\/script>\n<!-- \/ Yoast SEO plugin. -->","yoast_head_json":{"title":"Mercato Internazionale Audiovisivo 2023 | March\u00e9 de Coproduction et Forum de pitch \u00a0 | T\u00e9l\u00e9film Canada","robots":{"index":"index","follow":"follow","max-snippet":"max-snippet:-1","max-image-preview":"max-image-preview:large","max-video-preview":"max-video-preview:-1"},"canonical":"https:\/\/telefilm.ca\/fr\/appel-inscription\/mercato-internazionale-audiovisivo-2023-marche-de-coproduction-et-forum-de-pitch","og_locale":"fr_CA","og_type":"article","og_title":"Mercato Internazionale Audiovisivo 2023 | March\u00e9 de Coproduction et Forum de pitch \u00a0 | T\u00e9l\u00e9film Canada","og_description":"APPEL D&#8217;INSCRIPTIONS (Projets en d\u00e9veloppement, narratifs, documentaires et animation, TV et films)&nbsp; Le MIA &#8211; Mercato Internazionale Audiovisivo de Rome accepte actuellement les candidatures pour son \u00e9dition 2023.&nbsp; D\u00c9TAILS CRIT\u00c8RES D\u2019ADMISSIBILIT\u00c9&nbsp; \u00c0 PROPOS Le MIA est largement reconnu comme un march\u00e9 o\u00f9 l&#8217;industrie internationale peut trouver de r\u00e9elles opportunit\u00e9s de partenariat et de financement pour [&hellip;]","og_url":"https:\/\/telefilm.ca\/fr\/appel-inscription\/mercato-internazionale-audiovisivo-2023-marche-de-coproduction-et-forum-de-pitch","og_site_name":"T\u00e9l\u00e9film Canada","article_publisher":"https:\/\/www.facebook.com\/TelefilmCanada\/","article_modified_time":"2023-06-12T15:04:36+00:00","og_image":[{"width":1200,"height":675,"url":"https:\/\/telefilm.ca\/wp-content\/uploads\/2026\/08\/og-image-t-1200x675-1.png","type":"image\/png"}],"twitter_card":"summary_large_image","twitter_site":"@Telefilm_Canada","twitter_misc":{"Estimation du temps de lecture":"2 minutes"},"schema":{"@context":"https:\/\/schema.org","@graph":[{"@type":"WebPage","@id":"https:\/\/telefilm.ca\/fr\/appel-inscription\/mercato-internazionale-audiovisivo-2023-marche-de-coproduction-et-forum-de-pitch","url":"https:\/\/telefilm.ca\/fr\/appel-inscription\/mercato-internazionale-audiovisivo-2023-marche-de-coproduction-et-forum-de-pitch","name":"Mercato Internazionale Audiovisivo 2023 | March\u00e9 de Coproduction et Forum de pitch \u00a0 | T\u00e9l\u00e9film Canada","isPartOf":{"@id":"https:\/\/telefilm.ca\/fr#website"},"datePublished":"2023-06-12T15:04:34+00:00","dateModified":"2023-06-12T15:04:36+00:00","breadcrumb":{"@id":"https:\/\/telefilm.ca\/fr\/appel-inscription\/mercato-internazionale-audiovisivo-2023-marche-de-coproduction-et-forum-de-pitch#breadcrumb"},"inLanguage":"fr-CA","potentialAction":[{"@type":"ReadAction","target":["https:\/\/telefilm.ca\/fr\/appel-inscription\/mercato-internazionale-audiovisivo-2023-marche-de-coproduction-et-forum-de-pitch"]}]},{"@type":"BreadcrumbList","@id":"https:\/\/telefilm.ca\/fr\/appel-inscription\/mercato-internazionale-audiovisivo-2023-marche-de-coproduction-et-forum-de-pitch#breadcrumb","itemListElement":[{"@type":"ListItem","position":1,"name":"Accueil","item":"https:\/\/telefilm.ca\/fr"},{"@type":"ListItem","position":2,"name":"Calls for Entry","item":"https:\/\/telefilm.ca\/fr\/appel-inscription"},{"@type":"ListItem","position":3,"name":"Mercato Internazionale Audiovisivo 2023 | March\u00e9 de Coproduction et Forum de pitch \u00a0"}]},{"@type":"WebSite","@id":"https:\/\/telefilm.ca\/fr#website","url":"https:\/\/telefilm.ca\/fr","name":"T\u00e9l\u00e9film Canada","description":"Partenaire de choix","publisher":{"@id":"https:\/\/telefilm.ca\/fr#organization"},"potentialAction":[{"@type":"SearchAction","target":{"@type":"EntryPoint","urlTemplate":"https:\/\/telefilm.ca\/fr?s={search_term_string}"},"query-input":{"@type":"PropertyValueSpecification","valueRequired":true,"valueName":"search_term_string"}}],"inLanguage":"fr-CA"},{"@type":"Organization","@id":"https:\/\/telefilm.ca\/fr#organization","name":"Telefilm Canada","url":"https:\/\/telefilm.ca\/fr","logo":{"@type":"ImageObject","inLanguage":"fr-CA","@id":"https:\/\/telefilm.ca\/fr#\/schema\/logo\/image\/","url":"https:\/\/telefilm.ca\/wp-content\/uploads\/2026\/05\/cropped-tfc_favicon_512.png","contentUrl":"https:\/\/telefilm.ca\/wp-content\/uploads\/2026\/05\/cropped-tfc_favicon_512.png","width":512,"height":512,"caption":"Telefilm Canada"},"image":{"@id":"https:\/\/telefilm.ca\/fr#\/schema\/logo\/image\/"},"sameAs":["https:\/\/www.facebook.com\/TelefilmCanada\/","https:\/\/x.com\/Telefilm_Canada","https:\/\/www.instagram.com\/telefilm_canada\/","https:\/\/www.linkedin.com\/company\/telefilm-canada\/","https:\/\/www.youtube.com\/user\/telefilmcanada"]}]}},"wpml_current_locale":"fr_CA","wpml_translations":[{"locale":"en_CA","id":141667,"post_title":"Mercato Internazionale Audiovisivo 2023 | Co-Production Market & Pitching Forum \u00a0","href":"https:\/\/telefilm.ca\/en\/mercato-internazionale-audiovisivo-2023-co-production-market-pitching-forum\/"}],"_links":{"self":[{"href":"https:\/\/telefilm.ca\/fr\/wp-json\/wp\/v2\/appel-inscription\/141670","targetHints":{"allow":["GET"]}}],"collection":[{"href":"https:\/\/telefilm.ca\/fr\/wp-json\/wp\/v2\/appel-inscription"}],"about":[{"href":"https:\/\/telefilm.ca\/fr\/wp-json\/wp\/v2\/types\/appel-inscription"}],"version-history":[{"count":3,"href":"https:\/\/telefilm.ca\/fr\/wp-json\/wp\/v2\/appel-inscription\/141670\/revisions"}],"predecessor-version":[{"id":141777,"href":"https:\/\/telefilm.ca\/fr\/wp-json\/wp\/v2\/appel-inscription\/141670\/revisions\/141777"}],"wp:attachment":[{"href":"https:\/\/telefilm.ca\/fr\/wp-json\/wp\/v2\/media?parent=141670"}],"wp:term":[{"taxonomy":"categorie_appel_inscription","embeddable":true,"href":"https:\/\/telefilm.ca\/fr\/wp-json\/wp\/v2\/categorie_appel_inscription?post=141670"}],"curies":[{"name":"wp","href":"https:\/\/api.w.org\/{rel}","templated":true}]}}