{"id":142483,"date":"2023-08-03T15:31:18","date_gmt":"2023-08-03T19:31:18","guid":{"rendered":"https:\/\/telefilm.ca\/?post_type=appel-inscription&#038;p=142483"},"modified":"2023-08-03T15:31:19","modified_gmt":"2023-08-03T19:31:19","slug":"berlinale-talents-2024","status":"publish","type":"appel-inscription","link":"https:\/\/telefilm.ca\/fr\/appel-inscription\/berlinale-talents-2024","title":{"rendered":"Berlinale Talents 2024\u00a0"},"content":{"rendered":"<div class=\"editor-content\">\n<h2 class=\"wp-block-heading\"><strong>APPEL D\u2019INSCRIPTIONS<\/strong>\u00a0<\/h2>\n\n\n\n<p class=\"wp-block-paragraph\"><strong><em>(Ateliers de d\u00e9veloppement de talent pour jeunes cr\u00e9ateurs en audio-visuel*)<\/em><\/strong>&nbsp;<\/p>\n\n\n\n<p class=\"wp-block-paragraph\">Le <a href=\"https:\/\/www.berlinale-talents.de\/bt\/page\/c\/main\" target=\"_blank\" rel=\"noreferrer noopener\"><strong>Berlinale Talents<\/strong><\/a> du Festival international du film de Berlin accepte pr\u00e9sentement les inscriptions pour sa prochaine \u00e9dition.&nbsp;<\/p>\n\n\n\n<h3 class=\"wp-block-heading\"><strong>D\u00c9TAILS<\/strong>&nbsp;<\/h3>\n\n\n\n<ul class=\"wp-block-list\">\n<li>Veuillez noter que toutes les inscriptions doivent \u00eatre soumises <a href=\"https:\/\/www.berlinale-talents.de\/bt\/page\/c\/apply\" target=\"_blank\" rel=\"noreferrer noopener\"><strong>directement au bureau du Berlinale Talents<\/strong><\/a> \u00e0 Berlin.&nbsp;<\/li>\n<\/ul>\n\n\n\n<h3 class=\"wp-block-heading\"><strong>CRIT\u00c8RES D\u2019ADMISSIBILIT\u00c9<\/strong>&nbsp;&nbsp;<\/h3>\n\n\n\n<ul class=\"wp-block-list\">\n<li>Pour \u00eatre admissible, vous devez avoir d\u00e9j\u00e0 fait au moins un long m\u00e9trage ou deux courts m\u00e9trages ou une s\u00e9rie dramatique de grande qualit\u00e9 ou un t\u00e9l\u00e9film, et votre \u0153uvre doit avoir \u00e9t\u00e9 pr\u00e9sent\u00e9e dans un festival ou sur une plateforme de diffusion en continu. &nbsp;<\/li>\n\n\n\n<li>Pour de plus amples informations, consulter <a href=\"https:\/\/www.berlinale-talents.de\/bt\/page\/c\/faq\" target=\"_blank\" rel=\"noreferrer noopener\"><strong>le site<\/strong><\/a>.\u00a0<\/li>\n<\/ul>\n\n\n\n<hr class=\"wp-block-separator has-alpha-channel-opacity\"\/>\n\n\n\n<div class=\"wp-block-buttons is-style-default act-button act-button--full-width is-layout-flex wp-block-buttons-is-layout-flex\">\n<div class=\"wp-block-button has-custom-width wp-block-button__width-100 is-style-with-icon\"><a class=\"wp-block-button__link wp-element-button\" href=\"https:\/\/www.berlinale-talents.de\/bt\/page\/c\/apply\" target=\"_blank\" rel=\"noreferrer noopener\">         <strong>SOUMETTRE ICI<\/strong><i aria-label=\"Bouton primaire pleine largeur avec ic\u00f4ne\" class=\"icon far fa-external-link-alt\" aria-hidden=\"true\"> <\/i>     <\/a><\/div>\n<\/div>\n\n\n\n<hr class=\"wp-block-separator has-alpha-channel-opacity\"\/>\n\n\n\n<h3 class=\"wp-block-heading\"><strong>\u00c0 PROPOS<\/strong>&nbsp;<\/h3>\n\n\n\n<p class=\"wp-block-paragraph\">La <strong>Berlinale Talents <\/strong>est le programme de d\u00e9veloppement des talents du festival destin\u00e9 \u00e0 200 cin\u00e9astes, cr\u00e9ateurs de s\u00e9ries dramatiques et autres acteurs cl\u00e9s \u00e9mergents de l\u2019industrie du cin\u00e9ma. Le programme consiste en un sommet cr\u00e9atif avec conf\u00e9rences et laboratoires offrant des ateliers et du mentorat adapt\u00e9s \u00e0 des disciplines sp\u00e9cifiques.&nbsp;<\/p>\n\n\n\n<p class=\"wp-block-paragraph\">* La Berlinale Talents s\u2019adresse aux professionnels \u00e9mergents \u2013 acteurs, commissaires, cr\u00e9ateurs de festivals, compositeurs, directeurs de la photographie, r\u00e9alisateurs, distributeurs, monteurs, critiques de cin\u00e9ma, producteurs, directeurs artistiques, agents de vente, sc\u00e9naristes, concepteurs sonores et sc\u00e9nographes \u2013 qui ont d\u00e9j\u00e0 une \u0153uvre \u00e0 leur actif et d\u00e9sirent partager leurs exp\u00e9riences avec d\u2019autres personnes du milieu. &nbsp;<\/p>\n\n\n\n<p class=\"wp-block-paragraph\">Pour plus d\u2019informations, veuillez contacter <a href=\"mailto:danielle.belanger@telefilm.ca\" target=\"_blank\" rel=\"noreferrer noopener\"><strong>Danielle B\u00e9langer<\/strong><\/a>.&nbsp;<\/p>\n\n\n\n<p class=\"wp-block-paragraph\"><strong>Promotion et communications<\/strong>&nbsp;<br>T\u00e9l\u00e9film Canada, Montr\u00e9al&nbsp;<br><a href=\"mailto:DL-festivals@telefilm.ca\" target=\"_blank\" rel=\"noreferrer noopener\"><strong>DL-festivals@telefilm.ca<\/strong><\/a>&nbsp;<br>1 800 567-0890&nbsp;&nbsp;<\/p>\n<\/div>","protected":false},"template":"","categorie_appel_inscription":[16],"class_list":["post-142483","appel-inscription","type-appel-inscription","status-publish","hentry","categorie_appel_inscription-marche"],"acf":{"date_debut":"20240217","date_fin":"20240222","ville":"Berlin","pays":"Allemagne","edition":"","deadlines":[{"description":"Date limite d\u2019inscription (12:00 midi, HAEC)\u00a0","date":"20230904"}]},"yoast_head":"<!-- This site is optimized with the Yoast SEO plugin v28.4 - https:\/\/yoast.com\/product\/yoast-seo-wordpress\/ -->\n<title>Berlinale Talents 2024\u00a0 | T\u00e9l\u00e9film Canada<\/title>\n<meta name=\"robots\" content=\"index, follow, max-snippet:-1, max-image-preview:large, max-video-preview:-1\" \/>\n<link rel=\"canonical\" href=\"https:\/\/telefilm.ca\/fr\/appel-inscription\/berlinale-talents-2024\" \/>\n<meta property=\"og:locale\" content=\"fr_CA\" \/>\n<meta property=\"og:type\" content=\"article\" \/>\n<meta property=\"og:title\" content=\"Berlinale Talents 2024\u00a0 | T\u00e9l\u00e9film Canada\" \/>\n<meta property=\"og:description\" content=\"APPEL D\u2019INSCRIPTIONS\u00a0 (Ateliers de d\u00e9veloppement de talent pour jeunes cr\u00e9ateurs en audio-visuel*)&nbsp; Le Berlinale Talents du Festival international du film de Berlin accepte pr\u00e9sentement les inscriptions pour sa prochaine \u00e9dition.&nbsp; D\u00c9TAILS&nbsp; CRIT\u00c8RES D\u2019ADMISSIBILIT\u00c9&nbsp;&nbsp; \u00c0 PROPOS&nbsp; La Berlinale Talents est le programme de d\u00e9veloppement des talents du festival destin\u00e9 \u00e0 200 cin\u00e9astes, cr\u00e9ateurs de s\u00e9ries dramatiques [&hellip;]\" \/>\n<meta property=\"og:url\" content=\"https:\/\/telefilm.ca\/fr\/appel-inscription\/berlinale-talents-2024\" \/>\n<meta property=\"og:site_name\" content=\"T\u00e9l\u00e9film Canada\" \/>\n<meta property=\"article:publisher\" content=\"https:\/\/www.facebook.com\/TelefilmCanada\/\" \/>\n<meta property=\"article:modified_time\" content=\"2023-08-03T19:31:19+00:00\" \/>\n<meta property=\"og:image\" content=\"https:\/\/telefilm.ca\/wp-content\/uploads\/2026\/08\/og-image-t-1200x675-1.png\" \/>\n\t<meta property=\"og:image:width\" content=\"1200\" \/>\n\t<meta property=\"og:image:height\" content=\"675\" \/>\n\t<meta property=\"og:image:type\" content=\"image\/png\" \/>\n<meta name=\"twitter:card\" content=\"summary_large_image\" \/>\n<meta name=\"twitter:site\" content=\"@Telefilm_Canada\" \/>\n<meta name=\"twitter:label1\" content=\"Estimation du temps de lecture\" \/>\n\t<meta name=\"twitter:data1\" content=\"2 minutes\" \/>\n<script type=\"application\/ld+json\" class=\"yoast-schema-graph\">{\"@context\":\"https:\\\/\\\/schema.org\",\"@graph\":[{\"@type\":\"WebPage\",\"@id\":\"https:\\\/\\\/telefilm.ca\\\/fr\\\/appel-inscription\\\/berlinale-talents-2024\",\"url\":\"https:\\\/\\\/telefilm.ca\\\/fr\\\/appel-inscription\\\/berlinale-talents-2024\",\"name\":\"Berlinale Talents 2024\u00a0 | T\u00e9l\u00e9film Canada\",\"isPartOf\":{\"@id\":\"https:\\\/\\\/telefilm.ca\\\/fr#website\"},\"datePublished\":\"2023-08-03T19:31:18+00:00\",\"dateModified\":\"2023-08-03T19:31:19+00:00\",\"breadcrumb\":{\"@id\":\"https:\\\/\\\/telefilm.ca\\\/fr\\\/appel-inscription\\\/berlinale-talents-2024#breadcrumb\"},\"inLanguage\":\"fr-CA\",\"potentialAction\":[{\"@type\":\"ReadAction\",\"target\":[\"https:\\\/\\\/telefilm.ca\\\/fr\\\/appel-inscription\\\/berlinale-talents-2024\"]}]},{\"@type\":\"BreadcrumbList\",\"@id\":\"https:\\\/\\\/telefilm.ca\\\/fr\\\/appel-inscription\\\/berlinale-talents-2024#breadcrumb\",\"itemListElement\":[{\"@type\":\"ListItem\",\"position\":1,\"name\":\"Accueil\",\"item\":\"https:\\\/\\\/telefilm.ca\\\/fr\"},{\"@type\":\"ListItem\",\"position\":2,\"name\":\"Calls for Entry\",\"item\":\"https:\\\/\\\/telefilm.ca\\\/fr\\\/appel-inscription\"},{\"@type\":\"ListItem\",\"position\":3,\"name\":\"Berlinale Talents 2024\u00a0\"}]},{\"@type\":\"WebSite\",\"@id\":\"https:\\\/\\\/telefilm.ca\\\/fr#website\",\"url\":\"https:\\\/\\\/telefilm.ca\\\/fr\",\"name\":\"T\u00e9l\u00e9film Canada\",\"description\":\"Partenaire de choix\",\"publisher\":{\"@id\":\"https:\\\/\\\/telefilm.ca\\\/fr#organization\"},\"potentialAction\":[{\"@type\":\"SearchAction\",\"target\":{\"@type\":\"EntryPoint\",\"urlTemplate\":\"https:\\\/\\\/telefilm.ca\\\/fr?s={search_term_string}\"},\"query-input\":{\"@type\":\"PropertyValueSpecification\",\"valueRequired\":true,\"valueName\":\"search_term_string\"}}],\"inLanguage\":\"fr-CA\"},{\"@type\":\"Organization\",\"@id\":\"https:\\\/\\\/telefilm.ca\\\/fr#organization\",\"name\":\"Telefilm Canada\",\"url\":\"https:\\\/\\\/telefilm.ca\\\/fr\",\"logo\":{\"@type\":\"ImageObject\",\"inLanguage\":\"fr-CA\",\"@id\":\"https:\\\/\\\/telefilm.ca\\\/fr#\\\/schema\\\/logo\\\/image\\\/\",\"url\":\"https:\\\/\\\/telefilm.ca\\\/wp-content\\\/uploads\\\/2026\\\/05\\\/cropped-tfc_favicon_512.png\",\"contentUrl\":\"https:\\\/\\\/telefilm.ca\\\/wp-content\\\/uploads\\\/2026\\\/05\\\/cropped-tfc_favicon_512.png\",\"width\":512,\"height\":512,\"caption\":\"Telefilm Canada\"},\"image\":{\"@id\":\"https:\\\/\\\/telefilm.ca\\\/fr#\\\/schema\\\/logo\\\/image\\\/\"},\"sameAs\":[\"https:\\\/\\\/www.facebook.com\\\/TelefilmCanada\\\/\",\"https:\\\/\\\/x.com\\\/Telefilm_Canada\",\"https:\\\/\\\/www.instagram.com\\\/telefilm_canada\\\/\",\"https:\\\/\\\/www.linkedin.com\\\/company\\\/telefilm-canada\\\/\",\"https:\\\/\\\/www.youtube.com\\\/user\\\/telefilmcanada\"]}]}<\/script>\n<!-- \/ Yoast SEO plugin. -->","yoast_head_json":{"title":"Berlinale Talents 2024\u00a0 | T\u00e9l\u00e9film Canada","robots":{"index":"index","follow":"follow","max-snippet":"max-snippet:-1","max-image-preview":"max-image-preview:large","max-video-preview":"max-video-preview:-1"},"canonical":"https:\/\/telefilm.ca\/fr\/appel-inscription\/berlinale-talents-2024","og_locale":"fr_CA","og_type":"article","og_title":"Berlinale Talents 2024\u00a0 | T\u00e9l\u00e9film Canada","og_description":"APPEL D\u2019INSCRIPTIONS\u00a0 (Ateliers de d\u00e9veloppement de talent pour jeunes cr\u00e9ateurs en audio-visuel*)&nbsp; Le Berlinale Talents du Festival international du film de Berlin accepte pr\u00e9sentement les inscriptions pour sa prochaine \u00e9dition.&nbsp; D\u00c9TAILS&nbsp; CRIT\u00c8RES D\u2019ADMISSIBILIT\u00c9&nbsp;&nbsp; \u00c0 PROPOS&nbsp; La Berlinale Talents est le programme de d\u00e9veloppement des talents du festival destin\u00e9 \u00e0 200 cin\u00e9astes, cr\u00e9ateurs de s\u00e9ries dramatiques [&hellip;]","og_url":"https:\/\/telefilm.ca\/fr\/appel-inscription\/berlinale-talents-2024","og_site_name":"T\u00e9l\u00e9film Canada","article_publisher":"https:\/\/www.facebook.com\/TelefilmCanada\/","article_modified_time":"2023-08-03T19:31:19+00:00","og_image":[{"width":1200,"height":675,"url":"https:\/\/telefilm.ca\/wp-content\/uploads\/2026\/08\/og-image-t-1200x675-1.png","type":"image\/png"}],"twitter_card":"summary_large_image","twitter_site":"@Telefilm_Canada","twitter_misc":{"Estimation du temps de lecture":"2 minutes"},"schema":{"@context":"https:\/\/schema.org","@graph":[{"@type":"WebPage","@id":"https:\/\/telefilm.ca\/fr\/appel-inscription\/berlinale-talents-2024","url":"https:\/\/telefilm.ca\/fr\/appel-inscription\/berlinale-talents-2024","name":"Berlinale Talents 2024\u00a0 | T\u00e9l\u00e9film Canada","isPartOf":{"@id":"https:\/\/telefilm.ca\/fr#website"},"datePublished":"2023-08-03T19:31:18+00:00","dateModified":"2023-08-03T19:31:19+00:00","breadcrumb":{"@id":"https:\/\/telefilm.ca\/fr\/appel-inscription\/berlinale-talents-2024#breadcrumb"},"inLanguage":"fr-CA","potentialAction":[{"@type":"ReadAction","target":["https:\/\/telefilm.ca\/fr\/appel-inscription\/berlinale-talents-2024"]}]},{"@type":"BreadcrumbList","@id":"https:\/\/telefilm.ca\/fr\/appel-inscription\/berlinale-talents-2024#breadcrumb","itemListElement":[{"@type":"ListItem","position":1,"name":"Accueil","item":"https:\/\/telefilm.ca\/fr"},{"@type":"ListItem","position":2,"name":"Calls for Entry","item":"https:\/\/telefilm.ca\/fr\/appel-inscription"},{"@type":"ListItem","position":3,"name":"Berlinale Talents 2024\u00a0"}]},{"@type":"WebSite","@id":"https:\/\/telefilm.ca\/fr#website","url":"https:\/\/telefilm.ca\/fr","name":"T\u00e9l\u00e9film Canada","description":"Partenaire de choix","publisher":{"@id":"https:\/\/telefilm.ca\/fr#organization"},"potentialAction":[{"@type":"SearchAction","target":{"@type":"EntryPoint","urlTemplate":"https:\/\/telefilm.ca\/fr?s={search_term_string}"},"query-input":{"@type":"PropertyValueSpecification","valueRequired":true,"valueName":"search_term_string"}}],"inLanguage":"fr-CA"},{"@type":"Organization","@id":"https:\/\/telefilm.ca\/fr#organization","name":"Telefilm Canada","url":"https:\/\/telefilm.ca\/fr","logo":{"@type":"ImageObject","inLanguage":"fr-CA","@id":"https:\/\/telefilm.ca\/fr#\/schema\/logo\/image\/","url":"https:\/\/telefilm.ca\/wp-content\/uploads\/2026\/05\/cropped-tfc_favicon_512.png","contentUrl":"https:\/\/telefilm.ca\/wp-content\/uploads\/2026\/05\/cropped-tfc_favicon_512.png","width":512,"height":512,"caption":"Telefilm Canada"},"image":{"@id":"https:\/\/telefilm.ca\/fr#\/schema\/logo\/image\/"},"sameAs":["https:\/\/www.facebook.com\/TelefilmCanada\/","https:\/\/x.com\/Telefilm_Canada","https:\/\/www.instagram.com\/telefilm_canada\/","https:\/\/www.linkedin.com\/company\/telefilm-canada\/","https:\/\/www.youtube.com\/user\/telefilmcanada"]}]}},"wpml_current_locale":"fr_CA","wpml_translations":[{"locale":"en_CA","id":142480,"post_title":"Berlinale Talents 2024\u00a0","href":"https:\/\/telefilm.ca\/en\/berlinale-talents-2024\/"}],"_links":{"self":[{"href":"https:\/\/telefilm.ca\/fr\/wp-json\/wp\/v2\/appel-inscription\/142483","targetHints":{"allow":["GET"]}}],"collection":[{"href":"https:\/\/telefilm.ca\/fr\/wp-json\/wp\/v2\/appel-inscription"}],"about":[{"href":"https:\/\/telefilm.ca\/fr\/wp-json\/wp\/v2\/types\/appel-inscription"}],"version-history":[{"count":2,"href":"https:\/\/telefilm.ca\/fr\/wp-json\/wp\/v2\/appel-inscription\/142483\/revisions"}],"predecessor-version":[{"id":142485,"href":"https:\/\/telefilm.ca\/fr\/wp-json\/wp\/v2\/appel-inscription\/142483\/revisions\/142485"}],"wp:attachment":[{"href":"https:\/\/telefilm.ca\/fr\/wp-json\/wp\/v2\/media?parent=142483"}],"wp:term":[{"taxonomy":"categorie_appel_inscription","embeddable":true,"href":"https:\/\/telefilm.ca\/fr\/wp-json\/wp\/v2\/categorie_appel_inscription?post=142483"}],"curies":[{"name":"wp","href":"https:\/\/api.w.org\/{rel}","templated":true}]}}