{"id":142912,"date":"2023-09-14T09:38:45","date_gmt":"2023-09-14T13:38:45","guid":{"rendered":"https:\/\/telefilm.ca\/?post_type=appel-inscription&#038;p=142912"},"modified":"2023-09-14T09:38:47","modified_gmt":"2023-09-14T13:38:47","slug":"55e-visions-du-reel-festival-international-de-cinema-de-nyon","status":"publish","type":"appel-inscription","link":"https:\/\/telefilm.ca\/fr\/appel-inscription\/55e-visions-du-reel-festival-international-de-cinema-de-nyon","title":{"rendered":"55e Visions du R\u00e9el &#8211; Festival International de Cin\u00e9ma de Nyon\u00a0"},"content":{"rendered":"<div class=\"editor-content\">\n<h2 class=\"wp-block-heading\"><strong>APPEL D&#8217;INSCRIPTIONS<\/strong><\/h2>\n\n\n\n<p class=\"wp-block-paragraph\"><em><strong>(Documentaires, toutes dur\u00e9es, et films \u00e9tudiants)\u00a0<\/strong><\/em><\/p>\n\n\n\n<p class=\"wp-block-paragraph\">Le festival <a href=\"https:\/\/www.visionsdureel.ch\/call-for-entries\/\" target=\"_blank\" rel=\"noreferrer noopener\"><strong>Visions du R\u00e9el<\/strong><\/a> accepte pr\u00e9sentement les inscriptions pour sa prochaine \u00e9dition.\u00a0<\/p>\n\n\n\n<h3 class=\"wp-block-heading\" id=\"details\">D\u00c9TAILS<\/h3>\n\n\n\n<ul class=\"wp-block-list\">\n<li><strong>Comp\u00e9titif<\/strong> : Oui\u00a0<\/li>\n\n\n\n<li><strong>Frais d\u2019inscription<\/strong> : Oui (CHF 20)<\/li>\n\n\n\n<li>Veuillez noter que les films doivent \u00eatre soumis directement<strong> <a href=\"https:\/\/www.visionsdureel.ch\/call-for-entries\/\" target=\"_blank\" rel=\"noreferrer noopener\">au Festival<\/a>.<\/strong>\u00a0<\/li>\n<\/ul>\n\n\n\n<h3 class=\"wp-block-heading\"><strong>CRIT\u00c8RES D&#8217;ADMISSIBILIT\u00c9<\/strong><\/h3>\n\n\n\n<ul class=\"wp-block-list\">\n<li>Veuillez consulter<strong><a href=\"https:\/\/www.visionsdureel.ch\/wp-content\/uploads\/2023\/09\/VdR24_Regulations_EN.pdf\" target=\"_blank\" rel=\"noreferrer noopener\"> le site du festival<\/a><\/strong>.<\/li>\n<\/ul>\n\n\n\n<hr class=\"wp-block-separator has-alpha-channel-opacity\"\/>\n\n\n\n<div class=\"wp-block-buttons is-style-default act-button act-button--full-width is-layout-flex wp-block-buttons-is-layout-flex\">\n<div class=\"wp-block-button has-custom-width wp-block-button__width-100 is-style-with-icon\"><a class=\"wp-block-button__link wp-element-button\" href=\"https:\/\/www.visionsdureel.ch\/call-for-entries\/\" target=\"_blank\" rel=\"noreferrer noopener\"><strong>SOUMETTRE ICI<\/strong><\/a><\/div>\n<\/div>\n\n\n\n<hr class=\"wp-block-separator has-alpha-channel-opacity\"\/>\n\n\n\n<h3 class=\"wp-block-heading\" id=\"a-propos\">\u00c0 PROPOS<\/h3>\n\n\n\n<p class=\"wp-block-paragraph\">Le Festival de Nyon se consacre au cin\u00e9ma du r\u00e9el et recherche des \u0153uvres et des cin\u00e9astes qui, par leurs choix formels et esth\u00e9tiques, donnent des propositions personnelles et singuli\u00e8res de r\u00e9alit\u00e9s. <strong>Le festival comprend trois sections comp\u00e9titives et internationales<\/strong>.\u00a0<\/p>\n\n\n\n<p class=\"wp-block-paragraph\">Pr\u00e9sentant des \u0153uvres de cin\u00e9astes accomplis ainsi que des <strong>premi\u00e8res propositions d&#8217;autodidactes ou d&#8217;\u00e9tudiants du cin\u00e9ma<\/strong>, le festival dispose de plusieurs sections comp\u00e9titives et non comp\u00e9titives. Certains prix sont accompagn\u00e9s d\u2019une somme en argent.\u00a0<\/p>\n\n\n\n<p class=\"wp-block-paragraph\">En 2022, <strong>le festival a pr\u00e9sent\u00e9 le documentaire canadien ROJEK en premi\u00e8re mondiale<\/strong>. En 2023, <strong>CAITI BLUES<\/strong> et <strong>MOTHER SAIGON<\/strong> \u00e9tait pr\u00e9sent\u00e9s en premi\u00e8re, et <strong>WHILE THE GREEN GRASS GROWS<\/strong> (Suisse\/Canada) remporta le grand prix de la comp\u00e9tition internationale.\u00a0<\/p>\n\n\n\n<p class=\"wp-block-paragraph\"><strong>Le march\u00e9 international <a href=\"https:\/\/dokweb.net\/database\/organizations\/about\/ea888da1-ced6-41b0-a652-0adf9374df91\/visions-du-reel-doc-outlook-international-market\" target=\"_blank\" rel=\"noreferrer noopener\">Doc Outlook<\/a><\/strong>, vient compl\u00e9ter les activit\u00e9s professionnelles du Festival. Visant \u00e0 favoriser les contacts pour le financement, l\u2019acquisition et la promotion des films, le march\u00e9 accueille pr\u00e8s de 1000 participants en provenance de plus de 50 pays (producteurs, acheteurs, d\u00e9cideurs, etc.).\u00a0\u00a0<\/p>\n\n\n\n<p class=\"wp-block-paragraph\">T\u00e9l\u00e9film Canada reconna\u00eet la s\u00e9lection d\u2019un <strong>long m\u00e9trage<\/strong> au Festival pour une demande de soutien dans le cadre du <a href=\"https:\/\/telefilm.ca\/fr\/financement\/mise-en-marche-internationale\" target=\"_blank\" rel=\"noreferrer noopener\"><strong>Programme de promotion internationale<\/strong>.<\/a>\u00a0\u00a0<\/p>\n\n\n\n<p class=\"wp-block-paragraph\"><strong>Promotion et communications<\/strong>&nbsp;<br>T\u00e9l\u00e9film Canada, Montr\u00e9al&nbsp;<br><a href=\"mailto:DL-festivals@telefilm.ca\" target=\"_blank\" rel=\"noreferrer noopener\"><strong>DL-festivals@telefilm.ca<\/strong><\/a><strong>&nbsp;&nbsp;<\/strong>&nbsp;<br>1-800-567-0890&nbsp;<\/p>\n<\/div>","protected":false},"template":"","categorie_appel_inscription":[14],"class_list":["post-142912","appel-inscription","type-appel-inscription","status-publish","hentry","categorie_appel_inscription-festival-fr"],"acf":{"date_debut":"20240412","date_fin":"20240421","ville":"Nyon","pays":"Suisse","edition":"","deadlines":[{"description":"Date limite Hative ","date":"20231106"},{"description":"Date limite finale","date":"20231222"}]},"yoast_head":"<!-- This site is optimized with the Yoast SEO plugin v28.4 - https:\/\/yoast.com\/product\/yoast-seo-wordpress\/ -->\n<title>55e Visions du R\u00e9el - Festival International de Cin\u00e9ma de Nyon\u00a0 | T\u00e9l\u00e9film Canada<\/title>\n<meta name=\"robots\" content=\"index, follow, max-snippet:-1, max-image-preview:large, max-video-preview:-1\" \/>\n<link rel=\"canonical\" href=\"https:\/\/telefilm.ca\/fr\/appel-inscription\/55e-visions-du-reel-festival-international-de-cinema-de-nyon\" \/>\n<meta property=\"og:locale\" content=\"fr_CA\" \/>\n<meta property=\"og:type\" content=\"article\" \/>\n<meta property=\"og:title\" content=\"55e Visions du R\u00e9el - Festival International de Cin\u00e9ma de Nyon\u00a0 | T\u00e9l\u00e9film Canada\" \/>\n<meta property=\"og:description\" content=\"APPEL D&#8217;INSCRIPTIONS (Documentaires, toutes dur\u00e9es, et films \u00e9tudiants)\u00a0 Le festival Visions du R\u00e9el accepte pr\u00e9sentement les inscriptions pour sa prochaine \u00e9dition.\u00a0 D\u00c9TAILS CRIT\u00c8RES D&#8217;ADMISSIBILIT\u00c9 \u00c0 PROPOS Le Festival de Nyon se consacre au cin\u00e9ma du r\u00e9el et recherche des \u0153uvres et des cin\u00e9astes qui, par leurs choix formels et esth\u00e9tiques, donnent des propositions personnelles et [&hellip;]\" \/>\n<meta property=\"og:url\" content=\"https:\/\/telefilm.ca\/fr\/appel-inscription\/55e-visions-du-reel-festival-international-de-cinema-de-nyon\" \/>\n<meta property=\"og:site_name\" content=\"T\u00e9l\u00e9film Canada\" \/>\n<meta property=\"article:publisher\" content=\"https:\/\/www.facebook.com\/TelefilmCanada\/\" \/>\n<meta property=\"article:modified_time\" content=\"2023-09-14T13:38:47+00:00\" \/>\n<meta property=\"og:image\" content=\"https:\/\/telefilm.ca\/wp-content\/uploads\/2026\/08\/og-image-t-1200x675-1.png\" \/>\n\t<meta property=\"og:image:width\" content=\"1200\" \/>\n\t<meta property=\"og:image:height\" content=\"675\" \/>\n\t<meta property=\"og:image:type\" content=\"image\/png\" \/>\n<meta name=\"twitter:card\" content=\"summary_large_image\" \/>\n<meta name=\"twitter:site\" content=\"@Telefilm_Canada\" \/>\n<meta name=\"twitter:label1\" content=\"Estimation du temps de lecture\" \/>\n\t<meta name=\"twitter:data1\" content=\"2 minutes\" \/>\n<script type=\"application\/ld+json\" class=\"yoast-schema-graph\">{\"@context\":\"https:\\\/\\\/schema.org\",\"@graph\":[{\"@type\":\"WebPage\",\"@id\":\"https:\\\/\\\/telefilm.ca\\\/fr\\\/appel-inscription\\\/55e-visions-du-reel-festival-international-de-cinema-de-nyon\",\"url\":\"https:\\\/\\\/telefilm.ca\\\/fr\\\/appel-inscription\\\/55e-visions-du-reel-festival-international-de-cinema-de-nyon\",\"name\":\"55e Visions du R\u00e9el - Festival International de Cin\u00e9ma de Nyon\u00a0 | T\u00e9l\u00e9film Canada\",\"isPartOf\":{\"@id\":\"https:\\\/\\\/telefilm.ca\\\/fr#website\"},\"datePublished\":\"2023-09-14T13:38:45+00:00\",\"dateModified\":\"2023-09-14T13:38:47+00:00\",\"breadcrumb\":{\"@id\":\"https:\\\/\\\/telefilm.ca\\\/fr\\\/appel-inscription\\\/55e-visions-du-reel-festival-international-de-cinema-de-nyon#breadcrumb\"},\"inLanguage\":\"fr-CA\",\"potentialAction\":[{\"@type\":\"ReadAction\",\"target\":[\"https:\\\/\\\/telefilm.ca\\\/fr\\\/appel-inscription\\\/55e-visions-du-reel-festival-international-de-cinema-de-nyon\"]}]},{\"@type\":\"BreadcrumbList\",\"@id\":\"https:\\\/\\\/telefilm.ca\\\/fr\\\/appel-inscription\\\/55e-visions-du-reel-festival-international-de-cinema-de-nyon#breadcrumb\",\"itemListElement\":[{\"@type\":\"ListItem\",\"position\":1,\"name\":\"Accueil\",\"item\":\"https:\\\/\\\/telefilm.ca\\\/fr\"},{\"@type\":\"ListItem\",\"position\":2,\"name\":\"Calls for Entry\",\"item\":\"https:\\\/\\\/telefilm.ca\\\/fr\\\/appel-inscription\"},{\"@type\":\"ListItem\",\"position\":3,\"name\":\"55e Visions du R\u00e9el &#8211; Festival International de Cin\u00e9ma de Nyon\u00a0\"}]},{\"@type\":\"WebSite\",\"@id\":\"https:\\\/\\\/telefilm.ca\\\/fr#website\",\"url\":\"https:\\\/\\\/telefilm.ca\\\/fr\",\"name\":\"T\u00e9l\u00e9film Canada\",\"description\":\"Partenaire de choix\",\"publisher\":{\"@id\":\"https:\\\/\\\/telefilm.ca\\\/fr#organization\"},\"potentialAction\":[{\"@type\":\"SearchAction\",\"target\":{\"@type\":\"EntryPoint\",\"urlTemplate\":\"https:\\\/\\\/telefilm.ca\\\/fr?s={search_term_string}\"},\"query-input\":{\"@type\":\"PropertyValueSpecification\",\"valueRequired\":true,\"valueName\":\"search_term_string\"}}],\"inLanguage\":\"fr-CA\"},{\"@type\":\"Organization\",\"@id\":\"https:\\\/\\\/telefilm.ca\\\/fr#organization\",\"name\":\"Telefilm Canada\",\"url\":\"https:\\\/\\\/telefilm.ca\\\/fr\",\"logo\":{\"@type\":\"ImageObject\",\"inLanguage\":\"fr-CA\",\"@id\":\"https:\\\/\\\/telefilm.ca\\\/fr#\\\/schema\\\/logo\\\/image\\\/\",\"url\":\"https:\\\/\\\/telefilm.ca\\\/wp-content\\\/uploads\\\/2026\\\/05\\\/cropped-tfc_favicon_512.png\",\"contentUrl\":\"https:\\\/\\\/telefilm.ca\\\/wp-content\\\/uploads\\\/2026\\\/05\\\/cropped-tfc_favicon_512.png\",\"width\":512,\"height\":512,\"caption\":\"Telefilm Canada\"},\"image\":{\"@id\":\"https:\\\/\\\/telefilm.ca\\\/fr#\\\/schema\\\/logo\\\/image\\\/\"},\"sameAs\":[\"https:\\\/\\\/www.facebook.com\\\/TelefilmCanada\\\/\",\"https:\\\/\\\/x.com\\\/Telefilm_Canada\",\"https:\\\/\\\/www.instagram.com\\\/telefilm_canada\\\/\",\"https:\\\/\\\/www.linkedin.com\\\/company\\\/telefilm-canada\\\/\",\"https:\\\/\\\/www.youtube.com\\\/user\\\/telefilmcanada\"]}]}<\/script>\n<!-- \/ Yoast SEO plugin. -->","yoast_head_json":{"title":"55e Visions du R\u00e9el - Festival International de Cin\u00e9ma de Nyon\u00a0 | T\u00e9l\u00e9film Canada","robots":{"index":"index","follow":"follow","max-snippet":"max-snippet:-1","max-image-preview":"max-image-preview:large","max-video-preview":"max-video-preview:-1"},"canonical":"https:\/\/telefilm.ca\/fr\/appel-inscription\/55e-visions-du-reel-festival-international-de-cinema-de-nyon","og_locale":"fr_CA","og_type":"article","og_title":"55e Visions du R\u00e9el - Festival International de Cin\u00e9ma de Nyon\u00a0 | T\u00e9l\u00e9film Canada","og_description":"APPEL D&#8217;INSCRIPTIONS (Documentaires, toutes dur\u00e9es, et films \u00e9tudiants)\u00a0 Le festival Visions du R\u00e9el accepte pr\u00e9sentement les inscriptions pour sa prochaine \u00e9dition.\u00a0 D\u00c9TAILS CRIT\u00c8RES D&#8217;ADMISSIBILIT\u00c9 \u00c0 PROPOS Le Festival de Nyon se consacre au cin\u00e9ma du r\u00e9el et recherche des \u0153uvres et des cin\u00e9astes qui, par leurs choix formels et esth\u00e9tiques, donnent des propositions personnelles et [&hellip;]","og_url":"https:\/\/telefilm.ca\/fr\/appel-inscription\/55e-visions-du-reel-festival-international-de-cinema-de-nyon","og_site_name":"T\u00e9l\u00e9film Canada","article_publisher":"https:\/\/www.facebook.com\/TelefilmCanada\/","article_modified_time":"2023-09-14T13:38:47+00:00","og_image":[{"width":1200,"height":675,"url":"https:\/\/telefilm.ca\/wp-content\/uploads\/2026\/08\/og-image-t-1200x675-1.png","type":"image\/png"}],"twitter_card":"summary_large_image","twitter_site":"@Telefilm_Canada","twitter_misc":{"Estimation du temps de lecture":"2 minutes"},"schema":{"@context":"https:\/\/schema.org","@graph":[{"@type":"WebPage","@id":"https:\/\/telefilm.ca\/fr\/appel-inscription\/55e-visions-du-reel-festival-international-de-cinema-de-nyon","url":"https:\/\/telefilm.ca\/fr\/appel-inscription\/55e-visions-du-reel-festival-international-de-cinema-de-nyon","name":"55e Visions du R\u00e9el - Festival International de Cin\u00e9ma de Nyon\u00a0 | T\u00e9l\u00e9film Canada","isPartOf":{"@id":"https:\/\/telefilm.ca\/fr#website"},"datePublished":"2023-09-14T13:38:45+00:00","dateModified":"2023-09-14T13:38:47+00:00","breadcrumb":{"@id":"https:\/\/telefilm.ca\/fr\/appel-inscription\/55e-visions-du-reel-festival-international-de-cinema-de-nyon#breadcrumb"},"inLanguage":"fr-CA","potentialAction":[{"@type":"ReadAction","target":["https:\/\/telefilm.ca\/fr\/appel-inscription\/55e-visions-du-reel-festival-international-de-cinema-de-nyon"]}]},{"@type":"BreadcrumbList","@id":"https:\/\/telefilm.ca\/fr\/appel-inscription\/55e-visions-du-reel-festival-international-de-cinema-de-nyon#breadcrumb","itemListElement":[{"@type":"ListItem","position":1,"name":"Accueil","item":"https:\/\/telefilm.ca\/fr"},{"@type":"ListItem","position":2,"name":"Calls for Entry","item":"https:\/\/telefilm.ca\/fr\/appel-inscription"},{"@type":"ListItem","position":3,"name":"55e Visions du R\u00e9el &#8211; Festival International de Cin\u00e9ma de Nyon\u00a0"}]},{"@type":"WebSite","@id":"https:\/\/telefilm.ca\/fr#website","url":"https:\/\/telefilm.ca\/fr","name":"T\u00e9l\u00e9film Canada","description":"Partenaire de choix","publisher":{"@id":"https:\/\/telefilm.ca\/fr#organization"},"potentialAction":[{"@type":"SearchAction","target":{"@type":"EntryPoint","urlTemplate":"https:\/\/telefilm.ca\/fr?s={search_term_string}"},"query-input":{"@type":"PropertyValueSpecification","valueRequired":true,"valueName":"search_term_string"}}],"inLanguage":"fr-CA"},{"@type":"Organization","@id":"https:\/\/telefilm.ca\/fr#organization","name":"Telefilm Canada","url":"https:\/\/telefilm.ca\/fr","logo":{"@type":"ImageObject","inLanguage":"fr-CA","@id":"https:\/\/telefilm.ca\/fr#\/schema\/logo\/image\/","url":"https:\/\/telefilm.ca\/wp-content\/uploads\/2026\/05\/cropped-tfc_favicon_512.png","contentUrl":"https:\/\/telefilm.ca\/wp-content\/uploads\/2026\/05\/cropped-tfc_favicon_512.png","width":512,"height":512,"caption":"Telefilm Canada"},"image":{"@id":"https:\/\/telefilm.ca\/fr#\/schema\/logo\/image\/"},"sameAs":["https:\/\/www.facebook.com\/TelefilmCanada\/","https:\/\/x.com\/Telefilm_Canada","https:\/\/www.instagram.com\/telefilm_canada\/","https:\/\/www.linkedin.com\/company\/telefilm-canada\/","https:\/\/www.youtube.com\/user\/telefilmcanada"]}]}},"wpml_current_locale":"fr_CA","wpml_translations":[{"locale":"en_CA","id":142906,"post_title":"55th Visions du R\u00e9el International Film Festival\u00a0","href":"https:\/\/telefilm.ca\/en\/55th-visions-du-reel-international-film-festival\/"}],"_links":{"self":[{"href":"https:\/\/telefilm.ca\/fr\/wp-json\/wp\/v2\/appel-inscription\/142912","targetHints":{"allow":["GET"]}}],"collection":[{"href":"https:\/\/telefilm.ca\/fr\/wp-json\/wp\/v2\/appel-inscription"}],"about":[{"href":"https:\/\/telefilm.ca\/fr\/wp-json\/wp\/v2\/types\/appel-inscription"}],"version-history":[{"count":3,"href":"https:\/\/telefilm.ca\/fr\/wp-json\/wp\/v2\/appel-inscription\/142912\/revisions"}],"predecessor-version":[{"id":142915,"href":"https:\/\/telefilm.ca\/fr\/wp-json\/wp\/v2\/appel-inscription\/142912\/revisions\/142915"}],"wp:attachment":[{"href":"https:\/\/telefilm.ca\/fr\/wp-json\/wp\/v2\/media?parent=142912"}],"wp:term":[{"taxonomy":"categorie_appel_inscription","embeddable":true,"href":"https:\/\/telefilm.ca\/fr\/wp-json\/wp\/v2\/categorie_appel_inscription?post=142912"}],"curies":[{"name":"wp","href":"https:\/\/api.w.org\/{rel}","templated":true}]}}