{"id":143358,"date":"2023-10-13T12:41:33","date_gmt":"2023-10-13T16:41:33","guid":{"rendered":"https:\/\/telefilm.ca\/?post_type=appel-inscription&#038;p=143358"},"modified":"2023-10-18T09:37:55","modified_gmt":"2023-10-18T13:37:55","slug":"32e-festival-internationl-de-films-de-curtas-vila-do-conde","status":"publish","type":"appel-inscription","link":"https:\/\/telefilm.ca\/fr\/appel-inscription\/32e-festival-internationl-de-films-de-curtas-vila-do-conde","title":{"rendered":"32e Festival international de films de Curtas Vila do Conde"},"content":{"rendered":"<div class=\"editor-content\">\n<h2 class=\"wp-block-heading\"><strong>APPEL D\u2019INSCRIPTIONS&nbsp;<\/strong><\/h2>\n\n\n\n<p class=\"wp-block-paragraph\"><em><strong>(Courts m\u00e9trages, tous genres)<\/strong><\/em>&nbsp;<\/p>\n\n\n\n<p class=\"wp-block-paragraph\">Le <a href=\"https:\/\/festival.curtas.pt\/\" target=\"_blank\" rel=\"noreferrer noopener\"><strong>Festival international de films de Curtas Vila do Conde<\/strong>&nbsp;<\/a>accepte pr\u00e9sentement les inscriptions pour sa prochaine \u00e9dition.&nbsp;<\/p>\n\n\n\n<h3 class=\"wp-block-heading\"><strong>D\u00c9TAILS<\/strong>&nbsp;<\/h3>\n\n\n\n<ul class=\"wp-block-list\">\n<li><strong>Comp\u00e9titif\u202f<\/strong>: Oui&nbsp;<\/li>\n\n\n\n<li><strong>Frais d\u2019inscription :<\/strong>&nbsp;Oui<\/li>\n\n\n\n<li><strong>Veuillez noter que les films doivent \u00eatre soumis via <\/strong><a href=\"https:\/\/filmfreeway.com\/curtasviladoconde\" target=\"_blank\" rel=\"noreferrer noopener\"><strong>FilmFreway<\/strong><\/a><strong>, <\/strong><a href=\"https:\/\/www.shortfilmdepot.com\/en\/home\/festivals\/details\/id\/102\/festival\/curtas-vila-do-conde-international-film-festival\" target=\"_blank\" rel=\"noreferrer noopener\"><strong>ShortFilmDepot<\/strong><\/a><strong> ou <\/strong><a href=\"https:\/\/filmmakers.festhome.com\/festival\/curtas-vila-do-conde\" target=\"_blank\" rel=\"noreferrer noopener\"><strong>Festhome<\/strong><\/a><strong>.<\/strong>&nbsp;<\/li>\n<\/ul>\n\n\n\n<h3 class=\"wp-block-heading\"><strong>CRIT\u00c8RES D\u2019ADMISSIBILIT\u00c9<\/strong>&nbsp;<\/h3>\n\n\n\n<ul class=\"wp-block-list\">\n<li>Veuillez\u202f<a href=\"https:\/\/festival.curtas.pt\/en\/detail-news\/call-for-entries-2024-1690381292711\/\" target=\"_blank\" rel=\"noreferrer noopener\"><strong>consulter le site du festival<\/strong><\/a>\u202fpour les crit\u00e8res d\u2019admissibilit\u00e9.&nbsp;<\/li>\n<\/ul>\n\n\n\n<hr class=\"wp-block-separator has-alpha-channel-opacity\"\/>\n\n\n\n<div class=\"wp-block-buttons is-style-default act-button act-button--full-width is-layout-flex wp-block-buttons-is-layout-flex\">\n<div class=\"wp-block-button has-custom-width wp-block-button__width-100 is-style-with-icon\"><a class=\"wp-block-button__link wp-element-button\" href=\"https:\/\/festival.curtas.pt\/en\/detail-news\/call-for-entries-2024-1690381292711\/\" target=\"_blank\" rel=\"noreferrer noopener\">         <strong>SOUMETTRE ICI<\/strong><i aria-label=\"Bouton primaire pleine largeur avec ic\u00f4ne\" class=\"icon far fa-external-link-alt\" aria-hidden=\"true\"> <\/i>     <\/a><\/div>\n<\/div>\n\n\n\n<hr class=\"wp-block-separator has-alpha-channel-opacity\"\/>\n\n\n\n<h3 class=\"wp-block-heading\"><strong>\u00c0 PROPOS<\/strong>&nbsp;<\/h3>\n\n\n\n<p class=\"wp-block-paragraph\"><strong>Curtas Vila do Conde &#8211; Festival international du film <\/strong>est l&#8217;un des plus prestigieux festivals du film au Portugal, en en sera \u00e0 sa 32e \u00e9dition en 2024. Se qualifiant pour les OSCARS\u00ae, le festival propose des films d\u2019animation, de fiction, documentaire, exp\u00e9rimental et des vid\u00e9os de musique. Produits en 2023 ou en 2024, les films peuvent \u00eatre d\u2019une dur\u00e9e jusqu\u2019\u00e0 60 minutes.\u00a0<\/p>\n\n\n\n<p class=\"wp-block-paragraph\">En 2023, le festival pr\u00e9sentait 45 films dans la comp\u00e9tition internationale et nationale pour un total de 268 films de 40 pays, devant un public de 20,000 spectateurs.<\/p>\n\n\n\n<p class=\"wp-block-paragraph\">En 2023, quatre films canadiens faisaient partie de la s\u00e9lection : <strong>The Time that Separates Us<\/strong> r\u00e9alis\u00e9 par Parastoo Anoushahpour, <strong>The Newest Olds <\/strong>r\u00e9alis\u00e9 par Pablo Mazzolo, <strong>Canarie<\/strong> de Benoit Therriault et Pierre-Hugues Dallaire qui a obtenu la 1re Mention sp\u00e9ciale, et <strong>Invicible <\/strong>r\u00e9alis\u00e9 par Vincent Ren\u00e9-Lorti qui a remport\u00e9 le Prix Auto Bemguidados.&nbsp;<\/p>\n\n\n\n<p class=\"wp-block-paragraph\">T\u00e9l\u00e9film Canada reconna\u00eet la s\u00e9lection d\u2019un court m\u00e9trage au Festival pour une demande de soutien dans le cadre du <a href=\"https:\/\/telefilm.ca\/fr\/financement\/mise-en-marche-internationale\" target=\"_blank\" rel=\"noreferrer noopener\"><strong>Programme de promotion internationale<\/strong><\/a>.<\/p>\n\n\n\n<p class=\"wp-block-paragraph\"><strong>Promotion internationale<\/strong>&nbsp;<br>T\u00e9l\u00e9film Canada, Montr\u00e9al&nbsp;<br><a href=\"mailto:DL-festivals@telefilm.ca\" target=\"_blank\" rel=\"noreferrer noopener\"><strong>DL-festivals@telefilm.ca<\/strong><\/a>&nbsp;<br>1 800 567-0890<\/p>\n<\/div>","protected":false},"template":"","categorie_appel_inscription":[15],"class_list":["post-143358","appel-inscription","type-appel-inscription","status-publish","hentry","categorie_appel_inscription-festival-court-metrages"],"acf":{"date_debut":"20240713","date_fin":"20240721","ville":"Vila do Conde","pays":"Portugal","edition":"32e","deadlines":[{"description":"Date limite h\u00e2tive","date":"20231231"},{"description":"Date limite r\u00e9guli\u00e8re","date":"20240229"},{"description":"Date limite finale","date":"20240430"}]},"yoast_head":"<!-- This site is optimized with the Yoast SEO plugin v28.4 - https:\/\/yoast.com\/product\/yoast-seo-wordpress\/ -->\n<title>32e Festival international de films de Curtas Vila do Conde | T\u00e9l\u00e9film Canada<\/title>\n<meta name=\"robots\" content=\"index, follow, max-snippet:-1, max-image-preview:large, max-video-preview:-1\" \/>\n<link rel=\"canonical\" href=\"https:\/\/telefilm.ca\/fr\/appel-inscription\/32e-festival-internationl-de-films-de-curtas-vila-do-conde\" \/>\n<meta property=\"og:locale\" content=\"fr_CA\" \/>\n<meta property=\"og:type\" content=\"article\" \/>\n<meta property=\"og:title\" content=\"32e Festival international de films de Curtas Vila do Conde | T\u00e9l\u00e9film Canada\" \/>\n<meta property=\"og:description\" content=\"APPEL D\u2019INSCRIPTIONS&nbsp; (Courts m\u00e9trages, tous genres)&nbsp; Le Festival international de films de Curtas Vila do Conde&nbsp;accepte pr\u00e9sentement les inscriptions pour sa prochaine \u00e9dition.&nbsp; D\u00c9TAILS&nbsp; CRIT\u00c8RES D\u2019ADMISSIBILIT\u00c9&nbsp; \u00c0 PROPOS&nbsp; Curtas Vila do Conde &#8211; Festival international du film est l&#8217;un des plus prestigieux festivals du film au Portugal, en en sera \u00e0 sa 32e \u00e9dition en [&hellip;]\" \/>\n<meta property=\"og:url\" content=\"https:\/\/telefilm.ca\/fr\/appel-inscription\/32e-festival-internationl-de-films-de-curtas-vila-do-conde\" \/>\n<meta property=\"og:site_name\" content=\"T\u00e9l\u00e9film Canada\" \/>\n<meta property=\"article:publisher\" content=\"https:\/\/www.facebook.com\/TelefilmCanada\/\" \/>\n<meta property=\"article:modified_time\" content=\"2023-10-18T13:37:55+00:00\" \/>\n<meta property=\"og:image\" content=\"https:\/\/telefilm.ca\/wp-content\/uploads\/2026\/08\/og-image-t-1200x675-1.png\" \/>\n\t<meta property=\"og:image:width\" content=\"1200\" \/>\n\t<meta property=\"og:image:height\" content=\"675\" \/>\n\t<meta property=\"og:image:type\" content=\"image\/png\" \/>\n<meta name=\"twitter:card\" content=\"summary_large_image\" \/>\n<meta name=\"twitter:site\" content=\"@Telefilm_Canada\" \/>\n<meta name=\"twitter:label1\" content=\"Estimation du temps de lecture\" \/>\n\t<meta name=\"twitter:data1\" content=\"2 minutes\" \/>\n<script type=\"application\/ld+json\" class=\"yoast-schema-graph\">{\"@context\":\"https:\\\/\\\/schema.org\",\"@graph\":[{\"@type\":\"WebPage\",\"@id\":\"https:\\\/\\\/telefilm.ca\\\/fr\\\/appel-inscription\\\/32e-festival-internationl-de-films-de-curtas-vila-do-conde\",\"url\":\"https:\\\/\\\/telefilm.ca\\\/fr\\\/appel-inscription\\\/32e-festival-internationl-de-films-de-curtas-vila-do-conde\",\"name\":\"32e Festival international de films de Curtas Vila do Conde | T\u00e9l\u00e9film Canada\",\"isPartOf\":{\"@id\":\"https:\\\/\\\/telefilm.ca\\\/fr#website\"},\"datePublished\":\"2023-10-13T16:41:33+00:00\",\"dateModified\":\"2023-10-18T13:37:55+00:00\",\"breadcrumb\":{\"@id\":\"https:\\\/\\\/telefilm.ca\\\/fr\\\/appel-inscription\\\/32e-festival-internationl-de-films-de-curtas-vila-do-conde#breadcrumb\"},\"inLanguage\":\"fr-CA\",\"potentialAction\":[{\"@type\":\"ReadAction\",\"target\":[\"https:\\\/\\\/telefilm.ca\\\/fr\\\/appel-inscription\\\/32e-festival-internationl-de-films-de-curtas-vila-do-conde\"]}]},{\"@type\":\"BreadcrumbList\",\"@id\":\"https:\\\/\\\/telefilm.ca\\\/fr\\\/appel-inscription\\\/32e-festival-internationl-de-films-de-curtas-vila-do-conde#breadcrumb\",\"itemListElement\":[{\"@type\":\"ListItem\",\"position\":1,\"name\":\"Accueil\",\"item\":\"https:\\\/\\\/telefilm.ca\\\/fr\"},{\"@type\":\"ListItem\",\"position\":2,\"name\":\"Calls for Entry\",\"item\":\"https:\\\/\\\/telefilm.ca\\\/fr\\\/appel-inscription\"},{\"@type\":\"ListItem\",\"position\":3,\"name\":\"32e Festival international de films de Curtas Vila do Conde\"}]},{\"@type\":\"WebSite\",\"@id\":\"https:\\\/\\\/telefilm.ca\\\/fr#website\",\"url\":\"https:\\\/\\\/telefilm.ca\\\/fr\",\"name\":\"T\u00e9l\u00e9film Canada\",\"description\":\"Partenaire de choix\",\"publisher\":{\"@id\":\"https:\\\/\\\/telefilm.ca\\\/fr#organization\"},\"potentialAction\":[{\"@type\":\"SearchAction\",\"target\":{\"@type\":\"EntryPoint\",\"urlTemplate\":\"https:\\\/\\\/telefilm.ca\\\/fr?s={search_term_string}\"},\"query-input\":{\"@type\":\"PropertyValueSpecification\",\"valueRequired\":true,\"valueName\":\"search_term_string\"}}],\"inLanguage\":\"fr-CA\"},{\"@type\":\"Organization\",\"@id\":\"https:\\\/\\\/telefilm.ca\\\/fr#organization\",\"name\":\"Telefilm Canada\",\"url\":\"https:\\\/\\\/telefilm.ca\\\/fr\",\"logo\":{\"@type\":\"ImageObject\",\"inLanguage\":\"fr-CA\",\"@id\":\"https:\\\/\\\/telefilm.ca\\\/fr#\\\/schema\\\/logo\\\/image\\\/\",\"url\":\"https:\\\/\\\/telefilm.ca\\\/wp-content\\\/uploads\\\/2026\\\/05\\\/cropped-tfc_favicon_512.png\",\"contentUrl\":\"https:\\\/\\\/telefilm.ca\\\/wp-content\\\/uploads\\\/2026\\\/05\\\/cropped-tfc_favicon_512.png\",\"width\":512,\"height\":512,\"caption\":\"Telefilm Canada\"},\"image\":{\"@id\":\"https:\\\/\\\/telefilm.ca\\\/fr#\\\/schema\\\/logo\\\/image\\\/\"},\"sameAs\":[\"https:\\\/\\\/www.facebook.com\\\/TelefilmCanada\\\/\",\"https:\\\/\\\/x.com\\\/Telefilm_Canada\",\"https:\\\/\\\/www.instagram.com\\\/telefilm_canada\\\/\",\"https:\\\/\\\/www.linkedin.com\\\/company\\\/telefilm-canada\\\/\",\"https:\\\/\\\/www.youtube.com\\\/user\\\/telefilmcanada\"]}]}<\/script>\n<!-- \/ Yoast SEO plugin. -->","yoast_head_json":{"title":"32e Festival international de films de Curtas Vila do Conde | T\u00e9l\u00e9film Canada","robots":{"index":"index","follow":"follow","max-snippet":"max-snippet:-1","max-image-preview":"max-image-preview:large","max-video-preview":"max-video-preview:-1"},"canonical":"https:\/\/telefilm.ca\/fr\/appel-inscription\/32e-festival-internationl-de-films-de-curtas-vila-do-conde","og_locale":"fr_CA","og_type":"article","og_title":"32e Festival international de films de Curtas Vila do Conde | T\u00e9l\u00e9film Canada","og_description":"APPEL D\u2019INSCRIPTIONS&nbsp; (Courts m\u00e9trages, tous genres)&nbsp; Le Festival international de films de Curtas Vila do Conde&nbsp;accepte pr\u00e9sentement les inscriptions pour sa prochaine \u00e9dition.&nbsp; D\u00c9TAILS&nbsp; CRIT\u00c8RES D\u2019ADMISSIBILIT\u00c9&nbsp; \u00c0 PROPOS&nbsp; Curtas Vila do Conde &#8211; Festival international du film est l&#8217;un des plus prestigieux festivals du film au Portugal, en en sera \u00e0 sa 32e \u00e9dition en [&hellip;]","og_url":"https:\/\/telefilm.ca\/fr\/appel-inscription\/32e-festival-internationl-de-films-de-curtas-vila-do-conde","og_site_name":"T\u00e9l\u00e9film Canada","article_publisher":"https:\/\/www.facebook.com\/TelefilmCanada\/","article_modified_time":"2023-10-18T13:37:55+00:00","og_image":[{"width":1200,"height":675,"url":"https:\/\/telefilm.ca\/wp-content\/uploads\/2026\/08\/og-image-t-1200x675-1.png","type":"image\/png"}],"twitter_card":"summary_large_image","twitter_site":"@Telefilm_Canada","twitter_misc":{"Estimation du temps de lecture":"2 minutes"},"schema":{"@context":"https:\/\/schema.org","@graph":[{"@type":"WebPage","@id":"https:\/\/telefilm.ca\/fr\/appel-inscription\/32e-festival-internationl-de-films-de-curtas-vila-do-conde","url":"https:\/\/telefilm.ca\/fr\/appel-inscription\/32e-festival-internationl-de-films-de-curtas-vila-do-conde","name":"32e Festival international de films de Curtas Vila do Conde | T\u00e9l\u00e9film Canada","isPartOf":{"@id":"https:\/\/telefilm.ca\/fr#website"},"datePublished":"2023-10-13T16:41:33+00:00","dateModified":"2023-10-18T13:37:55+00:00","breadcrumb":{"@id":"https:\/\/telefilm.ca\/fr\/appel-inscription\/32e-festival-internationl-de-films-de-curtas-vila-do-conde#breadcrumb"},"inLanguage":"fr-CA","potentialAction":[{"@type":"ReadAction","target":["https:\/\/telefilm.ca\/fr\/appel-inscription\/32e-festival-internationl-de-films-de-curtas-vila-do-conde"]}]},{"@type":"BreadcrumbList","@id":"https:\/\/telefilm.ca\/fr\/appel-inscription\/32e-festival-internationl-de-films-de-curtas-vila-do-conde#breadcrumb","itemListElement":[{"@type":"ListItem","position":1,"name":"Accueil","item":"https:\/\/telefilm.ca\/fr"},{"@type":"ListItem","position":2,"name":"Calls for Entry","item":"https:\/\/telefilm.ca\/fr\/appel-inscription"},{"@type":"ListItem","position":3,"name":"32e Festival international de films de Curtas Vila do Conde"}]},{"@type":"WebSite","@id":"https:\/\/telefilm.ca\/fr#website","url":"https:\/\/telefilm.ca\/fr","name":"T\u00e9l\u00e9film Canada","description":"Partenaire de choix","publisher":{"@id":"https:\/\/telefilm.ca\/fr#organization"},"potentialAction":[{"@type":"SearchAction","target":{"@type":"EntryPoint","urlTemplate":"https:\/\/telefilm.ca\/fr?s={search_term_string}"},"query-input":{"@type":"PropertyValueSpecification","valueRequired":true,"valueName":"search_term_string"}}],"inLanguage":"fr-CA"},{"@type":"Organization","@id":"https:\/\/telefilm.ca\/fr#organization","name":"Telefilm Canada","url":"https:\/\/telefilm.ca\/fr","logo":{"@type":"ImageObject","inLanguage":"fr-CA","@id":"https:\/\/telefilm.ca\/fr#\/schema\/logo\/image\/","url":"https:\/\/telefilm.ca\/wp-content\/uploads\/2026\/05\/cropped-tfc_favicon_512.png","contentUrl":"https:\/\/telefilm.ca\/wp-content\/uploads\/2026\/05\/cropped-tfc_favicon_512.png","width":512,"height":512,"caption":"Telefilm Canada"},"image":{"@id":"https:\/\/telefilm.ca\/fr#\/schema\/logo\/image\/"},"sameAs":["https:\/\/www.facebook.com\/TelefilmCanada\/","https:\/\/x.com\/Telefilm_Canada","https:\/\/www.instagram.com\/telefilm_canada\/","https:\/\/www.linkedin.com\/company\/telefilm-canada\/","https:\/\/www.youtube.com\/user\/telefilmcanada"]}]}},"wpml_current_locale":"fr_CA","wpml_translations":[{"locale":"en_CA","id":143351,"post_title":"32nd Curtas Vila do Conde International Film Festival","href":"https:\/\/telefilm.ca\/en\/32nd-curtas-vila-do-conde-international-film-festival\/"}],"_links":{"self":[{"href":"https:\/\/telefilm.ca\/fr\/wp-json\/wp\/v2\/appel-inscription\/143358","targetHints":{"allow":["GET"]}}],"collection":[{"href":"https:\/\/telefilm.ca\/fr\/wp-json\/wp\/v2\/appel-inscription"}],"about":[{"href":"https:\/\/telefilm.ca\/fr\/wp-json\/wp\/v2\/types\/appel-inscription"}],"version-history":[{"count":4,"href":"https:\/\/telefilm.ca\/fr\/wp-json\/wp\/v2\/appel-inscription\/143358\/revisions"}],"predecessor-version":[{"id":143502,"href":"https:\/\/telefilm.ca\/fr\/wp-json\/wp\/v2\/appel-inscription\/143358\/revisions\/143502"}],"wp:attachment":[{"href":"https:\/\/telefilm.ca\/fr\/wp-json\/wp\/v2\/media?parent=143358"}],"wp:term":[{"taxonomy":"categorie_appel_inscription","embeddable":true,"href":"https:\/\/telefilm.ca\/fr\/wp-json\/wp\/v2\/categorie_appel_inscription?post=143358"}],"curies":[{"name":"wp","href":"https:\/\/api.w.org\/{rel}","templated":true}]}}