{"id":143468,"date":"2023-10-17T14:30:16","date_gmt":"2023-10-17T18:30:16","guid":{"rendered":"https:\/\/telefilm.ca\/?post_type=appel-inscription&#038;p=143468"},"modified":"2023-10-17T14:30:18","modified_gmt":"2023-10-17T18:30:18","slug":"31e-stuttgart-international-festival-of-animated-film","status":"publish","type":"appel-inscription","link":"https:\/\/telefilm.ca\/fr\/appel-inscription\/31e-stuttgart-international-festival-of-animated-film","title":{"rendered":"31e Stuttgart International Festival of Animated Film\u00a0\u00a0\u00a0"},"content":{"rendered":"<div class=\"editor-content\">\n<h2 class=\"wp-block-heading\"><strong>Appel d\u2019inscriptions<\/strong>\u00a0<\/h2>\n\n\n\n<p class=\"wp-block-paragraph\"><strong><em>(Animation. Longs, courts, films \u00e9tudiants, transmedia)\u00a0<\/em><\/strong><\/p>\n\n\n\n<p class=\"wp-block-paragraph\">Le <a href=\"http:\/\/www.itfs.de\/en\/branche\/competitions\/\" target=\"_blank\" rel=\"noreferrer noopener\"><strong>Stuttgart International Festival of Animated Film<\/strong><\/a> accepte pr\u00e9sentement les inscriptions pour sa prochaine \u00e9dition.\u00a0<\/p>\n\n\n\n<h3 class=\"wp-block-heading\"><strong>D\u00c9TAILS<\/strong><\/h3>\n\n\n\n<ul class=\"wp-block-list\">\n<li><strong>Comp\u00e9titif\u202f:<\/strong> Oui\u00a0<\/li>\n\n\n\n<li><strong>Frais d\u2019inscription\u202f:<\/strong> Non<\/li>\n\n\n\n<li>Veuillez noter que les films doivent \u00eatre<strong> soumis directement au festival.<\/strong>\u00a0\u00a0\u00a0<\/li>\n<\/ul>\n\n\n\n<h3 class=\"wp-block-heading\"><strong>CRIT\u00c8RES D\u2019ADMISSIBILIT\u00c9<\/strong>\u00a0<\/h3>\n\n\n\n<ul class=\"wp-block-list\">\n<li>Veuillez consulter le <a href=\"http:\/\/www.itfs.de\/en\/branche\/competitions\/\" target=\"_blank\" rel=\"noreferrer noopener\"><strong>site du festival<\/strong><\/a> pour les crit\u00e8res d\u2019admissibilit\u00e9.<\/li>\n<\/ul>\n\n\n\n<hr class=\"wp-block-separator has-alpha-channel-opacity\"\/>\n\n\n\n<div class=\"wp-block-buttons is-style-default act-button act-button--full-width is-layout-flex wp-block-buttons-is-layout-flex\">\n<div class=\"wp-block-button has-custom-width wp-block-button__width-100 is-style-with-icon\"><a class=\"wp-block-button__link wp-element-button\" href=\"https:\/\/www.itfs.de\/en\/professionals\/call-for-entries\/\" target=\"_blank\" rel=\"noreferrer noopener\"><strong>SOUMETTRE ICI<\/strong><\/a><\/div>\n<\/div>\n\n\n\n<hr class=\"wp-block-separator has-alpha-channel-opacity\"\/>\n\n\n\n<h3 class=\"wp-block-heading\"><strong>\u00c0 PROPOS<\/strong>\u00a0<\/h3>\n\n\n\n<p class=\"wp-block-paragraph\">Fond\u00e9 en 1982, l\u2019ITFS est <strong>l\u2019un des plus importants festivals internationaux pour les films d\u2019animation<\/strong>. Il attire pr\u00e8s de 90\u202f000 cin\u00e9philes et 2\u202f500 professionnels accr\u00e9dit\u00e9s. De plus, le festival pr\u00e9sente des \u00e9v\u00e8nements parall\u00e8les r\u00e9serv\u00e9s aux professionnels\u202fdont le <em>16<sup>th<\/sup> Animation Production Days<\/em>, un forum de 4 jours sur la coproduction et le financement qui <strong>r\u00e9unit 200 participants de 20 pays pr\u00e9sentant 50 projets en d\u00e9veloppement<\/strong>, auquel s\u2019ajoute la Conf\u00e9rence FMX (animation, effets, jeux, media immersifs) qui attire 4,000 professionnels.\u00a0<\/p>\n\n\n\n<p class=\"wp-block-paragraph\">Principalement ax\u00e9 sur le court m\u00e9trage, le festival comprend plusieurs sections comp\u00e9titives et octroie des prix accompagn\u00e9s d\u2019<strong>une remise en argent d\u2019une valeur totalisant 70,000 \u20ac<\/strong>. Le court remportant le Grand Prix (15,000 \u20ac) se qualifie automatique pour les Oscars dans la cat\u00e9gorie court m\u00e9trage d\u2019animation.<strong> <\/strong>Deux prix sont r\u00e9serv\u00e9s aux films \u00e9tudiants dont le Meilleur film de fin d\u2019\u00e9tude (10,000 \u20ac).\u00a0<\/p>\n\n\n\n<p class=\"wp-block-paragraph\">T\u00e9l\u00e9film Canada reconna\u00eet la participation d\u2019un long m\u00e9trage \u00e0 ce festival et peut offrir une aide par l\u2019entremise de son<strong> <\/strong><a href=\"https:\/\/telefilm.ca\/fr\/financement\/mise-en-marche-internationale\" target=\"_blank\" rel=\"noreferrer noopener\"><strong>Programme de Promotion interntionale<\/strong><\/a><strong>.<\/strong>\u00a0<\/p>\n\n\n\n<p class=\"wp-block-paragraph\"><strong>Promotion et communications<\/strong>\u00a0<br>T\u00e9l\u00e9film Canada, Montr\u00e9al\u00a0<br><a href=\"mailto:DL-festivals@telefilm.ca\" target=\"_blank\" rel=\"noreferrer noopener\"><strong>DL-festivals@telefilm.ca<\/strong><\/a> \u00a0<br>1 800 567-0890\u00a0<\/p>\n<\/div>","protected":false},"template":"","categorie_appel_inscription":[14],"class_list":["post-143468","appel-inscription","type-appel-inscription","status-publish","hentry","categorie_appel_inscription-festival-fr"],"acf":{"date_debut":"20240423","date_fin":"20240428","ville":"Stuttgart","pays":"Allemagne","edition":"","deadlines":[{"description":"Court M\u00e9trages","date":"20231201"},{"description":"Long M\u00e9trage","date":"20240117"}]},"yoast_head":"<!-- This site is optimized with the Yoast SEO plugin v28.4 - https:\/\/yoast.com\/product\/yoast-seo-wordpress\/ -->\n<title>31e Stuttgart International Festival of Animated Film\u00a0\u00a0\u00a0 | T\u00e9l\u00e9film Canada<\/title>\n<meta name=\"robots\" content=\"index, follow, max-snippet:-1, max-image-preview:large, max-video-preview:-1\" \/>\n<link rel=\"canonical\" href=\"https:\/\/telefilm.ca\/fr\/appel-inscription\/31e-stuttgart-international-festival-of-animated-film\" \/>\n<meta property=\"og:locale\" content=\"fr_CA\" \/>\n<meta property=\"og:type\" content=\"article\" \/>\n<meta property=\"og:title\" content=\"31e Stuttgart International Festival of Animated Film\u00a0\u00a0\u00a0 | T\u00e9l\u00e9film Canada\" \/>\n<meta property=\"og:description\" content=\"Appel d\u2019inscriptions\u00a0 (Animation. Longs, courts, films \u00e9tudiants, transmedia)\u00a0 Le Stuttgart International Festival of Animated Film accepte pr\u00e9sentement les inscriptions pour sa prochaine \u00e9dition.\u00a0 D\u00c9TAILS CRIT\u00c8RES D\u2019ADMISSIBILIT\u00c9\u00a0 \u00c0 PROPOS\u00a0 Fond\u00e9 en 1982, l\u2019ITFS est l\u2019un des plus importants festivals internationaux pour les films d\u2019animation. Il attire pr\u00e8s de 90\u202f000 cin\u00e9philes et 2\u202f500 professionnels accr\u00e9dit\u00e9s. De plus, [&hellip;]\" \/>\n<meta property=\"og:url\" content=\"https:\/\/telefilm.ca\/fr\/appel-inscription\/31e-stuttgart-international-festival-of-animated-film\" \/>\n<meta property=\"og:site_name\" content=\"T\u00e9l\u00e9film Canada\" \/>\n<meta property=\"article:publisher\" content=\"https:\/\/www.facebook.com\/TelefilmCanada\/\" \/>\n<meta property=\"article:modified_time\" content=\"2023-10-17T18:30:18+00:00\" \/>\n<meta property=\"og:image\" content=\"https:\/\/telefilm.ca\/wp-content\/uploads\/2026\/08\/og-image-t-1200x675-1.png\" \/>\n\t<meta property=\"og:image:width\" content=\"1200\" \/>\n\t<meta property=\"og:image:height\" content=\"675\" \/>\n\t<meta property=\"og:image:type\" content=\"image\/png\" \/>\n<meta name=\"twitter:card\" content=\"summary_large_image\" \/>\n<meta name=\"twitter:site\" content=\"@Telefilm_Canada\" \/>\n<meta name=\"twitter:label1\" content=\"Estimation du temps de lecture\" \/>\n\t<meta name=\"twitter:data1\" content=\"2 minutes\" \/>\n<script type=\"application\/ld+json\" class=\"yoast-schema-graph\">{\"@context\":\"https:\\\/\\\/schema.org\",\"@graph\":[{\"@type\":\"WebPage\",\"@id\":\"https:\\\/\\\/telefilm.ca\\\/fr\\\/appel-inscription\\\/31e-stuttgart-international-festival-of-animated-film\",\"url\":\"https:\\\/\\\/telefilm.ca\\\/fr\\\/appel-inscription\\\/31e-stuttgart-international-festival-of-animated-film\",\"name\":\"31e Stuttgart International Festival of Animated Film\u00a0\u00a0\u00a0 | T\u00e9l\u00e9film Canada\",\"isPartOf\":{\"@id\":\"https:\\\/\\\/telefilm.ca\\\/fr#website\"},\"datePublished\":\"2023-10-17T18:30:16+00:00\",\"dateModified\":\"2023-10-17T18:30:18+00:00\",\"breadcrumb\":{\"@id\":\"https:\\\/\\\/telefilm.ca\\\/fr\\\/appel-inscription\\\/31e-stuttgart-international-festival-of-animated-film#breadcrumb\"},\"inLanguage\":\"fr-CA\",\"potentialAction\":[{\"@type\":\"ReadAction\",\"target\":[\"https:\\\/\\\/telefilm.ca\\\/fr\\\/appel-inscription\\\/31e-stuttgart-international-festival-of-animated-film\"]}]},{\"@type\":\"BreadcrumbList\",\"@id\":\"https:\\\/\\\/telefilm.ca\\\/fr\\\/appel-inscription\\\/31e-stuttgart-international-festival-of-animated-film#breadcrumb\",\"itemListElement\":[{\"@type\":\"ListItem\",\"position\":1,\"name\":\"Accueil\",\"item\":\"https:\\\/\\\/telefilm.ca\\\/fr\"},{\"@type\":\"ListItem\",\"position\":2,\"name\":\"Calls for Entry\",\"item\":\"https:\\\/\\\/telefilm.ca\\\/fr\\\/appel-inscription\"},{\"@type\":\"ListItem\",\"position\":3,\"name\":\"31e Stuttgart International Festival of Animated Film\u00a0\u00a0\u00a0\"}]},{\"@type\":\"WebSite\",\"@id\":\"https:\\\/\\\/telefilm.ca\\\/fr#website\",\"url\":\"https:\\\/\\\/telefilm.ca\\\/fr\",\"name\":\"T\u00e9l\u00e9film Canada\",\"description\":\"Partenaire de choix\",\"publisher\":{\"@id\":\"https:\\\/\\\/telefilm.ca\\\/fr#organization\"},\"potentialAction\":[{\"@type\":\"SearchAction\",\"target\":{\"@type\":\"EntryPoint\",\"urlTemplate\":\"https:\\\/\\\/telefilm.ca\\\/fr?s={search_term_string}\"},\"query-input\":{\"@type\":\"PropertyValueSpecification\",\"valueRequired\":true,\"valueName\":\"search_term_string\"}}],\"inLanguage\":\"fr-CA\"},{\"@type\":\"Organization\",\"@id\":\"https:\\\/\\\/telefilm.ca\\\/fr#organization\",\"name\":\"Telefilm Canada\",\"url\":\"https:\\\/\\\/telefilm.ca\\\/fr\",\"logo\":{\"@type\":\"ImageObject\",\"inLanguage\":\"fr-CA\",\"@id\":\"https:\\\/\\\/telefilm.ca\\\/fr#\\\/schema\\\/logo\\\/image\\\/\",\"url\":\"https:\\\/\\\/telefilm.ca\\\/wp-content\\\/uploads\\\/2026\\\/05\\\/cropped-tfc_favicon_512.png\",\"contentUrl\":\"https:\\\/\\\/telefilm.ca\\\/wp-content\\\/uploads\\\/2026\\\/05\\\/cropped-tfc_favicon_512.png\",\"width\":512,\"height\":512,\"caption\":\"Telefilm Canada\"},\"image\":{\"@id\":\"https:\\\/\\\/telefilm.ca\\\/fr#\\\/schema\\\/logo\\\/image\\\/\"},\"sameAs\":[\"https:\\\/\\\/www.facebook.com\\\/TelefilmCanada\\\/\",\"https:\\\/\\\/x.com\\\/Telefilm_Canada\",\"https:\\\/\\\/www.instagram.com\\\/telefilm_canada\\\/\",\"https:\\\/\\\/www.linkedin.com\\\/company\\\/telefilm-canada\\\/\",\"https:\\\/\\\/www.youtube.com\\\/user\\\/telefilmcanada\"]}]}<\/script>\n<!-- \/ Yoast SEO plugin. -->","yoast_head_json":{"title":"31e Stuttgart International Festival of Animated Film\u00a0\u00a0\u00a0 | T\u00e9l\u00e9film Canada","robots":{"index":"index","follow":"follow","max-snippet":"max-snippet:-1","max-image-preview":"max-image-preview:large","max-video-preview":"max-video-preview:-1"},"canonical":"https:\/\/telefilm.ca\/fr\/appel-inscription\/31e-stuttgart-international-festival-of-animated-film","og_locale":"fr_CA","og_type":"article","og_title":"31e Stuttgart International Festival of Animated Film\u00a0\u00a0\u00a0 | T\u00e9l\u00e9film Canada","og_description":"Appel d\u2019inscriptions\u00a0 (Animation. Longs, courts, films \u00e9tudiants, transmedia)\u00a0 Le Stuttgart International Festival of Animated Film accepte pr\u00e9sentement les inscriptions pour sa prochaine \u00e9dition.\u00a0 D\u00c9TAILS CRIT\u00c8RES D\u2019ADMISSIBILIT\u00c9\u00a0 \u00c0 PROPOS\u00a0 Fond\u00e9 en 1982, l\u2019ITFS est l\u2019un des plus importants festivals internationaux pour les films d\u2019animation. Il attire pr\u00e8s de 90\u202f000 cin\u00e9philes et 2\u202f500 professionnels accr\u00e9dit\u00e9s. De plus, [&hellip;]","og_url":"https:\/\/telefilm.ca\/fr\/appel-inscription\/31e-stuttgart-international-festival-of-animated-film","og_site_name":"T\u00e9l\u00e9film Canada","article_publisher":"https:\/\/www.facebook.com\/TelefilmCanada\/","article_modified_time":"2023-10-17T18:30:18+00:00","og_image":[{"width":1200,"height":675,"url":"https:\/\/telefilm.ca\/wp-content\/uploads\/2026\/08\/og-image-t-1200x675-1.png","type":"image\/png"}],"twitter_card":"summary_large_image","twitter_site":"@Telefilm_Canada","twitter_misc":{"Estimation du temps de lecture":"2 minutes"},"schema":{"@context":"https:\/\/schema.org","@graph":[{"@type":"WebPage","@id":"https:\/\/telefilm.ca\/fr\/appel-inscription\/31e-stuttgart-international-festival-of-animated-film","url":"https:\/\/telefilm.ca\/fr\/appel-inscription\/31e-stuttgart-international-festival-of-animated-film","name":"31e Stuttgart International Festival of Animated Film\u00a0\u00a0\u00a0 | T\u00e9l\u00e9film Canada","isPartOf":{"@id":"https:\/\/telefilm.ca\/fr#website"},"datePublished":"2023-10-17T18:30:16+00:00","dateModified":"2023-10-17T18:30:18+00:00","breadcrumb":{"@id":"https:\/\/telefilm.ca\/fr\/appel-inscription\/31e-stuttgart-international-festival-of-animated-film#breadcrumb"},"inLanguage":"fr-CA","potentialAction":[{"@type":"ReadAction","target":["https:\/\/telefilm.ca\/fr\/appel-inscription\/31e-stuttgart-international-festival-of-animated-film"]}]},{"@type":"BreadcrumbList","@id":"https:\/\/telefilm.ca\/fr\/appel-inscription\/31e-stuttgart-international-festival-of-animated-film#breadcrumb","itemListElement":[{"@type":"ListItem","position":1,"name":"Accueil","item":"https:\/\/telefilm.ca\/fr"},{"@type":"ListItem","position":2,"name":"Calls for Entry","item":"https:\/\/telefilm.ca\/fr\/appel-inscription"},{"@type":"ListItem","position":3,"name":"31e Stuttgart International Festival of Animated Film\u00a0\u00a0\u00a0"}]},{"@type":"WebSite","@id":"https:\/\/telefilm.ca\/fr#website","url":"https:\/\/telefilm.ca\/fr","name":"T\u00e9l\u00e9film Canada","description":"Partenaire de choix","publisher":{"@id":"https:\/\/telefilm.ca\/fr#organization"},"potentialAction":[{"@type":"SearchAction","target":{"@type":"EntryPoint","urlTemplate":"https:\/\/telefilm.ca\/fr?s={search_term_string}"},"query-input":{"@type":"PropertyValueSpecification","valueRequired":true,"valueName":"search_term_string"}}],"inLanguage":"fr-CA"},{"@type":"Organization","@id":"https:\/\/telefilm.ca\/fr#organization","name":"Telefilm Canada","url":"https:\/\/telefilm.ca\/fr","logo":{"@type":"ImageObject","inLanguage":"fr-CA","@id":"https:\/\/telefilm.ca\/fr#\/schema\/logo\/image\/","url":"https:\/\/telefilm.ca\/wp-content\/uploads\/2026\/05\/cropped-tfc_favicon_512.png","contentUrl":"https:\/\/telefilm.ca\/wp-content\/uploads\/2026\/05\/cropped-tfc_favicon_512.png","width":512,"height":512,"caption":"Telefilm Canada"},"image":{"@id":"https:\/\/telefilm.ca\/fr#\/schema\/logo\/image\/"},"sameAs":["https:\/\/www.facebook.com\/TelefilmCanada\/","https:\/\/x.com\/Telefilm_Canada","https:\/\/www.instagram.com\/telefilm_canada\/","https:\/\/www.linkedin.com\/company\/telefilm-canada\/","https:\/\/www.youtube.com\/user\/telefilmcanada"]}]}},"wpml_current_locale":"fr_CA","wpml_translations":[{"locale":"en_CA","id":143463,"post_title":"31st International Festival of Animated Film Stuttgart\u00a0","href":"https:\/\/telefilm.ca\/en\/31st-international-festival-of-animated-film-stuttgart\/"}],"_links":{"self":[{"href":"https:\/\/telefilm.ca\/fr\/wp-json\/wp\/v2\/appel-inscription\/143468","targetHints":{"allow":["GET"]}}],"collection":[{"href":"https:\/\/telefilm.ca\/fr\/wp-json\/wp\/v2\/appel-inscription"}],"about":[{"href":"https:\/\/telefilm.ca\/fr\/wp-json\/wp\/v2\/types\/appel-inscription"}],"version-history":[{"count":2,"href":"https:\/\/telefilm.ca\/fr\/wp-json\/wp\/v2\/appel-inscription\/143468\/revisions"}],"predecessor-version":[{"id":143470,"href":"https:\/\/telefilm.ca\/fr\/wp-json\/wp\/v2\/appel-inscription\/143468\/revisions\/143470"}],"wp:attachment":[{"href":"https:\/\/telefilm.ca\/fr\/wp-json\/wp\/v2\/media?parent=143468"}],"wp:term":[{"taxonomy":"categorie_appel_inscription","embeddable":true,"href":"https:\/\/telefilm.ca\/fr\/wp-json\/wp\/v2\/categorie_appel_inscription?post=143468"}],"curies":[{"name":"wp","href":"https:\/\/api.w.org\/{rel}","templated":true}]}}