{"id":143666,"date":"2023-10-20T14:27:24","date_gmt":"2023-10-20T18:27:24","guid":{"rendered":"https:\/\/telefilm.ca\/?post_type=appel-inscription&#038;p=143666"},"modified":"2023-10-20T14:27:41","modified_gmt":"2023-10-20T18:27:41","slug":"27e-roze-filmdagen-festival-du-film-lgbtq-damsterdam","status":"publish","type":"appel-inscription","link":"https:\/\/telefilm.ca\/fr\/appel-inscription\/27e-roze-filmdagen-festival-du-film-lgbtq-damsterdam","title":{"rendered":"27e Roze Filmdagen \/ Festival du film LGBTQ d\u2019Amsterdam\u00a0"},"content":{"rendered":"<div class=\"editor-content\">\n<h2 class=\"wp-block-heading\"><strong>APPEL D&#8217;INSCRIPTIONS<\/strong><\/h2>\n\n\n\n<p class=\"wp-block-paragraph\"><em><strong>(Longs et courts m\u00e9trages, fiction et documentaires)<\/strong>\u00a0<\/em><\/p>\n\n\n\n<p class=\"wp-block-paragraph\">Le <a href=\"https:\/\/rozefilmdagen.nl\/entries-2022\" target=\"_blank\" rel=\"noreferrer noopener\"><strong>Roze Filmdagen<\/strong><\/a> accepte pr\u00e9sentement les inscriptions pour sa prochaine \u00e9dition.\u00a0<\/p>\n\n\n\n<h3 class=\"wp-block-heading\"><strong>D\u00c9TAILS<\/strong>\u00a0<\/h3>\n\n\n\n<ul class=\"wp-block-list\">\n<li><strong>Comp\u00e9titif\u202f<\/strong>: Oui\u00a0<\/li>\n\n\n\n<li><strong>Frais d\u2019inscription<\/strong>\u202f: Non\u00a0<\/li>\n\n\n\n<li>Veuillez noter que tous les films doivent \u00eatre soumis<strong> <\/strong><a href=\"https:\/\/rozefilmdagen.nl\/entries-2022\" target=\"_blank\" rel=\"noreferrer noopener\"><strong>directement au festival<\/strong><\/a><strong> ou via <\/strong><a href=\"https:\/\/filmfreeway.com\/RozeFilmdagenAmsterdamLGBTQFilmFestival\" target=\"_blank\" rel=\"noreferrer noopener\"><strong>FilmFreeway<\/strong><\/a><strong>.<\/strong>\u00a0\u00a0<\/li>\n<\/ul>\n\n\n\n<h3 class=\"wp-block-heading\"><strong>CRIT\u00c8RES D\u2019ADMISSIBILIT\u00c9<\/strong>\u00a0<\/h3>\n\n\n\n<ul class=\"wp-block-list\">\n<li>Pour les crit\u00e8res d\u2019admissibilit\u00e9:<strong> <\/strong><a href=\"https:\/\/rozefilmdagen.nl\/en\/submissions-2024\" target=\"_blank\" rel=\"noreferrer noopener\"><strong>consultez le site\u00a0web.<\/strong><\/a><\/li>\n<\/ul>\n\n\n\n<hr class=\"wp-block-separator has-alpha-channel-opacity\"\/>\n\n\n\n<div class=\"wp-block-buttons is-style-default act-button act-button--full-width is-layout-flex wp-block-buttons-is-layout-flex\">\n<div class=\"wp-block-button has-custom-width wp-block-button__width-100 is-style-with-icon\"><a class=\"wp-block-button__link wp-element-button\" href=\"https:\/\/filmfreeway.com\/RozeFilmdagenAmsterdamLGBTQFilmFestival\" target=\"_blank\" rel=\"noreferrer noopener\">         <strong>SOUMETTRE ICI<\/strong><i aria-label=\"Bouton primaire pleine largeur avec ic\u00f4ne\" class=\"icon far fa-external-link-alt\" aria-hidden=\"true\"> <\/i>     <\/a><\/div>\n<\/div>\n\n\n\n<hr class=\"wp-block-separator has-alpha-channel-opacity\"\/>\n\n\n\n<h3 class=\"wp-block-heading\"><strong>\u00c0 PROPOS<\/strong>\u00a0<\/h3>\n\n\n\n<p class=\"wp-block-paragraph\">Le Roze Filmdagen (signifiant &#8220;Journ\u00e9es du film rose&#8221;) est le plus ancien et le plus grand festival du film LGBTQ des Pays-Bas.&nbsp;&nbsp;<\/p>\n\n\n\n<p class=\"wp-block-paragraph\">D&#8217;une dur\u00e9e de douze jours, le festival pr\u00e9sente une s\u00e9lection englobant tous les styles, des com\u00e9dies romantiques \u00e0 des documentaires provocants et encore plus. Depuis plusieurs ann\u00e9es d\u00e9j\u00e0, le festival accorde une attention particuli\u00e8re aux courts m\u00e9trages et leur s\u00e9lection a \u00e9t\u00e9 applaudie par les festivals internationaux de films (LGBTQ).&nbsp;<\/p>\n\n\n\n<p class=\"wp-block-paragraph\"><strong>Pour la prochaine \u00e9dition, plus de 10 000 visiteurs sont attendus et pourront appr\u00e9cier plus de 130 films provenant d&#8217;environ 40 pays.<\/strong>\u00a0<\/p>\n\n\n\n<p class=\"wp-block-paragraph\">Le festival organise des programmes LGBTQ pour plusieurs autres festivals internationaux.&nbsp;<\/p>\n\n\n\n<p class=\"wp-block-paragraph\">T\u00e9l\u00e9film Canada reconnait la s\u00e9lection d\u2019un long m\u00e9trage par le festival pour une demande de soutien dans le cadre du <strong><a href=\"https:\/\/telefilm.ca\/fr\/financement\/mise-en-marche-internationale\" target=\"_blank\" rel=\"noreferrer noopener\">Programme de promotion internationale<\/a>.\u00a0<\/strong><\/p>\n\n\n\n<p class=\"wp-block-paragraph\"><strong>Promotion et communications<\/strong>\u00a0<br>T\u00e9l\u00e9film Canada, Montr\u00e9al\u00a0<br><a href=\"mailto:DL-festivals@telefilm.ca\" target=\"_blank\" rel=\"noreferrer noopener\"><strong>DL-festivals@telefilm.ca<\/strong><\/a> \u00a0<br>1 800 567-0890\u00a0<\/p>\n<\/div>","protected":false},"template":"","categorie_appel_inscription":[14],"class_list":["post-143666","appel-inscription","type-appel-inscription","status-publish","hentry","categorie_appel_inscription-festival-fr"],"acf":{"date_debut":"20240313","date_fin":"20240324","ville":"Amsterdam","pays":"Pays-Bas","edition":"","deadlines":[{"description":"Date limite pour s\u2019inscrire","date":"20231215"}]},"yoast_head":"<!-- This site is optimized with the Yoast SEO plugin v28.4 - https:\/\/yoast.com\/product\/yoast-seo-wordpress\/ -->\n<title>27e Roze Filmdagen \/ Festival du film LGBTQ d\u2019Amsterdam\u00a0 | T\u00e9l\u00e9film Canada<\/title>\n<meta name=\"robots\" content=\"index, follow, max-snippet:-1, max-image-preview:large, max-video-preview:-1\" \/>\n<link rel=\"canonical\" href=\"https:\/\/telefilm.ca\/fr\/appel-inscription\/27e-roze-filmdagen-festival-du-film-lgbtq-damsterdam\" \/>\n<meta property=\"og:locale\" content=\"fr_CA\" \/>\n<meta property=\"og:type\" content=\"article\" \/>\n<meta property=\"og:title\" content=\"27e Roze Filmdagen \/ Festival du film LGBTQ d\u2019Amsterdam\u00a0 | T\u00e9l\u00e9film Canada\" \/>\n<meta property=\"og:description\" content=\"APPEL D&#8217;INSCRIPTIONS (Longs et courts m\u00e9trages, fiction et documentaires)\u00a0 Le Roze Filmdagen accepte pr\u00e9sentement les inscriptions pour sa prochaine \u00e9dition.\u00a0 D\u00c9TAILS\u00a0 CRIT\u00c8RES D\u2019ADMISSIBILIT\u00c9\u00a0 \u00c0 PROPOS\u00a0 Le Roze Filmdagen (signifiant &#8220;Journ\u00e9es du film rose&#8221;) est le plus ancien et le plus grand festival du film LGBTQ des Pays-Bas.&nbsp;&nbsp; D&#8217;une dur\u00e9e de douze jours, le festival pr\u00e9sente [&hellip;]\" \/>\n<meta property=\"og:url\" content=\"https:\/\/telefilm.ca\/fr\/appel-inscription\/27e-roze-filmdagen-festival-du-film-lgbtq-damsterdam\" \/>\n<meta property=\"og:site_name\" content=\"T\u00e9l\u00e9film Canada\" \/>\n<meta property=\"article:publisher\" content=\"https:\/\/www.facebook.com\/TelefilmCanada\/\" \/>\n<meta property=\"article:modified_time\" content=\"2023-10-20T18:27:41+00:00\" \/>\n<meta property=\"og:image\" content=\"https:\/\/telefilm.ca\/wp-content\/uploads\/2026\/08\/og-image-t-1200x675-1.png\" \/>\n\t<meta property=\"og:image:width\" content=\"1200\" \/>\n\t<meta property=\"og:image:height\" content=\"675\" \/>\n\t<meta property=\"og:image:type\" content=\"image\/png\" \/>\n<meta name=\"twitter:card\" content=\"summary_large_image\" \/>\n<meta name=\"twitter:site\" content=\"@Telefilm_Canada\" \/>\n<meta name=\"twitter:label1\" content=\"Estimation du temps de lecture\" \/>\n\t<meta name=\"twitter:data1\" content=\"1 minute\" \/>\n<script type=\"application\/ld+json\" class=\"yoast-schema-graph\">{\"@context\":\"https:\\\/\\\/schema.org\",\"@graph\":[{\"@type\":\"WebPage\",\"@id\":\"https:\\\/\\\/telefilm.ca\\\/fr\\\/appel-inscription\\\/27e-roze-filmdagen-festival-du-film-lgbtq-damsterdam\",\"url\":\"https:\\\/\\\/telefilm.ca\\\/fr\\\/appel-inscription\\\/27e-roze-filmdagen-festival-du-film-lgbtq-damsterdam\",\"name\":\"27e Roze Filmdagen \\\/ Festival du film LGBTQ d\u2019Amsterdam\u00a0 | T\u00e9l\u00e9film Canada\",\"isPartOf\":{\"@id\":\"https:\\\/\\\/telefilm.ca\\\/fr#website\"},\"datePublished\":\"2023-10-20T18:27:24+00:00\",\"dateModified\":\"2023-10-20T18:27:41+00:00\",\"breadcrumb\":{\"@id\":\"https:\\\/\\\/telefilm.ca\\\/fr\\\/appel-inscription\\\/27e-roze-filmdagen-festival-du-film-lgbtq-damsterdam#breadcrumb\"},\"inLanguage\":\"fr-CA\",\"potentialAction\":[{\"@type\":\"ReadAction\",\"target\":[\"https:\\\/\\\/telefilm.ca\\\/fr\\\/appel-inscription\\\/27e-roze-filmdagen-festival-du-film-lgbtq-damsterdam\"]}]},{\"@type\":\"BreadcrumbList\",\"@id\":\"https:\\\/\\\/telefilm.ca\\\/fr\\\/appel-inscription\\\/27e-roze-filmdagen-festival-du-film-lgbtq-damsterdam#breadcrumb\",\"itemListElement\":[{\"@type\":\"ListItem\",\"position\":1,\"name\":\"Accueil\",\"item\":\"https:\\\/\\\/telefilm.ca\\\/fr\"},{\"@type\":\"ListItem\",\"position\":2,\"name\":\"Calls for Entry\",\"item\":\"https:\\\/\\\/telefilm.ca\\\/fr\\\/appel-inscription\"},{\"@type\":\"ListItem\",\"position\":3,\"name\":\"27e Roze Filmdagen \\\/ Festival du film LGBTQ d\u2019Amsterdam\u00a0\"}]},{\"@type\":\"WebSite\",\"@id\":\"https:\\\/\\\/telefilm.ca\\\/fr#website\",\"url\":\"https:\\\/\\\/telefilm.ca\\\/fr\",\"name\":\"T\u00e9l\u00e9film Canada\",\"description\":\"Partenaire de choix\",\"publisher\":{\"@id\":\"https:\\\/\\\/telefilm.ca\\\/fr#organization\"},\"potentialAction\":[{\"@type\":\"SearchAction\",\"target\":{\"@type\":\"EntryPoint\",\"urlTemplate\":\"https:\\\/\\\/telefilm.ca\\\/fr?s={search_term_string}\"},\"query-input\":{\"@type\":\"PropertyValueSpecification\",\"valueRequired\":true,\"valueName\":\"search_term_string\"}}],\"inLanguage\":\"fr-CA\"},{\"@type\":\"Organization\",\"@id\":\"https:\\\/\\\/telefilm.ca\\\/fr#organization\",\"name\":\"Telefilm Canada\",\"url\":\"https:\\\/\\\/telefilm.ca\\\/fr\",\"logo\":{\"@type\":\"ImageObject\",\"inLanguage\":\"fr-CA\",\"@id\":\"https:\\\/\\\/telefilm.ca\\\/fr#\\\/schema\\\/logo\\\/image\\\/\",\"url\":\"https:\\\/\\\/telefilm.ca\\\/wp-content\\\/uploads\\\/2026\\\/05\\\/cropped-tfc_favicon_512.png\",\"contentUrl\":\"https:\\\/\\\/telefilm.ca\\\/wp-content\\\/uploads\\\/2026\\\/05\\\/cropped-tfc_favicon_512.png\",\"width\":512,\"height\":512,\"caption\":\"Telefilm Canada\"},\"image\":{\"@id\":\"https:\\\/\\\/telefilm.ca\\\/fr#\\\/schema\\\/logo\\\/image\\\/\"},\"sameAs\":[\"https:\\\/\\\/www.facebook.com\\\/TelefilmCanada\\\/\",\"https:\\\/\\\/x.com\\\/Telefilm_Canada\",\"https:\\\/\\\/www.instagram.com\\\/telefilm_canada\\\/\",\"https:\\\/\\\/www.linkedin.com\\\/company\\\/telefilm-canada\\\/\",\"https:\\\/\\\/www.youtube.com\\\/user\\\/telefilmcanada\"]}]}<\/script>\n<!-- \/ Yoast SEO plugin. -->","yoast_head_json":{"title":"27e Roze Filmdagen \/ Festival du film LGBTQ d\u2019Amsterdam\u00a0 | T\u00e9l\u00e9film Canada","robots":{"index":"index","follow":"follow","max-snippet":"max-snippet:-1","max-image-preview":"max-image-preview:large","max-video-preview":"max-video-preview:-1"},"canonical":"https:\/\/telefilm.ca\/fr\/appel-inscription\/27e-roze-filmdagen-festival-du-film-lgbtq-damsterdam","og_locale":"fr_CA","og_type":"article","og_title":"27e Roze Filmdagen \/ Festival du film LGBTQ d\u2019Amsterdam\u00a0 | T\u00e9l\u00e9film Canada","og_description":"APPEL D&#8217;INSCRIPTIONS (Longs et courts m\u00e9trages, fiction et documentaires)\u00a0 Le Roze Filmdagen accepte pr\u00e9sentement les inscriptions pour sa prochaine \u00e9dition.\u00a0 D\u00c9TAILS\u00a0 CRIT\u00c8RES D\u2019ADMISSIBILIT\u00c9\u00a0 \u00c0 PROPOS\u00a0 Le Roze Filmdagen (signifiant &#8220;Journ\u00e9es du film rose&#8221;) est le plus ancien et le plus grand festival du film LGBTQ des Pays-Bas.&nbsp;&nbsp; D&#8217;une dur\u00e9e de douze jours, le festival pr\u00e9sente [&hellip;]","og_url":"https:\/\/telefilm.ca\/fr\/appel-inscription\/27e-roze-filmdagen-festival-du-film-lgbtq-damsterdam","og_site_name":"T\u00e9l\u00e9film Canada","article_publisher":"https:\/\/www.facebook.com\/TelefilmCanada\/","article_modified_time":"2023-10-20T18:27:41+00:00","og_image":[{"width":1200,"height":675,"url":"https:\/\/telefilm.ca\/wp-content\/uploads\/2026\/08\/og-image-t-1200x675-1.png","type":"image\/png"}],"twitter_card":"summary_large_image","twitter_site":"@Telefilm_Canada","twitter_misc":{"Estimation du temps de lecture":"1 minute"},"schema":{"@context":"https:\/\/schema.org","@graph":[{"@type":"WebPage","@id":"https:\/\/telefilm.ca\/fr\/appel-inscription\/27e-roze-filmdagen-festival-du-film-lgbtq-damsterdam","url":"https:\/\/telefilm.ca\/fr\/appel-inscription\/27e-roze-filmdagen-festival-du-film-lgbtq-damsterdam","name":"27e Roze Filmdagen \/ Festival du film LGBTQ d\u2019Amsterdam\u00a0 | T\u00e9l\u00e9film Canada","isPartOf":{"@id":"https:\/\/telefilm.ca\/fr#website"},"datePublished":"2023-10-20T18:27:24+00:00","dateModified":"2023-10-20T18:27:41+00:00","breadcrumb":{"@id":"https:\/\/telefilm.ca\/fr\/appel-inscription\/27e-roze-filmdagen-festival-du-film-lgbtq-damsterdam#breadcrumb"},"inLanguage":"fr-CA","potentialAction":[{"@type":"ReadAction","target":["https:\/\/telefilm.ca\/fr\/appel-inscription\/27e-roze-filmdagen-festival-du-film-lgbtq-damsterdam"]}]},{"@type":"BreadcrumbList","@id":"https:\/\/telefilm.ca\/fr\/appel-inscription\/27e-roze-filmdagen-festival-du-film-lgbtq-damsterdam#breadcrumb","itemListElement":[{"@type":"ListItem","position":1,"name":"Accueil","item":"https:\/\/telefilm.ca\/fr"},{"@type":"ListItem","position":2,"name":"Calls for Entry","item":"https:\/\/telefilm.ca\/fr\/appel-inscription"},{"@type":"ListItem","position":3,"name":"27e Roze Filmdagen \/ Festival du film LGBTQ d\u2019Amsterdam\u00a0"}]},{"@type":"WebSite","@id":"https:\/\/telefilm.ca\/fr#website","url":"https:\/\/telefilm.ca\/fr","name":"T\u00e9l\u00e9film Canada","description":"Partenaire de choix","publisher":{"@id":"https:\/\/telefilm.ca\/fr#organization"},"potentialAction":[{"@type":"SearchAction","target":{"@type":"EntryPoint","urlTemplate":"https:\/\/telefilm.ca\/fr?s={search_term_string}"},"query-input":{"@type":"PropertyValueSpecification","valueRequired":true,"valueName":"search_term_string"}}],"inLanguage":"fr-CA"},{"@type":"Organization","@id":"https:\/\/telefilm.ca\/fr#organization","name":"Telefilm Canada","url":"https:\/\/telefilm.ca\/fr","logo":{"@type":"ImageObject","inLanguage":"fr-CA","@id":"https:\/\/telefilm.ca\/fr#\/schema\/logo\/image\/","url":"https:\/\/telefilm.ca\/wp-content\/uploads\/2026\/05\/cropped-tfc_favicon_512.png","contentUrl":"https:\/\/telefilm.ca\/wp-content\/uploads\/2026\/05\/cropped-tfc_favicon_512.png","width":512,"height":512,"caption":"Telefilm Canada"},"image":{"@id":"https:\/\/telefilm.ca\/fr#\/schema\/logo\/image\/"},"sameAs":["https:\/\/www.facebook.com\/TelefilmCanada\/","https:\/\/x.com\/Telefilm_Canada","https:\/\/www.instagram.com\/telefilm_canada\/","https:\/\/www.linkedin.com\/company\/telefilm-canada\/","https:\/\/www.youtube.com\/user\/telefilmcanada"]}]}},"wpml_current_locale":"fr_CA","wpml_translations":[{"locale":"en_CA","id":143663,"post_title":"27th Roze Filmdagen \/ Amsterdam LGBTQ Film Festival\u00a0","href":"https:\/\/telefilm.ca\/en\/27th-roze-filmdagen-amsterdam-lgbtq-film-festival\/"}],"_links":{"self":[{"href":"https:\/\/telefilm.ca\/fr\/wp-json\/wp\/v2\/appel-inscription\/143666","targetHints":{"allow":["GET"]}}],"collection":[{"href":"https:\/\/telefilm.ca\/fr\/wp-json\/wp\/v2\/appel-inscription"}],"about":[{"href":"https:\/\/telefilm.ca\/fr\/wp-json\/wp\/v2\/types\/appel-inscription"}],"version-history":[{"count":4,"href":"https:\/\/telefilm.ca\/fr\/wp-json\/wp\/v2\/appel-inscription\/143666\/revisions"}],"predecessor-version":[{"id":143670,"href":"https:\/\/telefilm.ca\/fr\/wp-json\/wp\/v2\/appel-inscription\/143666\/revisions\/143670"}],"wp:attachment":[{"href":"https:\/\/telefilm.ca\/fr\/wp-json\/wp\/v2\/media?parent=143666"}],"wp:term":[{"taxonomy":"categorie_appel_inscription","embeddable":true,"href":"https:\/\/telefilm.ca\/fr\/wp-json\/wp\/v2\/categorie_appel_inscription?post=143666"}],"curies":[{"name":"wp","href":"https:\/\/api.w.org\/{rel}","templated":true}]}}