{"id":144098,"date":"2023-11-17T10:38:37","date_gmt":"2023-11-17T15:38:37","guid":{"rendered":"https:\/\/telefilm.ca\/?post_type=appel-inscription&#038;p=144098"},"modified":"2023-11-22T09:28:24","modified_gmt":"2023-11-22T14:28:24","slug":"repertoire-des-canadiens-a-berlin-2024-berlinale-21e-marche-du-film-europeen-efm","status":"publish","type":"appel-inscription","link":"https:\/\/telefilm.ca\/fr\/appel-inscription\/repertoire-des-canadiens-a-berlin-2024-berlinale-21e-marche-du-film-europeen-efm","title":{"rendered":"R\u00e9pertoire des Canadiens \u00e0 Berlin 2024 | Berlinale &#038; March\u00e9 du film europ\u00e9en (EFM)"},"content":{"rendered":"<div class=\"editor-content\">\n<h2 class=\"wp-block-heading\"><strong>INSCRIPTIONS OUVERTES<\/strong><\/h2>\n\n\n\n<p class=\"wp-block-paragraph\"><em>(Professionnels canadiens de l&#8217;industrie)\u00a0<\/em><\/p>\n\n\n\n<p class=\"wp-block-paragraph\">Les professionnels canadiens de l&#8217;industrie qui participent \u00e0 <strong>l&#8217;European Film Market (EFM) et \u00e0 la Berlinale 2024 <\/strong>peuvent maintenant s&#8217;inscrire au R\u00e9pertoire des Canadiens \u00e0 Berlin 2024. En vous inscrivant, vous ferez partie de notre campagne promotionnelle <strong>CANADA \u00c0 BERLIN 2024 <\/strong>et serez invit\u00e9s aux activit\u00e9s de r\u00e9seautage canadiennes organis\u00e9es sur place, le cas \u00e9ch\u00e9ant.&nbsp;<\/p>\n\n\n\n<hr class=\"wp-block-separator has-alpha-channel-opacity\"\/>\n\n\n\n<div class=\"wp-block-buttons is-style-default act-button act-button--full-width is-content-justification-left is-layout-flex wp-container-core-buttons-is-layout-18726597 wp-block-buttons-is-layout-flex\">\n<div class=\"wp-block-button has-custom-width wp-block-button__width-100 is-style-with-icon\"><a class=\"wp-block-button__link has-text-align-left wp-element-button\" href=\"https:\/\/telefilmbpm.appiancloud.com\/suite\/sites\/client\/page\/clientHome\/record\/lIBaiJ45Q3Cj0vo-S0PQD9tsUXzKchiZNAulR-r--TCfR_vQjAtq73aQ1DjMZ4fYrE_4ubz58P0MIt79udFzK0uLZt2rpILwQWA7OZF9k1VmBqU\/view\/summary\" target=\"_blank\" rel=\"noreferrer noopener\"><strong>INSCRIVEZ-VOUS ICI<\/strong><\/a><\/div>\n<\/div>\n\n\n\n<ul class=\"wp-block-list\">\n<li>Cet appel d&#8217;inscriptions sera soumis avec <strong><a href=\"https:\/\/telefilm.ca\/fr\/se-connecter\" target=\"_blank\" rel=\"noreferrer noopener\">Dialogue \u00c9v\u00e9nements<\/a><\/strong>.<\/li>\n\n\n\n<li>Veuillez consulter le <strong><a href=\"https:\/\/telefilm.ca\/wp-content\/uploads\/2023\/09\/Guide-de-lutilisateur_Dialogue-evenements-1.pdf\" target=\"_blank\" rel=\"noreferrer noopener\">guide de l&#8217;utilisateur <\/a><\/strong>pour soumettre votre application<\/li>\n<\/ul>\n\n\n\n<hr class=\"wp-block-separator has-alpha-channel-opacity\"\/>\n\n\n\n<h3 class=\"wp-block-heading\" id=\"renseignements\">RENSEIGNEMENTS <\/h3>\n\n\n\n<p class=\"wp-block-paragraph\">Pour de plus amples informations sur cette initiative, veuillez contacter <strong>Myriam Blais<\/strong> (<strong><a href=\"mailto:myriam.blais@telefilm.ca\" target=\"_blank\" rel=\"noreferrer noopener\">myriam.blais@telefilm.ca<\/a><\/strong>) \/ ou<strong> Val\u00e9rie Frappier <\/strong>(<strong><a href=\"mailto:valerie.frappier@telefilm.ca\" target=\"_blank\" rel=\"noreferrer noopener\">valerie.frappier@telefilm.ca<\/a><\/strong>).&nbsp;<\/p>\n\n\n\n<p class=\"wp-block-paragraph\"><\/p>\n\n\n\n<p class=\"wp-block-paragraph\"><strong>Promotion<\/strong>&nbsp;<strong>et Communications<\/strong><br>T\u00e9l\u00e9film Canada, Montr\u00e9al&nbsp;<br><a href=\"mailto:DL-Festivals@telefilm.ca\" target=\"_blank\" rel=\"noreferrer noopener\"><strong>DL-Festivals@telefilm.ca<\/strong><\/a>&nbsp;<br>1 800 567-0890<\/p>\n\n\n\n<p class=\"wp-block-paragraph\"><\/p>\n<\/div>","protected":false},"template":"","categorie_appel_inscription":[14,16],"class_list":["post-144098","appel-inscription","type-appel-inscription","status-publish","hentry","categorie_appel_inscription-festival-fr","categorie_appel_inscription-marche"],"acf":{"date_debut":"20240215","date_fin":"20240225","ville":"Berlin","pays":"Allemagne","edition":"","deadlines":[{"description":"Date limite d'inscription","date":"20240116"}]},"yoast_head":"<!-- This site is optimized with the Yoast SEO plugin v28.4 - https:\/\/yoast.com\/product\/yoast-seo-wordpress\/ -->\n<title>R\u00e9pertoire des Canadiens \u00e0 Berlin 2024 | Berlinale &amp; March\u00e9 du film europ\u00e9en (EFM) | T\u00e9l\u00e9film Canada<\/title>\n<meta name=\"robots\" content=\"index, follow, max-snippet:-1, max-image-preview:large, max-video-preview:-1\" \/>\n<link rel=\"canonical\" href=\"https:\/\/telefilm.ca\/fr\/appel-inscription\/repertoire-des-canadiens-a-berlin-2024-berlinale-21e-marche-du-film-europeen-efm\" \/>\n<meta property=\"og:locale\" content=\"fr_CA\" \/>\n<meta property=\"og:type\" content=\"article\" \/>\n<meta property=\"og:title\" content=\"R\u00e9pertoire des Canadiens \u00e0 Berlin 2024 | Berlinale &amp; March\u00e9 du film europ\u00e9en (EFM) | T\u00e9l\u00e9film Canada\" \/>\n<meta property=\"og:description\" content=\"INSCRIPTIONS OUVERTES (Professionnels canadiens de l&#8217;industrie)\u00a0 Les professionnels canadiens de l&#8217;industrie qui participent \u00e0 l&#8217;European Film Market (EFM) et \u00e0 la Berlinale 2024 peuvent maintenant s&#8217;inscrire au R\u00e9pertoire des Canadiens \u00e0 Berlin 2024. En vous inscrivant, vous ferez partie de notre campagne promotionnelle CANADA \u00c0 BERLIN 2024 et serez invit\u00e9s aux activit\u00e9s de r\u00e9seautage canadiennes [&hellip;]\" \/>\n<meta property=\"og:url\" content=\"https:\/\/telefilm.ca\/fr\/appel-inscription\/repertoire-des-canadiens-a-berlin-2024-berlinale-21e-marche-du-film-europeen-efm\" \/>\n<meta property=\"og:site_name\" content=\"T\u00e9l\u00e9film Canada\" \/>\n<meta property=\"article:publisher\" content=\"https:\/\/www.facebook.com\/TelefilmCanada\/\" \/>\n<meta property=\"article:modified_time\" content=\"2023-11-22T14:28:24+00:00\" \/>\n<meta property=\"og:image\" content=\"https:\/\/telefilm.ca\/wp-content\/uploads\/2026\/08\/og-image-t-1200x675-1.png\" \/>\n\t<meta property=\"og:image:width\" content=\"1200\" \/>\n\t<meta property=\"og:image:height\" content=\"675\" \/>\n\t<meta property=\"og:image:type\" content=\"image\/png\" \/>\n<meta name=\"twitter:card\" content=\"summary_large_image\" \/>\n<meta name=\"twitter:site\" content=\"@Telefilm_Canada\" \/>\n<meta name=\"twitter:label1\" content=\"Estimation du temps de lecture\" \/>\n\t<meta name=\"twitter:data1\" content=\"1 minute\" \/>\n<script type=\"application\/ld+json\" class=\"yoast-schema-graph\">{\"@context\":\"https:\\\/\\\/schema.org\",\"@graph\":[{\"@type\":\"WebPage\",\"@id\":\"https:\\\/\\\/telefilm.ca\\\/fr\\\/appel-inscription\\\/repertoire-des-canadiens-a-berlin-2024-berlinale-21e-marche-du-film-europeen-efm\",\"url\":\"https:\\\/\\\/telefilm.ca\\\/fr\\\/appel-inscription\\\/repertoire-des-canadiens-a-berlin-2024-berlinale-21e-marche-du-film-europeen-efm\",\"name\":\"R\u00e9pertoire des Canadiens \u00e0 Berlin 2024 | Berlinale & March\u00e9 du film europ\u00e9en (EFM) | T\u00e9l\u00e9film Canada\",\"isPartOf\":{\"@id\":\"https:\\\/\\\/telefilm.ca\\\/fr#website\"},\"datePublished\":\"2023-11-17T15:38:37+00:00\",\"dateModified\":\"2023-11-22T14:28:24+00:00\",\"breadcrumb\":{\"@id\":\"https:\\\/\\\/telefilm.ca\\\/fr\\\/appel-inscription\\\/repertoire-des-canadiens-a-berlin-2024-berlinale-21e-marche-du-film-europeen-efm#breadcrumb\"},\"inLanguage\":\"fr-CA\",\"potentialAction\":[{\"@type\":\"ReadAction\",\"target\":[\"https:\\\/\\\/telefilm.ca\\\/fr\\\/appel-inscription\\\/repertoire-des-canadiens-a-berlin-2024-berlinale-21e-marche-du-film-europeen-efm\"]}]},{\"@type\":\"BreadcrumbList\",\"@id\":\"https:\\\/\\\/telefilm.ca\\\/fr\\\/appel-inscription\\\/repertoire-des-canadiens-a-berlin-2024-berlinale-21e-marche-du-film-europeen-efm#breadcrumb\",\"itemListElement\":[{\"@type\":\"ListItem\",\"position\":1,\"name\":\"Accueil\",\"item\":\"https:\\\/\\\/telefilm.ca\\\/fr\"},{\"@type\":\"ListItem\",\"position\":2,\"name\":\"Calls for Entry\",\"item\":\"https:\\\/\\\/telefilm.ca\\\/fr\\\/appel-inscription\"},{\"@type\":\"ListItem\",\"position\":3,\"name\":\"R\u00e9pertoire des Canadiens \u00e0 Berlin 2024 | Berlinale &#038; March\u00e9 du film europ\u00e9en (EFM)\"}]},{\"@type\":\"WebSite\",\"@id\":\"https:\\\/\\\/telefilm.ca\\\/fr#website\",\"url\":\"https:\\\/\\\/telefilm.ca\\\/fr\",\"name\":\"T\u00e9l\u00e9film Canada\",\"description\":\"Partenaire de choix\",\"publisher\":{\"@id\":\"https:\\\/\\\/telefilm.ca\\\/fr#organization\"},\"potentialAction\":[{\"@type\":\"SearchAction\",\"target\":{\"@type\":\"EntryPoint\",\"urlTemplate\":\"https:\\\/\\\/telefilm.ca\\\/fr?s={search_term_string}\"},\"query-input\":{\"@type\":\"PropertyValueSpecification\",\"valueRequired\":true,\"valueName\":\"search_term_string\"}}],\"inLanguage\":\"fr-CA\"},{\"@type\":\"Organization\",\"@id\":\"https:\\\/\\\/telefilm.ca\\\/fr#organization\",\"name\":\"Telefilm Canada\",\"url\":\"https:\\\/\\\/telefilm.ca\\\/fr\",\"logo\":{\"@type\":\"ImageObject\",\"inLanguage\":\"fr-CA\",\"@id\":\"https:\\\/\\\/telefilm.ca\\\/fr#\\\/schema\\\/logo\\\/image\\\/\",\"url\":\"https:\\\/\\\/telefilm.ca\\\/wp-content\\\/uploads\\\/2026\\\/05\\\/cropped-tfc_favicon_512.png\",\"contentUrl\":\"https:\\\/\\\/telefilm.ca\\\/wp-content\\\/uploads\\\/2026\\\/05\\\/cropped-tfc_favicon_512.png\",\"width\":512,\"height\":512,\"caption\":\"Telefilm Canada\"},\"image\":{\"@id\":\"https:\\\/\\\/telefilm.ca\\\/fr#\\\/schema\\\/logo\\\/image\\\/\"},\"sameAs\":[\"https:\\\/\\\/www.facebook.com\\\/TelefilmCanada\\\/\",\"https:\\\/\\\/x.com\\\/Telefilm_Canada\",\"https:\\\/\\\/www.instagram.com\\\/telefilm_canada\\\/\",\"https:\\\/\\\/www.linkedin.com\\\/company\\\/telefilm-canada\\\/\",\"https:\\\/\\\/www.youtube.com\\\/user\\\/telefilmcanada\"]}]}<\/script>\n<!-- \/ Yoast SEO plugin. -->","yoast_head_json":{"title":"R\u00e9pertoire des Canadiens \u00e0 Berlin 2024 | Berlinale & March\u00e9 du film europ\u00e9en (EFM) | T\u00e9l\u00e9film Canada","robots":{"index":"index","follow":"follow","max-snippet":"max-snippet:-1","max-image-preview":"max-image-preview:large","max-video-preview":"max-video-preview:-1"},"canonical":"https:\/\/telefilm.ca\/fr\/appel-inscription\/repertoire-des-canadiens-a-berlin-2024-berlinale-21e-marche-du-film-europeen-efm","og_locale":"fr_CA","og_type":"article","og_title":"R\u00e9pertoire des Canadiens \u00e0 Berlin 2024 | Berlinale & March\u00e9 du film europ\u00e9en (EFM) | T\u00e9l\u00e9film Canada","og_description":"INSCRIPTIONS OUVERTES (Professionnels canadiens de l&#8217;industrie)\u00a0 Les professionnels canadiens de l&#8217;industrie qui participent \u00e0 l&#8217;European Film Market (EFM) et \u00e0 la Berlinale 2024 peuvent maintenant s&#8217;inscrire au R\u00e9pertoire des Canadiens \u00e0 Berlin 2024. En vous inscrivant, vous ferez partie de notre campagne promotionnelle CANADA \u00c0 BERLIN 2024 et serez invit\u00e9s aux activit\u00e9s de r\u00e9seautage canadiennes [&hellip;]","og_url":"https:\/\/telefilm.ca\/fr\/appel-inscription\/repertoire-des-canadiens-a-berlin-2024-berlinale-21e-marche-du-film-europeen-efm","og_site_name":"T\u00e9l\u00e9film Canada","article_publisher":"https:\/\/www.facebook.com\/TelefilmCanada\/","article_modified_time":"2023-11-22T14:28:24+00:00","og_image":[{"width":1200,"height":675,"url":"https:\/\/telefilm.ca\/wp-content\/uploads\/2026\/08\/og-image-t-1200x675-1.png","type":"image\/png"}],"twitter_card":"summary_large_image","twitter_site":"@Telefilm_Canada","twitter_misc":{"Estimation du temps de lecture":"1 minute"},"schema":{"@context":"https:\/\/schema.org","@graph":[{"@type":"WebPage","@id":"https:\/\/telefilm.ca\/fr\/appel-inscription\/repertoire-des-canadiens-a-berlin-2024-berlinale-21e-marche-du-film-europeen-efm","url":"https:\/\/telefilm.ca\/fr\/appel-inscription\/repertoire-des-canadiens-a-berlin-2024-berlinale-21e-marche-du-film-europeen-efm","name":"R\u00e9pertoire des Canadiens \u00e0 Berlin 2024 | Berlinale & March\u00e9 du film europ\u00e9en (EFM) | T\u00e9l\u00e9film Canada","isPartOf":{"@id":"https:\/\/telefilm.ca\/fr#website"},"datePublished":"2023-11-17T15:38:37+00:00","dateModified":"2023-11-22T14:28:24+00:00","breadcrumb":{"@id":"https:\/\/telefilm.ca\/fr\/appel-inscription\/repertoire-des-canadiens-a-berlin-2024-berlinale-21e-marche-du-film-europeen-efm#breadcrumb"},"inLanguage":"fr-CA","potentialAction":[{"@type":"ReadAction","target":["https:\/\/telefilm.ca\/fr\/appel-inscription\/repertoire-des-canadiens-a-berlin-2024-berlinale-21e-marche-du-film-europeen-efm"]}]},{"@type":"BreadcrumbList","@id":"https:\/\/telefilm.ca\/fr\/appel-inscription\/repertoire-des-canadiens-a-berlin-2024-berlinale-21e-marche-du-film-europeen-efm#breadcrumb","itemListElement":[{"@type":"ListItem","position":1,"name":"Accueil","item":"https:\/\/telefilm.ca\/fr"},{"@type":"ListItem","position":2,"name":"Calls for Entry","item":"https:\/\/telefilm.ca\/fr\/appel-inscription"},{"@type":"ListItem","position":3,"name":"R\u00e9pertoire des Canadiens \u00e0 Berlin 2024 | Berlinale &#038; March\u00e9 du film europ\u00e9en (EFM)"}]},{"@type":"WebSite","@id":"https:\/\/telefilm.ca\/fr#website","url":"https:\/\/telefilm.ca\/fr","name":"T\u00e9l\u00e9film Canada","description":"Partenaire de choix","publisher":{"@id":"https:\/\/telefilm.ca\/fr#organization"},"potentialAction":[{"@type":"SearchAction","target":{"@type":"EntryPoint","urlTemplate":"https:\/\/telefilm.ca\/fr?s={search_term_string}"},"query-input":{"@type":"PropertyValueSpecification","valueRequired":true,"valueName":"search_term_string"}}],"inLanguage":"fr-CA"},{"@type":"Organization","@id":"https:\/\/telefilm.ca\/fr#organization","name":"Telefilm Canada","url":"https:\/\/telefilm.ca\/fr","logo":{"@type":"ImageObject","inLanguage":"fr-CA","@id":"https:\/\/telefilm.ca\/fr#\/schema\/logo\/image\/","url":"https:\/\/telefilm.ca\/wp-content\/uploads\/2026\/05\/cropped-tfc_favicon_512.png","contentUrl":"https:\/\/telefilm.ca\/wp-content\/uploads\/2026\/05\/cropped-tfc_favicon_512.png","width":512,"height":512,"caption":"Telefilm Canada"},"image":{"@id":"https:\/\/telefilm.ca\/fr#\/schema\/logo\/image\/"},"sameAs":["https:\/\/www.facebook.com\/TelefilmCanada\/","https:\/\/x.com\/Telefilm_Canada","https:\/\/www.instagram.com\/telefilm_canada\/","https:\/\/www.linkedin.com\/company\/telefilm-canada\/","https:\/\/www.youtube.com\/user\/telefilmcanada"]}]}},"wpml_current_locale":"fr_CA","wpml_translations":[{"locale":"en_CA","id":144095,"post_title":"Directory of Canadians at Berlin 2024 | Berlinale & European Film Market (EFM)","href":"https:\/\/telefilm.ca\/en\/directory-of-canadians-at-berlin-2024-21st-berlinale-european-film-market-efm\/"}],"_links":{"self":[{"href":"https:\/\/telefilm.ca\/fr\/wp-json\/wp\/v2\/appel-inscription\/144098","targetHints":{"allow":["GET"]}}],"collection":[{"href":"https:\/\/telefilm.ca\/fr\/wp-json\/wp\/v2\/appel-inscription"}],"about":[{"href":"https:\/\/telefilm.ca\/fr\/wp-json\/wp\/v2\/types\/appel-inscription"}],"version-history":[{"count":5,"href":"https:\/\/telefilm.ca\/fr\/wp-json\/wp\/v2\/appel-inscription\/144098\/revisions"}],"predecessor-version":[{"id":144178,"href":"https:\/\/telefilm.ca\/fr\/wp-json\/wp\/v2\/appel-inscription\/144098\/revisions\/144178"}],"wp:attachment":[{"href":"https:\/\/telefilm.ca\/fr\/wp-json\/wp\/v2\/media?parent=144098"}],"wp:term":[{"taxonomy":"categorie_appel_inscription","embeddable":true,"href":"https:\/\/telefilm.ca\/fr\/wp-json\/wp\/v2\/categorie_appel_inscription?post=144098"}],"curies":[{"name":"wp","href":"https:\/\/api.w.org\/{rel}","templated":true}]}}