{"id":144538,"date":"2023-12-18T10:17:25","date_gmt":"2023-12-18T15:17:25","guid":{"rendered":"https:\/\/telefilm.ca\/?post_type=appel-inscription&#038;p=144538"},"modified":"2024-01-08T15:25:21","modified_gmt":"2024-01-08T20:25:21","slug":"23e-festival-international-du-film-fantastique-de-neuchatel","status":"publish","type":"appel-inscription","link":"https:\/\/telefilm.ca\/fr\/appel-inscription\/23e-festival-international-du-film-fantastique-de-neuchatel","title":{"rendered":"23e Festival international du film fantastique de Neuch\u00e2tel\u00a0\u00a0"},"content":{"rendered":"<div class=\"editor-content\">\n<h2 class=\"wp-block-heading\"><strong>APPEL D&#8217;INSCRIPTIONS<\/strong><\/h2>\n\n\n\n<p class=\"wp-block-paragraph\"><strong><em>(longs et courts m\u00e9trages, fantastiques, et films de genre)&nbsp;<\/em><\/strong><\/p>\n\n\n\n<p class=\"wp-block-paragraph\">Le<strong> <a href=\"https:\/\/nifff.ch\/\" target=\"_blank\" rel=\"noreferrer noopener\">Festival international du film fantastique de Neuch\u00e2tel<\/a><\/strong><a href=\"https:\/\/nifff.ch\/\" target=\"_blank\" rel=\"noreferrer noopener\"> <\/a>accepte pr\u00e9sentement les inscriptions pour son \u00e9dition 2024.&nbsp;<\/p>\n\n\n\n<h3 class=\"wp-block-heading\"><strong>D\u00c9TAILS<\/strong>&nbsp;<\/h3>\n\n\n\n<ul class=\"wp-block-list\">\n<li><strong>Comp\u00e9titif\u202f:<\/strong> Oui&nbsp;<\/li>\n\n\n\n<li><strong>Frais d\u2019inscription\u202f:<\/strong> Non<\/li>\n\n\n\n<li>Veuillez noter que tous les films doivent \u00eatre soumis <a href=\"https:\/\/vp.eventival.com\/nifff\/2024\" target=\"_blank\" rel=\"noreferrer noopener\"><strong>au festival via Eventival<\/strong><\/a><strong>.<\/strong><\/li>\n<\/ul>\n\n\n\n<h3 class=\"wp-block-heading\"><strong>CRIT\u00c8RES D\u2019ADMISSIBILIT\u00c9<\/strong>&nbsp;<\/h3>\n\n\n\n<ul class=\"wp-block-list\">\n<li>Veuillez consulter le<a href=\"https:\/\/www.frameline.org\/submit\" target=\"_blank\" rel=\"noreferrer noopener\"> <strong>site du festival<\/strong><\/a> pour les crit\u00e8res d\u2019admissibilit\u00e9.&nbsp;<\/li>\n<\/ul>\n\n\n\n<hr class=\"wp-block-separator has-alpha-channel-opacity\"\/>\n\n\n\n<div class=\"wp-block-buttons is-style-default act-button act-button--full-width is-layout-flex wp-block-buttons-is-layout-flex\">\n<div class=\"wp-block-button has-custom-width wp-block-button__width-100 is-style-with-icon\"><a class=\"wp-block-button__link wp-element-button\" href=\"https:\/\/vp.eventival.com\/nifff\/2024\" target=\"_blank\" rel=\"noreferrer noopener\">         <strong>SOUMETTRE ICI<\/strong><i aria-label=\"Bouton primaire pleine largeur avec ic\u00f4ne\" class=\"icon far fa-external-link-alt\" aria-hidden=\"true\"> <\/i>     <\/a><\/div>\n<\/div>\n\n\n\n<hr class=\"wp-block-separator has-alpha-channel-opacity\"\/>\n\n\n\n<h3 class=\"wp-block-heading\"><strong>\u00c0 PROPOS<\/strong>&nbsp;<\/h3>\n\n\n\n<p class=\"wp-block-paragraph\">Le Festival international du film fantastique de Neuch\u00e2tel a pour but de r\u00e9v\u00e9ler et de promouvoir des \u0153uvres cin\u00e9matographiques innovatrices sur les plans th\u00e9matiques et esth\u00e9tiques. Le NIFFF ambitionne d\u2019\u00eatre l\u2019ambassadeur de la production fantastique et asiatique en Suisse et d\u2019offrir \u00e0 la r\u00e9gion de Neuch\u00e2tel un \u00e9v\u00e9nement cin\u00e9matographique de niveau international.&nbsp;<\/p>\n\n\n\n<p class=\"wp-block-paragraph\">Le NIFFF propose une s\u00e9lection de plus de 160 films r\u00e9partis dans 3 sections comp\u00e9titives, 5 sections hors comp\u00e9tition et plusieurs \u00e9v\u00e9nements sp\u00e9ciaux.&nbsp;<\/p>\n\n\n\n<p class=\"wp-block-paragraph\">Les films <strong><em>Fronti\u00e8res<\/em><\/strong><strong> <\/strong>(G. \u00c9doin) et <strong><em>Until Branches Bend<\/em><\/strong> (S. Jarvis) ont \u00e9t\u00e9 pr\u00e9sent\u00e9s lors de l\u2019\u00e9dition 2023 du festival.&nbsp;<\/p>\n\n\n\n<p class=\"wp-block-paragraph\">T\u00e9l\u00e9film Canada reconna\u00eet la s\u00e9lection d\u2019un long m\u00e9trage au Festival pour une demande de soutien dans le cadre du <a href=\"https:\/\/telefilm.ca\/fr\/financement\/mise-en-marche-internationale\" target=\"_blank\" rel=\"noreferrer noopener\"><strong>Programme de promotion internationale<\/strong>.<\/a>&nbsp;&nbsp;<\/p>\n\n\n\n<p class=\"wp-block-paragraph\"><strong>Promotion et communications<\/strong>\u00a0<br>T\u00e9l\u00e9film Canada, Montr\u00e9al\u00a0<br><a href=\"mailto:DL-festivals@telefilm.ca\" target=\"_blank\" rel=\"noreferrer noopener\"><strong>DL-festivals@telefilm.ca<\/strong><\/a> \u00a0<br>1 800 567-0890<\/p>\n<\/div>","protected":false},"template":"","categorie_appel_inscription":[14,15],"class_list":["post-144538","appel-inscription","type-appel-inscription","status-publish","hentry","categorie_appel_inscription-festival-fr","categorie_appel_inscription-festival-court-metrages"],"acf":{"date_debut":"20240705","date_fin":"20240713","ville":"Neuch\u00e2tel","pays":"Suisse","edition":"","deadlines":[{"description":"Date limite","date":"20240419"}]},"yoast_head":"<!-- This site is optimized with the Yoast SEO plugin v28.4 - https:\/\/yoast.com\/product\/yoast-seo-wordpress\/ -->\n<title>23e Festival international du film fantastique de Neuch\u00e2tel\u00a0\u00a0 | T\u00e9l\u00e9film Canada<\/title>\n<meta name=\"robots\" content=\"index, follow, max-snippet:-1, max-image-preview:large, max-video-preview:-1\" \/>\n<link rel=\"canonical\" href=\"https:\/\/telefilm.ca\/fr\/appel-inscription\/23e-festival-international-du-film-fantastique-de-neuchatel\" \/>\n<meta property=\"og:locale\" content=\"fr_CA\" \/>\n<meta property=\"og:type\" content=\"article\" \/>\n<meta property=\"og:title\" content=\"23e Festival international du film fantastique de Neuch\u00e2tel\u00a0\u00a0 | T\u00e9l\u00e9film Canada\" \/>\n<meta property=\"og:description\" content=\"APPEL D&#8217;INSCRIPTIONS (longs et courts m\u00e9trages, fantastiques, et films de genre)&nbsp; Le Festival international du film fantastique de Neuch\u00e2tel accepte pr\u00e9sentement les inscriptions pour son \u00e9dition 2024.&nbsp; D\u00c9TAILS&nbsp; CRIT\u00c8RES D\u2019ADMISSIBILIT\u00c9&nbsp; \u00c0 PROPOS&nbsp; Le Festival international du film fantastique de Neuch\u00e2tel a pour but de r\u00e9v\u00e9ler et de promouvoir des \u0153uvres cin\u00e9matographiques innovatrices sur les plans [&hellip;]\" \/>\n<meta property=\"og:url\" content=\"https:\/\/telefilm.ca\/fr\/appel-inscription\/23e-festival-international-du-film-fantastique-de-neuchatel\" \/>\n<meta property=\"og:site_name\" content=\"T\u00e9l\u00e9film Canada\" \/>\n<meta property=\"article:publisher\" content=\"https:\/\/www.facebook.com\/TelefilmCanada\/\" \/>\n<meta property=\"article:modified_time\" content=\"2024-01-08T20:25:21+00:00\" \/>\n<meta property=\"og:image\" content=\"https:\/\/telefilm.ca\/wp-content\/uploads\/2026\/08\/og-image-t-1200x675-1.png\" \/>\n\t<meta property=\"og:image:width\" content=\"1200\" \/>\n\t<meta property=\"og:image:height\" content=\"675\" \/>\n\t<meta property=\"og:image:type\" content=\"image\/png\" \/>\n<meta name=\"twitter:card\" content=\"summary_large_image\" \/>\n<meta name=\"twitter:site\" content=\"@Telefilm_Canada\" \/>\n<meta name=\"twitter:label1\" content=\"Estimation du temps de lecture\" \/>\n\t<meta name=\"twitter:data1\" content=\"1 minute\" \/>\n<script type=\"application\/ld+json\" class=\"yoast-schema-graph\">{\"@context\":\"https:\\\/\\\/schema.org\",\"@graph\":[{\"@type\":\"WebPage\",\"@id\":\"https:\\\/\\\/telefilm.ca\\\/fr\\\/appel-inscription\\\/23e-festival-international-du-film-fantastique-de-neuchatel\",\"url\":\"https:\\\/\\\/telefilm.ca\\\/fr\\\/appel-inscription\\\/23e-festival-international-du-film-fantastique-de-neuchatel\",\"name\":\"23e Festival international du film fantastique de Neuch\u00e2tel\u00a0\u00a0 | T\u00e9l\u00e9film Canada\",\"isPartOf\":{\"@id\":\"https:\\\/\\\/telefilm.ca\\\/fr#website\"},\"datePublished\":\"2023-12-18T15:17:25+00:00\",\"dateModified\":\"2024-01-08T20:25:21+00:00\",\"breadcrumb\":{\"@id\":\"https:\\\/\\\/telefilm.ca\\\/fr\\\/appel-inscription\\\/23e-festival-international-du-film-fantastique-de-neuchatel#breadcrumb\"},\"inLanguage\":\"fr-CA\",\"potentialAction\":[{\"@type\":\"ReadAction\",\"target\":[\"https:\\\/\\\/telefilm.ca\\\/fr\\\/appel-inscription\\\/23e-festival-international-du-film-fantastique-de-neuchatel\"]}]},{\"@type\":\"BreadcrumbList\",\"@id\":\"https:\\\/\\\/telefilm.ca\\\/fr\\\/appel-inscription\\\/23e-festival-international-du-film-fantastique-de-neuchatel#breadcrumb\",\"itemListElement\":[{\"@type\":\"ListItem\",\"position\":1,\"name\":\"Accueil\",\"item\":\"https:\\\/\\\/telefilm.ca\\\/fr\"},{\"@type\":\"ListItem\",\"position\":2,\"name\":\"Calls for Entry\",\"item\":\"https:\\\/\\\/telefilm.ca\\\/fr\\\/appel-inscription\"},{\"@type\":\"ListItem\",\"position\":3,\"name\":\"23e Festival international du film fantastique de Neuch\u00e2tel\u00a0\u00a0\"}]},{\"@type\":\"WebSite\",\"@id\":\"https:\\\/\\\/telefilm.ca\\\/fr#website\",\"url\":\"https:\\\/\\\/telefilm.ca\\\/fr\",\"name\":\"T\u00e9l\u00e9film Canada\",\"description\":\"Partenaire de choix\",\"publisher\":{\"@id\":\"https:\\\/\\\/telefilm.ca\\\/fr#organization\"},\"potentialAction\":[{\"@type\":\"SearchAction\",\"target\":{\"@type\":\"EntryPoint\",\"urlTemplate\":\"https:\\\/\\\/telefilm.ca\\\/fr?s={search_term_string}\"},\"query-input\":{\"@type\":\"PropertyValueSpecification\",\"valueRequired\":true,\"valueName\":\"search_term_string\"}}],\"inLanguage\":\"fr-CA\"},{\"@type\":\"Organization\",\"@id\":\"https:\\\/\\\/telefilm.ca\\\/fr#organization\",\"name\":\"Telefilm Canada\",\"url\":\"https:\\\/\\\/telefilm.ca\\\/fr\",\"logo\":{\"@type\":\"ImageObject\",\"inLanguage\":\"fr-CA\",\"@id\":\"https:\\\/\\\/telefilm.ca\\\/fr#\\\/schema\\\/logo\\\/image\\\/\",\"url\":\"https:\\\/\\\/telefilm.ca\\\/wp-content\\\/uploads\\\/2026\\\/05\\\/cropped-tfc_favicon_512.png\",\"contentUrl\":\"https:\\\/\\\/telefilm.ca\\\/wp-content\\\/uploads\\\/2026\\\/05\\\/cropped-tfc_favicon_512.png\",\"width\":512,\"height\":512,\"caption\":\"Telefilm Canada\"},\"image\":{\"@id\":\"https:\\\/\\\/telefilm.ca\\\/fr#\\\/schema\\\/logo\\\/image\\\/\"},\"sameAs\":[\"https:\\\/\\\/www.facebook.com\\\/TelefilmCanada\\\/\",\"https:\\\/\\\/x.com\\\/Telefilm_Canada\",\"https:\\\/\\\/www.instagram.com\\\/telefilm_canada\\\/\",\"https:\\\/\\\/www.linkedin.com\\\/company\\\/telefilm-canada\\\/\",\"https:\\\/\\\/www.youtube.com\\\/user\\\/telefilmcanada\"]}]}<\/script>\n<!-- \/ Yoast SEO plugin. -->","yoast_head_json":{"title":"23e Festival international du film fantastique de Neuch\u00e2tel\u00a0\u00a0 | T\u00e9l\u00e9film Canada","robots":{"index":"index","follow":"follow","max-snippet":"max-snippet:-1","max-image-preview":"max-image-preview:large","max-video-preview":"max-video-preview:-1"},"canonical":"https:\/\/telefilm.ca\/fr\/appel-inscription\/23e-festival-international-du-film-fantastique-de-neuchatel","og_locale":"fr_CA","og_type":"article","og_title":"23e Festival international du film fantastique de Neuch\u00e2tel\u00a0\u00a0 | T\u00e9l\u00e9film Canada","og_description":"APPEL D&#8217;INSCRIPTIONS (longs et courts m\u00e9trages, fantastiques, et films de genre)&nbsp; Le Festival international du film fantastique de Neuch\u00e2tel accepte pr\u00e9sentement les inscriptions pour son \u00e9dition 2024.&nbsp; D\u00c9TAILS&nbsp; CRIT\u00c8RES D\u2019ADMISSIBILIT\u00c9&nbsp; \u00c0 PROPOS&nbsp; Le Festival international du film fantastique de Neuch\u00e2tel a pour but de r\u00e9v\u00e9ler et de promouvoir des \u0153uvres cin\u00e9matographiques innovatrices sur les plans [&hellip;]","og_url":"https:\/\/telefilm.ca\/fr\/appel-inscription\/23e-festival-international-du-film-fantastique-de-neuchatel","og_site_name":"T\u00e9l\u00e9film Canada","article_publisher":"https:\/\/www.facebook.com\/TelefilmCanada\/","article_modified_time":"2024-01-08T20:25:21+00:00","og_image":[{"width":1200,"height":675,"url":"https:\/\/telefilm.ca\/wp-content\/uploads\/2026\/08\/og-image-t-1200x675-1.png","type":"image\/png"}],"twitter_card":"summary_large_image","twitter_site":"@Telefilm_Canada","twitter_misc":{"Estimation du temps de lecture":"1 minute"},"schema":{"@context":"https:\/\/schema.org","@graph":[{"@type":"WebPage","@id":"https:\/\/telefilm.ca\/fr\/appel-inscription\/23e-festival-international-du-film-fantastique-de-neuchatel","url":"https:\/\/telefilm.ca\/fr\/appel-inscription\/23e-festival-international-du-film-fantastique-de-neuchatel","name":"23e Festival international du film fantastique de Neuch\u00e2tel\u00a0\u00a0 | T\u00e9l\u00e9film Canada","isPartOf":{"@id":"https:\/\/telefilm.ca\/fr#website"},"datePublished":"2023-12-18T15:17:25+00:00","dateModified":"2024-01-08T20:25:21+00:00","breadcrumb":{"@id":"https:\/\/telefilm.ca\/fr\/appel-inscription\/23e-festival-international-du-film-fantastique-de-neuchatel#breadcrumb"},"inLanguage":"fr-CA","potentialAction":[{"@type":"ReadAction","target":["https:\/\/telefilm.ca\/fr\/appel-inscription\/23e-festival-international-du-film-fantastique-de-neuchatel"]}]},{"@type":"BreadcrumbList","@id":"https:\/\/telefilm.ca\/fr\/appel-inscription\/23e-festival-international-du-film-fantastique-de-neuchatel#breadcrumb","itemListElement":[{"@type":"ListItem","position":1,"name":"Accueil","item":"https:\/\/telefilm.ca\/fr"},{"@type":"ListItem","position":2,"name":"Calls for Entry","item":"https:\/\/telefilm.ca\/fr\/appel-inscription"},{"@type":"ListItem","position":3,"name":"23e Festival international du film fantastique de Neuch\u00e2tel\u00a0\u00a0"}]},{"@type":"WebSite","@id":"https:\/\/telefilm.ca\/fr#website","url":"https:\/\/telefilm.ca\/fr","name":"T\u00e9l\u00e9film Canada","description":"Partenaire de choix","publisher":{"@id":"https:\/\/telefilm.ca\/fr#organization"},"potentialAction":[{"@type":"SearchAction","target":{"@type":"EntryPoint","urlTemplate":"https:\/\/telefilm.ca\/fr?s={search_term_string}"},"query-input":{"@type":"PropertyValueSpecification","valueRequired":true,"valueName":"search_term_string"}}],"inLanguage":"fr-CA"},{"@type":"Organization","@id":"https:\/\/telefilm.ca\/fr#organization","name":"Telefilm Canada","url":"https:\/\/telefilm.ca\/fr","logo":{"@type":"ImageObject","inLanguage":"fr-CA","@id":"https:\/\/telefilm.ca\/fr#\/schema\/logo\/image\/","url":"https:\/\/telefilm.ca\/wp-content\/uploads\/2026\/05\/cropped-tfc_favicon_512.png","contentUrl":"https:\/\/telefilm.ca\/wp-content\/uploads\/2026\/05\/cropped-tfc_favicon_512.png","width":512,"height":512,"caption":"Telefilm Canada"},"image":{"@id":"https:\/\/telefilm.ca\/fr#\/schema\/logo\/image\/"},"sameAs":["https:\/\/www.facebook.com\/TelefilmCanada\/","https:\/\/x.com\/Telefilm_Canada","https:\/\/www.instagram.com\/telefilm_canada\/","https:\/\/www.linkedin.com\/company\/telefilm-canada\/","https:\/\/www.youtube.com\/user\/telefilmcanada"]}]}},"wpml_current_locale":"fr_CA","wpml_translations":[{"locale":"en_CA","id":144534,"post_title":"23rd Neuch\u00e2tel International Fantastic Film Festival\u00a0","href":"https:\/\/telefilm.ca\/en\/23rd-neuchatel-international-fantastic-film-festival\/"}],"_links":{"self":[{"href":"https:\/\/telefilm.ca\/fr\/wp-json\/wp\/v2\/appel-inscription\/144538","targetHints":{"allow":["GET"]}}],"collection":[{"href":"https:\/\/telefilm.ca\/fr\/wp-json\/wp\/v2\/appel-inscription"}],"about":[{"href":"https:\/\/telefilm.ca\/fr\/wp-json\/wp\/v2\/types\/appel-inscription"}],"version-history":[{"count":3,"href":"https:\/\/telefilm.ca\/fr\/wp-json\/wp\/v2\/appel-inscription\/144538\/revisions"}],"predecessor-version":[{"id":144609,"href":"https:\/\/telefilm.ca\/fr\/wp-json\/wp\/v2\/appel-inscription\/144538\/revisions\/144609"}],"wp:attachment":[{"href":"https:\/\/telefilm.ca\/fr\/wp-json\/wp\/v2\/media?parent=144538"}],"wp:term":[{"taxonomy":"categorie_appel_inscription","embeddable":true,"href":"https:\/\/telefilm.ca\/fr\/wp-json\/wp\/v2\/categorie_appel_inscription?post=144538"}],"curies":[{"name":"wp","href":"https:\/\/api.w.org\/{rel}","templated":true}]}}