{"id":144852,"date":"2024-02-07T10:00:00","date_gmt":"2024-02-07T15:00:00","guid":{"rendered":"https:\/\/telefilm.ca\/?post_type=appel-inscription&#038;p=144852"},"modified":"2024-03-05T13:35:25","modified_gmt":"2024-03-05T18:35:25","slug":"cannes-2024-pavillon-du-canada-au-marche-du-film","status":"publish","type":"appel-inscription","link":"https:\/\/telefilm.ca\/fr\/appel-inscription\/cannes-2024-pavillon-du-canada-au-marche-du-film","title":{"rendered":"Cannes 2024 | Pavillon du Canada au March\u00e9 du Film"},"content":{"rendered":"<div class=\"editor-content\">\n<h1 class=\"wp-block-heading\" id=\"appel-dinscriptions\">APPEL D&#8217;INSCRIPTIONS<\/h1>\n\n\n\n<p class=\"wp-block-paragraph\">T\u00e9l\u00e9film Canada sollicite pr\u00e9sentement l&#8217;inscription de compagnies canadiennes pour le <a href=\"https:\/\/www.marchedufilm.com\/fr\/\" target=\"_blank\" rel=\"noreferrer noopener\"><strong>March\u00e9 du Film<\/strong><\/a> \u00e0 Cannes, qui aura lieu du 14 au 22 mai 2024 (sur place et en ligne).&nbsp;<\/p>\n\n\n\n<p class=\"wp-block-paragraph\"><strong>NOTE IMPORTANTE<\/strong>\u202f: <strong>Les agents de ventes ne peuvent pas exercer leurs activit\u00e9s de ventes sous les pavillons nationaux<\/strong>, vous \u00eates invit\u00e9s \u00e0 contacter le March\u00e9 du film directement pour conna\u00eetre les diff\u00e9rentes offres (kiosque, Package Croisette, accr\u00e9ditations march\u00e9, etc.). Par contre, nous vous invitons \u00e0 vous inscrire avec nous pour b\u00e9n\u00e9ficier de la campagne promotionnelle du Canada @ Cannes 2024, en plus d\u2019\u00eatre ajout\u00e9s \u00e0 nos listes d\u2019invitations.&nbsp;<\/p>\n\n\n\n<p class=\"wp-block-paragraph\">Sous l\u2019ombrelle du Pavillon du Canada, T\u00e9l\u00e9film Canada et ses partenaires offrent de nombreux services et des tarifs d\u2019inscription privil\u00e9gi\u00e9s. Situ\u00e9 au c\u0153ur du March\u00e9 du Film, le Pavillon du Canada offre des espaces de rencontres et une programmation con\u00e7ue pour promouvoir l\u2019industrie et le talent canadiens. Le Pavillon du Canada sera situ\u00e9 au Village international et offrira aux canadiens un espace de travail ouvert avec terrasse. Les places seront disponibles sur la base du premier arriv\u00e9, premier servi.&nbsp;<\/p>\n\n\n\n<h3 class=\"wp-block-heading\"><strong>CRIT\u00c8RES D\u2019ADMISSIBILIT\u00c9&nbsp;<\/strong><\/h3>\n\n\n\n<ul class=\"wp-block-list\">\n<li>Le requ\u00e9rant doit \u00eatre une entit\u00e9 sous contr\u00f4le canadien au sens de la\u202f<a href=\"https:\/\/laws-lois.justice.gc.ca\/fra\/lois\/i-21.8\/index.html\" rel=\"noreferrer noopener\" target=\"_blank\"><strong>Loi sur Investissement Canada<\/strong><\/a>;&nbsp;<\/li>\n\n\n\n<li>Les participants doivent \u00eatre employ\u00e9s par une entreprise priv\u00e9e au Canada;&nbsp;<\/li>\n\n\n\n<li>L\u2019activit\u00e9 principale des participants doit \u00eatre li\u00e9e \u00e0 l\u2019industrie du cin\u00e9ma, de la t\u00e9l\u00e9vision ou des nouveaux m\u00e9dias.&nbsp;<\/li>\n\n\n\n<li><strong>NOTE IMPORTANTE<\/strong>\u202f: <strong>Les agents de ventes ne peuvent pas exercer leurs activit\u00e9s de ventes sous les pavillons nationaux<\/strong>, vous \u00eates invit\u00e9s \u00e0 contacter le March\u00e9 du film directement pour conna\u00eetre les diff\u00e9rentes offres (kiosque, Package Croisette, accr\u00e9ditations march\u00e9, etc.). Par contre, nous vous invitons \u00e0 vous inscrire avec nous pour b\u00e9n\u00e9ficier de la campagne promotionnelle du Canada @ Cannes 2024, en plus d\u2019\u00eatre ajout\u00e9s \u00e0 nos listes d\u2019invitations.&nbsp;<\/li>\n<\/ul>\n\n\n\n<hr class=\"wp-block-separator has-alpha-channel-opacity\"\/>\n\n\n\n<div class=\"wp-block-buttons is-style-default act-button act-button--full-width is-layout-flex wp-block-buttons-is-layout-flex\">\n<div class=\"wp-block-button has-custom-width wp-block-button__width-100 is-style-with-icon\"><a class=\"wp-block-button__link wp-element-button\" href=\"https:\/\/telefilmbpm.appiancloud.com\/suite\/sites\/client\/page\/clientHome\/record\/lMBaiJ45Q3Cj0vo-S0MQD9tsQCCaT5lSZrGMryQvagN8IqfOS4Q6V8_YIjszNpF2_ciphFd5D8-EEQp-G5VEzy1fbUHq1QYr98bEcpDQlHFcGgjDw\/view\/summary\" target=\"_blank\" rel=\"noreferrer noopener\">         <strong><strong>INSCRIVEZ-VOUS ICI<\/strong>&nbsp;<\/strong><i aria-label=\"Bouton primaire pleine largeur avec ic\u00f4ne\" class=\"icon far fa-external-link-alt\"> <\/i>     <\/a><\/div>\n<\/div>\n\n\n\n<p class=\"wp-block-paragraph\">Dans le cadre d\u2019un accord sign\u00e9 entre la SODEC et T\u00e9l\u00e9film Canada, toute soci\u00e9t\u00e9 qu\u00e9b\u00e9coise inscrite officiellement au Pavillon du Canada pourra b\u00e9n\u00e9ficier des avantages de la programmation et des outils de promotion mis en place par la SODEC, et vice versa.&nbsp;<\/p>\n\n\n\n<hr class=\"wp-block-separator has-alpha-channel-opacity\"\/>\n\n\n\n<h3 class=\"wp-block-heading\"><strong>DESCRIPTION DES SERVICES OFFERTS&nbsp;<\/strong><\/h3>\n\n\n\n<ul class=\"wp-block-list\">\n<li><strong>Code promotionnel \u2013 accr\u00e9ditation<\/strong>\n<ul class=\"wp-block-list\">\n<li>Recevez un code promotionnel vous permettant d\u2019acc\u00e9der au <strong>tarif Ombrelle jusqu\u2019au 3 mai.<\/strong> Celui-ci est applicable \u00e0 l\u2019achat de votre accr\u00e9ditation au March\u00e9 du film (pr\u00e9sence physique \u2013 <strong>409\u20ac<\/strong>). Vous aurez besoin d\u2019un code par participant, veuillez-vous assurer de bien lister tous vos participants dans votre formulaire d\u2019inscription.&nbsp;&nbsp;<\/li>\n\n\n\n<li><strong>ATTENTION: aucun remboursement<\/strong> sera fait par le March\u00e9 du film si vous achetez votre accr\u00e9ditation sans appliquer vos codes.&nbsp;<\/li>\n<\/ul>\n<\/li>\n<\/ul>\n\n\n\n<ul class=\"wp-block-list\">\n<li><strong>Pavillon physique<\/strong>&nbsp;\n<ul class=\"wp-block-list\">\n<li>Espaces de rencontre;&nbsp;<\/li>\n\n\n\n<li>Comptoir d\u2019accueil avec service de r\u00e9ception et de transmission de messages;&nbsp;<\/li>\n\n\n\n<li>Acc\u00e8s \u00e0 Internet sans fil (disponible pour les accr\u00e9ditations march\u00e9 uniquement);&nbsp;<\/li>\n\n\n\n<li>Rafra\u00eechissements et collations (caf\u00e9, eau, jus, etc.) pour vous et votre client\u00e8le;&nbsp;<\/li>\n\n\n\n<li>Acc\u00e8s \u00e0 des informations sur la coproduction pendant le march\u00e9;&nbsp;<\/li>\n\n\n\n<li>Invitation \u00e0 participer \u00e0 des activit\u00e9s de r\u00e9seautage et\/ou de promotion;&nbsp;<\/li>\n\n\n\n<li>Profil de votre compagnie dans les outils de promotion du Pavillon du Canada (<a href=\"https:\/\/rdvcanada.ca\/fr\/\" rel=\"noreferrer noopener\" target=\"_blank\"><strong>RDVcanada.ca<\/strong><\/a>);&nbsp;<\/li>\n\n\n\n<li>Espace pour entreposer votre mat\u00e9riel pendant la journ\u00e9e;&nbsp;<\/li>\n\n\n\n<li>Dans un objectif de r\u00e9duire notre empreinte \u00e9cologique et pour des raisons sanitaires, les espaces de pr\u00e9sentoirs (papier) <strong>ne seront pas disponibles<\/strong> cette ann\u00e9e.&nbsp;<\/li>\n<\/ul>\n<\/li>\n<\/ul>\n\n\n\n<p class=\"wp-block-paragraph\">*Veuillez noter que le Pavillon du Canada <strong>peut \u00eatre ferm\u00e9 ou partiellement ferm\u00e9 aux dates et heures suivantes<\/strong>\u202f:&nbsp;<\/p>\n\n\n\n<ul class=\"wp-block-list\">\n<li>Le 16 mai 2024 avant 10h30&nbsp;<\/li>\n\n\n\n<li>Le 17 mai 2024 apr\u00e8s 16h00&nbsp;<\/li>\n\n\n\n<li>Le 18 mai 2024 avant 10h30&nbsp;<\/li>\n\n\n\n<li>Le 19 mai 2024 avant 10h30 et apr\u00e8s 16h30&nbsp;<\/li>\n\n\n\n<li>Le 20 mai 2024 avant 12h30&nbsp;<\/li>\n<\/ul>\n\n\n\n<hr class=\"wp-block-separator has-alpha-channel-opacity\"\/>\n\n\n\n<h3 class=\"wp-block-heading\"><strong>PROC\u00c9DURE D\u2019INSCRIPTION&nbsp;<\/strong><\/h3>\n\n\n\n<ul class=\"wp-block-list\">\n<li>Remplir le formulaire d\u2019inscription du Pavillon du Canada sur la plateforme avant le 4 avril 2024.&nbsp;<\/li>\n\n\n\n<li>Sur r\u00e9ception de votre formulaire, T\u00e9l\u00e9film vous fera parvenir un code promotionnel vous donnant acc\u00e8s au rabais ombrelle et nous vous demanderons de cr\u00e9er ou de mettre \u00e0 jour votre ou vos profils sur RDVCanada.ca (instructions \u00e0 suivre).&nbsp;<\/li>\n\n\n\n<li>Vous devrez ensuite vous inscrire aupr\u00e8s du March\u00e9 du film afin de payer et confirmer votre accr\u00e9ditation. Toutes les informations <a href=\"https:\/\/www.marchedufilm.com\/fr\/accreditation\/\" rel=\"noreferrer noopener\" target=\"_blank\"><strong>ici<\/strong><\/a>.&nbsp;&nbsp;<\/li>\n\n\n\n<li>Pour les compagnies de ventes, veuillez remplir le formulaire d\u2019inscription du Pavillon du Canada et nous vous enverrons les instructions pour mettre \u00e0 jour ou cr\u00e9er votre profil compagnie sur Rdvcanada.ca.&nbsp;<\/li>\n<\/ul>\n\n\n\n<hr class=\"wp-block-separator has-alpha-channel-opacity\"\/>\n\n\n\n<h3 class=\"wp-block-heading\"><strong>POLITIQUES D\u2019ANNULATION&nbsp;<\/strong><\/h3>\n\n\n\n<ul class=\"wp-block-list\">\n<li>Veuillez prendre note que la pand\u00e9mie de la COVID-19 (ou toute variante de celle-ci) pourrait avoir des cons\u00e9quences sur la tenue du Pavillon du Canada tel que pr\u00e9sent\u00e9 ici. Il vous est fortement recommand\u00e9 de respecter tout conseil ou avertissement aux voyageurs \u00e9mis par le gouvernement du Canada au moment du <a href=\"https:\/\/www.marchedufilm.com\/fr\/guide-marche\/practical-information\/\" rel=\"noreferrer noopener\" target=\"_blank\"><strong>March\u00e9 du Film<\/strong><\/a> (si disponible).&nbsp;<\/li>\n\n\n\n<li>Les politiques de remboursement ou d&#8217;annulation en lien avec l\u2019achat de votre accr\u00e9ditation rel\u00e8ve de votre contrat avec le March\u00e9 du Film et non T\u00e9l\u00e9film Canada. T\u00e9l\u00e9film Canada ne remboursera pas d\u2019accr\u00e9ditation.&nbsp;<\/li>\n<\/ul>\n\n\n\n<hr class=\"wp-block-separator has-alpha-channel-opacity\"\/>\n\n\n\n<h3 class=\"wp-block-heading\"><strong>DATES IMPORTANTES&nbsp;<\/strong><\/h3>\n\n\n\n<ul class=\"wp-block-list\">\n<li>Date limite d\u2019inscription au Pavillon du Canada\u202f: <strong>4 avril<\/strong>&nbsp;<\/li>\n\n\n\n<li>Date limite pour acheter votre accr\u00e9ditation avec votre code ombrelle Canada (409\u20ac)\u202f: <strong>3 mai<\/strong>&nbsp;<\/li>\n\n\n\n<li>Date limite d\u2019inscription au March\u00e9 du film avec le tarif EARLY BIRD (sans code promo, 429\u20ac)\u202f: <strong>1 f\u00e9vrier au 15 mars<\/strong>&nbsp;<\/li>\n\n\n\n<li>Date limite d\u2019inscription au March\u00e9 du film avec le tarif NORMAL (sans code promo, 499\u20ac)\u202f:<strong>&nbsp; 16 mars au 3 mai<\/strong>&nbsp;<\/li>\n\n\n\n<li>Date limite d\u2019inscription au March\u00e9 du film SUR PLACE (aucun code valide, 600\u20ac)\u202f: <strong>\u00e0 partir du 13 mai<\/strong>&nbsp;<\/li>\n\n\n\n<li>Ajout Producers Network (+ \u20ac 79): L\u2019inscription est r\u00e9serv\u00e9e aux producteurs dont l\u2019activit\u00e9 principale est la production et qui ont produit au cours des quatre derni\u00e8res ann\u00e9es au moins un long m\u00e9trage sorti commercialement dans une salle de cin\u00e9ma ou distribu\u00e9 commercialement sur des plateformes de streaming vid\u00e9o mondiales. Les projections lors de festivals ne seront pas accept\u00e9es comme distribution commerciale. Les professionnels doivent montrer leurs r\u00e9f\u00e9rences en tant que producteurs de films (et pas seulement leurs soci\u00e9t\u00e9s). Des documents officiels peuvent \u00eatre demand\u00e9s pour appuyer et finaliser la demande. Les places sont limit\u00e9es.&nbsp;<\/li>\n\n\n\n<li>March\u00e9 du film: <strong>14 au 22 mai<\/strong>&nbsp;<\/li>\n\n\n\n<li>Festival du Cannes: <strong>14 au 25 mai<\/strong>&nbsp;<\/li>\n<\/ul>\n\n\n\n<hr class=\"wp-block-separator has-alpha-channel-opacity\"\/>\n\n\n\n<h3 class=\"wp-block-heading\"><strong>RENSEIGNEMENTS<\/strong><\/h3>\n\n\n\n<p class=\"wp-block-paragraph\">Pour toutes questions li\u00e9es au processus d\u2019inscription, communiquez avec <strong><a href=\"mailto:mahnoor.masood@telefilm.ca\">Mahnoor Masood <\/a><\/strong>&#8211; Coordonatrice d\u2019\u00e9v\u00e9nement, Planification et programmation d\u2019\u00e9v\u00e9nement.<br>Pour de plus amples renseignements sur le pavillon du Canada au March\u00e9 du Film, veuillez communiquer avec <a href=\"mailto:ann-marie.picard@telefilm.ca\" target=\"_blank\" rel=\"noreferrer noopener\"><strong>Ann-Marie Picard<\/strong><\/a><strong> <\/strong>&#8211; Conseill\u00e8re, Planification et programmation d\u2019\u00e9v\u00e9nements.\u00a0<\/p>\n\n\n\n<p class=\"wp-block-paragraph\"><\/p>\n\n\n\n<p class=\"wp-block-paragraph\"><strong>Promotion et communications<\/strong>&nbsp;<br>T\u00e9l\u00e9film Canada, Montr\u00e9al&nbsp;<br><a href=\"mailto:DL-Festivals@telefilm.ca%C2%A0\" target=\"_blank\" rel=\"noreferrer noopener\"><strong>DL-Festivals@telefilm.ca&nbsp;<\/strong><\/a><br>1 800 567-0890&nbsp;<\/p>\n<\/div>","protected":false},"template":"","categorie_appel_inscription":[16],"class_list":["post-144852","appel-inscription","type-appel-inscription","status-publish","hentry","categorie_appel_inscription-marche"],"acf":{"date_debut":"20240514","date_fin":"20240522","ville":"Cannes","pays":"France","edition":"","deadlines":[{"description":"Date limite d'inscriptions","date":"20240404"}]},"yoast_head":"<!-- This site is optimized with the Yoast SEO plugin v28.4 - https:\/\/yoast.com\/product\/yoast-seo-wordpress\/ -->\n<title>Cannes 2024 | Pavillon du Canada au March\u00e9 du Film | T\u00e9l\u00e9film Canada<\/title>\n<meta name=\"robots\" content=\"index, follow, max-snippet:-1, max-image-preview:large, max-video-preview:-1\" \/>\n<link rel=\"canonical\" href=\"https:\/\/telefilm.ca\/fr\/appel-inscription\/cannes-2024-pavillon-du-canada-au-marche-du-film\" \/>\n<meta property=\"og:locale\" content=\"fr_CA\" \/>\n<meta property=\"og:type\" content=\"article\" \/>\n<meta property=\"og:title\" content=\"Cannes 2024 | Pavillon du Canada au March\u00e9 du Film | T\u00e9l\u00e9film Canada\" \/>\n<meta property=\"og:description\" content=\"APPEL D&#8217;INSCRIPTIONS T\u00e9l\u00e9film Canada sollicite pr\u00e9sentement l&#8217;inscription de compagnies canadiennes pour le March\u00e9 du Film \u00e0 Cannes, qui aura lieu du 14 au 22 mai 2024 (sur place et en ligne).&nbsp; NOTE IMPORTANTE\u202f: Les agents de ventes ne peuvent pas exercer leurs activit\u00e9s de ventes sous les pavillons nationaux, vous \u00eates invit\u00e9s \u00e0 contacter le [&hellip;]\" \/>\n<meta property=\"og:url\" content=\"https:\/\/telefilm.ca\/fr\/appel-inscription\/cannes-2024-pavillon-du-canada-au-marche-du-film\" \/>\n<meta property=\"og:site_name\" content=\"T\u00e9l\u00e9film Canada\" \/>\n<meta property=\"article:publisher\" content=\"https:\/\/www.facebook.com\/TelefilmCanada\/\" \/>\n<meta property=\"article:modified_time\" content=\"2024-03-05T18:35:25+00:00\" \/>\n<meta property=\"og:image\" content=\"https:\/\/telefilm.ca\/wp-content\/uploads\/2026\/08\/og-image-t-1200x675-1.png\" \/>\n\t<meta property=\"og:image:width\" content=\"1200\" \/>\n\t<meta property=\"og:image:height\" content=\"675\" \/>\n\t<meta property=\"og:image:type\" content=\"image\/png\" \/>\n<meta name=\"twitter:card\" content=\"summary_large_image\" \/>\n<meta name=\"twitter:site\" content=\"@Telefilm_Canada\" \/>\n<meta name=\"twitter:label1\" content=\"Estimation du temps de lecture\" \/>\n\t<meta name=\"twitter:data1\" content=\"6 minutes\" \/>\n<script type=\"application\/ld+json\" class=\"yoast-schema-graph\">{\"@context\":\"https:\\\/\\\/schema.org\",\"@graph\":[{\"@type\":\"WebPage\",\"@id\":\"https:\\\/\\\/telefilm.ca\\\/fr\\\/appel-inscription\\\/cannes-2024-pavillon-du-canada-au-marche-du-film\",\"url\":\"https:\\\/\\\/telefilm.ca\\\/fr\\\/appel-inscription\\\/cannes-2024-pavillon-du-canada-au-marche-du-film\",\"name\":\"Cannes 2024 | Pavillon du Canada au March\u00e9 du Film | T\u00e9l\u00e9film Canada\",\"isPartOf\":{\"@id\":\"https:\\\/\\\/telefilm.ca\\\/fr#website\"},\"datePublished\":\"2024-02-07T15:00:00+00:00\",\"dateModified\":\"2024-03-05T18:35:25+00:00\",\"breadcrumb\":{\"@id\":\"https:\\\/\\\/telefilm.ca\\\/fr\\\/appel-inscription\\\/cannes-2024-pavillon-du-canada-au-marche-du-film#breadcrumb\"},\"inLanguage\":\"fr-CA\",\"potentialAction\":[{\"@type\":\"ReadAction\",\"target\":[\"https:\\\/\\\/telefilm.ca\\\/fr\\\/appel-inscription\\\/cannes-2024-pavillon-du-canada-au-marche-du-film\"]}]},{\"@type\":\"BreadcrumbList\",\"@id\":\"https:\\\/\\\/telefilm.ca\\\/fr\\\/appel-inscription\\\/cannes-2024-pavillon-du-canada-au-marche-du-film#breadcrumb\",\"itemListElement\":[{\"@type\":\"ListItem\",\"position\":1,\"name\":\"Accueil\",\"item\":\"https:\\\/\\\/telefilm.ca\\\/fr\"},{\"@type\":\"ListItem\",\"position\":2,\"name\":\"Calls for Entry\",\"item\":\"https:\\\/\\\/telefilm.ca\\\/fr\\\/appel-inscription\"},{\"@type\":\"ListItem\",\"position\":3,\"name\":\"Cannes 2024 | Pavillon du Canada au March\u00e9 du Film\"}]},{\"@type\":\"WebSite\",\"@id\":\"https:\\\/\\\/telefilm.ca\\\/fr#website\",\"url\":\"https:\\\/\\\/telefilm.ca\\\/fr\",\"name\":\"T\u00e9l\u00e9film Canada\",\"description\":\"Partenaire de choix\",\"publisher\":{\"@id\":\"https:\\\/\\\/telefilm.ca\\\/fr#organization\"},\"potentialAction\":[{\"@type\":\"SearchAction\",\"target\":{\"@type\":\"EntryPoint\",\"urlTemplate\":\"https:\\\/\\\/telefilm.ca\\\/fr?s={search_term_string}\"},\"query-input\":{\"@type\":\"PropertyValueSpecification\",\"valueRequired\":true,\"valueName\":\"search_term_string\"}}],\"inLanguage\":\"fr-CA\"},{\"@type\":\"Organization\",\"@id\":\"https:\\\/\\\/telefilm.ca\\\/fr#organization\",\"name\":\"Telefilm Canada\",\"url\":\"https:\\\/\\\/telefilm.ca\\\/fr\",\"logo\":{\"@type\":\"ImageObject\",\"inLanguage\":\"fr-CA\",\"@id\":\"https:\\\/\\\/telefilm.ca\\\/fr#\\\/schema\\\/logo\\\/image\\\/\",\"url\":\"https:\\\/\\\/telefilm.ca\\\/wp-content\\\/uploads\\\/2026\\\/05\\\/cropped-tfc_favicon_512.png\",\"contentUrl\":\"https:\\\/\\\/telefilm.ca\\\/wp-content\\\/uploads\\\/2026\\\/05\\\/cropped-tfc_favicon_512.png\",\"width\":512,\"height\":512,\"caption\":\"Telefilm Canada\"},\"image\":{\"@id\":\"https:\\\/\\\/telefilm.ca\\\/fr#\\\/schema\\\/logo\\\/image\\\/\"},\"sameAs\":[\"https:\\\/\\\/www.facebook.com\\\/TelefilmCanada\\\/\",\"https:\\\/\\\/x.com\\\/Telefilm_Canada\",\"https:\\\/\\\/www.instagram.com\\\/telefilm_canada\\\/\",\"https:\\\/\\\/www.linkedin.com\\\/company\\\/telefilm-canada\\\/\",\"https:\\\/\\\/www.youtube.com\\\/user\\\/telefilmcanada\"]}]}<\/script>\n<!-- \/ Yoast SEO plugin. -->","yoast_head_json":{"title":"Cannes 2024 | Pavillon du Canada au March\u00e9 du Film | T\u00e9l\u00e9film Canada","robots":{"index":"index","follow":"follow","max-snippet":"max-snippet:-1","max-image-preview":"max-image-preview:large","max-video-preview":"max-video-preview:-1"},"canonical":"https:\/\/telefilm.ca\/fr\/appel-inscription\/cannes-2024-pavillon-du-canada-au-marche-du-film","og_locale":"fr_CA","og_type":"article","og_title":"Cannes 2024 | Pavillon du Canada au March\u00e9 du Film | T\u00e9l\u00e9film Canada","og_description":"APPEL D&#8217;INSCRIPTIONS T\u00e9l\u00e9film Canada sollicite pr\u00e9sentement l&#8217;inscription de compagnies canadiennes pour le March\u00e9 du Film \u00e0 Cannes, qui aura lieu du 14 au 22 mai 2024 (sur place et en ligne).&nbsp; NOTE IMPORTANTE\u202f: Les agents de ventes ne peuvent pas exercer leurs activit\u00e9s de ventes sous les pavillons nationaux, vous \u00eates invit\u00e9s \u00e0 contacter le [&hellip;]","og_url":"https:\/\/telefilm.ca\/fr\/appel-inscription\/cannes-2024-pavillon-du-canada-au-marche-du-film","og_site_name":"T\u00e9l\u00e9film Canada","article_publisher":"https:\/\/www.facebook.com\/TelefilmCanada\/","article_modified_time":"2024-03-05T18:35:25+00:00","og_image":[{"width":1200,"height":675,"url":"https:\/\/telefilm.ca\/wp-content\/uploads\/2026\/08\/og-image-t-1200x675-1.png","type":"image\/png"}],"twitter_card":"summary_large_image","twitter_site":"@Telefilm_Canada","twitter_misc":{"Estimation du temps de lecture":"6 minutes"},"schema":{"@context":"https:\/\/schema.org","@graph":[{"@type":"WebPage","@id":"https:\/\/telefilm.ca\/fr\/appel-inscription\/cannes-2024-pavillon-du-canada-au-marche-du-film","url":"https:\/\/telefilm.ca\/fr\/appel-inscription\/cannes-2024-pavillon-du-canada-au-marche-du-film","name":"Cannes 2024 | Pavillon du Canada au March\u00e9 du Film | T\u00e9l\u00e9film Canada","isPartOf":{"@id":"https:\/\/telefilm.ca\/fr#website"},"datePublished":"2024-02-07T15:00:00+00:00","dateModified":"2024-03-05T18:35:25+00:00","breadcrumb":{"@id":"https:\/\/telefilm.ca\/fr\/appel-inscription\/cannes-2024-pavillon-du-canada-au-marche-du-film#breadcrumb"},"inLanguage":"fr-CA","potentialAction":[{"@type":"ReadAction","target":["https:\/\/telefilm.ca\/fr\/appel-inscription\/cannes-2024-pavillon-du-canada-au-marche-du-film"]}]},{"@type":"BreadcrumbList","@id":"https:\/\/telefilm.ca\/fr\/appel-inscription\/cannes-2024-pavillon-du-canada-au-marche-du-film#breadcrumb","itemListElement":[{"@type":"ListItem","position":1,"name":"Accueil","item":"https:\/\/telefilm.ca\/fr"},{"@type":"ListItem","position":2,"name":"Calls for Entry","item":"https:\/\/telefilm.ca\/fr\/appel-inscription"},{"@type":"ListItem","position":3,"name":"Cannes 2024 | Pavillon du Canada au March\u00e9 du Film"}]},{"@type":"WebSite","@id":"https:\/\/telefilm.ca\/fr#website","url":"https:\/\/telefilm.ca\/fr","name":"T\u00e9l\u00e9film Canada","description":"Partenaire de choix","publisher":{"@id":"https:\/\/telefilm.ca\/fr#organization"},"potentialAction":[{"@type":"SearchAction","target":{"@type":"EntryPoint","urlTemplate":"https:\/\/telefilm.ca\/fr?s={search_term_string}"},"query-input":{"@type":"PropertyValueSpecification","valueRequired":true,"valueName":"search_term_string"}}],"inLanguage":"fr-CA"},{"@type":"Organization","@id":"https:\/\/telefilm.ca\/fr#organization","name":"Telefilm Canada","url":"https:\/\/telefilm.ca\/fr","logo":{"@type":"ImageObject","inLanguage":"fr-CA","@id":"https:\/\/telefilm.ca\/fr#\/schema\/logo\/image\/","url":"https:\/\/telefilm.ca\/wp-content\/uploads\/2026\/05\/cropped-tfc_favicon_512.png","contentUrl":"https:\/\/telefilm.ca\/wp-content\/uploads\/2026\/05\/cropped-tfc_favicon_512.png","width":512,"height":512,"caption":"Telefilm Canada"},"image":{"@id":"https:\/\/telefilm.ca\/fr#\/schema\/logo\/image\/"},"sameAs":["https:\/\/www.facebook.com\/TelefilmCanada\/","https:\/\/x.com\/Telefilm_Canada","https:\/\/www.instagram.com\/telefilm_canada\/","https:\/\/www.linkedin.com\/company\/telefilm-canada\/","https:\/\/www.youtube.com\/user\/telefilmcanada"]}]}},"wpml_current_locale":"fr_CA","wpml_translations":[{"locale":"en_CA","id":144849,"post_title":"Cannes 2024 | Canada Pavilion at the March\u00e9 du Film","href":"https:\/\/telefilm.ca\/en\/cannes-2024-canada-pavilion-at-the-marche-du-film\/"}],"_links":{"self":[{"href":"https:\/\/telefilm.ca\/fr\/wp-json\/wp\/v2\/appel-inscription\/144852","targetHints":{"allow":["GET"]}}],"collection":[{"href":"https:\/\/telefilm.ca\/fr\/wp-json\/wp\/v2\/appel-inscription"}],"about":[{"href":"https:\/\/telefilm.ca\/fr\/wp-json\/wp\/v2\/types\/appel-inscription"}],"version-history":[{"count":5,"href":"https:\/\/telefilm.ca\/fr\/wp-json\/wp\/v2\/appel-inscription\/144852\/revisions"}],"predecessor-version":[{"id":146150,"href":"https:\/\/telefilm.ca\/fr\/wp-json\/wp\/v2\/appel-inscription\/144852\/revisions\/146150"}],"wp:attachment":[{"href":"https:\/\/telefilm.ca\/fr\/wp-json\/wp\/v2\/media?parent=144852"}],"wp:term":[{"taxonomy":"categorie_appel_inscription","embeddable":true,"href":"https:\/\/telefilm.ca\/fr\/wp-json\/wp\/v2\/categorie_appel_inscription?post=144852"}],"curies":[{"name":"wp","href":"https:\/\/api.w.org\/{rel}","templated":true}]}}