{"id":146658,"date":"2024-04-12T16:28:29","date_gmt":"2024-04-12T20:28:29","guid":{"rendered":"https:\/\/telefilm.ca\/?post_type=appel-inscription&#038;p=146658"},"modified":"2024-06-10T10:20:47","modified_gmt":"2024-06-10T14:20:47","slug":"21e-venice-days-giornate-degli-autori","status":"publish","type":"appel-inscription","link":"https:\/\/telefilm.ca\/fr\/appel-inscription\/21e-venice-days-giornate-degli-autori","title":{"rendered":"21e Venice Days (Giornate degli Autori)\u00a0"},"content":{"rendered":"<div class=\"editor-content\">\n<h2 class=\"wp-block-heading\"><strong>APPEL D\u2019INSCRIPTIONS<\/strong>&nbsp;<\/h2>\n\n\n\n<p class=\"wp-block-paragraph\"><em>(Longs m\u00e9trages, fiction et documentaire)<\/em>&nbsp;<\/p>\n\n\n\n<p class=\"wp-block-paragraph\">Le <a href=\"https:\/\/www.giornatedegliautori.com\/\" target=\"_blank\" rel=\"noreferrer noopener\"><strong>21e Venice Days (Giornate degli Autori)<\/strong><\/a>  accepte pr\u00e9sentement les inscriptions pour son \u00e9dition 2024.\u00a0<\/p>\n\n\n\n<h3 class=\"wp-block-heading\"><strong>D\u00c9TAILS<\/strong>&nbsp;<\/h3>\n\n\n\n<ul class=\"wp-block-list\">\n<li><strong>Comp\u00e9titif\u202f: <\/strong>Oui\u00a0<\/li>\n\n\n\n<li><strong>Frais d\u2019inscription\u202f:<\/strong> Oui\u00a0<\/li>\n<\/ul>\n\n\n\n<h3 class=\"wp-block-heading\"><strong>CRIT\u00c8RES D\u2019ADMISSIBILIT\u00c9<\/strong>&nbsp;<\/h3>\n\n\n\n<ul class=\"wp-block-list\">\n<li>Veuillez<strong> <\/strong>consulter le <a href=\"https:\/\/www.giornatedegliautori.com\/en\/submissions\/\" target=\"_blank\" rel=\"noreferrer noopener\"><strong>site du festival<\/strong><\/a>.\u00a0<\/li>\n<\/ul>\n\n\n\n<hr class=\"wp-block-separator has-alpha-channel-opacity\"\/>\n\n\n\n<div class=\"wp-block-buttons is-style-default act-button act-button--full-width is-layout-flex wp-block-buttons-is-layout-flex\">\n<div class=\"wp-block-button has-custom-width wp-block-button__width-100 is-style-with-icon\"><a class=\"wp-block-button__link wp-element-button\" href=\"https:\/\/www.giornatedegliautori.com\/submission2024\/\" target=\"_blank\" rel=\"noreferrer noopener\"><br>        <strong>SOUMETTRE ICI<\/strong><i aria-label=\"Bouton primaire pleine largeur avec ic\u00f4ne\" class=\"icon far fa-external-link-alt\" aria-hidden=\"true\"> <\/i><br>    <\/a><\/div>\n<\/div>\n\n\n\n<hr class=\"wp-block-separator has-alpha-channel-opacity\"\/>\n\n\n\n<h3 class=\"wp-block-heading\"><strong>\u00c0 PROPOS<\/strong>&nbsp;<\/h3>\n\n\n\n<p class=\"wp-block-paragraph\">Venice Days (Giornate degli Autori) est n\u00e9 en 2004, en tant que section ind\u00e9pendante de la Mostra de Venise, sur le mod\u00e8le de la prestigieuse Quinzaine des r\u00e9alisateurs du Festival de Cannes, et promu par les associations de r\u00e9alisateurs et d&#8217;auteurs italiens (ANAC et 100autori).&nbsp;<\/p>\n\n\n\n<p class=\"wp-block-paragraph\">On y pr\u00e9sente 11 films en premi\u00e8res mondiales qui concourent pour les trois prix de la section, incluant un prix en argent de 20,000 euros, partag\u00e9 entre le cin\u00e9aste et le vendeur du film, pour promouvoir le film \u00e0 l\u2019international.&nbsp;<\/p>\n\n\n\n<p class=\"wp-block-paragraph\"><strong>Les premiers films<\/strong> sont \u00e9ligibles au Prix \u00ab\u202fLuigi De Laurentiis Award Lion of the Future\u202f\u00bb, accompagn\u00e9 d\u2019une remise de 100,000 dollars am\u00e9ricains.&nbsp;<\/p>\n\n\n\n<p class=\"wp-block-paragraph\">Les films canadiens ayant \u00e9t\u00e9 pr\u00e9sent\u00e9s en premi\u00e8re mondiale \u00e0 Venice Days\u202f: VAMPIRE HUMANISTE CHERCHE SUICIDAIRE CONSENTANT (2023); THE MAIDEN (2022), ST-NARCISSE (2020), EMMA PETERS (2018), VILLE NEUVE (2018), EARLY WINTER (2015), GERONTOPHILIA (2013), SIDDHARTH (2013), STORIES WE TELL (2012), CAF\u00c9 DE FLORE (2011), INCENDIES (2010), C.R.A.Z.Y (2005), R\u00caVES DE POUSSI\u00c8RE and CONTINENTAL, UN FILM SANS FUSIL (2007).&nbsp;<\/p>\n\n\n\n<p class=\"wp-block-paragraph\">T\u00e9l\u00e9film Canada reconna\u00eet la s\u00e9lection d\u2019un long m\u00e9trage au Festival pour une demande de soutien dans le cadre du <a href=\"https:\/\/telefilm.ca\/fr\/financement\/mise-en-marche-internationale\" target=\"_blank\" rel=\"noreferrer noopener\"><strong>Programme de promotion internationale<\/strong>.<\/a>\u00a0\u00a0<\/p>\n\n\n\n<p class=\"wp-block-paragraph\"><strong>Promotion et communications<\/strong>\u00a0<br>T\u00e9l\u00e9film Canada, Montr\u00e9al\u00a0<br><strong><a href=\"mailto:DL-festivals@telefilm.ca\" target=\"_blank\" rel=\"noreferrer noopener\">DL-festivals@telefilm.ca<\/a> \u00a0<\/strong><br>1 800 567-0890\u00a0<\/p>\n<\/div>","protected":false},"template":"","categorie_appel_inscription":[14],"class_list":["post-146658","appel-inscription","type-appel-inscription","status-publish","hentry","categorie_appel_inscription-festival-fr"],"acf":{"date_debut":"20240828","date_fin":"20240907","ville":"Venise","pays":"Italie","edition":"","deadlines":[{"description":"Date limite d\u2019inscription\u202f","date":"20240613"}]},"yoast_head":"<!-- This site is optimized with the Yoast SEO plugin v28.4 - https:\/\/yoast.com\/product\/yoast-seo-wordpress\/ -->\n<title>21e Venice Days (Giornate degli Autori)\u00a0 | T\u00e9l\u00e9film Canada<\/title>\n<meta name=\"robots\" content=\"index, follow, max-snippet:-1, max-image-preview:large, max-video-preview:-1\" \/>\n<link rel=\"canonical\" href=\"https:\/\/telefilm.ca\/fr\/appel-inscription\/21e-venice-days-giornate-degli-autori\" \/>\n<meta property=\"og:locale\" content=\"fr_CA\" \/>\n<meta property=\"og:type\" content=\"article\" \/>\n<meta property=\"og:title\" content=\"21e Venice Days (Giornate degli Autori)\u00a0 | T\u00e9l\u00e9film Canada\" \/>\n<meta property=\"og:description\" content=\"APPEL D\u2019INSCRIPTIONS&nbsp; (Longs m\u00e9trages, fiction et documentaire)&nbsp; Le 21e Venice Days (Giornate degli Autori) accepte pr\u00e9sentement les inscriptions pour son \u00e9dition 2024.\u00a0 D\u00c9TAILS&nbsp; CRIT\u00c8RES D\u2019ADMISSIBILIT\u00c9&nbsp; \u00c0 PROPOS&nbsp; Venice Days (Giornate degli Autori) est n\u00e9 en 2004, en tant que section ind\u00e9pendante de la Mostra de Venise, sur le mod\u00e8le de la prestigieuse Quinzaine des r\u00e9alisateurs [&hellip;]\" \/>\n<meta property=\"og:url\" content=\"https:\/\/telefilm.ca\/fr\/appel-inscription\/21e-venice-days-giornate-degli-autori\" \/>\n<meta property=\"og:site_name\" content=\"T\u00e9l\u00e9film Canada\" \/>\n<meta property=\"article:publisher\" content=\"https:\/\/www.facebook.com\/TelefilmCanada\/\" \/>\n<meta property=\"article:modified_time\" content=\"2024-06-10T14:20:47+00:00\" \/>\n<meta property=\"og:image\" content=\"https:\/\/telefilm.ca\/wp-content\/uploads\/2026\/08\/og-image-t-1200x675-1.png\" \/>\n\t<meta property=\"og:image:width\" content=\"1200\" \/>\n\t<meta property=\"og:image:height\" content=\"675\" \/>\n\t<meta property=\"og:image:type\" content=\"image\/png\" \/>\n<meta name=\"twitter:card\" content=\"summary_large_image\" \/>\n<meta name=\"twitter:site\" content=\"@Telefilm_Canada\" \/>\n<meta name=\"twitter:label1\" content=\"Estimation du temps de lecture\" \/>\n\t<meta name=\"twitter:data1\" content=\"2 minutes\" \/>\n<script type=\"application\/ld+json\" class=\"yoast-schema-graph\">{\"@context\":\"https:\\\/\\\/schema.org\",\"@graph\":[{\"@type\":\"WebPage\",\"@id\":\"https:\\\/\\\/telefilm.ca\\\/fr\\\/appel-inscription\\\/21e-venice-days-giornate-degli-autori\",\"url\":\"https:\\\/\\\/telefilm.ca\\\/fr\\\/appel-inscription\\\/21e-venice-days-giornate-degli-autori\",\"name\":\"21e Venice Days (Giornate degli Autori)\u00a0 | T\u00e9l\u00e9film Canada\",\"isPartOf\":{\"@id\":\"https:\\\/\\\/telefilm.ca\\\/fr#website\"},\"datePublished\":\"2024-04-12T20:28:29+00:00\",\"dateModified\":\"2024-06-10T14:20:47+00:00\",\"breadcrumb\":{\"@id\":\"https:\\\/\\\/telefilm.ca\\\/fr\\\/appel-inscription\\\/21e-venice-days-giornate-degli-autori#breadcrumb\"},\"inLanguage\":\"fr-CA\",\"potentialAction\":[{\"@type\":\"ReadAction\",\"target\":[\"https:\\\/\\\/telefilm.ca\\\/fr\\\/appel-inscription\\\/21e-venice-days-giornate-degli-autori\"]}]},{\"@type\":\"BreadcrumbList\",\"@id\":\"https:\\\/\\\/telefilm.ca\\\/fr\\\/appel-inscription\\\/21e-venice-days-giornate-degli-autori#breadcrumb\",\"itemListElement\":[{\"@type\":\"ListItem\",\"position\":1,\"name\":\"Accueil\",\"item\":\"https:\\\/\\\/telefilm.ca\\\/fr\"},{\"@type\":\"ListItem\",\"position\":2,\"name\":\"Calls for Entry\",\"item\":\"https:\\\/\\\/telefilm.ca\\\/fr\\\/appel-inscription\"},{\"@type\":\"ListItem\",\"position\":3,\"name\":\"21e Venice Days (Giornate degli Autori)\u00a0\"}]},{\"@type\":\"WebSite\",\"@id\":\"https:\\\/\\\/telefilm.ca\\\/fr#website\",\"url\":\"https:\\\/\\\/telefilm.ca\\\/fr\",\"name\":\"T\u00e9l\u00e9film Canada\",\"description\":\"Partenaire de choix\",\"publisher\":{\"@id\":\"https:\\\/\\\/telefilm.ca\\\/fr#organization\"},\"potentialAction\":[{\"@type\":\"SearchAction\",\"target\":{\"@type\":\"EntryPoint\",\"urlTemplate\":\"https:\\\/\\\/telefilm.ca\\\/fr?s={search_term_string}\"},\"query-input\":{\"@type\":\"PropertyValueSpecification\",\"valueRequired\":true,\"valueName\":\"search_term_string\"}}],\"inLanguage\":\"fr-CA\"},{\"@type\":\"Organization\",\"@id\":\"https:\\\/\\\/telefilm.ca\\\/fr#organization\",\"name\":\"Telefilm Canada\",\"url\":\"https:\\\/\\\/telefilm.ca\\\/fr\",\"logo\":{\"@type\":\"ImageObject\",\"inLanguage\":\"fr-CA\",\"@id\":\"https:\\\/\\\/telefilm.ca\\\/fr#\\\/schema\\\/logo\\\/image\\\/\",\"url\":\"https:\\\/\\\/telefilm.ca\\\/wp-content\\\/uploads\\\/2026\\\/05\\\/cropped-tfc_favicon_512.png\",\"contentUrl\":\"https:\\\/\\\/telefilm.ca\\\/wp-content\\\/uploads\\\/2026\\\/05\\\/cropped-tfc_favicon_512.png\",\"width\":512,\"height\":512,\"caption\":\"Telefilm Canada\"},\"image\":{\"@id\":\"https:\\\/\\\/telefilm.ca\\\/fr#\\\/schema\\\/logo\\\/image\\\/\"},\"sameAs\":[\"https:\\\/\\\/www.facebook.com\\\/TelefilmCanada\\\/\",\"https:\\\/\\\/x.com\\\/Telefilm_Canada\",\"https:\\\/\\\/www.instagram.com\\\/telefilm_canada\\\/\",\"https:\\\/\\\/www.linkedin.com\\\/company\\\/telefilm-canada\\\/\",\"https:\\\/\\\/www.youtube.com\\\/user\\\/telefilmcanada\"]}]}<\/script>\n<!-- \/ Yoast SEO plugin. -->","yoast_head_json":{"title":"21e Venice Days (Giornate degli Autori)\u00a0 | T\u00e9l\u00e9film Canada","robots":{"index":"index","follow":"follow","max-snippet":"max-snippet:-1","max-image-preview":"max-image-preview:large","max-video-preview":"max-video-preview:-1"},"canonical":"https:\/\/telefilm.ca\/fr\/appel-inscription\/21e-venice-days-giornate-degli-autori","og_locale":"fr_CA","og_type":"article","og_title":"21e Venice Days (Giornate degli Autori)\u00a0 | T\u00e9l\u00e9film Canada","og_description":"APPEL D\u2019INSCRIPTIONS&nbsp; (Longs m\u00e9trages, fiction et documentaire)&nbsp; Le 21e Venice Days (Giornate degli Autori) accepte pr\u00e9sentement les inscriptions pour son \u00e9dition 2024.\u00a0 D\u00c9TAILS&nbsp; CRIT\u00c8RES D\u2019ADMISSIBILIT\u00c9&nbsp; \u00c0 PROPOS&nbsp; Venice Days (Giornate degli Autori) est n\u00e9 en 2004, en tant que section ind\u00e9pendante de la Mostra de Venise, sur le mod\u00e8le de la prestigieuse Quinzaine des r\u00e9alisateurs [&hellip;]","og_url":"https:\/\/telefilm.ca\/fr\/appel-inscription\/21e-venice-days-giornate-degli-autori","og_site_name":"T\u00e9l\u00e9film Canada","article_publisher":"https:\/\/www.facebook.com\/TelefilmCanada\/","article_modified_time":"2024-06-10T14:20:47+00:00","og_image":[{"width":1200,"height":675,"url":"https:\/\/telefilm.ca\/wp-content\/uploads\/2026\/08\/og-image-t-1200x675-1.png","type":"image\/png"}],"twitter_card":"summary_large_image","twitter_site":"@Telefilm_Canada","twitter_misc":{"Estimation du temps de lecture":"2 minutes"},"schema":{"@context":"https:\/\/schema.org","@graph":[{"@type":"WebPage","@id":"https:\/\/telefilm.ca\/fr\/appel-inscription\/21e-venice-days-giornate-degli-autori","url":"https:\/\/telefilm.ca\/fr\/appel-inscription\/21e-venice-days-giornate-degli-autori","name":"21e Venice Days (Giornate degli Autori)\u00a0 | T\u00e9l\u00e9film Canada","isPartOf":{"@id":"https:\/\/telefilm.ca\/fr#website"},"datePublished":"2024-04-12T20:28:29+00:00","dateModified":"2024-06-10T14:20:47+00:00","breadcrumb":{"@id":"https:\/\/telefilm.ca\/fr\/appel-inscription\/21e-venice-days-giornate-degli-autori#breadcrumb"},"inLanguage":"fr-CA","potentialAction":[{"@type":"ReadAction","target":["https:\/\/telefilm.ca\/fr\/appel-inscription\/21e-venice-days-giornate-degli-autori"]}]},{"@type":"BreadcrumbList","@id":"https:\/\/telefilm.ca\/fr\/appel-inscription\/21e-venice-days-giornate-degli-autori#breadcrumb","itemListElement":[{"@type":"ListItem","position":1,"name":"Accueil","item":"https:\/\/telefilm.ca\/fr"},{"@type":"ListItem","position":2,"name":"Calls for Entry","item":"https:\/\/telefilm.ca\/fr\/appel-inscription"},{"@type":"ListItem","position":3,"name":"21e Venice Days (Giornate degli Autori)\u00a0"}]},{"@type":"WebSite","@id":"https:\/\/telefilm.ca\/fr#website","url":"https:\/\/telefilm.ca\/fr","name":"T\u00e9l\u00e9film Canada","description":"Partenaire de choix","publisher":{"@id":"https:\/\/telefilm.ca\/fr#organization"},"potentialAction":[{"@type":"SearchAction","target":{"@type":"EntryPoint","urlTemplate":"https:\/\/telefilm.ca\/fr?s={search_term_string}"},"query-input":{"@type":"PropertyValueSpecification","valueRequired":true,"valueName":"search_term_string"}}],"inLanguage":"fr-CA"},{"@type":"Organization","@id":"https:\/\/telefilm.ca\/fr#organization","name":"Telefilm Canada","url":"https:\/\/telefilm.ca\/fr","logo":{"@type":"ImageObject","inLanguage":"fr-CA","@id":"https:\/\/telefilm.ca\/fr#\/schema\/logo\/image\/","url":"https:\/\/telefilm.ca\/wp-content\/uploads\/2026\/05\/cropped-tfc_favicon_512.png","contentUrl":"https:\/\/telefilm.ca\/wp-content\/uploads\/2026\/05\/cropped-tfc_favicon_512.png","width":512,"height":512,"caption":"Telefilm Canada"},"image":{"@id":"https:\/\/telefilm.ca\/fr#\/schema\/logo\/image\/"},"sameAs":["https:\/\/www.facebook.com\/TelefilmCanada\/","https:\/\/x.com\/Telefilm_Canada","https:\/\/www.instagram.com\/telefilm_canada\/","https:\/\/www.linkedin.com\/company\/telefilm-canada\/","https:\/\/www.youtube.com\/user\/telefilmcanada"]}]}},"wpml_current_locale":"fr_CA","wpml_translations":[{"locale":"en_CA","id":146656,"post_title":"21st Venice Days (Giornate degli Autori)\u00a0","href":"https:\/\/telefilm.ca\/en\/21st-venice-days-giornate-degli-autori\/"}],"_links":{"self":[{"href":"https:\/\/telefilm.ca\/fr\/wp-json\/wp\/v2\/appel-inscription\/146658","targetHints":{"allow":["GET"]}}],"collection":[{"href":"https:\/\/telefilm.ca\/fr\/wp-json\/wp\/v2\/appel-inscription"}],"about":[{"href":"https:\/\/telefilm.ca\/fr\/wp-json\/wp\/v2\/types\/appel-inscription"}],"version-history":[{"count":1,"href":"https:\/\/telefilm.ca\/fr\/wp-json\/wp\/v2\/appel-inscription\/146658\/revisions"}],"predecessor-version":[{"id":146659,"href":"https:\/\/telefilm.ca\/fr\/wp-json\/wp\/v2\/appel-inscription\/146658\/revisions\/146659"}],"wp:attachment":[{"href":"https:\/\/telefilm.ca\/fr\/wp-json\/wp\/v2\/media?parent=146658"}],"wp:term":[{"taxonomy":"categorie_appel_inscription","embeddable":true,"href":"https:\/\/telefilm.ca\/fr\/wp-json\/wp\/v2\/categorie_appel_inscription?post=146658"}],"curies":[{"name":"wp","href":"https:\/\/api.w.org\/{rel}","templated":true}]}}