{"id":146713,"date":"2024-04-15T15:22:10","date_gmt":"2024-04-15T19:22:10","guid":{"rendered":"https:\/\/telefilm.ca\/?post_type=appel-inscription&#038;p=146713"},"modified":"2024-04-15T15:22:11","modified_gmt":"2024-04-15T19:22:11","slug":"39e-festival-international-du-film-francophone-de-namur","status":"publish","type":"appel-inscription","link":"https:\/\/telefilm.ca\/fr\/appel-inscription\/39e-festival-international-du-film-francophone-de-namur","title":{"rendered":"39e Festival International du Film Francophone de Namur\u00a0"},"content":{"rendered":"<div class=\"editor-content\">\n<h2 class=\"wp-block-heading\"><strong>APPEL D\u2019INSCRIPTIONS<\/strong>&nbsp;<\/h2>\n\n\n\n<p class=\"wp-block-paragraph\"><em>(Longs et courts m\u00e9trages de fiction et d\u2019animation, en fran\u00e7ais)<\/em>&nbsp;<\/p>\n\n\n\n<p class=\"wp-block-paragraph\">Le\u202f<a href=\"https:\/\/www.fiff.be\/\" target=\"_blank\" rel=\"noreferrer noopener\"><strong>Festival International du Film Francophone de Namur<\/strong><\/a><strong>\u202f<\/strong>accepte pr\u00e9sentement les inscriptions pour son \u00e9dition 2023.&nbsp;<\/p>\n\n\n\n<h3 class=\"wp-block-heading\"><strong>D\u00c9TAILS<\/strong>&nbsp;<\/h3>\n\n\n\n<ul class=\"wp-block-list\">\n<li><strong>Comp\u00e9titif: <\/strong>Oui\u00a0<\/li>\n\n\n\n<li><strong>Frais d\u2019inscription:<\/strong> Oui\u00a0<\/li>\n\n\n\n<li>Veuillez noter que les films doivent \u00eatre soumis<strong> <\/strong><a href=\"https:\/\/www.fiff.be\/actualites\/inscrivez-votre-film-2024\" target=\"_blank\" rel=\"noreferrer noopener\"><strong>directement au festival.<\/strong><\/a>\u00a0<\/li>\n<\/ul>\n\n\n\n<h3 class=\"wp-block-heading\"><strong>CRIT\u00c8RES ADMISSIBILIT\u00c9<\/strong>&nbsp;<\/h3>\n\n\n\n<ul class=\"wp-block-list\">\n<li>Veuillez\u202f<a href=\"https:\/\/www.fiff.be\/actualites\/inscrivez-votre-film-2024\" target=\"_blank\" rel=\"noreferrer noopener\"><strong>consulter le site du festival<\/strong><\/a>\u202fpour les crit\u00e8res d\u2019admissibilit\u00e9.\u202f\u00a0\u00a0<\/li>\n<\/ul>\n\n\n\n<hr class=\"wp-block-separator has-alpha-channel-opacity\"\/>\n\n\n\n<div class=\"wp-block-buttons is-style-default act-button act-button--full-width is-layout-flex wp-block-buttons-is-layout-flex\">\n<div class=\"wp-block-button has-custom-width wp-block-button__width-100 is-style-with-icon\"><a class=\"wp-block-button__link wp-element-button\" href=\"https:\/\/www.fiff.be\/actualites\/inscrivez-votre-film-2024\" target=\"_blank\" rel=\"noreferrer noopener\"><br>        <strong>SOUMETTRE ICI<\/strong><i aria-label=\"Bouton primaire pleine largeur avec ic\u00f4ne\" class=\"icon far fa-external-link-alt\" aria-hidden=\"true\"> <\/i><br>    <\/a><\/div>\n<\/div>\n\n\n\n<hr class=\"wp-block-separator has-alpha-channel-opacity\"\/>\n\n\n\n<h3 class=\"wp-block-heading\"><strong>\u00c0 PROPOS<\/strong>&nbsp;<\/h3>\n\n\n\n<p class=\"wp-block-paragraph\">Depuis 1986, le\u202f<strong>Festival International du Film Francophone de Namur<\/strong>\u202fpr\u00e9sente et fait la promotion d\u2019\u0153uvres audiovisuelles francophones et tente, \u00e0 cette fin, de rassembler \u00e0 Namur des r\u00e9alisateurs, producteurs, sc\u00e9naristes, acteurs, distributeurs impliqu\u00e9s dans la cr\u00e9ation cin\u00e9matographique francophone. Il est un v\u00e9ritable lieu de r\u00e9flexion et de rendez-vous par le biais de colloques et de rencontres professionnelles.&nbsp;<\/p>\n\n\n\n<p class=\"wp-block-paragraph\">Le festival est reconnu par la F\u00e9d\u00e9ration internationale des associations de producteurs de films (FIAPF) et remet de <strong>nombreux prix<\/strong> pour le court m\u00e9trage (jusqu\u2019\u00e0 3\u202f000 Euros) et le long m\u00e9trage (jusqu\u2019\u00e0 15\u202f000 Euros).&nbsp;<\/p>\n\n\n\n<p class=\"wp-block-paragraph\">T\u00e9l\u00e9film Canada reconnait la participation \u00e0 ce festival et offre une aide financi\u00e8re via la <a href=\"https:\/\/telefilm.ca\/fr\/financement\/mise-en-marche-internationale\" target=\"_blank\" rel=\"noreferrer noopener\"><strong>Programme de promotion internationale<\/strong><\/a>.\u00a0<\/p>\n\n\n\n<p class=\"wp-block-paragraph\"><\/p>\n\n\n\n<p class=\"wp-block-paragraph\"><strong>Promotion et communications<\/strong>&nbsp;<br>T\u00e9l\u00e9film Canada, Montr\u00e9al&nbsp;<br><a href=\"mailto:dl-festivals@telefilm.ca\" target=\"_blank\" rel=\"noreferrer noopener\"><strong>dl-festivals@telefilm.ca<\/strong><\/a>&nbsp;<br>1 800 567-0890&nbsp;<\/p>\n<\/div>","protected":false},"template":"","categorie_appel_inscription":[14],"class_list":["post-146713","appel-inscription","type-appel-inscription","status-publish","hentry","categorie_appel_inscription-festival-fr"],"acf":{"date_debut":"20240927","date_fin":"20241004","ville":"Namur","pays":"Belgique","edition":"","deadlines":[{"description":"Date limite d\u2019inscription","date":"20240531"}]},"yoast_head":"<!-- This site is optimized with the Yoast SEO plugin v28.4 - https:\/\/yoast.com\/product\/yoast-seo-wordpress\/ -->\n<title>39e Festival International du Film Francophone de Namur\u00a0 | T\u00e9l\u00e9film Canada<\/title>\n<meta name=\"robots\" content=\"index, follow, max-snippet:-1, max-image-preview:large, max-video-preview:-1\" \/>\n<link rel=\"canonical\" href=\"https:\/\/telefilm.ca\/fr\/appel-inscription\/39e-festival-international-du-film-francophone-de-namur\" \/>\n<meta property=\"og:locale\" content=\"fr_CA\" \/>\n<meta property=\"og:type\" content=\"article\" \/>\n<meta property=\"og:title\" content=\"39e Festival International du Film Francophone de Namur\u00a0 | T\u00e9l\u00e9film Canada\" \/>\n<meta property=\"og:description\" content=\"APPEL D\u2019INSCRIPTIONS&nbsp; (Longs et courts m\u00e9trages de fiction et d\u2019animation, en fran\u00e7ais)&nbsp; Le\u202fFestival International du Film Francophone de Namur\u202faccepte pr\u00e9sentement les inscriptions pour son \u00e9dition 2023.&nbsp; D\u00c9TAILS&nbsp; CRIT\u00c8RES ADMISSIBILIT\u00c9&nbsp; \u00c0 PROPOS&nbsp; Depuis 1986, le\u202fFestival International du Film Francophone de Namur\u202fpr\u00e9sente et fait la promotion d\u2019\u0153uvres audiovisuelles francophones et tente, \u00e0 cette fin, de rassembler \u00e0 [&hellip;]\" \/>\n<meta property=\"og:url\" content=\"https:\/\/telefilm.ca\/fr\/appel-inscription\/39e-festival-international-du-film-francophone-de-namur\" \/>\n<meta property=\"og:site_name\" content=\"T\u00e9l\u00e9film Canada\" \/>\n<meta property=\"article:publisher\" content=\"https:\/\/www.facebook.com\/TelefilmCanada\/\" \/>\n<meta property=\"article:modified_time\" content=\"2024-04-15T19:22:11+00:00\" \/>\n<meta property=\"og:image\" content=\"https:\/\/telefilm.ca\/wp-content\/uploads\/2026\/08\/og-image-t-1200x675-1.png\" \/>\n\t<meta property=\"og:image:width\" content=\"1200\" \/>\n\t<meta property=\"og:image:height\" content=\"675\" \/>\n\t<meta property=\"og:image:type\" content=\"image\/png\" \/>\n<meta name=\"twitter:card\" content=\"summary_large_image\" \/>\n<meta name=\"twitter:site\" content=\"@Telefilm_Canada\" \/>\n<meta name=\"twitter:label1\" content=\"Estimation du temps de lecture\" \/>\n\t<meta name=\"twitter:data1\" content=\"1 minute\" \/>\n<script type=\"application\/ld+json\" class=\"yoast-schema-graph\">{\"@context\":\"https:\\\/\\\/schema.org\",\"@graph\":[{\"@type\":\"WebPage\",\"@id\":\"https:\\\/\\\/telefilm.ca\\\/fr\\\/appel-inscription\\\/39e-festival-international-du-film-francophone-de-namur\",\"url\":\"https:\\\/\\\/telefilm.ca\\\/fr\\\/appel-inscription\\\/39e-festival-international-du-film-francophone-de-namur\",\"name\":\"39e Festival International du Film Francophone de Namur\u00a0 | T\u00e9l\u00e9film Canada\",\"isPartOf\":{\"@id\":\"https:\\\/\\\/telefilm.ca\\\/fr#website\"},\"datePublished\":\"2024-04-15T19:22:10+00:00\",\"dateModified\":\"2024-04-15T19:22:11+00:00\",\"breadcrumb\":{\"@id\":\"https:\\\/\\\/telefilm.ca\\\/fr\\\/appel-inscription\\\/39e-festival-international-du-film-francophone-de-namur#breadcrumb\"},\"inLanguage\":\"fr-CA\",\"potentialAction\":[{\"@type\":\"ReadAction\",\"target\":[\"https:\\\/\\\/telefilm.ca\\\/fr\\\/appel-inscription\\\/39e-festival-international-du-film-francophone-de-namur\"]}]},{\"@type\":\"BreadcrumbList\",\"@id\":\"https:\\\/\\\/telefilm.ca\\\/fr\\\/appel-inscription\\\/39e-festival-international-du-film-francophone-de-namur#breadcrumb\",\"itemListElement\":[{\"@type\":\"ListItem\",\"position\":1,\"name\":\"Accueil\",\"item\":\"https:\\\/\\\/telefilm.ca\\\/fr\"},{\"@type\":\"ListItem\",\"position\":2,\"name\":\"Calls for Entry\",\"item\":\"https:\\\/\\\/telefilm.ca\\\/fr\\\/appel-inscription\"},{\"@type\":\"ListItem\",\"position\":3,\"name\":\"39e Festival International du Film Francophone de Namur\u00a0\"}]},{\"@type\":\"WebSite\",\"@id\":\"https:\\\/\\\/telefilm.ca\\\/fr#website\",\"url\":\"https:\\\/\\\/telefilm.ca\\\/fr\",\"name\":\"T\u00e9l\u00e9film Canada\",\"description\":\"Partenaire de choix\",\"publisher\":{\"@id\":\"https:\\\/\\\/telefilm.ca\\\/fr#organization\"},\"potentialAction\":[{\"@type\":\"SearchAction\",\"target\":{\"@type\":\"EntryPoint\",\"urlTemplate\":\"https:\\\/\\\/telefilm.ca\\\/fr?s={search_term_string}\"},\"query-input\":{\"@type\":\"PropertyValueSpecification\",\"valueRequired\":true,\"valueName\":\"search_term_string\"}}],\"inLanguage\":\"fr-CA\"},{\"@type\":\"Organization\",\"@id\":\"https:\\\/\\\/telefilm.ca\\\/fr#organization\",\"name\":\"Telefilm Canada\",\"url\":\"https:\\\/\\\/telefilm.ca\\\/fr\",\"logo\":{\"@type\":\"ImageObject\",\"inLanguage\":\"fr-CA\",\"@id\":\"https:\\\/\\\/telefilm.ca\\\/fr#\\\/schema\\\/logo\\\/image\\\/\",\"url\":\"https:\\\/\\\/telefilm.ca\\\/wp-content\\\/uploads\\\/2026\\\/05\\\/cropped-tfc_favicon_512.png\",\"contentUrl\":\"https:\\\/\\\/telefilm.ca\\\/wp-content\\\/uploads\\\/2026\\\/05\\\/cropped-tfc_favicon_512.png\",\"width\":512,\"height\":512,\"caption\":\"Telefilm Canada\"},\"image\":{\"@id\":\"https:\\\/\\\/telefilm.ca\\\/fr#\\\/schema\\\/logo\\\/image\\\/\"},\"sameAs\":[\"https:\\\/\\\/www.facebook.com\\\/TelefilmCanada\\\/\",\"https:\\\/\\\/x.com\\\/Telefilm_Canada\",\"https:\\\/\\\/www.instagram.com\\\/telefilm_canada\\\/\",\"https:\\\/\\\/www.linkedin.com\\\/company\\\/telefilm-canada\\\/\",\"https:\\\/\\\/www.youtube.com\\\/user\\\/telefilmcanada\"]}]}<\/script>\n<!-- \/ Yoast SEO plugin. -->","yoast_head_json":{"title":"39e Festival International du Film Francophone de Namur\u00a0 | T\u00e9l\u00e9film Canada","robots":{"index":"index","follow":"follow","max-snippet":"max-snippet:-1","max-image-preview":"max-image-preview:large","max-video-preview":"max-video-preview:-1"},"canonical":"https:\/\/telefilm.ca\/fr\/appel-inscription\/39e-festival-international-du-film-francophone-de-namur","og_locale":"fr_CA","og_type":"article","og_title":"39e Festival International du Film Francophone de Namur\u00a0 | T\u00e9l\u00e9film Canada","og_description":"APPEL D\u2019INSCRIPTIONS&nbsp; (Longs et courts m\u00e9trages de fiction et d\u2019animation, en fran\u00e7ais)&nbsp; Le\u202fFestival International du Film Francophone de Namur\u202faccepte pr\u00e9sentement les inscriptions pour son \u00e9dition 2023.&nbsp; D\u00c9TAILS&nbsp; CRIT\u00c8RES ADMISSIBILIT\u00c9&nbsp; \u00c0 PROPOS&nbsp; Depuis 1986, le\u202fFestival International du Film Francophone de Namur\u202fpr\u00e9sente et fait la promotion d\u2019\u0153uvres audiovisuelles francophones et tente, \u00e0 cette fin, de rassembler \u00e0 [&hellip;]","og_url":"https:\/\/telefilm.ca\/fr\/appel-inscription\/39e-festival-international-du-film-francophone-de-namur","og_site_name":"T\u00e9l\u00e9film Canada","article_publisher":"https:\/\/www.facebook.com\/TelefilmCanada\/","article_modified_time":"2024-04-15T19:22:11+00:00","og_image":[{"width":1200,"height":675,"url":"https:\/\/telefilm.ca\/wp-content\/uploads\/2026\/08\/og-image-t-1200x675-1.png","type":"image\/png"}],"twitter_card":"summary_large_image","twitter_site":"@Telefilm_Canada","twitter_misc":{"Estimation du temps de lecture":"1 minute"},"schema":{"@context":"https:\/\/schema.org","@graph":[{"@type":"WebPage","@id":"https:\/\/telefilm.ca\/fr\/appel-inscription\/39e-festival-international-du-film-francophone-de-namur","url":"https:\/\/telefilm.ca\/fr\/appel-inscription\/39e-festival-international-du-film-francophone-de-namur","name":"39e Festival International du Film Francophone de Namur\u00a0 | T\u00e9l\u00e9film Canada","isPartOf":{"@id":"https:\/\/telefilm.ca\/fr#website"},"datePublished":"2024-04-15T19:22:10+00:00","dateModified":"2024-04-15T19:22:11+00:00","breadcrumb":{"@id":"https:\/\/telefilm.ca\/fr\/appel-inscription\/39e-festival-international-du-film-francophone-de-namur#breadcrumb"},"inLanguage":"fr-CA","potentialAction":[{"@type":"ReadAction","target":["https:\/\/telefilm.ca\/fr\/appel-inscription\/39e-festival-international-du-film-francophone-de-namur"]}]},{"@type":"BreadcrumbList","@id":"https:\/\/telefilm.ca\/fr\/appel-inscription\/39e-festival-international-du-film-francophone-de-namur#breadcrumb","itemListElement":[{"@type":"ListItem","position":1,"name":"Accueil","item":"https:\/\/telefilm.ca\/fr"},{"@type":"ListItem","position":2,"name":"Calls for Entry","item":"https:\/\/telefilm.ca\/fr\/appel-inscription"},{"@type":"ListItem","position":3,"name":"39e Festival International du Film Francophone de Namur\u00a0"}]},{"@type":"WebSite","@id":"https:\/\/telefilm.ca\/fr#website","url":"https:\/\/telefilm.ca\/fr","name":"T\u00e9l\u00e9film Canada","description":"Partenaire de choix","publisher":{"@id":"https:\/\/telefilm.ca\/fr#organization"},"potentialAction":[{"@type":"SearchAction","target":{"@type":"EntryPoint","urlTemplate":"https:\/\/telefilm.ca\/fr?s={search_term_string}"},"query-input":{"@type":"PropertyValueSpecification","valueRequired":true,"valueName":"search_term_string"}}],"inLanguage":"fr-CA"},{"@type":"Organization","@id":"https:\/\/telefilm.ca\/fr#organization","name":"Telefilm Canada","url":"https:\/\/telefilm.ca\/fr","logo":{"@type":"ImageObject","inLanguage":"fr-CA","@id":"https:\/\/telefilm.ca\/fr#\/schema\/logo\/image\/","url":"https:\/\/telefilm.ca\/wp-content\/uploads\/2026\/05\/cropped-tfc_favicon_512.png","contentUrl":"https:\/\/telefilm.ca\/wp-content\/uploads\/2026\/05\/cropped-tfc_favicon_512.png","width":512,"height":512,"caption":"Telefilm Canada"},"image":{"@id":"https:\/\/telefilm.ca\/fr#\/schema\/logo\/image\/"},"sameAs":["https:\/\/www.facebook.com\/TelefilmCanada\/","https:\/\/x.com\/Telefilm_Canada","https:\/\/www.instagram.com\/telefilm_canada\/","https:\/\/www.linkedin.com\/company\/telefilm-canada\/","https:\/\/www.youtube.com\/user\/telefilmcanada"]}]}},"wpml_current_locale":"fr_CA","wpml_translations":[{"locale":"en_CA","id":146711,"post_title":"39th Festival International du Film Francophone de Namur\u00a0","href":"https:\/\/telefilm.ca\/en\/39th-festival-international-du-film-francophone-de-namur\/"}],"_links":{"self":[{"href":"https:\/\/telefilm.ca\/fr\/wp-json\/wp\/v2\/appel-inscription\/146713","targetHints":{"allow":["GET"]}}],"collection":[{"href":"https:\/\/telefilm.ca\/fr\/wp-json\/wp\/v2\/appel-inscription"}],"about":[{"href":"https:\/\/telefilm.ca\/fr\/wp-json\/wp\/v2\/types\/appel-inscription"}],"version-history":[{"count":1,"href":"https:\/\/telefilm.ca\/fr\/wp-json\/wp\/v2\/appel-inscription\/146713\/revisions"}],"predecessor-version":[{"id":146714,"href":"https:\/\/telefilm.ca\/fr\/wp-json\/wp\/v2\/appel-inscription\/146713\/revisions\/146714"}],"wp:attachment":[{"href":"https:\/\/telefilm.ca\/fr\/wp-json\/wp\/v2\/media?parent=146713"}],"wp:term":[{"taxonomy":"categorie_appel_inscription","embeddable":true,"href":"https:\/\/telefilm.ca\/fr\/wp-json\/wp\/v2\/categorie_appel_inscription?post=146713"}],"curies":[{"name":"wp","href":"https:\/\/api.w.org\/{rel}","templated":true}]}}