{"id":149897,"date":"2024-10-18T14:15:01","date_gmt":"2024-10-18T18:15:01","guid":{"rendered":"https:\/\/telefilm.ca\/?post_type=appel-inscription&#038;p=149897"},"modified":"2024-10-23T10:00:38","modified_gmt":"2024-10-23T14:00:38","slug":"busan-international-short-film-festival-2025","status":"publish","type":"appel-inscription","link":"https:\/\/telefilm.ca\/fr\/appel-inscription\/busan-international-short-film-festival-2025","title":{"rendered":"Busan International Short Film Festival 2025\u00a0"},"content":{"rendered":"<div class=\"editor-content\">\n<h2 class=\"wp-block-heading\"><strong>APPEL D\u2019INSCRIPTIONS<\/strong>&nbsp;<\/h2>\n\n\n\n<p class=\"wp-block-paragraph\"><em>(Courts m\u00e9trages, tous genres)&nbsp;<\/em><\/p>\n\n\n\n<p class=\"wp-block-paragraph\">Le <a href=\"https:\/\/www.bisff.org\/eng\" target=\"_blank\" rel=\"noreferrer noopener\"><strong>Busan International Short Film Festival<\/strong><\/a> accepte pr\u00e9sentement les inscriptions pour sa prochaine \u00e9dition.&nbsp;<\/p>\n\n\n\n<h3 class=\"wp-block-heading\"><strong>D\u00c9TAILS<\/strong>&nbsp;<\/h3>\n\n\n\n<ul class=\"wp-block-list\">\n<li><strong>Comp\u00e9titif\u202f:<\/strong> oui&nbsp;<\/li>\n\n\n\n<li><strong>Frais d\u2019inscription\u202f:<\/strong> oui&nbsp;<\/li>\n\n\n\n<li>Veuillez noter que les films doivent \u00eatre <strong>soumis directement au festival via <\/strong><a href=\"https:\/\/filmfreeway.com\/BISFF_submit\" target=\"_blank\" rel=\"noreferrer noopener\"><strong>FilmFreeway<\/strong><\/a><strong>, <\/strong><a href=\"https:\/\/festhome.com\/festivals#12\" target=\"_blank\" rel=\"noreferrer noopener\"><strong>Festhome<\/strong><\/a><strong> ou <\/strong><a href=\"https:\/\/www.shortfilmdepot.com\/en\/festival\/BISFF\" target=\"_blank\" rel=\"noreferrer noopener\"><strong>Short film depot<\/strong><\/a><strong>.<\/strong>\u00a0<\/li>\n<\/ul>\n\n\n\n<h3 class=\"wp-block-heading\"><strong>CRIT\u00c8RES D\u2019ADMISSIBILIT\u00c9<\/strong>&nbsp;<\/h3>\n\n\n\n<ul class=\"wp-block-list\">\n<li>Veuillez\u202f<a href=\"https:\/\/www.bisff.org\/eng\/page\/?pid=recruitment01\" target=\"_blank\" rel=\"noreferrer noopener\"><strong>consulter le site du festival<\/strong><\/a>\u202fpour les crit\u00e8res d\u2019admissibilit\u00e9.\u202f&nbsp;<\/li>\n<\/ul>\n\n\n\n<hr class=\"wp-block-separator has-alpha-channel-opacity\"\/>\n\n\n\n<div class=\"wp-block-buttons is-style-default act-button act-button--full-width is-layout-flex wp-block-buttons-is-layout-flex\">\n<div class=\"wp-block-button has-custom-width wp-block-button__width-100 is-style-with-icon\"><a class=\"wp-block-button__link wp-element-button\" href=\"https:\/\/filmfreeway.com\/BISFF_submit\"><strong style=\"font-family: inherit; font-size: 1rem; display: inline !important;\">SOUMETTRE ICI<\/strong><i aria-label=\"Bouton primaire pleine largeur avec ic\u00f4ne\" class=\"icon far fa-external-link-alt\" aria-hidden=\"true\"> <\/i><br><\/a><\/div>\n<\/div>\n\n\n\n<hr class=\"wp-block-separator has-alpha-channel-opacity\"\/>\n\n\n\n<h3 class=\"wp-block-heading\"><strong>\u00c0 PROPOS<\/strong>&nbsp;<\/h3>\n\n\n\n<p class=\"wp-block-paragraph\">Le BISFF s&#8217;est impos\u00e9 comme la &#8220;plaque tournante des courts m\u00e9trages en asie&#8221; en pr\u00e9sentant chaque ann\u00e9e de nouveaux courts m\u00e9trages exceptionnels du monde entier.&nbsp;&nbsp;<\/p>\n\n\n\n<p class=\"wp-block-paragraph\">Chaque ann\u00e9e, le festival remet plusieurs prix et bourses, dont un grand prix de 10\u202f000 00 KRW (7.200USD) pour le meilleur film, un prix d\u2019excellence de 5\u202f000\u202f000 KRW, un prix du jury et un prix du public.&nbsp;<\/p>\n\n\n\n<p class=\"wp-block-paragraph\">En 2024, Mothers &amp; Monsters (Edith Jorisch), EarthWorm (Phillip Barker, PARK Seungwoo) et Lou (Martine Asselin, Annick Daigneault) \u00e9taient les films canadiens en s\u00e9lection.&nbsp;&nbsp;<\/p>\n\n\n\n<p class=\"wp-block-paragraph\">Le BISFF est un festival qualificatif pour :&nbsp;&nbsp;<\/p>\n\n\n\n<ul class=\"wp-block-list\">\n<li>Academy Awards &#8211; Oscars\u00ae (Academy of Motion Pictures Arts &amp; Sciences)&nbsp;&nbsp;<\/li>\n<\/ul>\n\n\n\n<ul class=\"wp-block-list\">\n<li>Premios Goya (Academia de las Artes y las Ciencias Cinematogr\u00e1ficas de Espa\u00f1a)&nbsp;&nbsp;<\/li>\n<\/ul>\n\n\n\n<ul class=\"wp-block-list\">\n<li>Prix \u00c9crans Canadiens (Acad\u00e9mie Canadienne du Cin\u00e9ma et de la T\u00e9l\u00e9vision)&nbsp;&nbsp;<\/li>\n<\/ul>\n\n\n\n<ul class=\"wp-block-list\">\n<li>British Academy Film Awards &#8211; BAFTA (Acad\u00e9mie britannique des arts du cin\u00e9ma et de la t\u00e9l\u00e9vision)&nbsp;<\/li>\n<\/ul>\n\n\n\n<p class=\"wp-block-paragraph\"><strong>Promotion et communications<\/strong>&nbsp;<br>T\u00e9l\u00e9film Canada, Montr\u00e9al&nbsp;<br><a href=\"mailto:DL-festivals@telefilm.ca\" target=\"_blank\" rel=\"noreferrer noopener\"><strong>DL-festivals@telefilm.ca<\/strong><\/a><strong> <\/strong>&nbsp;<br>1 800 567-0890&nbsp;<\/p>\n<\/div>","protected":false},"template":"","categorie_appel_inscription":[15],"class_list":["post-149897","appel-inscription","type-appel-inscription","status-publish","hentry","categorie_appel_inscription-festival-court-metrages"],"acf":{"date_debut":"20250424","date_fin":"20250429","ville":"Busan","pays":" Cor\u00e9e du Sud","edition":"","deadlines":[{"description":"Date limite r\u00e9guli\u00e8re","date":"20241106"},{"description":"Date limite finale","date":"20250106"}]},"yoast_head":"<!-- This site is optimized with the Yoast SEO plugin v28.4 - https:\/\/yoast.com\/product\/yoast-seo-wordpress\/ -->\n<title>Busan International Short Film Festival 2025\u00a0 | T\u00e9l\u00e9film Canada<\/title>\n<meta name=\"robots\" content=\"index, follow, max-snippet:-1, max-image-preview:large, max-video-preview:-1\" \/>\n<link rel=\"canonical\" href=\"https:\/\/telefilm.ca\/fr\/appel-inscription\/busan-international-short-film-festival-2025\" \/>\n<meta property=\"og:locale\" content=\"fr_CA\" \/>\n<meta property=\"og:type\" content=\"article\" \/>\n<meta property=\"og:title\" content=\"Busan International Short Film Festival 2025\u00a0 | T\u00e9l\u00e9film Canada\" \/>\n<meta property=\"og:description\" content=\"APPEL D\u2019INSCRIPTIONS&nbsp; (Courts m\u00e9trages, tous genres)&nbsp; Le Busan International Short Film Festival accepte pr\u00e9sentement les inscriptions pour sa prochaine \u00e9dition.&nbsp; D\u00c9TAILS&nbsp; CRIT\u00c8RES D\u2019ADMISSIBILIT\u00c9&nbsp; \u00c0 PROPOS&nbsp; Le BISFF s&#8217;est impos\u00e9 comme la &#8220;plaque tournante des courts m\u00e9trages en asie&#8221; en pr\u00e9sentant chaque ann\u00e9e de nouveaux courts m\u00e9trages exceptionnels du monde entier.&nbsp;&nbsp; Chaque ann\u00e9e, le festival remet [&hellip;]\" \/>\n<meta property=\"og:url\" content=\"https:\/\/telefilm.ca\/fr\/appel-inscription\/busan-international-short-film-festival-2025\" \/>\n<meta property=\"og:site_name\" content=\"T\u00e9l\u00e9film Canada\" \/>\n<meta property=\"article:publisher\" content=\"https:\/\/www.facebook.com\/TelefilmCanada\/\" \/>\n<meta property=\"article:modified_time\" content=\"2024-10-23T14:00:38+00:00\" \/>\n<meta property=\"og:image\" content=\"https:\/\/telefilm.ca\/wp-content\/uploads\/2026\/08\/og-image-t-1200x675-1.png\" \/>\n\t<meta property=\"og:image:width\" content=\"1200\" \/>\n\t<meta property=\"og:image:height\" content=\"675\" \/>\n\t<meta property=\"og:image:type\" content=\"image\/png\" \/>\n<meta name=\"twitter:card\" content=\"summary_large_image\" \/>\n<meta name=\"twitter:site\" content=\"@Telefilm_Canada\" \/>\n<meta name=\"twitter:label1\" content=\"Estimation du temps de lecture\" \/>\n\t<meta name=\"twitter:data1\" content=\"2 minutes\" \/>\n<script type=\"application\/ld+json\" class=\"yoast-schema-graph\">{\"@context\":\"https:\\\/\\\/schema.org\",\"@graph\":[{\"@type\":\"WebPage\",\"@id\":\"https:\\\/\\\/telefilm.ca\\\/fr\\\/appel-inscription\\\/busan-international-short-film-festival-2025\",\"url\":\"https:\\\/\\\/telefilm.ca\\\/fr\\\/appel-inscription\\\/busan-international-short-film-festival-2025\",\"name\":\"Busan International Short Film Festival 2025\u00a0 | T\u00e9l\u00e9film Canada\",\"isPartOf\":{\"@id\":\"https:\\\/\\\/telefilm.ca\\\/fr#website\"},\"datePublished\":\"2024-10-18T18:15:01+00:00\",\"dateModified\":\"2024-10-23T14:00:38+00:00\",\"breadcrumb\":{\"@id\":\"https:\\\/\\\/telefilm.ca\\\/fr\\\/appel-inscription\\\/busan-international-short-film-festival-2025#breadcrumb\"},\"inLanguage\":\"fr-CA\",\"potentialAction\":[{\"@type\":\"ReadAction\",\"target\":[\"https:\\\/\\\/telefilm.ca\\\/fr\\\/appel-inscription\\\/busan-international-short-film-festival-2025\"]}]},{\"@type\":\"BreadcrumbList\",\"@id\":\"https:\\\/\\\/telefilm.ca\\\/fr\\\/appel-inscription\\\/busan-international-short-film-festival-2025#breadcrumb\",\"itemListElement\":[{\"@type\":\"ListItem\",\"position\":1,\"name\":\"Accueil\",\"item\":\"https:\\\/\\\/telefilm.ca\\\/fr\"},{\"@type\":\"ListItem\",\"position\":2,\"name\":\"Calls for Entry\",\"item\":\"https:\\\/\\\/telefilm.ca\\\/fr\\\/appel-inscription\"},{\"@type\":\"ListItem\",\"position\":3,\"name\":\"Busan International Short Film Festival 2025\u00a0\"}]},{\"@type\":\"WebSite\",\"@id\":\"https:\\\/\\\/telefilm.ca\\\/fr#website\",\"url\":\"https:\\\/\\\/telefilm.ca\\\/fr\",\"name\":\"T\u00e9l\u00e9film Canada\",\"description\":\"Partenaire de choix\",\"publisher\":{\"@id\":\"https:\\\/\\\/telefilm.ca\\\/fr#organization\"},\"potentialAction\":[{\"@type\":\"SearchAction\",\"target\":{\"@type\":\"EntryPoint\",\"urlTemplate\":\"https:\\\/\\\/telefilm.ca\\\/fr?s={search_term_string}\"},\"query-input\":{\"@type\":\"PropertyValueSpecification\",\"valueRequired\":true,\"valueName\":\"search_term_string\"}}],\"inLanguage\":\"fr-CA\"},{\"@type\":\"Organization\",\"@id\":\"https:\\\/\\\/telefilm.ca\\\/fr#organization\",\"name\":\"Telefilm Canada\",\"url\":\"https:\\\/\\\/telefilm.ca\\\/fr\",\"logo\":{\"@type\":\"ImageObject\",\"inLanguage\":\"fr-CA\",\"@id\":\"https:\\\/\\\/telefilm.ca\\\/fr#\\\/schema\\\/logo\\\/image\\\/\",\"url\":\"https:\\\/\\\/telefilm.ca\\\/wp-content\\\/uploads\\\/2026\\\/05\\\/cropped-tfc_favicon_512.png\",\"contentUrl\":\"https:\\\/\\\/telefilm.ca\\\/wp-content\\\/uploads\\\/2026\\\/05\\\/cropped-tfc_favicon_512.png\",\"width\":512,\"height\":512,\"caption\":\"Telefilm Canada\"},\"image\":{\"@id\":\"https:\\\/\\\/telefilm.ca\\\/fr#\\\/schema\\\/logo\\\/image\\\/\"},\"sameAs\":[\"https:\\\/\\\/www.facebook.com\\\/TelefilmCanada\\\/\",\"https:\\\/\\\/x.com\\\/Telefilm_Canada\",\"https:\\\/\\\/www.instagram.com\\\/telefilm_canada\\\/\",\"https:\\\/\\\/www.linkedin.com\\\/company\\\/telefilm-canada\\\/\",\"https:\\\/\\\/www.youtube.com\\\/user\\\/telefilmcanada\"]}]}<\/script>\n<!-- \/ Yoast SEO plugin. -->","yoast_head_json":{"title":"Busan International Short Film Festival 2025\u00a0 | T\u00e9l\u00e9film Canada","robots":{"index":"index","follow":"follow","max-snippet":"max-snippet:-1","max-image-preview":"max-image-preview:large","max-video-preview":"max-video-preview:-1"},"canonical":"https:\/\/telefilm.ca\/fr\/appel-inscription\/busan-international-short-film-festival-2025","og_locale":"fr_CA","og_type":"article","og_title":"Busan International Short Film Festival 2025\u00a0 | T\u00e9l\u00e9film Canada","og_description":"APPEL D\u2019INSCRIPTIONS&nbsp; (Courts m\u00e9trages, tous genres)&nbsp; Le Busan International Short Film Festival accepte pr\u00e9sentement les inscriptions pour sa prochaine \u00e9dition.&nbsp; D\u00c9TAILS&nbsp; CRIT\u00c8RES D\u2019ADMISSIBILIT\u00c9&nbsp; \u00c0 PROPOS&nbsp; Le BISFF s&#8217;est impos\u00e9 comme la &#8220;plaque tournante des courts m\u00e9trages en asie&#8221; en pr\u00e9sentant chaque ann\u00e9e de nouveaux courts m\u00e9trages exceptionnels du monde entier.&nbsp;&nbsp; Chaque ann\u00e9e, le festival remet [&hellip;]","og_url":"https:\/\/telefilm.ca\/fr\/appel-inscription\/busan-international-short-film-festival-2025","og_site_name":"T\u00e9l\u00e9film Canada","article_publisher":"https:\/\/www.facebook.com\/TelefilmCanada\/","article_modified_time":"2024-10-23T14:00:38+00:00","og_image":[{"width":1200,"height":675,"url":"https:\/\/telefilm.ca\/wp-content\/uploads\/2026\/08\/og-image-t-1200x675-1.png","type":"image\/png"}],"twitter_card":"summary_large_image","twitter_site":"@Telefilm_Canada","twitter_misc":{"Estimation du temps de lecture":"2 minutes"},"schema":{"@context":"https:\/\/schema.org","@graph":[{"@type":"WebPage","@id":"https:\/\/telefilm.ca\/fr\/appel-inscription\/busan-international-short-film-festival-2025","url":"https:\/\/telefilm.ca\/fr\/appel-inscription\/busan-international-short-film-festival-2025","name":"Busan International Short Film Festival 2025\u00a0 | T\u00e9l\u00e9film Canada","isPartOf":{"@id":"https:\/\/telefilm.ca\/fr#website"},"datePublished":"2024-10-18T18:15:01+00:00","dateModified":"2024-10-23T14:00:38+00:00","breadcrumb":{"@id":"https:\/\/telefilm.ca\/fr\/appel-inscription\/busan-international-short-film-festival-2025#breadcrumb"},"inLanguage":"fr-CA","potentialAction":[{"@type":"ReadAction","target":["https:\/\/telefilm.ca\/fr\/appel-inscription\/busan-international-short-film-festival-2025"]}]},{"@type":"BreadcrumbList","@id":"https:\/\/telefilm.ca\/fr\/appel-inscription\/busan-international-short-film-festival-2025#breadcrumb","itemListElement":[{"@type":"ListItem","position":1,"name":"Accueil","item":"https:\/\/telefilm.ca\/fr"},{"@type":"ListItem","position":2,"name":"Calls for Entry","item":"https:\/\/telefilm.ca\/fr\/appel-inscription"},{"@type":"ListItem","position":3,"name":"Busan International Short Film Festival 2025\u00a0"}]},{"@type":"WebSite","@id":"https:\/\/telefilm.ca\/fr#website","url":"https:\/\/telefilm.ca\/fr","name":"T\u00e9l\u00e9film Canada","description":"Partenaire de choix","publisher":{"@id":"https:\/\/telefilm.ca\/fr#organization"},"potentialAction":[{"@type":"SearchAction","target":{"@type":"EntryPoint","urlTemplate":"https:\/\/telefilm.ca\/fr?s={search_term_string}"},"query-input":{"@type":"PropertyValueSpecification","valueRequired":true,"valueName":"search_term_string"}}],"inLanguage":"fr-CA"},{"@type":"Organization","@id":"https:\/\/telefilm.ca\/fr#organization","name":"Telefilm Canada","url":"https:\/\/telefilm.ca\/fr","logo":{"@type":"ImageObject","inLanguage":"fr-CA","@id":"https:\/\/telefilm.ca\/fr#\/schema\/logo\/image\/","url":"https:\/\/telefilm.ca\/wp-content\/uploads\/2026\/05\/cropped-tfc_favicon_512.png","contentUrl":"https:\/\/telefilm.ca\/wp-content\/uploads\/2026\/05\/cropped-tfc_favicon_512.png","width":512,"height":512,"caption":"Telefilm Canada"},"image":{"@id":"https:\/\/telefilm.ca\/fr#\/schema\/logo\/image\/"},"sameAs":["https:\/\/www.facebook.com\/TelefilmCanada\/","https:\/\/x.com\/Telefilm_Canada","https:\/\/www.instagram.com\/telefilm_canada\/","https:\/\/www.linkedin.com\/company\/telefilm-canada\/","https:\/\/www.youtube.com\/user\/telefilmcanada"]}]}},"wpml_current_locale":"fr_CA","wpml_translations":[{"locale":"en_CA","id":149895,"post_title":"Busan International Short Film Festival 2025\u00a0\u00a0","href":"https:\/\/telefilm.ca\/en\/busan-international-short-film-festival-2025\/"}],"_links":{"self":[{"href":"https:\/\/telefilm.ca\/fr\/wp-json\/wp\/v2\/appel-inscription\/149897","targetHints":{"allow":["GET"]}}],"collection":[{"href":"https:\/\/telefilm.ca\/fr\/wp-json\/wp\/v2\/appel-inscription"}],"about":[{"href":"https:\/\/telefilm.ca\/fr\/wp-json\/wp\/v2\/types\/appel-inscription"}],"version-history":[{"count":3,"href":"https:\/\/telefilm.ca\/fr\/wp-json\/wp\/v2\/appel-inscription\/149897\/revisions"}],"predecessor-version":[{"id":150029,"href":"https:\/\/telefilm.ca\/fr\/wp-json\/wp\/v2\/appel-inscription\/149897\/revisions\/150029"}],"wp:attachment":[{"href":"https:\/\/telefilm.ca\/fr\/wp-json\/wp\/v2\/media?parent=149897"}],"wp:term":[{"taxonomy":"categorie_appel_inscription","embeddable":true,"href":"https:\/\/telefilm.ca\/fr\/wp-json\/wp\/v2\/categorie_appel_inscription?post=149897"}],"curies":[{"name":"wp","href":"https:\/\/api.w.org\/{rel}","templated":true}]}}