{"id":153596,"date":"2025-06-16T15:23:09","date_gmt":"2025-06-16T19:23:09","guid":{"rendered":"https:\/\/telefilm.ca\/?post_type=appel-inscription&#038;p=153596"},"modified":"2025-06-16T15:24:23","modified_gmt":"2025-06-16T19:24:23","slug":"38e-international-documentary-film-festival-amsterdam","status":"publish","type":"appel-inscription","link":"https:\/\/telefilm.ca\/fr\/appel-inscription\/38e-international-documentary-film-festival-amsterdam","title":{"rendered":"38e International Documentary Film Festival Amsterdam\u00a0\u00a0"},"content":{"rendered":"<div class=\"editor-content\">\n<h2 class=\"wp-block-heading\"><strong>APPEL D\u2019INSCRIPTIONS&nbsp;<\/strong>&nbsp;<\/h2>\n\n\n\n<p class=\"wp-block-paragraph\">(<em>Documentaires \u2013 longs et courts m\u00e9trages, projets nouveaux m\u00e9dias immersifs<\/em>)\u00a0<\/p>\n\n\n\n<p class=\"wp-block-paragraph\"><a href=\"https:\/\/www.idfa.nl\/en\/\"><strong>L\u2019International Documentary Film Festival Amsterdam<\/strong> <\/a>accepte pr\u00e9sentement les inscriptions pour sa prochaine \u00e9dition.<strong> <\/strong>Veuillez noter que les films doivent \u00eatre soumis directement au festival.\u00a0<\/p>\n\n\n\n<h3 class=\"wp-block-heading\"><strong>D\u00c9TAILS&nbsp;<\/strong>&nbsp;<\/h3>\n\n\n\n<ul class=\"wp-block-list\">\n<li><strong>Comp\u00e9titif : <\/strong>Oui&nbsp;<\/li>\n\n\n\n<li><strong>Frais d\u2019inscription\u202f:<\/strong> Oui<\/li>\n<\/ul>\n\n\n\n<h3 class=\"wp-block-heading\"><strong>CRIT\u00c8RES ADMISSIBILIT\u00c9&nbsp;<\/strong>&nbsp;<\/h3>\n\n\n\n<ul class=\"wp-block-list\">\n<li>Veuillez consulter<strong> <\/strong><a href=\"https:\/\/professionals.idfa.nl\/program\/festival-entries\/\" target=\"_blank\" rel=\"noreferrer noopener\"><strong>le site du festival<\/strong><\/a>\u00a0<\/li>\n<\/ul>\n\n\n\n<hr class=\"wp-block-separator has-alpha-channel-opacity\"\/>\n\n\n\n<div class=\"wp-block-buttons is-style-default act-button act-button--full-width is-layout-flex wp-block-buttons-is-layout-flex\">\n<div class=\"wp-block-button has-custom-width wp-block-button__width-100 is-style-with-icon\"><a class=\"wp-block-button__link wp-element-button\" href=\"https:\/\/www.idfa.nl\/en\/\"><strong style=\"font-family: inherit; font-size: 1rem; display: inline !important;\">SOUMETTRE ICI<\/strong><i aria-label=\"Bouton primaire pleine largeur avec ic\u00f4ne\" class=\"icon far fa-external-link-alt\" aria-hidden=\"true\"> <\/i><br>    <\/a><\/div>\n<\/div>\n\n\n\n<hr class=\"wp-block-separator has-alpha-channel-opacity\"\/>\n\n\n\n<h3 class=\"wp-block-heading\"><strong>\u00c0 PROPOS&nbsp;<\/strong>&nbsp;&nbsp;<\/h3>\n\n\n\n<p class=\"wp-block-paragraph\">L\u2019<strong>International Documentary Film Festival Amsterdam<\/strong> est devenu l\u2019un des plus importants festivals du film documentaire au monde. IDFA accueille chaque ann\u00e9e quelque 295 000 visiteurs, dont 3 000 professionnels, ce qui en fait le plus grand et le plus influent des festivals de films documentaires.&nbsp;<\/p>\n\n\n\n<p class=\"wp-block-paragraph\">IDFA s\u00e9lectionne environ 250 titres chaque ann\u00e9e dans le cadre de ses six sections comp\u00e9titives et d&#8217;un large \u00e9ventail de programmes non comp\u00e9titifs ainsi que d&#8217;un programme de nouveaux m\u00e9dias.&nbsp;&nbsp;<\/p>\n\n\n\n<p class=\"wp-block-paragraph\">Pr\u00e9sent\u00e9s en marge du festival, <a href=\"https:\/\/www.idfa.nl\/en\/info\/docs-for-sale\" target=\"_blank\" rel=\"noreferrer noopener\"><strong>Docs for Sale<\/strong><\/a> est un march\u00e9 reconnu auquel s\u2019ajoute le <a href=\"https:\/\/www.idfa.nl\/en\/info\/idfa-forum\" target=\"_blank\" rel=\"noreferrer noopener\"><strong>IDFA Forum<\/strong><\/a>, orient\u00e9 vers le co-financement et la coproduction rassemblant cin\u00e9astes, responsables de la programmation et producteurs ind\u00e9pendants.&nbsp;<\/p>\n\n\n\n<p class=\"wp-block-paragraph\">En 2022, le festival a pr\u00e9sent\u00e9 quatre longs m\u00e9trages canadiens\u202f: KOUTKEKOUT (AT ALL KOSTS),<em> <\/em>GEOGRAPHIES OF SOLITUDES, BEYOND EXTINCTION: SINIXT RESURGENCE, MIDWIVES et SILENT HOUSE.&nbsp;&nbsp;<\/p>\n\n\n\n<p class=\"wp-block-paragraph\">T\u00e9l\u00e9film Canada reconna\u00eet la s\u00e9lection d\u2019un <strong>long et court m\u00e9trage<\/strong>, <strong>ou un projet de r\u00e9alit\u00e9 \u00e9tendue (XR)<\/strong> au Festival et de <strong>projets s\u00e9lectionn\u00e9s par le Forum<\/strong> pour une demande de soutien dans le cadre du <a href=\"https:\/\/telefilm.ca\/fr\/financement\/mise-en-marche-internationale\" target=\"_blank\" rel=\"noreferrer noopener\"><strong>Programme de promotion internationale.<\/strong><\/a><strong>&nbsp;<\/strong>&nbsp;<\/p>\n\n\n\n<p class=\"wp-block-paragraph\"><strong>Promotion et communications <\/strong>&nbsp;<br>T\u00e9l\u00e9film Canada, Montr\u00e9al &nbsp;<br><a href=\"mailto:dl-festivals@telefilm.ca\" target=\"_blank\" rel=\"noreferrer noopener\"><strong>dl-festivals@telefilm.ca<\/strong><\/a><strong>&nbsp; <\/strong>&nbsp;<br>1 800 567-0890&nbsp;<\/p>\n<\/div>","protected":false},"template":"","categorie_appel_inscription":[14,15],"class_list":["post-153596","appel-inscription","type-appel-inscription","status-publish","hentry","categorie_appel_inscription-festival-fr","categorie_appel_inscription-festival-court-metrages"],"acf":{"date_debut":"20251113","date_fin":"20251130","ville":"Amsterdam","pays":"Pays-Bas","edition":"","deadlines":[{"description":"Date Limite Films","date":"20250710"},{"description":"Date Limite Oeuvres immersives","date":"20250703"}]},"yoast_head":"<!-- This site is optimized with the Yoast SEO plugin v28.4 - https:\/\/yoast.com\/product\/yoast-seo-wordpress\/ -->\n<title>38e International Documentary Film Festival Amsterdam\u00a0\u00a0 | T\u00e9l\u00e9film Canada<\/title>\n<meta name=\"robots\" content=\"index, follow, max-snippet:-1, max-image-preview:large, max-video-preview:-1\" \/>\n<link rel=\"canonical\" href=\"https:\/\/telefilm.ca\/fr\/appel-inscription\/38e-international-documentary-film-festival-amsterdam\" \/>\n<meta property=\"og:locale\" content=\"fr_CA\" \/>\n<meta property=\"og:type\" content=\"article\" \/>\n<meta property=\"og:title\" content=\"38e International Documentary Film Festival Amsterdam\u00a0\u00a0 | T\u00e9l\u00e9film Canada\" \/>\n<meta property=\"og:description\" content=\"APPEL D\u2019INSCRIPTIONS&nbsp;&nbsp; (Documentaires \u2013 longs et courts m\u00e9trages, projets nouveaux m\u00e9dias immersifs)\u00a0 L\u2019International Documentary Film Festival Amsterdam accepte pr\u00e9sentement les inscriptions pour sa prochaine \u00e9dition. Veuillez noter que les films doivent \u00eatre soumis directement au festival.\u00a0 D\u00c9TAILS&nbsp;&nbsp; CRIT\u00c8RES ADMISSIBILIT\u00c9&nbsp;&nbsp; \u00c0 PROPOS&nbsp;&nbsp;&nbsp; L\u2019International Documentary Film Festival Amsterdam est devenu l\u2019un des plus importants festivals du film [&hellip;]\" \/>\n<meta property=\"og:url\" content=\"https:\/\/telefilm.ca\/fr\/appel-inscription\/38e-international-documentary-film-festival-amsterdam\" \/>\n<meta property=\"og:site_name\" content=\"T\u00e9l\u00e9film Canada\" \/>\n<meta property=\"article:publisher\" content=\"https:\/\/www.facebook.com\/TelefilmCanada\/\" \/>\n<meta property=\"article:modified_time\" content=\"2025-06-16T19:24:23+00:00\" \/>\n<meta property=\"og:image\" content=\"https:\/\/telefilm.ca\/wp-content\/uploads\/2026\/08\/og-image-t-1200x675-1.png\" \/>\n\t<meta property=\"og:image:width\" content=\"1200\" \/>\n\t<meta property=\"og:image:height\" content=\"675\" \/>\n\t<meta property=\"og:image:type\" content=\"image\/png\" \/>\n<meta name=\"twitter:card\" content=\"summary_large_image\" \/>\n<meta name=\"twitter:site\" content=\"@Telefilm_Canada\" \/>\n<meta name=\"twitter:label1\" content=\"Estimation du temps de lecture\" \/>\n\t<meta name=\"twitter:data1\" content=\"2 minutes\" \/>\n<script type=\"application\/ld+json\" class=\"yoast-schema-graph\">{\"@context\":\"https:\\\/\\\/schema.org\",\"@graph\":[{\"@type\":\"WebPage\",\"@id\":\"https:\\\/\\\/telefilm.ca\\\/fr\\\/appel-inscription\\\/38e-international-documentary-film-festival-amsterdam\",\"url\":\"https:\\\/\\\/telefilm.ca\\\/fr\\\/appel-inscription\\\/38e-international-documentary-film-festival-amsterdam\",\"name\":\"38e International Documentary Film Festival Amsterdam\u00a0\u00a0 | T\u00e9l\u00e9film Canada\",\"isPartOf\":{\"@id\":\"https:\\\/\\\/telefilm.ca\\\/fr#website\"},\"datePublished\":\"2025-06-16T19:23:09+00:00\",\"dateModified\":\"2025-06-16T19:24:23+00:00\",\"breadcrumb\":{\"@id\":\"https:\\\/\\\/telefilm.ca\\\/fr\\\/appel-inscription\\\/38e-international-documentary-film-festival-amsterdam#breadcrumb\"},\"inLanguage\":\"fr-CA\",\"potentialAction\":[{\"@type\":\"ReadAction\",\"target\":[\"https:\\\/\\\/telefilm.ca\\\/fr\\\/appel-inscription\\\/38e-international-documentary-film-festival-amsterdam\"]}]},{\"@type\":\"BreadcrumbList\",\"@id\":\"https:\\\/\\\/telefilm.ca\\\/fr\\\/appel-inscription\\\/38e-international-documentary-film-festival-amsterdam#breadcrumb\",\"itemListElement\":[{\"@type\":\"ListItem\",\"position\":1,\"name\":\"Accueil\",\"item\":\"https:\\\/\\\/telefilm.ca\\\/fr\"},{\"@type\":\"ListItem\",\"position\":2,\"name\":\"Calls for Entry\",\"item\":\"https:\\\/\\\/telefilm.ca\\\/fr\\\/appel-inscription\"},{\"@type\":\"ListItem\",\"position\":3,\"name\":\"38e International Documentary Film Festival Amsterdam\u00a0\u00a0\"}]},{\"@type\":\"WebSite\",\"@id\":\"https:\\\/\\\/telefilm.ca\\\/fr#website\",\"url\":\"https:\\\/\\\/telefilm.ca\\\/fr\",\"name\":\"T\u00e9l\u00e9film Canada\",\"description\":\"Partenaire de choix\",\"publisher\":{\"@id\":\"https:\\\/\\\/telefilm.ca\\\/fr#organization\"},\"potentialAction\":[{\"@type\":\"SearchAction\",\"target\":{\"@type\":\"EntryPoint\",\"urlTemplate\":\"https:\\\/\\\/telefilm.ca\\\/fr?s={search_term_string}\"},\"query-input\":{\"@type\":\"PropertyValueSpecification\",\"valueRequired\":true,\"valueName\":\"search_term_string\"}}],\"inLanguage\":\"fr-CA\"},{\"@type\":\"Organization\",\"@id\":\"https:\\\/\\\/telefilm.ca\\\/fr#organization\",\"name\":\"Telefilm Canada\",\"url\":\"https:\\\/\\\/telefilm.ca\\\/fr\",\"logo\":{\"@type\":\"ImageObject\",\"inLanguage\":\"fr-CA\",\"@id\":\"https:\\\/\\\/telefilm.ca\\\/fr#\\\/schema\\\/logo\\\/image\\\/\",\"url\":\"https:\\\/\\\/telefilm.ca\\\/wp-content\\\/uploads\\\/2026\\\/05\\\/cropped-tfc_favicon_512.png\",\"contentUrl\":\"https:\\\/\\\/telefilm.ca\\\/wp-content\\\/uploads\\\/2026\\\/05\\\/cropped-tfc_favicon_512.png\",\"width\":512,\"height\":512,\"caption\":\"Telefilm Canada\"},\"image\":{\"@id\":\"https:\\\/\\\/telefilm.ca\\\/fr#\\\/schema\\\/logo\\\/image\\\/\"},\"sameAs\":[\"https:\\\/\\\/www.facebook.com\\\/TelefilmCanada\\\/\",\"https:\\\/\\\/x.com\\\/Telefilm_Canada\",\"https:\\\/\\\/www.instagram.com\\\/telefilm_canada\\\/\",\"https:\\\/\\\/www.linkedin.com\\\/company\\\/telefilm-canada\\\/\",\"https:\\\/\\\/www.youtube.com\\\/user\\\/telefilmcanada\"]}]}<\/script>\n<!-- \/ Yoast SEO plugin. -->","yoast_head_json":{"title":"38e International Documentary Film Festival Amsterdam\u00a0\u00a0 | T\u00e9l\u00e9film Canada","robots":{"index":"index","follow":"follow","max-snippet":"max-snippet:-1","max-image-preview":"max-image-preview:large","max-video-preview":"max-video-preview:-1"},"canonical":"https:\/\/telefilm.ca\/fr\/appel-inscription\/38e-international-documentary-film-festival-amsterdam","og_locale":"fr_CA","og_type":"article","og_title":"38e International Documentary Film Festival Amsterdam\u00a0\u00a0 | T\u00e9l\u00e9film Canada","og_description":"APPEL D\u2019INSCRIPTIONS&nbsp;&nbsp; (Documentaires \u2013 longs et courts m\u00e9trages, projets nouveaux m\u00e9dias immersifs)\u00a0 L\u2019International Documentary Film Festival Amsterdam accepte pr\u00e9sentement les inscriptions pour sa prochaine \u00e9dition. Veuillez noter que les films doivent \u00eatre soumis directement au festival.\u00a0 D\u00c9TAILS&nbsp;&nbsp; CRIT\u00c8RES ADMISSIBILIT\u00c9&nbsp;&nbsp; \u00c0 PROPOS&nbsp;&nbsp;&nbsp; L\u2019International Documentary Film Festival Amsterdam est devenu l\u2019un des plus importants festivals du film [&hellip;]","og_url":"https:\/\/telefilm.ca\/fr\/appel-inscription\/38e-international-documentary-film-festival-amsterdam","og_site_name":"T\u00e9l\u00e9film Canada","article_publisher":"https:\/\/www.facebook.com\/TelefilmCanada\/","article_modified_time":"2025-06-16T19:24:23+00:00","og_image":[{"width":1200,"height":675,"url":"https:\/\/telefilm.ca\/wp-content\/uploads\/2026\/08\/og-image-t-1200x675-1.png","type":"image\/png"}],"twitter_card":"summary_large_image","twitter_site":"@Telefilm_Canada","twitter_misc":{"Estimation du temps de lecture":"2 minutes"},"schema":{"@context":"https:\/\/schema.org","@graph":[{"@type":"WebPage","@id":"https:\/\/telefilm.ca\/fr\/appel-inscription\/38e-international-documentary-film-festival-amsterdam","url":"https:\/\/telefilm.ca\/fr\/appel-inscription\/38e-international-documentary-film-festival-amsterdam","name":"38e International Documentary Film Festival Amsterdam\u00a0\u00a0 | T\u00e9l\u00e9film Canada","isPartOf":{"@id":"https:\/\/telefilm.ca\/fr#website"},"datePublished":"2025-06-16T19:23:09+00:00","dateModified":"2025-06-16T19:24:23+00:00","breadcrumb":{"@id":"https:\/\/telefilm.ca\/fr\/appel-inscription\/38e-international-documentary-film-festival-amsterdam#breadcrumb"},"inLanguage":"fr-CA","potentialAction":[{"@type":"ReadAction","target":["https:\/\/telefilm.ca\/fr\/appel-inscription\/38e-international-documentary-film-festival-amsterdam"]}]},{"@type":"BreadcrumbList","@id":"https:\/\/telefilm.ca\/fr\/appel-inscription\/38e-international-documentary-film-festival-amsterdam#breadcrumb","itemListElement":[{"@type":"ListItem","position":1,"name":"Accueil","item":"https:\/\/telefilm.ca\/fr"},{"@type":"ListItem","position":2,"name":"Calls for Entry","item":"https:\/\/telefilm.ca\/fr\/appel-inscription"},{"@type":"ListItem","position":3,"name":"38e International Documentary Film Festival Amsterdam\u00a0\u00a0"}]},{"@type":"WebSite","@id":"https:\/\/telefilm.ca\/fr#website","url":"https:\/\/telefilm.ca\/fr","name":"T\u00e9l\u00e9film Canada","description":"Partenaire de choix","publisher":{"@id":"https:\/\/telefilm.ca\/fr#organization"},"potentialAction":[{"@type":"SearchAction","target":{"@type":"EntryPoint","urlTemplate":"https:\/\/telefilm.ca\/fr?s={search_term_string}"},"query-input":{"@type":"PropertyValueSpecification","valueRequired":true,"valueName":"search_term_string"}}],"inLanguage":"fr-CA"},{"@type":"Organization","@id":"https:\/\/telefilm.ca\/fr#organization","name":"Telefilm Canada","url":"https:\/\/telefilm.ca\/fr","logo":{"@type":"ImageObject","inLanguage":"fr-CA","@id":"https:\/\/telefilm.ca\/fr#\/schema\/logo\/image\/","url":"https:\/\/telefilm.ca\/wp-content\/uploads\/2026\/05\/cropped-tfc_favicon_512.png","contentUrl":"https:\/\/telefilm.ca\/wp-content\/uploads\/2026\/05\/cropped-tfc_favicon_512.png","width":512,"height":512,"caption":"Telefilm Canada"},"image":{"@id":"https:\/\/telefilm.ca\/fr#\/schema\/logo\/image\/"},"sameAs":["https:\/\/www.facebook.com\/TelefilmCanada\/","https:\/\/x.com\/Telefilm_Canada","https:\/\/www.instagram.com\/telefilm_canada\/","https:\/\/www.linkedin.com\/company\/telefilm-canada\/","https:\/\/www.youtube.com\/user\/telefilmcanada"]}]}},"wpml_current_locale":"fr_CA","wpml_translations":[{"locale":"en_CA","id":153594,"post_title":"International Documentary Film Festival Amsterdam\u00a0","href":"https:\/\/telefilm.ca\/en\/international-documentary-film-festival-amsterdam\/"}],"_links":{"self":[{"href":"https:\/\/telefilm.ca\/fr\/wp-json\/wp\/v2\/appel-inscription\/153596","targetHints":{"allow":["GET"]}}],"collection":[{"href":"https:\/\/telefilm.ca\/fr\/wp-json\/wp\/v2\/appel-inscription"}],"about":[{"href":"https:\/\/telefilm.ca\/fr\/wp-json\/wp\/v2\/types\/appel-inscription"}],"version-history":[{"count":2,"href":"https:\/\/telefilm.ca\/fr\/wp-json\/wp\/v2\/appel-inscription\/153596\/revisions"}],"predecessor-version":[{"id":153598,"href":"https:\/\/telefilm.ca\/fr\/wp-json\/wp\/v2\/appel-inscription\/153596\/revisions\/153598"}],"wp:attachment":[{"href":"https:\/\/telefilm.ca\/fr\/wp-json\/wp\/v2\/media?parent=153596"}],"wp:term":[{"taxonomy":"categorie_appel_inscription","embeddable":true,"href":"https:\/\/telefilm.ca\/fr\/wp-json\/wp\/v2\/categorie_appel_inscription?post=153596"}],"curies":[{"name":"wp","href":"https:\/\/api.w.org\/{rel}","templated":true}]}}