{"id":153614,"date":"2025-06-19T11:23:57","date_gmt":"2025-06-19T15:23:57","guid":{"rendered":"https:\/\/telefilm.ca\/?post_type=appel-inscription&#038;p=153614"},"modified":"2025-06-19T14:16:33","modified_gmt":"2025-06-19T18:16:33","slug":"48e-festival-du-court-metrage-de-clermont-ferrand","status":"publish","type":"appel-inscription","link":"https:\/\/telefilm.ca\/fr\/appel-inscription\/48e-festival-du-court-metrage-de-clermont-ferrand","title":{"rendered":"48e Festival du court m\u00e9trage de Clermont-Ferrand\u00a0"},"content":{"rendered":"<div class=\"editor-content\">\n<h2 class=\"wp-block-heading\">\u00a0<strong>APPEL D\u2019INSCRIPTIONS<\/strong>\u00a0<\/h2>\n\n\n\n<p class=\"wp-block-paragraph\"><em>(Courts m\u00e9trages, tous genres)<\/em>&nbsp;<\/p>\n\n\n\n<p class=\"wp-block-paragraph\">Le<a href=\"https:\/\/clermont-filmfest.org\/\" target=\"_blank\" rel=\"noreferrer noopener\"><strong>\u202fFestival du Court M\u00e9trage de Clermont-Ferrand\u202f<\/strong><\/a>accepte pr\u00e9sentement les inscriptions pour sa prochaine \u00e9dition.&nbsp;<\/p>\n\n\n\n<h3 class=\"wp-block-heading\"><strong>D\u00c9TAILS<\/strong>&nbsp;<\/h3>\n\n\n\n<ul class=\"wp-block-list\">\n<li><strong>Comp\u00e9titif\u202f: <\/strong>Oui\u00a0<\/li>\n\n\n\n<li><strong>Frais d\u2019inscription\u202f: <\/strong>Oui\u00a0<\/li>\n\n\n\n<li>Veuillez noter que les films doivent \u00eatre soumis\u202f<a href=\"https:\/\/clermont-filmfest.org\/festival-du-court-metrage\/inscrire-un-film\/\" target=\"_blank\" rel=\"noreferrer noopener\"><strong>directement au festival<\/strong><\/a>.\u00a0<\/li>\n\n\n\n<li>Pour plus d\u2019informations, veuillez consulter <a href=\"https:\/\/clermont-filmfest.org\/festival-du-court-metrage\/inscrire-un-film\/\" target=\"_blank\" rel=\"noreferrer noopener\"><strong>le site du festival<\/strong><\/a>.\u00a0<\/li>\n<\/ul>\n\n\n\n<h3 class=\"wp-block-heading\"><strong>CRIT\u00c8RES D\u2019ADMISSIBILIT\u00c9<\/strong>&nbsp;<\/h3>\n\n\n\n<ul class=\"wp-block-list\">\n<li>Veuillez consulter le <a href=\"https:\/\/clermont-filmfest.org\/wp-content\/uploads\/2024\/05\/FR-Re%CC%80glement-international-2025-2.pdf\" target=\"_blank\" rel=\"noreferrer noopener\"><strong>site du festival<\/strong><\/a>.\u00a0<\/li>\n<\/ul>\n\n\n\n<hr class=\"wp-block-separator has-alpha-channel-opacity\"\/>\n\n\n\n<div class=\"wp-block-buttons is-style-default act-button act-button--full-width is-layout-flex wp-block-buttons-is-layout-flex\">\n<div class=\"wp-block-button has-custom-width wp-block-button__width-100 is-style-with-icon\"><a class=\"wp-block-button__link wp-element-button\" href=\"https:\/\/shortfilmdepot.com\/fr\/festival\/1\" target=\"_blank\" rel=\"noreferrer noopener\"><strong style=\"font-family: inherit; font-size: 1rem; display: inline !important;\">SOUMETTRE ICI<\/strong><i aria-label=\"Bouton primaire pleine largeur avec ic\u00f4ne\" class=\"icon far fa-external-link-alt\" aria-hidden=\"true\"> <\/i><br>    <\/a><\/div>\n<\/div>\n\n\n\n<hr class=\"wp-block-separator has-alpha-channel-opacity\"\/>\n\n\n\n<h3 class=\"wp-block-heading\"><strong>\u00c0 PROPOS<\/strong>&nbsp;<\/h3>\n\n\n\n<p class=\"wp-block-paragraph\">Le <strong>Festival du court m\u00e9trage de Clermont-Ferrand<\/strong> est l\u2019un des plus importants festivals pour les courts m\u00e9trages au monde. Les films s\u00e9lectionn\u00e9s en\u202fcomp\u00e9tition internationale\u202fsont \u00e9ligibles \u00e0 plusieurs prix en argent, dont un Grand Prix pour le meilleur film accompagn\u00e9 de 5\u202f000\u202f\u20ac offert au\u00b7x\u00b7\u00e0 la r\u00e9alisateur\u00b7trice\u00b7s. Le festival du court m\u00e9trage de Clermont-Ferrand qualifie pour les Oscars\u00ae.&nbsp;<\/p>\n\n\n\n<p class=\"wp-block-paragraph\">En parall\u00e8le au festival prend place le\u202f<strong>\u202fMarch\u00e9 du Film Court <\/strong>(du 2 au 5 f\u00e9vrier 2026),\u202flieu de rencontres et d\u2019\u00e9changes professionnels consacr\u00e9 au court m\u00e9trage. Le March\u00e9 du Film Court de Clermont-Ferrand a pour mission de favoriser l\u2019activit\u00e9 \u00e9conomique et les rencontres professionnelles dans le domaine du court m\u00e9trage. C\u2019est un espace d\u2019accueil, de promotion et de mise en relation unique au monde. Tous les films inscrits \u00e0 la comp\u00e9tition internationale du festival du court m\u00e9trage de Clermont-Ferrand, retenus ou non pour les comp\u00e9titions officielles, seront r\u00e9f\u00e9renc\u00e9s dans le catalogue num\u00e9rique du March\u00e9 du Film Court.&nbsp;<\/p>\n\n\n\n<p class=\"wp-block-paragraph\">En 2025, <strong><em>MERCENAIRE <\/em><\/strong>(Pier-Philippe Chevigny), et <strong><em>WHO LOVES THE SUN <\/em><\/strong>(Shakiba Arshia) ont \u00e9t\u00e9 s\u00e9lectionn\u00e9s au festival.&nbsp;<\/p>\n\n\n\n<p class=\"wp-block-paragraph\">T\u00e9l\u00e9film Canada reconna\u00eet la s\u00e9lection d\u2019un court m\u00e9trage dans ce festival pour une demande de soutien dans le cadre du <a href=\"https:\/\/telefilm.ca\/fr\/programmes\/promotion-internationale\" target=\"_blank\" rel=\"noreferrer noopener\"><strong>Programme de promotion internationale<\/strong><\/a>.&nbsp;&nbsp;<\/p>\n\n\n\n<p class=\"wp-block-paragraph\">Veuillez noter que l\u2019initiative <a href=\"https:\/\/rdvcanada.ca\/fr\/evenements\/une-courtepointe-de-courts-metrages-talent-tout-court-a-clermont-ferrand-2024\/\" target=\"_blank\" rel=\"noreferrer noopener\"><strong>Talent tout court au March\u00e9 du Film Court de Clermont-Ferrand<\/strong><\/a> de T\u00e9l\u00e9film Canada ouvrira l\u2019appel d\u2019inscriptions dans les prochains mois pour l\u2019\u00e9dition 2026.&nbsp;<\/p>\n\n\n\n<p class=\"wp-block-paragraph\"><strong>Promotion et communications<\/strong>&nbsp;<br>T\u00e9l\u00e9film Canada, Montr\u00e9al&nbsp;<br><a href=\"mailto:DL-festivals@telefilm.ca\" target=\"_blank\" rel=\"noreferrer noopener\"><strong>DL-festivals@telefilm.ca<\/strong><\/a>&nbsp;<br>1 800 567-0890&nbsp;<\/p>\n<\/div>","protected":false},"template":"","categorie_appel_inscription":[15],"class_list":["post-153614","appel-inscription","type-appel-inscription","status-publish","hentry","categorie_appel_inscription-festival-court-metrages"],"acf":{"date_debut":"20260130","date_fin":"20260207","ville":"Clermont-Ferrand","pays":"France","edition":"","deadlines":[{"description":"Date limite pour les films termin\u00e9s apr\u00e8s le 1er octobre 2024","date":"20250710"},{"description":"Date limite pour les films termin\u00e9s en 2025","date":"20250925"},{"description":"Date limite pour la Section XR - R\u00e9alit\u00e9s immersives","date":"20250925"}]},"yoast_head":"<!-- This site is optimized with the Yoast SEO plugin v28.4 - https:\/\/yoast.com\/product\/yoast-seo-wordpress\/ -->\n<title>48e Festival du court m\u00e9trage de Clermont-Ferrand\u00a0 | T\u00e9l\u00e9film Canada<\/title>\n<meta name=\"robots\" content=\"index, follow, max-snippet:-1, max-image-preview:large, max-video-preview:-1\" \/>\n<link rel=\"canonical\" href=\"https:\/\/telefilm.ca\/fr\/appel-inscription\/48e-festival-du-court-metrage-de-clermont-ferrand\" \/>\n<meta property=\"og:locale\" content=\"fr_CA\" \/>\n<meta property=\"og:type\" content=\"article\" \/>\n<meta property=\"og:title\" content=\"48e Festival du court m\u00e9trage de Clermont-Ferrand\u00a0 | T\u00e9l\u00e9film Canada\" \/>\n<meta property=\"og:description\" content=\"\u00a0APPEL D\u2019INSCRIPTIONS\u00a0 (Courts m\u00e9trages, tous genres)&nbsp; Le\u202fFestival du Court M\u00e9trage de Clermont-Ferrand\u202faccepte pr\u00e9sentement les inscriptions pour sa prochaine \u00e9dition.&nbsp; D\u00c9TAILS&nbsp; CRIT\u00c8RES D\u2019ADMISSIBILIT\u00c9&nbsp; \u00c0 PROPOS&nbsp; Le Festival du court m\u00e9trage de Clermont-Ferrand est l\u2019un des plus importants festivals pour les courts m\u00e9trages au monde. Les films s\u00e9lectionn\u00e9s en\u202fcomp\u00e9tition internationale\u202fsont \u00e9ligibles \u00e0 plusieurs prix en argent, dont [&hellip;]\" \/>\n<meta property=\"og:url\" content=\"https:\/\/telefilm.ca\/fr\/appel-inscription\/48e-festival-du-court-metrage-de-clermont-ferrand\" \/>\n<meta property=\"og:site_name\" content=\"T\u00e9l\u00e9film Canada\" \/>\n<meta property=\"article:publisher\" content=\"https:\/\/www.facebook.com\/TelefilmCanada\/\" \/>\n<meta property=\"article:modified_time\" content=\"2025-06-19T18:16:33+00:00\" \/>\n<meta property=\"og:image\" content=\"https:\/\/telefilm.ca\/wp-content\/uploads\/2026\/08\/og-image-t-1200x675-1.png\" \/>\n\t<meta property=\"og:image:width\" content=\"1200\" \/>\n\t<meta property=\"og:image:height\" content=\"675\" \/>\n\t<meta property=\"og:image:type\" content=\"image\/png\" \/>\n<meta name=\"twitter:card\" content=\"summary_large_image\" \/>\n<meta name=\"twitter:site\" content=\"@Telefilm_Canada\" \/>\n<meta name=\"twitter:label1\" content=\"Estimation du temps de lecture\" \/>\n\t<meta name=\"twitter:data1\" content=\"2 minutes\" \/>\n<script type=\"application\/ld+json\" class=\"yoast-schema-graph\">{\"@context\":\"https:\\\/\\\/schema.org\",\"@graph\":[{\"@type\":\"WebPage\",\"@id\":\"https:\\\/\\\/telefilm.ca\\\/fr\\\/appel-inscription\\\/48e-festival-du-court-metrage-de-clermont-ferrand\",\"url\":\"https:\\\/\\\/telefilm.ca\\\/fr\\\/appel-inscription\\\/48e-festival-du-court-metrage-de-clermont-ferrand\",\"name\":\"48e Festival du court m\u00e9trage de Clermont-Ferrand\u00a0 | T\u00e9l\u00e9film Canada\",\"isPartOf\":{\"@id\":\"https:\\\/\\\/telefilm.ca\\\/fr#website\"},\"datePublished\":\"2025-06-19T15:23:57+00:00\",\"dateModified\":\"2025-06-19T18:16:33+00:00\",\"breadcrumb\":{\"@id\":\"https:\\\/\\\/telefilm.ca\\\/fr\\\/appel-inscription\\\/48e-festival-du-court-metrage-de-clermont-ferrand#breadcrumb\"},\"inLanguage\":\"fr-CA\",\"potentialAction\":[{\"@type\":\"ReadAction\",\"target\":[\"https:\\\/\\\/telefilm.ca\\\/fr\\\/appel-inscription\\\/48e-festival-du-court-metrage-de-clermont-ferrand\"]}]},{\"@type\":\"BreadcrumbList\",\"@id\":\"https:\\\/\\\/telefilm.ca\\\/fr\\\/appel-inscription\\\/48e-festival-du-court-metrage-de-clermont-ferrand#breadcrumb\",\"itemListElement\":[{\"@type\":\"ListItem\",\"position\":1,\"name\":\"Accueil\",\"item\":\"https:\\\/\\\/telefilm.ca\\\/fr\"},{\"@type\":\"ListItem\",\"position\":2,\"name\":\"Calls for Entry\",\"item\":\"https:\\\/\\\/telefilm.ca\\\/fr\\\/appel-inscription\"},{\"@type\":\"ListItem\",\"position\":3,\"name\":\"48e Festival du court m\u00e9trage de Clermont-Ferrand\u00a0\"}]},{\"@type\":\"WebSite\",\"@id\":\"https:\\\/\\\/telefilm.ca\\\/fr#website\",\"url\":\"https:\\\/\\\/telefilm.ca\\\/fr\",\"name\":\"T\u00e9l\u00e9film Canada\",\"description\":\"Partenaire de choix\",\"publisher\":{\"@id\":\"https:\\\/\\\/telefilm.ca\\\/fr#organization\"},\"potentialAction\":[{\"@type\":\"SearchAction\",\"target\":{\"@type\":\"EntryPoint\",\"urlTemplate\":\"https:\\\/\\\/telefilm.ca\\\/fr?s={search_term_string}\"},\"query-input\":{\"@type\":\"PropertyValueSpecification\",\"valueRequired\":true,\"valueName\":\"search_term_string\"}}],\"inLanguage\":\"fr-CA\"},{\"@type\":\"Organization\",\"@id\":\"https:\\\/\\\/telefilm.ca\\\/fr#organization\",\"name\":\"Telefilm Canada\",\"url\":\"https:\\\/\\\/telefilm.ca\\\/fr\",\"logo\":{\"@type\":\"ImageObject\",\"inLanguage\":\"fr-CA\",\"@id\":\"https:\\\/\\\/telefilm.ca\\\/fr#\\\/schema\\\/logo\\\/image\\\/\",\"url\":\"https:\\\/\\\/telefilm.ca\\\/wp-content\\\/uploads\\\/2026\\\/05\\\/cropped-tfc_favicon_512.png\",\"contentUrl\":\"https:\\\/\\\/telefilm.ca\\\/wp-content\\\/uploads\\\/2026\\\/05\\\/cropped-tfc_favicon_512.png\",\"width\":512,\"height\":512,\"caption\":\"Telefilm Canada\"},\"image\":{\"@id\":\"https:\\\/\\\/telefilm.ca\\\/fr#\\\/schema\\\/logo\\\/image\\\/\"},\"sameAs\":[\"https:\\\/\\\/www.facebook.com\\\/TelefilmCanada\\\/\",\"https:\\\/\\\/x.com\\\/Telefilm_Canada\",\"https:\\\/\\\/www.instagram.com\\\/telefilm_canada\\\/\",\"https:\\\/\\\/www.linkedin.com\\\/company\\\/telefilm-canada\\\/\",\"https:\\\/\\\/www.youtube.com\\\/user\\\/telefilmcanada\"]}]}<\/script>\n<!-- \/ Yoast SEO plugin. -->","yoast_head_json":{"title":"48e Festival du court m\u00e9trage de Clermont-Ferrand\u00a0 | T\u00e9l\u00e9film Canada","robots":{"index":"index","follow":"follow","max-snippet":"max-snippet:-1","max-image-preview":"max-image-preview:large","max-video-preview":"max-video-preview:-1"},"canonical":"https:\/\/telefilm.ca\/fr\/appel-inscription\/48e-festival-du-court-metrage-de-clermont-ferrand","og_locale":"fr_CA","og_type":"article","og_title":"48e Festival du court m\u00e9trage de Clermont-Ferrand\u00a0 | T\u00e9l\u00e9film Canada","og_description":"\u00a0APPEL D\u2019INSCRIPTIONS\u00a0 (Courts m\u00e9trages, tous genres)&nbsp; Le\u202fFestival du Court M\u00e9trage de Clermont-Ferrand\u202faccepte pr\u00e9sentement les inscriptions pour sa prochaine \u00e9dition.&nbsp; D\u00c9TAILS&nbsp; CRIT\u00c8RES D\u2019ADMISSIBILIT\u00c9&nbsp; \u00c0 PROPOS&nbsp; Le Festival du court m\u00e9trage de Clermont-Ferrand est l\u2019un des plus importants festivals pour les courts m\u00e9trages au monde. Les films s\u00e9lectionn\u00e9s en\u202fcomp\u00e9tition internationale\u202fsont \u00e9ligibles \u00e0 plusieurs prix en argent, dont [&hellip;]","og_url":"https:\/\/telefilm.ca\/fr\/appel-inscription\/48e-festival-du-court-metrage-de-clermont-ferrand","og_site_name":"T\u00e9l\u00e9film Canada","article_publisher":"https:\/\/www.facebook.com\/TelefilmCanada\/","article_modified_time":"2025-06-19T18:16:33+00:00","og_image":[{"width":1200,"height":675,"url":"https:\/\/telefilm.ca\/wp-content\/uploads\/2026\/08\/og-image-t-1200x675-1.png","type":"image\/png"}],"twitter_card":"summary_large_image","twitter_site":"@Telefilm_Canada","twitter_misc":{"Estimation du temps de lecture":"2 minutes"},"schema":{"@context":"https:\/\/schema.org","@graph":[{"@type":"WebPage","@id":"https:\/\/telefilm.ca\/fr\/appel-inscription\/48e-festival-du-court-metrage-de-clermont-ferrand","url":"https:\/\/telefilm.ca\/fr\/appel-inscription\/48e-festival-du-court-metrage-de-clermont-ferrand","name":"48e Festival du court m\u00e9trage de Clermont-Ferrand\u00a0 | T\u00e9l\u00e9film Canada","isPartOf":{"@id":"https:\/\/telefilm.ca\/fr#website"},"datePublished":"2025-06-19T15:23:57+00:00","dateModified":"2025-06-19T18:16:33+00:00","breadcrumb":{"@id":"https:\/\/telefilm.ca\/fr\/appel-inscription\/48e-festival-du-court-metrage-de-clermont-ferrand#breadcrumb"},"inLanguage":"fr-CA","potentialAction":[{"@type":"ReadAction","target":["https:\/\/telefilm.ca\/fr\/appel-inscription\/48e-festival-du-court-metrage-de-clermont-ferrand"]}]},{"@type":"BreadcrumbList","@id":"https:\/\/telefilm.ca\/fr\/appel-inscription\/48e-festival-du-court-metrage-de-clermont-ferrand#breadcrumb","itemListElement":[{"@type":"ListItem","position":1,"name":"Accueil","item":"https:\/\/telefilm.ca\/fr"},{"@type":"ListItem","position":2,"name":"Calls for Entry","item":"https:\/\/telefilm.ca\/fr\/appel-inscription"},{"@type":"ListItem","position":3,"name":"48e Festival du court m\u00e9trage de Clermont-Ferrand\u00a0"}]},{"@type":"WebSite","@id":"https:\/\/telefilm.ca\/fr#website","url":"https:\/\/telefilm.ca\/fr","name":"T\u00e9l\u00e9film Canada","description":"Partenaire de choix","publisher":{"@id":"https:\/\/telefilm.ca\/fr#organization"},"potentialAction":[{"@type":"SearchAction","target":{"@type":"EntryPoint","urlTemplate":"https:\/\/telefilm.ca\/fr?s={search_term_string}"},"query-input":{"@type":"PropertyValueSpecification","valueRequired":true,"valueName":"search_term_string"}}],"inLanguage":"fr-CA"},{"@type":"Organization","@id":"https:\/\/telefilm.ca\/fr#organization","name":"Telefilm Canada","url":"https:\/\/telefilm.ca\/fr","logo":{"@type":"ImageObject","inLanguage":"fr-CA","@id":"https:\/\/telefilm.ca\/fr#\/schema\/logo\/image\/","url":"https:\/\/telefilm.ca\/wp-content\/uploads\/2026\/05\/cropped-tfc_favicon_512.png","contentUrl":"https:\/\/telefilm.ca\/wp-content\/uploads\/2026\/05\/cropped-tfc_favicon_512.png","width":512,"height":512,"caption":"Telefilm Canada"},"image":{"@id":"https:\/\/telefilm.ca\/fr#\/schema\/logo\/image\/"},"sameAs":["https:\/\/www.facebook.com\/TelefilmCanada\/","https:\/\/x.com\/Telefilm_Canada","https:\/\/www.instagram.com\/telefilm_canada\/","https:\/\/www.linkedin.com\/company\/telefilm-canada\/","https:\/\/www.youtube.com\/user\/telefilmcanada"]}]}},"wpml_current_locale":"fr_CA","wpml_translations":[{"locale":"en_CA","id":153612,"post_title":"48th Clermont-Ferrand Short Film Festival\u00a0","href":"https:\/\/telefilm.ca\/en\/48th-clermont-ferrand-short-film-festival\/"}],"_links":{"self":[{"href":"https:\/\/telefilm.ca\/fr\/wp-json\/wp\/v2\/appel-inscription\/153614","targetHints":{"allow":["GET"]}}],"collection":[{"href":"https:\/\/telefilm.ca\/fr\/wp-json\/wp\/v2\/appel-inscription"}],"about":[{"href":"https:\/\/telefilm.ca\/fr\/wp-json\/wp\/v2\/types\/appel-inscription"}],"version-history":[{"count":1,"href":"https:\/\/telefilm.ca\/fr\/wp-json\/wp\/v2\/appel-inscription\/153614\/revisions"}],"predecessor-version":[{"id":153615,"href":"https:\/\/telefilm.ca\/fr\/wp-json\/wp\/v2\/appel-inscription\/153614\/revisions\/153615"}],"wp:attachment":[{"href":"https:\/\/telefilm.ca\/fr\/wp-json\/wp\/v2\/media?parent=153614"}],"wp:term":[{"taxonomy":"categorie_appel_inscription","embeddable":true,"href":"https:\/\/telefilm.ca\/fr\/wp-json\/wp\/v2\/categorie_appel_inscription?post=153614"}],"curies":[{"name":"wp","href":"https:\/\/api.w.org\/{rel}","templated":true}]}}