{"id":173741,"date":"2025-08-01T12:03:19","date_gmt":"2025-08-01T16:03:19","guid":{"rendered":"https:\/\/telefilm.ca\/?post_type=appel-inscription&#038;p=173741"},"modified":"2025-08-01T13:52:04","modified_gmt":"2025-08-01T17:52:04","slug":"49e-festival-international-du-film-de-goteborg","status":"publish","type":"appel-inscription","link":"https:\/\/telefilm.ca\/fr\/appel-inscription\/49e-festival-international-du-film-de-goteborg","title":{"rendered":"49e Festival international du film de G\u00f6teborg"},"content":{"rendered":"<div class=\"editor-content\">\n<h2 class=\"wp-block-heading\"><strong><strong>APPEL D\u2019INSCRIPTIONS<\/strong><\/strong><\/h2>\n\n\n\n<p class=\"wp-block-paragraph\"><em><em><em><em>(Longs m\u00e9trages, tous genres)<\/em><\/em><\/em><\/em><\/p>\n\n\n\n<p class=\"wp-block-paragraph\">Le <a href=\"https:\/\/goteborgfilmfestival.se\/en\/\" target=\"_blank\" rel=\"noreferrer noopener\"><strong><span style=\"text-decoration: underline;\">Festival international du film de G\u00f6teborg<\/span><\/strong><\/a> accepte pr\u00e9sentement les inscriptions pour sa prochaine \u00e9dition.&nbsp;<\/p>\n\n\n\n<h3 class=\"wp-block-heading\"><strong>D\u00c9TAILS<\/strong><\/h3>\n\n\n\n<ul class=\"wp-block-list\">\n<li><strong>Comp\u00e9titif\u202f: <\/strong>Oui&nbsp;<\/li>\n\n\n\n<li><strong>Frais d\u2019inscription\u202f: <\/strong>oui&nbsp;&nbsp;<\/li>\n\n\n\n<li><strong>Veuillez noter que les films doivent \u00eatre soumis <\/strong><a href=\"https:\/\/goteborgfilmfestival.se\/en\/submissions\/international-submission-terms-and-conditions\/\" target=\"_blank\" rel=\"noreferrer noopener\"><strong><span style=\"text-decoration: underline;\">directement au festival<\/span><\/strong><\/a><strong>.<\/strong>&nbsp;<\/li>\n<\/ul>\n\n\n\n<h3 class=\"wp-block-heading\"><strong><strong><strong><strong>ADMISSIBILIT\u00c9<\/strong><\/strong><\/strong><\/strong><\/h3>\n\n\n\n<p class=\"wp-block-paragraph\">Veuillez consultez le <strong><a href=\"https:\/\/goteborgfilmfestival.se\/en\/submissions\/international-submission-terms-and-conditions\/\" target=\"_blank\" rel=\"noreferrer noopener\"><span style=\"text-decoration: underline;\">site du festival<\/span><\/a>.<\/strong><\/p>\n\n\n\n<hr class=\"wp-block-separator has-alpha-channel-opacity\"\/>\n\n\n\n<div class=\"wp-block-buttons is-style-default act-button act-button--full-width is-layout-flex wp-block-buttons-is-layout-flex\">\n<div class=\"wp-block-button has-custom-width wp-block-button__width-100 is-style-with-icon\"><a class=\"wp-block-button__link wp-element-button\" href=\"https:\/\/goteborgfilmfestival.se\/en\/submissions\/\"><strong>SUBMIT HERE<\/strong><i aria-label=\"Bouton primaire pleine largeur avec ic\u00f4ne\" class=\"icon far fa-external-link-alt\" aria-hidden=\"true\"> <\/i><br>    <\/a><\/div>\n<\/div>\n\n\n\n<hr class=\"wp-block-separator has-alpha-channel-opacity\"\/>\n\n\n\n<h3 class=\"wp-block-heading\"><strong>\u00c0 PROPOS<\/strong>&nbsp;<\/h3>\n\n\n\n<p class=\"wp-block-paragraph\">Lanc\u00e9 en 1979, le <strong>Festival de G\u00f6teborg<\/strong> est devenu le plus important festival de films public en Scandinavie. Chaque ann\u00e9e, quelque 450 films provenant de pr\u00e8s de 90 pays sont pr\u00e9sent\u00e9s et le festival enregistre 160 000 entr\u00e9es. Le festival organise plusieurs initiatives r\u00e9serv\u00e9es aux producteurs, acheteurs, etc. auxquels participent 1800 professionnels, faisant du festival un haut lieu de rencontre.&nbsp;&nbsp;<\/p>\n\n\n\n<div class=\"wp-block-group is-vertical is-layout-flex wp-container-core-group-is-layout-9e60ac78 wp-block-group-is-layout-flex\">\n<p class=\"wp-block-paragraph\">Le festival comprend deux comp\u00e9titions internationales:&nbsp;<\/p>\n\n\n\n<div class=\"wp-block-group is-vertical is-layout-flex wp-container-core-group-is-layout-9e60ac78 wp-block-group-is-layout-flex\">\n<ul class=\"wp-block-list\">\n<li>La <strong>comp\u00e9tition \u00ab\u202fIngmar Bergman\u202f<\/strong>\u00bb<strong> <\/strong>r\u00e9serv\u00e9e <strong>aux premiers longs m\u00e9trages <\/strong>de fiction ou documentaire.&nbsp;<\/li>\n<\/ul>\n\n\n\n<ul class=\"wp-block-list\">\n<li>La <strong>comp\u00e9tition <em>Dragon Award<\/em> <\/strong>est destin\u00e9e aux longs m\u00e9trages ayant remport\u00e9 un succ\u00e8s sur le circuit des festivals.&nbsp;&nbsp;<\/li>\n<\/ul>\n\n\n\n<p class=\"wp-block-paragraph\"><\/p>\n<\/div>\n<\/div>\n\n\n\n<p class=\"wp-block-paragraph\">Le festival a programm\u00e9 r\u00e9cemment les films canadiens suivant\u202f: MEASURES OF A FUNERAL, WHO BY FIRE, INTERCEPTED, BONJOUR TRISTESSE, BROTHER, FALCON LAKE, GEOGRAPHIES OF SOLITUDES, SAULES AVEUGLES, FEMME ENDORMIE (animation), THE MAIDEN et LES JOURS HEUREUX.&nbsp;<\/p>\n\n\n\n<hr class=\"wp-block-separator has-alpha-channel-opacity\"\/>\n\n\n\n<p class=\"wp-block-paragraph\">T\u00e9l\u00e9film Canada reconna\u00eet la participation d\u2019un long m\u00e9trage \u00e0 ce festival et peut offrir une aide par l\u2019entremise de son\u202f<a href=\"https:\/\/telefilm.ca\/fr\/financement\/mise-en-marche-internationale\" target=\"_blank\" rel=\"noreferrer noopener\"><strong><span style=\"text-decoration: underline;\">Programme de promotion internationale<\/span>.<\/strong><\/a>&nbsp;<\/p>\n\n\n\n<div class=\"wp-block-group is-vertical is-layout-flex wp-container-core-group-is-layout-9e60ac78 wp-block-group-is-layout-flex\">\n<div class=\"wp-block-group is-vertical is-layout-flex wp-container-core-group-is-layout-9e60ac78 wp-block-group-is-layout-flex\">\n<div class=\"wp-block-group is-vertical is-layout-flex wp-container-core-group-is-layout-9e60ac78 wp-block-group-is-layout-flex\">\n<p class=\"wp-block-paragraph\"><strong>Promotion et communications <\/strong>\u202f&nbsp;<br>T\u00e9l\u00e9film Canada, Montr\u00e9al \u202f&nbsp;<br><strong><a href=\"mailto:DL-festivals@telefilm.ca\">DL-festivals@telefilm.ca<\/a>\u202f<\/strong>&nbsp;<br>1 800 567-0890<\/p>\n<\/div>\n<\/div>\n<\/div>\n\n\n\n<p class=\"wp-block-paragraph\"><\/p>\n<\/div>","protected":false},"template":"","categorie_appel_inscription":[14,15],"class_list":["post-173741","appel-inscription","type-appel-inscription","status-publish","hentry","categorie_appel_inscription-festival-fr","categorie_appel_inscription-festival-court-metrages"],"acf":{"date_debut":"20260123","date_fin":"20260201","ville":"G\u00f6teborg","pays":"Su\u00e8de","edition":"","deadlines":[{"description":"Date limite d\u2019inscription","date":"20251014"}]},"yoast_head":"<!-- This site is optimized with the Yoast SEO plugin v28.4 - https:\/\/yoast.com\/product\/yoast-seo-wordpress\/ -->\n<title>49e Festival international du film de G\u00f6teborg | T\u00e9l\u00e9film Canada<\/title>\n<meta name=\"robots\" content=\"index, follow, max-snippet:-1, max-image-preview:large, max-video-preview:-1\" \/>\n<link rel=\"canonical\" href=\"https:\/\/telefilm.ca\/fr\/appel-inscription\/49e-festival-international-du-film-de-goteborg\" \/>\n<meta property=\"og:locale\" content=\"fr_CA\" \/>\n<meta property=\"og:type\" content=\"article\" \/>\n<meta property=\"og:title\" content=\"49e Festival international du film de G\u00f6teborg | T\u00e9l\u00e9film Canada\" \/>\n<meta property=\"og:description\" content=\"APPEL D\u2019INSCRIPTIONS (Longs m\u00e9trages, tous genres) Le Festival international du film de G\u00f6teborg accepte pr\u00e9sentement les inscriptions pour sa prochaine \u00e9dition.&nbsp; D\u00c9TAILS ADMISSIBILIT\u00c9 Veuillez consultez le site du festival. \u00c0 PROPOS&nbsp; Lanc\u00e9 en 1979, le Festival de G\u00f6teborg est devenu le plus important festival de films public en Scandinavie. Chaque ann\u00e9e, quelque 450 films provenant [&hellip;]\" \/>\n<meta property=\"og:url\" content=\"https:\/\/telefilm.ca\/fr\/appel-inscription\/49e-festival-international-du-film-de-goteborg\" \/>\n<meta property=\"og:site_name\" content=\"T\u00e9l\u00e9film Canada\" \/>\n<meta property=\"article:publisher\" content=\"https:\/\/www.facebook.com\/TelefilmCanada\/\" \/>\n<meta property=\"article:modified_time\" content=\"2025-08-01T17:52:04+00:00\" \/>\n<meta property=\"og:image\" content=\"https:\/\/telefilm.ca\/wp-content\/uploads\/2026\/08\/og-image-t-1200x675-1.png\" \/>\n\t<meta property=\"og:image:width\" content=\"1200\" \/>\n\t<meta property=\"og:image:height\" content=\"675\" \/>\n\t<meta property=\"og:image:type\" content=\"image\/png\" \/>\n<meta name=\"twitter:card\" content=\"summary_large_image\" \/>\n<meta name=\"twitter:site\" content=\"@Telefilm_Canada\" \/>\n<meta name=\"twitter:label1\" content=\"Estimation du temps de lecture\" \/>\n\t<meta name=\"twitter:data1\" content=\"2 minutes\" \/>\n<script type=\"application\/ld+json\" class=\"yoast-schema-graph\">{\"@context\":\"https:\\\/\\\/schema.org\",\"@graph\":[{\"@type\":\"WebPage\",\"@id\":\"https:\\\/\\\/telefilm.ca\\\/fr\\\/appel-inscription\\\/49e-festival-international-du-film-de-goteborg\",\"url\":\"https:\\\/\\\/telefilm.ca\\\/fr\\\/appel-inscription\\\/49e-festival-international-du-film-de-goteborg\",\"name\":\"49e Festival international du film de G\u00f6teborg | T\u00e9l\u00e9film Canada\",\"isPartOf\":{\"@id\":\"https:\\\/\\\/telefilm.ca\\\/fr#website\"},\"datePublished\":\"2025-08-01T16:03:19+00:00\",\"dateModified\":\"2025-08-01T17:52:04+00:00\",\"breadcrumb\":{\"@id\":\"https:\\\/\\\/telefilm.ca\\\/fr\\\/appel-inscription\\\/49e-festival-international-du-film-de-goteborg#breadcrumb\"},\"inLanguage\":\"fr-CA\",\"potentialAction\":[{\"@type\":\"ReadAction\",\"target\":[\"https:\\\/\\\/telefilm.ca\\\/fr\\\/appel-inscription\\\/49e-festival-international-du-film-de-goteborg\"]}]},{\"@type\":\"BreadcrumbList\",\"@id\":\"https:\\\/\\\/telefilm.ca\\\/fr\\\/appel-inscription\\\/49e-festival-international-du-film-de-goteborg#breadcrumb\",\"itemListElement\":[{\"@type\":\"ListItem\",\"position\":1,\"name\":\"Accueil\",\"item\":\"https:\\\/\\\/telefilm.ca\\\/fr\"},{\"@type\":\"ListItem\",\"position\":2,\"name\":\"Calls for Entry\",\"item\":\"https:\\\/\\\/telefilm.ca\\\/fr\\\/appel-inscription\"},{\"@type\":\"ListItem\",\"position\":3,\"name\":\"49e Festival international du film de G\u00f6teborg\"}]},{\"@type\":\"WebSite\",\"@id\":\"https:\\\/\\\/telefilm.ca\\\/fr#website\",\"url\":\"https:\\\/\\\/telefilm.ca\\\/fr\",\"name\":\"T\u00e9l\u00e9film Canada\",\"description\":\"Partenaire de choix\",\"publisher\":{\"@id\":\"https:\\\/\\\/telefilm.ca\\\/fr#organization\"},\"potentialAction\":[{\"@type\":\"SearchAction\",\"target\":{\"@type\":\"EntryPoint\",\"urlTemplate\":\"https:\\\/\\\/telefilm.ca\\\/fr?s={search_term_string}\"},\"query-input\":{\"@type\":\"PropertyValueSpecification\",\"valueRequired\":true,\"valueName\":\"search_term_string\"}}],\"inLanguage\":\"fr-CA\"},{\"@type\":\"Organization\",\"@id\":\"https:\\\/\\\/telefilm.ca\\\/fr#organization\",\"name\":\"Telefilm Canada\",\"url\":\"https:\\\/\\\/telefilm.ca\\\/fr\",\"logo\":{\"@type\":\"ImageObject\",\"inLanguage\":\"fr-CA\",\"@id\":\"https:\\\/\\\/telefilm.ca\\\/fr#\\\/schema\\\/logo\\\/image\\\/\",\"url\":\"https:\\\/\\\/telefilm.ca\\\/wp-content\\\/uploads\\\/2026\\\/05\\\/cropped-tfc_favicon_512.png\",\"contentUrl\":\"https:\\\/\\\/telefilm.ca\\\/wp-content\\\/uploads\\\/2026\\\/05\\\/cropped-tfc_favicon_512.png\",\"width\":512,\"height\":512,\"caption\":\"Telefilm Canada\"},\"image\":{\"@id\":\"https:\\\/\\\/telefilm.ca\\\/fr#\\\/schema\\\/logo\\\/image\\\/\"},\"sameAs\":[\"https:\\\/\\\/www.facebook.com\\\/TelefilmCanada\\\/\",\"https:\\\/\\\/x.com\\\/Telefilm_Canada\",\"https:\\\/\\\/www.instagram.com\\\/telefilm_canada\\\/\",\"https:\\\/\\\/www.linkedin.com\\\/company\\\/telefilm-canada\\\/\",\"https:\\\/\\\/www.youtube.com\\\/user\\\/telefilmcanada\"]}]}<\/script>\n<!-- \/ Yoast SEO plugin. -->","yoast_head_json":{"title":"49e Festival international du film de G\u00f6teborg | T\u00e9l\u00e9film Canada","robots":{"index":"index","follow":"follow","max-snippet":"max-snippet:-1","max-image-preview":"max-image-preview:large","max-video-preview":"max-video-preview:-1"},"canonical":"https:\/\/telefilm.ca\/fr\/appel-inscription\/49e-festival-international-du-film-de-goteborg","og_locale":"fr_CA","og_type":"article","og_title":"49e Festival international du film de G\u00f6teborg | T\u00e9l\u00e9film Canada","og_description":"APPEL D\u2019INSCRIPTIONS (Longs m\u00e9trages, tous genres) Le Festival international du film de G\u00f6teborg accepte pr\u00e9sentement les inscriptions pour sa prochaine \u00e9dition.&nbsp; D\u00c9TAILS ADMISSIBILIT\u00c9 Veuillez consultez le site du festival. \u00c0 PROPOS&nbsp; Lanc\u00e9 en 1979, le Festival de G\u00f6teborg est devenu le plus important festival de films public en Scandinavie. Chaque ann\u00e9e, quelque 450 films provenant [&hellip;]","og_url":"https:\/\/telefilm.ca\/fr\/appel-inscription\/49e-festival-international-du-film-de-goteborg","og_site_name":"T\u00e9l\u00e9film Canada","article_publisher":"https:\/\/www.facebook.com\/TelefilmCanada\/","article_modified_time":"2025-08-01T17:52:04+00:00","og_image":[{"width":1200,"height":675,"url":"https:\/\/telefilm.ca\/wp-content\/uploads\/2026\/08\/og-image-t-1200x675-1.png","type":"image\/png"}],"twitter_card":"summary_large_image","twitter_site":"@Telefilm_Canada","twitter_misc":{"Estimation du temps de lecture":"2 minutes"},"schema":{"@context":"https:\/\/schema.org","@graph":[{"@type":"WebPage","@id":"https:\/\/telefilm.ca\/fr\/appel-inscription\/49e-festival-international-du-film-de-goteborg","url":"https:\/\/telefilm.ca\/fr\/appel-inscription\/49e-festival-international-du-film-de-goteborg","name":"49e Festival international du film de G\u00f6teborg | T\u00e9l\u00e9film Canada","isPartOf":{"@id":"https:\/\/telefilm.ca\/fr#website"},"datePublished":"2025-08-01T16:03:19+00:00","dateModified":"2025-08-01T17:52:04+00:00","breadcrumb":{"@id":"https:\/\/telefilm.ca\/fr\/appel-inscription\/49e-festival-international-du-film-de-goteborg#breadcrumb"},"inLanguage":"fr-CA","potentialAction":[{"@type":"ReadAction","target":["https:\/\/telefilm.ca\/fr\/appel-inscription\/49e-festival-international-du-film-de-goteborg"]}]},{"@type":"BreadcrumbList","@id":"https:\/\/telefilm.ca\/fr\/appel-inscription\/49e-festival-international-du-film-de-goteborg#breadcrumb","itemListElement":[{"@type":"ListItem","position":1,"name":"Accueil","item":"https:\/\/telefilm.ca\/fr"},{"@type":"ListItem","position":2,"name":"Calls for Entry","item":"https:\/\/telefilm.ca\/fr\/appel-inscription"},{"@type":"ListItem","position":3,"name":"49e Festival international du film de G\u00f6teborg"}]},{"@type":"WebSite","@id":"https:\/\/telefilm.ca\/fr#website","url":"https:\/\/telefilm.ca\/fr","name":"T\u00e9l\u00e9film Canada","description":"Partenaire de choix","publisher":{"@id":"https:\/\/telefilm.ca\/fr#organization"},"potentialAction":[{"@type":"SearchAction","target":{"@type":"EntryPoint","urlTemplate":"https:\/\/telefilm.ca\/fr?s={search_term_string}"},"query-input":{"@type":"PropertyValueSpecification","valueRequired":true,"valueName":"search_term_string"}}],"inLanguage":"fr-CA"},{"@type":"Organization","@id":"https:\/\/telefilm.ca\/fr#organization","name":"Telefilm Canada","url":"https:\/\/telefilm.ca\/fr","logo":{"@type":"ImageObject","inLanguage":"fr-CA","@id":"https:\/\/telefilm.ca\/fr#\/schema\/logo\/image\/","url":"https:\/\/telefilm.ca\/wp-content\/uploads\/2026\/05\/cropped-tfc_favicon_512.png","contentUrl":"https:\/\/telefilm.ca\/wp-content\/uploads\/2026\/05\/cropped-tfc_favicon_512.png","width":512,"height":512,"caption":"Telefilm Canada"},"image":{"@id":"https:\/\/telefilm.ca\/fr#\/schema\/logo\/image\/"},"sameAs":["https:\/\/www.facebook.com\/TelefilmCanada\/","https:\/\/x.com\/Telefilm_Canada","https:\/\/www.instagram.com\/telefilm_canada\/","https:\/\/www.linkedin.com\/company\/telefilm-canada\/","https:\/\/www.youtube.com\/user\/telefilmcanada"]}]}},"wpml_current_locale":"fr_CA","wpml_translations":[{"locale":"en_CA","id":173738,"post_title":"49th G\u00f6teborg International Film Festival","href":"https:\/\/telefilm.ca\/en\/49th-goteborg-international-film-festival\/"}],"_links":{"self":[{"href":"https:\/\/telefilm.ca\/fr\/wp-json\/wp\/v2\/appel-inscription\/173741","targetHints":{"allow":["GET"]}}],"collection":[{"href":"https:\/\/telefilm.ca\/fr\/wp-json\/wp\/v2\/appel-inscription"}],"about":[{"href":"https:\/\/telefilm.ca\/fr\/wp-json\/wp\/v2\/types\/appel-inscription"}],"version-history":[{"count":3,"href":"https:\/\/telefilm.ca\/fr\/wp-json\/wp\/v2\/appel-inscription\/173741\/revisions"}],"predecessor-version":[{"id":173748,"href":"https:\/\/telefilm.ca\/fr\/wp-json\/wp\/v2\/appel-inscription\/173741\/revisions\/173748"}],"wp:attachment":[{"href":"https:\/\/telefilm.ca\/fr\/wp-json\/wp\/v2\/media?parent=173741"}],"wp:term":[{"taxonomy":"categorie_appel_inscription","embeddable":true,"href":"https:\/\/telefilm.ca\/fr\/wp-json\/wp\/v2\/categorie_appel_inscription?post=173741"}],"curies":[{"name":"wp","href":"https:\/\/api.w.org\/{rel}","templated":true}]}}