{"id":175553,"date":"2025-12-08T13:56:54","date_gmt":"2025-12-08T18:56:54","guid":{"rendered":"https:\/\/telefilm.ca\/?post_type=appel-inscription&#038;p=175553"},"modified":"2026-02-12T15:07:03","modified_gmt":"2026-02-12T20:07:03","slug":"cannes-2026-talent-tout-court-au-short-film-corner","status":"publish","type":"appel-inscription","link":"https:\/\/telefilm.ca\/fr\/appel-inscription\/cannes-2026-talent-tout-court-au-short-film-corner","title":{"rendered":"Cannes\u00a02026\u00a0| TALENT TOUT COURT\u00a0au\u00a0Short Film Corner\u00a0"},"content":{"rendered":"<div class=\"editor-content\">\n<h2 class=\"wp-block-heading\" id=\"appel-dinscription\">APPEL D&#8217;INSCRIPTION<\/h2>\n\n\n\n<p class=\"wp-block-paragraph\"><em>(Courts m\u00e9trages canadiens, tous genres)<\/em>&nbsp;<\/p>\n\n\n\n<p class=\"wp-block-paragraph\">T\u00e9l\u00e9film Canada accepte pr\u00e9sentement des soumissions pour la 16e \u00e9dition du\u00a0programme\u202f <strong>CANADA : TALENT TOUT COURT<\/strong>\u202f\u00e0 Cannes, une vitrine commerciale pr\u00e9sent\u00e9e au\u202f<a href=\"https:\/\/cinemadedemain.festival-cannes.com\/participer\/inscrire-un-film-au-sfc-rendez-vous-industry\/\" target=\"_blank\" rel=\"noreferrer noopener\"><strong>Short Film Corner\u00a0| Rendez-vous\u00a0Industry\u00a02026<\/strong>.<\/a>\u00a0<\/p>\n\n\n\n<p class=\"wp-block-paragraph\"><strong>Talent tout court\u202f<\/strong>est une initiative de T\u00e9l\u00e9film Canada qui pr\u00e9sente une s\u00e9lection de nouveaux courts m\u00e9trages canadiens sur les march\u00e9s internationaux.&nbsp;Les films&nbsp;retenus&nbsp;seront&nbsp;pr\u00e9sent\u00e9s&nbsp;dans le cadre du Short&nbsp;Film&nbsp;Corner&nbsp;| Rendez-vous&nbsp;Industry, une initiative de Cin\u00e9ma de Demain, entit\u00e9 du Festival de Cannes d\u00e9di\u00e9e \u00e0 l\u2019accompagnement de jeunes talents, dont les activit\u00e9s ont lieu au c\u0153ur du March\u00e9 du Film.&nbsp;<\/p>\n\n\n\n<p class=\"wp-block-paragraph\">Cette vitrine vise \u00e0 accro\u00eetre la visibilit\u00e9 des nouveaux courts m\u00e9trages canadiens et \u00e0 promouvoir les talents aupr\u00e8s des d\u00e9l\u00e9gu\u00e9s de l\u2019industrie inscrits sur les march\u00e9s internationaux, notamment les acheteurs et les programmateurs de festivals.&nbsp;<\/p>\n\n\n\n<p class=\"wp-block-paragraph\">Les films&nbsp;choisis&nbsp;b\u00e9n\u00e9ficieront d\u2019une campagne de promotion d\u00e9velopp\u00e9e par T\u00e9l\u00e9film Canada pour assurer leur visibilit\u00e9. Sous le d\u00e9nominatif&nbsp;\u00abCanada&nbsp;: Not Short on&nbsp;Talent\u00bb,&nbsp;votre film sera&nbsp;mis en valeur dans le catalogue march\u00e9 et disponible dans la&nbsp;Video Library&nbsp;du Short Film Corner | Rendez-vous&nbsp;Industry.&nbsp;<\/p>\n\n\n\n<p class=\"wp-block-paragraph\">Si votre film est&nbsp;pris, vous aurez acc\u00e8s \u00e0 des formations d\u00e9velopp\u00e9es par le Short Film Corner et sp\u00e9cifiquement d\u00e9di\u00e9es \u00e0 notre cohorte. Gr\u00e2ce aux 2 accr\u00e9ditations offertes \u00e0 votre \u00e9quipe, vous aurez \u00e9galement acc\u00e8s \u00e0\u202f<a href=\"https:\/\/cdn.festival-cannes.com\/media\/uploads\/sites\/2\/2025\/05\/sfc25_industryprogram-1.pdf\" target=\"_blank\" rel=\"noreferrer noopener\"><strong>la programmation du march\u00e9 du court<\/strong><\/a>&nbsp;et \u00e0 des activit\u00e9s telles&nbsp;que&nbsp;ateliers, panels,&nbsp;masterclasses, projections et plus encore.&nbsp;<\/p>\n\n\n\n<p class=\"wp-block-paragraph\">Sur disponibilit\u00e9 de fonds,&nbsp;une bourse de voyage&nbsp;sera offerte&nbsp;aux \u00e9quipes participantes au programme Talent Tout Court 2026&nbsp;afin de couvrir une partie de leur frais de d\u00e9placement.&nbsp;<\/p>\n\n\n\n<hr class=\"wp-block-separator has-alpha-channel-opacity\"\/>\n\n\n\n<details class=\"wp-block-details has-h-3-font-size is-layout-flow wp-block-details-is-layout-flow\"><summary><strong>CRIT\u00c8RE D&#8217;ADMISSIBILIT\u00c9<\/strong><\/summary>\n<p class=\"has-regular-font-size wp-block-paragraph\"><\/p>\n\n\n\n<p class=\"has-regular-font-size wp-block-paragraph\">Pour \u00eatre consid\u00e9r\u00e9, un film doit :&nbsp;<\/p>\n\n\n\n<ul class=\"wp-block-list\">\n<li class=\"has-regular-font-size\">Garder un statut de premi\u00e8re mondiale;&nbsp;&nbsp;<\/li>\n\n\n\n<li class=\"has-regular-font-size\">Ne pas avoir \u00e9t\u00e9 disponible pour diffusion publique sur Internet \u00e0 l\u2019ext\u00e9rieur du Canada;&nbsp;<\/li>\n\n\n\n<li class=\"has-regular-font-size\">Avoir \u00e9t\u00e9 produit&nbsp;apr\u00e8s le 1<sup>er<\/sup>&nbsp;septembre&nbsp;2025;&nbsp;<\/li>\n\n\n\n<li class=\"has-regular-font-size\">Avoir&nbsp;d\u2019une dur\u00e9e maximale de&nbsp;15&nbsp;minutes;&nbsp;<\/li>\n\n\n\n<li class=\"has-regular-font-size\">Les films dans une langue autre que l\u2019anglais doivent \u00eatre sous-titr\u00e9s en anglais au moment de la soumission pour rencontrer les pr\u00e9requis d\u2019une diffusion sur le march\u00e9 international (si non disponibles au moment de votre soumission, l\u2019indiquer sur le formulaire, des exceptions pourront \u00eatre consid\u00e9r\u00e9es au moment de l\u2019\u00e9valuation).&nbsp;<\/li>\n\n\n\n<li class=\"has-regular-font-size\">Le film ne doit pas avoir soumis \u00e0 Talent tout court &#8211; \u00e9dition Cannes 2025;&nbsp;<\/li>\n\n\n\n<li class=\"has-regular-font-size\">L\u2019\u00e9quipe film&nbsp;doit \u00eatre disponible pour&nbsp;participer aux activit\u00e9s&nbsp;de formation&nbsp;du Short Film Corner \u00e0 Cannes,&nbsp;entre le 17&nbsp;au 20&nbsp;mai 2026.&nbsp;<\/li>\n<\/ul>\n\n\n\n<p class=\"has-regular-font-size wp-block-paragraph\"><strong>IMPORTANT:<\/strong>&nbsp;Un film retenu devra \u00eatre termin\u00e9,&nbsp;et son fichier num\u00e9rique&nbsp;avec sous-titres&nbsp;devra&nbsp;\u00e0 \u00eatre&nbsp;pr\u00eat pour&nbsp;t\u00e9l\u00e9chargement&nbsp;en&nbsp;<strong>mars&nbsp;2026&nbsp;<\/strong>au plus tard<strong>.<\/strong>&nbsp;<\/p>\n<\/details>\n\n\n\n<hr class=\"wp-block-separator has-alpha-channel-opacity\"\/>\n\n\n\n<details class=\"wp-block-details has-h-3-font-size is-layout-flow wp-block-details-is-layout-flow\"><summary><strong>PROCESSUS DE CURATION<\/strong><\/summary>\n<p class=\"has-regular-font-size wp-block-paragraph\"><\/p>\n\n\n\n<p class=\"has-regular-font-size wp-block-paragraph\">Les soumissions doivent \u00eatre re\u00e7ues le <strong>16&nbsp;janvier&nbsp;2026<\/strong>.&nbsp;<\/p>\n\n\n\n<p class=\"has-regular-font-size wp-block-paragraph\">Talent tout court est un programme limit\u00e9 \u00e0 90 minutes.&nbsp;Les crit\u00e8res d\u2019admissibilit\u00e9 seront appliqu\u00e9s dans l\u2019\u00e9valuation de chaque projet. La priorit\u00e9 sera donn\u00e9e aux \u00e9quipes du film qui n\u2019ont pas encore \u00e9t\u00e9 choisisdans le cadre d\u2019une cohorte Talent tout court.&nbsp;<\/p>\n\n\n\n<p class=\"has-regular-font-size wp-block-paragraph\">Les d\u00e9cisions seront communiqu\u00e9es par courriel&nbsp;au fin&nbsp;f\u00e9vrier.&nbsp;<\/p>\n\n\n\n<p class=\"has-regular-font-size wp-block-paragraph\">Si votre film est s\u00e9lectionn\u00e9, vous devrez livrer&nbsp;un&nbsp;<strong><a href=\"https:\/\/cinemadedemain.festival-cannes.com\/participer\/inscrire-un-film-au-sfc-rendez-vous-industry\/#faq-4\" target=\"_blank\" rel=\"noreferrer noopener\">fichier num\u00e9rique de celui-ci au Short Film Corner | Rendez-vous Industry<\/a>.<\/strong> Une image et un extrait du film seront aussi requis pour des fins de promotion.&nbsp;<\/p>\n\n\n\n<p class=\"has-regular-font-size wp-block-paragraph\">T\u00e9l\u00e9film Canada prendra en charge le co\u00fbt de l&#8217;inclusion de votre film dans la vid\u00e9oth\u00e8que du march\u00e9 r\u00e9serv\u00e9e aux professionnels, ainsi que les formations cibl\u00e9es.&nbsp;De plus, les films s\u00e9lectionn\u00e9s b\u00e9n\u00e9ficieront d\u2019une campagne de promotion en ligne et financ\u00e9e par T\u00e9l\u00e9film Canada pour assurer la visibilit\u00e9 des films.&nbsp;&nbsp;<\/p>\n<\/details>\n\n\n\n<hr class=\"wp-block-separator has-alpha-channel-opacity\"\/>\n\n\n\n<div class=\"wp-block-buttons is-style-default act-button act-button--full-width is-layout-flex wp-block-buttons-is-layout-flex\">\n<div class=\"wp-block-button has-custom-width wp-block-button__width-100 is-style-with-icon\"><a class=\"wp-block-button__link wp-element-button\" href=\"https:\/\/telefilmbpm.appiancloud.com\/suite\/sites\/client\/page\/calls\/record\/lQBaiJ45Q3Cj0vo-S0MQD9tsQCCaT5lSZrGMryQvagN8IqfOS4Q6V8_YIjszNpF2_ciphFd5D8-EEQp-GxU8vtq73yLntMP4zZdJrz6ucOkPEZ-z5U\/view\/summary\" target=\"_blank\" rel=\"noreferrer noopener\"><strong style=\"font-family: inherit; font-size: 1rem; font-style: inherit; letter-spacing: inherit; text-transform: inherit; display: inline !important;\">SOUMETTRE ICI<\/strong><i aria-label=\"Bouton primaire pleine largeur avec ic\u00f4ne\" class=\"icon far fa-external-link-alt\" aria-hidden=\"true\"> <\/i><br>    <\/a><\/div>\n<\/div>\n\n\n\n<ul class=\"wp-block-list\">\n<li>Cet appel d\u2019inscriptions sera soumis avec&nbsp;<strong><a href=\"https:\/\/telefilm.ca\/fr\/se-connecter\" target=\"_blank\" rel=\"noreferrer noopener\">Dialogue \u00c9v\u00e9nements<\/a><\/strong>.<\/li>\n\n\n\n<li>Veuillez consulter le&nbsp;<strong><a href=\"https:\/\/telefilm.ca\/wp-content\/uploads\/2023\/09\/Guide-de-lutilisateur_Dialogue-evenements-1.pdf\" target=\"_blank\" rel=\"noreferrer noopener\">guide de l\u2019utilisateur&nbsp;<\/a><\/strong>pour soumettre votre application<\/li>\n<\/ul>\n\n\n\n<hr class=\"wp-block-separator has-alpha-channel-opacity\"\/>\n\n\n\n<h2 class=\"wp-block-heading has-h-3-font-size\"><strong>RENSEIGNEMENT<\/strong><\/h2>\n\n\n\n<p class=\"wp-block-paragraph\">Pour de plus amples renseignements sur cette initiatives, veuillez communiquer avec&nbsp;<a href=\"mailto:Erika.Loyola@telefilm.ca\" target=\"_blank\" rel=\"noreferrer noopener\"><strong>Erika Loyola<\/strong><\/a>.<br><br>Pour toutes questions li\u00e9es au processus d\u2019inscription, communiquez avec&nbsp;<a href=\"mailto:zaida.bourguiba@telefilm.ca\" target=\"_blank\" rel=\"noreferrer noopener\"><strong>Za\u00efda&nbsp;Bourguiba<\/strong><\/a>.<\/p>\n\n\n\n<p class=\"wp-block-paragraph\"><br><strong>Promotion et communications<\/strong>&nbsp;<br>T\u00e9l\u00e9film Canada, Montr\u00e9al&nbsp;<br><strong><a href=\"mailto:DL-Festivals@telefilm.ca\" target=\"_blank\" rel=\"noreferrer noopener\">DL-Festivals@telefilm.ca<\/a>&nbsp;<\/strong><br>1 800 567-0890&nbsp;<\/p>\n<\/div>","protected":false},"template":"","categorie_appel_inscription":[15,38143],"class_list":["post-175553","appel-inscription","type-appel-inscription","status-publish","hentry","categorie_appel_inscription-festival-court-metrages","categorie_appel_inscription-initiative-telefilm"],"acf":{"date_debut":"20260517","date_fin":"20260520","ville":"Cannes","pays":"France","edition":"","deadlines":[{"description":"Date limite d\u2019inscription","date":"20260122"}]},"yoast_head":"<!-- This site is optimized with the Yoast SEO plugin v28.4 - https:\/\/yoast.com\/product\/yoast-seo-wordpress\/ -->\n<title>Cannes\u00a02026\u00a0| TALENT TOUT COURT\u00a0au\u00a0Short Film Corner\u00a0 | T\u00e9l\u00e9film Canada<\/title>\n<meta name=\"robots\" content=\"index, follow, max-snippet:-1, max-image-preview:large, max-video-preview:-1\" \/>\n<link rel=\"canonical\" href=\"https:\/\/telefilm.ca\/fr\/appel-inscription\/cannes-2026-talent-tout-court-au-short-film-corner\" \/>\n<meta property=\"og:locale\" content=\"fr_CA\" \/>\n<meta property=\"og:type\" content=\"article\" \/>\n<meta property=\"og:title\" content=\"Cannes\u00a02026\u00a0| TALENT TOUT COURT\u00a0au\u00a0Short Film Corner\u00a0 | T\u00e9l\u00e9film Canada\" \/>\n<meta property=\"og:description\" content=\"APPEL D&#8217;INSCRIPTION (Courts m\u00e9trages canadiens, tous genres)&nbsp; T\u00e9l\u00e9film Canada accepte pr\u00e9sentement des soumissions pour la 16e \u00e9dition du\u00a0programme\u202f CANADA : TALENT TOUT COURT\u202f\u00e0 Cannes, une vitrine commerciale pr\u00e9sent\u00e9e au\u202fShort Film Corner\u00a0| Rendez-vous\u00a0Industry\u00a02026.\u00a0 Talent tout court\u202fest une initiative de T\u00e9l\u00e9film Canada qui pr\u00e9sente une s\u00e9lection de nouveaux courts m\u00e9trages canadiens sur les march\u00e9s internationaux.&nbsp;Les films&nbsp;retenus&nbsp;seront&nbsp;pr\u00e9sent\u00e9s&nbsp;dans le [&hellip;]\" \/>\n<meta property=\"og:url\" content=\"https:\/\/telefilm.ca\/fr\/appel-inscription\/cannes-2026-talent-tout-court-au-short-film-corner\" \/>\n<meta property=\"og:site_name\" content=\"T\u00e9l\u00e9film Canada\" \/>\n<meta property=\"article:publisher\" content=\"https:\/\/www.facebook.com\/TelefilmCanada\/\" \/>\n<meta property=\"article:modified_time\" content=\"2026-02-12T20:07:03+00:00\" \/>\n<meta property=\"og:image\" content=\"https:\/\/telefilm.ca\/wp-content\/uploads\/2026\/08\/og-image-t-1200x675-1.png\" \/>\n\t<meta property=\"og:image:width\" content=\"1200\" \/>\n\t<meta property=\"og:image:height\" content=\"675\" \/>\n\t<meta property=\"og:image:type\" content=\"image\/png\" \/>\n<meta name=\"twitter:card\" content=\"summary_large_image\" \/>\n<meta name=\"twitter:site\" content=\"@Telefilm_Canada\" \/>\n<meta name=\"twitter:label1\" content=\"Estimation du temps de lecture\" \/>\n\t<meta name=\"twitter:data1\" content=\"4 minutes\" \/>\n<script type=\"application\/ld+json\" class=\"yoast-schema-graph\">{\"@context\":\"https:\\\/\\\/schema.org\",\"@graph\":[{\"@type\":\"WebPage\",\"@id\":\"https:\\\/\\\/telefilm.ca\\\/fr\\\/appel-inscription\\\/cannes-2026-talent-tout-court-au-short-film-corner\",\"url\":\"https:\\\/\\\/telefilm.ca\\\/fr\\\/appel-inscription\\\/cannes-2026-talent-tout-court-au-short-film-corner\",\"name\":\"Cannes\u00a02026\u00a0| TALENT TOUT COURT\u00a0au\u00a0Short Film Corner\u00a0 | T\u00e9l\u00e9film Canada\",\"isPartOf\":{\"@id\":\"https:\\\/\\\/telefilm.ca\\\/fr#website\"},\"datePublished\":\"2025-12-08T18:56:54+00:00\",\"dateModified\":\"2026-02-12T20:07:03+00:00\",\"breadcrumb\":{\"@id\":\"https:\\\/\\\/telefilm.ca\\\/fr\\\/appel-inscription\\\/cannes-2026-talent-tout-court-au-short-film-corner#breadcrumb\"},\"inLanguage\":\"fr-CA\",\"potentialAction\":[{\"@type\":\"ReadAction\",\"target\":[\"https:\\\/\\\/telefilm.ca\\\/fr\\\/appel-inscription\\\/cannes-2026-talent-tout-court-au-short-film-corner\"]}]},{\"@type\":\"BreadcrumbList\",\"@id\":\"https:\\\/\\\/telefilm.ca\\\/fr\\\/appel-inscription\\\/cannes-2026-talent-tout-court-au-short-film-corner#breadcrumb\",\"itemListElement\":[{\"@type\":\"ListItem\",\"position\":1,\"name\":\"Accueil\",\"item\":\"https:\\\/\\\/telefilm.ca\\\/fr\"},{\"@type\":\"ListItem\",\"position\":2,\"name\":\"Calls for Entry\",\"item\":\"https:\\\/\\\/telefilm.ca\\\/fr\\\/appel-inscription\"},{\"@type\":\"ListItem\",\"position\":3,\"name\":\"Cannes\u00a02026\u00a0| TALENT TOUT COURT\u00a0au\u00a0Short Film Corner\u00a0\"}]},{\"@type\":\"WebSite\",\"@id\":\"https:\\\/\\\/telefilm.ca\\\/fr#website\",\"url\":\"https:\\\/\\\/telefilm.ca\\\/fr\",\"name\":\"T\u00e9l\u00e9film Canada\",\"description\":\"Partenaire de choix\",\"publisher\":{\"@id\":\"https:\\\/\\\/telefilm.ca\\\/fr#organization\"},\"potentialAction\":[{\"@type\":\"SearchAction\",\"target\":{\"@type\":\"EntryPoint\",\"urlTemplate\":\"https:\\\/\\\/telefilm.ca\\\/fr?s={search_term_string}\"},\"query-input\":{\"@type\":\"PropertyValueSpecification\",\"valueRequired\":true,\"valueName\":\"search_term_string\"}}],\"inLanguage\":\"fr-CA\"},{\"@type\":\"Organization\",\"@id\":\"https:\\\/\\\/telefilm.ca\\\/fr#organization\",\"name\":\"Telefilm Canada\",\"url\":\"https:\\\/\\\/telefilm.ca\\\/fr\",\"logo\":{\"@type\":\"ImageObject\",\"inLanguage\":\"fr-CA\",\"@id\":\"https:\\\/\\\/telefilm.ca\\\/fr#\\\/schema\\\/logo\\\/image\\\/\",\"url\":\"https:\\\/\\\/telefilm.ca\\\/wp-content\\\/uploads\\\/2026\\\/05\\\/cropped-tfc_favicon_512.png\",\"contentUrl\":\"https:\\\/\\\/telefilm.ca\\\/wp-content\\\/uploads\\\/2026\\\/05\\\/cropped-tfc_favicon_512.png\",\"width\":512,\"height\":512,\"caption\":\"Telefilm Canada\"},\"image\":{\"@id\":\"https:\\\/\\\/telefilm.ca\\\/fr#\\\/schema\\\/logo\\\/image\\\/\"},\"sameAs\":[\"https:\\\/\\\/www.facebook.com\\\/TelefilmCanada\\\/\",\"https:\\\/\\\/x.com\\\/Telefilm_Canada\",\"https:\\\/\\\/www.instagram.com\\\/telefilm_canada\\\/\",\"https:\\\/\\\/www.linkedin.com\\\/company\\\/telefilm-canada\\\/\",\"https:\\\/\\\/www.youtube.com\\\/user\\\/telefilmcanada\"]}]}<\/script>\n<!-- \/ Yoast SEO plugin. -->","yoast_head_json":{"title":"Cannes\u00a02026\u00a0| TALENT TOUT COURT\u00a0au\u00a0Short Film Corner\u00a0 | T\u00e9l\u00e9film Canada","robots":{"index":"index","follow":"follow","max-snippet":"max-snippet:-1","max-image-preview":"max-image-preview:large","max-video-preview":"max-video-preview:-1"},"canonical":"https:\/\/telefilm.ca\/fr\/appel-inscription\/cannes-2026-talent-tout-court-au-short-film-corner","og_locale":"fr_CA","og_type":"article","og_title":"Cannes\u00a02026\u00a0| TALENT TOUT COURT\u00a0au\u00a0Short Film Corner\u00a0 | T\u00e9l\u00e9film Canada","og_description":"APPEL D&#8217;INSCRIPTION (Courts m\u00e9trages canadiens, tous genres)&nbsp; T\u00e9l\u00e9film Canada accepte pr\u00e9sentement des soumissions pour la 16e \u00e9dition du\u00a0programme\u202f CANADA : TALENT TOUT COURT\u202f\u00e0 Cannes, une vitrine commerciale pr\u00e9sent\u00e9e au\u202fShort Film Corner\u00a0| Rendez-vous\u00a0Industry\u00a02026.\u00a0 Talent tout court\u202fest une initiative de T\u00e9l\u00e9film Canada qui pr\u00e9sente une s\u00e9lection de nouveaux courts m\u00e9trages canadiens sur les march\u00e9s internationaux.&nbsp;Les films&nbsp;retenus&nbsp;seront&nbsp;pr\u00e9sent\u00e9s&nbsp;dans le [&hellip;]","og_url":"https:\/\/telefilm.ca\/fr\/appel-inscription\/cannes-2026-talent-tout-court-au-short-film-corner","og_site_name":"T\u00e9l\u00e9film Canada","article_publisher":"https:\/\/www.facebook.com\/TelefilmCanada\/","article_modified_time":"2026-02-12T20:07:03+00:00","og_image":[{"width":1200,"height":675,"url":"https:\/\/telefilm.ca\/wp-content\/uploads\/2026\/08\/og-image-t-1200x675-1.png","type":"image\/png"}],"twitter_card":"summary_large_image","twitter_site":"@Telefilm_Canada","twitter_misc":{"Estimation du temps de lecture":"4 minutes"},"schema":{"@context":"https:\/\/schema.org","@graph":[{"@type":"WebPage","@id":"https:\/\/telefilm.ca\/fr\/appel-inscription\/cannes-2026-talent-tout-court-au-short-film-corner","url":"https:\/\/telefilm.ca\/fr\/appel-inscription\/cannes-2026-talent-tout-court-au-short-film-corner","name":"Cannes\u00a02026\u00a0| TALENT TOUT COURT\u00a0au\u00a0Short Film Corner\u00a0 | T\u00e9l\u00e9film Canada","isPartOf":{"@id":"https:\/\/telefilm.ca\/fr#website"},"datePublished":"2025-12-08T18:56:54+00:00","dateModified":"2026-02-12T20:07:03+00:00","breadcrumb":{"@id":"https:\/\/telefilm.ca\/fr\/appel-inscription\/cannes-2026-talent-tout-court-au-short-film-corner#breadcrumb"},"inLanguage":"fr-CA","potentialAction":[{"@type":"ReadAction","target":["https:\/\/telefilm.ca\/fr\/appel-inscription\/cannes-2026-talent-tout-court-au-short-film-corner"]}]},{"@type":"BreadcrumbList","@id":"https:\/\/telefilm.ca\/fr\/appel-inscription\/cannes-2026-talent-tout-court-au-short-film-corner#breadcrumb","itemListElement":[{"@type":"ListItem","position":1,"name":"Accueil","item":"https:\/\/telefilm.ca\/fr"},{"@type":"ListItem","position":2,"name":"Calls for Entry","item":"https:\/\/telefilm.ca\/fr\/appel-inscription"},{"@type":"ListItem","position":3,"name":"Cannes\u00a02026\u00a0| TALENT TOUT COURT\u00a0au\u00a0Short Film Corner\u00a0"}]},{"@type":"WebSite","@id":"https:\/\/telefilm.ca\/fr#website","url":"https:\/\/telefilm.ca\/fr","name":"T\u00e9l\u00e9film Canada","description":"Partenaire de choix","publisher":{"@id":"https:\/\/telefilm.ca\/fr#organization"},"potentialAction":[{"@type":"SearchAction","target":{"@type":"EntryPoint","urlTemplate":"https:\/\/telefilm.ca\/fr?s={search_term_string}"},"query-input":{"@type":"PropertyValueSpecification","valueRequired":true,"valueName":"search_term_string"}}],"inLanguage":"fr-CA"},{"@type":"Organization","@id":"https:\/\/telefilm.ca\/fr#organization","name":"Telefilm Canada","url":"https:\/\/telefilm.ca\/fr","logo":{"@type":"ImageObject","inLanguage":"fr-CA","@id":"https:\/\/telefilm.ca\/fr#\/schema\/logo\/image\/","url":"https:\/\/telefilm.ca\/wp-content\/uploads\/2026\/05\/cropped-tfc_favicon_512.png","contentUrl":"https:\/\/telefilm.ca\/wp-content\/uploads\/2026\/05\/cropped-tfc_favicon_512.png","width":512,"height":512,"caption":"Telefilm Canada"},"image":{"@id":"https:\/\/telefilm.ca\/fr#\/schema\/logo\/image\/"},"sameAs":["https:\/\/www.facebook.com\/TelefilmCanada\/","https:\/\/x.com\/Telefilm_Canada","https:\/\/www.instagram.com\/telefilm_canada\/","https:\/\/www.linkedin.com\/company\/telefilm-canada\/","https:\/\/www.youtube.com\/user\/telefilmcanada"]}]}},"wpml_current_locale":"fr_CA","wpml_translations":[{"locale":"en_CA","id":175550,"post_title":"Cannes 2026\u00a0| NOT SHORT ON TALENT at\u00a0the\u00a0Short Film Corner\u00a0","href":"https:\/\/telefilm.ca\/en\/cannes-2026-not-short-on-talent-at-the-short-film-corner\/"}],"_links":{"self":[{"href":"https:\/\/telefilm.ca\/fr\/wp-json\/wp\/v2\/appel-inscription\/175553","targetHints":{"allow":["GET"]}}],"collection":[{"href":"https:\/\/telefilm.ca\/fr\/wp-json\/wp\/v2\/appel-inscription"}],"about":[{"href":"https:\/\/telefilm.ca\/fr\/wp-json\/wp\/v2\/types\/appel-inscription"}],"version-history":[{"count":1,"href":"https:\/\/telefilm.ca\/fr\/wp-json\/wp\/v2\/appel-inscription\/175553\/revisions"}],"predecessor-version":[{"id":178012,"href":"https:\/\/telefilm.ca\/fr\/wp-json\/wp\/v2\/appel-inscription\/175553\/revisions\/178012"}],"wp:attachment":[{"href":"https:\/\/telefilm.ca\/fr\/wp-json\/wp\/v2\/media?parent=175553"}],"wp:term":[{"taxonomy":"categorie_appel_inscription","embeddable":true,"href":"https:\/\/telefilm.ca\/fr\/wp-json\/wp\/v2\/categorie_appel_inscription?post=175553"}],"curies":[{"name":"wp","href":"https:\/\/api.w.org\/{rel}","templated":true}]}}