{"id":177722,"date":"2026-07-13T10:00:00","date_gmt":"2026-07-13T14:00:00","guid":{"rendered":"https:\/\/telefilm.ca\/?post_type=appel-inscription&#038;p=177722"},"modified":"2026-07-28T14:53:30","modified_gmt":"2026-07-28T18:53:30","slug":"programme-daccelerateur-creatif-canadien-acc-programme-dhorreur-2026","status":"publish","type":"appel-inscription","link":"https:\/\/telefilm.ca\/fr\/appel-inscription\/programme-daccelerateur-creatif-canadien-acc-programme-dhorreur-2026","title":{"rendered":"Programme d\u2019Acc\u00e9l\u00e9rateur Cr\u00e9atif Canadien (ACC)\u00a0| Programme d&#8217;horreur 2026"},"content":{"rendered":"<div class=\"editor-content\">\n<p class=\"wp-block-paragraph\"><em>(Long m\u00e9trages d\u2019horreur)<\/em>&nbsp;<\/p>\n\n\n\n<p class=\"wp-block-paragraph\">Le Programme d\u2019Acc\u00e9l\u00e9rateur Cr\u00e9atif Canadien (ACC) est organis\u00e9 par le Service des d\u00e9l\u00e9gu\u00e9s commerciaux (SDC) au Consulat g\u00e9n\u00e9ral du Canada \u00e0 Los Angeles avec le soutien de T\u00e9l\u00e9film Canada.&nbsp;<br>&nbsp;<br>L\u2019\u00e9dition 2026 d\u00e9butera en octobre 2026 avec des ateliers cibl\u00e9s, des rencontres en personne et du mentorat individuel sur une p\u00e9riode d\u2019un mois. Le programme comprendra deux semaines en personne \u00e0 Los Angeles, pr\u00e9vues pour les semaines du\u202f<strong>26&nbsp;octobre 2026\u202f<\/strong>et du\u202f<strong>7 d\u00e9cembre 2026<\/strong>.<\/p>\n\n\n\n<p class=\"wp-block-paragraph\">Les participants auront une occasion unique d\u2019acc\u00e9der \u00e0 des producteurs, financiers, distributeurs et agences de gestion influents aux \u00c9tats-Unis. Ils prendront part \u00e0 des discussions avec des experts de l\u2019industrie, \u00e0 des \u00e9v\u00e9nements de r\u00e9seautage et \u00e0 des rencontres individuelles. Seules les entreprises pouvant s\u2019engager pleinement dans l\u2019ensemble du programme devraient soumettre leur candidature.\u00a0<strong>Toute la programmation de cette cohorte se d\u00e9roulera en anglais.<\/strong> <strong>Veuillez noter que T\u00e9l\u00e9film Canada n&#8217;offre pas de soutien de voyage et d&#8217;h\u00e9bergement pour la participation \u00e0 cette initiative.\u00a0<\/strong><\/p>\n\n\n\n<p class=\"wp-block-paragraph\">Les candidatures seront ouvertes\u202f<strong>jusqu\u2019au 14 ao\u00fbt 2026<\/strong>, et l\u2019annonce de la cohorte est pr\u00e9vue pour le\u202f<strong>15 septembre 2026<\/strong>. Cette date pourrait \u00eatre repouss\u00e9e&nbsp;\u00e0 la&nbsp;fin&nbsp;de&nbsp;septembre 2026&nbsp;en fonction des exigences du processus de s\u00e9lection.<\/p>\n\n\n\n<hr class=\"wp-block-separator has-alpha-channel-opacity\"\/>\n\n\n\n<div class=\"wp-block-buttons is-content-justification-center is-layout-flex wp-container-core-buttons-is-layout-edf2f169 wp-block-buttons-is-layout-flex\">\n<div class=\"wp-block-button btn--primary\"><a class=\"wp-block-button__link wp-element-button\" href=\"https:\/\/telefilmbpm.appiancloud.com\/suite\/sites\/client\/page\/calls\/record\/aIUVzaWnudf00FsQO1Q8fTSVAEOuyJaay2VHDJIA0dHBhUTybXKg0X6Hs4hznz5GStIB5U-ROG2Xec3syVLUEWqQuGc64qpYrn_sSjpLTcB45beEDrrqrv5y2E8I_oMpXYl1DH4Ew\/view\/summary\" target=\"_blank\" rel=\"noopener\">SOUMETTRE ICI<\/a><\/div>\n<\/div>\n\n\n\n<hr class=\"wp-block-separator has-alpha-channel-opacity\"\/>\n\n\n\n<h2 class=\"wp-block-heading\"><strong>CRIT\u00c8RES D\u2019ADMISSIBILIT\u00c9<\/strong>&nbsp;<\/h2>\n\n\n\n<p class=\"wp-block-paragraph\">Le projet principal doit \u00eatre un film d\u2019horreur.&nbsp;Pour \u00eatre admissible \u00e0 la cohorte de cette ann\u00e9e, votre entreprise doit :&nbsp;<\/p>\n\n\n\n<ul class=\"wp-block-list\">\n<li>\u00catre&nbsp;domicili\u00e9e&nbsp;au Canada\u202f&nbsp;<\/li>\n\n\n\n<li>Avoir d\u00e9j\u00e0 produit des films d\u2019horreur ou des films ayant b\u00e9n\u00e9fici\u00e9 d\u2019une distribution internationale\u202f&nbsp;<\/li>\n\n\n\n<li>\u00catre en mesure de d\u00e9l\u00e9guer un cadre ex\u00e9cutif pour participer aux deux semaines de programmation en personne \u00e0 Los Angeles en octobre&nbsp;et d\u00e9cembre&nbsp;2026<br>&nbsp;<\/li>\n<\/ul>\n\n\n\n<p class=\"wp-block-paragraph\">Nous encourageons les candidats \u00e0 soumettre leur dossier en anglais, car les juges sont bas\u00e9s \u00e0 Los Angeles et nous ne pouvons garantir qu\u2019ils liront ou comprendront le fran\u00e7ais. Cela dit, si vous souhaitez soumettre une candidature en fran\u00e7ais, veuillez \u00e9crire \u00e0\u202f<a href=\"mailto:cal.info@international.gc.ca\" target=\"_blank\" rel=\"noopener\"><strong>cal.info@international.gc.ca<\/strong><\/a>\u202fafin de discuter des modalit\u00e9s de traduction de votre dossier pour les juges anglophones.&nbsp;<\/p>\n\n\n\n<hr class=\"wp-block-separator has-alpha-channel-opacity\"\/>\n\n\n\n<h2 class=\"wp-block-heading\"><strong>PROCESSUS DE S\u00c9LECTION<\/strong>&nbsp;<\/h2>\n\n\n\n<ul class=\"wp-block-list\">\n<li>Cette \u00e9dition de l\u2019ACC mettra l\u2019accent sur les\u202f<strong>soci\u00e9t\u00e9s de production<\/strong>\u202f\u0153uvrant dans le domaine du\u202f<strong>film d\u2019horreur\u202f<\/strong>ayant re\u00e7u un financement.&nbsp;&nbsp;<\/li>\n\n\n\n<li>Les candidats doivent \u00eatre des soci\u00e9t\u00e9s de production canadiennes \u00e9tablies avec un portefeuille vari\u00e9 de projets.&nbsp;&nbsp;<\/li>\n\n\n\n<li>Un projet en cours servira de r\u00e9f\u00e9rence principale pour la s\u00e9lection.&nbsp;&nbsp;<\/li>\n\n\n\n<li>Un jury compos\u00e9 de professionnels de l\u2019industrie bas\u00e9s \u00e0 Los Angeles s\u00e9lectionnera cinq entreprises dont le projet principal pr\u00e9sente le plus fort potentiel de succ\u00e8s sur le march\u00e9 am\u00e9ricain.&nbsp;<\/li>\n<\/ul>\n\n\n\n<hr class=\"wp-block-separator has-alpha-channel-opacity\"\/>\n\n\n\n<h2 class=\"wp-block-heading\"><strong>RENSEIGNEMENTS<\/strong>&nbsp;<\/h2>\n\n\n\n<p class=\"wp-block-paragraph\">Pour plus d\u2019information sur le processus d\u2019inscription, communiquez avec<strong>\u202f<\/strong><strong>Anthea Zeng<\/strong>:&nbsp;<a href=\"mailto:anthea.zeng@telefilm.ca\" target=\"_blank\" rel=\"noopener\"><strong>anthea.zeng@telefilm.ca<\/strong><\/a>.&nbsp;<\/p>\n\n\n\n<p class=\"wp-block-paragraph\">Pour\u202fplus\u202finformation\u202fsur l\u2019initiative,\u202fcommuniquez avec\u202f<a href=\"mailto:cal.info@international.gc.ca\" target=\"_blank\" rel=\"noopener\"><strong>cal.info@international.gc.ca<\/strong><\/a>.&nbsp;<\/p>\n<\/div>","protected":false},"template":"","categorie_appel_inscription":[38143],"class_list":["post-177722","appel-inscription","type-appel-inscription","status-publish","hentry","categorie_appel_inscription-initiative-telefilm"],"acf":{"date_debut":"20261001","date_fin":"20261213","ville":"Los Angeles","pays":"\u00c9tats-Unis","edition":"","deadlines":[{"description":"Date limite","date":"20260814"}]},"yoast_head":"<!-- This site is optimized with the Yoast SEO plugin v28.4 - https:\/\/yoast.com\/product\/yoast-seo-wordpress\/ -->\n<title>Programme d\u2019Acc\u00e9l\u00e9rateur Cr\u00e9atif Canadien (ACC)\u00a0| Programme d&#039;horreur 2026 | T\u00e9l\u00e9film Canada<\/title>\n<meta name=\"robots\" content=\"index, follow, max-snippet:-1, max-image-preview:large, max-video-preview:-1\" \/>\n<link rel=\"canonical\" href=\"https:\/\/telefilm.ca\/fr\/appel-inscription\/programme-daccelerateur-creatif-canadien-acc-programme-dhorreur-2026\" \/>\n<meta property=\"og:locale\" content=\"fr_CA\" \/>\n<meta property=\"og:type\" content=\"article\" \/>\n<meta property=\"og:title\" content=\"Programme d\u2019Acc\u00e9l\u00e9rateur Cr\u00e9atif Canadien (ACC)\u00a0| Programme d&#039;horreur 2026 | T\u00e9l\u00e9film Canada\" \/>\n<meta property=\"og:description\" content=\"(Long m\u00e9trages d\u2019horreur)&nbsp; Le Programme d\u2019Acc\u00e9l\u00e9rateur Cr\u00e9atif Canadien (ACC) est organis\u00e9 par le Service des d\u00e9l\u00e9gu\u00e9s commerciaux (SDC) au Consulat g\u00e9n\u00e9ral du Canada \u00e0 Los Angeles avec le soutien de T\u00e9l\u00e9film Canada.&nbsp;&nbsp;L\u2019\u00e9dition 2026 d\u00e9butera en octobre 2026 avec des ateliers cibl\u00e9s, des rencontres en personne et du mentorat individuel sur une p\u00e9riode d\u2019un mois. Le [&hellip;]\" \/>\n<meta property=\"og:url\" content=\"https:\/\/telefilm.ca\/fr\/appel-inscription\/programme-daccelerateur-creatif-canadien-acc-programme-dhorreur-2026\" \/>\n<meta property=\"og:site_name\" content=\"T\u00e9l\u00e9film Canada\" \/>\n<meta property=\"article:publisher\" content=\"https:\/\/www.facebook.com\/TelefilmCanada\/\" \/>\n<meta property=\"article:modified_time\" content=\"2026-07-28T18:53:30+00:00\" \/>\n<meta property=\"og:image\" content=\"https:\/\/telefilm.ca\/wp-content\/uploads\/2026\/08\/og-image-t-1200x675-1.png\" \/>\n\t<meta property=\"og:image:width\" content=\"1200\" \/>\n\t<meta property=\"og:image:height\" content=\"675\" \/>\n\t<meta property=\"og:image:type\" content=\"image\/png\" \/>\n<meta name=\"twitter:card\" content=\"summary_large_image\" \/>\n<meta name=\"twitter:site\" content=\"@Telefilm_Canada\" \/>\n<meta name=\"twitter:label1\" content=\"Estimation du temps de lecture\" \/>\n\t<meta name=\"twitter:data1\" content=\"3 minutes\" \/>\n<script type=\"application\/ld+json\" class=\"yoast-schema-graph\">{\"@context\":\"https:\\\/\\\/schema.org\",\"@graph\":[{\"@type\":\"WebPage\",\"@id\":\"https:\\\/\\\/telefilm.ca\\\/fr\\\/appel-inscription\\\/programme-daccelerateur-creatif-canadien-acc-programme-dhorreur-2026\",\"url\":\"https:\\\/\\\/telefilm.ca\\\/fr\\\/appel-inscription\\\/programme-daccelerateur-creatif-canadien-acc-programme-dhorreur-2026\",\"name\":\"Programme d\u2019Acc\u00e9l\u00e9rateur Cr\u00e9atif Canadien (ACC)\u00a0| Programme d'horreur 2026 | T\u00e9l\u00e9film Canada\",\"isPartOf\":{\"@id\":\"https:\\\/\\\/telefilm.ca\\\/fr#website\"},\"datePublished\":\"2026-07-13T14:00:00+00:00\",\"dateModified\":\"2026-07-28T18:53:30+00:00\",\"breadcrumb\":{\"@id\":\"https:\\\/\\\/telefilm.ca\\\/fr\\\/appel-inscription\\\/programme-daccelerateur-creatif-canadien-acc-programme-dhorreur-2026#breadcrumb\"},\"inLanguage\":\"fr-CA\",\"potentialAction\":[{\"@type\":\"ReadAction\",\"target\":[\"https:\\\/\\\/telefilm.ca\\\/fr\\\/appel-inscription\\\/programme-daccelerateur-creatif-canadien-acc-programme-dhorreur-2026\"]}]},{\"@type\":\"BreadcrumbList\",\"@id\":\"https:\\\/\\\/telefilm.ca\\\/fr\\\/appel-inscription\\\/programme-daccelerateur-creatif-canadien-acc-programme-dhorreur-2026#breadcrumb\",\"itemListElement\":[{\"@type\":\"ListItem\",\"position\":1,\"name\":\"Accueil\",\"item\":\"https:\\\/\\\/telefilm.ca\\\/fr\"},{\"@type\":\"ListItem\",\"position\":2,\"name\":\"Calls for Entry\",\"item\":\"https:\\\/\\\/telefilm.ca\\\/fr\\\/appel-inscription\"},{\"@type\":\"ListItem\",\"position\":3,\"name\":\"Programme d\u2019Acc\u00e9l\u00e9rateur Cr\u00e9atif Canadien (ACC)\u00a0| Programme d&#8217;horreur 2026\"}]},{\"@type\":\"WebSite\",\"@id\":\"https:\\\/\\\/telefilm.ca\\\/fr#website\",\"url\":\"https:\\\/\\\/telefilm.ca\\\/fr\",\"name\":\"T\u00e9l\u00e9film Canada\",\"description\":\"Partenaire de choix\",\"publisher\":{\"@id\":\"https:\\\/\\\/telefilm.ca\\\/fr#organization\"},\"potentialAction\":[{\"@type\":\"SearchAction\",\"target\":{\"@type\":\"EntryPoint\",\"urlTemplate\":\"https:\\\/\\\/telefilm.ca\\\/fr?s={search_term_string}\"},\"query-input\":{\"@type\":\"PropertyValueSpecification\",\"valueRequired\":true,\"valueName\":\"search_term_string\"}}],\"inLanguage\":\"fr-CA\"},{\"@type\":\"Organization\",\"@id\":\"https:\\\/\\\/telefilm.ca\\\/fr#organization\",\"name\":\"Telefilm Canada\",\"url\":\"https:\\\/\\\/telefilm.ca\\\/fr\",\"logo\":{\"@type\":\"ImageObject\",\"inLanguage\":\"fr-CA\",\"@id\":\"https:\\\/\\\/telefilm.ca\\\/fr#\\\/schema\\\/logo\\\/image\\\/\",\"url\":\"https:\\\/\\\/telefilm.ca\\\/wp-content\\\/uploads\\\/2026\\\/05\\\/cropped-tfc_favicon_512.png\",\"contentUrl\":\"https:\\\/\\\/telefilm.ca\\\/wp-content\\\/uploads\\\/2026\\\/05\\\/cropped-tfc_favicon_512.png\",\"width\":512,\"height\":512,\"caption\":\"Telefilm Canada\"},\"image\":{\"@id\":\"https:\\\/\\\/telefilm.ca\\\/fr#\\\/schema\\\/logo\\\/image\\\/\"},\"sameAs\":[\"https:\\\/\\\/www.facebook.com\\\/TelefilmCanada\\\/\",\"https:\\\/\\\/x.com\\\/Telefilm_Canada\",\"https:\\\/\\\/www.instagram.com\\\/telefilm_canada\\\/\",\"https:\\\/\\\/www.linkedin.com\\\/company\\\/telefilm-canada\\\/\",\"https:\\\/\\\/www.youtube.com\\\/user\\\/telefilmcanada\"]}]}<\/script>\n<!-- \/ Yoast SEO plugin. -->","yoast_head_json":{"title":"Programme d\u2019Acc\u00e9l\u00e9rateur Cr\u00e9atif Canadien (ACC)\u00a0| Programme d'horreur 2026 | T\u00e9l\u00e9film Canada","robots":{"index":"index","follow":"follow","max-snippet":"max-snippet:-1","max-image-preview":"max-image-preview:large","max-video-preview":"max-video-preview:-1"},"canonical":"https:\/\/telefilm.ca\/fr\/appel-inscription\/programme-daccelerateur-creatif-canadien-acc-programme-dhorreur-2026","og_locale":"fr_CA","og_type":"article","og_title":"Programme d\u2019Acc\u00e9l\u00e9rateur Cr\u00e9atif Canadien (ACC)\u00a0| Programme d'horreur 2026 | T\u00e9l\u00e9film Canada","og_description":"(Long m\u00e9trages d\u2019horreur)&nbsp; Le Programme d\u2019Acc\u00e9l\u00e9rateur Cr\u00e9atif Canadien (ACC) est organis\u00e9 par le Service des d\u00e9l\u00e9gu\u00e9s commerciaux (SDC) au Consulat g\u00e9n\u00e9ral du Canada \u00e0 Los Angeles avec le soutien de T\u00e9l\u00e9film Canada.&nbsp;&nbsp;L\u2019\u00e9dition 2026 d\u00e9butera en octobre 2026 avec des ateliers cibl\u00e9s, des rencontres en personne et du mentorat individuel sur une p\u00e9riode d\u2019un mois. Le [&hellip;]","og_url":"https:\/\/telefilm.ca\/fr\/appel-inscription\/programme-daccelerateur-creatif-canadien-acc-programme-dhorreur-2026","og_site_name":"T\u00e9l\u00e9film Canada","article_publisher":"https:\/\/www.facebook.com\/TelefilmCanada\/","article_modified_time":"2026-07-28T18:53:30+00:00","og_image":[{"width":1200,"height":675,"url":"https:\/\/telefilm.ca\/wp-content\/uploads\/2026\/08\/og-image-t-1200x675-1.png","type":"image\/png"}],"twitter_card":"summary_large_image","twitter_site":"@Telefilm_Canada","twitter_misc":{"Estimation du temps de lecture":"3 minutes"},"schema":{"@context":"https:\/\/schema.org","@graph":[{"@type":"WebPage","@id":"https:\/\/telefilm.ca\/fr\/appel-inscription\/programme-daccelerateur-creatif-canadien-acc-programme-dhorreur-2026","url":"https:\/\/telefilm.ca\/fr\/appel-inscription\/programme-daccelerateur-creatif-canadien-acc-programme-dhorreur-2026","name":"Programme d\u2019Acc\u00e9l\u00e9rateur Cr\u00e9atif Canadien (ACC)\u00a0| Programme d'horreur 2026 | T\u00e9l\u00e9film Canada","isPartOf":{"@id":"https:\/\/telefilm.ca\/fr#website"},"datePublished":"2026-07-13T14:00:00+00:00","dateModified":"2026-07-28T18:53:30+00:00","breadcrumb":{"@id":"https:\/\/telefilm.ca\/fr\/appel-inscription\/programme-daccelerateur-creatif-canadien-acc-programme-dhorreur-2026#breadcrumb"},"inLanguage":"fr-CA","potentialAction":[{"@type":"ReadAction","target":["https:\/\/telefilm.ca\/fr\/appel-inscription\/programme-daccelerateur-creatif-canadien-acc-programme-dhorreur-2026"]}]},{"@type":"BreadcrumbList","@id":"https:\/\/telefilm.ca\/fr\/appel-inscription\/programme-daccelerateur-creatif-canadien-acc-programme-dhorreur-2026#breadcrumb","itemListElement":[{"@type":"ListItem","position":1,"name":"Accueil","item":"https:\/\/telefilm.ca\/fr"},{"@type":"ListItem","position":2,"name":"Calls for Entry","item":"https:\/\/telefilm.ca\/fr\/appel-inscription"},{"@type":"ListItem","position":3,"name":"Programme d\u2019Acc\u00e9l\u00e9rateur Cr\u00e9atif Canadien (ACC)\u00a0| Programme d&#8217;horreur 2026"}]},{"@type":"WebSite","@id":"https:\/\/telefilm.ca\/fr#website","url":"https:\/\/telefilm.ca\/fr","name":"T\u00e9l\u00e9film Canada","description":"Partenaire de choix","publisher":{"@id":"https:\/\/telefilm.ca\/fr#organization"},"potentialAction":[{"@type":"SearchAction","target":{"@type":"EntryPoint","urlTemplate":"https:\/\/telefilm.ca\/fr?s={search_term_string}"},"query-input":{"@type":"PropertyValueSpecification","valueRequired":true,"valueName":"search_term_string"}}],"inLanguage":"fr-CA"},{"@type":"Organization","@id":"https:\/\/telefilm.ca\/fr#organization","name":"Telefilm Canada","url":"https:\/\/telefilm.ca\/fr","logo":{"@type":"ImageObject","inLanguage":"fr-CA","@id":"https:\/\/telefilm.ca\/fr#\/schema\/logo\/image\/","url":"https:\/\/telefilm.ca\/wp-content\/uploads\/2026\/05\/cropped-tfc_favicon_512.png","contentUrl":"https:\/\/telefilm.ca\/wp-content\/uploads\/2026\/05\/cropped-tfc_favicon_512.png","width":512,"height":512,"caption":"Telefilm Canada"},"image":{"@id":"https:\/\/telefilm.ca\/fr#\/schema\/logo\/image\/"},"sameAs":["https:\/\/www.facebook.com\/TelefilmCanada\/","https:\/\/x.com\/Telefilm_Canada","https:\/\/www.instagram.com\/telefilm_canada\/","https:\/\/www.linkedin.com\/company\/telefilm-canada\/","https:\/\/www.youtube.com\/user\/telefilmcanada"]}]}},"wpml_current_locale":"fr_CA","wpml_translations":[{"locale":"en_CA","id":177705,"post_title":"Canadian Creative Accelerator | Horror Programme 2026","href":"https:\/\/telefilm.ca\/en\/canadian-creative-accelerator-horror-programme-2026\/"}],"_links":{"self":[{"href":"https:\/\/telefilm.ca\/fr\/wp-json\/wp\/v2\/appel-inscription\/177722","targetHints":{"allow":["GET"]}}],"collection":[{"href":"https:\/\/telefilm.ca\/fr\/wp-json\/wp\/v2\/appel-inscription"}],"about":[{"href":"https:\/\/telefilm.ca\/fr\/wp-json\/wp\/v2\/types\/appel-inscription"}],"version-history":[{"count":5,"href":"https:\/\/telefilm.ca\/fr\/wp-json\/wp\/v2\/appel-inscription\/177722\/revisions"}],"predecessor-version":[{"id":193229,"href":"https:\/\/telefilm.ca\/fr\/wp-json\/wp\/v2\/appel-inscription\/177722\/revisions\/193229"}],"wp:attachment":[{"href":"https:\/\/telefilm.ca\/fr\/wp-json\/wp\/v2\/media?parent=177722"}],"wp:term":[{"taxonomy":"categorie_appel_inscription","embeddable":true,"href":"https:\/\/telefilm.ca\/fr\/wp-json\/wp\/v2\/categorie_appel_inscription?post=177722"}],"curies":[{"name":"wp","href":"https:\/\/api.w.org\/{rel}","templated":true}]}}