{"id":2189,"date":"2021-12-21T14:34:49","date_gmt":"2021-12-21T14:34:49","guid":{"rendered":"https:\/\/telefilm.ca\/appel-inscription\/26e-bucheon-international-fantastic-film-festival-bifan"},"modified":"2022-08-03T02:06:27","modified_gmt":"2022-08-03T02:06:27","slug":"26e-bucheon-international-fantastic-film-festival-bifan","status":"publish","type":"appel-inscription","link":"https:\/\/telefilm.ca\/fr\/appel-inscription\/26e-bucheon-international-fantastic-film-festival-bifan","title":{"rendered":"26e Bucheon International Fantastic Film Festival (BIFAN)\u00a0"},"content":{"rendered":"<div class=\"editor-content\"><h4><b><span data-contrast=\"none\">Appel d\u2019inscriptions<\/span><\/b><span data-ccp-props=\"{&quot;201341983&quot;:0,&quot;335559739&quot;:0,&quot;335559740&quot;:240}\">\u00a0<\/span><\/h4>\n<p class=\"wp-block-paragraph\"><em>(Longs et courts m\u00e9trages, fantastiques et films de genre)\u00a0<\/em><\/p>\n<p><span data-contrast=\"none\">Le <\/span><a href=\"http:\/\/www.bifan.kr\/eng\/\"><span data-contrast=\"none\">Bucheon International Fantastic Film Festival (BIFAN)<\/span><\/a><span data-contrast=\"auto\"> accepte <\/span><span data-contrast=\"none\">pr\u00e9sentement les inscriptions pour son \u00e9dition 2022.<\/span><span data-ccp-props=\"{&quot;134233117&quot;:true,&quot;134233118&quot;:true,&quot;201341983&quot;:0,&quot;335559740&quot;:240}\">\u00a0<\/span><\/p>\n<p><b><span data-contrast=\"none\">Veuillez noter que les films doivent \u00eatre soumis <\/span><\/b><a href=\"http:\/\/www.bifan.kr\/eng\/program\/\"><b><span data-contrast=\"none\">directement au festival<\/span><\/b><\/a><b><span data-contrast=\"none\">.<\/span><\/b><span data-ccp-props=\"{&quot;201341983&quot;:0,&quot;335559739&quot;:0,&quot;335559740&quot;:240}\">\u00a0<\/span><\/p>\n<ul>\n<li><span data-contrast=\"none\">Comp\u00e9titif\u202f: Oui<\/span><span data-ccp-props=\"{&quot;201341983&quot;:0,&quot;335559739&quot;:0,&quot;335559740&quot;:240}\">\u00a0<\/span><\/li>\n<li><span data-contrast=\"none\">Frais d\u2019inscription\u202f: Non<\/span><span data-ccp-props=\"{&quot;201341983&quot;:0,&quot;335559739&quot;:0,&quot;335559740&quot;:240}\">\u00a0<\/span><\/li>\n<\/ul>\n<h5><b><span data-contrast=\"none\">ADMISSIBILIT\u00c9<\/span><\/b><span data-ccp-props=\"{&quot;201341983&quot;:0,&quot;335559739&quot;:0,&quot;335559740&quot;:240}\">\u00a0<\/span><\/h5>\n<ul>\n<li data-leveltext=\"-\" data-font=\"Verdana\" data-listid=\"4\" aria-setsize=\"-1\" data-aria-posinset=\"0\" data-aria-level=\"1\"><span data-contrast=\"none\">Seuls les films compl\u00e9t\u00e9s apr\u00e8s le 1<\/span><span data-contrast=\"none\">er<\/span><span data-contrast=\"none\"> janvier 2021 sont admissibles;<\/span><span data-ccp-props=\"{&quot;134233117&quot;:true,&quot;134233118&quot;:true,&quot;201341983&quot;:2,&quot;335559740&quot;:300}\">\u00a0<\/span><\/li>\n<li data-leveltext=\"-\" data-font=\"Verdana\" data-listid=\"4\" aria-setsize=\"-1\" data-aria-posinset=\"0\" data-aria-level=\"1\"><span data-contrast=\"none\">Les films pr\u00e9sent\u00e9s en premi\u00e8re mondiale, internationale, asiatique et cor\u00e9enne sont accept\u00e9s;<\/span><span data-ccp-props=\"{&quot;134233117&quot;:true,&quot;134233118&quot;:true,&quot;201341983&quot;:2,&quot;335559740&quot;:300}\">\u00a0<\/span><\/li>\n<li data-leveltext=\"-\" data-font=\"Verdana\" data-listid=\"4\" aria-setsize=\"-1\" data-aria-posinset=\"0\" data-aria-level=\"1\"><span data-contrast=\"none\">Les longs-m\u00e9trages doivent \u00eatre d\u2019une dur\u00e9e minimale de 60 minutes;<\/span><span data-ccp-props=\"{&quot;134233117&quot;:true,&quot;134233118&quot;:true,&quot;201341983&quot;:2,&quot;335559740&quot;:300}\">\u00a0<\/span><\/li>\n<li data-leveltext=\"-\" data-font=\"Verdana\" data-listid=\"4\" aria-setsize=\"-1\" data-aria-posinset=\"0\" data-aria-level=\"1\"><span data-contrast=\"none\">Les courts-m\u00e9trages ne peuvent d\u00e9passer 59 minutes;<\/span><span data-ccp-props=\"{&quot;134233117&quot;:true,&quot;134233118&quot;:true,&quot;201341983&quot;:2,&quot;335559740&quot;:300}\">\u00a0<\/span><\/li>\n<li data-leveltext=\"-\" data-font=\"Verdana\" data-listid=\"4\" aria-setsize=\"-1\" data-aria-posinset=\"0\" data-aria-level=\"1\"><span data-contrast=\"none\">Le lien de visionnement doit \u00eatre disponible jusqu\u2019\u00e0 la fin juin 2022 et doit \u00eatre la version finale du film.<\/span><span data-ccp-props=\"{&quot;134233117&quot;:true,&quot;134233118&quot;:true,&quot;201341983&quot;:2,&quot;335559740&quot;:300}\">\u00a0<\/span><\/li>\n<\/ul>\n<h5><b><span data-contrast=\"auto\">\u00c0 propos<\/span><\/b><span data-ccp-props=\"{&quot;201341983&quot;:0,&quot;335559739&quot;:0,&quot;335559740&quot;:240}\">\u00a0<\/span><\/h5>\n<p><span data-contrast=\"auto\">BIFAN vise \u00e0 consolider son identit\u00e9 de \u00abFestival du film fantastique\u00bb en pr\u00e9sentant des films de ce genre et en encourageant la compr\u00e9hension et l\u2019\u00e9change d\u2019id\u00e9es sur ces diff\u00e9rentes culturelles entre les professionnels de l&#8217;industrie cin\u00e9matographique cor\u00e9enne et du monde entier. De plus, le Festival promeut notamment, mais sans s&#8217;y limiter, la production et la distribution de films fantastiques.<\/span><span data-ccp-props=\"{&quot;201341983&quot;:0,&quot;335559737&quot;:-360,&quot;335559739&quot;:0,&quot;335559740&quot;:240}\">\u00a0<\/span><\/p>\n<p><span data-contrast=\"auto\">Les films The Twentieth Century (Matthew Rankin), James VS His Future Self (Jeremy Lalonde), Spare Parts (Andrew Thomas Hunt) Antrum: The Deadliest Film Ever Made (David Amito &amp; Michael Laicini), Savage State (Metafilms) et Pink Rabbit (Victor Oly) ont \u00e9t\u00e9 pr\u00e9sent\u00e9s lors de l\u2019\u00e9dition 2020 du festival.<\/span><span data-ccp-props=\"{&quot;201341983&quot;:0,&quot;335559737&quot;:-360,&quot;335559739&quot;:0,&quot;335559740&quot;:240}\">\u00a0<\/span><\/p>\n<p><span data-contrast=\"auto\">T\u00e9l\u00e9film Canada reconna\u00eet la s\u00e9lection d\u2019un long-m\u00e9trage au Festival pour une demande de soutien dans le cadre du <\/span><a href=\"https:\/\/telefilm.ca\/fr\/financement\/mise-en-marche-internationale\"><span data-contrast=\"none\">Programme de participation aux festivals.<\/span><\/a><span data-contrast=\"auto\">\u00a0<\/span><span data-ccp-props=\"{&quot;201341983&quot;:0,&quot;335559739&quot;:200,&quot;335559740&quot;:276}\">\u00a0<\/span><\/p>\n<p><span data-ccp-props=\"{&quot;201341983&quot;:0,&quot;335559739&quot;:0,&quot;335559740&quot;:240}\">\u00a0<\/span><\/p>\n<p><b><span data-contrast=\"none\">Promotion internationale<\/span><\/b><br \/>\n<span data-contrast=\"none\">T\u00e9l\u00e9film Canada, Montr\u00e9al<\/span><br \/>\n<a href=\"mailto:festivals@telefilm.ca\"><span data-contrast=\"none\">festivals@telefilm.ca<\/span><br \/>\n<\/a><span data-contrast=\"none\">1 800 567-0890<\/span><span data-ccp-props=\"{&quot;201341983&quot;:0,&quot;335559739&quot;:0,&quot;335559740&quot;:240}\">\u00a0<\/span><\/p>\n<\/div>","protected":false},"template":"","categorie_appel_inscription":[14],"class_list":["post-2189","appel-inscription","type-appel-inscription","status-publish","hentry","categorie_appel_inscription-festival-fr"],"acf":{"date_debut":"20220707","date_fin":"20220717","ville":"Bucheon","pays":"Cor\u00e9e du Sud","edition":"","deadlines":[{"description":"Date limite pour les longs et courts m\u00e9trages","date":"20220430"}]},"yoast_head":"<!-- This site is optimized with the Yoast SEO plugin v28.4 - https:\/\/yoast.com\/product\/yoast-seo-wordpress\/ -->\n<title>26e Bucheon International Fantastic Film Festival (BIFAN)\u00a0 | T\u00e9l\u00e9film Canada<\/title>\n<meta name=\"robots\" content=\"index, follow, max-snippet:-1, max-image-preview:large, max-video-preview:-1\" \/>\n<link rel=\"canonical\" href=\"https:\/\/telefilm.ca\/fr\/appel-inscription\/26e-bucheon-international-fantastic-film-festival-bifan\" \/>\n<meta property=\"og:locale\" content=\"fr_CA\" \/>\n<meta property=\"og:type\" content=\"article\" \/>\n<meta property=\"og:title\" content=\"26e Bucheon International Fantastic Film Festival (BIFAN)\u00a0 | T\u00e9l\u00e9film Canada\" \/>\n<meta property=\"og:description\" content=\"Appel d\u2019inscriptions\u00a0 (Longs et courts m\u00e9trages, fantastiques et films de genre)\u00a0 Le Bucheon International Fantastic Film Festival (BIFAN) accepte pr\u00e9sentement les inscriptions pour son \u00e9dition 2022.\u00a0 Veuillez noter que les films doivent \u00eatre soumis directement au festival.\u00a0 Comp\u00e9titif\u202f: Oui\u00a0 Frais d\u2019inscription\u202f: Non\u00a0 ADMISSIBILIT\u00c9\u00a0 Seuls les films compl\u00e9t\u00e9s apr\u00e8s le 1er janvier 2021 sont admissibles;\u00a0 Les [&hellip;]\" \/>\n<meta property=\"og:url\" content=\"https:\/\/telefilm.ca\/fr\/appel-inscription\/26e-bucheon-international-fantastic-film-festival-bifan\" \/>\n<meta property=\"og:site_name\" content=\"T\u00e9l\u00e9film Canada\" \/>\n<meta property=\"article:publisher\" content=\"https:\/\/www.facebook.com\/TelefilmCanada\/\" \/>\n<meta property=\"article:modified_time\" content=\"2022-08-03T02:06:27+00:00\" \/>\n<meta property=\"og:image\" content=\"https:\/\/telefilm.ca\/wp-content\/uploads\/2026\/08\/og-image-t-1200x675-1.png\" \/>\n\t<meta property=\"og:image:width\" content=\"1200\" \/>\n\t<meta property=\"og:image:height\" content=\"675\" \/>\n\t<meta property=\"og:image:type\" content=\"image\/png\" \/>\n<meta name=\"twitter:card\" content=\"summary_large_image\" \/>\n<meta name=\"twitter:site\" content=\"@Telefilm_Canada\" \/>\n<meta name=\"twitter:label1\" content=\"Estimation du temps de lecture\" \/>\n\t<meta name=\"twitter:data1\" content=\"1 minute\" \/>\n<script type=\"application\/ld+json\" class=\"yoast-schema-graph\">{\"@context\":\"https:\\\/\\\/schema.org\",\"@graph\":[{\"@type\":\"WebPage\",\"@id\":\"https:\\\/\\\/telefilm.ca\\\/fr\\\/appel-inscription\\\/26e-bucheon-international-fantastic-film-festival-bifan\",\"url\":\"https:\\\/\\\/telefilm.ca\\\/fr\\\/appel-inscription\\\/26e-bucheon-international-fantastic-film-festival-bifan\",\"name\":\"26e Bucheon International Fantastic Film Festival (BIFAN)\u00a0 | T\u00e9l\u00e9film Canada\",\"isPartOf\":{\"@id\":\"https:\\\/\\\/telefilm.ca\\\/fr#website\"},\"datePublished\":\"2021-12-21T14:34:49+00:00\",\"dateModified\":\"2022-08-03T02:06:27+00:00\",\"breadcrumb\":{\"@id\":\"https:\\\/\\\/telefilm.ca\\\/fr\\\/appel-inscription\\\/26e-bucheon-international-fantastic-film-festival-bifan#breadcrumb\"},\"inLanguage\":\"fr-CA\",\"potentialAction\":[{\"@type\":\"ReadAction\",\"target\":[\"https:\\\/\\\/telefilm.ca\\\/fr\\\/appel-inscription\\\/26e-bucheon-international-fantastic-film-festival-bifan\"]}]},{\"@type\":\"BreadcrumbList\",\"@id\":\"https:\\\/\\\/telefilm.ca\\\/fr\\\/appel-inscription\\\/26e-bucheon-international-fantastic-film-festival-bifan#breadcrumb\",\"itemListElement\":[{\"@type\":\"ListItem\",\"position\":1,\"name\":\"Accueil\",\"item\":\"https:\\\/\\\/telefilm.ca\\\/fr\"},{\"@type\":\"ListItem\",\"position\":2,\"name\":\"Calls for Entry\",\"item\":\"https:\\\/\\\/telefilm.ca\\\/fr\\\/appel-inscription\"},{\"@type\":\"ListItem\",\"position\":3,\"name\":\"26e Bucheon International Fantastic Film Festival (BIFAN)\u00a0\"}]},{\"@type\":\"WebSite\",\"@id\":\"https:\\\/\\\/telefilm.ca\\\/fr#website\",\"url\":\"https:\\\/\\\/telefilm.ca\\\/fr\",\"name\":\"T\u00e9l\u00e9film Canada\",\"description\":\"Partenaire de choix\",\"publisher\":{\"@id\":\"https:\\\/\\\/telefilm.ca\\\/fr#organization\"},\"potentialAction\":[{\"@type\":\"SearchAction\",\"target\":{\"@type\":\"EntryPoint\",\"urlTemplate\":\"https:\\\/\\\/telefilm.ca\\\/fr?s={search_term_string}\"},\"query-input\":{\"@type\":\"PropertyValueSpecification\",\"valueRequired\":true,\"valueName\":\"search_term_string\"}}],\"inLanguage\":\"fr-CA\"},{\"@type\":\"Organization\",\"@id\":\"https:\\\/\\\/telefilm.ca\\\/fr#organization\",\"name\":\"Telefilm Canada\",\"url\":\"https:\\\/\\\/telefilm.ca\\\/fr\",\"logo\":{\"@type\":\"ImageObject\",\"inLanguage\":\"fr-CA\",\"@id\":\"https:\\\/\\\/telefilm.ca\\\/fr#\\\/schema\\\/logo\\\/image\\\/\",\"url\":\"https:\\\/\\\/telefilm.ca\\\/wp-content\\\/uploads\\\/2026\\\/05\\\/cropped-tfc_favicon_512.png\",\"contentUrl\":\"https:\\\/\\\/telefilm.ca\\\/wp-content\\\/uploads\\\/2026\\\/05\\\/cropped-tfc_favicon_512.png\",\"width\":512,\"height\":512,\"caption\":\"Telefilm Canada\"},\"image\":{\"@id\":\"https:\\\/\\\/telefilm.ca\\\/fr#\\\/schema\\\/logo\\\/image\\\/\"},\"sameAs\":[\"https:\\\/\\\/www.facebook.com\\\/TelefilmCanada\\\/\",\"https:\\\/\\\/x.com\\\/Telefilm_Canada\",\"https:\\\/\\\/www.instagram.com\\\/telefilm_canada\\\/\",\"https:\\\/\\\/www.linkedin.com\\\/company\\\/telefilm-canada\\\/\",\"https:\\\/\\\/www.youtube.com\\\/user\\\/telefilmcanada\"]}]}<\/script>\n<!-- \/ Yoast SEO plugin. -->","yoast_head_json":{"title":"26e Bucheon International Fantastic Film Festival (BIFAN)\u00a0 | T\u00e9l\u00e9film Canada","robots":{"index":"index","follow":"follow","max-snippet":"max-snippet:-1","max-image-preview":"max-image-preview:large","max-video-preview":"max-video-preview:-1"},"canonical":"https:\/\/telefilm.ca\/fr\/appel-inscription\/26e-bucheon-international-fantastic-film-festival-bifan","og_locale":"fr_CA","og_type":"article","og_title":"26e Bucheon International Fantastic Film Festival (BIFAN)\u00a0 | T\u00e9l\u00e9film Canada","og_description":"Appel d\u2019inscriptions\u00a0 (Longs et courts m\u00e9trages, fantastiques et films de genre)\u00a0 Le Bucheon International Fantastic Film Festival (BIFAN) accepte pr\u00e9sentement les inscriptions pour son \u00e9dition 2022.\u00a0 Veuillez noter que les films doivent \u00eatre soumis directement au festival.\u00a0 Comp\u00e9titif\u202f: Oui\u00a0 Frais d\u2019inscription\u202f: Non\u00a0 ADMISSIBILIT\u00c9\u00a0 Seuls les films compl\u00e9t\u00e9s apr\u00e8s le 1er janvier 2021 sont admissibles;\u00a0 Les [&hellip;]","og_url":"https:\/\/telefilm.ca\/fr\/appel-inscription\/26e-bucheon-international-fantastic-film-festival-bifan","og_site_name":"T\u00e9l\u00e9film Canada","article_publisher":"https:\/\/www.facebook.com\/TelefilmCanada\/","article_modified_time":"2022-08-03T02:06:27+00:00","og_image":[{"width":1200,"height":675,"url":"https:\/\/telefilm.ca\/wp-content\/uploads\/2026\/08\/og-image-t-1200x675-1.png","type":"image\/png"}],"twitter_card":"summary_large_image","twitter_site":"@Telefilm_Canada","twitter_misc":{"Estimation du temps de lecture":"1 minute"},"schema":{"@context":"https:\/\/schema.org","@graph":[{"@type":"WebPage","@id":"https:\/\/telefilm.ca\/fr\/appel-inscription\/26e-bucheon-international-fantastic-film-festival-bifan","url":"https:\/\/telefilm.ca\/fr\/appel-inscription\/26e-bucheon-international-fantastic-film-festival-bifan","name":"26e Bucheon International Fantastic Film Festival (BIFAN)\u00a0 | T\u00e9l\u00e9film Canada","isPartOf":{"@id":"https:\/\/telefilm.ca\/fr#website"},"datePublished":"2021-12-21T14:34:49+00:00","dateModified":"2022-08-03T02:06:27+00:00","breadcrumb":{"@id":"https:\/\/telefilm.ca\/fr\/appel-inscription\/26e-bucheon-international-fantastic-film-festival-bifan#breadcrumb"},"inLanguage":"fr-CA","potentialAction":[{"@type":"ReadAction","target":["https:\/\/telefilm.ca\/fr\/appel-inscription\/26e-bucheon-international-fantastic-film-festival-bifan"]}]},{"@type":"BreadcrumbList","@id":"https:\/\/telefilm.ca\/fr\/appel-inscription\/26e-bucheon-international-fantastic-film-festival-bifan#breadcrumb","itemListElement":[{"@type":"ListItem","position":1,"name":"Accueil","item":"https:\/\/telefilm.ca\/fr"},{"@type":"ListItem","position":2,"name":"Calls for Entry","item":"https:\/\/telefilm.ca\/fr\/appel-inscription"},{"@type":"ListItem","position":3,"name":"26e Bucheon International Fantastic Film Festival (BIFAN)\u00a0"}]},{"@type":"WebSite","@id":"https:\/\/telefilm.ca\/fr#website","url":"https:\/\/telefilm.ca\/fr","name":"T\u00e9l\u00e9film Canada","description":"Partenaire de choix","publisher":{"@id":"https:\/\/telefilm.ca\/fr#organization"},"potentialAction":[{"@type":"SearchAction","target":{"@type":"EntryPoint","urlTemplate":"https:\/\/telefilm.ca\/fr?s={search_term_string}"},"query-input":{"@type":"PropertyValueSpecification","valueRequired":true,"valueName":"search_term_string"}}],"inLanguage":"fr-CA"},{"@type":"Organization","@id":"https:\/\/telefilm.ca\/fr#organization","name":"Telefilm Canada","url":"https:\/\/telefilm.ca\/fr","logo":{"@type":"ImageObject","inLanguage":"fr-CA","@id":"https:\/\/telefilm.ca\/fr#\/schema\/logo\/image\/","url":"https:\/\/telefilm.ca\/wp-content\/uploads\/2026\/05\/cropped-tfc_favicon_512.png","contentUrl":"https:\/\/telefilm.ca\/wp-content\/uploads\/2026\/05\/cropped-tfc_favicon_512.png","width":512,"height":512,"caption":"Telefilm Canada"},"image":{"@id":"https:\/\/telefilm.ca\/fr#\/schema\/logo\/image\/"},"sameAs":["https:\/\/www.facebook.com\/TelefilmCanada\/","https:\/\/x.com\/Telefilm_Canada","https:\/\/www.instagram.com\/telefilm_canada\/","https:\/\/www.linkedin.com\/company\/telefilm-canada\/","https:\/\/www.youtube.com\/user\/telefilmcanada"]}]}},"wpml_current_locale":"fr_CA","wpml_translations":[{"locale":"en_CA","id":2188,"post_title":"26th Bucheon International Fantastic Film Festival (BIFAN)\u00a0","href":"https:\/\/telefilm.ca\/en\/26th-bucheon-international-fantastic-film-festival-bifan\/"}],"_links":{"self":[{"href":"https:\/\/telefilm.ca\/fr\/wp-json\/wp\/v2\/appel-inscription\/2189","targetHints":{"allow":["GET"]}}],"collection":[{"href":"https:\/\/telefilm.ca\/fr\/wp-json\/wp\/v2\/appel-inscription"}],"about":[{"href":"https:\/\/telefilm.ca\/fr\/wp-json\/wp\/v2\/types\/appel-inscription"}],"version-history":[{"count":0,"href":"https:\/\/telefilm.ca\/fr\/wp-json\/wp\/v2\/appel-inscription\/2189\/revisions"}],"wp:attachment":[{"href":"https:\/\/telefilm.ca\/fr\/wp-json\/wp\/v2\/media?parent=2189"}],"wp:term":[{"taxonomy":"categorie_appel_inscription","embeddable":true,"href":"https:\/\/telefilm.ca\/fr\/wp-json\/wp\/v2\/categorie_appel_inscription?post=2189"}],"curies":[{"name":"wp","href":"https:\/\/api.w.org\/{rel}","templated":true}]}}