{"id":2191,"date":"2021-12-21T14:27:24","date_gmt":"2021-12-21T14:27:24","guid":{"rendered":"https:\/\/telefilm.ca\/appel-inscription\/75e-festival-de-films-de-locarno-courts-metrages"},"modified":"2022-08-03T02:06:31","modified_gmt":"2022-08-03T02:06:31","slug":"75e-festival-de-films-de-locarno-courts-metrages","status":"publish","type":"appel-inscription","link":"https:\/\/telefilm.ca\/fr\/appel-inscription\/75e-festival-de-films-de-locarno-courts-metrages","title":{"rendered":"75e Festival de films de Locarno | Courts m\u00e9trages\u00a0"},"content":{"rendered":"<div class=\"editor-content\"><h4><b><span data-contrast=\"none\">Appel d\u2019inscriptions<\/span><\/b><span data-ccp-props=\"{&quot;201341983&quot;:0,&quot;335559739&quot;:0,&quot;335559740&quot;:240}\">\u00a0<\/span><\/h4>\n<p class=\"wp-block-paragraph\"><em>(Courts m\u00e9trages, tous genres)\u00a0<\/em><\/p>\n<p><span data-contrast=\"none\">Le <\/span><a href=\"https:\/\/www.locarnofestival.ch\/LFF\/home.html\"><span data-contrast=\"none\">Festival de Films de Locarno<\/span><\/a><span data-contrast=\"auto\"> accepte <\/span><span data-contrast=\"none\">pr\u00e9sentement les courts m\u00e9trages pour son \u00e9dition 2022.<\/span><span data-ccp-props=\"{&quot;134233117&quot;:true,&quot;134233118&quot;:true,&quot;201341983&quot;:0,&quot;335559740&quot;:240}\">\u00a0<\/span><\/p>\n<p><span data-contrast=\"auto\">*<\/span><span data-contrast=\"none\">L\u2019appel d\u2019inscription pour les pr\u00e9s\u00e9lections destin\u00e9es aux longs m\u00e9trages sera publi\u00e9 \u00e0 une date ult\u00e9rieure.<\/span><span data-ccp-props=\"{&quot;134233117&quot;:true,&quot;134233118&quot;:true,&quot;201341983&quot;:0,&quot;335559740&quot;:240}\">\u00a0<\/span><\/p>\n<p><span data-ccp-props=\"{&quot;201341983&quot;:0,&quot;335559739&quot;:0,&quot;335559740&quot;:240}\">\u00a0<\/span><b><span data-contrast=\"none\">Veuillez noter que les films doivent \u00eatre soumis <\/span><\/b><a href=\"https:\/\/www.locarnofestival.ch\/LFF\/Film-Submission.html\"><b><span data-contrast=\"none\">directement au festival<\/span><\/b><\/a><b><span data-contrast=\"none\">.<\/span><\/b><span data-ccp-props=\"{&quot;201341983&quot;:0,&quot;335559739&quot;:0,&quot;335559740&quot;:240}\">\u00a0<\/span><\/p>\n<ul>\n<li><span data-contrast=\"none\">Comp\u00e9titif\u202f: Oui<\/span><span data-ccp-props=\"{&quot;201341983&quot;:0,&quot;335559739&quot;:0,&quot;335559740&quot;:240}\">\u00a0<\/span><\/li>\n<li><span data-contrast=\"none\">Frais d\u2019inscription\u202f: Oui\u00a0<\/span><span data-ccp-props=\"{&quot;201341983&quot;:0,&quot;335559739&quot;:0,&quot;335559740&quot;:240}\">\u00a0<\/span><\/li>\n<\/ul>\n<h5 id=\"\"><\/h5>\n<h5><span data-ccp-props=\"{&quot;201341983&quot;:0,&quot;335559739&quot;:0,&quot;335559740&quot;:240}\">\u00a0<\/span><b><span data-contrast=\"none\">ADMISSIBILIT\u00c9<\/span><\/b><span data-ccp-props=\"{&quot;201341983&quot;:0,&quot;335559739&quot;:0,&quot;335559740&quot;:240}\">\u00a0<\/span><\/h5>\n<ul>\n<li data-leveltext=\"-\" data-font=\"Verdana\" data-listid=\"13\" aria-setsize=\"-1\" data-aria-posinset=\"0\" data-aria-level=\"1\"><span data-contrast=\"none\">Les films s\u00e9lectionn\u00e9s doivent avoir \u00e9t\u00e9 achev\u00e9s dans les 12 (douze) mois pr\u00e9c\u00e9dant leur projection au Festival, par cons\u00e9quent, le festival ne prendra en consid\u00e9ration que les films achev\u00e9s apr\u00e8s le 31 ao\u00fbt 2021 ;<\/span><span data-ccp-props=\"{&quot;201341983&quot;:0,&quot;335559739&quot;:0,&quot;335559740&quot;:240}\">\u00a0<\/span><\/li>\n<li data-leveltext=\"-\" data-font=\"Verdana\" data-listid=\"13\" aria-setsize=\"-1\" data-aria-posinset=\"0\" data-aria-level=\"1\"><span data-contrast=\"none\">Les films s\u00e9lectionn\u00e9s ne doivent pas \u00eatre sortis en dehors de leur pays d&#8217;origine avant la pr\u00e9sentation officielle au Festival du film de Locarno. Les premi\u00e8res mondiales sont privil\u00e9gi\u00e9es ;<\/span><span data-ccp-props=\"{&quot;201341983&quot;:0,&quot;335559739&quot;:0,&quot;335559740&quot;:240}\">\u00a0<\/span><\/li>\n<li data-leveltext=\"-\" data-font=\"Verdana\" data-listid=\"13\" aria-setsize=\"-1\" data-aria-posinset=\"0\" data-aria-level=\"1\"><span data-contrast=\"none\">Les coproductions doivent \u00eatre des premi\u00e8res mondiales;<\/span><span data-ccp-props=\"{&quot;201341983&quot;:0,&quot;335559739&quot;:0,&quot;335559740&quot;:240}\">\u00a0<\/span><\/li>\n<li data-leveltext=\"-\" data-font=\"Verdana\" data-listid=\"13\" aria-setsize=\"-1\" data-aria-posinset=\"0\" data-aria-level=\"1\"><span data-contrast=\"none\">Les courts m\u00e9trages doivent \u00eatre d\u2019une dur\u00e9e inf\u00e9rieure \u00e0 40 minutes et les moyens-m\u00e9trages doivent \u00eatre d\u2019une dur\u00e9e maximale de 59 minutes;<\/span><span data-ccp-props=\"{&quot;201341983&quot;:0,&quot;335559739&quot;:0,&quot;335559740&quot;:240}\">\u00a0<\/span><\/li>\n<li data-leveltext=\"-\" data-font=\"Verdana\" data-listid=\"13\" aria-setsize=\"-1\" data-aria-posinset=\"0\" data-aria-level=\"1\"><span data-contrast=\"none\">Les films disponibles sur Internet, diffus\u00e9s \u00e0 la t\u00e9l\u00e9vision ou sortis commercialement en VOD, DVD, Blu-Ray ou tout autre format ne sont pas \u00e9ligibles.<\/span><span data-ccp-props=\"{&quot;201341983&quot;:0,&quot;335559739&quot;:0,&quot;335559740&quot;:240}\">\u00a0<\/span><\/li>\n<\/ul>\n<h5><b><span data-contrast=\"auto\">\u00c0 propos<\/span><\/b><span data-ccp-props=\"{&quot;201341983&quot;:0,&quot;335559739&quot;:0,&quot;335559740&quot;:240}\">\u00a0<\/span><\/h5>\n<p><span data-contrast=\"auto\">Le Festival du film de Locarno vise \u00e0 promouvoir le cin\u00e9ma d&#8217;art et essai \u00e0 valeur artistique; offrir une vitrine aux nouveaux films majeurs de l&#8217;ann\u00e9e provenant du monde entier et faire le point dans ses sections comp\u00e9titives, des nouvelles perspectives de l&#8217;expression cin\u00e9matographique, en se concentrant particuli\u00e8rement sur les nouveaux r\u00e9alisateurs et industries qui attirent l&#8217;attention \u00e0 l\u2019\u00e9chelle internationale.<\/span><span data-ccp-props=\"{&quot;201341983&quot;:0,&quot;335559737&quot;:-360,&quot;335559739&quot;:0,&quot;335559740&quot;:240}\">\u00a0<\/span><\/p>\n<p><span data-contrast=\"auto\">La section Pardi di domani pr\u00e9sente en premi\u00e8re mondiale ou internationale des courts et moyens m\u00e9trages d&#8217;une dur\u00e9e maximale de 59 minutes. Tous les genres sont \u00e9ligibles. Cette section comprend deux concours ouverts aux r\u00e9alisateurs n&#8217;ayant pas encore r\u00e9alis\u00e9 de longs m\u00e9trages: l&#8217;un r\u00e9serv\u00e9 aux productions et coproductions suisses (Concorso nazionale), tandis que l&#8217;autre est ouvert aux \u0153uvres du reste du monde (Concorso internazionale). Un troisi\u00e8me programme comp\u00e9titif (Corti d\u2019autore) pr\u00e9sente des \u0153uvres de cin\u00e9astes bien \u00e9tablis explorant de nouvelles formes narratives et un langage cin\u00e9matographique innovant.<\/span><span data-ccp-props=\"{&quot;201341983&quot;:0,&quot;335559737&quot;:-360,&quot;335559739&quot;:0,&quot;335559740&quot;:240}\">\u00a0<\/span><\/p>\n<p><span data-ccp-props=\"{&quot;201341983&quot;:0,&quot;335559737&quot;:-360,&quot;335559739&quot;:0,&quot;335559740&quot;:240}\">\u00a0<\/span><\/p>\n<p><span data-contrast=\"auto\">T\u00e9l\u00e9film Canada reconna\u00eet la s\u00e9lection d\u2019un court m\u00e9trage au Festival pour une demande de soutien dans le cadre du <\/span><a href=\"https:\/\/telefilm.ca\/fr\/financement\/mise-en-marche-internationale\"><span data-contrast=\"none\">Programme de participation aux festivals.<\/span><\/a><span data-contrast=\"auto\">\u00a0<\/span><span data-ccp-props=\"{&quot;201341983&quot;:0,&quot;335559739&quot;:200,&quot;335559740&quot;:276}\">\u00a0<\/span><\/p>\n<p><span data-ccp-props=\"{&quot;201341983&quot;:0,&quot;335559739&quot;:0,&quot;335559740&quot;:240}\">\u00a0<\/span><\/p>\n<p><b><span data-contrast=\"none\">Promotion internationale<\/span><\/b><br \/>\n<span data-contrast=\"none\">T\u00e9l\u00e9film Canada, Montr\u00e9al<\/span><br \/>\n<a href=\"mailto:festivals@telefilm.ca\"><span data-contrast=\"none\">festivals@telefilm.ca<\/span><br \/>\n<\/a><span data-contrast=\"none\">1 800 567-0890<\/span><span data-ccp-props=\"{&quot;201341983&quot;:0,&quot;335559739&quot;:0,&quot;335559740&quot;:240}\">\u00a0<\/span><\/p>\n<\/div>","protected":false},"template":"","categorie_appel_inscription":[14],"class_list":["post-2191","appel-inscription","type-appel-inscription","status-publish","hentry","categorie_appel_inscription-festival-fr"],"acf":{"date_debut":"20220803","date_fin":"20220813","ville":"Locarno","pays":"Suisse","edition":"","deadlines":[{"description":"Date limite h\u00e2tive","date":"20220308"},{"description":"Date limite r\u00e9guli\u00e8re","date":"20220502"},{"description":"Date limite finale\u202f","date":"20220512"}]},"yoast_head":"<!-- This site is optimized with the Yoast SEO plugin v28.4 - https:\/\/yoast.com\/product\/yoast-seo-wordpress\/ -->\n<title>75e Festival de films de Locarno | Courts m\u00e9trages\u00a0 | T\u00e9l\u00e9film Canada<\/title>\n<meta name=\"robots\" content=\"index, follow, max-snippet:-1, max-image-preview:large, max-video-preview:-1\" \/>\n<link rel=\"canonical\" href=\"https:\/\/telefilm.ca\/fr\/appel-inscription\/75e-festival-de-films-de-locarno-courts-metrages\" \/>\n<meta property=\"og:locale\" content=\"fr_CA\" \/>\n<meta property=\"og:type\" content=\"article\" \/>\n<meta property=\"og:title\" content=\"75e Festival de films de Locarno | Courts m\u00e9trages\u00a0 | T\u00e9l\u00e9film Canada\" \/>\n<meta property=\"og:description\" content=\"Appel d\u2019inscriptions\u00a0 (Courts m\u00e9trages, tous genres)\u00a0 Le Festival de Films de Locarno accepte pr\u00e9sentement les courts m\u00e9trages pour son \u00e9dition 2022.\u00a0 *L\u2019appel d\u2019inscription pour les pr\u00e9s\u00e9lections destin\u00e9es aux longs m\u00e9trages sera publi\u00e9 \u00e0 une date ult\u00e9rieure.\u00a0 \u00a0Veuillez noter que les films doivent \u00eatre soumis directement au festival.\u00a0 Comp\u00e9titif\u202f: Oui\u00a0 Frais d\u2019inscription\u202f: Oui\u00a0\u00a0 \u00a0ADMISSIBILIT\u00c9\u00a0 Les films [&hellip;]\" \/>\n<meta property=\"og:url\" content=\"https:\/\/telefilm.ca\/fr\/appel-inscription\/75e-festival-de-films-de-locarno-courts-metrages\" \/>\n<meta property=\"og:site_name\" content=\"T\u00e9l\u00e9film Canada\" \/>\n<meta property=\"article:publisher\" content=\"https:\/\/www.facebook.com\/TelefilmCanada\/\" \/>\n<meta property=\"article:modified_time\" content=\"2022-08-03T02:06:31+00:00\" \/>\n<meta property=\"og:image\" content=\"https:\/\/telefilm.ca\/wp-content\/uploads\/2026\/08\/og-image-t-1200x675-1.png\" \/>\n\t<meta property=\"og:image:width\" content=\"1200\" \/>\n\t<meta property=\"og:image:height\" content=\"675\" \/>\n\t<meta property=\"og:image:type\" content=\"image\/png\" \/>\n<meta name=\"twitter:card\" content=\"summary_large_image\" \/>\n<meta name=\"twitter:site\" content=\"@Telefilm_Canada\" \/>\n<meta name=\"twitter:label1\" content=\"Estimation du temps de lecture\" \/>\n\t<meta name=\"twitter:data1\" content=\"2 minutes\" \/>\n<script type=\"application\/ld+json\" class=\"yoast-schema-graph\">{\"@context\":\"https:\\\/\\\/schema.org\",\"@graph\":[{\"@type\":\"WebPage\",\"@id\":\"https:\\\/\\\/telefilm.ca\\\/fr\\\/appel-inscription\\\/75e-festival-de-films-de-locarno-courts-metrages\",\"url\":\"https:\\\/\\\/telefilm.ca\\\/fr\\\/appel-inscription\\\/75e-festival-de-films-de-locarno-courts-metrages\",\"name\":\"75e Festival de films de Locarno | Courts m\u00e9trages\u00a0 | T\u00e9l\u00e9film Canada\",\"isPartOf\":{\"@id\":\"https:\\\/\\\/telefilm.ca\\\/fr#website\"},\"datePublished\":\"2021-12-21T14:27:24+00:00\",\"dateModified\":\"2022-08-03T02:06:31+00:00\",\"breadcrumb\":{\"@id\":\"https:\\\/\\\/telefilm.ca\\\/fr\\\/appel-inscription\\\/75e-festival-de-films-de-locarno-courts-metrages#breadcrumb\"},\"inLanguage\":\"fr-CA\",\"potentialAction\":[{\"@type\":\"ReadAction\",\"target\":[\"https:\\\/\\\/telefilm.ca\\\/fr\\\/appel-inscription\\\/75e-festival-de-films-de-locarno-courts-metrages\"]}]},{\"@type\":\"BreadcrumbList\",\"@id\":\"https:\\\/\\\/telefilm.ca\\\/fr\\\/appel-inscription\\\/75e-festival-de-films-de-locarno-courts-metrages#breadcrumb\",\"itemListElement\":[{\"@type\":\"ListItem\",\"position\":1,\"name\":\"Accueil\",\"item\":\"https:\\\/\\\/telefilm.ca\\\/fr\"},{\"@type\":\"ListItem\",\"position\":2,\"name\":\"Calls for Entry\",\"item\":\"https:\\\/\\\/telefilm.ca\\\/fr\\\/appel-inscription\"},{\"@type\":\"ListItem\",\"position\":3,\"name\":\"75e Festival de films de Locarno | Courts m\u00e9trages\u00a0\"}]},{\"@type\":\"WebSite\",\"@id\":\"https:\\\/\\\/telefilm.ca\\\/fr#website\",\"url\":\"https:\\\/\\\/telefilm.ca\\\/fr\",\"name\":\"T\u00e9l\u00e9film Canada\",\"description\":\"Partenaire de choix\",\"publisher\":{\"@id\":\"https:\\\/\\\/telefilm.ca\\\/fr#organization\"},\"potentialAction\":[{\"@type\":\"SearchAction\",\"target\":{\"@type\":\"EntryPoint\",\"urlTemplate\":\"https:\\\/\\\/telefilm.ca\\\/fr?s={search_term_string}\"},\"query-input\":{\"@type\":\"PropertyValueSpecification\",\"valueRequired\":true,\"valueName\":\"search_term_string\"}}],\"inLanguage\":\"fr-CA\"},{\"@type\":\"Organization\",\"@id\":\"https:\\\/\\\/telefilm.ca\\\/fr#organization\",\"name\":\"Telefilm Canada\",\"url\":\"https:\\\/\\\/telefilm.ca\\\/fr\",\"logo\":{\"@type\":\"ImageObject\",\"inLanguage\":\"fr-CA\",\"@id\":\"https:\\\/\\\/telefilm.ca\\\/fr#\\\/schema\\\/logo\\\/image\\\/\",\"url\":\"https:\\\/\\\/telefilm.ca\\\/wp-content\\\/uploads\\\/2026\\\/05\\\/cropped-tfc_favicon_512.png\",\"contentUrl\":\"https:\\\/\\\/telefilm.ca\\\/wp-content\\\/uploads\\\/2026\\\/05\\\/cropped-tfc_favicon_512.png\",\"width\":512,\"height\":512,\"caption\":\"Telefilm Canada\"},\"image\":{\"@id\":\"https:\\\/\\\/telefilm.ca\\\/fr#\\\/schema\\\/logo\\\/image\\\/\"},\"sameAs\":[\"https:\\\/\\\/www.facebook.com\\\/TelefilmCanada\\\/\",\"https:\\\/\\\/x.com\\\/Telefilm_Canada\",\"https:\\\/\\\/www.instagram.com\\\/telefilm_canada\\\/\",\"https:\\\/\\\/www.linkedin.com\\\/company\\\/telefilm-canada\\\/\",\"https:\\\/\\\/www.youtube.com\\\/user\\\/telefilmcanada\"]}]}<\/script>\n<!-- \/ Yoast SEO plugin. -->","yoast_head_json":{"title":"75e Festival de films de Locarno | Courts m\u00e9trages\u00a0 | T\u00e9l\u00e9film Canada","robots":{"index":"index","follow":"follow","max-snippet":"max-snippet:-1","max-image-preview":"max-image-preview:large","max-video-preview":"max-video-preview:-1"},"canonical":"https:\/\/telefilm.ca\/fr\/appel-inscription\/75e-festival-de-films-de-locarno-courts-metrages","og_locale":"fr_CA","og_type":"article","og_title":"75e Festival de films de Locarno | Courts m\u00e9trages\u00a0 | T\u00e9l\u00e9film Canada","og_description":"Appel d\u2019inscriptions\u00a0 (Courts m\u00e9trages, tous genres)\u00a0 Le Festival de Films de Locarno accepte pr\u00e9sentement les courts m\u00e9trages pour son \u00e9dition 2022.\u00a0 *L\u2019appel d\u2019inscription pour les pr\u00e9s\u00e9lections destin\u00e9es aux longs m\u00e9trages sera publi\u00e9 \u00e0 une date ult\u00e9rieure.\u00a0 \u00a0Veuillez noter que les films doivent \u00eatre soumis directement au festival.\u00a0 Comp\u00e9titif\u202f: Oui\u00a0 Frais d\u2019inscription\u202f: Oui\u00a0\u00a0 \u00a0ADMISSIBILIT\u00c9\u00a0 Les films [&hellip;]","og_url":"https:\/\/telefilm.ca\/fr\/appel-inscription\/75e-festival-de-films-de-locarno-courts-metrages","og_site_name":"T\u00e9l\u00e9film Canada","article_publisher":"https:\/\/www.facebook.com\/TelefilmCanada\/","article_modified_time":"2022-08-03T02:06:31+00:00","og_image":[{"width":1200,"height":675,"url":"https:\/\/telefilm.ca\/wp-content\/uploads\/2026\/08\/og-image-t-1200x675-1.png","type":"image\/png"}],"twitter_card":"summary_large_image","twitter_site":"@Telefilm_Canada","twitter_misc":{"Estimation du temps de lecture":"2 minutes"},"schema":{"@context":"https:\/\/schema.org","@graph":[{"@type":"WebPage","@id":"https:\/\/telefilm.ca\/fr\/appel-inscription\/75e-festival-de-films-de-locarno-courts-metrages","url":"https:\/\/telefilm.ca\/fr\/appel-inscription\/75e-festival-de-films-de-locarno-courts-metrages","name":"75e Festival de films de Locarno | Courts m\u00e9trages\u00a0 | T\u00e9l\u00e9film Canada","isPartOf":{"@id":"https:\/\/telefilm.ca\/fr#website"},"datePublished":"2021-12-21T14:27:24+00:00","dateModified":"2022-08-03T02:06:31+00:00","breadcrumb":{"@id":"https:\/\/telefilm.ca\/fr\/appel-inscription\/75e-festival-de-films-de-locarno-courts-metrages#breadcrumb"},"inLanguage":"fr-CA","potentialAction":[{"@type":"ReadAction","target":["https:\/\/telefilm.ca\/fr\/appel-inscription\/75e-festival-de-films-de-locarno-courts-metrages"]}]},{"@type":"BreadcrumbList","@id":"https:\/\/telefilm.ca\/fr\/appel-inscription\/75e-festival-de-films-de-locarno-courts-metrages#breadcrumb","itemListElement":[{"@type":"ListItem","position":1,"name":"Accueil","item":"https:\/\/telefilm.ca\/fr"},{"@type":"ListItem","position":2,"name":"Calls for Entry","item":"https:\/\/telefilm.ca\/fr\/appel-inscription"},{"@type":"ListItem","position":3,"name":"75e Festival de films de Locarno | Courts m\u00e9trages\u00a0"}]},{"@type":"WebSite","@id":"https:\/\/telefilm.ca\/fr#website","url":"https:\/\/telefilm.ca\/fr","name":"T\u00e9l\u00e9film Canada","description":"Partenaire de choix","publisher":{"@id":"https:\/\/telefilm.ca\/fr#organization"},"potentialAction":[{"@type":"SearchAction","target":{"@type":"EntryPoint","urlTemplate":"https:\/\/telefilm.ca\/fr?s={search_term_string}"},"query-input":{"@type":"PropertyValueSpecification","valueRequired":true,"valueName":"search_term_string"}}],"inLanguage":"fr-CA"},{"@type":"Organization","@id":"https:\/\/telefilm.ca\/fr#organization","name":"Telefilm Canada","url":"https:\/\/telefilm.ca\/fr","logo":{"@type":"ImageObject","inLanguage":"fr-CA","@id":"https:\/\/telefilm.ca\/fr#\/schema\/logo\/image\/","url":"https:\/\/telefilm.ca\/wp-content\/uploads\/2026\/05\/cropped-tfc_favicon_512.png","contentUrl":"https:\/\/telefilm.ca\/wp-content\/uploads\/2026\/05\/cropped-tfc_favicon_512.png","width":512,"height":512,"caption":"Telefilm Canada"},"image":{"@id":"https:\/\/telefilm.ca\/fr#\/schema\/logo\/image\/"},"sameAs":["https:\/\/www.facebook.com\/TelefilmCanada\/","https:\/\/x.com\/Telefilm_Canada","https:\/\/www.instagram.com\/telefilm_canada\/","https:\/\/www.linkedin.com\/company\/telefilm-canada\/","https:\/\/www.youtube.com\/user\/telefilmcanada"]}]}},"wpml_current_locale":"fr_CA","wpml_translations":[{"locale":"en_CA","id":2190,"post_title":"75th Locarno Film Festival | Short Films\u00a0","href":"https:\/\/telefilm.ca\/en\/75th-locarno-film-festival-short-films\/"}],"_links":{"self":[{"href":"https:\/\/telefilm.ca\/fr\/wp-json\/wp\/v2\/appel-inscription\/2191","targetHints":{"allow":["GET"]}}],"collection":[{"href":"https:\/\/telefilm.ca\/fr\/wp-json\/wp\/v2\/appel-inscription"}],"about":[{"href":"https:\/\/telefilm.ca\/fr\/wp-json\/wp\/v2\/types\/appel-inscription"}],"version-history":[{"count":0,"href":"https:\/\/telefilm.ca\/fr\/wp-json\/wp\/v2\/appel-inscription\/2191\/revisions"}],"wp:attachment":[{"href":"https:\/\/telefilm.ca\/fr\/wp-json\/wp\/v2\/media?parent=2191"}],"wp:term":[{"taxonomy":"categorie_appel_inscription","embeddable":true,"href":"https:\/\/telefilm.ca\/fr\/wp-json\/wp\/v2\/categorie_appel_inscription?post=2191"}],"curies":[{"name":"wp","href":"https:\/\/api.w.org\/{rel}","templated":true}]}}