{"id":2203,"date":"2021-12-16T13:39:58","date_gmt":"2021-12-16T13:39:58","guid":{"rendered":"https:\/\/telefilm.ca\/appel-inscription\/75e-festival-de-cannes-courts-metrages"},"modified":"2022-08-03T02:06:55","modified_gmt":"2022-08-03T02:06:55","slug":"75e-festival-de-cannes-courts-metrages","status":"publish","type":"appel-inscription","link":"https:\/\/telefilm.ca\/fr\/appel-inscription\/75e-festival-de-cannes-courts-metrages","title":{"rendered":"75e FESTIVAL DE CANNES\u00a0| Courts m\u00e9trages\u00a0"},"content":{"rendered":"<div class=\"editor-content\"><h4><strong>Appel d&#8217;inscriptions<\/strong><\/h4>\n<p class=\"wp-block-paragraph\"><em>(Courts m\u00e9trages)\u00a0<\/em><br \/>\nLe\u00a0<a href=\"http:\/\/www.cannescourtmetrage.com\/fr\/\">Festival de Cannes<\/a>\u00a0accepte pr\u00e9sentement les inscriptions pour les courts m\u00e9trages.<\/p>\n<p>La\u00a0<a href=\"http:\/\/www.quinzaine-realisateurs.com\/\">Quinzaine des R\u00e9alisateurs<\/a>\u00a0et la\u00a0<a href=\"http:\/\/www.semainedelacritique.com\/\">Semaine de la Critique<\/a>, des manifestations ind\u00e9pendantes du Festival de Cannes, acceptent aussi les inscriptions pour les courts m\u00e9trages.<\/p>\n<p><strong>\u00a0<\/strong><strong>Veuillez noter que les courts m\u00e9trages doivent \u00eatre soumis directement au festival\u00a0via leur plateforme de soumission respective.<\/strong><strong>\u00a0<\/strong><\/p>\n<ul>\n<li><strong>Frais d\u2019inscriptions\u00a0: <\/strong>oui (varient selon les sections).<\/li>\n<\/ul>\n<h5><strong>Admissibilit\u00e9<\/strong><\/h5>\n<ul>\n<li>Avoir \u00e9t\u00e9 achev\u00e9s dans les 12 mois pr\u00e9c\u00e9dents le Festival<\/li>\n<li>N\u2019avoir\u00a0particip\u00e9 \u00e0 aucun festival (que ce soit en comp\u00e9tition ou hors comp\u00e9tition), except\u00e9 dans leur pays d\u2019origine* Le Festival de Cannes n\u2019accepte pas les courts ayant particip\u00e9 \u00e0 un festival international dans son pays d\u2019origine.<\/li>\n<li>Ne pas avoir eu de diffusion sur internet ou \u00e0 la t\u00e9l\u00e9vision, ni d\u2019exploitation commerciale.<\/li>\n<\/ul>\n<p>Le\u00a0<strong>Festival\u00a0de Cannes (S\u00e9lection officielle)\u202f<\/strong>pr\u00e9sente\u00a010 courts m\u00e9trages (de 15 minutes et moins) qui comp\u00e9titionnent pour la prestigieuse Palme d\u2019or.\u00a0 Pour plus d\u2019information,\u00a0veuillez consulter\u00a0<a href=\"https:\/\/www.cannescourtmetrage.com\/fr\/participer\/inscrire-un-film#tab=courts-en-competition\">les r\u00e8glements<\/a>.<\/p>\n<p>La\u00a0<strong>Quinzaine des r\u00e9alisateurs<\/strong>\u00a0est organis\u00e9e par la Soci\u00e9t\u00e9 des R\u00e9alisateurs de Films. Cette section non\u00a0comp\u00e9titive programme environ 15 courts m\u00e9trages internationaux (de moins de 60 minutes). Pour plus d\u2019information,\u00a0veuillez consulter\u00a0<a href=\"https:\/\/www.quinzaine-realisateurs.com\/la-quinzaine\/inscription-des-films\/\">les r\u00e8glements<\/a>.<\/p>\n<p>Administr\u00e9e par le Syndicat Fran\u00e7ais de la Critique de Cin\u00e9ma, la<strong>\u00a0Semaine de la critique<\/strong>\u00a0programme\u00a010 courts et moyens m\u00e9trages internationaux\u00a0(de moins de 60 minutes)\u00a0qui sont \u00e9ligibles \u00e0 deux prix<strong>.<\/strong>\u00a0Pour plus d\u2019information,\u00a0veuillez consulter\u00a0<a href=\"http:\/\/www.semainedelacritique.com\/fr\/conditions-d-inscription-des-courts-metrages-2021\">les r\u00e8glements.<\/a><\/p>\n<p><strong>T\u00e9l\u00e9film Canada reconna\u00eet la participation d\u2019un court m\u00e9trage \u00e0 ces festivals et peut offrir une aide par l\u2019entremise de son\u202f<\/strong><a href=\"https:\/\/telefilm.ca\/fr\/financement\/mise-en-marche-internationale\">Programme de<\/a> promotion internationale.<\/p>\n<p>&nbsp;<\/p>\n<p><strong>PROMOTION ET COMMUNICATIONS<\/strong><br \/>\nT\u00e9l\u00e9film Canada, Montr\u00e9al<br \/>\n<a href=\"mailto:festivals@telefilm.ca\">festivals@telefilm.ca<\/a><br \/>\n1-800-567-0890<\/p>\n<\/div>","protected":false},"template":"","categorie_appel_inscription":[14],"class_list":["post-2203","appel-inscription","type-appel-inscription","status-publish","hentry","categorie_appel_inscription-festival-fr"],"acf":{"date_debut":"20220517","date_fin":"20220528","ville":"Cannes","pays":"France","edition":"","deadlines":[{"description":"Date limite pour le 75e\u00a0Festival de Cannes (S\u00e9lection officielle)","date":"20220402"},{"description":"Date limite h\u00e2tive pour la\u00a054e\u00a0Quinzaine des r\u00e9alisateurs","date":"20211231"},{"description":"Date limite r\u00e9guli\u00e8re pour la\u00a054e\u00a0Quinzaine des r\u00e9alisateurs","date":"20220311"},{"description":"Date limite pour la\u00a061e\u00a0Semaine de la critique","date":"20220311"}]},"yoast_head":"<!-- This site is optimized with the Yoast SEO plugin v28.4 - https:\/\/yoast.com\/product\/yoast-seo-wordpress\/ -->\n<title>75e FESTIVAL DE CANNES\u00a0| Courts m\u00e9trages\u00a0 | T\u00e9l\u00e9film Canada<\/title>\n<meta name=\"robots\" content=\"index, follow, max-snippet:-1, max-image-preview:large, max-video-preview:-1\" \/>\n<link rel=\"canonical\" href=\"https:\/\/telefilm.ca\/fr\/appel-inscription\/75e-festival-de-cannes-courts-metrages\" \/>\n<meta property=\"og:locale\" content=\"fr_CA\" \/>\n<meta property=\"og:type\" content=\"article\" \/>\n<meta property=\"og:title\" content=\"75e FESTIVAL DE CANNES\u00a0| Courts m\u00e9trages\u00a0 | T\u00e9l\u00e9film Canada\" \/>\n<meta property=\"og:description\" content=\"Appel d&#8217;inscriptions (Courts m\u00e9trages)\u00a0 Le\u00a0Festival de Cannes\u00a0accepte pr\u00e9sentement les inscriptions pour les courts m\u00e9trages. La\u00a0Quinzaine des R\u00e9alisateurs\u00a0et la\u00a0Semaine de la Critique, des manifestations ind\u00e9pendantes du Festival de Cannes, acceptent aussi les inscriptions pour les courts m\u00e9trages. \u00a0Veuillez noter que les courts m\u00e9trages doivent \u00eatre soumis directement au festival\u00a0via leur plateforme de soumission respective.\u00a0 Frais d\u2019inscriptions\u00a0: [&hellip;]\" \/>\n<meta property=\"og:url\" content=\"https:\/\/telefilm.ca\/fr\/appel-inscription\/75e-festival-de-cannes-courts-metrages\" \/>\n<meta property=\"og:site_name\" content=\"T\u00e9l\u00e9film Canada\" \/>\n<meta property=\"article:publisher\" content=\"https:\/\/www.facebook.com\/TelefilmCanada\/\" \/>\n<meta property=\"article:modified_time\" content=\"2022-08-03T02:06:55+00:00\" \/>\n<meta property=\"og:image\" content=\"https:\/\/telefilm.ca\/wp-content\/uploads\/2026\/08\/og-image-t-1200x675-1.png\" \/>\n\t<meta property=\"og:image:width\" content=\"1200\" \/>\n\t<meta property=\"og:image:height\" content=\"675\" \/>\n\t<meta property=\"og:image:type\" content=\"image\/png\" \/>\n<meta name=\"twitter:card\" content=\"summary_large_image\" \/>\n<meta name=\"twitter:site\" content=\"@Telefilm_Canada\" \/>\n<meta name=\"twitter:label1\" content=\"Estimation du temps de lecture\" \/>\n\t<meta name=\"twitter:data1\" content=\"2 minutes\" \/>\n<script type=\"application\/ld+json\" class=\"yoast-schema-graph\">{\"@context\":\"https:\\\/\\\/schema.org\",\"@graph\":[{\"@type\":\"WebPage\",\"@id\":\"https:\\\/\\\/telefilm.ca\\\/fr\\\/appel-inscription\\\/75e-festival-de-cannes-courts-metrages\",\"url\":\"https:\\\/\\\/telefilm.ca\\\/fr\\\/appel-inscription\\\/75e-festival-de-cannes-courts-metrages\",\"name\":\"75e FESTIVAL DE CANNES\u00a0| Courts m\u00e9trages\u00a0 | T\u00e9l\u00e9film Canada\",\"isPartOf\":{\"@id\":\"https:\\\/\\\/telefilm.ca\\\/fr#website\"},\"datePublished\":\"2021-12-16T13:39:58+00:00\",\"dateModified\":\"2022-08-03T02:06:55+00:00\",\"breadcrumb\":{\"@id\":\"https:\\\/\\\/telefilm.ca\\\/fr\\\/appel-inscription\\\/75e-festival-de-cannes-courts-metrages#breadcrumb\"},\"inLanguage\":\"fr-CA\",\"potentialAction\":[{\"@type\":\"ReadAction\",\"target\":[\"https:\\\/\\\/telefilm.ca\\\/fr\\\/appel-inscription\\\/75e-festival-de-cannes-courts-metrages\"]}]},{\"@type\":\"BreadcrumbList\",\"@id\":\"https:\\\/\\\/telefilm.ca\\\/fr\\\/appel-inscription\\\/75e-festival-de-cannes-courts-metrages#breadcrumb\",\"itemListElement\":[{\"@type\":\"ListItem\",\"position\":1,\"name\":\"Accueil\",\"item\":\"https:\\\/\\\/telefilm.ca\\\/fr\"},{\"@type\":\"ListItem\",\"position\":2,\"name\":\"Calls for Entry\",\"item\":\"https:\\\/\\\/telefilm.ca\\\/fr\\\/appel-inscription\"},{\"@type\":\"ListItem\",\"position\":3,\"name\":\"75e FESTIVAL DE CANNES\u00a0| Courts m\u00e9trages\u00a0\"}]},{\"@type\":\"WebSite\",\"@id\":\"https:\\\/\\\/telefilm.ca\\\/fr#website\",\"url\":\"https:\\\/\\\/telefilm.ca\\\/fr\",\"name\":\"T\u00e9l\u00e9film Canada\",\"description\":\"Partenaire de choix\",\"publisher\":{\"@id\":\"https:\\\/\\\/telefilm.ca\\\/fr#organization\"},\"potentialAction\":[{\"@type\":\"SearchAction\",\"target\":{\"@type\":\"EntryPoint\",\"urlTemplate\":\"https:\\\/\\\/telefilm.ca\\\/fr?s={search_term_string}\"},\"query-input\":{\"@type\":\"PropertyValueSpecification\",\"valueRequired\":true,\"valueName\":\"search_term_string\"}}],\"inLanguage\":\"fr-CA\"},{\"@type\":\"Organization\",\"@id\":\"https:\\\/\\\/telefilm.ca\\\/fr#organization\",\"name\":\"Telefilm Canada\",\"url\":\"https:\\\/\\\/telefilm.ca\\\/fr\",\"logo\":{\"@type\":\"ImageObject\",\"inLanguage\":\"fr-CA\",\"@id\":\"https:\\\/\\\/telefilm.ca\\\/fr#\\\/schema\\\/logo\\\/image\\\/\",\"url\":\"https:\\\/\\\/telefilm.ca\\\/wp-content\\\/uploads\\\/2026\\\/05\\\/cropped-tfc_favicon_512.png\",\"contentUrl\":\"https:\\\/\\\/telefilm.ca\\\/wp-content\\\/uploads\\\/2026\\\/05\\\/cropped-tfc_favicon_512.png\",\"width\":512,\"height\":512,\"caption\":\"Telefilm Canada\"},\"image\":{\"@id\":\"https:\\\/\\\/telefilm.ca\\\/fr#\\\/schema\\\/logo\\\/image\\\/\"},\"sameAs\":[\"https:\\\/\\\/www.facebook.com\\\/TelefilmCanada\\\/\",\"https:\\\/\\\/x.com\\\/Telefilm_Canada\",\"https:\\\/\\\/www.instagram.com\\\/telefilm_canada\\\/\",\"https:\\\/\\\/www.linkedin.com\\\/company\\\/telefilm-canada\\\/\",\"https:\\\/\\\/www.youtube.com\\\/user\\\/telefilmcanada\"]}]}<\/script>\n<!-- \/ Yoast SEO plugin. -->","yoast_head_json":{"title":"75e FESTIVAL DE CANNES\u00a0| Courts m\u00e9trages\u00a0 | T\u00e9l\u00e9film Canada","robots":{"index":"index","follow":"follow","max-snippet":"max-snippet:-1","max-image-preview":"max-image-preview:large","max-video-preview":"max-video-preview:-1"},"canonical":"https:\/\/telefilm.ca\/fr\/appel-inscription\/75e-festival-de-cannes-courts-metrages","og_locale":"fr_CA","og_type":"article","og_title":"75e FESTIVAL DE CANNES\u00a0| Courts m\u00e9trages\u00a0 | T\u00e9l\u00e9film Canada","og_description":"Appel d&#8217;inscriptions (Courts m\u00e9trages)\u00a0 Le\u00a0Festival de Cannes\u00a0accepte pr\u00e9sentement les inscriptions pour les courts m\u00e9trages. La\u00a0Quinzaine des R\u00e9alisateurs\u00a0et la\u00a0Semaine de la Critique, des manifestations ind\u00e9pendantes du Festival de Cannes, acceptent aussi les inscriptions pour les courts m\u00e9trages. \u00a0Veuillez noter que les courts m\u00e9trages doivent \u00eatre soumis directement au festival\u00a0via leur plateforme de soumission respective.\u00a0 Frais d\u2019inscriptions\u00a0: [&hellip;]","og_url":"https:\/\/telefilm.ca\/fr\/appel-inscription\/75e-festival-de-cannes-courts-metrages","og_site_name":"T\u00e9l\u00e9film Canada","article_publisher":"https:\/\/www.facebook.com\/TelefilmCanada\/","article_modified_time":"2022-08-03T02:06:55+00:00","og_image":[{"width":1200,"height":675,"url":"https:\/\/telefilm.ca\/wp-content\/uploads\/2026\/08\/og-image-t-1200x675-1.png","type":"image\/png"}],"twitter_card":"summary_large_image","twitter_site":"@Telefilm_Canada","twitter_misc":{"Estimation du temps de lecture":"2 minutes"},"schema":{"@context":"https:\/\/schema.org","@graph":[{"@type":"WebPage","@id":"https:\/\/telefilm.ca\/fr\/appel-inscription\/75e-festival-de-cannes-courts-metrages","url":"https:\/\/telefilm.ca\/fr\/appel-inscription\/75e-festival-de-cannes-courts-metrages","name":"75e FESTIVAL DE CANNES\u00a0| Courts m\u00e9trages\u00a0 | T\u00e9l\u00e9film Canada","isPartOf":{"@id":"https:\/\/telefilm.ca\/fr#website"},"datePublished":"2021-12-16T13:39:58+00:00","dateModified":"2022-08-03T02:06:55+00:00","breadcrumb":{"@id":"https:\/\/telefilm.ca\/fr\/appel-inscription\/75e-festival-de-cannes-courts-metrages#breadcrumb"},"inLanguage":"fr-CA","potentialAction":[{"@type":"ReadAction","target":["https:\/\/telefilm.ca\/fr\/appel-inscription\/75e-festival-de-cannes-courts-metrages"]}]},{"@type":"BreadcrumbList","@id":"https:\/\/telefilm.ca\/fr\/appel-inscription\/75e-festival-de-cannes-courts-metrages#breadcrumb","itemListElement":[{"@type":"ListItem","position":1,"name":"Accueil","item":"https:\/\/telefilm.ca\/fr"},{"@type":"ListItem","position":2,"name":"Calls for Entry","item":"https:\/\/telefilm.ca\/fr\/appel-inscription"},{"@type":"ListItem","position":3,"name":"75e FESTIVAL DE CANNES\u00a0| Courts m\u00e9trages\u00a0"}]},{"@type":"WebSite","@id":"https:\/\/telefilm.ca\/fr#website","url":"https:\/\/telefilm.ca\/fr","name":"T\u00e9l\u00e9film Canada","description":"Partenaire de choix","publisher":{"@id":"https:\/\/telefilm.ca\/fr#organization"},"potentialAction":[{"@type":"SearchAction","target":{"@type":"EntryPoint","urlTemplate":"https:\/\/telefilm.ca\/fr?s={search_term_string}"},"query-input":{"@type":"PropertyValueSpecification","valueRequired":true,"valueName":"search_term_string"}}],"inLanguage":"fr-CA"},{"@type":"Organization","@id":"https:\/\/telefilm.ca\/fr#organization","name":"Telefilm Canada","url":"https:\/\/telefilm.ca\/fr","logo":{"@type":"ImageObject","inLanguage":"fr-CA","@id":"https:\/\/telefilm.ca\/fr#\/schema\/logo\/image\/","url":"https:\/\/telefilm.ca\/wp-content\/uploads\/2026\/05\/cropped-tfc_favicon_512.png","contentUrl":"https:\/\/telefilm.ca\/wp-content\/uploads\/2026\/05\/cropped-tfc_favicon_512.png","width":512,"height":512,"caption":"Telefilm Canada"},"image":{"@id":"https:\/\/telefilm.ca\/fr#\/schema\/logo\/image\/"},"sameAs":["https:\/\/www.facebook.com\/TelefilmCanada\/","https:\/\/x.com\/Telefilm_Canada","https:\/\/www.instagram.com\/telefilm_canada\/","https:\/\/www.linkedin.com\/company\/telefilm-canada\/","https:\/\/www.youtube.com\/user\/telefilmcanada"]}]}},"wpml_current_locale":"fr_CA","wpml_translations":[{"locale":"en_CA","id":2202,"post_title":"75th\u00a0FESTIVAL DE CANNES\u00a0| Short Films\u00a0","href":"https:\/\/telefilm.ca\/en\/75th-festival-de-cannes-short-films\/"}],"_links":{"self":[{"href":"https:\/\/telefilm.ca\/fr\/wp-json\/wp\/v2\/appel-inscription\/2203","targetHints":{"allow":["GET"]}}],"collection":[{"href":"https:\/\/telefilm.ca\/fr\/wp-json\/wp\/v2\/appel-inscription"}],"about":[{"href":"https:\/\/telefilm.ca\/fr\/wp-json\/wp\/v2\/types\/appel-inscription"}],"version-history":[{"count":0,"href":"https:\/\/telefilm.ca\/fr\/wp-json\/wp\/v2\/appel-inscription\/2203\/revisions"}],"wp:attachment":[{"href":"https:\/\/telefilm.ca\/fr\/wp-json\/wp\/v2\/media?parent=2203"}],"wp:term":[{"taxonomy":"categorie_appel_inscription","embeddable":true,"href":"https:\/\/telefilm.ca\/fr\/wp-json\/wp\/v2\/categorie_appel_inscription?post=2203"}],"curies":[{"name":"wp","href":"https:\/\/api.w.org\/{rel}","templated":true}]}}