{"id":2231,"date":"2021-11-22T16:17:21","date_gmt":"2021-11-22T16:17:21","guid":{"rendered":"https:\/\/telefilm.ca\/appel-inscription\/21e-festival-international-du-film-fantastique-de-neuchatel"},"modified":"2022-08-03T02:07:56","modified_gmt":"2022-08-03T02:07:56","slug":"21e-festival-international-du-film-fantastique-de-neuchatel","status":"publish","type":"appel-inscription","link":"https:\/\/telefilm.ca\/fr\/appel-inscription\/21e-festival-international-du-film-fantastique-de-neuchatel","title":{"rendered":"21e Festival international du film fantastique de Neuch\u00e2tel"},"content":{"rendered":"<div class=\"editor-content\"><h4><strong>Appel d\u2019inscriptions<\/strong><\/h4>\n<p class=\"wp-block-paragraph\"><em><strong>Longs et courts m\u00e9trages, fantastiques, et films de genre<\/strong><\/em><\/p>\n<p>&nbsp;<\/p>\n<p>Le <a href=\"https:\/\/www.nifff.ch\/fr\/\">Festival international du film fantastique de Neuch\u00e2tel <\/a>accepte pr\u00e9sentement les inscriptions pour son \u00e9dition 2022.<\/p>\n<p><strong>Veuillez noter que les films doivent \u00eatre soumis <\/strong><a href=\"https:\/\/www.nifff.ch\/fr\/presse-industrie\/inscriptions-films-reglements\/\"><strong>directement au festival<\/strong><\/a><strong>.<\/strong><\/p>\n<ul>\n<li>Comp\u00e9titif\u00a0: Oui<\/li>\n<li>Frais d\u2019inscription\u00a0: Non<\/li>\n<\/ul>\n<p>&nbsp;<\/p>\n<h5><strong>Admissibilit\u00e9<\/strong><\/h5>\n<ol>\n<li>Avoir \u00e9t\u00e9 produit dans les dix-huit mois pr\u00e9c\u00e9dant le festival<\/li>\n<li>Les longs-m\u00e9trages doivent \u00eatre d\u2019une dur\u00e9e de 60 minutes minimum. Les courts m\u00e9trages doivent avoir une dur\u00e9e de 25 minutes ou moins.<\/li>\n<li>\u00catre projet\u00e9 en Premi\u00e8re Suisse. La priorit\u00e9 peut \u00eatre accord\u00e9e aux premi\u00e8res internationales et mondiales.<\/li>\n<\/ol>\n<p>&nbsp;<\/p>\n<h5><strong>\u00c0 propos<\/strong><\/h5>\n<p>Le Festival international du film fantastique de Neuch\u00e2tel a pour but de r\u00e9v\u00e9ler et de promouvoir des \u0153uvres cin\u00e9matographiques innovatrices sur les plans th\u00e9matiques et esth\u00e9tiques. Le NIFFF ambitionne d\u2019\u00eatre l\u2019ambassadeur de la production fantastique et asiatique en Suisse et d\u2019offrir \u00e0 la r\u00e9gion de Neuch\u00e2tel un \u00e9v\u00e9nement cin\u00e9matographique de niveau international.<\/p>\n<p>Le NIFFF propose une se\u0301lection de plus de 150 films re\u0301partis en 4 compe\u0301titions et diffe\u0301rents programmes spe\u0301ciaux.<\/p>\n<p>&nbsp;<\/p>\n<p>T\u00e9l\u00e9film Canada reconna\u00eet la s\u00e9lection d\u2019un long m\u00e9trage au Festival pour une demande de soutien dans le cadre du <a href=\"https:\/\/telefilm.ca\/fr\/financement\/mise-en-marche-internationale\">Programme promotion internationale.<\/a><\/p>\n<p><strong>Promotion internationale<\/strong><br \/>\nT\u00e9l\u00e9film Canada, Montr\u00e9al<br \/>\n<a href=\"mailto:festivals@telefilm.ca\">festivals@telefilm.ca<\/a><br \/>\n1 800 567-0890<\/p>\n<\/div>","protected":false},"template":"","categorie_appel_inscription":[14],"class_list":["post-2231","appel-inscription","type-appel-inscription","status-publish","hentry","categorie_appel_inscription-festival-fr"],"acf":{"date_debut":"20220701","date_fin":"20220709","ville":"Neuch\u00e2tel","pays":"Suisse","edition":"","deadlines":[{"description":"Date limite pour les courts m\u00e9trages","date":"20220401"},{"description":"Date limite pour les longs-m\u00e9trages","date":"20220429"}]},"yoast_head":"<!-- This site is optimized with the Yoast SEO plugin v28.4 - https:\/\/yoast.com\/product\/yoast-seo-wordpress\/ -->\n<title>21e Festival international du film fantastique de Neuch\u00e2tel | T\u00e9l\u00e9film Canada<\/title>\n<meta name=\"robots\" content=\"index, follow, max-snippet:-1, max-image-preview:large, max-video-preview:-1\" \/>\n<link rel=\"canonical\" href=\"https:\/\/telefilm.ca\/fr\/appel-inscription\/21e-festival-international-du-film-fantastique-de-neuchatel\" \/>\n<meta property=\"og:locale\" content=\"fr_CA\" \/>\n<meta property=\"og:type\" content=\"article\" \/>\n<meta property=\"og:title\" content=\"21e Festival international du film fantastique de Neuch\u00e2tel | T\u00e9l\u00e9film Canada\" \/>\n<meta property=\"og:description\" content=\"Appel d\u2019inscriptions Longs et courts m\u00e9trages, fantastiques, et films de genre &nbsp; Le Festival international du film fantastique de Neuch\u00e2tel accepte pr\u00e9sentement les inscriptions pour son \u00e9dition 2022. Veuillez noter que les films doivent \u00eatre soumis directement au festival. Comp\u00e9titif\u00a0: Oui Frais d\u2019inscription\u00a0: Non &nbsp; Admissibilit\u00e9 Avoir \u00e9t\u00e9 produit dans les dix-huit mois pr\u00e9c\u00e9dant le [&hellip;]\" \/>\n<meta property=\"og:url\" content=\"https:\/\/telefilm.ca\/fr\/appel-inscription\/21e-festival-international-du-film-fantastique-de-neuchatel\" \/>\n<meta property=\"og:site_name\" content=\"T\u00e9l\u00e9film Canada\" \/>\n<meta property=\"article:publisher\" content=\"https:\/\/www.facebook.com\/TelefilmCanada\/\" \/>\n<meta property=\"article:modified_time\" content=\"2022-08-03T02:07:56+00:00\" \/>\n<meta property=\"og:image\" content=\"https:\/\/telefilm.ca\/wp-content\/uploads\/2026\/08\/og-image-t-1200x675-1.png\" \/>\n\t<meta property=\"og:image:width\" content=\"1200\" \/>\n\t<meta property=\"og:image:height\" content=\"675\" \/>\n\t<meta property=\"og:image:type\" content=\"image\/png\" \/>\n<meta name=\"twitter:card\" content=\"summary_large_image\" \/>\n<meta name=\"twitter:site\" content=\"@Telefilm_Canada\" \/>\n<meta name=\"twitter:label1\" content=\"Estimation du temps de lecture\" \/>\n\t<meta name=\"twitter:data1\" content=\"1 minute\" \/>\n<script type=\"application\/ld+json\" class=\"yoast-schema-graph\">{\"@context\":\"https:\\\/\\\/schema.org\",\"@graph\":[{\"@type\":\"WebPage\",\"@id\":\"https:\\\/\\\/telefilm.ca\\\/fr\\\/appel-inscription\\\/21e-festival-international-du-film-fantastique-de-neuchatel\",\"url\":\"https:\\\/\\\/telefilm.ca\\\/fr\\\/appel-inscription\\\/21e-festival-international-du-film-fantastique-de-neuchatel\",\"name\":\"21e Festival international du film fantastique de Neuch\u00e2tel | T\u00e9l\u00e9film Canada\",\"isPartOf\":{\"@id\":\"https:\\\/\\\/telefilm.ca\\\/fr#website\"},\"datePublished\":\"2021-11-22T16:17:21+00:00\",\"dateModified\":\"2022-08-03T02:07:56+00:00\",\"breadcrumb\":{\"@id\":\"https:\\\/\\\/telefilm.ca\\\/fr\\\/appel-inscription\\\/21e-festival-international-du-film-fantastique-de-neuchatel#breadcrumb\"},\"inLanguage\":\"fr-CA\",\"potentialAction\":[{\"@type\":\"ReadAction\",\"target\":[\"https:\\\/\\\/telefilm.ca\\\/fr\\\/appel-inscription\\\/21e-festival-international-du-film-fantastique-de-neuchatel\"]}]},{\"@type\":\"BreadcrumbList\",\"@id\":\"https:\\\/\\\/telefilm.ca\\\/fr\\\/appel-inscription\\\/21e-festival-international-du-film-fantastique-de-neuchatel#breadcrumb\",\"itemListElement\":[{\"@type\":\"ListItem\",\"position\":1,\"name\":\"Accueil\",\"item\":\"https:\\\/\\\/telefilm.ca\\\/fr\"},{\"@type\":\"ListItem\",\"position\":2,\"name\":\"Calls for Entry\",\"item\":\"https:\\\/\\\/telefilm.ca\\\/fr\\\/appel-inscription\"},{\"@type\":\"ListItem\",\"position\":3,\"name\":\"21e Festival international du film fantastique de Neuch\u00e2tel\"}]},{\"@type\":\"WebSite\",\"@id\":\"https:\\\/\\\/telefilm.ca\\\/fr#website\",\"url\":\"https:\\\/\\\/telefilm.ca\\\/fr\",\"name\":\"T\u00e9l\u00e9film Canada\",\"description\":\"Partenaire de choix\",\"publisher\":{\"@id\":\"https:\\\/\\\/telefilm.ca\\\/fr#organization\"},\"potentialAction\":[{\"@type\":\"SearchAction\",\"target\":{\"@type\":\"EntryPoint\",\"urlTemplate\":\"https:\\\/\\\/telefilm.ca\\\/fr?s={search_term_string}\"},\"query-input\":{\"@type\":\"PropertyValueSpecification\",\"valueRequired\":true,\"valueName\":\"search_term_string\"}}],\"inLanguage\":\"fr-CA\"},{\"@type\":\"Organization\",\"@id\":\"https:\\\/\\\/telefilm.ca\\\/fr#organization\",\"name\":\"Telefilm Canada\",\"url\":\"https:\\\/\\\/telefilm.ca\\\/fr\",\"logo\":{\"@type\":\"ImageObject\",\"inLanguage\":\"fr-CA\",\"@id\":\"https:\\\/\\\/telefilm.ca\\\/fr#\\\/schema\\\/logo\\\/image\\\/\",\"url\":\"https:\\\/\\\/telefilm.ca\\\/wp-content\\\/uploads\\\/2026\\\/05\\\/cropped-tfc_favicon_512.png\",\"contentUrl\":\"https:\\\/\\\/telefilm.ca\\\/wp-content\\\/uploads\\\/2026\\\/05\\\/cropped-tfc_favicon_512.png\",\"width\":512,\"height\":512,\"caption\":\"Telefilm Canada\"},\"image\":{\"@id\":\"https:\\\/\\\/telefilm.ca\\\/fr#\\\/schema\\\/logo\\\/image\\\/\"},\"sameAs\":[\"https:\\\/\\\/www.facebook.com\\\/TelefilmCanada\\\/\",\"https:\\\/\\\/x.com\\\/Telefilm_Canada\",\"https:\\\/\\\/www.instagram.com\\\/telefilm_canada\\\/\",\"https:\\\/\\\/www.linkedin.com\\\/company\\\/telefilm-canada\\\/\",\"https:\\\/\\\/www.youtube.com\\\/user\\\/telefilmcanada\"]}]}<\/script>\n<!-- \/ Yoast SEO plugin. -->","yoast_head_json":{"title":"21e Festival international du film fantastique de Neuch\u00e2tel | T\u00e9l\u00e9film Canada","robots":{"index":"index","follow":"follow","max-snippet":"max-snippet:-1","max-image-preview":"max-image-preview:large","max-video-preview":"max-video-preview:-1"},"canonical":"https:\/\/telefilm.ca\/fr\/appel-inscription\/21e-festival-international-du-film-fantastique-de-neuchatel","og_locale":"fr_CA","og_type":"article","og_title":"21e Festival international du film fantastique de Neuch\u00e2tel | T\u00e9l\u00e9film Canada","og_description":"Appel d\u2019inscriptions Longs et courts m\u00e9trages, fantastiques, et films de genre &nbsp; Le Festival international du film fantastique de Neuch\u00e2tel accepte pr\u00e9sentement les inscriptions pour son \u00e9dition 2022. Veuillez noter que les films doivent \u00eatre soumis directement au festival. Comp\u00e9titif\u00a0: Oui Frais d\u2019inscription\u00a0: Non &nbsp; Admissibilit\u00e9 Avoir \u00e9t\u00e9 produit dans les dix-huit mois pr\u00e9c\u00e9dant le [&hellip;]","og_url":"https:\/\/telefilm.ca\/fr\/appel-inscription\/21e-festival-international-du-film-fantastique-de-neuchatel","og_site_name":"T\u00e9l\u00e9film Canada","article_publisher":"https:\/\/www.facebook.com\/TelefilmCanada\/","article_modified_time":"2022-08-03T02:07:56+00:00","og_image":[{"width":1200,"height":675,"url":"https:\/\/telefilm.ca\/wp-content\/uploads\/2026\/08\/og-image-t-1200x675-1.png","type":"image\/png"}],"twitter_card":"summary_large_image","twitter_site":"@Telefilm_Canada","twitter_misc":{"Estimation du temps de lecture":"1 minute"},"schema":{"@context":"https:\/\/schema.org","@graph":[{"@type":"WebPage","@id":"https:\/\/telefilm.ca\/fr\/appel-inscription\/21e-festival-international-du-film-fantastique-de-neuchatel","url":"https:\/\/telefilm.ca\/fr\/appel-inscription\/21e-festival-international-du-film-fantastique-de-neuchatel","name":"21e Festival international du film fantastique de Neuch\u00e2tel | T\u00e9l\u00e9film Canada","isPartOf":{"@id":"https:\/\/telefilm.ca\/fr#website"},"datePublished":"2021-11-22T16:17:21+00:00","dateModified":"2022-08-03T02:07:56+00:00","breadcrumb":{"@id":"https:\/\/telefilm.ca\/fr\/appel-inscription\/21e-festival-international-du-film-fantastique-de-neuchatel#breadcrumb"},"inLanguage":"fr-CA","potentialAction":[{"@type":"ReadAction","target":["https:\/\/telefilm.ca\/fr\/appel-inscription\/21e-festival-international-du-film-fantastique-de-neuchatel"]}]},{"@type":"BreadcrumbList","@id":"https:\/\/telefilm.ca\/fr\/appel-inscription\/21e-festival-international-du-film-fantastique-de-neuchatel#breadcrumb","itemListElement":[{"@type":"ListItem","position":1,"name":"Accueil","item":"https:\/\/telefilm.ca\/fr"},{"@type":"ListItem","position":2,"name":"Calls for Entry","item":"https:\/\/telefilm.ca\/fr\/appel-inscription"},{"@type":"ListItem","position":3,"name":"21e Festival international du film fantastique de Neuch\u00e2tel"}]},{"@type":"WebSite","@id":"https:\/\/telefilm.ca\/fr#website","url":"https:\/\/telefilm.ca\/fr","name":"T\u00e9l\u00e9film Canada","description":"Partenaire de choix","publisher":{"@id":"https:\/\/telefilm.ca\/fr#organization"},"potentialAction":[{"@type":"SearchAction","target":{"@type":"EntryPoint","urlTemplate":"https:\/\/telefilm.ca\/fr?s={search_term_string}"},"query-input":{"@type":"PropertyValueSpecification","valueRequired":true,"valueName":"search_term_string"}}],"inLanguage":"fr-CA"},{"@type":"Organization","@id":"https:\/\/telefilm.ca\/fr#organization","name":"Telefilm Canada","url":"https:\/\/telefilm.ca\/fr","logo":{"@type":"ImageObject","inLanguage":"fr-CA","@id":"https:\/\/telefilm.ca\/fr#\/schema\/logo\/image\/","url":"https:\/\/telefilm.ca\/wp-content\/uploads\/2026\/05\/cropped-tfc_favicon_512.png","contentUrl":"https:\/\/telefilm.ca\/wp-content\/uploads\/2026\/05\/cropped-tfc_favicon_512.png","width":512,"height":512,"caption":"Telefilm Canada"},"image":{"@id":"https:\/\/telefilm.ca\/fr#\/schema\/logo\/image\/"},"sameAs":["https:\/\/www.facebook.com\/TelefilmCanada\/","https:\/\/x.com\/Telefilm_Canada","https:\/\/www.instagram.com\/telefilm_canada\/","https:\/\/www.linkedin.com\/company\/telefilm-canada\/","https:\/\/www.youtube.com\/user\/telefilmcanada"]}]}},"wpml_current_locale":"fr_CA","wpml_translations":[{"locale":"en_CA","id":2230,"post_title":"21st Neuch\u00e2tel International Fantastic Film Festival","href":"https:\/\/telefilm.ca\/en\/21st-neuchatel-international-fantastic-film-festival\/"}],"_links":{"self":[{"href":"https:\/\/telefilm.ca\/fr\/wp-json\/wp\/v2\/appel-inscription\/2231","targetHints":{"allow":["GET"]}}],"collection":[{"href":"https:\/\/telefilm.ca\/fr\/wp-json\/wp\/v2\/appel-inscription"}],"about":[{"href":"https:\/\/telefilm.ca\/fr\/wp-json\/wp\/v2\/types\/appel-inscription"}],"version-history":[{"count":0,"href":"https:\/\/telefilm.ca\/fr\/wp-json\/wp\/v2\/appel-inscription\/2231\/revisions"}],"wp:attachment":[{"href":"https:\/\/telefilm.ca\/fr\/wp-json\/wp\/v2\/media?parent=2231"}],"wp:term":[{"taxonomy":"categorie_appel_inscription","embeddable":true,"href":"https:\/\/telefilm.ca\/fr\/wp-json\/wp\/v2\/categorie_appel_inscription?post=2231"}],"curies":[{"name":"wp","href":"https:\/\/api.w.org\/{rel}","templated":true}]}}