{"id":2423,"date":"2021-03-12T15:05:49","date_gmt":"2021-03-12T15:05:49","guid":{"rendered":"https:\/\/telefilm.ca\/appel-inscription\/sitges-international-fantastic-film-festival-of-catalonia"},"modified":"2022-08-03T02:14:56","modified_gmt":"2022-08-03T02:14:56","slug":"sitges-international-fantastic-film-festival-of-catalonia","status":"publish","type":"appel-inscription","link":"https:\/\/telefilm.ca\/fr\/appel-inscription\/sitges-international-fantastic-film-festival-of-catalonia","title":{"rendered":"Sitges | Festival international du film fantastique de Catalogne"},"content":{"rendered":"<div class=\"editor-content\"><h4><strong>Appel d\u2019inscriptions<\/strong><\/h4>\n<p class=\"wp-block-paragraph\"><strong>(Longs m\u00e9trages, courts m\u00e9trages)<\/strong><\/p>\n<p>&nbsp;<\/p>\n<p>Le <a href=\"http:\/\/sitgesfilmfestival.com\/eng\">Festival international du film fantastique de Catalogne \u2013 Sitges <\/a>\u00a0accepte pr\u00e9sentement les inscriptions pour son \u00e9dition\u00a02021.<\/p>\n<p><strong>Veuillez noter que tous les films doivent \u00eatre soumis directement au festival via <a href=\"https:\/\/filmmakers.festhome.com\/en\/festival\/sitges-festival-internacional-de-cinema-fantastic-de-catalunya\">Festhome.com<\/a><\/strong><\/p>\n<ul>\n<li>Comp\u00e9tition : Oui<\/li>\n<li>Frais d\u2019inscription : Oui<\/li>\n<\/ul>\n<p>&nbsp;<\/p>\n<h5><strong>Crit\u00e8res d\u2019admissibilit\u00e9<\/strong><\/h5>\n<ul>\n<li>Le film ne doit pas avoir \u00e9t\u00e9 pr\u00e9sent\u00e9 en Espagne;<\/li>\n<li>Le film doit avoir \u00e9t\u00e9 produit en 2020\/2021;<\/li>\n<li>Il doit s\u2019agir d\u2019un film fantastique, au sens large. Gardez \u00e0 l\u2019esprit que la qualit\u00e9 et le lancement d\u2019une tendance sont les principaux objectifs;<\/li>\n<\/ul>\n<p>&nbsp;<\/p>\n<h5 id=\"a-propos\">\u00c0 propos<\/h5>\n<p>Le <strong>Festival international du film fantastique de Catalogne \u2013 Sitges <\/strong>est le plus important festival de cin\u00e9ma fantastique au monde. On peut y faire des rencontres, assister \u00e0 des expositions et des pr\u00e9sentations et visionner des films fantastiques provenant des quatre coins du monde. Ce festival a \u00e9t\u00e9 nomm\u00e9 \u00ab\u00a0festival qualifi\u00e9\u00a0\u00bb par l\u2019Academy of Motion Picture Arts and Sciences\u00ae, ce qui permet \u00e0 Sitges de pr\u00e9senter les courts m\u00e9trages prim\u00e9s dans les sections Officiel et Animation comme candidats pour les Oscars\u00ae.<\/p>\n<p>Cr\u00e9\u00e9 en 1968, le festival est apparu comme le premier festival international de films fantastiques et d\u2019horreur, pour devenir avec le temps le rendez-vous incontournable des cin\u00e9philes. Il attire aujourd\u2019hui 130\u00a0000\u00a0spectateurs, 757\u00a0journalistes et 700\u00a0repr\u00e9sentants de l\u2019industrie, en plus d\u2019\u00eatre suivi par 55\u00a0000\u00a0amis Facebook et 42\u00a0500\u00a0abonn\u00e9s Twitter.<\/p>\n<p>Plusieurs cat\u00e9gories du festival sont comp\u00e9titives et attribuent des prix. C\u2019est le cas des sections Oficial Fant\u00e0stic, Oficial Noves Visions, Midnight X-Treme, Panorama Fant\u00e0stic et Anima\u2019t. De plus, le <strong>Citizen Kane Award <\/strong>est remis au meilleur r\u00e9alisateur d\u2019un premier long m\u00e9trage.<\/p>\n<p>&nbsp;<\/p>\n<p>T\u00e9l\u00e9film Canada reconna\u00eet la s\u00e9lection d\u2019un long m\u00e9trage au Festival pour une demande de soutien dans le cadre du\u00a0<a href=\"https:\/\/telefilm.ca\/fr\/financement\/mise-en-marche-internationale\">Programme de participation aux festivals.<\/a><\/p>\n<p>&nbsp;<\/p>\n<p><strong>Promotion internationale<\/strong><br \/>\nT\u00e9l\u00e9film Canada, Montr\u00e9al<br \/>\n<a href=\"mailto:festivals@telefilm.ca\">festivals@telefilm.ca<\/a><br \/>\n1 800 567-0890<\/p>\n<\/div>","protected":false},"template":"","categorie_appel_inscription":[14],"class_list":["post-2423","appel-inscription","type-appel-inscription","status-publish","hentry","categorie_appel_inscription-festival-fr"],"acf":{"date_debut":"20211007","date_fin":"20211017","ville":"Sitges","pays":"Espagne","edition":"","deadlines":[{"description":"Date limite","date":"20210715"}]},"yoast_head":"<!-- This site is optimized with the Yoast SEO plugin v28.4 - https:\/\/yoast.com\/product\/yoast-seo-wordpress\/ -->\n<title>Sitges | Festival international du film fantastique de Catalogne | T\u00e9l\u00e9film Canada<\/title>\n<meta name=\"robots\" content=\"index, follow, max-snippet:-1, max-image-preview:large, max-video-preview:-1\" \/>\n<link rel=\"canonical\" href=\"https:\/\/telefilm.ca\/fr\/appel-inscription\/sitges-international-fantastic-film-festival-of-catalonia\" \/>\n<meta property=\"og:locale\" content=\"fr_CA\" \/>\n<meta property=\"og:type\" content=\"article\" \/>\n<meta property=\"og:title\" content=\"Sitges | Festival international du film fantastique de Catalogne | T\u00e9l\u00e9film Canada\" \/>\n<meta property=\"og:description\" content=\"Appel d\u2019inscriptions (Longs m\u00e9trages, courts m\u00e9trages) &nbsp; Le Festival international du film fantastique de Catalogne \u2013 Sitges \u00a0accepte pr\u00e9sentement les inscriptions pour son \u00e9dition\u00a02021. Veuillez noter que tous les films doivent \u00eatre soumis directement au festival via Festhome.com Comp\u00e9tition : Oui Frais d\u2019inscription : Oui &nbsp; Crit\u00e8res d\u2019admissibilit\u00e9 Le film ne doit pas avoir \u00e9t\u00e9 [&hellip;]\" \/>\n<meta property=\"og:url\" content=\"https:\/\/telefilm.ca\/fr\/appel-inscription\/sitges-international-fantastic-film-festival-of-catalonia\" \/>\n<meta property=\"og:site_name\" content=\"T\u00e9l\u00e9film Canada\" \/>\n<meta property=\"article:publisher\" content=\"https:\/\/www.facebook.com\/TelefilmCanada\/\" \/>\n<meta property=\"article:modified_time\" content=\"2022-08-03T02:14:56+00:00\" \/>\n<meta property=\"og:image\" content=\"https:\/\/telefilm.ca\/wp-content\/uploads\/2026\/08\/og-image-t-1200x675-1.png\" \/>\n\t<meta property=\"og:image:width\" content=\"1200\" \/>\n\t<meta property=\"og:image:height\" content=\"675\" \/>\n\t<meta property=\"og:image:type\" content=\"image\/png\" \/>\n<meta name=\"twitter:card\" content=\"summary_large_image\" \/>\n<meta name=\"twitter:site\" content=\"@Telefilm_Canada\" \/>\n<meta name=\"twitter:label1\" content=\"Estimation du temps de lecture\" \/>\n\t<meta name=\"twitter:data1\" content=\"2 minutes\" \/>\n<script type=\"application\/ld+json\" class=\"yoast-schema-graph\">{\"@context\":\"https:\\\/\\\/schema.org\",\"@graph\":[{\"@type\":\"WebPage\",\"@id\":\"https:\\\/\\\/telefilm.ca\\\/fr\\\/appel-inscription\\\/sitges-international-fantastic-film-festival-of-catalonia\",\"url\":\"https:\\\/\\\/telefilm.ca\\\/fr\\\/appel-inscription\\\/sitges-international-fantastic-film-festival-of-catalonia\",\"name\":\"Sitges | Festival international du film fantastique de Catalogne | T\u00e9l\u00e9film Canada\",\"isPartOf\":{\"@id\":\"https:\\\/\\\/telefilm.ca\\\/fr#website\"},\"datePublished\":\"2021-03-12T15:05:49+00:00\",\"dateModified\":\"2022-08-03T02:14:56+00:00\",\"breadcrumb\":{\"@id\":\"https:\\\/\\\/telefilm.ca\\\/fr\\\/appel-inscription\\\/sitges-international-fantastic-film-festival-of-catalonia#breadcrumb\"},\"inLanguage\":\"fr-CA\",\"potentialAction\":[{\"@type\":\"ReadAction\",\"target\":[\"https:\\\/\\\/telefilm.ca\\\/fr\\\/appel-inscription\\\/sitges-international-fantastic-film-festival-of-catalonia\"]}]},{\"@type\":\"BreadcrumbList\",\"@id\":\"https:\\\/\\\/telefilm.ca\\\/fr\\\/appel-inscription\\\/sitges-international-fantastic-film-festival-of-catalonia#breadcrumb\",\"itemListElement\":[{\"@type\":\"ListItem\",\"position\":1,\"name\":\"Accueil\",\"item\":\"https:\\\/\\\/telefilm.ca\\\/fr\"},{\"@type\":\"ListItem\",\"position\":2,\"name\":\"Calls for Entry\",\"item\":\"https:\\\/\\\/telefilm.ca\\\/fr\\\/appel-inscription\"},{\"@type\":\"ListItem\",\"position\":3,\"name\":\"Sitges | Festival international du film fantastique de Catalogne\"}]},{\"@type\":\"WebSite\",\"@id\":\"https:\\\/\\\/telefilm.ca\\\/fr#website\",\"url\":\"https:\\\/\\\/telefilm.ca\\\/fr\",\"name\":\"T\u00e9l\u00e9film Canada\",\"description\":\"Partenaire de choix\",\"publisher\":{\"@id\":\"https:\\\/\\\/telefilm.ca\\\/fr#organization\"},\"potentialAction\":[{\"@type\":\"SearchAction\",\"target\":{\"@type\":\"EntryPoint\",\"urlTemplate\":\"https:\\\/\\\/telefilm.ca\\\/fr?s={search_term_string}\"},\"query-input\":{\"@type\":\"PropertyValueSpecification\",\"valueRequired\":true,\"valueName\":\"search_term_string\"}}],\"inLanguage\":\"fr-CA\"},{\"@type\":\"Organization\",\"@id\":\"https:\\\/\\\/telefilm.ca\\\/fr#organization\",\"name\":\"Telefilm Canada\",\"url\":\"https:\\\/\\\/telefilm.ca\\\/fr\",\"logo\":{\"@type\":\"ImageObject\",\"inLanguage\":\"fr-CA\",\"@id\":\"https:\\\/\\\/telefilm.ca\\\/fr#\\\/schema\\\/logo\\\/image\\\/\",\"url\":\"https:\\\/\\\/telefilm.ca\\\/wp-content\\\/uploads\\\/2026\\\/05\\\/cropped-tfc_favicon_512.png\",\"contentUrl\":\"https:\\\/\\\/telefilm.ca\\\/wp-content\\\/uploads\\\/2026\\\/05\\\/cropped-tfc_favicon_512.png\",\"width\":512,\"height\":512,\"caption\":\"Telefilm Canada\"},\"image\":{\"@id\":\"https:\\\/\\\/telefilm.ca\\\/fr#\\\/schema\\\/logo\\\/image\\\/\"},\"sameAs\":[\"https:\\\/\\\/www.facebook.com\\\/TelefilmCanada\\\/\",\"https:\\\/\\\/x.com\\\/Telefilm_Canada\",\"https:\\\/\\\/www.instagram.com\\\/telefilm_canada\\\/\",\"https:\\\/\\\/www.linkedin.com\\\/company\\\/telefilm-canada\\\/\",\"https:\\\/\\\/www.youtube.com\\\/user\\\/telefilmcanada\"]}]}<\/script>\n<!-- \/ Yoast SEO plugin. -->","yoast_head_json":{"title":"Sitges | Festival international du film fantastique de Catalogne | T\u00e9l\u00e9film Canada","robots":{"index":"index","follow":"follow","max-snippet":"max-snippet:-1","max-image-preview":"max-image-preview:large","max-video-preview":"max-video-preview:-1"},"canonical":"https:\/\/telefilm.ca\/fr\/appel-inscription\/sitges-international-fantastic-film-festival-of-catalonia","og_locale":"fr_CA","og_type":"article","og_title":"Sitges | Festival international du film fantastique de Catalogne | T\u00e9l\u00e9film Canada","og_description":"Appel d\u2019inscriptions (Longs m\u00e9trages, courts m\u00e9trages) &nbsp; Le Festival international du film fantastique de Catalogne \u2013 Sitges \u00a0accepte pr\u00e9sentement les inscriptions pour son \u00e9dition\u00a02021. Veuillez noter que tous les films doivent \u00eatre soumis directement au festival via Festhome.com Comp\u00e9tition : Oui Frais d\u2019inscription : Oui &nbsp; Crit\u00e8res d\u2019admissibilit\u00e9 Le film ne doit pas avoir \u00e9t\u00e9 [&hellip;]","og_url":"https:\/\/telefilm.ca\/fr\/appel-inscription\/sitges-international-fantastic-film-festival-of-catalonia","og_site_name":"T\u00e9l\u00e9film Canada","article_publisher":"https:\/\/www.facebook.com\/TelefilmCanada\/","article_modified_time":"2022-08-03T02:14:56+00:00","og_image":[{"width":1200,"height":675,"url":"https:\/\/telefilm.ca\/wp-content\/uploads\/2026\/08\/og-image-t-1200x675-1.png","type":"image\/png"}],"twitter_card":"summary_large_image","twitter_site":"@Telefilm_Canada","twitter_misc":{"Estimation du temps de lecture":"2 minutes"},"schema":{"@context":"https:\/\/schema.org","@graph":[{"@type":"WebPage","@id":"https:\/\/telefilm.ca\/fr\/appel-inscription\/sitges-international-fantastic-film-festival-of-catalonia","url":"https:\/\/telefilm.ca\/fr\/appel-inscription\/sitges-international-fantastic-film-festival-of-catalonia","name":"Sitges | Festival international du film fantastique de Catalogne | T\u00e9l\u00e9film Canada","isPartOf":{"@id":"https:\/\/telefilm.ca\/fr#website"},"datePublished":"2021-03-12T15:05:49+00:00","dateModified":"2022-08-03T02:14:56+00:00","breadcrumb":{"@id":"https:\/\/telefilm.ca\/fr\/appel-inscription\/sitges-international-fantastic-film-festival-of-catalonia#breadcrumb"},"inLanguage":"fr-CA","potentialAction":[{"@type":"ReadAction","target":["https:\/\/telefilm.ca\/fr\/appel-inscription\/sitges-international-fantastic-film-festival-of-catalonia"]}]},{"@type":"BreadcrumbList","@id":"https:\/\/telefilm.ca\/fr\/appel-inscription\/sitges-international-fantastic-film-festival-of-catalonia#breadcrumb","itemListElement":[{"@type":"ListItem","position":1,"name":"Accueil","item":"https:\/\/telefilm.ca\/fr"},{"@type":"ListItem","position":2,"name":"Calls for Entry","item":"https:\/\/telefilm.ca\/fr\/appel-inscription"},{"@type":"ListItem","position":3,"name":"Sitges | Festival international du film fantastique de Catalogne"}]},{"@type":"WebSite","@id":"https:\/\/telefilm.ca\/fr#website","url":"https:\/\/telefilm.ca\/fr","name":"T\u00e9l\u00e9film Canada","description":"Partenaire de choix","publisher":{"@id":"https:\/\/telefilm.ca\/fr#organization"},"potentialAction":[{"@type":"SearchAction","target":{"@type":"EntryPoint","urlTemplate":"https:\/\/telefilm.ca\/fr?s={search_term_string}"},"query-input":{"@type":"PropertyValueSpecification","valueRequired":true,"valueName":"search_term_string"}}],"inLanguage":"fr-CA"},{"@type":"Organization","@id":"https:\/\/telefilm.ca\/fr#organization","name":"Telefilm Canada","url":"https:\/\/telefilm.ca\/fr","logo":{"@type":"ImageObject","inLanguage":"fr-CA","@id":"https:\/\/telefilm.ca\/fr#\/schema\/logo\/image\/","url":"https:\/\/telefilm.ca\/wp-content\/uploads\/2026\/05\/cropped-tfc_favicon_512.png","contentUrl":"https:\/\/telefilm.ca\/wp-content\/uploads\/2026\/05\/cropped-tfc_favicon_512.png","width":512,"height":512,"caption":"Telefilm Canada"},"image":{"@id":"https:\/\/telefilm.ca\/fr#\/schema\/logo\/image\/"},"sameAs":["https:\/\/www.facebook.com\/TelefilmCanada\/","https:\/\/x.com\/Telefilm_Canada","https:\/\/www.instagram.com\/telefilm_canada\/","https:\/\/www.linkedin.com\/company\/telefilm-canada\/","https:\/\/www.youtube.com\/user\/telefilmcanada"]}]}},"wpml_current_locale":"fr_CA","wpml_translations":[{"locale":"en_CA","id":2422,"post_title":"Sitges | International Fantastic Film Festival of Catalonia","href":"https:\/\/telefilm.ca\/en\/sitges-festival-international-du-film-fantastique-de-catalogne\/"}],"_links":{"self":[{"href":"https:\/\/telefilm.ca\/fr\/wp-json\/wp\/v2\/appel-inscription\/2423","targetHints":{"allow":["GET"]}}],"collection":[{"href":"https:\/\/telefilm.ca\/fr\/wp-json\/wp\/v2\/appel-inscription"}],"about":[{"href":"https:\/\/telefilm.ca\/fr\/wp-json\/wp\/v2\/types\/appel-inscription"}],"version-history":[{"count":0,"href":"https:\/\/telefilm.ca\/fr\/wp-json\/wp\/v2\/appel-inscription\/2423\/revisions"}],"wp:attachment":[{"href":"https:\/\/telefilm.ca\/fr\/wp-json\/wp\/v2\/media?parent=2423"}],"wp:term":[{"taxonomy":"categorie_appel_inscription","embeddable":true,"href":"https:\/\/telefilm.ca\/fr\/wp-json\/wp\/v2\/categorie_appel_inscription?post=2423"}],"curies":[{"name":"wp","href":"https:\/\/api.w.org\/{rel}","templated":true}]}}