{"id":2733,"date":"2019-05-01T16:30:05","date_gmt":"2019-05-01T16:30:05","guid":{"rendered":"https:\/\/telefilm.ca\/appel-inscription\/34e-festival-international-du-film-francophone-de-namur"},"modified":"2022-08-03T02:25:34","modified_gmt":"2022-08-03T02:25:34","slug":"34e-festival-international-du-film-francophone-de-namur","status":"publish","type":"appel-inscription","link":"https:\/\/telefilm.ca\/fr\/appel-inscription\/34e-festival-international-du-film-francophone-de-namur","title":{"rendered":"34e Festival International du Film Francophone de Namur"},"content":{"rendered":"<div class=\"editor-content\"><h4 id=\"appel-dinscriptions\">Appel d\u2019inscriptions<\/h4>\n<p class=\"wp-block-paragraph\"><strong><br \/>\n(Longs et courts m\u00e9trages de fiction et d\u2019animation, longs m\u00e9trages documentaires)<\/strong><\/p>\n<p>&nbsp;<\/p>\n<p>Le <a href=\"http:\/\/www.fiff.be\/fr\">Festival International du Film Francophone de Namur<\/a> accepte pr\u00e9sentement les inscriptions pour son \u00e9dition 2019.<\/p>\n<p><strong>Veuillez noter que les films doivent \u00eatre soumis directement au festival.<\/strong><\/p>\n<p>&nbsp;<\/p>\n<ul>\n<li>Format de soumission: lien Vimeo<\/li>\n<li>Comp\u00e9titif: Oui<\/li>\n<li>Frais d\u2019inscription: Oui<\/li>\n<\/ul>\n<p>&nbsp;<\/p>\n<h5><strong>Admissibilit\u00e9<\/strong><\/h5>\n<ul>\n<li>Les films doivent \u00eatre produits et\/ou r\u00e9alis\u00e9s par\/dans un pays membres de l\u2019OIF (Organisation Internationale de la Francophonie: <a href=\"http:\/\/www.francophonie.org\/-84-Etats-et-gouvernements-\">http:\/\/www.francophonie.org\/-84-Etats-et-gouvernements-<\/a>;<\/li>\n<li>Les films doivent \u00eatre pr\u00e9sent\u00e9s par un pays dont le fran\u00e7ais est la langue officielle ou la seconde langue acquise pour faciliter les contacts culturels et sociaux;<\/li>\n<li>Les films doivent \u00eatre pr\u00e9sent\u00e9s dans leur langue originale soit en fran\u00e7ais, soit dans la langue autochtone d\u2019un pays de l\u2019Espace francophone (sous-titres fran\u00e7ais obligatoires);<\/li>\n<li>Les films doivent avoir \u00e9t\u00e9 produits apr\u00e8s le 1<sup>er<\/sup> janvier 2018;<\/li>\n<li>Les films ne doivent pas avoir \u00e9t\u00e9 diffus\u00e9s publiquement en Belgique (sauf exceptions laiss\u00e9es \u00e0 la libre appr\u00e9ciation du Comit\u00e9 de programmation du Festival).<\/li>\n<\/ul>\n<p>&nbsp;<\/p>\n<p>&nbsp;<\/p>\n<p>Depuis 1986, le <strong>Festival International du Film Francophone de Namur<\/strong> pr\u00e9sente et fait la promotion d\u2019\u0153uvres audiovisuelles francophones et tente, \u00e0 cette fin, de rassembler \u00e0 Namur des r\u00e9alisateurs, producteurs, sc\u00e9naristes, acteurs, distributeurs impliqu\u00e9s dans la cr\u00e9ation cin\u00e9matographique francophone. Il est un v\u00e9ritable lieu de r\u00e9flexion et de rendez-vous par le biais de colloques et de rencontres professionnelles.<\/p>\n<p>Le festival est reconnu par la F\u00e9d\u00e9ration internationale des associations de producteurs de films (FIAPF) et remet de nombreux prix, y compris des prix en argent pour le Meilleur film (27\u00a0000\u00a0\u20ac) et un Prix sp\u00e9cial du jury (10\u00a0000\u00a0\u20ac).<\/p>\n<p>&nbsp;<\/p>\n<p>T\u00e9l\u00e9film Canada reconnait la participation \u00e0 ce festival dans les calculs de <a href=\"http:\/\/www.telefilm.ca\/fr\/telefilm\/telefilm\/indice-de-reussite\">l\u2019indice de r\u00e9ussite<\/a>.<\/p>\n<p>&nbsp;<\/p>\n<p><span style=\"color: #000000;\"><span style=\"font-family: Calibri;\"><b><i>T\u00e9l\u00e9film Canada reconnait la participation \u00e0 ce festival et offre une aide financi\u00e8re via la Programme d\u2019aide \u00e0 la participation aux festivals internationaux<\/i><\/b><i>.<\/i><\/span><\/span><\/p>\n<p>&nbsp;<\/p>\n<p><strong>Promotion et communications<\/strong><br \/>\nT\u00e9l\u00e9film Canada, Montr\u00e9al<br \/>\n<a href=\"mailto:festivals@telefilm.ca\">festivals@telefilm.ca<\/a><br \/>\n1 800 567-0890<\/p>\n<\/div>","protected":false},"template":"","categorie_appel_inscription":[14],"class_list":["post-2733","appel-inscription","type-appel-inscription","status-publish","hentry","categorie_appel_inscription-festival-fr"],"acf":{"date_debut":"20190927","date_fin":"20191004","ville":"Namur","pays":"Belgique","edition":"","deadlines":[{"description":"Date limite d\u2019inscription","date":"20190615"}]},"yoast_head":"<!-- This site is optimized with the Yoast SEO plugin v28.4 - https:\/\/yoast.com\/product\/yoast-seo-wordpress\/ -->\n<title>34e Festival International du Film Francophone de Namur | T\u00e9l\u00e9film Canada<\/title>\n<meta name=\"robots\" content=\"index, follow, max-snippet:-1, max-image-preview:large, max-video-preview:-1\" \/>\n<link rel=\"canonical\" href=\"https:\/\/telefilm.ca\/fr\/appel-inscription\/34e-festival-international-du-film-francophone-de-namur\" \/>\n<meta property=\"og:locale\" content=\"fr_CA\" \/>\n<meta property=\"og:type\" content=\"article\" \/>\n<meta property=\"og:title\" content=\"34e Festival International du Film Francophone de Namur | T\u00e9l\u00e9film Canada\" \/>\n<meta property=\"og:description\" content=\"Appel d\u2019inscriptions (Longs et courts m\u00e9trages de fiction et d\u2019animation, longs m\u00e9trages documentaires) &nbsp; Le Festival International du Film Francophone de Namur accepte pr\u00e9sentement les inscriptions pour son \u00e9dition 2019. Veuillez noter que les films doivent \u00eatre soumis directement au festival. &nbsp; Format de soumission: lien Vimeo Comp\u00e9titif: Oui Frais d\u2019inscription: Oui &nbsp; Admissibilit\u00e9 Les [&hellip;]\" \/>\n<meta property=\"og:url\" content=\"https:\/\/telefilm.ca\/fr\/appel-inscription\/34e-festival-international-du-film-francophone-de-namur\" \/>\n<meta property=\"og:site_name\" content=\"T\u00e9l\u00e9film Canada\" \/>\n<meta property=\"article:publisher\" content=\"https:\/\/www.facebook.com\/TelefilmCanada\/\" \/>\n<meta property=\"article:modified_time\" content=\"2022-08-03T02:25:34+00:00\" \/>\n<meta property=\"og:image\" content=\"https:\/\/telefilm.ca\/wp-content\/uploads\/2026\/08\/og-image-t-1200x675-1.png\" \/>\n\t<meta property=\"og:image:width\" content=\"1200\" \/>\n\t<meta property=\"og:image:height\" content=\"675\" \/>\n\t<meta property=\"og:image:type\" content=\"image\/png\" \/>\n<meta name=\"twitter:card\" content=\"summary_large_image\" \/>\n<meta name=\"twitter:site\" content=\"@Telefilm_Canada\" \/>\n<meta name=\"twitter:label1\" content=\"Estimation du temps de lecture\" \/>\n\t<meta name=\"twitter:data1\" content=\"2 minutes\" \/>\n<script type=\"application\/ld+json\" class=\"yoast-schema-graph\">{\"@context\":\"https:\\\/\\\/schema.org\",\"@graph\":[{\"@type\":\"WebPage\",\"@id\":\"https:\\\/\\\/telefilm.ca\\\/fr\\\/appel-inscription\\\/34e-festival-international-du-film-francophone-de-namur\",\"url\":\"https:\\\/\\\/telefilm.ca\\\/fr\\\/appel-inscription\\\/34e-festival-international-du-film-francophone-de-namur\",\"name\":\"34e Festival International du Film Francophone de Namur | T\u00e9l\u00e9film Canada\",\"isPartOf\":{\"@id\":\"https:\\\/\\\/telefilm.ca\\\/fr#website\"},\"datePublished\":\"2019-05-01T16:30:05+00:00\",\"dateModified\":\"2022-08-03T02:25:34+00:00\",\"breadcrumb\":{\"@id\":\"https:\\\/\\\/telefilm.ca\\\/fr\\\/appel-inscription\\\/34e-festival-international-du-film-francophone-de-namur#breadcrumb\"},\"inLanguage\":\"fr-CA\",\"potentialAction\":[{\"@type\":\"ReadAction\",\"target\":[\"https:\\\/\\\/telefilm.ca\\\/fr\\\/appel-inscription\\\/34e-festival-international-du-film-francophone-de-namur\"]}]},{\"@type\":\"BreadcrumbList\",\"@id\":\"https:\\\/\\\/telefilm.ca\\\/fr\\\/appel-inscription\\\/34e-festival-international-du-film-francophone-de-namur#breadcrumb\",\"itemListElement\":[{\"@type\":\"ListItem\",\"position\":1,\"name\":\"Accueil\",\"item\":\"https:\\\/\\\/telefilm.ca\\\/fr\"},{\"@type\":\"ListItem\",\"position\":2,\"name\":\"Calls for Entry\",\"item\":\"https:\\\/\\\/telefilm.ca\\\/fr\\\/appel-inscription\"},{\"@type\":\"ListItem\",\"position\":3,\"name\":\"34e Festival International du Film Francophone de Namur\"}]},{\"@type\":\"WebSite\",\"@id\":\"https:\\\/\\\/telefilm.ca\\\/fr#website\",\"url\":\"https:\\\/\\\/telefilm.ca\\\/fr\",\"name\":\"T\u00e9l\u00e9film Canada\",\"description\":\"Partenaire de choix\",\"publisher\":{\"@id\":\"https:\\\/\\\/telefilm.ca\\\/fr#organization\"},\"potentialAction\":[{\"@type\":\"SearchAction\",\"target\":{\"@type\":\"EntryPoint\",\"urlTemplate\":\"https:\\\/\\\/telefilm.ca\\\/fr?s={search_term_string}\"},\"query-input\":{\"@type\":\"PropertyValueSpecification\",\"valueRequired\":true,\"valueName\":\"search_term_string\"}}],\"inLanguage\":\"fr-CA\"},{\"@type\":\"Organization\",\"@id\":\"https:\\\/\\\/telefilm.ca\\\/fr#organization\",\"name\":\"Telefilm Canada\",\"url\":\"https:\\\/\\\/telefilm.ca\\\/fr\",\"logo\":{\"@type\":\"ImageObject\",\"inLanguage\":\"fr-CA\",\"@id\":\"https:\\\/\\\/telefilm.ca\\\/fr#\\\/schema\\\/logo\\\/image\\\/\",\"url\":\"https:\\\/\\\/telefilm.ca\\\/wp-content\\\/uploads\\\/2026\\\/05\\\/cropped-tfc_favicon_512.png\",\"contentUrl\":\"https:\\\/\\\/telefilm.ca\\\/wp-content\\\/uploads\\\/2026\\\/05\\\/cropped-tfc_favicon_512.png\",\"width\":512,\"height\":512,\"caption\":\"Telefilm Canada\"},\"image\":{\"@id\":\"https:\\\/\\\/telefilm.ca\\\/fr#\\\/schema\\\/logo\\\/image\\\/\"},\"sameAs\":[\"https:\\\/\\\/www.facebook.com\\\/TelefilmCanada\\\/\",\"https:\\\/\\\/x.com\\\/Telefilm_Canada\",\"https:\\\/\\\/www.instagram.com\\\/telefilm_canada\\\/\",\"https:\\\/\\\/www.linkedin.com\\\/company\\\/telefilm-canada\\\/\",\"https:\\\/\\\/www.youtube.com\\\/user\\\/telefilmcanada\"]}]}<\/script>\n<!-- \/ Yoast SEO plugin. -->","yoast_head_json":{"title":"34e Festival International du Film Francophone de Namur | T\u00e9l\u00e9film Canada","robots":{"index":"index","follow":"follow","max-snippet":"max-snippet:-1","max-image-preview":"max-image-preview:large","max-video-preview":"max-video-preview:-1"},"canonical":"https:\/\/telefilm.ca\/fr\/appel-inscription\/34e-festival-international-du-film-francophone-de-namur","og_locale":"fr_CA","og_type":"article","og_title":"34e Festival International du Film Francophone de Namur | T\u00e9l\u00e9film Canada","og_description":"Appel d\u2019inscriptions (Longs et courts m\u00e9trages de fiction et d\u2019animation, longs m\u00e9trages documentaires) &nbsp; Le Festival International du Film Francophone de Namur accepte pr\u00e9sentement les inscriptions pour son \u00e9dition 2019. Veuillez noter que les films doivent \u00eatre soumis directement au festival. &nbsp; Format de soumission: lien Vimeo Comp\u00e9titif: Oui Frais d\u2019inscription: Oui &nbsp; Admissibilit\u00e9 Les [&hellip;]","og_url":"https:\/\/telefilm.ca\/fr\/appel-inscription\/34e-festival-international-du-film-francophone-de-namur","og_site_name":"T\u00e9l\u00e9film Canada","article_publisher":"https:\/\/www.facebook.com\/TelefilmCanada\/","article_modified_time":"2022-08-03T02:25:34+00:00","og_image":[{"width":1200,"height":675,"url":"https:\/\/telefilm.ca\/wp-content\/uploads\/2026\/08\/og-image-t-1200x675-1.png","type":"image\/png"}],"twitter_card":"summary_large_image","twitter_site":"@Telefilm_Canada","twitter_misc":{"Estimation du temps de lecture":"2 minutes"},"schema":{"@context":"https:\/\/schema.org","@graph":[{"@type":"WebPage","@id":"https:\/\/telefilm.ca\/fr\/appel-inscription\/34e-festival-international-du-film-francophone-de-namur","url":"https:\/\/telefilm.ca\/fr\/appel-inscription\/34e-festival-international-du-film-francophone-de-namur","name":"34e Festival International du Film Francophone de Namur | T\u00e9l\u00e9film Canada","isPartOf":{"@id":"https:\/\/telefilm.ca\/fr#website"},"datePublished":"2019-05-01T16:30:05+00:00","dateModified":"2022-08-03T02:25:34+00:00","breadcrumb":{"@id":"https:\/\/telefilm.ca\/fr\/appel-inscription\/34e-festival-international-du-film-francophone-de-namur#breadcrumb"},"inLanguage":"fr-CA","potentialAction":[{"@type":"ReadAction","target":["https:\/\/telefilm.ca\/fr\/appel-inscription\/34e-festival-international-du-film-francophone-de-namur"]}]},{"@type":"BreadcrumbList","@id":"https:\/\/telefilm.ca\/fr\/appel-inscription\/34e-festival-international-du-film-francophone-de-namur#breadcrumb","itemListElement":[{"@type":"ListItem","position":1,"name":"Accueil","item":"https:\/\/telefilm.ca\/fr"},{"@type":"ListItem","position":2,"name":"Calls for Entry","item":"https:\/\/telefilm.ca\/fr\/appel-inscription"},{"@type":"ListItem","position":3,"name":"34e Festival International du Film Francophone de Namur"}]},{"@type":"WebSite","@id":"https:\/\/telefilm.ca\/fr#website","url":"https:\/\/telefilm.ca\/fr","name":"T\u00e9l\u00e9film Canada","description":"Partenaire de choix","publisher":{"@id":"https:\/\/telefilm.ca\/fr#organization"},"potentialAction":[{"@type":"SearchAction","target":{"@type":"EntryPoint","urlTemplate":"https:\/\/telefilm.ca\/fr?s={search_term_string}"},"query-input":{"@type":"PropertyValueSpecification","valueRequired":true,"valueName":"search_term_string"}}],"inLanguage":"fr-CA"},{"@type":"Organization","@id":"https:\/\/telefilm.ca\/fr#organization","name":"Telefilm Canada","url":"https:\/\/telefilm.ca\/fr","logo":{"@type":"ImageObject","inLanguage":"fr-CA","@id":"https:\/\/telefilm.ca\/fr#\/schema\/logo\/image\/","url":"https:\/\/telefilm.ca\/wp-content\/uploads\/2026\/05\/cropped-tfc_favicon_512.png","contentUrl":"https:\/\/telefilm.ca\/wp-content\/uploads\/2026\/05\/cropped-tfc_favicon_512.png","width":512,"height":512,"caption":"Telefilm Canada"},"image":{"@id":"https:\/\/telefilm.ca\/fr#\/schema\/logo\/image\/"},"sameAs":["https:\/\/www.facebook.com\/TelefilmCanada\/","https:\/\/x.com\/Telefilm_Canada","https:\/\/www.instagram.com\/telefilm_canada\/","https:\/\/www.linkedin.com\/company\/telefilm-canada\/","https:\/\/www.youtube.com\/user\/telefilmcanada"]}]}},"wpml_current_locale":"fr_CA","wpml_translations":[{"locale":"en_CA","id":2732,"post_title":"34th Festival International du Film Francophone de Namur","href":"https:\/\/telefilm.ca\/en\/34th-festival-international-du-film-francophone-de-namur\/"}],"_links":{"self":[{"href":"https:\/\/telefilm.ca\/fr\/wp-json\/wp\/v2\/appel-inscription\/2733","targetHints":{"allow":["GET"]}}],"collection":[{"href":"https:\/\/telefilm.ca\/fr\/wp-json\/wp\/v2\/appel-inscription"}],"about":[{"href":"https:\/\/telefilm.ca\/fr\/wp-json\/wp\/v2\/types\/appel-inscription"}],"version-history":[{"count":0,"href":"https:\/\/telefilm.ca\/fr\/wp-json\/wp\/v2\/appel-inscription\/2733\/revisions"}],"wp:attachment":[{"href":"https:\/\/telefilm.ca\/fr\/wp-json\/wp\/v2\/media?parent=2733"}],"wp:term":[{"taxonomy":"categorie_appel_inscription","embeddable":true,"href":"https:\/\/telefilm.ca\/fr\/wp-json\/wp\/v2\/categorie_appel_inscription?post=2733"}],"curies":[{"name":"wp","href":"https:\/\/api.w.org\/{rel}","templated":true}]}}