{"id":2803,"date":"2018-10-17T09:54:53","date_gmt":"2018-10-17T09:54:53","guid":{"rendered":"https:\/\/telefilm.ca\/appel-inscription\/50e-visions-du-reel-festival-international-de-cinema-de-nyon"},"modified":"2022-08-03T02:27:54","modified_gmt":"2022-08-03T02:27:54","slug":"50e-visions-du-reel-festival-international-de-cinema-de-nyon","status":"publish","type":"appel-inscription","link":"https:\/\/telefilm.ca\/fr\/appel-inscription\/50e-visions-du-reel-festival-international-de-cinema-de-nyon","title":{"rendered":"50e Visions du R\u00e9el &#8211; Festival International de Cin\u00e9ma de Nyon"},"content":{"rendered":"<div class=\"editor-content\"><h4><strong>Appel d\u2019inscriptions<\/strong><\/h4>\n<p class=\"wp-block-paragraph\">(Documentaires, toutes dur\u00e9es)<\/p>\n<p>&nbsp;<\/p>\n<p>Le festival <strong><u><a href=\"http:\/\/www.visionsdureel.ch\/\">Visions du R\u00e9el<\/a><\/u><\/strong> accepte pr\u00e9sentement les inscriptions pour son \u00e9dition 2019.<\/p>\n<p><strong>Veuillez noter que les films doivent \u00eatre soumis directement au Festival.<\/strong><\/p>\n<ul>\n<li>Comp\u00e9titif: Oui<\/li>\n<li>Frais d\u2019inscription: Oui<\/li>\n<\/ul>\n<p>&nbsp;<\/p>\n<h5><strong>Admissibilit\u00e9 <\/strong><\/h5>\n<p>La <strong>Comp\u00e9tition internationale <\/strong>est ouverte aux\u00a0:<\/p>\n<ul>\n<li>Courts, moyens et longs m\u00e9trages (voir r\u00e9glementation pour les dur\u00e9es requises);<\/li>\n<li>Films pr\u00e9sent\u00e9s en premi\u00e8re mondiale, internationale ou europ\u00e9enne.<\/li>\n<\/ul>\n<p>&nbsp;<\/p>\n<p>Le Festival de Nyon se consacre au cin\u00e9ma du r\u00e9el et recherche des \u0153uvres et des cin\u00e9astes qui, par leurs choix formels et esth\u00e9tiques, donnent des propositions personnelles et singuli\u00e8res de r\u00e9alit\u00e9s.<\/p>\n<p>Pr\u00e9sentant des \u0153uvres de cin\u00e9astes accomplis ainsi que des premi\u00e8res propositions d&#8217;autodidactes ou d&#8217;\u00e9tudiants du cin\u00e9ma, le festival dispose de plusieurs sections comp\u00e9titives et non-comp\u00e9titives. Certains prix sont accompagn\u00e9s d\u2019une somme en argent.<\/p>\n<p>Un march\u00e9 international, le <strong>Doc Outlook<\/strong> <strong>International Market<\/strong> vient compl\u00e9ter les activit\u00e9s professionnelles du Festival. Visant \u00e0 favoriser les contacts pour le financement, l\u2019acquisition et la promotion des films, le march\u00e9 accueille pr\u00e8s de 1000 participants (producteurs, acheteurs, d\u00e9cideurs, etc.).<\/p>\n<p>T\u00e9l\u00e9film Canada reconna\u00eet la s\u00e9lection d\u2019un long m\u00e9trage au Festival pour une demande de soutien dans le cadre du <a href=\"https:\/\/telefilm.ca\/fr\/financement\/mise-en-marche-internationale\">Programme de mise en march\u00e9 internationale &#8211; Participation aux festivals.<\/a><\/p>\n<p><strong>\u00a0<\/strong><\/p>\n<\/div>","protected":false},"template":"","categorie_appel_inscription":[14],"class_list":["post-2803","appel-inscription","type-appel-inscription","status-publish","hentry","categorie_appel_inscription-festival-fr"],"acf":{"date_debut":"20190405","date_fin":"20190413","ville":"Nyon","pays":"Suisse","edition":"","deadlines":[{"description":"Date limite finale","date":"20181221"}]},"yoast_head":"<!-- This site is optimized with the Yoast SEO plugin v28.4 - https:\/\/yoast.com\/product\/yoast-seo-wordpress\/ -->\n<title>50e Visions du R\u00e9el &#8211; Festival International de Cin\u00e9ma de Nyon | T\u00e9l\u00e9film Canada<\/title>\n<meta name=\"robots\" content=\"index, follow, max-snippet:-1, max-image-preview:large, max-video-preview:-1\" \/>\n<link rel=\"canonical\" href=\"https:\/\/telefilm.ca\/fr\/appel-inscription\/50e-visions-du-reel-festival-international-de-cinema-de-nyon\" \/>\n<meta property=\"og:locale\" content=\"fr_CA\" \/>\n<meta property=\"og:type\" content=\"article\" \/>\n<meta property=\"og:title\" content=\"50e Visions du R\u00e9el &#8211; Festival International de Cin\u00e9ma de Nyon | T\u00e9l\u00e9film Canada\" \/>\n<meta property=\"og:description\" content=\"Appel d\u2019inscriptions (Documentaires, toutes dur\u00e9es) &nbsp; Le festival Visions du R\u00e9el accepte pr\u00e9sentement les inscriptions pour son \u00e9dition 2019. Veuillez noter que les films doivent \u00eatre soumis directement au Festival. Comp\u00e9titif: Oui Frais d\u2019inscription: Oui &nbsp; Admissibilit\u00e9 La Comp\u00e9tition internationale est ouverte aux\u00a0: Courts, moyens et longs m\u00e9trages (voir r\u00e9glementation pour les dur\u00e9es requises); Films [&hellip;]\" \/>\n<meta property=\"og:url\" content=\"https:\/\/telefilm.ca\/fr\/appel-inscription\/50e-visions-du-reel-festival-international-de-cinema-de-nyon\" \/>\n<meta property=\"og:site_name\" content=\"T\u00e9l\u00e9film Canada\" \/>\n<meta property=\"article:publisher\" content=\"https:\/\/www.facebook.com\/TelefilmCanada\/\" \/>\n<meta property=\"article:modified_time\" content=\"2022-08-03T02:27:54+00:00\" \/>\n<meta property=\"og:image\" content=\"https:\/\/telefilm.ca\/wp-content\/uploads\/2026\/08\/og-image-t-1200x675-1.png\" \/>\n\t<meta property=\"og:image:width\" content=\"1200\" \/>\n\t<meta property=\"og:image:height\" content=\"675\" \/>\n\t<meta property=\"og:image:type\" content=\"image\/png\" \/>\n<meta name=\"twitter:card\" content=\"summary_large_image\" \/>\n<meta name=\"twitter:site\" content=\"@Telefilm_Canada\" \/>\n<meta name=\"twitter:label1\" content=\"Estimation du temps de lecture\" \/>\n\t<meta name=\"twitter:data1\" content=\"1 minute\" \/>\n<script type=\"application\/ld+json\" class=\"yoast-schema-graph\">{\"@context\":\"https:\\\/\\\/schema.org\",\"@graph\":[{\"@type\":\"WebPage\",\"@id\":\"https:\\\/\\\/telefilm.ca\\\/fr\\\/appel-inscription\\\/50e-visions-du-reel-festival-international-de-cinema-de-nyon\",\"url\":\"https:\\\/\\\/telefilm.ca\\\/fr\\\/appel-inscription\\\/50e-visions-du-reel-festival-international-de-cinema-de-nyon\",\"name\":\"50e Visions du R\u00e9el &#8211; Festival International de Cin\u00e9ma de Nyon | T\u00e9l\u00e9film Canada\",\"isPartOf\":{\"@id\":\"https:\\\/\\\/telefilm.ca\\\/fr#website\"},\"datePublished\":\"2018-10-17T09:54:53+00:00\",\"dateModified\":\"2022-08-03T02:27:54+00:00\",\"breadcrumb\":{\"@id\":\"https:\\\/\\\/telefilm.ca\\\/fr\\\/appel-inscription\\\/50e-visions-du-reel-festival-international-de-cinema-de-nyon#breadcrumb\"},\"inLanguage\":\"fr-CA\",\"potentialAction\":[{\"@type\":\"ReadAction\",\"target\":[\"https:\\\/\\\/telefilm.ca\\\/fr\\\/appel-inscription\\\/50e-visions-du-reel-festival-international-de-cinema-de-nyon\"]}]},{\"@type\":\"BreadcrumbList\",\"@id\":\"https:\\\/\\\/telefilm.ca\\\/fr\\\/appel-inscription\\\/50e-visions-du-reel-festival-international-de-cinema-de-nyon#breadcrumb\",\"itemListElement\":[{\"@type\":\"ListItem\",\"position\":1,\"name\":\"Accueil\",\"item\":\"https:\\\/\\\/telefilm.ca\\\/fr\"},{\"@type\":\"ListItem\",\"position\":2,\"name\":\"Calls for Entry\",\"item\":\"https:\\\/\\\/telefilm.ca\\\/fr\\\/appel-inscription\"},{\"@type\":\"ListItem\",\"position\":3,\"name\":\"50e Visions du R\u00e9el &#8211; Festival International de Cin\u00e9ma de Nyon\"}]},{\"@type\":\"WebSite\",\"@id\":\"https:\\\/\\\/telefilm.ca\\\/fr#website\",\"url\":\"https:\\\/\\\/telefilm.ca\\\/fr\",\"name\":\"T\u00e9l\u00e9film Canada\",\"description\":\"Partenaire de choix\",\"publisher\":{\"@id\":\"https:\\\/\\\/telefilm.ca\\\/fr#organization\"},\"potentialAction\":[{\"@type\":\"SearchAction\",\"target\":{\"@type\":\"EntryPoint\",\"urlTemplate\":\"https:\\\/\\\/telefilm.ca\\\/fr?s={search_term_string}\"},\"query-input\":{\"@type\":\"PropertyValueSpecification\",\"valueRequired\":true,\"valueName\":\"search_term_string\"}}],\"inLanguage\":\"fr-CA\"},{\"@type\":\"Organization\",\"@id\":\"https:\\\/\\\/telefilm.ca\\\/fr#organization\",\"name\":\"Telefilm Canada\",\"url\":\"https:\\\/\\\/telefilm.ca\\\/fr\",\"logo\":{\"@type\":\"ImageObject\",\"inLanguage\":\"fr-CA\",\"@id\":\"https:\\\/\\\/telefilm.ca\\\/fr#\\\/schema\\\/logo\\\/image\\\/\",\"url\":\"https:\\\/\\\/telefilm.ca\\\/wp-content\\\/uploads\\\/2026\\\/05\\\/cropped-tfc_favicon_512.png\",\"contentUrl\":\"https:\\\/\\\/telefilm.ca\\\/wp-content\\\/uploads\\\/2026\\\/05\\\/cropped-tfc_favicon_512.png\",\"width\":512,\"height\":512,\"caption\":\"Telefilm Canada\"},\"image\":{\"@id\":\"https:\\\/\\\/telefilm.ca\\\/fr#\\\/schema\\\/logo\\\/image\\\/\"},\"sameAs\":[\"https:\\\/\\\/www.facebook.com\\\/TelefilmCanada\\\/\",\"https:\\\/\\\/x.com\\\/Telefilm_Canada\",\"https:\\\/\\\/www.instagram.com\\\/telefilm_canada\\\/\",\"https:\\\/\\\/www.linkedin.com\\\/company\\\/telefilm-canada\\\/\",\"https:\\\/\\\/www.youtube.com\\\/user\\\/telefilmcanada\"]}]}<\/script>\n<!-- \/ Yoast SEO plugin. -->","yoast_head_json":{"title":"50e Visions du R\u00e9el &#8211; Festival International de Cin\u00e9ma de Nyon | T\u00e9l\u00e9film Canada","robots":{"index":"index","follow":"follow","max-snippet":"max-snippet:-1","max-image-preview":"max-image-preview:large","max-video-preview":"max-video-preview:-1"},"canonical":"https:\/\/telefilm.ca\/fr\/appel-inscription\/50e-visions-du-reel-festival-international-de-cinema-de-nyon","og_locale":"fr_CA","og_type":"article","og_title":"50e Visions du R\u00e9el &#8211; Festival International de Cin\u00e9ma de Nyon | T\u00e9l\u00e9film Canada","og_description":"Appel d\u2019inscriptions (Documentaires, toutes dur\u00e9es) &nbsp; Le festival Visions du R\u00e9el accepte pr\u00e9sentement les inscriptions pour son \u00e9dition 2019. Veuillez noter que les films doivent \u00eatre soumis directement au Festival. Comp\u00e9titif: Oui Frais d\u2019inscription: Oui &nbsp; Admissibilit\u00e9 La Comp\u00e9tition internationale est ouverte aux\u00a0: Courts, moyens et longs m\u00e9trages (voir r\u00e9glementation pour les dur\u00e9es requises); Films [&hellip;]","og_url":"https:\/\/telefilm.ca\/fr\/appel-inscription\/50e-visions-du-reel-festival-international-de-cinema-de-nyon","og_site_name":"T\u00e9l\u00e9film Canada","article_publisher":"https:\/\/www.facebook.com\/TelefilmCanada\/","article_modified_time":"2022-08-03T02:27:54+00:00","og_image":[{"width":1200,"height":675,"url":"https:\/\/telefilm.ca\/wp-content\/uploads\/2026\/08\/og-image-t-1200x675-1.png","type":"image\/png"}],"twitter_card":"summary_large_image","twitter_site":"@Telefilm_Canada","twitter_misc":{"Estimation du temps de lecture":"1 minute"},"schema":{"@context":"https:\/\/schema.org","@graph":[{"@type":"WebPage","@id":"https:\/\/telefilm.ca\/fr\/appel-inscription\/50e-visions-du-reel-festival-international-de-cinema-de-nyon","url":"https:\/\/telefilm.ca\/fr\/appel-inscription\/50e-visions-du-reel-festival-international-de-cinema-de-nyon","name":"50e Visions du R\u00e9el &#8211; Festival International de Cin\u00e9ma de Nyon | T\u00e9l\u00e9film Canada","isPartOf":{"@id":"https:\/\/telefilm.ca\/fr#website"},"datePublished":"2018-10-17T09:54:53+00:00","dateModified":"2022-08-03T02:27:54+00:00","breadcrumb":{"@id":"https:\/\/telefilm.ca\/fr\/appel-inscription\/50e-visions-du-reel-festival-international-de-cinema-de-nyon#breadcrumb"},"inLanguage":"fr-CA","potentialAction":[{"@type":"ReadAction","target":["https:\/\/telefilm.ca\/fr\/appel-inscription\/50e-visions-du-reel-festival-international-de-cinema-de-nyon"]}]},{"@type":"BreadcrumbList","@id":"https:\/\/telefilm.ca\/fr\/appel-inscription\/50e-visions-du-reel-festival-international-de-cinema-de-nyon#breadcrumb","itemListElement":[{"@type":"ListItem","position":1,"name":"Accueil","item":"https:\/\/telefilm.ca\/fr"},{"@type":"ListItem","position":2,"name":"Calls for Entry","item":"https:\/\/telefilm.ca\/fr\/appel-inscription"},{"@type":"ListItem","position":3,"name":"50e Visions du R\u00e9el &#8211; Festival International de Cin\u00e9ma de Nyon"}]},{"@type":"WebSite","@id":"https:\/\/telefilm.ca\/fr#website","url":"https:\/\/telefilm.ca\/fr","name":"T\u00e9l\u00e9film Canada","description":"Partenaire de choix","publisher":{"@id":"https:\/\/telefilm.ca\/fr#organization"},"potentialAction":[{"@type":"SearchAction","target":{"@type":"EntryPoint","urlTemplate":"https:\/\/telefilm.ca\/fr?s={search_term_string}"},"query-input":{"@type":"PropertyValueSpecification","valueRequired":true,"valueName":"search_term_string"}}],"inLanguage":"fr-CA"},{"@type":"Organization","@id":"https:\/\/telefilm.ca\/fr#organization","name":"Telefilm Canada","url":"https:\/\/telefilm.ca\/fr","logo":{"@type":"ImageObject","inLanguage":"fr-CA","@id":"https:\/\/telefilm.ca\/fr#\/schema\/logo\/image\/","url":"https:\/\/telefilm.ca\/wp-content\/uploads\/2026\/05\/cropped-tfc_favicon_512.png","contentUrl":"https:\/\/telefilm.ca\/wp-content\/uploads\/2026\/05\/cropped-tfc_favicon_512.png","width":512,"height":512,"caption":"Telefilm Canada"},"image":{"@id":"https:\/\/telefilm.ca\/fr#\/schema\/logo\/image\/"},"sameAs":["https:\/\/www.facebook.com\/TelefilmCanada\/","https:\/\/x.com\/Telefilm_Canada","https:\/\/www.instagram.com\/telefilm_canada\/","https:\/\/www.linkedin.com\/company\/telefilm-canada\/","https:\/\/www.youtube.com\/user\/telefilmcanada"]}]}},"wpml_current_locale":"fr_CA","wpml_translations":[{"locale":"en_CA","id":2802,"post_title":"50th Visions du R\u00e9el International Film Festival","href":"https:\/\/telefilm.ca\/en\/50th-visions-du-reel-international-film-festival\/"}],"_links":{"self":[{"href":"https:\/\/telefilm.ca\/fr\/wp-json\/wp\/v2\/appel-inscription\/2803","targetHints":{"allow":["GET"]}}],"collection":[{"href":"https:\/\/telefilm.ca\/fr\/wp-json\/wp\/v2\/appel-inscription"}],"about":[{"href":"https:\/\/telefilm.ca\/fr\/wp-json\/wp\/v2\/types\/appel-inscription"}],"version-history":[{"count":0,"href":"https:\/\/telefilm.ca\/fr\/wp-json\/wp\/v2\/appel-inscription\/2803\/revisions"}],"wp:attachment":[{"href":"https:\/\/telefilm.ca\/fr\/wp-json\/wp\/v2\/media?parent=2803"}],"wp:term":[{"taxonomy":"categorie_appel_inscription","embeddable":true,"href":"https:\/\/telefilm.ca\/fr\/wp-json\/wp\/v2\/categorie_appel_inscription?post=2803"}],"curies":[{"name":"wp","href":"https:\/\/api.w.org\/{rel}","templated":true}]}}