{"id":2921,"date":"2018-02-15T15:19:19","date_gmt":"2018-02-15T15:19:19","guid":{"rendered":"https:\/\/telefilm.ca\/appel-inscription\/cannes-2018-talent-court"},"modified":"2022-08-03T02:32:00","modified_gmt":"2022-08-03T02:32:00","slug":"cannes-2018-talent-court","status":"publish","type":"appel-inscription","link":"https:\/\/telefilm.ca\/fr\/appel-inscription\/cannes-2018-talent-court","title":{"rendered":"Cannes 2018 | TALENT TOUT COURT"},"content":{"rendered":"<div class=\"editor-content\"><h4><strong>Appel d\u2019inscriptions <\/strong><\/h4>\n<p class=\"wp-block-paragraph\">(Courts m\u00e9trages, tous genres)<\/p>\n<p>T\u00e9l\u00e9film Canada accepte pr\u00e9sentement des soumissions pour sa 8<sup>e<\/sup> \u00e9dition de\u00a0 TALENT TOUT COURT, un programme de courts pr\u00e9sent\u00e9 au March\u00e9 du Film de Cannes qui a lieu en m\u00eame temps que le Festival de Cannes.<\/p>\n<p>Talent tout court est une initiative de T\u00e9l\u00e9film Canada gr\u00e2ce \u00e0 laquelle des courts m\u00e9trages canadiens r\u00e9cents sont s\u00e9lectionn\u00e9s et r\u00e9unis dans un programme qui sera promu et mis \u00e0 la disposition des professionnels participant au <strong><a href=\"http:\/\/www.cannescourtmetrage.com\/fr\/short-film-corner\/quisommesnous\/qui-sommes-nous\"><u>Short Film Corner<\/u> <\/a><\/strong>Le Short Film Corner est une section du March\u00e9 consacr\u00e9e aux professionnels du court m\u00e9trage o\u00f9 ont lieu des visionnements priv\u00e9s, des rencontres et des activit\u00e9s. Il se d\u00e9roule du 14 au 19 mai.<\/p>\n<p>Cette vitrine vise \u00e0 accro\u00eetre la promotion \u00e0 l\u2019\u00e9chelle internationale de courts m\u00e9trages et \u00e0 mettre en valeur les cr\u00e9ateurs canadiens aupr\u00e8s des programmateurs de festival et acheteurs accr\u00e9dit\u00e9s au March\u00e9.<\/p>\n<p>Les films s\u00e9lectionn\u00e9s b\u00e9n\u00e9ficieront d\u2019une campagne de promotion d\u00e9velopp\u00e9e par T\u00e9l\u00e9film Canada. De plus, sous le d\u00e9nominatif \u00ab\u00a0Canada &#8211; Talent tout court\u00a0\u00bb, votre film sera mis de l\u2019avant dans le catalogue imprim\u00e9 du Short Film Corner consult\u00e9 par les professionnels et, sur place, sur les \u00e9crans des 60 postes priv\u00e9s de visionnement.<\/p>\n<p>De plus, si votre film est s\u00e9lectionn\u00e9 et que vous souhaitez participer au festival et aux activit\u00e9s organis\u00e9es par le Short Film Corner, vous recevrez 2 accr\u00e9ditations \u00ab\u00a0festival\u00a0\u00bb par film. Bien que T\u00e9l\u00e9film Canada vous encourage \u00e0 vivre l\u2019exp\u00e9rience du festival et du march\u00e9, notez que nous n\u2019offrons pas de bourse de voyage pour cette initiative.<\/p>\n<p>&nbsp;<\/p>\n<h6><strong>\u00c9ligibilit\u00e9 <\/strong><\/h6>\n<p>Tous les genres sont admissibles : fiction, documentaire, exp\u00e9rimental et animation.<\/p>\n<p>Pour \u00eatre consid\u00e9r\u00e9, un film doit :<\/p>\n<ul>\n<li>Avoir \u00e9t\u00e9 produit \u00e0 la fin 2017 ou en 2018;<\/li>\n<li>\u00catre d\u2019une dur\u00e9e maximale de 35 minutes;<\/li>\n<li>Le film ne doit pas avoir \u00e9t\u00e9 pr\u00e9sent\u00e9 dans plusieurs festivals en Europe (des exceptions peuvent \u00eatre consid\u00e9r\u00e9es), ni \u00eatre disponible pour diffusion publique sur Internet.<\/li>\n<\/ul>\n<p>IMPORTANT &#8211; Un film s\u00e9lectionn\u00e9 devra \u00eatre termin\u00e9 et son fichier num\u00e9rique t\u00e9l\u00e9charg\u00e9 sur le serveur du Short Film Corner pour la mi-mars.<\/p>\n<p>&nbsp;<\/p>\n<h6><strong>Processus de soumission<\/strong><\/h6>\n<p>Veuillez compl\u00e9ter le formulaire d\u2019inscription de T\u00e9l\u00e9film Canada via le syst\u00e8me en ligne <strong><a href=\"https:\/\/telefilm.ca\/fr\/se-connecter\">eTelefilm<\/a><\/strong>.<\/p>\n<p>Si vous n\u2019\u00eates pas un client inscrit \u00e0 eT\u00e9l\u00e9film, veuillez cliquer sur <strong><a href=\"https:\/\/telefilm.ca\/fr\/se-connecter\/nouveau-client\/inscription-etelefilm-temporaire\">ce lien<\/a><\/strong> afin de vous cr\u00e9er ouvrir un compte temporaire. Ensuite, enregistrez-vous via l\u2019un des portails d&#8217;acc\u00e8s (Cl\u00e9 GC ou un partenaire de connexion) avant d&#8217;\u00eatre transf\u00e9r\u00e9 \u00e0 eTelefilm o\u00f9 vous pourrez soumettre une application en allant dans l\u2019onglet \u00ab Mes demandes \u00bb et \u00ab\u00a0Cannes &#8211; Talent tout court 2018\u00a0\u00bb<\/p>\n<p>N.B. <strong>Si vous avez d\u00e9j\u00e0 soumis votre court m\u00e9trage pour le programme Talent Tout Court \u00e0 Clermont Ferrand 2018, veuillez ne pas le re-soumettre<\/strong>. Nous avons archiv\u00e9 les informations et les liens Vimeo et nous pourrions inviter votre film pour Cannes.<\/p>\n<h6><strong>Processus de s\u00e9lection<\/strong><\/h6>\n<p>La s\u00e9lection des films sera assur\u00e9e par Danny Lennon, fondateur de <em>Prends \u00e7a court!, <\/em>et programmateur festival.<br \/>\nT\u00e9l\u00e9film Canada vous fera part des d\u00e9cisions par email \u00e0 la mi-mars.<\/p>\n<p>&nbsp;<\/p>\n<h6><strong>Renseignements <\/strong><\/h6>\n<p>Pour de plus amples renseignements sur cette initiative, veuillez communiquer avec Danielle B\u00e9langer (<a href=\"mailto:danielle.belanger@telefilm.ca\"><strong><u>danielle.belanger@telefilm.ca<\/u><\/strong><\/a>), Charg\u00e9e de projet, au<br \/>\n514 283-0838, ou au 1 800 567-0890, poste 2204 ou\u00a0 avec Myriam Blais (<strong><a href=\"mailto:myriam.blais@telefilm.ca\">myriam.blais@telefilm.ca<\/a><\/strong>) au poste 2066.<br \/>\nPour toutes questions li\u00e9es sp\u00e9cifiquement \u00e0 votre inscription sur eTelefilm, communiquez avec Myriam Blais.<\/p>\n<\/div>","protected":false},"template":"","categorie_appel_inscription":[14],"class_list":["post-2921","appel-inscription","type-appel-inscription","status-publish","hentry","categorie_appel_inscription-festival-fr"],"acf":{"date_debut":"20180508","date_fin":"20180519","ville":"Cannes","pays":"France","edition":"","deadlines":[{"description":"Date limite de soumission (eTelefilm)","date":"20180226"}]},"yoast_head":"<!-- This site is optimized with the Yoast SEO plugin v28.4 - https:\/\/yoast.com\/product\/yoast-seo-wordpress\/ -->\n<title>Cannes 2018 | TALENT TOUT COURT | T\u00e9l\u00e9film Canada<\/title>\n<meta name=\"robots\" content=\"index, follow, max-snippet:-1, max-image-preview:large, max-video-preview:-1\" \/>\n<link rel=\"canonical\" href=\"https:\/\/telefilm.ca\/fr\/appel-inscription\/cannes-2018-talent-court\" \/>\n<meta property=\"og:locale\" content=\"fr_CA\" \/>\n<meta property=\"og:type\" content=\"article\" \/>\n<meta property=\"og:title\" content=\"Cannes 2018 | TALENT TOUT COURT | T\u00e9l\u00e9film Canada\" \/>\n<meta property=\"og:description\" content=\"Appel d\u2019inscriptions (Courts m\u00e9trages, tous genres) T\u00e9l\u00e9film Canada accepte pr\u00e9sentement des soumissions pour sa 8e \u00e9dition de\u00a0 TALENT TOUT COURT, un programme de courts pr\u00e9sent\u00e9 au March\u00e9 du Film de Cannes qui a lieu en m\u00eame temps que le Festival de Cannes. Talent tout court est une initiative de T\u00e9l\u00e9film Canada gr\u00e2ce \u00e0 laquelle des [&hellip;]\" \/>\n<meta property=\"og:url\" content=\"https:\/\/telefilm.ca\/fr\/appel-inscription\/cannes-2018-talent-court\" \/>\n<meta property=\"og:site_name\" content=\"T\u00e9l\u00e9film Canada\" \/>\n<meta property=\"article:publisher\" content=\"https:\/\/www.facebook.com\/TelefilmCanada\/\" \/>\n<meta property=\"article:modified_time\" content=\"2022-08-03T02:32:00+00:00\" \/>\n<meta property=\"og:image\" content=\"https:\/\/telefilm.ca\/wp-content\/uploads\/2026\/08\/og-image-t-1200x675-1.png\" \/>\n\t<meta property=\"og:image:width\" content=\"1200\" \/>\n\t<meta property=\"og:image:height\" content=\"675\" \/>\n\t<meta property=\"og:image:type\" content=\"image\/png\" \/>\n<meta name=\"twitter:card\" content=\"summary_large_image\" \/>\n<meta name=\"twitter:site\" content=\"@Telefilm_Canada\" \/>\n<meta name=\"twitter:label1\" content=\"Estimation du temps de lecture\" \/>\n\t<meta name=\"twitter:data1\" content=\"3 minutes\" \/>\n<script type=\"application\/ld+json\" class=\"yoast-schema-graph\">{\"@context\":\"https:\\\/\\\/schema.org\",\"@graph\":[{\"@type\":\"WebPage\",\"@id\":\"https:\\\/\\\/telefilm.ca\\\/fr\\\/appel-inscription\\\/cannes-2018-talent-court\",\"url\":\"https:\\\/\\\/telefilm.ca\\\/fr\\\/appel-inscription\\\/cannes-2018-talent-court\",\"name\":\"Cannes 2018 | TALENT TOUT COURT | T\u00e9l\u00e9film Canada\",\"isPartOf\":{\"@id\":\"https:\\\/\\\/telefilm.ca\\\/fr#website\"},\"datePublished\":\"2018-02-15T15:19:19+00:00\",\"dateModified\":\"2022-08-03T02:32:00+00:00\",\"breadcrumb\":{\"@id\":\"https:\\\/\\\/telefilm.ca\\\/fr\\\/appel-inscription\\\/cannes-2018-talent-court#breadcrumb\"},\"inLanguage\":\"fr-CA\",\"potentialAction\":[{\"@type\":\"ReadAction\",\"target\":[\"https:\\\/\\\/telefilm.ca\\\/fr\\\/appel-inscription\\\/cannes-2018-talent-court\"]}]},{\"@type\":\"BreadcrumbList\",\"@id\":\"https:\\\/\\\/telefilm.ca\\\/fr\\\/appel-inscription\\\/cannes-2018-talent-court#breadcrumb\",\"itemListElement\":[{\"@type\":\"ListItem\",\"position\":1,\"name\":\"Accueil\",\"item\":\"https:\\\/\\\/telefilm.ca\\\/fr\"},{\"@type\":\"ListItem\",\"position\":2,\"name\":\"Calls for Entry\",\"item\":\"https:\\\/\\\/telefilm.ca\\\/fr\\\/appel-inscription\"},{\"@type\":\"ListItem\",\"position\":3,\"name\":\"Cannes 2018 | TALENT TOUT COURT\"}]},{\"@type\":\"WebSite\",\"@id\":\"https:\\\/\\\/telefilm.ca\\\/fr#website\",\"url\":\"https:\\\/\\\/telefilm.ca\\\/fr\",\"name\":\"T\u00e9l\u00e9film Canada\",\"description\":\"Partenaire de choix\",\"publisher\":{\"@id\":\"https:\\\/\\\/telefilm.ca\\\/fr#organization\"},\"potentialAction\":[{\"@type\":\"SearchAction\",\"target\":{\"@type\":\"EntryPoint\",\"urlTemplate\":\"https:\\\/\\\/telefilm.ca\\\/fr?s={search_term_string}\"},\"query-input\":{\"@type\":\"PropertyValueSpecification\",\"valueRequired\":true,\"valueName\":\"search_term_string\"}}],\"inLanguage\":\"fr-CA\"},{\"@type\":\"Organization\",\"@id\":\"https:\\\/\\\/telefilm.ca\\\/fr#organization\",\"name\":\"Telefilm Canada\",\"url\":\"https:\\\/\\\/telefilm.ca\\\/fr\",\"logo\":{\"@type\":\"ImageObject\",\"inLanguage\":\"fr-CA\",\"@id\":\"https:\\\/\\\/telefilm.ca\\\/fr#\\\/schema\\\/logo\\\/image\\\/\",\"url\":\"https:\\\/\\\/telefilm.ca\\\/wp-content\\\/uploads\\\/2026\\\/05\\\/cropped-tfc_favicon_512.png\",\"contentUrl\":\"https:\\\/\\\/telefilm.ca\\\/wp-content\\\/uploads\\\/2026\\\/05\\\/cropped-tfc_favicon_512.png\",\"width\":512,\"height\":512,\"caption\":\"Telefilm Canada\"},\"image\":{\"@id\":\"https:\\\/\\\/telefilm.ca\\\/fr#\\\/schema\\\/logo\\\/image\\\/\"},\"sameAs\":[\"https:\\\/\\\/www.facebook.com\\\/TelefilmCanada\\\/\",\"https:\\\/\\\/x.com\\\/Telefilm_Canada\",\"https:\\\/\\\/www.instagram.com\\\/telefilm_canada\\\/\",\"https:\\\/\\\/www.linkedin.com\\\/company\\\/telefilm-canada\\\/\",\"https:\\\/\\\/www.youtube.com\\\/user\\\/telefilmcanada\"]}]}<\/script>\n<!-- \/ Yoast SEO plugin. -->","yoast_head_json":{"title":"Cannes 2018 | TALENT TOUT COURT | T\u00e9l\u00e9film Canada","robots":{"index":"index","follow":"follow","max-snippet":"max-snippet:-1","max-image-preview":"max-image-preview:large","max-video-preview":"max-video-preview:-1"},"canonical":"https:\/\/telefilm.ca\/fr\/appel-inscription\/cannes-2018-talent-court","og_locale":"fr_CA","og_type":"article","og_title":"Cannes 2018 | TALENT TOUT COURT | T\u00e9l\u00e9film Canada","og_description":"Appel d\u2019inscriptions (Courts m\u00e9trages, tous genres) T\u00e9l\u00e9film Canada accepte pr\u00e9sentement des soumissions pour sa 8e \u00e9dition de\u00a0 TALENT TOUT COURT, un programme de courts pr\u00e9sent\u00e9 au March\u00e9 du Film de Cannes qui a lieu en m\u00eame temps que le Festival de Cannes. Talent tout court est une initiative de T\u00e9l\u00e9film Canada gr\u00e2ce \u00e0 laquelle des [&hellip;]","og_url":"https:\/\/telefilm.ca\/fr\/appel-inscription\/cannes-2018-talent-court","og_site_name":"T\u00e9l\u00e9film Canada","article_publisher":"https:\/\/www.facebook.com\/TelefilmCanada\/","article_modified_time":"2022-08-03T02:32:00+00:00","og_image":[{"width":1200,"height":675,"url":"https:\/\/telefilm.ca\/wp-content\/uploads\/2026\/08\/og-image-t-1200x675-1.png","type":"image\/png"}],"twitter_card":"summary_large_image","twitter_site":"@Telefilm_Canada","twitter_misc":{"Estimation du temps de lecture":"3 minutes"},"schema":{"@context":"https:\/\/schema.org","@graph":[{"@type":"WebPage","@id":"https:\/\/telefilm.ca\/fr\/appel-inscription\/cannes-2018-talent-court","url":"https:\/\/telefilm.ca\/fr\/appel-inscription\/cannes-2018-talent-court","name":"Cannes 2018 | TALENT TOUT COURT | T\u00e9l\u00e9film Canada","isPartOf":{"@id":"https:\/\/telefilm.ca\/fr#website"},"datePublished":"2018-02-15T15:19:19+00:00","dateModified":"2022-08-03T02:32:00+00:00","breadcrumb":{"@id":"https:\/\/telefilm.ca\/fr\/appel-inscription\/cannes-2018-talent-court#breadcrumb"},"inLanguage":"fr-CA","potentialAction":[{"@type":"ReadAction","target":["https:\/\/telefilm.ca\/fr\/appel-inscription\/cannes-2018-talent-court"]}]},{"@type":"BreadcrumbList","@id":"https:\/\/telefilm.ca\/fr\/appel-inscription\/cannes-2018-talent-court#breadcrumb","itemListElement":[{"@type":"ListItem","position":1,"name":"Accueil","item":"https:\/\/telefilm.ca\/fr"},{"@type":"ListItem","position":2,"name":"Calls for Entry","item":"https:\/\/telefilm.ca\/fr\/appel-inscription"},{"@type":"ListItem","position":3,"name":"Cannes 2018 | TALENT TOUT COURT"}]},{"@type":"WebSite","@id":"https:\/\/telefilm.ca\/fr#website","url":"https:\/\/telefilm.ca\/fr","name":"T\u00e9l\u00e9film Canada","description":"Partenaire de choix","publisher":{"@id":"https:\/\/telefilm.ca\/fr#organization"},"potentialAction":[{"@type":"SearchAction","target":{"@type":"EntryPoint","urlTemplate":"https:\/\/telefilm.ca\/fr?s={search_term_string}"},"query-input":{"@type":"PropertyValueSpecification","valueRequired":true,"valueName":"search_term_string"}}],"inLanguage":"fr-CA"},{"@type":"Organization","@id":"https:\/\/telefilm.ca\/fr#organization","name":"Telefilm Canada","url":"https:\/\/telefilm.ca\/fr","logo":{"@type":"ImageObject","inLanguage":"fr-CA","@id":"https:\/\/telefilm.ca\/fr#\/schema\/logo\/image\/","url":"https:\/\/telefilm.ca\/wp-content\/uploads\/2026\/05\/cropped-tfc_favicon_512.png","contentUrl":"https:\/\/telefilm.ca\/wp-content\/uploads\/2026\/05\/cropped-tfc_favicon_512.png","width":512,"height":512,"caption":"Telefilm Canada"},"image":{"@id":"https:\/\/telefilm.ca\/fr#\/schema\/logo\/image\/"},"sameAs":["https:\/\/www.facebook.com\/TelefilmCanada\/","https:\/\/x.com\/Telefilm_Canada","https:\/\/www.instagram.com\/telefilm_canada\/","https:\/\/www.linkedin.com\/company\/telefilm-canada\/","https:\/\/www.youtube.com\/user\/telefilmcanada"]}]}},"wpml_current_locale":"fr_CA","wpml_translations":[{"locale":"en_CA","id":2920,"post_title":"Cannes | NOT SHORT ON TALENT","href":"https:\/\/telefilm.ca\/en\/cannes-not-short-on-talent\/"}],"_links":{"self":[{"href":"https:\/\/telefilm.ca\/fr\/wp-json\/wp\/v2\/appel-inscription\/2921","targetHints":{"allow":["GET"]}}],"collection":[{"href":"https:\/\/telefilm.ca\/fr\/wp-json\/wp\/v2\/appel-inscription"}],"about":[{"href":"https:\/\/telefilm.ca\/fr\/wp-json\/wp\/v2\/types\/appel-inscription"}],"version-history":[{"count":0,"href":"https:\/\/telefilm.ca\/fr\/wp-json\/wp\/v2\/appel-inscription\/2921\/revisions"}],"wp:attachment":[{"href":"https:\/\/telefilm.ca\/fr\/wp-json\/wp\/v2\/media?parent=2921"}],"wp:term":[{"taxonomy":"categorie_appel_inscription","embeddable":true,"href":"https:\/\/telefilm.ca\/fr\/wp-json\/wp\/v2\/categorie_appel_inscription?post=2921"}],"curies":[{"name":"wp","href":"https:\/\/api.w.org\/{rel}","templated":true}]}}