{"id":77116,"date":"2022-03-01T14:13:37","date_gmt":"2022-03-01T14:13:37","guid":{"rendered":"https:\/\/telefilm.ca\/appel-inscription\/33e-festival-international-du-film-de-stockholm"},"modified":"2022-08-03T02:05:15","modified_gmt":"2022-08-03T02:05:15","slug":"33e-festival-international-du-film-de-stockholm","status":"publish","type":"appel-inscription","link":"https:\/\/telefilm.ca\/fr\/appel-inscription\/33e-festival-international-du-film-de-stockholm","title":{"rendered":"33e Festival international du film de Stockholm\u00a0"},"content":{"rendered":"<div class=\"editor-content\"><h4><b><span data-contrast=\"none\">APPEL D\u2019INSCRIPTIONS<\/span><\/b><span data-ccp-props=\"{&quot;201341983&quot;:0,&quot;335559738&quot;:300,&quot;335559739&quot;:300,&quot;335559740&quot;:240}\">\u00a0<\/span><\/h4>\n<p class=\"wp-block-paragraph\"><b><span data-contrast=\"none\">(Longs\u00a0 et courts m\u00e9trages, fiction et documentaire)<\/span><\/b><span data-ccp-props=\"{&quot;201341983&quot;:0,&quot;335559739&quot;:300,&quot;335559740&quot;:240}\">\u00a0<\/span><\/p>\n<p><span data-contrast=\"none\">Le<\/span><a href=\"https:\/\/www.stockholmfilmfestival.se\/sv\/industry\/submit-your-film\"><span data-contrast=\"none\"> Festival international du film\u202fde Stockholm\u202f<\/span><\/a><span data-contrast=\"none\">accepte pr\u00e9sentement les inscriptions pour son \u00e9dition 2022.<\/span><span data-ccp-props=\"{&quot;201341983&quot;:0,&quot;335559739&quot;:300,&quot;335559740&quot;:240}\">\u00a0<\/span><\/p>\n<p><b><span data-contrast=\"none\">Veuillez noter que les films doivent \u00eatre soumis\u202f<\/span><\/b><a href=\"https:\/\/filmfreeway.com\/StockholmFilmFestival\"><b><span data-contrast=\"none\">directement au festival via FilmFreeway.<\/span><\/b><\/a><span data-ccp-props=\"{&quot;201341983&quot;:0,&quot;335559739&quot;:300,&quot;335559740&quot;:240}\">\u00a0<\/span><\/p>\n<ul>\n<li data-leveltext=\"\uf0b7\" data-font=\"Symbol\" data-listid=\"3\" aria-setsize=\"-1\" data-aria-posinset=\"1\" data-aria-level=\"1\"><span data-contrast=\"none\">Comp\u00e9titif\u202f: oui<\/span><span data-ccp-props=\"{&quot;134233117&quot;:true,&quot;201341983&quot;:0,&quot;335559685&quot;:495,&quot;335559739&quot;:120,&quot;335559740&quot;:240}\">\u00a0<\/span><\/li>\n<li><span data-contrast=\"none\">Frais d\u2019inscription\u202f: oui<\/span><span data-ccp-props=\"{&quot;134233117&quot;:true,&quot;201341983&quot;:0,&quot;335559685&quot;:495,&quot;335559739&quot;:120,&quot;335559740&quot;:240}\">\u00a0<\/span><\/li>\n<\/ul>\n<p><span data-ccp-props=\"{&quot;134233117&quot;:true,&quot;201341983&quot;:0,&quot;335559685&quot;:495,&quot;335559739&quot;:120,&quot;335559740&quot;:240}\">\u00a0<\/span><\/p>\n<h5><b><span data-contrast=\"none\">ADMISSIBILIT\u00c9<\/span><\/b><span data-ccp-props=\"{&quot;201341983&quot;:0,&quot;335559738&quot;:300,&quot;335559739&quot;:300,&quot;335559740&quot;:240}\">\u00a0<\/span><\/h5>\n<ol>\n<li><span data-contrast=\"none\">Les longs m\u00e9trages doivent avoir une dur\u00e9e de plus de 72 minutes. Les courts m\u00e9trages doivent \u00eatre d&#8217;une dur\u00e9e inf\u00e9rieure \u00e0 30 minutes.<\/span><span data-ccp-props=\"{&quot;201341983&quot;:0,&quot;335559685&quot;:360,&quot;335559738&quot;:300,&quot;335559739&quot;:300,&quot;335559740&quot;:240}\">\u00a0<\/span><\/li>\n<li><span data-contrast=\"none\">Les films doivent \u00eatre pr\u00e9sent\u00e9s en premi\u00e8re Su\u00e9doise. Le festival privil\u00e9gie les films en premi\u00e8re Nordique, mais accepte les soumissions de films qui ont d\u00e9j\u00e0 \u00e9t\u00e9 pr\u00e9sent\u00e9s en premi\u00e8re dans la r\u00e9gion nordique.\u00a0 Les films pr\u00e9sent\u00e9s dans le cadre de la Stockholm <\/span><b><span data-contrast=\"none\">Impact Competition<\/span><\/b><span data-contrast=\"none\"> doivent \u00eatre pr\u00e9sent\u00e9s minimalement en premi\u00e8re Europ\u00e9enne.<\/span><span data-ccp-props=\"{&quot;201341983&quot;:0,&quot;335559685&quot;:360,&quot;335559738&quot;:300,&quot;335559739&quot;:300,&quot;335559740&quot;:240}\">\u00a0<\/span><\/li>\n<li><b><span data-contrast=\"none\">Stockholm Competition.<\/span><\/b><span data-contrast=\"none\"> Ouvert aux r\u00e9alisateurs r\u00e9alisant leur premier, deuxi\u00e8me ou troisi\u00e8me long m\u00e9trage de fiction.<\/span><span data-ccp-props=\"{&quot;201341983&quot;:0,&quot;335559685&quot;:360,&quot;335559738&quot;:300,&quot;335559739&quot;:300,&quot;335559740&quot;:240}\">\u00a0<\/span><\/li>\n<\/ol>\n<h5><b><span data-contrast=\"none\">\u00c0 PROPOS<\/span><\/b><span data-ccp-props=\"{&quot;201341983&quot;:0,&quot;335559738&quot;:300,&quot;335559739&quot;:300,&quot;335559740&quot;:240}\">\u00a0<\/span><\/h5>\n<p><span data-contrast=\"none\">Fond\u00e9 en 1990, le Festival international du film de Stockholm continue <\/span><b><span data-contrast=\"none\">d&#8217;explorer et de promouvoir les grands r\u00e9alisateurs de demain <\/span><\/b><span data-contrast=\"none\">et est \u00e9tabli comme l&#8217;un des principaux festivals de cin\u00e9ma en Europe. Avec une passion pour le cin\u00e9ma visionnaire, le festival ne cesse de repousser les limites du cin\u00e9ma. Les principales sections sont:<\/span><span data-ccp-props=\"{&quot;201341983&quot;:0,&quot;335551550&quot;:6,&quot;335551620&quot;:6,&quot;335559739&quot;:300,&quot;335559740&quot;:240}\">\u00a0<\/span><\/p>\n<p><b><span data-contrast=\"none\">I &#8211; Stockholm Competition.<\/span><\/b><span data-contrast=\"none\"> Des r\u00e9alisateurs r\u00e9volutionnaires se disputent le plus grand prix du circuit des festivals, le <\/span><i><span data-contrast=\"none\">Bronze Horse<\/span><\/i><span data-contrast=\"none\">. Ouvert aux r\u00e9alisateurs d\u2019un premier, deuxi\u00e8me ou troisi\u00e8me long m\u00e9trage dramatique. <\/span><b><span data-contrast=\"none\">II &#8211; Stockholm Documentary Competition.<\/span><\/b><span data-contrast=\"none\"> Documentaires personnels et originaux du monde entier en comp\u00e9tition pour le <\/span><i><span data-contrast=\"none\">Bronze Horse. <\/span><\/i><b><span data-contrast=\"none\">III \u2013 Stockholm Impact.<\/span><\/b><span data-contrast=\"none\"> Des films audacieux sur des questions contemporaines urgentes. Une premi\u00e8re internationale ou Europ\u00e9enne est requise. <\/span><b><span data-contrast=\"none\">IV \u2013 Open Zone.<\/span><\/b><span data-contrast=\"none\"> Les r\u00e9alisateurs les plus influents du cin\u00e9ma mondial sont en lice pour le prix FIPRESCI. <\/span><b><span data-contrast=\"none\">V &#8211; Icons. <\/span><\/b><span data-contrast=\"none\">Une vitrine des performances des principaux acteurs et actrices du cin\u00e9ma actuel. <\/span><b><span data-contrast=\"none\">VI &#8211; Discovery.<\/span><\/b><span data-contrast=\"none\"> Histoires puissantes et diverses des premiers r\u00e9alisateurs. VII &#8211; American Independents. Les \u00c9tats-Unis d&#8217;Am\u00e9rique \u00e0 travers les yeux de ses cin\u00e9astes ind\u00e9pendants. <\/span><b><span data-contrast=\"none\">VIII &#8211; Twilight Zone.<\/span><\/b><span data-contrast=\"none\"> Des films de genre \u00e9poustouflants adapt\u00e9s aux heures les plus sombres. <\/span><b><span data-contrast=\"none\">IX- Documania.<\/span><\/b><span data-contrast=\"none\"> Les documentaires biopics les plus importants et les histoires r\u00e9elles de l&#8217;ann\u00e9e. <\/span><b><span data-contrast=\"none\">X &#8211; Spotlight.<\/span><\/b><span data-contrast=\"none\"> Une section centr\u00e9e sur un th\u00e8me cin\u00e9matographique actuel. <\/span><b><span data-contrast=\"none\">XI &#8211; Stockholm Short Film Competition. <\/span><\/b><span data-contrast=\"none\">Courts m\u00e9trages exp\u00e9rimentaux ou avant-gardiste du monde entier.<\/span><span data-ccp-props=\"{&quot;201341983&quot;:0,&quot;335551550&quot;:6,&quot;335551620&quot;:6,&quot;335559739&quot;:300,&quot;335559740&quot;:240}\">\u00a0<\/span><\/p>\n<p><b><span data-contrast=\"none\">T\u00e9l\u00e9film Canada reconna\u00eet la participation d\u2019un long m\u00e9trage \u00e0 ce festival et peut offrir une aide par l\u2019entremise de son\u202f<\/span><\/b><a href=\"https:\/\/telefilm.ca\/fr\/financement\/mise-en-marche-internationale\"><span data-contrast=\"none\">Programme de promotion internationale<\/span><\/a><span data-contrast=\"none\">.<\/span><span data-ccp-props=\"{&quot;201341983&quot;:0,&quot;335551550&quot;:6,&quot;335551620&quot;:6,&quot;335559739&quot;:300,&quot;335559740&quot;:240}\">\u00a0<\/span><\/p>\n<p><span data-ccp-props=\"{&quot;201341983&quot;:0,&quot;335551550&quot;:6,&quot;335551620&quot;:6,&quot;335559739&quot;:300,&quot;335559740&quot;:240}\">\u00a0<\/span><\/p>\n<p><b><span data-contrast=\"none\">Promotion internationale<\/span><\/b><br \/>\n<span data-contrast=\"none\">T\u00e9l\u00e9film Canada, Montr\u00e9al<\/span><br \/>\n<a href=\"mailto:festivals@telefilm.ca\"><span data-contrast=\"none\">festivals@telefilm.ca<\/span><br \/>\n<\/a><span data-contrast=\"none\">1 800 567-0890<\/span><span data-ccp-props=\"{&quot;201341983&quot;:0,&quot;335559739&quot;:300,&quot;335559740&quot;:240}\">\u00a0<\/span><\/p>\n<\/div>","protected":false},"template":"","categorie_appel_inscription":[14],"class_list":["post-77116","appel-inscription","type-appel-inscription","status-publish","hentry","categorie_appel_inscription-festival-fr"],"acf":{"date_debut":"20221109","date_fin":"20221120","ville":"Stockholm","pays":"Su\u00e8de","edition":"","deadlines":[{"description":"Date limite d\u2019inscription h\u00e2tive","date":"20220331"},{"description":"Date limite d\u2019inscription r\u00e9guli\u00e8re","date":"20220715"},{"description":"Date limite d\u2019inscription tardive","date":"20220815"},{"description":"Date limite d\u2019inscription prolong\u00e9e","date":"20220915"}]},"yoast_head":"<!-- This site is optimized with the Yoast SEO plugin v28.4 - https:\/\/yoast.com\/product\/yoast-seo-wordpress\/ -->\n<title>33e Festival international du film de Stockholm\u00a0 | T\u00e9l\u00e9film Canada<\/title>\n<meta name=\"robots\" content=\"index, follow, max-snippet:-1, max-image-preview:large, max-video-preview:-1\" \/>\n<link rel=\"canonical\" href=\"https:\/\/telefilm.ca\/fr\/appel-inscription\/33e-festival-international-du-film-de-stockholm\" \/>\n<meta property=\"og:locale\" content=\"fr_CA\" \/>\n<meta property=\"og:type\" content=\"article\" \/>\n<meta property=\"og:title\" content=\"33e Festival international du film de Stockholm\u00a0 | T\u00e9l\u00e9film Canada\" \/>\n<meta property=\"og:description\" content=\"APPEL D\u2019INSCRIPTIONS\u00a0 (Longs\u00a0 et courts m\u00e9trages, fiction et documentaire)\u00a0 Le Festival international du film\u202fde Stockholm\u202faccepte pr\u00e9sentement les inscriptions pour son \u00e9dition 2022.\u00a0 Veuillez noter que les films doivent \u00eatre soumis\u202fdirectement au festival via FilmFreeway.\u00a0 Comp\u00e9titif\u202f: oui\u00a0 Frais d\u2019inscription\u202f: oui\u00a0 \u00a0 ADMISSIBILIT\u00c9\u00a0 Les longs m\u00e9trages doivent avoir une dur\u00e9e de plus de 72 minutes. Les courts [&hellip;]\" \/>\n<meta property=\"og:url\" content=\"https:\/\/telefilm.ca\/fr\/appel-inscription\/33e-festival-international-du-film-de-stockholm\" \/>\n<meta property=\"og:site_name\" content=\"T\u00e9l\u00e9film Canada\" \/>\n<meta property=\"article:publisher\" content=\"https:\/\/www.facebook.com\/TelefilmCanada\/\" \/>\n<meta property=\"article:modified_time\" content=\"2022-08-03T02:05:15+00:00\" \/>\n<meta property=\"og:image\" content=\"https:\/\/telefilm.ca\/wp-content\/uploads\/2026\/08\/og-image-t-1200x675-1.png\" \/>\n\t<meta property=\"og:image:width\" content=\"1200\" \/>\n\t<meta property=\"og:image:height\" content=\"675\" \/>\n\t<meta property=\"og:image:type\" content=\"image\/png\" \/>\n<meta name=\"twitter:card\" content=\"summary_large_image\" \/>\n<meta name=\"twitter:site\" content=\"@Telefilm_Canada\" \/>\n<meta name=\"twitter:label1\" content=\"Estimation du temps de lecture\" \/>\n\t<meta name=\"twitter:data1\" content=\"2 minutes\" \/>\n<script type=\"application\/ld+json\" class=\"yoast-schema-graph\">{\"@context\":\"https:\\\/\\\/schema.org\",\"@graph\":[{\"@type\":\"WebPage\",\"@id\":\"https:\\\/\\\/telefilm.ca\\\/fr\\\/appel-inscription\\\/33e-festival-international-du-film-de-stockholm\",\"url\":\"https:\\\/\\\/telefilm.ca\\\/fr\\\/appel-inscription\\\/33e-festival-international-du-film-de-stockholm\",\"name\":\"33e Festival international du film de Stockholm\u00a0 | T\u00e9l\u00e9film Canada\",\"isPartOf\":{\"@id\":\"https:\\\/\\\/telefilm.ca\\\/fr#website\"},\"datePublished\":\"2022-03-01T14:13:37+00:00\",\"dateModified\":\"2022-08-03T02:05:15+00:00\",\"breadcrumb\":{\"@id\":\"https:\\\/\\\/telefilm.ca\\\/fr\\\/appel-inscription\\\/33e-festival-international-du-film-de-stockholm#breadcrumb\"},\"inLanguage\":\"fr-CA\",\"potentialAction\":[{\"@type\":\"ReadAction\",\"target\":[\"https:\\\/\\\/telefilm.ca\\\/fr\\\/appel-inscription\\\/33e-festival-international-du-film-de-stockholm\"]}]},{\"@type\":\"BreadcrumbList\",\"@id\":\"https:\\\/\\\/telefilm.ca\\\/fr\\\/appel-inscription\\\/33e-festival-international-du-film-de-stockholm#breadcrumb\",\"itemListElement\":[{\"@type\":\"ListItem\",\"position\":1,\"name\":\"Accueil\",\"item\":\"https:\\\/\\\/telefilm.ca\\\/fr\"},{\"@type\":\"ListItem\",\"position\":2,\"name\":\"Calls for Entry\",\"item\":\"https:\\\/\\\/telefilm.ca\\\/fr\\\/appel-inscription\"},{\"@type\":\"ListItem\",\"position\":3,\"name\":\"33e Festival international du film de Stockholm\u00a0\"}]},{\"@type\":\"WebSite\",\"@id\":\"https:\\\/\\\/telefilm.ca\\\/fr#website\",\"url\":\"https:\\\/\\\/telefilm.ca\\\/fr\",\"name\":\"T\u00e9l\u00e9film Canada\",\"description\":\"Partenaire de choix\",\"publisher\":{\"@id\":\"https:\\\/\\\/telefilm.ca\\\/fr#organization\"},\"potentialAction\":[{\"@type\":\"SearchAction\",\"target\":{\"@type\":\"EntryPoint\",\"urlTemplate\":\"https:\\\/\\\/telefilm.ca\\\/fr?s={search_term_string}\"},\"query-input\":{\"@type\":\"PropertyValueSpecification\",\"valueRequired\":true,\"valueName\":\"search_term_string\"}}],\"inLanguage\":\"fr-CA\"},{\"@type\":\"Organization\",\"@id\":\"https:\\\/\\\/telefilm.ca\\\/fr#organization\",\"name\":\"Telefilm Canada\",\"url\":\"https:\\\/\\\/telefilm.ca\\\/fr\",\"logo\":{\"@type\":\"ImageObject\",\"inLanguage\":\"fr-CA\",\"@id\":\"https:\\\/\\\/telefilm.ca\\\/fr#\\\/schema\\\/logo\\\/image\\\/\",\"url\":\"https:\\\/\\\/telefilm.ca\\\/wp-content\\\/uploads\\\/2026\\\/05\\\/cropped-tfc_favicon_512.png\",\"contentUrl\":\"https:\\\/\\\/telefilm.ca\\\/wp-content\\\/uploads\\\/2026\\\/05\\\/cropped-tfc_favicon_512.png\",\"width\":512,\"height\":512,\"caption\":\"Telefilm Canada\"},\"image\":{\"@id\":\"https:\\\/\\\/telefilm.ca\\\/fr#\\\/schema\\\/logo\\\/image\\\/\"},\"sameAs\":[\"https:\\\/\\\/www.facebook.com\\\/TelefilmCanada\\\/\",\"https:\\\/\\\/x.com\\\/Telefilm_Canada\",\"https:\\\/\\\/www.instagram.com\\\/telefilm_canada\\\/\",\"https:\\\/\\\/www.linkedin.com\\\/company\\\/telefilm-canada\\\/\",\"https:\\\/\\\/www.youtube.com\\\/user\\\/telefilmcanada\"]}]}<\/script>\n<!-- \/ Yoast SEO plugin. -->","yoast_head_json":{"title":"33e Festival international du film de Stockholm\u00a0 | T\u00e9l\u00e9film Canada","robots":{"index":"index","follow":"follow","max-snippet":"max-snippet:-1","max-image-preview":"max-image-preview:large","max-video-preview":"max-video-preview:-1"},"canonical":"https:\/\/telefilm.ca\/fr\/appel-inscription\/33e-festival-international-du-film-de-stockholm","og_locale":"fr_CA","og_type":"article","og_title":"33e Festival international du film de Stockholm\u00a0 | T\u00e9l\u00e9film Canada","og_description":"APPEL D\u2019INSCRIPTIONS\u00a0 (Longs\u00a0 et courts m\u00e9trages, fiction et documentaire)\u00a0 Le Festival international du film\u202fde Stockholm\u202faccepte pr\u00e9sentement les inscriptions pour son \u00e9dition 2022.\u00a0 Veuillez noter que les films doivent \u00eatre soumis\u202fdirectement au festival via FilmFreeway.\u00a0 Comp\u00e9titif\u202f: oui\u00a0 Frais d\u2019inscription\u202f: oui\u00a0 \u00a0 ADMISSIBILIT\u00c9\u00a0 Les longs m\u00e9trages doivent avoir une dur\u00e9e de plus de 72 minutes. Les courts [&hellip;]","og_url":"https:\/\/telefilm.ca\/fr\/appel-inscription\/33e-festival-international-du-film-de-stockholm","og_site_name":"T\u00e9l\u00e9film Canada","article_publisher":"https:\/\/www.facebook.com\/TelefilmCanada\/","article_modified_time":"2022-08-03T02:05:15+00:00","og_image":[{"width":1200,"height":675,"url":"https:\/\/telefilm.ca\/wp-content\/uploads\/2026\/08\/og-image-t-1200x675-1.png","type":"image\/png"}],"twitter_card":"summary_large_image","twitter_site":"@Telefilm_Canada","twitter_misc":{"Estimation du temps de lecture":"2 minutes"},"schema":{"@context":"https:\/\/schema.org","@graph":[{"@type":"WebPage","@id":"https:\/\/telefilm.ca\/fr\/appel-inscription\/33e-festival-international-du-film-de-stockholm","url":"https:\/\/telefilm.ca\/fr\/appel-inscription\/33e-festival-international-du-film-de-stockholm","name":"33e Festival international du film de Stockholm\u00a0 | T\u00e9l\u00e9film Canada","isPartOf":{"@id":"https:\/\/telefilm.ca\/fr#website"},"datePublished":"2022-03-01T14:13:37+00:00","dateModified":"2022-08-03T02:05:15+00:00","breadcrumb":{"@id":"https:\/\/telefilm.ca\/fr\/appel-inscription\/33e-festival-international-du-film-de-stockholm#breadcrumb"},"inLanguage":"fr-CA","potentialAction":[{"@type":"ReadAction","target":["https:\/\/telefilm.ca\/fr\/appel-inscription\/33e-festival-international-du-film-de-stockholm"]}]},{"@type":"BreadcrumbList","@id":"https:\/\/telefilm.ca\/fr\/appel-inscription\/33e-festival-international-du-film-de-stockholm#breadcrumb","itemListElement":[{"@type":"ListItem","position":1,"name":"Accueil","item":"https:\/\/telefilm.ca\/fr"},{"@type":"ListItem","position":2,"name":"Calls for Entry","item":"https:\/\/telefilm.ca\/fr\/appel-inscription"},{"@type":"ListItem","position":3,"name":"33e Festival international du film de Stockholm\u00a0"}]},{"@type":"WebSite","@id":"https:\/\/telefilm.ca\/fr#website","url":"https:\/\/telefilm.ca\/fr","name":"T\u00e9l\u00e9film Canada","description":"Partenaire de choix","publisher":{"@id":"https:\/\/telefilm.ca\/fr#organization"},"potentialAction":[{"@type":"SearchAction","target":{"@type":"EntryPoint","urlTemplate":"https:\/\/telefilm.ca\/fr?s={search_term_string}"},"query-input":{"@type":"PropertyValueSpecification","valueRequired":true,"valueName":"search_term_string"}}],"inLanguage":"fr-CA"},{"@type":"Organization","@id":"https:\/\/telefilm.ca\/fr#organization","name":"Telefilm Canada","url":"https:\/\/telefilm.ca\/fr","logo":{"@type":"ImageObject","inLanguage":"fr-CA","@id":"https:\/\/telefilm.ca\/fr#\/schema\/logo\/image\/","url":"https:\/\/telefilm.ca\/wp-content\/uploads\/2026\/05\/cropped-tfc_favicon_512.png","contentUrl":"https:\/\/telefilm.ca\/wp-content\/uploads\/2026\/05\/cropped-tfc_favicon_512.png","width":512,"height":512,"caption":"Telefilm Canada"},"image":{"@id":"https:\/\/telefilm.ca\/fr#\/schema\/logo\/image\/"},"sameAs":["https:\/\/www.facebook.com\/TelefilmCanada\/","https:\/\/x.com\/Telefilm_Canada","https:\/\/www.instagram.com\/telefilm_canada\/","https:\/\/www.linkedin.com\/company\/telefilm-canada\/","https:\/\/www.youtube.com\/user\/telefilmcanada"]}]}},"wpml_current_locale":"fr_CA","wpml_translations":[{"locale":"en_CA","id":77115,"post_title":"33rd Stockholm International Film Festival\u00a0","href":"https:\/\/telefilm.ca\/en\/33rd-sockholm-international-film-festival\/"}],"_links":{"self":[{"href":"https:\/\/telefilm.ca\/fr\/wp-json\/wp\/v2\/appel-inscription\/77116","targetHints":{"allow":["GET"]}}],"collection":[{"href":"https:\/\/telefilm.ca\/fr\/wp-json\/wp\/v2\/appel-inscription"}],"about":[{"href":"https:\/\/telefilm.ca\/fr\/wp-json\/wp\/v2\/types\/appel-inscription"}],"version-history":[{"count":0,"href":"https:\/\/telefilm.ca\/fr\/wp-json\/wp\/v2\/appel-inscription\/77116\/revisions"}],"wp:attachment":[{"href":"https:\/\/telefilm.ca\/fr\/wp-json\/wp\/v2\/media?parent=77116"}],"wp:term":[{"taxonomy":"categorie_appel_inscription","embeddable":true,"href":"https:\/\/telefilm.ca\/fr\/wp-json\/wp\/v2\/categorie_appel_inscription?post=77116"}],"curies":[{"name":"wp","href":"https:\/\/api.w.org\/{rel}","templated":true}]}}