{"id":77118,"date":"2022-03-01T11:45:11","date_gmt":"2022-03-01T11:45:11","guid":{"rendered":"https:\/\/telefilm.ca\/appel-inscription\/75e-edinburgh-international-film-festival"},"modified":"2022-08-03T02:05:19","modified_gmt":"2022-08-03T02:05:19","slug":"75e-edinburgh-international-film-festival","status":"publish","type":"appel-inscription","link":"https:\/\/telefilm.ca\/fr\/appel-inscription\/75e-edinburgh-international-film-festival","title":{"rendered":"75e Edinburgh International Film Festival\u00a0"},"content":{"rendered":"<div class=\"editor-content\"><h4><b><span data-contrast=\"auto\">Appel d\u2019inscriptions<\/span><\/b><span data-ccp-props=\"{&quot;134233117&quot;:true,&quot;134233118&quot;:true}\">\u00a0<\/span><\/h4>\n<p class=\"wp-block-paragraph\"><em>(Courts-m\u00e9trages, tous genres)\u00a0<\/em><\/p>\n<p><span data-contrast=\"auto\">L\u2019<\/span><a href=\"http:\/\/www.edfilmfest.org.uk\/\"><span data-contrast=\"none\">Edinburgh International Film Festival<\/span><\/a><span data-contrast=\"auto\"> accepte pr\u00e9sentement les inscriptions de courts-m\u00e9trages pour son \u00e9dition 2022.<\/span><span data-ccp-props=\"{&quot;134233117&quot;:true,&quot;134233118&quot;:true}\">\u00a0<\/span><\/p>\n<p><b><span data-contrast=\"none\">Veuillez noter que les films doivent \u00eatre soumis directement au festival <\/span><\/b><a href=\"https:\/\/filmfreeway.com\/EdinburghInternationalFilmFestival\"><span data-contrast=\"none\">via FilmFreeway<\/span><\/a><b><span data-contrast=\"none\">.<\/span><\/b><span data-ccp-props=\"{&quot;134233117&quot;:true,&quot;134233118&quot;:true}\">\u00a0<\/span><\/p>\n<ul>\n<li><span data-contrast=\"auto\">Comp\u00e9titif\u202f: Non<\/span><span data-ccp-props=\"{&quot;134233117&quot;:true,&quot;134233118&quot;:true}\">\u00a0<\/span><\/li>\n<li><span data-contrast=\"auto\">Frais d\u2019inscription\u202f: Oui<\/span><span data-ccp-props=\"{&quot;134233117&quot;:true,&quot;134233118&quot;:true}\">\u00a0<\/span><\/li>\n<\/ul>\n<p><span data-ccp-props=\"{&quot;134233117&quot;:true,&quot;134233118&quot;:true}\">\u00a0<\/span><\/p>\n<h5><b><span data-contrast=\"auto\">Admissibilit\u00e9<\/span><\/b><span data-ccp-props=\"{}\">\u00a0<\/span><\/h5>\n<ul>\n<li data-leveltext=\"-\" data-font=\"Verdana\" data-listid=\"3\" aria-setsize=\"-1\" data-aria-posinset=\"0\" data-aria-level=\"1\"><span data-contrast=\"none\">Les films soumis doivent avoir \u00e9t\u00e9 compl\u00e9t\u00e9s dans les 12 mois pr\u00e9c\u00e9dent le festival;<\/span><span data-ccp-props=\"{&quot;335551550&quot;:6,&quot;335551620&quot;:6}\">\u00a0<\/span><\/li>\n<li data-leveltext=\"-\" data-font=\"Verdana\" data-listid=\"3\" aria-setsize=\"-1\" data-aria-posinset=\"0\" data-aria-level=\"1\"><span data-contrast=\"none\">Les courts-m\u00e9trages doivent avoir une dur\u00e9e inf\u00e9rieure \u00e0 45 minutes;<\/span><span data-ccp-props=\"{&quot;335551550&quot;:6,&quot;335551620&quot;:6}\">\u00a0<\/span><\/li>\n<li data-leveltext=\"-\" data-font=\"Verdana\" data-listid=\"3\" aria-setsize=\"-1\" data-aria-posinset=\"0\" data-aria-level=\"1\"><span data-contrast=\"none\">Les films dans une langue autre que l\u2019anglais doivent \u00eatre sous-titr\u00e9s en anglais;<\/span><span data-ccp-props=\"{&quot;335551550&quot;:6,&quot;335551620&quot;:6}\">\u00a0<\/span><\/li>\n<li data-leveltext=\"-\" data-font=\"Verdana\" data-listid=\"3\" aria-setsize=\"-1\" data-aria-posinset=\"0\" data-aria-level=\"1\"><span data-contrast=\"none\">Tous les films doivent \u00eatre des premi\u00e8res \u00e9cossaises. Un int\u00e9r\u00eat particulier est accord\u00e9 aux premi\u00e8res mondiales, internationales ou europ\u00e9ennes ;<\/span><span data-ccp-props=\"{&quot;335551550&quot;:6,&quot;335551620&quot;:6}\">\u00a0<\/span><\/li>\n<li data-leveltext=\"-\" data-font=\"Verdana\" data-listid=\"3\" aria-setsize=\"-1\" data-aria-posinset=\"0\" data-aria-level=\"1\"><span data-contrast=\"none\">Les courts m\u00e9trages qui ont \u00e9t\u00e9 diffus\u00e9s ou mis \u00e0 la disposition du public (y compris en ligne) au Royaume-Uni ne seront pas pris en consid\u00e9ration.\u00a0<\/span><\/li>\n<li><span data-contrast=\"none\">Les films qui sont disponibles \u00e0 la vente ne sont pas \u00e9ligibles. Cela inclut les formats DVD\/Blu-ray\/t\u00e9l\u00e9chargements num\u00e9riques en ligne.<\/span><span data-ccp-props=\"{&quot;335551550&quot;:6,&quot;335551620&quot;:6}\">\u00a0<\/span><\/li>\n<\/ul>\n<h5><b><span data-contrast=\"none\">\u00c0 propos<\/span><\/b><span data-ccp-props=\"{&quot;335551550&quot;:6,&quot;335551620&quot;:6}\">\u00a0<\/span><\/h5>\n<p><span data-contrast=\"none\">En 2022, le Festival international du film d&#8217;\u00c9dimbourg retrouve sa place au c\u0153ur de la saison estivale des festivals d&#8217;\u00c9dimbourg.<\/span><span data-ccp-props=\"{&quot;335551550&quot;:6,&quot;335551620&quot;:6}\">\u00a0<\/span><\/p>\n<p><span data-contrast=\"none\">Le Festival international du film d\u2019\u00c9dimbourg (EIFF) existe depuis 1947 et apr\u00e8s Londres, est le festival le plus important au Royaume-Uni. Le festival attire 400 journalistes et accueille 1300 cin\u00e9astes et professionnels.\u00a0<\/span><span data-ccp-props=\"{&quot;335551550&quot;:6,&quot;335551620&quot;:6}\">\u00a0<\/span><\/p>\n<p><span data-contrast=\"none\">T\u00e9l\u00e9film Canada reconnait la s\u00e9lection d\u2019un <\/span><b><span data-contrast=\"none\">long-m\u00e9trage<\/span><\/b><span data-contrast=\"none\"> au Edinburgh International Film Festival et peut consentir un soutien financier dans le cadre du <\/span><a href=\"https:\/\/telefilm.ca\/fr\/financement\/mise-en-marche-internationale\"><span data-contrast=\"none\">Programme de promotion internationale<\/span><\/a><span data-contrast=\"none\">.<\/span><span data-ccp-props=\"{}\">\u00a0<\/span><\/p>\n<p><span data-ccp-props=\"{}\">\u00a0<\/span><\/p>\n<p><b><span data-contrast=\"none\">Promotion internationale<\/span><\/b><br \/>\n<span data-contrast=\"none\">T\u00e9l\u00e9film Canada, Montr\u00e9al<\/span><br \/>\n<a href=\"mailto:festivals@telefilm.ca\"><span data-contrast=\"none\">festivals@telefilm.ca<\/span><br \/>\n<\/a><span data-contrast=\"none\">1 800 567-0890\u202f<\/span><span data-ccp-props=\"{}\">\u00a0<\/span><\/p>\n<\/div>","protected":false},"template":"","categorie_appel_inscription":[14],"class_list":["post-77118","appel-inscription","type-appel-inscription","status-publish","hentry","categorie_appel_inscription-festival-fr"],"acf":{"date_debut":"20220812","date_fin":"20220820","ville":"\u00c9dimbourg","pays":"\u00c9cosse\u00a0","edition":"","deadlines":[{"description":"Date limite pour inscription r\u00e9guli\u00e8re","date":"20220331"},{"description":"Date limite pour inscription tardive","date":"20220425"}]},"yoast_head":"<!-- This site is optimized with the Yoast SEO plugin v28.4 - https:\/\/yoast.com\/product\/yoast-seo-wordpress\/ -->\n<title>75e Edinburgh International Film Festival\u00a0 | T\u00e9l\u00e9film Canada<\/title>\n<meta name=\"robots\" content=\"index, follow, max-snippet:-1, max-image-preview:large, max-video-preview:-1\" \/>\n<link rel=\"canonical\" href=\"https:\/\/telefilm.ca\/fr\/appel-inscription\/75e-edinburgh-international-film-festival\" \/>\n<meta property=\"og:locale\" content=\"fr_CA\" \/>\n<meta property=\"og:type\" content=\"article\" \/>\n<meta property=\"og:title\" content=\"75e Edinburgh International Film Festival\u00a0 | T\u00e9l\u00e9film Canada\" \/>\n<meta property=\"og:description\" content=\"Appel d\u2019inscriptions\u00a0 (Courts-m\u00e9trages, tous genres)\u00a0 L\u2019Edinburgh International Film Festival accepte pr\u00e9sentement les inscriptions de courts-m\u00e9trages pour son \u00e9dition 2022.\u00a0 Veuillez noter que les films doivent \u00eatre soumis directement au festival via FilmFreeway.\u00a0 Comp\u00e9titif\u202f: Non\u00a0 Frais d\u2019inscription\u202f: Oui\u00a0 \u00a0 Admissibilit\u00e9\u00a0 Les films soumis doivent avoir \u00e9t\u00e9 compl\u00e9t\u00e9s dans les 12 mois pr\u00e9c\u00e9dent le festival;\u00a0 Les courts-m\u00e9trages [&hellip;]\" \/>\n<meta property=\"og:url\" content=\"https:\/\/telefilm.ca\/fr\/appel-inscription\/75e-edinburgh-international-film-festival\" \/>\n<meta property=\"og:site_name\" content=\"T\u00e9l\u00e9film Canada\" \/>\n<meta property=\"article:publisher\" content=\"https:\/\/www.facebook.com\/TelefilmCanada\/\" \/>\n<meta property=\"article:modified_time\" content=\"2022-08-03T02:05:19+00:00\" \/>\n<meta property=\"og:image\" content=\"https:\/\/telefilm.ca\/wp-content\/uploads\/2026\/08\/og-image-t-1200x675-1.png\" \/>\n\t<meta property=\"og:image:width\" content=\"1200\" \/>\n\t<meta property=\"og:image:height\" content=\"675\" \/>\n\t<meta property=\"og:image:type\" content=\"image\/png\" \/>\n<meta name=\"twitter:card\" content=\"summary_large_image\" \/>\n<meta name=\"twitter:site\" content=\"@Telefilm_Canada\" \/>\n<meta name=\"twitter:label1\" content=\"Estimation du temps de lecture\" \/>\n\t<meta name=\"twitter:data1\" content=\"1 minute\" \/>\n<script type=\"application\/ld+json\" class=\"yoast-schema-graph\">{\"@context\":\"https:\\\/\\\/schema.org\",\"@graph\":[{\"@type\":\"WebPage\",\"@id\":\"https:\\\/\\\/telefilm.ca\\\/fr\\\/appel-inscription\\\/75e-edinburgh-international-film-festival\",\"url\":\"https:\\\/\\\/telefilm.ca\\\/fr\\\/appel-inscription\\\/75e-edinburgh-international-film-festival\",\"name\":\"75e Edinburgh International Film Festival\u00a0 | T\u00e9l\u00e9film Canada\",\"isPartOf\":{\"@id\":\"https:\\\/\\\/telefilm.ca\\\/fr#website\"},\"datePublished\":\"2022-03-01T11:45:11+00:00\",\"dateModified\":\"2022-08-03T02:05:19+00:00\",\"breadcrumb\":{\"@id\":\"https:\\\/\\\/telefilm.ca\\\/fr\\\/appel-inscription\\\/75e-edinburgh-international-film-festival#breadcrumb\"},\"inLanguage\":\"fr-CA\",\"potentialAction\":[{\"@type\":\"ReadAction\",\"target\":[\"https:\\\/\\\/telefilm.ca\\\/fr\\\/appel-inscription\\\/75e-edinburgh-international-film-festival\"]}]},{\"@type\":\"BreadcrumbList\",\"@id\":\"https:\\\/\\\/telefilm.ca\\\/fr\\\/appel-inscription\\\/75e-edinburgh-international-film-festival#breadcrumb\",\"itemListElement\":[{\"@type\":\"ListItem\",\"position\":1,\"name\":\"Accueil\",\"item\":\"https:\\\/\\\/telefilm.ca\\\/fr\"},{\"@type\":\"ListItem\",\"position\":2,\"name\":\"Calls for Entry\",\"item\":\"https:\\\/\\\/telefilm.ca\\\/fr\\\/appel-inscription\"},{\"@type\":\"ListItem\",\"position\":3,\"name\":\"75e Edinburgh International Film Festival\u00a0\"}]},{\"@type\":\"WebSite\",\"@id\":\"https:\\\/\\\/telefilm.ca\\\/fr#website\",\"url\":\"https:\\\/\\\/telefilm.ca\\\/fr\",\"name\":\"T\u00e9l\u00e9film Canada\",\"description\":\"Partenaire de choix\",\"publisher\":{\"@id\":\"https:\\\/\\\/telefilm.ca\\\/fr#organization\"},\"potentialAction\":[{\"@type\":\"SearchAction\",\"target\":{\"@type\":\"EntryPoint\",\"urlTemplate\":\"https:\\\/\\\/telefilm.ca\\\/fr?s={search_term_string}\"},\"query-input\":{\"@type\":\"PropertyValueSpecification\",\"valueRequired\":true,\"valueName\":\"search_term_string\"}}],\"inLanguage\":\"fr-CA\"},{\"@type\":\"Organization\",\"@id\":\"https:\\\/\\\/telefilm.ca\\\/fr#organization\",\"name\":\"Telefilm Canada\",\"url\":\"https:\\\/\\\/telefilm.ca\\\/fr\",\"logo\":{\"@type\":\"ImageObject\",\"inLanguage\":\"fr-CA\",\"@id\":\"https:\\\/\\\/telefilm.ca\\\/fr#\\\/schema\\\/logo\\\/image\\\/\",\"url\":\"https:\\\/\\\/telefilm.ca\\\/wp-content\\\/uploads\\\/2026\\\/05\\\/cropped-tfc_favicon_512.png\",\"contentUrl\":\"https:\\\/\\\/telefilm.ca\\\/wp-content\\\/uploads\\\/2026\\\/05\\\/cropped-tfc_favicon_512.png\",\"width\":512,\"height\":512,\"caption\":\"Telefilm Canada\"},\"image\":{\"@id\":\"https:\\\/\\\/telefilm.ca\\\/fr#\\\/schema\\\/logo\\\/image\\\/\"},\"sameAs\":[\"https:\\\/\\\/www.facebook.com\\\/TelefilmCanada\\\/\",\"https:\\\/\\\/x.com\\\/Telefilm_Canada\",\"https:\\\/\\\/www.instagram.com\\\/telefilm_canada\\\/\",\"https:\\\/\\\/www.linkedin.com\\\/company\\\/telefilm-canada\\\/\",\"https:\\\/\\\/www.youtube.com\\\/user\\\/telefilmcanada\"]}]}<\/script>\n<!-- \/ Yoast SEO plugin. -->","yoast_head_json":{"title":"75e Edinburgh International Film Festival\u00a0 | T\u00e9l\u00e9film Canada","robots":{"index":"index","follow":"follow","max-snippet":"max-snippet:-1","max-image-preview":"max-image-preview:large","max-video-preview":"max-video-preview:-1"},"canonical":"https:\/\/telefilm.ca\/fr\/appel-inscription\/75e-edinburgh-international-film-festival","og_locale":"fr_CA","og_type":"article","og_title":"75e Edinburgh International Film Festival\u00a0 | T\u00e9l\u00e9film Canada","og_description":"Appel d\u2019inscriptions\u00a0 (Courts-m\u00e9trages, tous genres)\u00a0 L\u2019Edinburgh International Film Festival accepte pr\u00e9sentement les inscriptions de courts-m\u00e9trages pour son \u00e9dition 2022.\u00a0 Veuillez noter que les films doivent \u00eatre soumis directement au festival via FilmFreeway.\u00a0 Comp\u00e9titif\u202f: Non\u00a0 Frais d\u2019inscription\u202f: Oui\u00a0 \u00a0 Admissibilit\u00e9\u00a0 Les films soumis doivent avoir \u00e9t\u00e9 compl\u00e9t\u00e9s dans les 12 mois pr\u00e9c\u00e9dent le festival;\u00a0 Les courts-m\u00e9trages [&hellip;]","og_url":"https:\/\/telefilm.ca\/fr\/appel-inscription\/75e-edinburgh-international-film-festival","og_site_name":"T\u00e9l\u00e9film Canada","article_publisher":"https:\/\/www.facebook.com\/TelefilmCanada\/","article_modified_time":"2022-08-03T02:05:19+00:00","og_image":[{"width":1200,"height":675,"url":"https:\/\/telefilm.ca\/wp-content\/uploads\/2026\/08\/og-image-t-1200x675-1.png","type":"image\/png"}],"twitter_card":"summary_large_image","twitter_site":"@Telefilm_Canada","twitter_misc":{"Estimation du temps de lecture":"1 minute"},"schema":{"@context":"https:\/\/schema.org","@graph":[{"@type":"WebPage","@id":"https:\/\/telefilm.ca\/fr\/appel-inscription\/75e-edinburgh-international-film-festival","url":"https:\/\/telefilm.ca\/fr\/appel-inscription\/75e-edinburgh-international-film-festival","name":"75e Edinburgh International Film Festival\u00a0 | T\u00e9l\u00e9film Canada","isPartOf":{"@id":"https:\/\/telefilm.ca\/fr#website"},"datePublished":"2022-03-01T11:45:11+00:00","dateModified":"2022-08-03T02:05:19+00:00","breadcrumb":{"@id":"https:\/\/telefilm.ca\/fr\/appel-inscription\/75e-edinburgh-international-film-festival#breadcrumb"},"inLanguage":"fr-CA","potentialAction":[{"@type":"ReadAction","target":["https:\/\/telefilm.ca\/fr\/appel-inscription\/75e-edinburgh-international-film-festival"]}]},{"@type":"BreadcrumbList","@id":"https:\/\/telefilm.ca\/fr\/appel-inscription\/75e-edinburgh-international-film-festival#breadcrumb","itemListElement":[{"@type":"ListItem","position":1,"name":"Accueil","item":"https:\/\/telefilm.ca\/fr"},{"@type":"ListItem","position":2,"name":"Calls for Entry","item":"https:\/\/telefilm.ca\/fr\/appel-inscription"},{"@type":"ListItem","position":3,"name":"75e Edinburgh International Film Festival\u00a0"}]},{"@type":"WebSite","@id":"https:\/\/telefilm.ca\/fr#website","url":"https:\/\/telefilm.ca\/fr","name":"T\u00e9l\u00e9film Canada","description":"Partenaire de choix","publisher":{"@id":"https:\/\/telefilm.ca\/fr#organization"},"potentialAction":[{"@type":"SearchAction","target":{"@type":"EntryPoint","urlTemplate":"https:\/\/telefilm.ca\/fr?s={search_term_string}"},"query-input":{"@type":"PropertyValueSpecification","valueRequired":true,"valueName":"search_term_string"}}],"inLanguage":"fr-CA"},{"@type":"Organization","@id":"https:\/\/telefilm.ca\/fr#organization","name":"Telefilm Canada","url":"https:\/\/telefilm.ca\/fr","logo":{"@type":"ImageObject","inLanguage":"fr-CA","@id":"https:\/\/telefilm.ca\/fr#\/schema\/logo\/image\/","url":"https:\/\/telefilm.ca\/wp-content\/uploads\/2026\/05\/cropped-tfc_favicon_512.png","contentUrl":"https:\/\/telefilm.ca\/wp-content\/uploads\/2026\/05\/cropped-tfc_favicon_512.png","width":512,"height":512,"caption":"Telefilm Canada"},"image":{"@id":"https:\/\/telefilm.ca\/fr#\/schema\/logo\/image\/"},"sameAs":["https:\/\/www.facebook.com\/TelefilmCanada\/","https:\/\/x.com\/Telefilm_Canada","https:\/\/www.instagram.com\/telefilm_canada\/","https:\/\/www.linkedin.com\/company\/telefilm-canada\/","https:\/\/www.youtube.com\/user\/telefilmcanada"]}]}},"wpml_current_locale":"fr_CA","wpml_translations":[{"locale":"en_CA","id":77117,"post_title":"75th Edinburgh International Film Festival\u00a0","href":"https:\/\/telefilm.ca\/en\/75th-edinburgh-international-film-festival\/"}],"_links":{"self":[{"href":"https:\/\/telefilm.ca\/fr\/wp-json\/wp\/v2\/appel-inscription\/77118","targetHints":{"allow":["GET"]}}],"collection":[{"href":"https:\/\/telefilm.ca\/fr\/wp-json\/wp\/v2\/appel-inscription"}],"about":[{"href":"https:\/\/telefilm.ca\/fr\/wp-json\/wp\/v2\/types\/appel-inscription"}],"version-history":[{"count":0,"href":"https:\/\/telefilm.ca\/fr\/wp-json\/wp\/v2\/appel-inscription\/77118\/revisions"}],"wp:attachment":[{"href":"https:\/\/telefilm.ca\/fr\/wp-json\/wp\/v2\/media?parent=77118"}],"wp:term":[{"taxonomy":"categorie_appel_inscription","embeddable":true,"href":"https:\/\/telefilm.ca\/fr\/wp-json\/wp\/v2\/categorie_appel_inscription?post=77118"}],"curies":[{"name":"wp","href":"https:\/\/api.w.org\/{rel}","templated":true}]}}