{"id":93076,"date":"2022-04-04T13:53:15","date_gmt":"2022-04-04T13:53:15","guid":{"rendered":"https:\/\/telefilm.ca\/appel-inscription\/26e-tallinn-black-nights-film-festival"},"modified":"2022-08-03T02:04:28","modified_gmt":"2022-08-03T02:04:28","slug":"26e-tallinn-black-nights-film-festival","status":"publish","type":"appel-inscription","link":"https:\/\/telefilm.ca\/fr\/appel-inscription\/26e-tallinn-black-nights-film-festival","title":{"rendered":"26e Tallinn Black Nights Film Festival\u00a0"},"content":{"rendered":"<div class=\"editor-content\"><h4><b><span data-contrast=\"auto\">Appel d\u2019inscriptions <\/span><\/b><\/h4>\n<p class=\"wp-block-paragraph\"><b><span data-contrast=\"auto\">(Longs m\u00e9trages de fiction)<\/span><\/b><span data-ccp-props=\"{&quot;201341983&quot;:0,&quot;335559739&quot;:160,&quot;335559740&quot;:240}\">\u00a0<\/span><\/p>\n<p><span data-contrast=\"auto\">Le <\/span><a href=\"https:\/\/www.poff.ee\/\"><span data-contrast=\"none\">Tallinn Black Nights Film Festival<\/span><\/a><span data-contrast=\"auto\"> accepte pr\u00e9sentement les inscriptions pour son \u00e9dition 2022.<\/span><span data-ccp-props=\"{&quot;201341983&quot;:0,&quot;335559739&quot;:160,&quot;335559740&quot;:240}\">\u00a0<\/span><\/p>\n<p><span data-ccp-props=\"{&quot;201341983&quot;:0,&quot;335559739&quot;:160,&quot;335559740&quot;:240}\">\u00a0<\/span><b><span data-contrast=\"auto\">Veuillez noter que les films doivent \u00eatre soumis directement au festival via <\/span><\/b><a href=\"https:\/\/filmfreeway.com\/blacknightsfilmfestival\"><b><span data-contrast=\"none\">Film FreeWay<\/span><\/b><\/a><b><span data-contrast=\"auto\">.<\/span><\/b><span data-ccp-props=\"{&quot;201341983&quot;:0,&quot;335559739&quot;:160,&quot;335559740&quot;:240}\">\u00a0<\/span><\/p>\n<ul>\n<li><span data-contrast=\"auto\">Comp\u00e9titif : Oui<\/span><\/li>\n<li><span data-contrast=\"auto\">Frais d\u2019inscription : Oui<\/span><span data-ccp-props=\"{&quot;201341983&quot;:0,&quot;335559739&quot;:160,&quot;335559740&quot;:240}\">\u00a0<\/span><\/li>\n<\/ul>\n<h5><b><span data-contrast=\"auto\">Admissibilit\u00e9\u202f<\/span><\/b><\/h5>\n<ul>\n<li data-leveltext=\"\u2022\" data-font=\"Verdana\" data-listid=\"7\" aria-setsize=\"-1\" data-aria-posinset=\"0\" data-aria-level=\"1\"><span data-contrast=\"auto\">Le festival accepte les longs m\u00e9trages de fiction (60 minutes ou plus);<\/span><span data-ccp-props=\"{&quot;201341983&quot;:0,&quot;335559739&quot;:160,&quot;335559740&quot;:240}\">\u00a0<\/span><\/li>\n<li><span data-contrast=\"auto\">La priorit\u00e9 sera accord\u00e9e aux films ayant une premi\u00e8re mondiale ou internationale. La condition minimale de premi\u00e8re est une premi\u00e8re r\u00e9gionale europ\u00e9enne. Les films europ\u00e9ens et les films coproduits pr\u00e9sent\u00e9s dans leur pays d&#8217;origine restent \u00e9ligibles.<\/span><span data-ccp-props=\"{&quot;201341983&quot;:0,&quot;335559739&quot;:160,&quot;335559740&quot;:240}\">\u00a0<\/span><\/li>\n<li><span data-contrast=\"auto\">Le Festival n&#8217;acceptera pas les films en S\u00e9lection Officielle &#8211; Comp\u00e9tition qui ont \u00e9t\u00e9 en comp\u00e9tition dans un autre festival accr\u00e9dit\u00e9 par la FIAPF en tant que Festival du Film de Long M\u00e9trage comp\u00e9titif.<\/span><span data-ccp-props=\"{&quot;201341983&quot;:0,&quot;335559739&quot;:160,&quot;335559740&quot;:240}\">\u00a0<\/span><\/li>\n<li><span data-contrast=\"auto\">Les films doivent avoir \u00e9t\u00e9 r\u00e9alis\u00e9s apr\u00e8s le 15 septembre 2021<\/span><span data-ccp-props=\"{&quot;201341983&quot;:0,&quot;335559739&quot;:160,&quot;335559740&quot;:240}\">\u00a0<\/span><\/li>\n<\/ul>\n<h5><b><span data-contrast=\"auto\">\u00c0 PROPOS<\/span><\/b><span data-ccp-props=\"{&quot;134233117&quot;:true,&quot;134233118&quot;:true,&quot;201341983&quot;:0,&quot;335551550&quot;:6,&quot;335551620&quot;:6,&quot;335559739&quot;:160,&quot;335559740&quot;:259}\">\u00a0<\/span><\/h5>\n<p><span data-contrast=\"auto\">Le Tallinn Black Nights Film Festival (alias P\u00d6FF &#8211; Pimedate \u00d6\u00f6de Filmifestival) a lieu chaque ann\u00e9e \u00e0 la fin novembre \u00e0 Tallinn, en Estonie. Il s&#8217;agit du seul festival du film de long m\u00e9trage en comp\u00e9tition accr\u00e9dit\u00e9 par la FIAPF en Europe du Nord.<\/span><span data-ccp-props=\"{&quot;134233117&quot;:true,&quot;134233118&quot;:true,&quot;201341983&quot;:0,&quot;335551550&quot;:6,&quot;335551620&quot;:6,&quot;335559739&quot;:160,&quot;335559740&quot;:259}\">\u00a0<\/span><\/p>\n<p><span data-contrast=\"auto\">Le Tallinn Black Nights Film Festival comprend quatre sections comp\u00e9titives et des sections non comp\u00e9titives, incluant au total plus de 200 longs m\u00e9trages de fiction et documentaires \u00e0 sa programmation.\u00a0 Cette programmation pr\u00e9sente de nouvelles d\u00e9couvertes et une s\u00e9lection des meilleurs films diffus\u00e9s par d\u2019autres festivals du film, avec des programmes sp\u00e9ciaux pour diff\u00e9rents sous-genres. En raison de la situation actuelle dans le monde, le festival se r\u00e9serve \u00e9galement le droit d&#8217;organiser le festival en ligne.<\/span><span data-ccp-props=\"{&quot;134233117&quot;:true,&quot;134233118&quot;:true,&quot;201341983&quot;:0,&quot;335551550&quot;:6,&quot;335551620&quot;:6,&quot;335559739&quot;:160,&quot;335559740&quot;:259}\">\u00a0<\/span><\/p>\n<p><span data-contrast=\"auto\">Les sections comp\u00e9titives ouvertes aux films canadiens du <\/span><b><span data-contrast=\"auto\">Tallinn Black Nights Film Festival<\/span><\/b><span data-contrast=\"auto\">\u00a0 sont :\u00a0\u00a0<\/span><span data-ccp-props=\"{&quot;134233117&quot;:true,&quot;134233118&quot;:true,&quot;201341983&quot;:0,&quot;335551550&quot;:6,&quot;335551620&quot;:6,&quot;335559739&quot;:160,&quot;335559740&quot;:259}\">\u00a0<\/span><\/p>\n<ul>\n<li data-leveltext=\"\uf0b7\" data-font=\"Symbol\" data-listid=\"3\" aria-setsize=\"-1\" data-aria-posinset=\"1\" data-aria-level=\"1\"><span data-contrast=\"auto\">La<\/span><b><span data-contrast=\"auto\"> comp\u00e9tition officielle<\/span><\/b><span data-contrast=\"auto\"> est une comp\u00e9tition internationale non sp\u00e9cialis\u00e9e pr\u00e9sentant des longs m\u00e9trages (60 minutes et plus) du monde entier ;\u00a0<\/span><span data-ccp-props=\"{&quot;134233117&quot;:true,&quot;134233118&quot;:true,&quot;201341983&quot;:0,&quot;335551550&quot;:6,&quot;335551620&quot;:6,&quot;335559739&quot;:160,&quot;335559740&quot;:259}\">\u00a0<\/span><\/li>\n<li data-leveltext=\"\uf0b7\" data-font=\"Symbol\" data-listid=\"2\" aria-setsize=\"-1\" data-aria-posinset=\"2\" data-aria-level=\"1\"><span data-contrast=\"auto\">La comp\u00e9tition <\/span><b><span data-contrast=\"auto\">First Feature<\/span><\/b><span data-contrast=\"auto\"> est une comp\u00e9tition internationale pour les premiers films. La comp\u00e9tition pr\u00e9sente des premiers longs m\u00e9trages (60 minutes et plus, statut de premier r\u00e9alisateur de long m\u00e9trage) du monde entier ;\u00a0<\/span><span data-ccp-props=\"{&quot;134233117&quot;:true,&quot;134233118&quot;:true,&quot;201341983&quot;:0,&quot;335551550&quot;:6,&quot;335551620&quot;:6,&quot;335559739&quot;:160,&quot;335559740&quot;:259}\">\u00a0<\/span><\/li>\n<li><span data-contrast=\"auto\">Le programme de la comp\u00e9tition <\/span><b><span data-contrast=\"auto\">Rebels with a Cause <\/span><\/b><span data-contrast=\"auto\">met en avant les moyens d&#8217;expression non traditionnels du cin\u00e9ma, ainsi qu&#8217;une narration ou une dramaturgie innovante, une symbiose avec d&#8217;autres formes d&#8217;art et de nouvelles approches des solutions techniques ou esth\u00e9tiques. La comp\u00e9tition comprend \u00e0 la fois une section longs m\u00e9trages et une section courts m\u00e9trages.<\/span><span data-ccp-props=\"{&quot;134233117&quot;:true,&quot;134233118&quot;:true,&quot;201341983&quot;:0,&quot;335551550&quot;:6,&quot;335551620&quot;:6,&quot;335559739&quot;:160,&quot;335559740&quot;:259}\">\u00a0<\/span><\/li>\n<\/ul>\n<p><span data-ccp-props=\"{&quot;134233117&quot;:true,&quot;134233118&quot;:true,&quot;201341983&quot;:0,&quot;335551550&quot;:6,&quot;335551620&quot;:6,&quot;335559739&quot;:160,&quot;335559740&quot;:259}\">\u00a0<\/span><\/p>\n<p><span data-contrast=\"auto\">T<\/span><span data-contrast=\"none\">\u00e9l\u00e9film Canada reconnait la participation \u00e0 ce Festival <\/span><span data-contrast=\"auto\">pour une demande de soutien dans le cadre du <\/span><a href=\"https:\/\/telefilm.ca\/fr\/financement\/mise-en-marche-internationale\"><span data-contrast=\"none\">Programme de promotion internationale<\/span><\/a><span data-contrast=\"auto\">.<\/span><span data-ccp-props=\"{&quot;134233117&quot;:true,&quot;134233118&quot;:true,&quot;201341983&quot;:0,&quot;335551550&quot;:6,&quot;335551620&quot;:6,&quot;335559739&quot;:160,&quot;335559740&quot;:259}\">\u00a0<\/span><\/p>\n<p><span data-ccp-props=\"{&quot;201341983&quot;:0,&quot;335559739&quot;:160,&quot;335559740&quot;:259}\">\u00a0<\/span><\/p>\n<p><b><span data-contrast=\"none\">Promotion et communications<\/span><\/b><br \/>\n<span data-contrast=\"none\">T\u00e9l\u00e9film Canada, Montr\u00e9al<\/span><span data-ccp-props=\"{&quot;201341983&quot;:0,&quot;335559739&quot;:160,&quot;335559740&quot;:240}\">\u00a0<\/span><br \/>\n<a href=\"mailto:..\/2021\/festivals@telefilm.ca\"><span data-contrast=\"none\">festivals@telefilm.ca<\/span><\/a><span data-ccp-props=\"{&quot;201341983&quot;:0,&quot;335559739&quot;:160,&quot;335559740&quot;:240}\">\u00a0<\/span><br \/>\n<span data-contrast=\"auto\">1 800 567-0890<\/span><span data-ccp-props=\"{&quot;201341983&quot;:0,&quot;335559739&quot;:160,&quot;335559740&quot;:240}\">\u00a0<\/span><\/p>\n<\/div>","protected":false},"template":"","categorie_appel_inscription":[14],"class_list":["post-93076","appel-inscription","type-appel-inscription","status-publish","hentry","categorie_appel_inscription-festival-fr"],"acf":{"date_debut":"20221111","date_fin":"20221127","ville":"Tallinn","pays":"Estonie","edition":"","deadlines":[{"description":"Date limite r\u00e9guli\u00e8re","date":"20220701"},{"description":"Date limite prolong\u00e9e","date":"20220817"},{"description":"Date limite finale","date":"20220824"}]},"yoast_head":"<!-- This site is optimized with the Yoast SEO plugin v28.4 - https:\/\/yoast.com\/product\/yoast-seo-wordpress\/ -->\n<title>26e Tallinn Black Nights Film Festival\u00a0 | T\u00e9l\u00e9film Canada<\/title>\n<meta name=\"robots\" content=\"index, follow, max-snippet:-1, max-image-preview:large, max-video-preview:-1\" \/>\n<link rel=\"canonical\" href=\"https:\/\/telefilm.ca\/fr\/appel-inscription\/26e-tallinn-black-nights-film-festival\" \/>\n<meta property=\"og:locale\" content=\"fr_CA\" \/>\n<meta property=\"og:type\" content=\"article\" \/>\n<meta property=\"og:title\" content=\"26e Tallinn Black Nights Film Festival\u00a0 | T\u00e9l\u00e9film Canada\" \/>\n<meta property=\"og:description\" content=\"Appel d\u2019inscriptions (Longs m\u00e9trages de fiction)\u00a0 Le Tallinn Black Nights Film Festival accepte pr\u00e9sentement les inscriptions pour son \u00e9dition 2022.\u00a0 \u00a0Veuillez noter que les films doivent \u00eatre soumis directement au festival via Film FreeWay.\u00a0 Comp\u00e9titif : Oui Frais d\u2019inscription : Oui\u00a0 Admissibilit\u00e9\u202f Le festival accepte les longs m\u00e9trages de fiction (60 minutes ou plus);\u00a0 La [&hellip;]\" \/>\n<meta property=\"og:url\" content=\"https:\/\/telefilm.ca\/fr\/appel-inscription\/26e-tallinn-black-nights-film-festival\" \/>\n<meta property=\"og:site_name\" content=\"T\u00e9l\u00e9film Canada\" \/>\n<meta property=\"article:publisher\" content=\"https:\/\/www.facebook.com\/TelefilmCanada\/\" \/>\n<meta property=\"article:modified_time\" content=\"2022-08-03T02:04:28+00:00\" \/>\n<meta property=\"og:image\" content=\"https:\/\/telefilm.ca\/wp-content\/uploads\/2026\/08\/og-image-t-1200x675-1.png\" \/>\n\t<meta property=\"og:image:width\" content=\"1200\" \/>\n\t<meta property=\"og:image:height\" content=\"675\" \/>\n\t<meta property=\"og:image:type\" content=\"image\/png\" \/>\n<meta name=\"twitter:card\" content=\"summary_large_image\" \/>\n<meta name=\"twitter:site\" content=\"@Telefilm_Canada\" \/>\n<meta name=\"twitter:label1\" content=\"Estimation du temps de lecture\" \/>\n\t<meta name=\"twitter:data1\" content=\"2 minutes\" \/>\n<script type=\"application\/ld+json\" class=\"yoast-schema-graph\">{\"@context\":\"https:\\\/\\\/schema.org\",\"@graph\":[{\"@type\":\"WebPage\",\"@id\":\"https:\\\/\\\/telefilm.ca\\\/fr\\\/appel-inscription\\\/26e-tallinn-black-nights-film-festival\",\"url\":\"https:\\\/\\\/telefilm.ca\\\/fr\\\/appel-inscription\\\/26e-tallinn-black-nights-film-festival\",\"name\":\"26e Tallinn Black Nights Film Festival\u00a0 | T\u00e9l\u00e9film Canada\",\"isPartOf\":{\"@id\":\"https:\\\/\\\/telefilm.ca\\\/fr#website\"},\"datePublished\":\"2022-04-04T13:53:15+00:00\",\"dateModified\":\"2022-08-03T02:04:28+00:00\",\"breadcrumb\":{\"@id\":\"https:\\\/\\\/telefilm.ca\\\/fr\\\/appel-inscription\\\/26e-tallinn-black-nights-film-festival#breadcrumb\"},\"inLanguage\":\"fr-CA\",\"potentialAction\":[{\"@type\":\"ReadAction\",\"target\":[\"https:\\\/\\\/telefilm.ca\\\/fr\\\/appel-inscription\\\/26e-tallinn-black-nights-film-festival\"]}]},{\"@type\":\"BreadcrumbList\",\"@id\":\"https:\\\/\\\/telefilm.ca\\\/fr\\\/appel-inscription\\\/26e-tallinn-black-nights-film-festival#breadcrumb\",\"itemListElement\":[{\"@type\":\"ListItem\",\"position\":1,\"name\":\"Accueil\",\"item\":\"https:\\\/\\\/telefilm.ca\\\/fr\"},{\"@type\":\"ListItem\",\"position\":2,\"name\":\"Calls for Entry\",\"item\":\"https:\\\/\\\/telefilm.ca\\\/fr\\\/appel-inscription\"},{\"@type\":\"ListItem\",\"position\":3,\"name\":\"26e Tallinn Black Nights Film Festival\u00a0\"}]},{\"@type\":\"WebSite\",\"@id\":\"https:\\\/\\\/telefilm.ca\\\/fr#website\",\"url\":\"https:\\\/\\\/telefilm.ca\\\/fr\",\"name\":\"T\u00e9l\u00e9film Canada\",\"description\":\"Partenaire de choix\",\"publisher\":{\"@id\":\"https:\\\/\\\/telefilm.ca\\\/fr#organization\"},\"potentialAction\":[{\"@type\":\"SearchAction\",\"target\":{\"@type\":\"EntryPoint\",\"urlTemplate\":\"https:\\\/\\\/telefilm.ca\\\/fr?s={search_term_string}\"},\"query-input\":{\"@type\":\"PropertyValueSpecification\",\"valueRequired\":true,\"valueName\":\"search_term_string\"}}],\"inLanguage\":\"fr-CA\"},{\"@type\":\"Organization\",\"@id\":\"https:\\\/\\\/telefilm.ca\\\/fr#organization\",\"name\":\"Telefilm Canada\",\"url\":\"https:\\\/\\\/telefilm.ca\\\/fr\",\"logo\":{\"@type\":\"ImageObject\",\"inLanguage\":\"fr-CA\",\"@id\":\"https:\\\/\\\/telefilm.ca\\\/fr#\\\/schema\\\/logo\\\/image\\\/\",\"url\":\"https:\\\/\\\/telefilm.ca\\\/wp-content\\\/uploads\\\/2026\\\/05\\\/cropped-tfc_favicon_512.png\",\"contentUrl\":\"https:\\\/\\\/telefilm.ca\\\/wp-content\\\/uploads\\\/2026\\\/05\\\/cropped-tfc_favicon_512.png\",\"width\":512,\"height\":512,\"caption\":\"Telefilm Canada\"},\"image\":{\"@id\":\"https:\\\/\\\/telefilm.ca\\\/fr#\\\/schema\\\/logo\\\/image\\\/\"},\"sameAs\":[\"https:\\\/\\\/www.facebook.com\\\/TelefilmCanada\\\/\",\"https:\\\/\\\/x.com\\\/Telefilm_Canada\",\"https:\\\/\\\/www.instagram.com\\\/telefilm_canada\\\/\",\"https:\\\/\\\/www.linkedin.com\\\/company\\\/telefilm-canada\\\/\",\"https:\\\/\\\/www.youtube.com\\\/user\\\/telefilmcanada\"]}]}<\/script>\n<!-- \/ Yoast SEO plugin. -->","yoast_head_json":{"title":"26e Tallinn Black Nights Film Festival\u00a0 | T\u00e9l\u00e9film Canada","robots":{"index":"index","follow":"follow","max-snippet":"max-snippet:-1","max-image-preview":"max-image-preview:large","max-video-preview":"max-video-preview:-1"},"canonical":"https:\/\/telefilm.ca\/fr\/appel-inscription\/26e-tallinn-black-nights-film-festival","og_locale":"fr_CA","og_type":"article","og_title":"26e Tallinn Black Nights Film Festival\u00a0 | T\u00e9l\u00e9film Canada","og_description":"Appel d\u2019inscriptions (Longs m\u00e9trages de fiction)\u00a0 Le Tallinn Black Nights Film Festival accepte pr\u00e9sentement les inscriptions pour son \u00e9dition 2022.\u00a0 \u00a0Veuillez noter que les films doivent \u00eatre soumis directement au festival via Film FreeWay.\u00a0 Comp\u00e9titif : Oui Frais d\u2019inscription : Oui\u00a0 Admissibilit\u00e9\u202f Le festival accepte les longs m\u00e9trages de fiction (60 minutes ou plus);\u00a0 La [&hellip;]","og_url":"https:\/\/telefilm.ca\/fr\/appel-inscription\/26e-tallinn-black-nights-film-festival","og_site_name":"T\u00e9l\u00e9film Canada","article_publisher":"https:\/\/www.facebook.com\/TelefilmCanada\/","article_modified_time":"2022-08-03T02:04:28+00:00","og_image":[{"width":1200,"height":675,"url":"https:\/\/telefilm.ca\/wp-content\/uploads\/2026\/08\/og-image-t-1200x675-1.png","type":"image\/png"}],"twitter_card":"summary_large_image","twitter_site":"@Telefilm_Canada","twitter_misc":{"Estimation du temps de lecture":"2 minutes"},"schema":{"@context":"https:\/\/schema.org","@graph":[{"@type":"WebPage","@id":"https:\/\/telefilm.ca\/fr\/appel-inscription\/26e-tallinn-black-nights-film-festival","url":"https:\/\/telefilm.ca\/fr\/appel-inscription\/26e-tallinn-black-nights-film-festival","name":"26e Tallinn Black Nights Film Festival\u00a0 | T\u00e9l\u00e9film Canada","isPartOf":{"@id":"https:\/\/telefilm.ca\/fr#website"},"datePublished":"2022-04-04T13:53:15+00:00","dateModified":"2022-08-03T02:04:28+00:00","breadcrumb":{"@id":"https:\/\/telefilm.ca\/fr\/appel-inscription\/26e-tallinn-black-nights-film-festival#breadcrumb"},"inLanguage":"fr-CA","potentialAction":[{"@type":"ReadAction","target":["https:\/\/telefilm.ca\/fr\/appel-inscription\/26e-tallinn-black-nights-film-festival"]}]},{"@type":"BreadcrumbList","@id":"https:\/\/telefilm.ca\/fr\/appel-inscription\/26e-tallinn-black-nights-film-festival#breadcrumb","itemListElement":[{"@type":"ListItem","position":1,"name":"Accueil","item":"https:\/\/telefilm.ca\/fr"},{"@type":"ListItem","position":2,"name":"Calls for Entry","item":"https:\/\/telefilm.ca\/fr\/appel-inscription"},{"@type":"ListItem","position":3,"name":"26e Tallinn Black Nights Film Festival\u00a0"}]},{"@type":"WebSite","@id":"https:\/\/telefilm.ca\/fr#website","url":"https:\/\/telefilm.ca\/fr","name":"T\u00e9l\u00e9film Canada","description":"Partenaire de choix","publisher":{"@id":"https:\/\/telefilm.ca\/fr#organization"},"potentialAction":[{"@type":"SearchAction","target":{"@type":"EntryPoint","urlTemplate":"https:\/\/telefilm.ca\/fr?s={search_term_string}"},"query-input":{"@type":"PropertyValueSpecification","valueRequired":true,"valueName":"search_term_string"}}],"inLanguage":"fr-CA"},{"@type":"Organization","@id":"https:\/\/telefilm.ca\/fr#organization","name":"Telefilm Canada","url":"https:\/\/telefilm.ca\/fr","logo":{"@type":"ImageObject","inLanguage":"fr-CA","@id":"https:\/\/telefilm.ca\/fr#\/schema\/logo\/image\/","url":"https:\/\/telefilm.ca\/wp-content\/uploads\/2026\/05\/cropped-tfc_favicon_512.png","contentUrl":"https:\/\/telefilm.ca\/wp-content\/uploads\/2026\/05\/cropped-tfc_favicon_512.png","width":512,"height":512,"caption":"Telefilm Canada"},"image":{"@id":"https:\/\/telefilm.ca\/fr#\/schema\/logo\/image\/"},"sameAs":["https:\/\/www.facebook.com\/TelefilmCanada\/","https:\/\/x.com\/Telefilm_Canada","https:\/\/www.instagram.com\/telefilm_canada\/","https:\/\/www.linkedin.com\/company\/telefilm-canada\/","https:\/\/www.youtube.com\/user\/telefilmcanada"]}]}},"wpml_current_locale":"fr_CA","wpml_translations":[{"locale":"en_CA","id":93075,"post_title":"26th Tallinn Black Nights Film Festival (P\u00d6FF)\u00a0","href":"https:\/\/telefilm.ca\/en\/26th-tallinn-black-nights-film-festival-poff\/"}],"_links":{"self":[{"href":"https:\/\/telefilm.ca\/fr\/wp-json\/wp\/v2\/appel-inscription\/93076","targetHints":{"allow":["GET"]}}],"collection":[{"href":"https:\/\/telefilm.ca\/fr\/wp-json\/wp\/v2\/appel-inscription"}],"about":[{"href":"https:\/\/telefilm.ca\/fr\/wp-json\/wp\/v2\/types\/appel-inscription"}],"version-history":[{"count":0,"href":"https:\/\/telefilm.ca\/fr\/wp-json\/wp\/v2\/appel-inscription\/93076\/revisions"}],"wp:attachment":[{"href":"https:\/\/telefilm.ca\/fr\/wp-json\/wp\/v2\/media?parent=93076"}],"wp:term":[{"taxonomy":"categorie_appel_inscription","embeddable":true,"href":"https:\/\/telefilm.ca\/fr\/wp-json\/wp\/v2\/categorie_appel_inscription?post=93076"}],"curies":[{"name":"wp","href":"https:\/\/api.w.org\/{rel}","templated":true}]}}