{"id":93307,"date":"2022-05-05T16:09:26","date_gmt":"2022-05-05T16:09:26","guid":{"rendered":"https:\/\/telefilm.ca\/appel-inscription\/38e-festival-international-du-film-de-varsovie"},"modified":"2022-08-03T02:03:18","modified_gmt":"2022-08-03T02:03:18","slug":"38e-festival-international-du-film-de-varsovie","status":"publish","type":"appel-inscription","link":"https:\/\/telefilm.ca\/fr\/appel-inscription\/38e-festival-international-du-film-de-varsovie","title":{"rendered":"38e Festival international du film de Varsovie\u00a0"},"content":{"rendered":"<div class=\"editor-content\"><h4><span data-ccp-props=\"{&quot;201341983&quot;:0,&quot;335559737&quot;:-360,&quot;335559739&quot;:0,&quot;335559740&quot;:240}\">\u00a0<\/span><b><span data-contrast=\"none\">Appel d\u2019inscriptions<\/span><\/b><span data-ccp-props=\"{&quot;201341983&quot;:0,&quot;335559739&quot;:0,&quot;335559740&quot;:240}\">\u00a0<\/span><\/h4>\n<p class=\"wp-block-paragraph\"><em>(Longs et courts m\u00e9trages, fiction, documentaire et animation)\u00a0<\/em><\/p>\n<p><span data-contrast=\"none\">Le <\/span><a href=\"https:\/\/wff.pl\/en\/\"><span data-contrast=\"none\">Festival international du film de Varsovie<\/span><\/a><span data-contrast=\"auto\"> accepte <\/span><span data-contrast=\"none\">pr\u00e9sentement les inscriptions pour sa prochaine<\/span><a href=\"https:\/\/wff.pl\/en\/\"><span data-contrast=\"none\">https:\/\/wff.pl\/en\/<\/span><\/a><span data-contrast=\"none\"> \u00e9dition.\u00a0<\/span><span data-ccp-props=\"{&quot;134233117&quot;:true,&quot;134233118&quot;:true,&quot;201341983&quot;:0,&quot;335559740&quot;:240}\">\u00a0<\/span><\/p>\n<p><b><span data-contrast=\"none\">Veuillez noter que les films doivent \u00eatre soumis <\/span><\/b><a href=\"https:\/\/filmfreeway.com\/WarsawFilmFestival\"><b><span data-contrast=\"none\">directement au festival via FilmFreeWay.<\/span><\/b><\/a><span data-ccp-props=\"{&quot;201341983&quot;:0,&quot;335559739&quot;:0,&quot;335559740&quot;:240}\">\u00a0<\/span><\/p>\n<ul>\n<li><span data-contrast=\"none\">Comp\u00e9titif\u202f: Oui<\/span><span data-ccp-props=\"{&quot;201341983&quot;:0,&quot;335559739&quot;:0,&quot;335559740&quot;:240}\">\u00a0<\/span><\/li>\n<li><span data-contrast=\"none\">Frais d\u2019inscription\u202f: Oui<\/span><span data-ccp-props=\"{&quot;201341983&quot;:0,&quot;335559739&quot;:0,&quot;335559740&quot;:240}\">\u00a0<\/span><\/li>\n<\/ul>\n<p><span data-ccp-props=\"{&quot;201341983&quot;:0,&quot;335559739&quot;:0,&quot;335559740&quot;:240}\">\u00a0<\/span><\/p>\n<p><span data-ccp-props=\"{&quot;201341983&quot;:0,&quot;335559739&quot;:0,&quot;335559740&quot;:240}\">\u00a0<\/span><b><span data-contrast=\"none\">ADMISSIBILIT\u00c9\u202f: <\/span><\/b><a href=\"https:\/\/wff.pl\/en\/filmmakers\/submitting-a-film-38\"><span data-contrast=\"none\">consultez le site du festival<\/span><\/a><span data-ccp-props=\"{&quot;201341983&quot;:0,&quot;335559739&quot;:0,&quot;335559740&quot;:240}\">\u00a0<\/span><\/p>\n<p>&nbsp;<\/p>\n<h5><b><span data-contrast=\"auto\">\u00c0 propos<\/span><\/b><span data-ccp-props=\"{&quot;201341983&quot;:0,&quot;335559739&quot;:0,&quot;335559740&quot;:240}\">\u00a0<\/span><\/h5>\n<p><span data-contrast=\"auto\">Cr\u00e9\u00e9 en 1985, le Festival du film de Varsovie est bien \u00e9tabli et reconnu sur le circuit des festivals. On y pr\u00e9sente des films de statut mondial, international ou europ\u00e9en dans plusieurs sections de COMP\u00c9TITION INTERNATIONALE pour les longs m\u00e9trages narratifs, les documentaires et les courts m\u00e9trages. Le festival d\u00e9cerne plusieurs r\u00e9compenses (Prix du public, Prix \u0153cum\u00e9nique, FIPRESCI, etc.), de m\u00eame que des prix en argent.\u00a0<\/span><span data-ccp-props=\"{&quot;201341983&quot;:0,&quot;335559737&quot;:-360,&quot;335559739&quot;:0,&quot;335559740&quot;:240}\">\u00a0<\/span><\/p>\n<p><span data-contrast=\"auto\">Le festival organise aussi la COMP\u00c9TITION 1-2 r\u00e9serv\u00e9e aux premiers et seconds longs m\u00e9trages, et met de l\u2019avant des films de fiction et des documentaires ind\u00e9pendants, novateurs et \u00ab rebelles \u00bb dans le cadre de sa COMP\u00c9TITION ESPRIT LIBRE. Il y a aussi un volet non comp\u00e9titif qui comprend la section D\u00c9COUVERTES pour des films narratifs et des documentaires qui traitent de sujets contemporains ayant \u00e9t\u00e9 pr\u00e9sent\u00e9s dans d\u2019autres festivals, ainsi que la section CIN\u00c9MA FAMILIAL.\u00a0<\/span><span data-ccp-props=\"{&quot;201341983&quot;:0,&quot;335559737&quot;:-360,&quot;335559739&quot;:0,&quot;335559740&quot;:240}\">\u00a0<\/span><\/p>\n<p><span data-contrast=\"auto\">L\u2019an dernier, le long m\u00e9trage canadien \u00e0 micro-budget LE BRUIT DES MOTEURS a \u00e9t\u00e9 pr\u00e9sent\u00e9 dans la COMP\u00c9TITION ESPRIT LIBRE, et le documentaire canadien A.RTIFICIAL I.MMORTALITY dans la section D\u00c9COUVERTES.<\/span><span data-ccp-props=\"{&quot;201341983&quot;:0,&quot;335559737&quot;:-360,&quot;335559739&quot;:0,&quot;335559740&quot;:240}\">\u00a0<\/span><\/p>\n<p><span data-contrast=\"auto\">T\u00e9l\u00e9film Canada reconna\u00eet la s\u00e9lection d\u2019un long m\u00e9trage dans ce festival pour une demande de soutien dans le cadre du <\/span><a href=\"https:\/\/telefilm.ca\/fr\/financement\/mise-en-marche-internationale\"><span data-contrast=\"none\">Programme de promotion internationale.<\/span><\/a><span data-contrast=\"auto\">\u00a0<\/span><span data-ccp-props=\"{&quot;201341983&quot;:0,&quot;335559739&quot;:200,&quot;335559740&quot;:276}\">\u00a0<\/span><\/p>\n<p><span data-ccp-props=\"{&quot;201341983&quot;:0,&quot;335559739&quot;:0,&quot;335559740&quot;:240}\">\u00a0<\/span><\/p>\n<p><b><span data-contrast=\"none\">Promotion internationale<\/span><\/b><br \/>\n<span data-contrast=\"none\">T\u00e9l\u00e9film Canada, Montr\u00e9al<\/span><br \/>\n<a href=\"mailto:festivals@telefilm.ca\"><span data-contrast=\"none\">festivals@telefilm.ca<\/span><br \/>\n<\/a><span data-contrast=\"none\">1 800 567-0890<\/span><span data-ccp-props=\"{&quot;201341983&quot;:0,&quot;335559739&quot;:0,&quot;335559740&quot;:240}\">\u00a0<\/span><\/p>\n<p><span data-ccp-props=\"{&quot;201341983&quot;:0,&quot;335559739&quot;:0,&quot;335559740&quot;:240}\">\u00a0<\/span><\/p>\n<\/div>","protected":false},"template":"","categorie_appel_inscription":[14],"class_list":["post-93307","appel-inscription","type-appel-inscription","status-publish","hentry","categorie_appel_inscription-festival-fr"],"acf":{"date_debut":"20221014","date_fin":"20221023","ville":"Varsovie","pays":"Pologne","edition":"","deadlines":[{"description":"Date limite r\u00e9guli\u00e8re","date":"20220715"},{"description":"Date limite finale","date":"20220730"}]},"yoast_head":"<!-- This site is optimized with the Yoast SEO plugin v28.4 - https:\/\/yoast.com\/product\/yoast-seo-wordpress\/ -->\n<title>38e Festival international du film de Varsovie\u00a0 | T\u00e9l\u00e9film Canada<\/title>\n<meta name=\"robots\" content=\"index, follow, max-snippet:-1, max-image-preview:large, max-video-preview:-1\" \/>\n<link rel=\"canonical\" href=\"https:\/\/telefilm.ca\/fr\/appel-inscription\/38e-festival-international-du-film-de-varsovie\" \/>\n<meta property=\"og:locale\" content=\"fr_CA\" \/>\n<meta property=\"og:type\" content=\"article\" \/>\n<meta property=\"og:title\" content=\"38e Festival international du film de Varsovie\u00a0 | T\u00e9l\u00e9film Canada\" \/>\n<meta property=\"og:description\" content=\"\u00a0Appel d\u2019inscriptions\u00a0 (Longs et courts m\u00e9trages, fiction, documentaire et animation)\u00a0 Le Festival international du film de Varsovie accepte pr\u00e9sentement les inscriptions pour sa prochainehttps:\/\/wff.pl\/en\/ \u00e9dition.\u00a0\u00a0 Veuillez noter que les films doivent \u00eatre soumis directement au festival via FilmFreeWay.\u00a0 Comp\u00e9titif\u202f: Oui\u00a0 Frais d\u2019inscription\u202f: Oui\u00a0 \u00a0 \u00a0ADMISSIBILIT\u00c9\u202f: consultez le site du festival\u00a0 &nbsp; \u00c0 propos\u00a0 Cr\u00e9\u00e9 en [&hellip;]\" \/>\n<meta property=\"og:url\" content=\"https:\/\/telefilm.ca\/fr\/appel-inscription\/38e-festival-international-du-film-de-varsovie\" \/>\n<meta property=\"og:site_name\" content=\"T\u00e9l\u00e9film Canada\" \/>\n<meta property=\"article:publisher\" content=\"https:\/\/www.facebook.com\/TelefilmCanada\/\" \/>\n<meta property=\"article:modified_time\" content=\"2022-08-03T02:03:18+00:00\" \/>\n<meta property=\"og:image\" content=\"https:\/\/telefilm.ca\/wp-content\/uploads\/2026\/08\/og-image-t-1200x675-1.png\" \/>\n\t<meta property=\"og:image:width\" content=\"1200\" \/>\n\t<meta property=\"og:image:height\" content=\"675\" \/>\n\t<meta property=\"og:image:type\" content=\"image\/png\" \/>\n<meta name=\"twitter:card\" content=\"summary_large_image\" \/>\n<meta name=\"twitter:site\" content=\"@Telefilm_Canada\" \/>\n<meta name=\"twitter:label1\" content=\"Estimation du temps de lecture\" \/>\n\t<meta name=\"twitter:data1\" content=\"1 minute\" \/>\n<script type=\"application\/ld+json\" class=\"yoast-schema-graph\">{\"@context\":\"https:\\\/\\\/schema.org\",\"@graph\":[{\"@type\":\"WebPage\",\"@id\":\"https:\\\/\\\/telefilm.ca\\\/fr\\\/appel-inscription\\\/38e-festival-international-du-film-de-varsovie\",\"url\":\"https:\\\/\\\/telefilm.ca\\\/fr\\\/appel-inscription\\\/38e-festival-international-du-film-de-varsovie\",\"name\":\"38e Festival international du film de Varsovie\u00a0 | T\u00e9l\u00e9film Canada\",\"isPartOf\":{\"@id\":\"https:\\\/\\\/telefilm.ca\\\/fr#website\"},\"datePublished\":\"2022-05-05T16:09:26+00:00\",\"dateModified\":\"2022-08-03T02:03:18+00:00\",\"breadcrumb\":{\"@id\":\"https:\\\/\\\/telefilm.ca\\\/fr\\\/appel-inscription\\\/38e-festival-international-du-film-de-varsovie#breadcrumb\"},\"inLanguage\":\"fr-CA\",\"potentialAction\":[{\"@type\":\"ReadAction\",\"target\":[\"https:\\\/\\\/telefilm.ca\\\/fr\\\/appel-inscription\\\/38e-festival-international-du-film-de-varsovie\"]}]},{\"@type\":\"BreadcrumbList\",\"@id\":\"https:\\\/\\\/telefilm.ca\\\/fr\\\/appel-inscription\\\/38e-festival-international-du-film-de-varsovie#breadcrumb\",\"itemListElement\":[{\"@type\":\"ListItem\",\"position\":1,\"name\":\"Accueil\",\"item\":\"https:\\\/\\\/telefilm.ca\\\/fr\"},{\"@type\":\"ListItem\",\"position\":2,\"name\":\"Calls for Entry\",\"item\":\"https:\\\/\\\/telefilm.ca\\\/fr\\\/appel-inscription\"},{\"@type\":\"ListItem\",\"position\":3,\"name\":\"38e Festival international du film de Varsovie\u00a0\"}]},{\"@type\":\"WebSite\",\"@id\":\"https:\\\/\\\/telefilm.ca\\\/fr#website\",\"url\":\"https:\\\/\\\/telefilm.ca\\\/fr\",\"name\":\"T\u00e9l\u00e9film Canada\",\"description\":\"Partenaire de choix\",\"publisher\":{\"@id\":\"https:\\\/\\\/telefilm.ca\\\/fr#organization\"},\"potentialAction\":[{\"@type\":\"SearchAction\",\"target\":{\"@type\":\"EntryPoint\",\"urlTemplate\":\"https:\\\/\\\/telefilm.ca\\\/fr?s={search_term_string}\"},\"query-input\":{\"@type\":\"PropertyValueSpecification\",\"valueRequired\":true,\"valueName\":\"search_term_string\"}}],\"inLanguage\":\"fr-CA\"},{\"@type\":\"Organization\",\"@id\":\"https:\\\/\\\/telefilm.ca\\\/fr#organization\",\"name\":\"Telefilm Canada\",\"url\":\"https:\\\/\\\/telefilm.ca\\\/fr\",\"logo\":{\"@type\":\"ImageObject\",\"inLanguage\":\"fr-CA\",\"@id\":\"https:\\\/\\\/telefilm.ca\\\/fr#\\\/schema\\\/logo\\\/image\\\/\",\"url\":\"https:\\\/\\\/telefilm.ca\\\/wp-content\\\/uploads\\\/2026\\\/05\\\/cropped-tfc_favicon_512.png\",\"contentUrl\":\"https:\\\/\\\/telefilm.ca\\\/wp-content\\\/uploads\\\/2026\\\/05\\\/cropped-tfc_favicon_512.png\",\"width\":512,\"height\":512,\"caption\":\"Telefilm Canada\"},\"image\":{\"@id\":\"https:\\\/\\\/telefilm.ca\\\/fr#\\\/schema\\\/logo\\\/image\\\/\"},\"sameAs\":[\"https:\\\/\\\/www.facebook.com\\\/TelefilmCanada\\\/\",\"https:\\\/\\\/x.com\\\/Telefilm_Canada\",\"https:\\\/\\\/www.instagram.com\\\/telefilm_canada\\\/\",\"https:\\\/\\\/www.linkedin.com\\\/company\\\/telefilm-canada\\\/\",\"https:\\\/\\\/www.youtube.com\\\/user\\\/telefilmcanada\"]}]}<\/script>\n<!-- \/ Yoast SEO plugin. -->","yoast_head_json":{"title":"38e Festival international du film de Varsovie\u00a0 | T\u00e9l\u00e9film Canada","robots":{"index":"index","follow":"follow","max-snippet":"max-snippet:-1","max-image-preview":"max-image-preview:large","max-video-preview":"max-video-preview:-1"},"canonical":"https:\/\/telefilm.ca\/fr\/appel-inscription\/38e-festival-international-du-film-de-varsovie","og_locale":"fr_CA","og_type":"article","og_title":"38e Festival international du film de Varsovie\u00a0 | T\u00e9l\u00e9film Canada","og_description":"\u00a0Appel d\u2019inscriptions\u00a0 (Longs et courts m\u00e9trages, fiction, documentaire et animation)\u00a0 Le Festival international du film de Varsovie accepte pr\u00e9sentement les inscriptions pour sa prochainehttps:\/\/wff.pl\/en\/ \u00e9dition.\u00a0\u00a0 Veuillez noter que les films doivent \u00eatre soumis directement au festival via FilmFreeWay.\u00a0 Comp\u00e9titif\u202f: Oui\u00a0 Frais d\u2019inscription\u202f: Oui\u00a0 \u00a0 \u00a0ADMISSIBILIT\u00c9\u202f: consultez le site du festival\u00a0 &nbsp; \u00c0 propos\u00a0 Cr\u00e9\u00e9 en [&hellip;]","og_url":"https:\/\/telefilm.ca\/fr\/appel-inscription\/38e-festival-international-du-film-de-varsovie","og_site_name":"T\u00e9l\u00e9film Canada","article_publisher":"https:\/\/www.facebook.com\/TelefilmCanada\/","article_modified_time":"2022-08-03T02:03:18+00:00","og_image":[{"width":1200,"height":675,"url":"https:\/\/telefilm.ca\/wp-content\/uploads\/2026\/08\/og-image-t-1200x675-1.png","type":"image\/png"}],"twitter_card":"summary_large_image","twitter_site":"@Telefilm_Canada","twitter_misc":{"Estimation du temps de lecture":"1 minute"},"schema":{"@context":"https:\/\/schema.org","@graph":[{"@type":"WebPage","@id":"https:\/\/telefilm.ca\/fr\/appel-inscription\/38e-festival-international-du-film-de-varsovie","url":"https:\/\/telefilm.ca\/fr\/appel-inscription\/38e-festival-international-du-film-de-varsovie","name":"38e Festival international du film de Varsovie\u00a0 | T\u00e9l\u00e9film Canada","isPartOf":{"@id":"https:\/\/telefilm.ca\/fr#website"},"datePublished":"2022-05-05T16:09:26+00:00","dateModified":"2022-08-03T02:03:18+00:00","breadcrumb":{"@id":"https:\/\/telefilm.ca\/fr\/appel-inscription\/38e-festival-international-du-film-de-varsovie#breadcrumb"},"inLanguage":"fr-CA","potentialAction":[{"@type":"ReadAction","target":["https:\/\/telefilm.ca\/fr\/appel-inscription\/38e-festival-international-du-film-de-varsovie"]}]},{"@type":"BreadcrumbList","@id":"https:\/\/telefilm.ca\/fr\/appel-inscription\/38e-festival-international-du-film-de-varsovie#breadcrumb","itemListElement":[{"@type":"ListItem","position":1,"name":"Accueil","item":"https:\/\/telefilm.ca\/fr"},{"@type":"ListItem","position":2,"name":"Calls for Entry","item":"https:\/\/telefilm.ca\/fr\/appel-inscription"},{"@type":"ListItem","position":3,"name":"38e Festival international du film de Varsovie\u00a0"}]},{"@type":"WebSite","@id":"https:\/\/telefilm.ca\/fr#website","url":"https:\/\/telefilm.ca\/fr","name":"T\u00e9l\u00e9film Canada","description":"Partenaire de choix","publisher":{"@id":"https:\/\/telefilm.ca\/fr#organization"},"potentialAction":[{"@type":"SearchAction","target":{"@type":"EntryPoint","urlTemplate":"https:\/\/telefilm.ca\/fr?s={search_term_string}"},"query-input":{"@type":"PropertyValueSpecification","valueRequired":true,"valueName":"search_term_string"}}],"inLanguage":"fr-CA"},{"@type":"Organization","@id":"https:\/\/telefilm.ca\/fr#organization","name":"Telefilm Canada","url":"https:\/\/telefilm.ca\/fr","logo":{"@type":"ImageObject","inLanguage":"fr-CA","@id":"https:\/\/telefilm.ca\/fr#\/schema\/logo\/image\/","url":"https:\/\/telefilm.ca\/wp-content\/uploads\/2026\/05\/cropped-tfc_favicon_512.png","contentUrl":"https:\/\/telefilm.ca\/wp-content\/uploads\/2026\/05\/cropped-tfc_favicon_512.png","width":512,"height":512,"caption":"Telefilm Canada"},"image":{"@id":"https:\/\/telefilm.ca\/fr#\/schema\/logo\/image\/"},"sameAs":["https:\/\/www.facebook.com\/TelefilmCanada\/","https:\/\/x.com\/Telefilm_Canada","https:\/\/www.instagram.com\/telefilm_canada\/","https:\/\/www.linkedin.com\/company\/telefilm-canada\/","https:\/\/www.youtube.com\/user\/telefilmcanada"]}]}},"wpml_current_locale":"fr_CA","wpml_translations":[{"locale":"en_CA","id":93306,"post_title":"38th Warsaw International Film Festival\u00a0","href":"https:\/\/telefilm.ca\/en\/38th-warsaw-international-film-festival\/"}],"_links":{"self":[{"href":"https:\/\/telefilm.ca\/fr\/wp-json\/wp\/v2\/appel-inscription\/93307","targetHints":{"allow":["GET"]}}],"collection":[{"href":"https:\/\/telefilm.ca\/fr\/wp-json\/wp\/v2\/appel-inscription"}],"about":[{"href":"https:\/\/telefilm.ca\/fr\/wp-json\/wp\/v2\/types\/appel-inscription"}],"version-history":[{"count":0,"href":"https:\/\/telefilm.ca\/fr\/wp-json\/wp\/v2\/appel-inscription\/93307\/revisions"}],"wp:attachment":[{"href":"https:\/\/telefilm.ca\/fr\/wp-json\/wp\/v2\/media?parent=93307"}],"wp:term":[{"taxonomy":"categorie_appel_inscription","embeddable":true,"href":"https:\/\/telefilm.ca\/fr\/wp-json\/wp\/v2\/categorie_appel_inscription?post=93307"}],"curies":[{"name":"wp","href":"https:\/\/api.w.org\/{rel}","templated":true}]}}