{"id":93974,"date":"2022-06-02T10:34:49","date_gmt":"2022-06-02T10:34:49","guid":{"rendered":"https:\/\/telefilm.ca\/appel-inscription\/63e-festival-international-du-film-de-thessalonique"},"modified":"2022-08-03T02:02:42","modified_gmt":"2022-08-03T02:02:42","slug":"63e-festival-international-du-film-de-thessalonique","status":"publish","type":"appel-inscription","link":"https:\/\/telefilm.ca\/fr\/appel-inscription\/63e-festival-international-du-film-de-thessalonique","title":{"rendered":"63e Festival international du film de Thessalonique"},"content":{"rendered":"<div class=\"editor-content\"><h4><strong>Appel d\u2019inscriptions<\/strong><\/h4>\n<p class=\"wp-block-paragraph\"><em>(Longs m\u00e9trages fiction, \u0153uvres de RV)<\/em><\/p>\n<p><strong>\u00a0<\/strong><\/p>\n<p>Le <a href=\"https:\/\/www.filmfestival.gr\/en\/festivals-en\/tiff-en\">Festival international du film de Thessalonique<\/a> accepte pr\u00e9sentement les inscriptions pour sa prochaine \u00e9dition.<\/p>\n<p><strong>Veuillez noter que tous les films doivent \u00eatre soumis directement au festival.<\/strong><\/p>\n<p>&nbsp;<\/p>\n<ul>\n<li>Comp\u00e9titif\u00a0: Oui<\/li>\n<li>Frais d\u2019inscription pour les films\u00a0: Oui (25 euros); aucun pour les \u0153uvres RV.<\/li>\n<\/ul>\n<p>&nbsp;<\/p>\n<h5><strong>Crit\u00e8res d\u2019admissibilit\u00e9\u00a0<\/strong><\/h5>\n<p>Consultez le <a href=\"https:\/\/www.filmfestival.gr\/en\/festivals-en\/tiff-en\">site du festival<\/a><\/p>\n<p>&nbsp;<\/p>\n<p>Accr\u00e9dit\u00e9 par la FIAPF, le <strong>Festival international du film de Thessalonique<\/strong> est le principal festival du film en Europe du Sud-Est. Le festival pr\u00e9sente plusieurs sections comp\u00e9titives et remet plusieurs prix accompagn\u00e9s d\u2019une somme d\u2019argent, le prix FIPRESCI (jury de presse internationale) et le prix <em>Mermaid<\/em> assign\u00e9 au meilleur film de la programmation pr\u00e9sentant un th\u00e8me LGBTQI+.<\/p>\n<p>Les sections comp\u00e9titives incluent la comp\u00e9tition officielle, <em>Fast Forward,<\/em> r\u00e9serv\u00e9e aux longs m\u00e9trages de cin\u00e9astes \u00e9mergents, et une d\u00e9di\u00e9e aux \u0153uvres de r\u00e9alit\u00e9 virtuelle.<strong>\u00a0 <\/strong>Certaines sections sont non-comp\u00e9titives, notamment, \u00ab\u00a0Round Midnight\u00a0\u00bb pour les films de genre. Le festival joue un r\u00f4le important en Europe pour les cin\u00e9astes \u00e9mergents et pr\u00e9sente des films \u00e0 la facture innovante.<\/p>\n<p>En 2021, deux films canadiens ont \u00e9t\u00e9 s\u00e9lectionn\u00e9s, THE WHITE FORTRESS et MEMORY BOX.<\/p>\n<p>&nbsp;<\/p>\n<p>T\u00e9l\u00e9film Canada reconna\u00eet la participation d\u2019un long m\u00e9trage au Festival international du film de Thessalonique pour une demande de soutien dans le cadre du <a href=\"https:\/\/telefilm.ca\/fr\/financement\/mise-en-marche-internationale\">Programme de promotion internationale<\/a>.<\/p>\n<p>&nbsp;<\/p>\n<p><strong><span class=\"TextRun Highlight SCXW227404830 BCX8\" lang=\"FR-CA\" xml:lang=\"FR-CA\" data-contrast=\"none\"><span class=\"NormalTextRun SCXW227404830 BCX8\" data-ccp-charstyle=\"Strong\">Promotion internationale<\/span><\/span><\/strong><span class=\"LineBreakBlob BlobObject DragDrop SCXW227404830 BCX8\"><span class=\"SCXW227404830 BCX8\">\u00a0<\/span><br class=\"SCXW227404830 BCX8\" \/><\/span><span class=\"TextRun Highlight SCXW227404830 BCX8\" lang=\"FR-CA\" xml:lang=\"FR-CA\" data-contrast=\"none\"><span class=\"NormalTextRun SCXW227404830 BCX8\">T\u00e9l\u00e9film Canada, Montr\u00e9al<\/span><\/span><span class=\"LineBreakBlob BlobObject DragDrop SCXW227404830 BCX8\"><span class=\"SCXW227404830 BCX8\">\u00a0<\/span><br class=\"SCXW227404830 BCX8\" \/><\/span><a class=\"Hyperlink SCXW227404830 BCX8\" href=\"mailto:festivals@telefilm.ca\" target=\"_blank\" rel=\"noreferrer noopener\"><span class=\"TextRun Highlight Underlined SCXW227404830 BCX8\" lang=\"FR-CA\" xml:lang=\"FR-CA\" data-contrast=\"none\"><span class=\"NormalTextRun SCXW227404830 BCX8\" data-ccp-charstyle=\"Hyperlink\">festivals@telefilm.ca<\/span><\/span><span class=\"LineBreakBlob BlobObject DragDrop SCXW227404830 BCX8\"><span class=\"SCXW227404830 BCX8\">\u00a0<\/span><br class=\"SCXW227404830 BCX8\" \/><\/span><\/a><span class=\"TextRun Highlight SCXW227404830 BCX8\" lang=\"FR-CA\" xml:lang=\"FR-CA\" data-contrast=\"none\"><span class=\"NormalTextRun SCXW227404830 BCX8\">1 800 567-0890<\/span><\/span><span class=\"EOP SCXW227404830 BCX8\" data-ccp-props=\"{&quot;201341983&quot;:0,&quot;335559739&quot;:0,&quot;335559740&quot;:240}\">\u00a0<\/span><\/p>\n<\/div>","protected":false},"template":"","categorie_appel_inscription":[14],"class_list":["post-93974","appel-inscription","type-appel-inscription","status-publish","hentry","categorie_appel_inscription-festival-fr"],"acf":{"date_debut":"20221103","date_fin":"20221113","ville":"Thessalonique","pays":"Gr\u00e8ce","edition":"","deadlines":[{"description":"Date limite pour s\u2019inscrire","date":"20220727"}]},"yoast_head":"<!-- This site is optimized with the Yoast SEO plugin v28.4 - https:\/\/yoast.com\/product\/yoast-seo-wordpress\/ -->\n<title>63e Festival international du film de Thessalonique | T\u00e9l\u00e9film Canada<\/title>\n<meta name=\"robots\" content=\"index, follow, max-snippet:-1, max-image-preview:large, max-video-preview:-1\" \/>\n<link rel=\"canonical\" href=\"https:\/\/telefilm.ca\/fr\/appel-inscription\/63e-festival-international-du-film-de-thessalonique\" \/>\n<meta property=\"og:locale\" content=\"fr_CA\" \/>\n<meta property=\"og:type\" content=\"article\" \/>\n<meta property=\"og:title\" content=\"63e Festival international du film de Thessalonique | T\u00e9l\u00e9film Canada\" \/>\n<meta property=\"og:description\" content=\"Appel d\u2019inscriptions (Longs m\u00e9trages fiction, \u0153uvres de RV) \u00a0 Le Festival international du film de Thessalonique accepte pr\u00e9sentement les inscriptions pour sa prochaine \u00e9dition. Veuillez noter que tous les films doivent \u00eatre soumis directement au festival. &nbsp; Comp\u00e9titif\u00a0: Oui Frais d\u2019inscription pour les films\u00a0: Oui (25 euros); aucun pour les \u0153uvres RV. &nbsp; Crit\u00e8res d\u2019admissibilit\u00e9\u00a0 [&hellip;]\" \/>\n<meta property=\"og:url\" content=\"https:\/\/telefilm.ca\/fr\/appel-inscription\/63e-festival-international-du-film-de-thessalonique\" \/>\n<meta property=\"og:site_name\" content=\"T\u00e9l\u00e9film Canada\" \/>\n<meta property=\"article:publisher\" content=\"https:\/\/www.facebook.com\/TelefilmCanada\/\" \/>\n<meta property=\"article:modified_time\" content=\"2022-08-03T02:02:42+00:00\" \/>\n<meta property=\"og:image\" content=\"https:\/\/telefilm.ca\/wp-content\/uploads\/2026\/08\/og-image-t-1200x675-1.png\" \/>\n\t<meta property=\"og:image:width\" content=\"1200\" \/>\n\t<meta property=\"og:image:height\" content=\"675\" \/>\n\t<meta property=\"og:image:type\" content=\"image\/png\" \/>\n<meta name=\"twitter:card\" content=\"summary_large_image\" \/>\n<meta name=\"twitter:site\" content=\"@Telefilm_Canada\" \/>\n<meta name=\"twitter:label1\" content=\"Estimation du temps de lecture\" \/>\n\t<meta name=\"twitter:data1\" content=\"1 minute\" \/>\n<script type=\"application\/ld+json\" class=\"yoast-schema-graph\">{\"@context\":\"https:\\\/\\\/schema.org\",\"@graph\":[{\"@type\":\"WebPage\",\"@id\":\"https:\\\/\\\/telefilm.ca\\\/fr\\\/appel-inscription\\\/63e-festival-international-du-film-de-thessalonique\",\"url\":\"https:\\\/\\\/telefilm.ca\\\/fr\\\/appel-inscription\\\/63e-festival-international-du-film-de-thessalonique\",\"name\":\"63e Festival international du film de Thessalonique | T\u00e9l\u00e9film Canada\",\"isPartOf\":{\"@id\":\"https:\\\/\\\/telefilm.ca\\\/fr#website\"},\"datePublished\":\"2022-06-02T10:34:49+00:00\",\"dateModified\":\"2022-08-03T02:02:42+00:00\",\"breadcrumb\":{\"@id\":\"https:\\\/\\\/telefilm.ca\\\/fr\\\/appel-inscription\\\/63e-festival-international-du-film-de-thessalonique#breadcrumb\"},\"inLanguage\":\"fr-CA\",\"potentialAction\":[{\"@type\":\"ReadAction\",\"target\":[\"https:\\\/\\\/telefilm.ca\\\/fr\\\/appel-inscription\\\/63e-festival-international-du-film-de-thessalonique\"]}]},{\"@type\":\"BreadcrumbList\",\"@id\":\"https:\\\/\\\/telefilm.ca\\\/fr\\\/appel-inscription\\\/63e-festival-international-du-film-de-thessalonique#breadcrumb\",\"itemListElement\":[{\"@type\":\"ListItem\",\"position\":1,\"name\":\"Accueil\",\"item\":\"https:\\\/\\\/telefilm.ca\\\/fr\"},{\"@type\":\"ListItem\",\"position\":2,\"name\":\"Calls for Entry\",\"item\":\"https:\\\/\\\/telefilm.ca\\\/fr\\\/appel-inscription\"},{\"@type\":\"ListItem\",\"position\":3,\"name\":\"63e Festival international du film de Thessalonique\"}]},{\"@type\":\"WebSite\",\"@id\":\"https:\\\/\\\/telefilm.ca\\\/fr#website\",\"url\":\"https:\\\/\\\/telefilm.ca\\\/fr\",\"name\":\"T\u00e9l\u00e9film Canada\",\"description\":\"Partenaire de choix\",\"publisher\":{\"@id\":\"https:\\\/\\\/telefilm.ca\\\/fr#organization\"},\"potentialAction\":[{\"@type\":\"SearchAction\",\"target\":{\"@type\":\"EntryPoint\",\"urlTemplate\":\"https:\\\/\\\/telefilm.ca\\\/fr?s={search_term_string}\"},\"query-input\":{\"@type\":\"PropertyValueSpecification\",\"valueRequired\":true,\"valueName\":\"search_term_string\"}}],\"inLanguage\":\"fr-CA\"},{\"@type\":\"Organization\",\"@id\":\"https:\\\/\\\/telefilm.ca\\\/fr#organization\",\"name\":\"Telefilm Canada\",\"url\":\"https:\\\/\\\/telefilm.ca\\\/fr\",\"logo\":{\"@type\":\"ImageObject\",\"inLanguage\":\"fr-CA\",\"@id\":\"https:\\\/\\\/telefilm.ca\\\/fr#\\\/schema\\\/logo\\\/image\\\/\",\"url\":\"https:\\\/\\\/telefilm.ca\\\/wp-content\\\/uploads\\\/2026\\\/05\\\/cropped-tfc_favicon_512.png\",\"contentUrl\":\"https:\\\/\\\/telefilm.ca\\\/wp-content\\\/uploads\\\/2026\\\/05\\\/cropped-tfc_favicon_512.png\",\"width\":512,\"height\":512,\"caption\":\"Telefilm Canada\"},\"image\":{\"@id\":\"https:\\\/\\\/telefilm.ca\\\/fr#\\\/schema\\\/logo\\\/image\\\/\"},\"sameAs\":[\"https:\\\/\\\/www.facebook.com\\\/TelefilmCanada\\\/\",\"https:\\\/\\\/x.com\\\/Telefilm_Canada\",\"https:\\\/\\\/www.instagram.com\\\/telefilm_canada\\\/\",\"https:\\\/\\\/www.linkedin.com\\\/company\\\/telefilm-canada\\\/\",\"https:\\\/\\\/www.youtube.com\\\/user\\\/telefilmcanada\"]}]}<\/script>\n<!-- \/ Yoast SEO plugin. -->","yoast_head_json":{"title":"63e Festival international du film de Thessalonique | T\u00e9l\u00e9film Canada","robots":{"index":"index","follow":"follow","max-snippet":"max-snippet:-1","max-image-preview":"max-image-preview:large","max-video-preview":"max-video-preview:-1"},"canonical":"https:\/\/telefilm.ca\/fr\/appel-inscription\/63e-festival-international-du-film-de-thessalonique","og_locale":"fr_CA","og_type":"article","og_title":"63e Festival international du film de Thessalonique | T\u00e9l\u00e9film Canada","og_description":"Appel d\u2019inscriptions (Longs m\u00e9trages fiction, \u0153uvres de RV) \u00a0 Le Festival international du film de Thessalonique accepte pr\u00e9sentement les inscriptions pour sa prochaine \u00e9dition. Veuillez noter que tous les films doivent \u00eatre soumis directement au festival. &nbsp; Comp\u00e9titif\u00a0: Oui Frais d\u2019inscription pour les films\u00a0: Oui (25 euros); aucun pour les \u0153uvres RV. &nbsp; Crit\u00e8res d\u2019admissibilit\u00e9\u00a0 [&hellip;]","og_url":"https:\/\/telefilm.ca\/fr\/appel-inscription\/63e-festival-international-du-film-de-thessalonique","og_site_name":"T\u00e9l\u00e9film Canada","article_publisher":"https:\/\/www.facebook.com\/TelefilmCanada\/","article_modified_time":"2022-08-03T02:02:42+00:00","og_image":[{"width":1200,"height":675,"url":"https:\/\/telefilm.ca\/wp-content\/uploads\/2026\/08\/og-image-t-1200x675-1.png","type":"image\/png"}],"twitter_card":"summary_large_image","twitter_site":"@Telefilm_Canada","twitter_misc":{"Estimation du temps de lecture":"1 minute"},"schema":{"@context":"https:\/\/schema.org","@graph":[{"@type":"WebPage","@id":"https:\/\/telefilm.ca\/fr\/appel-inscription\/63e-festival-international-du-film-de-thessalonique","url":"https:\/\/telefilm.ca\/fr\/appel-inscription\/63e-festival-international-du-film-de-thessalonique","name":"63e Festival international du film de Thessalonique | T\u00e9l\u00e9film Canada","isPartOf":{"@id":"https:\/\/telefilm.ca\/fr#website"},"datePublished":"2022-06-02T10:34:49+00:00","dateModified":"2022-08-03T02:02:42+00:00","breadcrumb":{"@id":"https:\/\/telefilm.ca\/fr\/appel-inscription\/63e-festival-international-du-film-de-thessalonique#breadcrumb"},"inLanguage":"fr-CA","potentialAction":[{"@type":"ReadAction","target":["https:\/\/telefilm.ca\/fr\/appel-inscription\/63e-festival-international-du-film-de-thessalonique"]}]},{"@type":"BreadcrumbList","@id":"https:\/\/telefilm.ca\/fr\/appel-inscription\/63e-festival-international-du-film-de-thessalonique#breadcrumb","itemListElement":[{"@type":"ListItem","position":1,"name":"Accueil","item":"https:\/\/telefilm.ca\/fr"},{"@type":"ListItem","position":2,"name":"Calls for Entry","item":"https:\/\/telefilm.ca\/fr\/appel-inscription"},{"@type":"ListItem","position":3,"name":"63e Festival international du film de Thessalonique"}]},{"@type":"WebSite","@id":"https:\/\/telefilm.ca\/fr#website","url":"https:\/\/telefilm.ca\/fr","name":"T\u00e9l\u00e9film Canada","description":"Partenaire de choix","publisher":{"@id":"https:\/\/telefilm.ca\/fr#organization"},"potentialAction":[{"@type":"SearchAction","target":{"@type":"EntryPoint","urlTemplate":"https:\/\/telefilm.ca\/fr?s={search_term_string}"},"query-input":{"@type":"PropertyValueSpecification","valueRequired":true,"valueName":"search_term_string"}}],"inLanguage":"fr-CA"},{"@type":"Organization","@id":"https:\/\/telefilm.ca\/fr#organization","name":"Telefilm Canada","url":"https:\/\/telefilm.ca\/fr","logo":{"@type":"ImageObject","inLanguage":"fr-CA","@id":"https:\/\/telefilm.ca\/fr#\/schema\/logo\/image\/","url":"https:\/\/telefilm.ca\/wp-content\/uploads\/2026\/05\/cropped-tfc_favicon_512.png","contentUrl":"https:\/\/telefilm.ca\/wp-content\/uploads\/2026\/05\/cropped-tfc_favicon_512.png","width":512,"height":512,"caption":"Telefilm Canada"},"image":{"@id":"https:\/\/telefilm.ca\/fr#\/schema\/logo\/image\/"},"sameAs":["https:\/\/www.facebook.com\/TelefilmCanada\/","https:\/\/x.com\/Telefilm_Canada","https:\/\/www.instagram.com\/telefilm_canada\/","https:\/\/www.linkedin.com\/company\/telefilm-canada\/","https:\/\/www.youtube.com\/user\/telefilmcanada"]}]}},"wpml_current_locale":"fr_CA","wpml_translations":[{"locale":"en_CA","id":93973,"post_title":"63rd Thessaloniki International Film Festival","href":"https:\/\/telefilm.ca\/en\/63rd-thessaloniki-international-film-festival\/"}],"_links":{"self":[{"href":"https:\/\/telefilm.ca\/fr\/wp-json\/wp\/v2\/appel-inscription\/93974","targetHints":{"allow":["GET"]}}],"collection":[{"href":"https:\/\/telefilm.ca\/fr\/wp-json\/wp\/v2\/appel-inscription"}],"about":[{"href":"https:\/\/telefilm.ca\/fr\/wp-json\/wp\/v2\/types\/appel-inscription"}],"version-history":[{"count":0,"href":"https:\/\/telefilm.ca\/fr\/wp-json\/wp\/v2\/appel-inscription\/93974\/revisions"}],"wp:attachment":[{"href":"https:\/\/telefilm.ca\/fr\/wp-json\/wp\/v2\/media?parent=93974"}],"wp:term":[{"taxonomy":"categorie_appel_inscription","embeddable":true,"href":"https:\/\/telefilm.ca\/fr\/wp-json\/wp\/v2\/categorie_appel_inscription?post=93974"}],"curies":[{"name":"wp","href":"https:\/\/api.w.org\/{rel}","templated":true}]}}