{"id":94098,"date":"2022-06-07T10:34:58","date_gmt":"2022-06-07T10:34:58","guid":{"rendered":"https:\/\/telefilm.ca\/appel-inscription\/37e-festival-international-du-film-de-mar-del-plata"},"modified":"2022-08-03T02:02:29","modified_gmt":"2022-08-03T02:02:29","slug":"37e-festival-international-du-film-de-mar-del-plata","status":"publish","type":"appel-inscription","link":"https:\/\/telefilm.ca\/fr\/appel-inscription\/37e-festival-international-du-film-de-mar-del-plata","title":{"rendered":"37e Festival international du film de Mar del Plata\u00a0"},"content":{"rendered":"<div class=\"editor-content\"><h4><b><span data-contrast=\"none\">Appel d\u2019inscriptions<\/span><\/b><span data-ccp-props=\"{&quot;134233117&quot;:true,&quot;201341983&quot;:0,&quot;335559737&quot;:-360,&quot;335559739&quot;:160,&quot;335559740&quot;:240}\">\u00a0<\/span><\/h4>\n<p class=\"wp-block-paragraph\">(Longs m\u00e9trages, moyens m\u00e9trages et courts m\u00e9trages, tous les genres)<\/p>\n<p><span data-contrast=\"none\">Le <\/span><a href=\"https:\/\/www.mardelplatafilmfest.com\/36\/en\/\"><span data-contrast=\"none\">Festival International du film de Mar del Plata<\/span><\/a><span data-contrast=\"none\"> accepte pr\u00e9sentement les inscriptions pour son \u00e9dition\u202f2022.<\/span> <b><span data-contrast=\"none\">Veuillez noter que tous les films doivent \u00eatre soumis directement au festival.<\/span><\/b><span data-ccp-props=\"{&quot;134233117&quot;:true,&quot;201341983&quot;:0,&quot;335559737&quot;:-360,&quot;335559739&quot;:160,&quot;335559740&quot;:240}\">\u00a0<\/span><\/p>\n<ul>\n<li><span data-contrast=\"none\">Comp\u00e9tition : Oui<\/span><span data-ccp-props=\"{&quot;201341983&quot;:0,&quot;335559739&quot;:160,&quot;335559740&quot;:240,&quot;469777462&quot;:[708,1416,2124,2832,3540,4248,4956,5664,6372,7080,7788,8496,9204],&quot;469777927&quot;:[0,0,0,0,0,0,0,0,0,0,0,0,0],&quot;469777928&quot;:[1,1,1,1,1,1,1,1,1,1,1,1,1]}\">\u00a0<\/span><\/li>\n<li><span data-contrast=\"none\">Frais d\u2019inscription : Non<\/span><span data-ccp-props=\"{&quot;201341983&quot;:0,&quot;335559739&quot;:160,&quot;335559740&quot;:240,&quot;469777462&quot;:[708,1416,2124,2832,3540,4248,4956,5664,6372,7080,7788,8496,9204],&quot;469777927&quot;:[0,0,0,0,0,0,0,0,0,0,0,0,0],&quot;469777928&quot;:[1,1,1,1,1,1,1,1,1,1,1,1,1]}\">\u00a0<\/span><\/li>\n<\/ul>\n<p>&nbsp;<\/p>\n<h5><b><span data-contrast=\"none\">Crit\u00e8res d\u2019admissibilit\u00e9<\/span><\/b><span data-ccp-props=\"{&quot;134233117&quot;:true,&quot;201341983&quot;:0,&quot;335559739&quot;:160,&quot;335559740&quot;:240}\">\u00a0<\/span><\/h5>\n<ul>\n<li data-leveltext=\"\uf0b7\" data-font=\"Symbol\" data-listid=\"1\" data-list-defn-props=\"{&quot;335552541&quot;:1,&quot;335559684&quot;:-2,&quot;335559685&quot;:720,&quot;335559991&quot;:360,&quot;469769226&quot;:&quot;Symbol&quot;,&quot;469769242&quot;:[8226],&quot;469777803&quot;:&quot;left&quot;,&quot;469777804&quot;:&quot;\uf0b7&quot;,&quot;469777815&quot;:&quot;hybridMultilevel&quot;}\" aria-setsize=\"-1\" data-aria-posinset=\"1\" data-aria-level=\"1\"><span data-contrast=\"none\">Le film ne doit pas avoir \u00e9t\u00e9 pr\u00e9sent\u00e9 en Argentine;<\/span><span data-ccp-props=\"{&quot;201341983&quot;:0,&quot;335559739&quot;:160,&quot;335559740&quot;:240,&quot;469777462&quot;:[426,1156,1176,1196,1216,1236,1256,1276,1296,1336,1356,1376,1396,1416,1436,1476,1716,1736,1756,1776,1796,1816,1836,1856,1876,1896,1916,1936,1956,1976,1996,2016,2036,2056,2076,2096,2116,2136,2156,2176,2196,2216,2236,2256,2276,2296,2316,2336,2356,2376,2396,2416,2436,2456,2476,2496,2516,2536,2556,2576,2596,2616,2636],&quot;469777927&quot;:[0,0,0,0,0,0,0,0,0,0,0,0,0,0,0,0,0,0,0,0,0,0,0,0,0,0,0,0,0,0,0,0,0,0,0,0,0,0,0,0,0,0,0,0,0,0,0,0,0,0,0,0,0,0,0,0,0,0,0,0,0,0,0],&quot;469777928&quot;:[8,1,1,1,1,1,1,1,1,1,1,1,1,1,1,1,1,1,1,1,1,1,1,1,1,1,1,1,1,1,1,1,1,1,1,1,1,1,1,1,1,1,1,1,1,1,1,1,1,1,1,1,1,1,1,1,1,1,1,1,1,1,1]}\">\u00a0<\/span><\/li>\n<li data-leveltext=\"\uf0b7\" data-font=\"Symbol\" data-listid=\"1\" data-list-defn-props=\"{&quot;335552541&quot;:1,&quot;335559684&quot;:-2,&quot;335559685&quot;:720,&quot;335559991&quot;:360,&quot;469769226&quot;:&quot;Symbol&quot;,&quot;469769242&quot;:[8226],&quot;469777803&quot;:&quot;left&quot;,&quot;469777804&quot;:&quot;\uf0b7&quot;,&quot;469777815&quot;:&quot;hybridMultilevel&quot;}\" aria-setsize=\"-1\" data-aria-posinset=\"2\" data-aria-level=\"1\"><span data-contrast=\"none\">Le film doit avoir \u00e9t\u00e9 produit apr\u00e8s novembre 2021;<\/span><span data-ccp-props=\"{&quot;201341983&quot;:0,&quot;335559739&quot;:160,&quot;335559740&quot;:240,&quot;469777462&quot;:[426,1156,1176,1196,1216,1236,1256,1276,1296,1336,1356,1376,1396,1416,1436,1476,1716,1736,1756,1776,1796,1816,1836,1856,1876,1896,1916,1936,1956,1976,1996,2016,2036,2056,2076,2096,2116,2136,2156,2176,2196,2216,2236,2256,2276,2296,2316,2336,2356,2376,2396,2416,2436,2456,2476,2496,2516,2536,2556,2576,2596,2616,2636],&quot;469777927&quot;:[0,0,0,0,0,0,0,0,0,0,0,0,0,0,0,0,0,0,0,0,0,0,0,0,0,0,0,0,0,0,0,0,0,0,0,0,0,0,0,0,0,0,0,0,0,0,0,0,0,0,0,0,0,0,0,0,0,0,0,0,0,0,0],&quot;469777928&quot;:[8,1,1,1,1,1,1,1,1,1,1,1,1,1,1,1,1,1,1,1,1,1,1,1,1,1,1,1,1,1,1,1,1,1,1,1,1,1,1,1,1,1,1,1,1,1,1,1,1,1,1,1,1,1,1,1,1,1,1,1,1,1,1]}\">\u00a0<\/span><\/li>\n<li data-leveltext=\"\uf0b7\" data-font=\"Symbol\" data-listid=\"1\" data-list-defn-props=\"{&quot;335552541&quot;:1,&quot;335559684&quot;:-2,&quot;335559685&quot;:720,&quot;335559991&quot;:360,&quot;469769226&quot;:&quot;Symbol&quot;,&quot;469769242&quot;:[8226],&quot;469777803&quot;:&quot;left&quot;,&quot;469777804&quot;:&quot;\uf0b7&quot;,&quot;469777815&quot;:&quot;hybridMultilevel&quot;}\" aria-setsize=\"-1\" data-aria-posinset=\"3\" data-aria-level=\"1\"><span data-contrast=\"none\">Les copies de visionnements doivent \u00eatre en anglais ou avoir des sous-titres anglais.<\/span><span data-ccp-props=\"{&quot;201341983&quot;:0,&quot;335559739&quot;:160,&quot;335559740&quot;:240,&quot;469777462&quot;:[426,1156,1176,1196,1216,1236,1256,1276,1296,1336,1356,1376,1396,1416,1436,1476,1716,1736,1756,1776,1796,1816,1836,1856,1876,1896,1916,1936,1956,1976,1996,2016,2036,2056,2076,2096,2116,2136,2156,2176,2196,2216,2236,2256,2276,2296,2316,2336,2356,2376,2396,2416,2436,2456,2476,2496,2516,2536,2556,2576,2596,2616,2636],&quot;469777927&quot;:[0,0,0,0,0,0,0,0,0,0,0,0,0,0,0,0,0,0,0,0,0,0,0,0,0,0,0,0,0,0,0,0,0,0,0,0,0,0,0,0,0,0,0,0,0,0,0,0,0,0,0,0,0,0,0,0,0,0,0,0,0,0,0],&quot;469777928&quot;:[8,1,1,1,1,1,1,1,1,1,1,1,1,1,1,1,1,1,1,1,1,1,1,1,1,1,1,1,1,1,1,1,1,1,1,1,1,1,1,1,1,1,1,1,1,1,1,1,1,1,1,1,1,1,1,1,1,1,1,1,1,1,1]}\">\u00a0<\/span><\/li>\n<\/ul>\n<p><span data-ccp-props=\"{&quot;201341983&quot;:0,&quot;335559739&quot;:160,&quot;335559740&quot;:240,&quot;469777462&quot;:[426],&quot;469777927&quot;:[0],&quot;469777928&quot;:[1]}\">\u00a0<\/span><\/p>\n<p><span data-contrast=\"none\">Le <\/span><b><span data-contrast=\"none\">Festival international du film de Mar del Plata <\/span><\/b><span data-contrast=\"none\">est produit par l&#8217;Institut national du cin\u00e9ma et des arts audiovisuels (INCAA) d&#8217;Argentine. En tant que seul festival comp\u00e9titif latino-am\u00e9ricain reconnu par la F\u00e9d\u00e9ration internationale des associations de producteurs de films \/ FIAPF (Classe A), l&#8217;objectif du festival est de pr\u00e9senter le meilleur de la cin\u00e9matographie nationale et internationale, afin de contribuer au d\u00e9veloppement de la culture, \u00e0 l&#8217;avancement de l&#8217;industrie et \u00e0 sa diffusion dans le monde entier.<\/span><span data-ccp-props=\"{&quot;201341983&quot;:0,&quot;335551550&quot;:6,&quot;335551620&quot;:6,&quot;335559739&quot;:160,&quot;335559740&quot;:240}\">\u00a0<\/span><\/p>\n<p><span data-contrast=\"none\">Deux sections comp\u00e9titives pr\u00e9sentent des longs m\u00e9trages internationaux, et la section Panorama pr\u00e9sente les meilleurs films de l&#8217;ann\u00e9e.<\/span><span data-contrast=\"none\">\u00a0\u00a0<\/span><span data-ccp-props=\"{&quot;201341983&quot;:0,&quot;335559739&quot;:160,&quot;335559740&quot;:276}\">\u00a0<\/span><\/p>\n<p><span data-contrast=\"none\">En 2021, les films canadiens s\u00e9lectionn\u00e9s \u00e9taient SOCIAL HYGIENE de Denis C\u00f4t\u00e9, dans la section Panorama, et STE. ANNE, de Rhayne Vermette, programm\u00e9 dans la comp\u00e9tition Altered States, une section qui explore de nouvelles formes narratives et des langages cin\u00e9matographiques novateurs.<\/span><span data-contrast=\"none\">\u00a0<\/span><span data-ccp-props=\"{&quot;201341983&quot;:0,&quot;335559739&quot;:160,&quot;335559740&quot;:276}\">\u00a0<\/span><\/p>\n<p><span data-contrast=\"none\">T\u00e9l\u00e9film Canada reconna\u00eet la s\u00e9lection d\u2019un long m\u00e9trage au Festival pour une demande de soutien dans le cadre du <\/span><a href=\"https:\/\/telefilm.ca\/fr\/financement\/mise-en-marche-internationale\"><span data-contrast=\"none\">Programme de promotion internationale.<\/span><\/a><span data-ccp-props=\"{&quot;201341983&quot;:0,&quot;335559739&quot;:160,&quot;335559740&quot;:276}\">\u00a0<\/span><\/p>\n<p><span data-contrast=\"none\">\u00a0<\/span><span data-ccp-props=\"{&quot;201341983&quot;:0,&quot;335559739&quot;:160,&quot;335559740&quot;:276}\">\u00a0<\/span><\/p>\n<p><b><span data-contrast=\"none\">Promotion internationale<\/span><\/b><span data-ccp-props=\"{&quot;201341983&quot;:0,&quot;335559739&quot;:160,&quot;335559740&quot;:276}\">\u00a0<\/span><br \/>\n<span data-contrast=\"none\">T\u00e9l\u00e9film Canada, Montr\u00e9al<\/span><span data-ccp-props=\"{&quot;201341983&quot;:0,&quot;335559739&quot;:160,&quot;335559740&quot;:276}\">\u00a0<\/span><br \/>\n<a href=\"mailto:festivals@telefilm.ca\"><span data-contrast=\"none\">festivals@telefilm.ca<\/span><\/a><span data-ccp-props=\"{&quot;201341983&quot;:0,&quot;335559739&quot;:160,&quot;335559740&quot;:276}\">\u00a0<\/span><br \/>\n<span data-contrast=\"none\">1 800 567-0890<\/span><span data-ccp-props=\"{&quot;201341983&quot;:0,&quot;335559739&quot;:160,&quot;335559740&quot;:276}\">\u00a0<\/span><br \/>\n<span data-ccp-props=\"{&quot;201341983&quot;:0,&quot;335559739&quot;:160,&quot;335559740&quot;:240}\">\u00a0<\/span><\/p>\n<\/div>","protected":false},"template":"","categorie_appel_inscription":[14],"class_list":["post-94098","appel-inscription","type-appel-inscription","status-publish","hentry","categorie_appel_inscription-festival-fr"],"acf":{"date_debut":"20221103","date_fin":"20221113","ville":"Mar del Plata","pays":"Argentine","edition":"","deadlines":[{"description":"Date limite d\u2019inscription","date":"20220729"}]},"yoast_head":"<!-- This site is optimized with the Yoast SEO plugin v28.4 - https:\/\/yoast.com\/product\/yoast-seo-wordpress\/ -->\n<title>37e Festival international du film de Mar del Plata\u00a0 | T\u00e9l\u00e9film Canada<\/title>\n<meta name=\"robots\" content=\"index, follow, max-snippet:-1, max-image-preview:large, max-video-preview:-1\" \/>\n<link rel=\"canonical\" href=\"https:\/\/telefilm.ca\/fr\/appel-inscription\/37e-festival-international-du-film-de-mar-del-plata\" \/>\n<meta property=\"og:locale\" content=\"fr_CA\" \/>\n<meta property=\"og:type\" content=\"article\" \/>\n<meta property=\"og:title\" content=\"37e Festival international du film de Mar del Plata\u00a0 | T\u00e9l\u00e9film Canada\" \/>\n<meta property=\"og:description\" content=\"Appel d\u2019inscriptions\u00a0 (Longs m\u00e9trages, moyens m\u00e9trages et courts m\u00e9trages, tous les genres) Le Festival International du film de Mar del Plata accepte pr\u00e9sentement les inscriptions pour son \u00e9dition\u202f2022. Veuillez noter que tous les films doivent \u00eatre soumis directement au festival.\u00a0 Comp\u00e9tition : Oui\u00a0 Frais d\u2019inscription : Non\u00a0 &nbsp; Crit\u00e8res d\u2019admissibilit\u00e9\u00a0 Le film ne doit pas [&hellip;]\" \/>\n<meta property=\"og:url\" content=\"https:\/\/telefilm.ca\/fr\/appel-inscription\/37e-festival-international-du-film-de-mar-del-plata\" \/>\n<meta property=\"og:site_name\" content=\"T\u00e9l\u00e9film Canada\" \/>\n<meta property=\"article:publisher\" content=\"https:\/\/www.facebook.com\/TelefilmCanada\/\" \/>\n<meta property=\"article:modified_time\" content=\"2022-08-03T02:02:29+00:00\" \/>\n<meta property=\"og:image\" content=\"https:\/\/telefilm.ca\/wp-content\/uploads\/2026\/08\/og-image-t-1200x675-1.png\" \/>\n\t<meta property=\"og:image:width\" content=\"1200\" \/>\n\t<meta property=\"og:image:height\" content=\"675\" \/>\n\t<meta property=\"og:image:type\" content=\"image\/png\" \/>\n<meta name=\"twitter:card\" content=\"summary_large_image\" \/>\n<meta name=\"twitter:site\" content=\"@Telefilm_Canada\" \/>\n<meta name=\"twitter:label1\" content=\"Estimation du temps de lecture\" \/>\n\t<meta name=\"twitter:data1\" content=\"1 minute\" \/>\n<script type=\"application\/ld+json\" class=\"yoast-schema-graph\">{\"@context\":\"https:\\\/\\\/schema.org\",\"@graph\":[{\"@type\":\"WebPage\",\"@id\":\"https:\\\/\\\/telefilm.ca\\\/fr\\\/appel-inscription\\\/37e-festival-international-du-film-de-mar-del-plata\",\"url\":\"https:\\\/\\\/telefilm.ca\\\/fr\\\/appel-inscription\\\/37e-festival-international-du-film-de-mar-del-plata\",\"name\":\"37e Festival international du film de Mar del Plata\u00a0 | T\u00e9l\u00e9film Canada\",\"isPartOf\":{\"@id\":\"https:\\\/\\\/telefilm.ca\\\/fr#website\"},\"datePublished\":\"2022-06-07T10:34:58+00:00\",\"dateModified\":\"2022-08-03T02:02:29+00:00\",\"breadcrumb\":{\"@id\":\"https:\\\/\\\/telefilm.ca\\\/fr\\\/appel-inscription\\\/37e-festival-international-du-film-de-mar-del-plata#breadcrumb\"},\"inLanguage\":\"fr-CA\",\"potentialAction\":[{\"@type\":\"ReadAction\",\"target\":[\"https:\\\/\\\/telefilm.ca\\\/fr\\\/appel-inscription\\\/37e-festival-international-du-film-de-mar-del-plata\"]}]},{\"@type\":\"BreadcrumbList\",\"@id\":\"https:\\\/\\\/telefilm.ca\\\/fr\\\/appel-inscription\\\/37e-festival-international-du-film-de-mar-del-plata#breadcrumb\",\"itemListElement\":[{\"@type\":\"ListItem\",\"position\":1,\"name\":\"Accueil\",\"item\":\"https:\\\/\\\/telefilm.ca\\\/fr\"},{\"@type\":\"ListItem\",\"position\":2,\"name\":\"Calls for Entry\",\"item\":\"https:\\\/\\\/telefilm.ca\\\/fr\\\/appel-inscription\"},{\"@type\":\"ListItem\",\"position\":3,\"name\":\"37e Festival international du film de Mar del Plata\u00a0\"}]},{\"@type\":\"WebSite\",\"@id\":\"https:\\\/\\\/telefilm.ca\\\/fr#website\",\"url\":\"https:\\\/\\\/telefilm.ca\\\/fr\",\"name\":\"T\u00e9l\u00e9film Canada\",\"description\":\"Partenaire de choix\",\"publisher\":{\"@id\":\"https:\\\/\\\/telefilm.ca\\\/fr#organization\"},\"potentialAction\":[{\"@type\":\"SearchAction\",\"target\":{\"@type\":\"EntryPoint\",\"urlTemplate\":\"https:\\\/\\\/telefilm.ca\\\/fr?s={search_term_string}\"},\"query-input\":{\"@type\":\"PropertyValueSpecification\",\"valueRequired\":true,\"valueName\":\"search_term_string\"}}],\"inLanguage\":\"fr-CA\"},{\"@type\":\"Organization\",\"@id\":\"https:\\\/\\\/telefilm.ca\\\/fr#organization\",\"name\":\"Telefilm Canada\",\"url\":\"https:\\\/\\\/telefilm.ca\\\/fr\",\"logo\":{\"@type\":\"ImageObject\",\"inLanguage\":\"fr-CA\",\"@id\":\"https:\\\/\\\/telefilm.ca\\\/fr#\\\/schema\\\/logo\\\/image\\\/\",\"url\":\"https:\\\/\\\/telefilm.ca\\\/wp-content\\\/uploads\\\/2026\\\/05\\\/cropped-tfc_favicon_512.png\",\"contentUrl\":\"https:\\\/\\\/telefilm.ca\\\/wp-content\\\/uploads\\\/2026\\\/05\\\/cropped-tfc_favicon_512.png\",\"width\":512,\"height\":512,\"caption\":\"Telefilm Canada\"},\"image\":{\"@id\":\"https:\\\/\\\/telefilm.ca\\\/fr#\\\/schema\\\/logo\\\/image\\\/\"},\"sameAs\":[\"https:\\\/\\\/www.facebook.com\\\/TelefilmCanada\\\/\",\"https:\\\/\\\/x.com\\\/Telefilm_Canada\",\"https:\\\/\\\/www.instagram.com\\\/telefilm_canada\\\/\",\"https:\\\/\\\/www.linkedin.com\\\/company\\\/telefilm-canada\\\/\",\"https:\\\/\\\/www.youtube.com\\\/user\\\/telefilmcanada\"]}]}<\/script>\n<!-- \/ Yoast SEO plugin. -->","yoast_head_json":{"title":"37e Festival international du film de Mar del Plata\u00a0 | T\u00e9l\u00e9film Canada","robots":{"index":"index","follow":"follow","max-snippet":"max-snippet:-1","max-image-preview":"max-image-preview:large","max-video-preview":"max-video-preview:-1"},"canonical":"https:\/\/telefilm.ca\/fr\/appel-inscription\/37e-festival-international-du-film-de-mar-del-plata","og_locale":"fr_CA","og_type":"article","og_title":"37e Festival international du film de Mar del Plata\u00a0 | T\u00e9l\u00e9film Canada","og_description":"Appel d\u2019inscriptions\u00a0 (Longs m\u00e9trages, moyens m\u00e9trages et courts m\u00e9trages, tous les genres) Le Festival International du film de Mar del Plata accepte pr\u00e9sentement les inscriptions pour son \u00e9dition\u202f2022. Veuillez noter que tous les films doivent \u00eatre soumis directement au festival.\u00a0 Comp\u00e9tition : Oui\u00a0 Frais d\u2019inscription : Non\u00a0 &nbsp; Crit\u00e8res d\u2019admissibilit\u00e9\u00a0 Le film ne doit pas [&hellip;]","og_url":"https:\/\/telefilm.ca\/fr\/appel-inscription\/37e-festival-international-du-film-de-mar-del-plata","og_site_name":"T\u00e9l\u00e9film Canada","article_publisher":"https:\/\/www.facebook.com\/TelefilmCanada\/","article_modified_time":"2022-08-03T02:02:29+00:00","og_image":[{"width":1200,"height":675,"url":"https:\/\/telefilm.ca\/wp-content\/uploads\/2026\/08\/og-image-t-1200x675-1.png","type":"image\/png"}],"twitter_card":"summary_large_image","twitter_site":"@Telefilm_Canada","twitter_misc":{"Estimation du temps de lecture":"1 minute"},"schema":{"@context":"https:\/\/schema.org","@graph":[{"@type":"WebPage","@id":"https:\/\/telefilm.ca\/fr\/appel-inscription\/37e-festival-international-du-film-de-mar-del-plata","url":"https:\/\/telefilm.ca\/fr\/appel-inscription\/37e-festival-international-du-film-de-mar-del-plata","name":"37e Festival international du film de Mar del Plata\u00a0 | T\u00e9l\u00e9film Canada","isPartOf":{"@id":"https:\/\/telefilm.ca\/fr#website"},"datePublished":"2022-06-07T10:34:58+00:00","dateModified":"2022-08-03T02:02:29+00:00","breadcrumb":{"@id":"https:\/\/telefilm.ca\/fr\/appel-inscription\/37e-festival-international-du-film-de-mar-del-plata#breadcrumb"},"inLanguage":"fr-CA","potentialAction":[{"@type":"ReadAction","target":["https:\/\/telefilm.ca\/fr\/appel-inscription\/37e-festival-international-du-film-de-mar-del-plata"]}]},{"@type":"BreadcrumbList","@id":"https:\/\/telefilm.ca\/fr\/appel-inscription\/37e-festival-international-du-film-de-mar-del-plata#breadcrumb","itemListElement":[{"@type":"ListItem","position":1,"name":"Accueil","item":"https:\/\/telefilm.ca\/fr"},{"@type":"ListItem","position":2,"name":"Calls for Entry","item":"https:\/\/telefilm.ca\/fr\/appel-inscription"},{"@type":"ListItem","position":3,"name":"37e Festival international du film de Mar del Plata\u00a0"}]},{"@type":"WebSite","@id":"https:\/\/telefilm.ca\/fr#website","url":"https:\/\/telefilm.ca\/fr","name":"T\u00e9l\u00e9film Canada","description":"Partenaire de choix","publisher":{"@id":"https:\/\/telefilm.ca\/fr#organization"},"potentialAction":[{"@type":"SearchAction","target":{"@type":"EntryPoint","urlTemplate":"https:\/\/telefilm.ca\/fr?s={search_term_string}"},"query-input":{"@type":"PropertyValueSpecification","valueRequired":true,"valueName":"search_term_string"}}],"inLanguage":"fr-CA"},{"@type":"Organization","@id":"https:\/\/telefilm.ca\/fr#organization","name":"Telefilm Canada","url":"https:\/\/telefilm.ca\/fr","logo":{"@type":"ImageObject","inLanguage":"fr-CA","@id":"https:\/\/telefilm.ca\/fr#\/schema\/logo\/image\/","url":"https:\/\/telefilm.ca\/wp-content\/uploads\/2026\/05\/cropped-tfc_favicon_512.png","contentUrl":"https:\/\/telefilm.ca\/wp-content\/uploads\/2026\/05\/cropped-tfc_favicon_512.png","width":512,"height":512,"caption":"Telefilm Canada"},"image":{"@id":"https:\/\/telefilm.ca\/fr#\/schema\/logo\/image\/"},"sameAs":["https:\/\/www.facebook.com\/TelefilmCanada\/","https:\/\/x.com\/Telefilm_Canada","https:\/\/www.instagram.com\/telefilm_canada\/","https:\/\/www.linkedin.com\/company\/telefilm-canada\/","https:\/\/www.youtube.com\/user\/telefilmcanada"]}]}},"wpml_current_locale":"fr_CA","wpml_translations":[{"locale":"en_CA","id":94097,"post_title":"37th Mar del Plata International Film Festival\u00a0","href":"https:\/\/telefilm.ca\/en\/37th-mar-del-plata-international-film-festival\/"}],"_links":{"self":[{"href":"https:\/\/telefilm.ca\/fr\/wp-json\/wp\/v2\/appel-inscription\/94098","targetHints":{"allow":["GET"]}}],"collection":[{"href":"https:\/\/telefilm.ca\/fr\/wp-json\/wp\/v2\/appel-inscription"}],"about":[{"href":"https:\/\/telefilm.ca\/fr\/wp-json\/wp\/v2\/types\/appel-inscription"}],"version-history":[{"count":0,"href":"https:\/\/telefilm.ca\/fr\/wp-json\/wp\/v2\/appel-inscription\/94098\/revisions"}],"wp:attachment":[{"href":"https:\/\/telefilm.ca\/fr\/wp-json\/wp\/v2\/media?parent=94098"}],"wp:term":[{"taxonomy":"categorie_appel_inscription","embeddable":true,"href":"https:\/\/telefilm.ca\/fr\/wp-json\/wp\/v2\/categorie_appel_inscription?post=94098"}],"curies":[{"name":"wp","href":"https:\/\/api.w.org\/{rel}","templated":true}]}}