{"id":94375,"date":"2022-06-13T16:10:55","date_gmt":"2022-06-13T16:10:55","guid":{"rendered":"https:\/\/telefilm.ca\/appel-inscription\/7e-talents-and-short-film-market"},"modified":"2022-08-03T02:02:09","modified_gmt":"2022-08-03T02:02:09","slug":"7e-talents-and-short-film-market","status":"publish","type":"appel-inscription","link":"https:\/\/telefilm.ca\/fr\/appel-inscription\/7e-talents-and-short-film-market","title":{"rendered":"7e Talents and Short Film Market\u00a0"},"content":{"rendered":"<div class=\"editor-content\"><h4><b><span data-contrast=\"none\">Appel d\u2019inscriptions<\/span><\/b><span data-ccp-props=\"{&quot;201341983&quot;:0,&quot;335559739&quot;:0,&quot;335559740&quot;:240}\">\u00a0<\/span><\/h4>\n<p class=\"wp-block-paragraph\"><em><strong>(Projets de courts m\u00e9trages et premier long m\u00e9trage)\u00a0<\/strong><\/em><\/p>\n<p><span data-ccp-props=\"{&quot;201341983&quot;:0,&quot;335559739&quot;:0,&quot;335559740&quot;:240}\">\u00a0<\/span><\/p>\n<p><span data-contrast=\"none\">Le<strong>\u202f<\/strong><\/span><a href=\"https:\/\/www.tsfm.it\/wp\/\"><span data-contrast=\"none\"><strong>Talents and Short Film Market<\/strong><\/span><\/a> <span data-contrast=\"none\">(anciennement connu sous le nom Torino Short Film Market) <\/span><span data-contrast=\"none\">accepte pr\u00e9sentement les inscriptions pour sa prochaine \u00e9dition.<\/span><span data-ccp-props=\"{&quot;134233117&quot;:true,&quot;134233118&quot;:true,&quot;201341983&quot;:0,&quot;335559740&quot;:240}\">\u00a0<\/span><\/p>\n<p><span data-ccp-props=\"{&quot;134233117&quot;:true,&quot;134233118&quot;:true,&quot;201341983&quot;:0,&quot;335559740&quot;:240}\">\u00a0<\/span><\/p>\n<h5 id=\"details\">d\u00e9tails<\/h5>\n<ul>\n<li><span data-contrast=\"none\">Comp\u00e9titif\u202f: Oui<\/span><span data-ccp-props=\"{&quot;201341983&quot;:0,&quot;335559739&quot;:0,&quot;335559740&quot;:240}\">\u00a0<\/span><\/li>\n<li><span data-contrast=\"none\">Frais d\u2019inscription\u202f: Oui<\/span><span data-ccp-props=\"{&quot;201341983&quot;:0,&quot;335559739&quot;:0,&quot;335559740&quot;:240}\">\u00a0<\/span><\/li>\n<\/ul>\n<p><span data-ccp-props=\"{&quot;134233117&quot;:true,&quot;134233118&quot;:true,&quot;201341983&quot;:0,&quot;335559740&quot;:240}\">\u00a0<\/span><\/p>\n<h5>crit\u00e8res <b><span data-contrast=\"none\">ADMISSIBILIT\u00c9<\/span><\/b><\/h5>\n<p>Veuillez consulter <strong><a href=\"https:\/\/www.tsfm.it\/tsfm-vol-7-open-calls\/\">le site du march\u00e9<\/a><\/strong>.<\/p>\n<p>&nbsp;<\/p>\n<h5 style=\"text-align: center;\"><a href=\"https:\/\/www.tsfm.it\/tsfm-vol-7-open-calls\/\">soumettre ici<\/a><\/h5>\n<p style=\"text-align: center;\"><em>Veuillez noter que les projets doivent \u00eatre soumis\u202fdirectement au march\u00e9.\u00a0<\/em><\/p>\n<p><span data-ccp-props=\"{&quot;201341983&quot;:0,&quot;335559739&quot;:0,&quot;335559740&quot;:240}\">\u00a0<\/span><\/p>\n<h5><b><span data-contrast=\"none\">Dates limites d\u2019inscription\u202f<\/span><\/b><\/h5>\n<ul>\n<li><strong>A Long Way Home:<\/strong> 30 juin 2022<\/li>\n<li><strong>Any Short of Genre<\/strong>\n<ul>\n<li>R\u00e9gulier \u2013 31 juillet<\/li>\n<li>Tardif \u2013 31 ao\u00fbt 2022<\/li>\n<\/ul>\n<\/li>\n<li><strong>Highway to End:<\/strong> 31 ao\u00fbt 2022<\/li>\n<li><strong>Pitch Your Fest!<\/strong>\n<ul>\n<li>R\u00e9gulier \u2013 31 juillet<\/li>\n<li>Tardif \u2013 31 ao\u00fbt 2022<\/li>\n<\/ul>\n<\/li>\n<li><strong>Short Film Content<\/strong>\n<ul>\n<li>R\u00e9gulier \u2013 31 ao\u00fbt<\/li>\n<li>Tardif \u2013 30 septembre 2022<\/li>\n<\/ul>\n<\/li>\n<\/ul>\n<p>&nbsp;<\/p>\n<p>&nbsp;<\/p>\n<h5><b><span data-contrast=\"auto\">\u00c0 propos<\/span><\/b><span data-ccp-props=\"{&quot;201341983&quot;:0,&quot;335559739&quot;:0,&quot;335559740&quot;:240}\">\u00a0<\/span><\/h5>\n<p><span data-contrast=\"auto\">Le Talents et Short Film Market (TSFM) a \u00e9t\u00e9 fond\u00e9 en 2016 en tant que march\u00e9 international principalement ax\u00e9 sur l\u2019\u00e9cosyst\u00e8me du court m\u00e9trage. TSFM vise \u00e0 promouvoir la croissance de l\u2019industrie du court m\u00e9trage en Europe et dans le monde. De plus, son objectif est d\u2019am\u00e9liorer l\u2019impact du court m\u00e9trage et de son industrie professionnelle sur l\u2019activit\u00e9 cin\u00e9matographique au sens large et de favoriser le d\u00e9veloppement de nouveaux auteurs et talents du cin\u00e9ma.<\/span><span data-ccp-props=\"{&quot;201341983&quot;:0,&quot;335559737&quot;:-360,&quot;335559739&quot;:0,&quot;335559740&quot;:240}\">\u00a0<\/span><\/p>\n<p><span data-contrast=\"auto\">Le TSFM volume 7 sera en mode hybride, soit du 27 au 20 novembre \u00e0 Turin, et du 1<\/span><span data-contrast=\"auto\">er<\/span><span data-contrast=\"auto\"> au 4 d\u00e9cembre 2022, en ligne.<\/span><span data-ccp-props=\"{&quot;201341983&quot;:0,&quot;335559737&quot;:-360,&quot;335559739&quot;:0,&quot;335559740&quot;:240}\">\u00a0<\/span><\/p>\n<p><span data-contrast=\"auto\">\u202f<\/span><span data-ccp-props=\"{&quot;201341983&quot;:0,&quot;335559737&quot;:-360,&quot;335559739&quot;:0,&quot;335559740&quot;:240}\">\u00a0<\/span><\/p>\n<p><span data-ccp-props=\"{&quot;201341983&quot;:0,&quot;335559739&quot;:0,&quot;335559740&quot;:240}\">\u00a0<\/span><\/p>\n<p><b><span data-contrast=\"none\">Promotion et communications<\/span><\/b><br \/>\n<span data-contrast=\"none\">T\u00e9l\u00e9film Canada, Montr\u00e9al<\/span><br \/>\n<a href=\"mailto:festivals@telefilm.ca\"><span data-contrast=\"none\">festivals@telefilm.ca<\/span><\/a><br \/>\n<span data-contrast=\"none\">1 800 567-0890<\/span><span data-ccp-props=\"{&quot;201341983&quot;:0,&quot;335559739&quot;:0,&quot;335559740&quot;:240}\">\u00a0<\/span><\/p>\n<\/div>","protected":false},"template":"","categorie_appel_inscription":[16],"class_list":["post-94375","appel-inscription","type-appel-inscription","status-publish","hentry","categorie_appel_inscription-marche"],"acf":{"date_debut":"20221127","date_fin":"20221130","ville":"Turin","pays":"Italie","edition":"","deadlines":[{"description":"A Long Way Home - Date limite d'inscription","date":"20220630"},{"description":"Any Short of Genre - Date limite d'inscription r\u00e9guli\u00e8re","date":"20220731"},{"description":"Any Short of Genre - Date limite d'inscription tardive","date":"20220831"},{"description":"Highway to End - Date limite d'inscription","date":"20220831"},{"description":"Pitch Your Fest! - Date limite d'inscription r\u00e9guli\u00e8re","date":"20220731"},{"description":"Pitch Your Fest! - Date limite d'inscription tardive","date":"20220831"},{"description":"Short Film Content - Date limite d'inscription r\u00e9guli\u00e8re","date":"20220831"},{"description":"Short Film Content - Date limite d'inscription tardive","date":"20220930"}]},"yoast_head":"<!-- This site is optimized with the Yoast SEO plugin v28.4 - https:\/\/yoast.com\/product\/yoast-seo-wordpress\/ -->\n<title>7e Talents and Short Film Market\u00a0 | T\u00e9l\u00e9film Canada<\/title>\n<meta name=\"robots\" content=\"index, follow, max-snippet:-1, max-image-preview:large, max-video-preview:-1\" \/>\n<link rel=\"canonical\" href=\"https:\/\/telefilm.ca\/fr\/appel-inscription\/7e-talents-and-short-film-market\" \/>\n<meta property=\"og:locale\" content=\"fr_CA\" \/>\n<meta property=\"og:type\" content=\"article\" \/>\n<meta property=\"og:title\" content=\"7e Talents and Short Film Market\u00a0 | T\u00e9l\u00e9film Canada\" \/>\n<meta property=\"og:description\" content=\"Appel d\u2019inscriptions\u00a0 (Projets de courts m\u00e9trages et premier long m\u00e9trage)\u00a0 \u00a0 Le\u202fTalents and Short Film Market (anciennement connu sous le nom Torino Short Film Market) accepte pr\u00e9sentement les inscriptions pour sa prochaine \u00e9dition.\u00a0 \u00a0 d\u00e9tails Comp\u00e9titif\u202f: Oui\u00a0 Frais d\u2019inscription\u202f: Oui\u00a0 \u00a0 crit\u00e8res ADMISSIBILIT\u00c9 Veuillez consulter le site du march\u00e9. &nbsp; soumettre ici Veuillez noter que [&hellip;]\" \/>\n<meta property=\"og:url\" content=\"https:\/\/telefilm.ca\/fr\/appel-inscription\/7e-talents-and-short-film-market\" \/>\n<meta property=\"og:site_name\" content=\"T\u00e9l\u00e9film Canada\" \/>\n<meta property=\"article:publisher\" content=\"https:\/\/www.facebook.com\/TelefilmCanada\/\" \/>\n<meta property=\"article:modified_time\" content=\"2022-08-03T02:02:09+00:00\" \/>\n<meta property=\"og:image\" content=\"https:\/\/telefilm.ca\/wp-content\/uploads\/2026\/08\/og-image-t-1200x675-1.png\" \/>\n\t<meta property=\"og:image:width\" content=\"1200\" \/>\n\t<meta property=\"og:image:height\" content=\"675\" \/>\n\t<meta property=\"og:image:type\" content=\"image\/png\" \/>\n<meta name=\"twitter:card\" content=\"summary_large_image\" \/>\n<meta name=\"twitter:site\" content=\"@Telefilm_Canada\" \/>\n<meta name=\"twitter:label1\" content=\"Estimation du temps de lecture\" \/>\n\t<meta name=\"twitter:data1\" content=\"1 minute\" \/>\n<script type=\"application\/ld+json\" class=\"yoast-schema-graph\">{\"@context\":\"https:\\\/\\\/schema.org\",\"@graph\":[{\"@type\":\"WebPage\",\"@id\":\"https:\\\/\\\/telefilm.ca\\\/fr\\\/appel-inscription\\\/7e-talents-and-short-film-market\",\"url\":\"https:\\\/\\\/telefilm.ca\\\/fr\\\/appel-inscription\\\/7e-talents-and-short-film-market\",\"name\":\"7e Talents and Short Film Market\u00a0 | T\u00e9l\u00e9film Canada\",\"isPartOf\":{\"@id\":\"https:\\\/\\\/telefilm.ca\\\/fr#website\"},\"datePublished\":\"2022-06-13T16:10:55+00:00\",\"dateModified\":\"2022-08-03T02:02:09+00:00\",\"breadcrumb\":{\"@id\":\"https:\\\/\\\/telefilm.ca\\\/fr\\\/appel-inscription\\\/7e-talents-and-short-film-market#breadcrumb\"},\"inLanguage\":\"fr-CA\",\"potentialAction\":[{\"@type\":\"ReadAction\",\"target\":[\"https:\\\/\\\/telefilm.ca\\\/fr\\\/appel-inscription\\\/7e-talents-and-short-film-market\"]}]},{\"@type\":\"BreadcrumbList\",\"@id\":\"https:\\\/\\\/telefilm.ca\\\/fr\\\/appel-inscription\\\/7e-talents-and-short-film-market#breadcrumb\",\"itemListElement\":[{\"@type\":\"ListItem\",\"position\":1,\"name\":\"Accueil\",\"item\":\"https:\\\/\\\/telefilm.ca\\\/fr\"},{\"@type\":\"ListItem\",\"position\":2,\"name\":\"Calls for Entry\",\"item\":\"https:\\\/\\\/telefilm.ca\\\/fr\\\/appel-inscription\"},{\"@type\":\"ListItem\",\"position\":3,\"name\":\"7e Talents and Short Film Market\u00a0\"}]},{\"@type\":\"WebSite\",\"@id\":\"https:\\\/\\\/telefilm.ca\\\/fr#website\",\"url\":\"https:\\\/\\\/telefilm.ca\\\/fr\",\"name\":\"T\u00e9l\u00e9film Canada\",\"description\":\"Partenaire de choix\",\"publisher\":{\"@id\":\"https:\\\/\\\/telefilm.ca\\\/fr#organization\"},\"potentialAction\":[{\"@type\":\"SearchAction\",\"target\":{\"@type\":\"EntryPoint\",\"urlTemplate\":\"https:\\\/\\\/telefilm.ca\\\/fr?s={search_term_string}\"},\"query-input\":{\"@type\":\"PropertyValueSpecification\",\"valueRequired\":true,\"valueName\":\"search_term_string\"}}],\"inLanguage\":\"fr-CA\"},{\"@type\":\"Organization\",\"@id\":\"https:\\\/\\\/telefilm.ca\\\/fr#organization\",\"name\":\"Telefilm Canada\",\"url\":\"https:\\\/\\\/telefilm.ca\\\/fr\",\"logo\":{\"@type\":\"ImageObject\",\"inLanguage\":\"fr-CA\",\"@id\":\"https:\\\/\\\/telefilm.ca\\\/fr#\\\/schema\\\/logo\\\/image\\\/\",\"url\":\"https:\\\/\\\/telefilm.ca\\\/wp-content\\\/uploads\\\/2026\\\/05\\\/cropped-tfc_favicon_512.png\",\"contentUrl\":\"https:\\\/\\\/telefilm.ca\\\/wp-content\\\/uploads\\\/2026\\\/05\\\/cropped-tfc_favicon_512.png\",\"width\":512,\"height\":512,\"caption\":\"Telefilm Canada\"},\"image\":{\"@id\":\"https:\\\/\\\/telefilm.ca\\\/fr#\\\/schema\\\/logo\\\/image\\\/\"},\"sameAs\":[\"https:\\\/\\\/www.facebook.com\\\/TelefilmCanada\\\/\",\"https:\\\/\\\/x.com\\\/Telefilm_Canada\",\"https:\\\/\\\/www.instagram.com\\\/telefilm_canada\\\/\",\"https:\\\/\\\/www.linkedin.com\\\/company\\\/telefilm-canada\\\/\",\"https:\\\/\\\/www.youtube.com\\\/user\\\/telefilmcanada\"]}]}<\/script>\n<!-- \/ Yoast SEO plugin. -->","yoast_head_json":{"title":"7e Talents and Short Film Market\u00a0 | T\u00e9l\u00e9film Canada","robots":{"index":"index","follow":"follow","max-snippet":"max-snippet:-1","max-image-preview":"max-image-preview:large","max-video-preview":"max-video-preview:-1"},"canonical":"https:\/\/telefilm.ca\/fr\/appel-inscription\/7e-talents-and-short-film-market","og_locale":"fr_CA","og_type":"article","og_title":"7e Talents and Short Film Market\u00a0 | T\u00e9l\u00e9film Canada","og_description":"Appel d\u2019inscriptions\u00a0 (Projets de courts m\u00e9trages et premier long m\u00e9trage)\u00a0 \u00a0 Le\u202fTalents and Short Film Market (anciennement connu sous le nom Torino Short Film Market) accepte pr\u00e9sentement les inscriptions pour sa prochaine \u00e9dition.\u00a0 \u00a0 d\u00e9tails Comp\u00e9titif\u202f: Oui\u00a0 Frais d\u2019inscription\u202f: Oui\u00a0 \u00a0 crit\u00e8res ADMISSIBILIT\u00c9 Veuillez consulter le site du march\u00e9. &nbsp; soumettre ici Veuillez noter que [&hellip;]","og_url":"https:\/\/telefilm.ca\/fr\/appel-inscription\/7e-talents-and-short-film-market","og_site_name":"T\u00e9l\u00e9film Canada","article_publisher":"https:\/\/www.facebook.com\/TelefilmCanada\/","article_modified_time":"2022-08-03T02:02:09+00:00","og_image":[{"width":1200,"height":675,"url":"https:\/\/telefilm.ca\/wp-content\/uploads\/2026\/08\/og-image-t-1200x675-1.png","type":"image\/png"}],"twitter_card":"summary_large_image","twitter_site":"@Telefilm_Canada","twitter_misc":{"Estimation du temps de lecture":"1 minute"},"schema":{"@context":"https:\/\/schema.org","@graph":[{"@type":"WebPage","@id":"https:\/\/telefilm.ca\/fr\/appel-inscription\/7e-talents-and-short-film-market","url":"https:\/\/telefilm.ca\/fr\/appel-inscription\/7e-talents-and-short-film-market","name":"7e Talents and Short Film Market\u00a0 | T\u00e9l\u00e9film Canada","isPartOf":{"@id":"https:\/\/telefilm.ca\/fr#website"},"datePublished":"2022-06-13T16:10:55+00:00","dateModified":"2022-08-03T02:02:09+00:00","breadcrumb":{"@id":"https:\/\/telefilm.ca\/fr\/appel-inscription\/7e-talents-and-short-film-market#breadcrumb"},"inLanguage":"fr-CA","potentialAction":[{"@type":"ReadAction","target":["https:\/\/telefilm.ca\/fr\/appel-inscription\/7e-talents-and-short-film-market"]}]},{"@type":"BreadcrumbList","@id":"https:\/\/telefilm.ca\/fr\/appel-inscription\/7e-talents-and-short-film-market#breadcrumb","itemListElement":[{"@type":"ListItem","position":1,"name":"Accueil","item":"https:\/\/telefilm.ca\/fr"},{"@type":"ListItem","position":2,"name":"Calls for Entry","item":"https:\/\/telefilm.ca\/fr\/appel-inscription"},{"@type":"ListItem","position":3,"name":"7e Talents and Short Film Market\u00a0"}]},{"@type":"WebSite","@id":"https:\/\/telefilm.ca\/fr#website","url":"https:\/\/telefilm.ca\/fr","name":"T\u00e9l\u00e9film Canada","description":"Partenaire de choix","publisher":{"@id":"https:\/\/telefilm.ca\/fr#organization"},"potentialAction":[{"@type":"SearchAction","target":{"@type":"EntryPoint","urlTemplate":"https:\/\/telefilm.ca\/fr?s={search_term_string}"},"query-input":{"@type":"PropertyValueSpecification","valueRequired":true,"valueName":"search_term_string"}}],"inLanguage":"fr-CA"},{"@type":"Organization","@id":"https:\/\/telefilm.ca\/fr#organization","name":"Telefilm Canada","url":"https:\/\/telefilm.ca\/fr","logo":{"@type":"ImageObject","inLanguage":"fr-CA","@id":"https:\/\/telefilm.ca\/fr#\/schema\/logo\/image\/","url":"https:\/\/telefilm.ca\/wp-content\/uploads\/2026\/05\/cropped-tfc_favicon_512.png","contentUrl":"https:\/\/telefilm.ca\/wp-content\/uploads\/2026\/05\/cropped-tfc_favicon_512.png","width":512,"height":512,"caption":"Telefilm Canada"},"image":{"@id":"https:\/\/telefilm.ca\/fr#\/schema\/logo\/image\/"},"sameAs":["https:\/\/www.facebook.com\/TelefilmCanada\/","https:\/\/x.com\/Telefilm_Canada","https:\/\/www.instagram.com\/telefilm_canada\/","https:\/\/www.linkedin.com\/company\/telefilm-canada\/","https:\/\/www.youtube.com\/user\/telefilmcanada"]}]}},"wpml_current_locale":"fr_CA","wpml_translations":[{"locale":"en_CA","id":94374,"post_title":"7th Talents and Short Film Market\u00a0","href":"https:\/\/telefilm.ca\/en\/7th-talents-and-short-film-market\/"}],"_links":{"self":[{"href":"https:\/\/telefilm.ca\/fr\/wp-json\/wp\/v2\/appel-inscription\/94375","targetHints":{"allow":["GET"]}}],"collection":[{"href":"https:\/\/telefilm.ca\/fr\/wp-json\/wp\/v2\/appel-inscription"}],"about":[{"href":"https:\/\/telefilm.ca\/fr\/wp-json\/wp\/v2\/types\/appel-inscription"}],"version-history":[{"count":0,"href":"https:\/\/telefilm.ca\/fr\/wp-json\/wp\/v2\/appel-inscription\/94375\/revisions"}],"wp:attachment":[{"href":"https:\/\/telefilm.ca\/fr\/wp-json\/wp\/v2\/media?parent=94375"}],"wp:term":[{"taxonomy":"categorie_appel_inscription","embeddable":true,"href":"https:\/\/telefilm.ca\/fr\/wp-json\/wp\/v2\/categorie_appel_inscription?post=94375"}],"curies":[{"name":"wp","href":"https:\/\/api.w.org\/{rel}","templated":true}]}}