{"id":94379,"date":"2022-06-13T15:08:43","date_gmt":"2022-06-13T15:08:43","guid":{"rendered":"https:\/\/telefilm.ca\/appel-inscription\/45e-festival-du-court-metrage-de-clermont-ferrand"},"modified":"2022-08-03T02:02:17","modified_gmt":"2022-08-03T02:02:17","slug":"45e-festival-du-court-metrage-de-clermont-ferrand","status":"publish","type":"appel-inscription","link":"https:\/\/telefilm.ca\/fr\/appel-inscription\/45e-festival-du-court-metrage-de-clermont-ferrand","title":{"rendered":"45e Festival du court m\u00e9trage de Clermont-Ferrand\u00a0"},"content":{"rendered":"<div class=\"editor-content\"><h4><b><span data-contrast=\"none\">Appel d\u2019inscriptions<\/span><\/b><span data-ccp-props=\"{&quot;201341983&quot;:0,&quot;335559739&quot;:0,&quot;335559740&quot;:240}\">\u00a0<\/span><\/h4>\n<p class=\"wp-block-paragraph\"><em><strong>(Courts m\u00e9trages, tous genres)\u00a0<\/strong><\/em><\/p>\n<p><span data-ccp-props=\"{&quot;201341983&quot;:0,&quot;335559739&quot;:0,&quot;335559740&quot;:240}\">\u00a0<\/span><\/p>\n<p><span data-contrast=\"none\">Le\u202f<\/span><strong><a href=\"https:\/\/www.clermont-filmfest.org\/festival-du-court-metrage\/inscrire-un-film\/\">Festival du Court M\u00e9trage de Clermont-Ferrand<\/a><\/strong><span data-contrast=\"none\"><strong>\u202f<\/strong>accepte pr\u00e9sentement les inscriptions pour sa prochaine \u00e9dition.<\/span><span data-ccp-props=\"{&quot;134233117&quot;:true,&quot;134233118&quot;:true,&quot;201341983&quot;:0,&quot;335559740&quot;:240}\">\u00a0<\/span><\/p>\n<p><span data-ccp-props=\"{&quot;134233117&quot;:true,&quot;134233118&quot;:true,&quot;201341983&quot;:0,&quot;335559740&quot;:240}\">\u00a0<\/span><\/p>\n<h5 id=\"details\">d\u00e9tails<\/h5>\n<ul>\n<li><span data-contrast=\"none\">Comp\u00e9titif\u202f: Oui<\/span><span data-ccp-props=\"{&quot;201341983&quot;:0,&quot;335559739&quot;:0,&quot;335559740&quot;:240}\">\u00a0<\/span><\/li>\n<li><span data-contrast=\"none\">Frais d\u2019inscription\u202f: Non<\/span><span data-ccp-props=\"{&quot;201341983&quot;:0,&quot;335559739&quot;:0,&quot;335559740&quot;:240}\">\u00a0<\/span><\/li>\n<\/ul>\n<p>&nbsp;<\/p>\n<h5><b><span data-contrast=\"none\">ADMISSIBILIT\u00c9\u202f<\/span><\/b><\/h5>\n<p>Veuillez consulter <strong><a href=\"https:\/\/clermont-filmfest.org\/wp-content\/uploads\/2022\/05\/INT2023FR_VersionFinale.pdf\">le site du festival<\/a><\/strong>.<span data-ccp-props=\"{&quot;201341983&quot;:0,&quot;335559739&quot;:0,&quot;335559740&quot;:240}\">\u00a0<\/span><\/p>\n<p style=\"text-align: center;\"><span data-ccp-props=\"{&quot;201341983&quot;:0,&quot;335559739&quot;:0,&quot;335559740&quot;:240}\">\u00a0<\/span><\/p>\n<h5 style=\"text-align: center;\"><a href=\"https:\/\/clermont-filmfest.org\/festival-du-court-metrage\/inscrire-un-film\/\">SOUMETTRE ICI<\/a><\/h5>\n<p style=\"text-align: center;\"><em>Veuillez noter que les films doivent \u00eatre soumis\u202fdirectement au festival.\u00a0<\/em><\/p>\n<p style=\"text-align: center;\"><em>\u00a0<\/em><\/p>\n<p>&nbsp;<\/p>\n<h5><span data-ccp-props=\"{&quot;201341983&quot;:0,&quot;335559739&quot;:0,&quot;335559740&quot;:240}\">\u00a0<\/span><b><span data-contrast=\"none\">Dates limites d\u2019inscription<\/span><\/b><span data-ccp-props=\"{&quot;201341983&quot;:0,&quot;335559739&quot;:0,&quot;335559740&quot;:240}\">\u00a0<\/span><\/h5>\n<ul>\n<li><span data-contrast=\"none\"><strong>Date r\u00e9guli\u00e8re:<\/strong>\u00a03 juillet 2022, pour les films termin\u00e9s en 2021 (apr\u00e8s le 1<\/span><span data-contrast=\"none\">er<\/span><span data-contrast=\"none\"> octobre)<\/span><span data-ccp-props=\"{&quot;201341983&quot;:2,&quot;335559739&quot;:0,&quot;335559740&quot;:336}\">\u00a0<\/span><\/li>\n<li><span data-contrast=\"none\"><strong>Date finale: <\/strong>3 octobre 2022 pour les films r\u00e9alis\u00e9s en 2022<\/span><span data-ccp-props=\"{&quot;201341983&quot;:2,&quot;335559739&quot;:0,&quot;335559740&quot;:336}\">\u00a0<\/span><\/li>\n<\/ul>\n<p><span data-ccp-props=\"{&quot;201341983&quot;:0,&quot;335559739&quot;:0,&quot;335559740&quot;:240}\">\u00a0<\/span><\/p>\n<p>&nbsp;<\/p>\n<h5><b><span data-contrast=\"auto\">\u00c0 propos<\/span><\/b><span data-ccp-props=\"{&quot;201341983&quot;:0,&quot;335559739&quot;:0,&quot;335559740&quot;:240}\">\u00a0<\/span><\/h5>\n<p><span data-contrast=\"auto\">Le Festival de Clermont-Ferrand est le plus important festival pour le court m\u00e9trage au monde. Les films s\u00e9lectionn\u00e9s en\u202f<\/span><b><span data-contrast=\"auto\">comp\u00e9tition internationale<\/span><\/b><span data-contrast=\"auto\">\u202fsont \u00e9ligibles \u00e0 plusieurs prix en argent, dont un Grand Prix pour le meilleur film accompagn\u00e9 de 5\u202f000\u202f\u20ac offert au\u00b7x\u00b7\u00e0 la r\u00e9alisateur\u00b7trice\u00b7s. Le festival du court m\u00e9trage de Clermont-Ferrand qualifie pour les Oscars\u00ae.<\/span><span data-ccp-props=\"{&quot;201341983&quot;:0,&quot;335559737&quot;:-360,&quot;335559739&quot;:0,&quot;335559740&quot;:240}\">\u00a0<\/span><\/p>\n<p><span data-contrast=\"auto\">En parall\u00e8le au festival prend place le\u202f<\/span><b><span data-contrast=\"auto\">38<\/span><\/b><b><span data-contrast=\"auto\">e<\/span><\/b><b><span data-contrast=\"auto\">\u202fMarch\u00e9 du Film Court,<\/span><\/b><span data-contrast=\"auto\">\u202flieu de rencontres et d\u2019\u00e9changes professionnels consacr\u00e9 au court m\u00e9trage. Le March\u00e9 du Film Court de Clermont-Ferrand a pour mission de favoriser l\u2019activit\u00e9 \u00e9conomique et les rencontres professionnelles dans le domaine du court m\u00e9trage. C\u2019est un espace d\u2019accueil, de promotion et de mise en relation unique au monde. Tous les films inscrits \u00e0 la comp\u00e9tition internationale du festival du court m\u00e9trage de Clermont-Ferrand, retenus ou non pour les comp\u00e9titions officielles, seront r\u00e9f\u00e9renc\u00e9s dans le catalogue num\u00e9rique du March\u00e9 du Film Court.<\/span><span data-ccp-props=\"{&quot;201341983&quot;:0,&quot;335559737&quot;:-360,&quot;335559739&quot;:0,&quot;335559740&quot;:240}\">\u00a0<\/span><\/p>\n<p><span data-contrast=\"auto\">\u202f<\/span><span data-ccp-props=\"{&quot;201341983&quot;:0,&quot;335559737&quot;:-360,&quot;335559739&quot;:0,&quot;335559740&quot;:240}\">\u00a0<\/span><\/p>\n<p><span data-contrast=\"auto\">T\u00e9l\u00e9film Canada reconna\u00eet la s\u00e9lection d\u2019un court m\u00e9trage dans ce festival pour une demande de soutien dans le cadre du <\/span><strong><a href=\"https:\/\/telefilm.ca\/fr\/financement\/mise-en-marche-internationale\">Programme de promotion internationale.<\/a><\/strong><span data-contrast=\"auto\">\u00a0<\/span><span data-ccp-props=\"{&quot;201341983&quot;:0,&quot;335559739&quot;:200,&quot;335559740&quot;:276}\">\u00a0<\/span><\/p>\n<p><span data-ccp-props=\"{&quot;201341983&quot;:0,&quot;335559739&quot;:0,&quot;335559740&quot;:240}\">\u00a0<\/span><\/p>\n<p>&nbsp;<\/p>\n<p><b><span data-contrast=\"none\">Promotion et communications<\/span><\/b><br \/>\n<span data-contrast=\"none\">T\u00e9l\u00e9film Canada, Montr\u00e9al<\/span><br \/>\n<a href=\"mailto:festivals@telefilm.ca\"><span data-contrast=\"none\">festivals@telefilm.ca<\/span><\/a><br \/>\n<span data-contrast=\"none\">1 800 567-0890<\/span><span data-ccp-props=\"{&quot;201341983&quot;:0,&quot;335559739&quot;:0,&quot;335559740&quot;:240}\">\u00a0<\/span><\/p>\n<\/div>","protected":false},"template":"","categorie_appel_inscription":[14,15],"class_list":["post-94379","appel-inscription","type-appel-inscription","status-publish","hentry","categorie_appel_inscription-festival-fr","categorie_appel_inscription-festival-court-metrages"],"acf":{"date_debut":"20230127","date_fin":"20230104","ville":"Clermont-Ferrand","pays":"France","edition":"45e","deadlines":[{"description":"Date r\u00e9guli\u00e8re pour les films termin\u00e9s apr\u00e8s le 1er octobre 2021","date":"20220703"},{"description":"Date finale pour les films r\u00e9alis\u00e9s en 2022","date":"20221003"}]},"yoast_head":"<!-- This site is optimized with the Yoast SEO plugin v28.4 - https:\/\/yoast.com\/product\/yoast-seo-wordpress\/ -->\n<title>45e Festival du court m\u00e9trage de Clermont-Ferrand\u00a0 | T\u00e9l\u00e9film Canada<\/title>\n<meta name=\"robots\" content=\"index, follow, max-snippet:-1, max-image-preview:large, max-video-preview:-1\" \/>\n<link rel=\"canonical\" href=\"https:\/\/telefilm.ca\/fr\/appel-inscription\/45e-festival-du-court-metrage-de-clermont-ferrand\" \/>\n<meta property=\"og:locale\" content=\"fr_CA\" \/>\n<meta property=\"og:type\" content=\"article\" \/>\n<meta property=\"og:title\" content=\"45e Festival du court m\u00e9trage de Clermont-Ferrand\u00a0 | T\u00e9l\u00e9film Canada\" \/>\n<meta property=\"og:description\" content=\"Appel d\u2019inscriptions\u00a0 (Courts m\u00e9trages, tous genres)\u00a0 \u00a0 Le\u202fFestival du Court M\u00e9trage de Clermont-Ferrand\u202faccepte pr\u00e9sentement les inscriptions pour sa prochaine \u00e9dition.\u00a0 \u00a0 d\u00e9tails Comp\u00e9titif\u202f: Oui\u00a0 Frais d\u2019inscription\u202f: Non\u00a0 &nbsp; ADMISSIBILIT\u00c9\u202f Veuillez consulter le site du festival.\u00a0 \u00a0 SOUMETTRE ICI Veuillez noter que les films doivent \u00eatre soumis\u202fdirectement au festival.\u00a0 \u00a0 &nbsp; \u00a0Dates limites d\u2019inscription\u00a0 Date r\u00e9guli\u00e8re:\u00a03 [&hellip;]\" \/>\n<meta property=\"og:url\" content=\"https:\/\/telefilm.ca\/fr\/appel-inscription\/45e-festival-du-court-metrage-de-clermont-ferrand\" \/>\n<meta property=\"og:site_name\" content=\"T\u00e9l\u00e9film Canada\" \/>\n<meta property=\"article:publisher\" content=\"https:\/\/www.facebook.com\/TelefilmCanada\/\" \/>\n<meta property=\"article:modified_time\" content=\"2022-08-03T02:02:17+00:00\" \/>\n<meta property=\"og:image\" content=\"https:\/\/telefilm.ca\/wp-content\/uploads\/2026\/08\/og-image-t-1200x675-1.png\" \/>\n\t<meta property=\"og:image:width\" content=\"1200\" \/>\n\t<meta property=\"og:image:height\" content=\"675\" \/>\n\t<meta property=\"og:image:type\" content=\"image\/png\" \/>\n<meta name=\"twitter:card\" content=\"summary_large_image\" \/>\n<meta name=\"twitter:site\" content=\"@Telefilm_Canada\" \/>\n<meta name=\"twitter:label1\" content=\"Estimation du temps de lecture\" \/>\n\t<meta name=\"twitter:data1\" content=\"1 minute\" \/>\n<script type=\"application\/ld+json\" class=\"yoast-schema-graph\">{\"@context\":\"https:\\\/\\\/schema.org\",\"@graph\":[{\"@type\":\"WebPage\",\"@id\":\"https:\\\/\\\/telefilm.ca\\\/fr\\\/appel-inscription\\\/45e-festival-du-court-metrage-de-clermont-ferrand\",\"url\":\"https:\\\/\\\/telefilm.ca\\\/fr\\\/appel-inscription\\\/45e-festival-du-court-metrage-de-clermont-ferrand\",\"name\":\"45e Festival du court m\u00e9trage de Clermont-Ferrand\u00a0 | T\u00e9l\u00e9film Canada\",\"isPartOf\":{\"@id\":\"https:\\\/\\\/telefilm.ca\\\/fr#website\"},\"datePublished\":\"2022-06-13T15:08:43+00:00\",\"dateModified\":\"2022-08-03T02:02:17+00:00\",\"breadcrumb\":{\"@id\":\"https:\\\/\\\/telefilm.ca\\\/fr\\\/appel-inscription\\\/45e-festival-du-court-metrage-de-clermont-ferrand#breadcrumb\"},\"inLanguage\":\"fr-CA\",\"potentialAction\":[{\"@type\":\"ReadAction\",\"target\":[\"https:\\\/\\\/telefilm.ca\\\/fr\\\/appel-inscription\\\/45e-festival-du-court-metrage-de-clermont-ferrand\"]}]},{\"@type\":\"BreadcrumbList\",\"@id\":\"https:\\\/\\\/telefilm.ca\\\/fr\\\/appel-inscription\\\/45e-festival-du-court-metrage-de-clermont-ferrand#breadcrumb\",\"itemListElement\":[{\"@type\":\"ListItem\",\"position\":1,\"name\":\"Accueil\",\"item\":\"https:\\\/\\\/telefilm.ca\\\/fr\"},{\"@type\":\"ListItem\",\"position\":2,\"name\":\"Calls for Entry\",\"item\":\"https:\\\/\\\/telefilm.ca\\\/fr\\\/appel-inscription\"},{\"@type\":\"ListItem\",\"position\":3,\"name\":\"45e Festival du court m\u00e9trage de Clermont-Ferrand\u00a0\"}]},{\"@type\":\"WebSite\",\"@id\":\"https:\\\/\\\/telefilm.ca\\\/fr#website\",\"url\":\"https:\\\/\\\/telefilm.ca\\\/fr\",\"name\":\"T\u00e9l\u00e9film Canada\",\"description\":\"Partenaire de choix\",\"publisher\":{\"@id\":\"https:\\\/\\\/telefilm.ca\\\/fr#organization\"},\"potentialAction\":[{\"@type\":\"SearchAction\",\"target\":{\"@type\":\"EntryPoint\",\"urlTemplate\":\"https:\\\/\\\/telefilm.ca\\\/fr?s={search_term_string}\"},\"query-input\":{\"@type\":\"PropertyValueSpecification\",\"valueRequired\":true,\"valueName\":\"search_term_string\"}}],\"inLanguage\":\"fr-CA\"},{\"@type\":\"Organization\",\"@id\":\"https:\\\/\\\/telefilm.ca\\\/fr#organization\",\"name\":\"Telefilm Canada\",\"url\":\"https:\\\/\\\/telefilm.ca\\\/fr\",\"logo\":{\"@type\":\"ImageObject\",\"inLanguage\":\"fr-CA\",\"@id\":\"https:\\\/\\\/telefilm.ca\\\/fr#\\\/schema\\\/logo\\\/image\\\/\",\"url\":\"https:\\\/\\\/telefilm.ca\\\/wp-content\\\/uploads\\\/2026\\\/05\\\/cropped-tfc_favicon_512.png\",\"contentUrl\":\"https:\\\/\\\/telefilm.ca\\\/wp-content\\\/uploads\\\/2026\\\/05\\\/cropped-tfc_favicon_512.png\",\"width\":512,\"height\":512,\"caption\":\"Telefilm Canada\"},\"image\":{\"@id\":\"https:\\\/\\\/telefilm.ca\\\/fr#\\\/schema\\\/logo\\\/image\\\/\"},\"sameAs\":[\"https:\\\/\\\/www.facebook.com\\\/TelefilmCanada\\\/\",\"https:\\\/\\\/x.com\\\/Telefilm_Canada\",\"https:\\\/\\\/www.instagram.com\\\/telefilm_canada\\\/\",\"https:\\\/\\\/www.linkedin.com\\\/company\\\/telefilm-canada\\\/\",\"https:\\\/\\\/www.youtube.com\\\/user\\\/telefilmcanada\"]}]}<\/script>\n<!-- \/ Yoast SEO plugin. -->","yoast_head_json":{"title":"45e Festival du court m\u00e9trage de Clermont-Ferrand\u00a0 | T\u00e9l\u00e9film Canada","robots":{"index":"index","follow":"follow","max-snippet":"max-snippet:-1","max-image-preview":"max-image-preview:large","max-video-preview":"max-video-preview:-1"},"canonical":"https:\/\/telefilm.ca\/fr\/appel-inscription\/45e-festival-du-court-metrage-de-clermont-ferrand","og_locale":"fr_CA","og_type":"article","og_title":"45e Festival du court m\u00e9trage de Clermont-Ferrand\u00a0 | T\u00e9l\u00e9film Canada","og_description":"Appel d\u2019inscriptions\u00a0 (Courts m\u00e9trages, tous genres)\u00a0 \u00a0 Le\u202fFestival du Court M\u00e9trage de Clermont-Ferrand\u202faccepte pr\u00e9sentement les inscriptions pour sa prochaine \u00e9dition.\u00a0 \u00a0 d\u00e9tails Comp\u00e9titif\u202f: Oui\u00a0 Frais d\u2019inscription\u202f: Non\u00a0 &nbsp; ADMISSIBILIT\u00c9\u202f Veuillez consulter le site du festival.\u00a0 \u00a0 SOUMETTRE ICI Veuillez noter que les films doivent \u00eatre soumis\u202fdirectement au festival.\u00a0 \u00a0 &nbsp; \u00a0Dates limites d\u2019inscription\u00a0 Date r\u00e9guli\u00e8re:\u00a03 [&hellip;]","og_url":"https:\/\/telefilm.ca\/fr\/appel-inscription\/45e-festival-du-court-metrage-de-clermont-ferrand","og_site_name":"T\u00e9l\u00e9film Canada","article_publisher":"https:\/\/www.facebook.com\/TelefilmCanada\/","article_modified_time":"2022-08-03T02:02:17+00:00","og_image":[{"width":1200,"height":675,"url":"https:\/\/telefilm.ca\/wp-content\/uploads\/2026\/08\/og-image-t-1200x675-1.png","type":"image\/png"}],"twitter_card":"summary_large_image","twitter_site":"@Telefilm_Canada","twitter_misc":{"Estimation du temps de lecture":"1 minute"},"schema":{"@context":"https:\/\/schema.org","@graph":[{"@type":"WebPage","@id":"https:\/\/telefilm.ca\/fr\/appel-inscription\/45e-festival-du-court-metrage-de-clermont-ferrand","url":"https:\/\/telefilm.ca\/fr\/appel-inscription\/45e-festival-du-court-metrage-de-clermont-ferrand","name":"45e Festival du court m\u00e9trage de Clermont-Ferrand\u00a0 | T\u00e9l\u00e9film Canada","isPartOf":{"@id":"https:\/\/telefilm.ca\/fr#website"},"datePublished":"2022-06-13T15:08:43+00:00","dateModified":"2022-08-03T02:02:17+00:00","breadcrumb":{"@id":"https:\/\/telefilm.ca\/fr\/appel-inscription\/45e-festival-du-court-metrage-de-clermont-ferrand#breadcrumb"},"inLanguage":"fr-CA","potentialAction":[{"@type":"ReadAction","target":["https:\/\/telefilm.ca\/fr\/appel-inscription\/45e-festival-du-court-metrage-de-clermont-ferrand"]}]},{"@type":"BreadcrumbList","@id":"https:\/\/telefilm.ca\/fr\/appel-inscription\/45e-festival-du-court-metrage-de-clermont-ferrand#breadcrumb","itemListElement":[{"@type":"ListItem","position":1,"name":"Accueil","item":"https:\/\/telefilm.ca\/fr"},{"@type":"ListItem","position":2,"name":"Calls for Entry","item":"https:\/\/telefilm.ca\/fr\/appel-inscription"},{"@type":"ListItem","position":3,"name":"45e Festival du court m\u00e9trage de Clermont-Ferrand\u00a0"}]},{"@type":"WebSite","@id":"https:\/\/telefilm.ca\/fr#website","url":"https:\/\/telefilm.ca\/fr","name":"T\u00e9l\u00e9film Canada","description":"Partenaire de choix","publisher":{"@id":"https:\/\/telefilm.ca\/fr#organization"},"potentialAction":[{"@type":"SearchAction","target":{"@type":"EntryPoint","urlTemplate":"https:\/\/telefilm.ca\/fr?s={search_term_string}"},"query-input":{"@type":"PropertyValueSpecification","valueRequired":true,"valueName":"search_term_string"}}],"inLanguage":"fr-CA"},{"@type":"Organization","@id":"https:\/\/telefilm.ca\/fr#organization","name":"Telefilm Canada","url":"https:\/\/telefilm.ca\/fr","logo":{"@type":"ImageObject","inLanguage":"fr-CA","@id":"https:\/\/telefilm.ca\/fr#\/schema\/logo\/image\/","url":"https:\/\/telefilm.ca\/wp-content\/uploads\/2026\/05\/cropped-tfc_favicon_512.png","contentUrl":"https:\/\/telefilm.ca\/wp-content\/uploads\/2026\/05\/cropped-tfc_favicon_512.png","width":512,"height":512,"caption":"Telefilm Canada"},"image":{"@id":"https:\/\/telefilm.ca\/fr#\/schema\/logo\/image\/"},"sameAs":["https:\/\/www.facebook.com\/TelefilmCanada\/","https:\/\/x.com\/Telefilm_Canada","https:\/\/www.instagram.com\/telefilm_canada\/","https:\/\/www.linkedin.com\/company\/telefilm-canada\/","https:\/\/www.youtube.com\/user\/telefilmcanada"]}]}},"wpml_current_locale":"fr_CA","wpml_translations":[{"locale":"en_CA","id":94378,"post_title":"45th Clermont-Ferrand Short Film Festival","href":"https:\/\/telefilm.ca\/en\/45th-clermont-ferrand-short-film-festival\/"}],"_links":{"self":[{"href":"https:\/\/telefilm.ca\/fr\/wp-json\/wp\/v2\/appel-inscription\/94379","targetHints":{"allow":["GET"]}}],"collection":[{"href":"https:\/\/telefilm.ca\/fr\/wp-json\/wp\/v2\/appel-inscription"}],"about":[{"href":"https:\/\/telefilm.ca\/fr\/wp-json\/wp\/v2\/types\/appel-inscription"}],"version-history":[{"count":0,"href":"https:\/\/telefilm.ca\/fr\/wp-json\/wp\/v2\/appel-inscription\/94379\/revisions"}],"wp:attachment":[{"href":"https:\/\/telefilm.ca\/fr\/wp-json\/wp\/v2\/media?parent=94379"}],"wp:term":[{"taxonomy":"categorie_appel_inscription","embeddable":true,"href":"https:\/\/telefilm.ca\/fr\/wp-json\/wp\/v2\/categorie_appel_inscription?post=94379"}],"curies":[{"name":"wp","href":"https:\/\/api.w.org\/{rel}","templated":true}]}}