{"id":96110,"date":"2022-07-05T14:57:29","date_gmt":"2022-07-05T14:57:29","guid":{"rendered":"https:\/\/telefilm.ca\/appel-inscription\/46e-festival-international-du-film-de-goteborg"},"modified":"2022-08-03T02:01:19","modified_gmt":"2022-08-03T02:01:19","slug":"46e-festival-international-du-film-de-goteborg","status":"publish","type":"appel-inscription","link":"https:\/\/telefilm.ca\/fr\/appel-inscription\/46e-festival-international-du-film-de-goteborg","title":{"rendered":"46e Festival international du film de G\u00f6teborg\u00a0"},"content":{"rendered":"<div class=\"editor-content\"><h4><b><span data-contrast=\"auto\">Appel d\u2019inscriptions\u00a0<\/span><\/b><span data-ccp-props=\"{}\">\u00a0<\/span><\/h4>\n<p class=\"wp-block-paragraph\"><em><b>(Longs m\u00e9trages, tous genres)<\/b>\u00a0<\/em><\/p>\n<p><span data-ccp-props=\"{}\">\u00a0<\/span><\/p>\n<p><span data-contrast=\"auto\">Le <\/span><a href=\"https:\/\/goteborgfilmfestival.se\/en\/\"><b><span data-contrast=\"none\">Festival international du film de G\u00f6teborg<\/span><\/b><\/a><span data-contrast=\"auto\"> accepte pr\u00e9sentement les inscriptions pour son \u00e9dition 2023.<\/span><span data-ccp-props=\"{}\">\u00a0<\/span><\/p>\n<p><b><span data-contrast=\"auto\">Veuillez noter que les films doivent \u00eatre soumis <\/span><\/b><a href=\"https:\/\/goteborgfilmfestival.se\/en\/submissions\/\"><b><span data-contrast=\"none\">directement au festival<\/span><\/b><\/a>.<\/p>\n<p><span data-ccp-props=\"{&quot;134233117&quot;:false,&quot;134233118&quot;:false,&quot;335559738&quot;:0,&quot;335559739&quot;:0}\">\u00a0<\/span><\/p>\n<h5 id=\"details\">d\u00e9tails<\/h5>\n<ul>\n<li><span data-contrast=\"auto\"><strong>Comp\u00e9titif\u202f:<\/strong> Oui<\/span><span data-ccp-props=\"{&quot;134233117&quot;:false,&quot;134233118&quot;:false,&quot;335559738&quot;:0,&quot;335559739&quot;:0}\">\u00a0<\/span><\/li>\n<li><span data-contrast=\"auto\"><strong>Frais d\u2019inscription\u202f:<\/strong> <\/span><span data-contrast=\"none\">35 EUR<\/span><\/li>\n<\/ul>\n<p>&nbsp;<\/p>\n<h5><b><span data-contrast=\"auto\">admissibilit\u00e9<\/span><\/b><span data-ccp-props=\"{&quot;134233117&quot;:false,&quot;134233118&quot;:false,&quot;335551550&quot;:6,&quot;335551620&quot;:6,&quot;335559737&quot;:-360,&quot;335559738&quot;:0,&quot;335559739&quot;:0}\">\u00a0<\/span><\/h5>\n<p>Veuillez <a href=\"https:\/\/goteborgfilmfestival.se\/en\/submissions\/international-submission-terms-and-conditions\/\"><b><span data-contrast=\"none\">consulter le site du festival<\/span><\/b><\/a><span data-ccp-props=\"{&quot;134233117&quot;:false,&quot;134233118&quot;:false,&quot;335551550&quot;:6,&quot;335551620&quot;:6,&quot;335559737&quot;:-360,&quot;335559738&quot;:0,&quot;335559739&quot;:0}\"> pour les crit\u00e8res d&#8217;admissibilit\u00e9.<\/span><\/p>\n<p>&nbsp;<\/p>\n<h5 style=\"text-align: center;\"><a href=\"https:\/\/goteborgfilmfestival.se\/en\/submissions\/\">soumettre ici<\/a><\/h5>\n<p><span data-ccp-props=\"{&quot;335551550&quot;:6,&quot;335551620&quot;:6}\">\u00a0<\/span><\/p>\n<h5><b><span data-contrast=\"auto\">\u00c0 PROPOS<\/span><\/b><span data-ccp-props=\"{&quot;335551550&quot;:6,&quot;335551620&quot;:6}\">\u00a0<\/span><\/h5>\n<p><span data-contrast=\"auto\">Lanc\u00e9 en 1979, le <\/span><b><span data-contrast=\"auto\">Festival de G\u00f6teborg<\/span><\/b><span data-contrast=\"auto\"> est devenu le plus important festival de films public en Scandinavie. Chaque ann\u00e9e, quelque 450 films provenant de pr\u00e8s de 90 pays sont pr\u00e9sent\u00e9s et le festival enregistre 160 000 entr\u00e9es. Le festival organise plusieurs initiatives r\u00e9serv\u00e9es aux producteurs, acheteurs, etc. auxquels participent 1800 professionnels, faisant du festival un haut lieu de rencontre.\u00a0<\/span><span data-ccp-props=\"{&quot;134233117&quot;:false,&quot;134233118&quot;:false,&quot;335551550&quot;:6,&quot;335551620&quot;:6,&quot;335559737&quot;:-360,&quot;335559738&quot;:0,&quot;335559739&quot;:0}\">\u00a0<\/span><\/p>\n<p><span data-contrast=\"auto\">Le festival comprend deux comp\u00e9titions internationales\u202f:<\/span><span data-ccp-props=\"{&quot;134233117&quot;:false,&quot;134233118&quot;:false,&quot;335551550&quot;:6,&quot;335551620&quot;:6,&quot;335559737&quot;:-360,&quot;335559738&quot;:0,&quot;335559739&quot;:0}\">\u00a0<\/span><\/p>\n<ul>\n<li data-leveltext=\"-\" data-font=\"Verdana\" data-listid=\"11\" data-list-defn-props=\"{&quot;335551671&quot;:514,&quot;335552541&quot;:1,&quot;335559684&quot;:-2,&quot;335559685&quot;:720,&quot;335559991&quot;:360,&quot;469769226&quot;:&quot;Verdana&quot;,&quot;469769242&quot;:[8226],&quot;469777803&quot;:&quot;left&quot;,&quot;469777804&quot;:&quot;-&quot;,&quot;469777815&quot;:&quot;hybridMultilevel&quot;}\" aria-setsize=\"-1\" data-aria-posinset=\"514\" data-aria-level=\"1\"><span data-contrast=\"auto\">La comp\u00e9tition \u00ab\u202fIngmar Bergman\u202f\u00bb<\/span> <span data-contrast=\"auto\">r\u00e9serv\u00e9e <\/span><b><span data-contrast=\"auto\">aux premiers ou deuxi\u00e8mes<\/span><\/b> <b><span data-contrast=\"auto\">longs m\u00e9trages <\/span><\/b><span data-contrast=\"auto\">de fiction ou documentaire.<\/span><span data-ccp-props=\"{&quot;134233117&quot;:true,&quot;134233118&quot;:true,&quot;335551550&quot;:6,&quot;335551620&quot;:6,&quot;335559737&quot;:-360}\">\u00a0<\/span><\/li>\n<li data-leveltext=\"-\" data-font=\"Verdana\" data-listid=\"11\" data-list-defn-props=\"{&quot;335551671&quot;:514,&quot;335552541&quot;:1,&quot;335559684&quot;:-2,&quot;335559685&quot;:720,&quot;335559991&quot;:360,&quot;469769226&quot;:&quot;Verdana&quot;,&quot;469769242&quot;:[8226],&quot;469777803&quot;:&quot;left&quot;,&quot;469777804&quot;:&quot;-&quot;,&quot;469777815&quot;:&quot;hybridMultilevel&quot;}\" aria-setsize=\"-1\" data-aria-posinset=\"514\" data-aria-level=\"1\"><span data-contrast=\"auto\">La comp\u00e9tition avec le <\/span><i><span data-contrast=\"auto\">Dragon Award<\/span><\/i><span data-contrast=\"auto\"> destin\u00e9e \u00e0 tous longs m\u00e9trages non scandinaves, ayant remport\u00e9 un succ\u00e8s sur le circuit des festivals ou alors pr\u00e9sent\u00e9s en primeur.<\/span><span data-contrast=\"auto\">\u00a0<\/span><span data-ccp-props=\"{}\">\u00a0<\/span><\/li>\n<\/ul>\n<p><span data-contrast=\"auto\">En 2021, un long m\u00e9trage canadien a \u00e9t\u00e9 s\u00e9lectionn\u00e9: <\/span><b><i><span data-contrast=\"auto\">La nuit des rois<\/span><\/i><\/b><span data-contrast=\"auto\"> (Philippe Lac\u00f4te), et deux courts m\u00e9trages : <\/span><b><i><span data-contrast=\"auto\">Cnfnmnt e\/scp(i)sm<\/span><\/i><\/b><span data-contrast=\"auto\"> (Denis C\u00f4t\u00e9) et <\/span><b><i><span data-contrast=\"auto\">We Are in This Apart<\/span><\/i><\/b><span data-contrast=\"auto\"> (Yung Chang).<\/span><span data-ccp-props=\"{&quot;134233117&quot;:false,&quot;134233118&quot;:false,&quot;335551550&quot;:6,&quot;335551620&quot;:6,&quot;335559737&quot;:-360,&quot;335559738&quot;:0,&quot;335559739&quot;:0}\">\u00a0<\/span><\/p>\n<p><span data-ccp-props=\"{&quot;134233117&quot;:false,&quot;134233118&quot;:false,&quot;335551550&quot;:6,&quot;335551620&quot;:6,&quot;335559737&quot;:-360,&quot;335559738&quot;:0,&quot;335559739&quot;:0}\">\u00a0<\/span><\/p>\n<p><span data-contrast=\"none\"><strong>T\u00e9l\u00e9film Canada reconna\u00eet la participation d\u2019un long m\u00e9trage \u00e0 ce festival et peut offrir une aide par l\u2019entremise de son<\/strong>\u202f<\/span><a href=\"https:\/\/telefilm.ca\/fr\/financement\/mise-en-marche-internationale\"><b><span data-contrast=\"none\">Programme de promotion internationale.<\/span><\/b><\/a><span data-ccp-props=\"{&quot;134233117&quot;:false,&quot;134233118&quot;:false,&quot;335551550&quot;:6,&quot;335551620&quot;:6,&quot;335559737&quot;:-360,&quot;335559738&quot;:0,&quot;335559739&quot;:0}\">\u00a0<\/span><\/p>\n<p><span data-ccp-props=\"{&quot;134233117&quot;:false,&quot;134233118&quot;:false,&quot;335551550&quot;:6,&quot;335551620&quot;:6,&quot;335559737&quot;:-360,&quot;335559738&quot;:0,&quot;335559739&quot;:0}\">\u00a0<\/span><\/p>\n<p>&nbsp;<\/p>\n<p><b><span data-contrast=\"none\">Promotion et communications<\/span><\/b><br \/>\n<span data-contrast=\"none\">T\u00e9l\u00e9film Canada, Montr\u00e9al<\/span><br \/>\n<strong><a href=\"mailto:festivals@telefilm.ca\">festivals@telefilm.ca<\/a>\u00a0<\/strong><br \/>\n<span data-contrast=\"none\">1 800 567-0890<\/span><span data-ccp-props=\"{&quot;134233117&quot;:false,&quot;134233118&quot;:false,&quot;335559737&quot;:-360,&quot;335559738&quot;:0,&quot;335559739&quot;:0}\">\u00a0<\/span><\/p>\n<\/div>","protected":false},"template":"","categorie_appel_inscription":[14],"class_list":["post-96110","appel-inscription","type-appel-inscription","status-publish","hentry","categorie_appel_inscription-festival-fr"],"acf":{"date_debut":"20230127","date_fin":"20230205","ville":"G\u00f6teborg","pays":"Su\u00e8de","edition":"","deadlines":[{"description":"Date limite d\u2019inscription","date":"20221006"}]},"yoast_head":"<!-- This site is optimized with the Yoast SEO plugin v28.4 - https:\/\/yoast.com\/product\/yoast-seo-wordpress\/ -->\n<title>46e Festival international du film de G\u00f6teborg\u00a0 | T\u00e9l\u00e9film Canada<\/title>\n<meta name=\"robots\" content=\"index, follow, max-snippet:-1, max-image-preview:large, max-video-preview:-1\" \/>\n<link rel=\"canonical\" href=\"https:\/\/telefilm.ca\/fr\/appel-inscription\/46e-festival-international-du-film-de-goteborg\" \/>\n<meta property=\"og:locale\" content=\"fr_CA\" \/>\n<meta property=\"og:type\" content=\"article\" \/>\n<meta property=\"og:title\" content=\"46e Festival international du film de G\u00f6teborg\u00a0 | T\u00e9l\u00e9film Canada\" \/>\n<meta property=\"og:description\" content=\"Appel d\u2019inscriptions\u00a0\u00a0 (Longs m\u00e9trages, tous genres)\u00a0 \u00a0 Le Festival international du film de G\u00f6teborg accepte pr\u00e9sentement les inscriptions pour son \u00e9dition 2023.\u00a0 Veuillez noter que les films doivent \u00eatre soumis directement au festival. \u00a0 d\u00e9tails Comp\u00e9titif\u202f: Oui\u00a0 Frais d\u2019inscription\u202f: 35 EUR &nbsp; admissibilit\u00e9\u00a0 Veuillez consulter le site du festival pour les crit\u00e8res d&#8217;admissibilit\u00e9. &nbsp; soumettre [&hellip;]\" \/>\n<meta property=\"og:url\" content=\"https:\/\/telefilm.ca\/fr\/appel-inscription\/46e-festival-international-du-film-de-goteborg\" \/>\n<meta property=\"og:site_name\" content=\"T\u00e9l\u00e9film Canada\" \/>\n<meta property=\"article:publisher\" content=\"https:\/\/www.facebook.com\/TelefilmCanada\/\" \/>\n<meta property=\"article:modified_time\" content=\"2022-08-03T02:01:19+00:00\" \/>\n<meta property=\"og:image\" content=\"https:\/\/telefilm.ca\/wp-content\/uploads\/2026\/08\/og-image-t-1200x675-1.png\" \/>\n\t<meta property=\"og:image:width\" content=\"1200\" \/>\n\t<meta property=\"og:image:height\" content=\"675\" \/>\n\t<meta property=\"og:image:type\" content=\"image\/png\" \/>\n<meta name=\"twitter:card\" content=\"summary_large_image\" \/>\n<meta name=\"twitter:site\" content=\"@Telefilm_Canada\" \/>\n<meta name=\"twitter:label1\" content=\"Estimation du temps de lecture\" \/>\n\t<meta name=\"twitter:data1\" content=\"1 minute\" \/>\n<script type=\"application\/ld+json\" class=\"yoast-schema-graph\">{\"@context\":\"https:\\\/\\\/schema.org\",\"@graph\":[{\"@type\":\"WebPage\",\"@id\":\"https:\\\/\\\/telefilm.ca\\\/fr\\\/appel-inscription\\\/46e-festival-international-du-film-de-goteborg\",\"url\":\"https:\\\/\\\/telefilm.ca\\\/fr\\\/appel-inscription\\\/46e-festival-international-du-film-de-goteborg\",\"name\":\"46e Festival international du film de G\u00f6teborg\u00a0 | T\u00e9l\u00e9film Canada\",\"isPartOf\":{\"@id\":\"https:\\\/\\\/telefilm.ca\\\/fr#website\"},\"datePublished\":\"2022-07-05T14:57:29+00:00\",\"dateModified\":\"2022-08-03T02:01:19+00:00\",\"breadcrumb\":{\"@id\":\"https:\\\/\\\/telefilm.ca\\\/fr\\\/appel-inscription\\\/46e-festival-international-du-film-de-goteborg#breadcrumb\"},\"inLanguage\":\"fr-CA\",\"potentialAction\":[{\"@type\":\"ReadAction\",\"target\":[\"https:\\\/\\\/telefilm.ca\\\/fr\\\/appel-inscription\\\/46e-festival-international-du-film-de-goteborg\"]}]},{\"@type\":\"BreadcrumbList\",\"@id\":\"https:\\\/\\\/telefilm.ca\\\/fr\\\/appel-inscription\\\/46e-festival-international-du-film-de-goteborg#breadcrumb\",\"itemListElement\":[{\"@type\":\"ListItem\",\"position\":1,\"name\":\"Accueil\",\"item\":\"https:\\\/\\\/telefilm.ca\\\/fr\"},{\"@type\":\"ListItem\",\"position\":2,\"name\":\"Calls for Entry\",\"item\":\"https:\\\/\\\/telefilm.ca\\\/fr\\\/appel-inscription\"},{\"@type\":\"ListItem\",\"position\":3,\"name\":\"46e Festival international du film de G\u00f6teborg\u00a0\"}]},{\"@type\":\"WebSite\",\"@id\":\"https:\\\/\\\/telefilm.ca\\\/fr#website\",\"url\":\"https:\\\/\\\/telefilm.ca\\\/fr\",\"name\":\"T\u00e9l\u00e9film Canada\",\"description\":\"Partenaire de choix\",\"publisher\":{\"@id\":\"https:\\\/\\\/telefilm.ca\\\/fr#organization\"},\"potentialAction\":[{\"@type\":\"SearchAction\",\"target\":{\"@type\":\"EntryPoint\",\"urlTemplate\":\"https:\\\/\\\/telefilm.ca\\\/fr?s={search_term_string}\"},\"query-input\":{\"@type\":\"PropertyValueSpecification\",\"valueRequired\":true,\"valueName\":\"search_term_string\"}}],\"inLanguage\":\"fr-CA\"},{\"@type\":\"Organization\",\"@id\":\"https:\\\/\\\/telefilm.ca\\\/fr#organization\",\"name\":\"Telefilm Canada\",\"url\":\"https:\\\/\\\/telefilm.ca\\\/fr\",\"logo\":{\"@type\":\"ImageObject\",\"inLanguage\":\"fr-CA\",\"@id\":\"https:\\\/\\\/telefilm.ca\\\/fr#\\\/schema\\\/logo\\\/image\\\/\",\"url\":\"https:\\\/\\\/telefilm.ca\\\/wp-content\\\/uploads\\\/2026\\\/05\\\/cropped-tfc_favicon_512.png\",\"contentUrl\":\"https:\\\/\\\/telefilm.ca\\\/wp-content\\\/uploads\\\/2026\\\/05\\\/cropped-tfc_favicon_512.png\",\"width\":512,\"height\":512,\"caption\":\"Telefilm Canada\"},\"image\":{\"@id\":\"https:\\\/\\\/telefilm.ca\\\/fr#\\\/schema\\\/logo\\\/image\\\/\"},\"sameAs\":[\"https:\\\/\\\/www.facebook.com\\\/TelefilmCanada\\\/\",\"https:\\\/\\\/x.com\\\/Telefilm_Canada\",\"https:\\\/\\\/www.instagram.com\\\/telefilm_canada\\\/\",\"https:\\\/\\\/www.linkedin.com\\\/company\\\/telefilm-canada\\\/\",\"https:\\\/\\\/www.youtube.com\\\/user\\\/telefilmcanada\"]}]}<\/script>\n<!-- \/ Yoast SEO plugin. -->","yoast_head_json":{"title":"46e Festival international du film de G\u00f6teborg\u00a0 | T\u00e9l\u00e9film Canada","robots":{"index":"index","follow":"follow","max-snippet":"max-snippet:-1","max-image-preview":"max-image-preview:large","max-video-preview":"max-video-preview:-1"},"canonical":"https:\/\/telefilm.ca\/fr\/appel-inscription\/46e-festival-international-du-film-de-goteborg","og_locale":"fr_CA","og_type":"article","og_title":"46e Festival international du film de G\u00f6teborg\u00a0 | T\u00e9l\u00e9film Canada","og_description":"Appel d\u2019inscriptions\u00a0\u00a0 (Longs m\u00e9trages, tous genres)\u00a0 \u00a0 Le Festival international du film de G\u00f6teborg accepte pr\u00e9sentement les inscriptions pour son \u00e9dition 2023.\u00a0 Veuillez noter que les films doivent \u00eatre soumis directement au festival. \u00a0 d\u00e9tails Comp\u00e9titif\u202f: Oui\u00a0 Frais d\u2019inscription\u202f: 35 EUR &nbsp; admissibilit\u00e9\u00a0 Veuillez consulter le site du festival pour les crit\u00e8res d&#8217;admissibilit\u00e9. &nbsp; soumettre [&hellip;]","og_url":"https:\/\/telefilm.ca\/fr\/appel-inscription\/46e-festival-international-du-film-de-goteborg","og_site_name":"T\u00e9l\u00e9film Canada","article_publisher":"https:\/\/www.facebook.com\/TelefilmCanada\/","article_modified_time":"2022-08-03T02:01:19+00:00","og_image":[{"width":1200,"height":675,"url":"https:\/\/telefilm.ca\/wp-content\/uploads\/2026\/08\/og-image-t-1200x675-1.png","type":"image\/png"}],"twitter_card":"summary_large_image","twitter_site":"@Telefilm_Canada","twitter_misc":{"Estimation du temps de lecture":"1 minute"},"schema":{"@context":"https:\/\/schema.org","@graph":[{"@type":"WebPage","@id":"https:\/\/telefilm.ca\/fr\/appel-inscription\/46e-festival-international-du-film-de-goteborg","url":"https:\/\/telefilm.ca\/fr\/appel-inscription\/46e-festival-international-du-film-de-goteborg","name":"46e Festival international du film de G\u00f6teborg\u00a0 | T\u00e9l\u00e9film Canada","isPartOf":{"@id":"https:\/\/telefilm.ca\/fr#website"},"datePublished":"2022-07-05T14:57:29+00:00","dateModified":"2022-08-03T02:01:19+00:00","breadcrumb":{"@id":"https:\/\/telefilm.ca\/fr\/appel-inscription\/46e-festival-international-du-film-de-goteborg#breadcrumb"},"inLanguage":"fr-CA","potentialAction":[{"@type":"ReadAction","target":["https:\/\/telefilm.ca\/fr\/appel-inscription\/46e-festival-international-du-film-de-goteborg"]}]},{"@type":"BreadcrumbList","@id":"https:\/\/telefilm.ca\/fr\/appel-inscription\/46e-festival-international-du-film-de-goteborg#breadcrumb","itemListElement":[{"@type":"ListItem","position":1,"name":"Accueil","item":"https:\/\/telefilm.ca\/fr"},{"@type":"ListItem","position":2,"name":"Calls for Entry","item":"https:\/\/telefilm.ca\/fr\/appel-inscription"},{"@type":"ListItem","position":3,"name":"46e Festival international du film de G\u00f6teborg\u00a0"}]},{"@type":"WebSite","@id":"https:\/\/telefilm.ca\/fr#website","url":"https:\/\/telefilm.ca\/fr","name":"T\u00e9l\u00e9film Canada","description":"Partenaire de choix","publisher":{"@id":"https:\/\/telefilm.ca\/fr#organization"},"potentialAction":[{"@type":"SearchAction","target":{"@type":"EntryPoint","urlTemplate":"https:\/\/telefilm.ca\/fr?s={search_term_string}"},"query-input":{"@type":"PropertyValueSpecification","valueRequired":true,"valueName":"search_term_string"}}],"inLanguage":"fr-CA"},{"@type":"Organization","@id":"https:\/\/telefilm.ca\/fr#organization","name":"Telefilm Canada","url":"https:\/\/telefilm.ca\/fr","logo":{"@type":"ImageObject","inLanguage":"fr-CA","@id":"https:\/\/telefilm.ca\/fr#\/schema\/logo\/image\/","url":"https:\/\/telefilm.ca\/wp-content\/uploads\/2026\/05\/cropped-tfc_favicon_512.png","contentUrl":"https:\/\/telefilm.ca\/wp-content\/uploads\/2026\/05\/cropped-tfc_favicon_512.png","width":512,"height":512,"caption":"Telefilm Canada"},"image":{"@id":"https:\/\/telefilm.ca\/fr#\/schema\/logo\/image\/"},"sameAs":["https:\/\/www.facebook.com\/TelefilmCanada\/","https:\/\/x.com\/Telefilm_Canada","https:\/\/www.instagram.com\/telefilm_canada\/","https:\/\/www.linkedin.com\/company\/telefilm-canada\/","https:\/\/www.youtube.com\/user\/telefilmcanada"]}]}},"wpml_current_locale":"fr_CA","wpml_translations":[{"locale":"en_CA","id":96109,"post_title":"46th G\u00f6teborg International Film Festival\u00a0","href":"https:\/\/telefilm.ca\/en\/46th-goteborg-international-film-festival\/"}],"_links":{"self":[{"href":"https:\/\/telefilm.ca\/fr\/wp-json\/wp\/v2\/appel-inscription\/96110","targetHints":{"allow":["GET"]}}],"collection":[{"href":"https:\/\/telefilm.ca\/fr\/wp-json\/wp\/v2\/appel-inscription"}],"about":[{"href":"https:\/\/telefilm.ca\/fr\/wp-json\/wp\/v2\/types\/appel-inscription"}],"version-history":[{"count":0,"href":"https:\/\/telefilm.ca\/fr\/wp-json\/wp\/v2\/appel-inscription\/96110\/revisions"}],"wp:attachment":[{"href":"https:\/\/telefilm.ca\/fr\/wp-json\/wp\/v2\/media?parent=96110"}],"wp:term":[{"taxonomy":"categorie_appel_inscription","embeddable":true,"href":"https:\/\/telefilm.ca\/fr\/wp-json\/wp\/v2\/categorie_appel_inscription?post=96110"}],"curies":[{"name":"wp","href":"https:\/\/api.w.org\/{rel}","templated":true}]}}