{"id":128143,"date":"2022-11-23T14:00:00","date_gmt":"2022-11-23T19:00:00","guid":{"rendered":"https:\/\/telefilm.ca\/?page_id=128143"},"modified":"2026-05-07T12:27:25","modified_gmt":"2026-05-07T16:27:25","slug":"diversite-et-inclusion-2020","status":"publish","type":"page","link":"https:\/\/telefilm.ca\/fr\/qui-nous-sommes\/nos-engagements\/equite-diversite-inclusion-et-accessibilite\/diversite-et-inclusion-2020","title":{"rendered":"Plan d\u2019action 2020 en mati\u00e8re d\u2019\u00e9quit\u00e9, de diversit\u00e9 et d\u2019inclusion"},"content":{"rendered":"<div class=\"editor-content\">\n<p class=\"has-lead-font-size wp-block-paragraph\">En tant que Partenaire de choix, T\u00e9l\u00e9film Canada s\u2019engage \u00e0 favoriser une industrie qui refl\u00e8te une culture de respect mutuel, de dignit\u00e9 et d\u2019inclusion. <\/p>\n\n\n\n<p class=\"has-lead-font-size wp-block-paragraph\">Nous reconnaissons qu\u2019il est plus difficile pour les cr\u00e9atrices et les cr\u00e9ateurs canadiens d\u2019identit\u00e9s sous-repr\u00e9sent\u00e9es d\u2019obtenir du financement, et nous nous engageons fermement \u00e0 mettre en \u0153uvre des mesures concr\u00e8tes pour am\u00e9liorer leur acc\u00e8s \u00e0 une aide financi\u00e8re.<\/p>\n\n\n\n<div class=\"wp-block-group is-layout-flow wp-block-group-is-layout-flow\">\n<h2 class=\"wp-block-heading\" id=\"plan-daction-sur-lequite-et-la-representation\">Plan d\u2019action sur l\u2019\u00e9quit\u00e9 et la repr\u00e9sentation<\/h2>\n\n\n\n<p class=\"wp-block-paragraph\">En nous appuyant sur le cadre \u00e9tabli par le&nbsp;<a href=\"https:\/\/ccdi.ca\/accueil\/\">Centre canadien pour la diversit\u00e9 et l\u2019inclusion (CCDI),<\/a>&nbsp;de m\u00eame que sur nos consultations continues aupr\u00e8s des intervenants de l\u2019ext\u00e9rieur, sur les engagements collectifs de notre personnel, et en r\u00e9ponse \u00e0 l\u2019appel \u00e0 un dialogue public en faveur d\u2019une plus grande inclusion, nous nous sommes engag\u00e9s \u00e0 prendre les mesures suivantes&nbsp;:<\/p>\n\n\n\n<div class=\"wp-block-group is-style-boxed-accordion close act-section act-section--boxed-accordion is-layout-flow wp-block-group-is-layout-flow\">\n<h3 class=\"wp-block-heading act-section__heading is_accordion is-style-little-spacing\"><strong>Cr\u00e9er une culture de respect mutuel, de dignit\u00e9 et d\u2019inclusion pour l\u2019industrie audiovisuelle du Canada.<\/strong><i aria-label=\"Ouvrir cet accord\u00e9on\" class=\"icon far fa-plus\" aria-hidden=\"true\"><\/i> <i aria-label=\"Fermer cet accord\u00e9on\" class=\"icon far fa-minus\" aria-hidden=\"true\"><\/i><\/h3>\n\n\n\n<div class=\"wp-block-group is-style-accordion is-layout-flow wp-block-group-is-layout-flow\">\n<p class=\"wp-block-paragraph\">Revoir et mettre \u00e0 jour les politiques existantes de T\u00e9l\u00e9film dans l\u2019optique de la diversit\u00e9 et de l\u2019inclusion, afin d\u2019abolir le racisme syst\u00e9mique.<\/p>\n<\/div>\n<\/div>\n\n\n\n<div class=\"wp-block-group is-style-boxed-accordion close act-section act-section--boxed-accordion is-layout-flow wp-block-group-is-layout-flow\">\n<h3 class=\"wp-block-heading act-section__heading is_accordion is-style-little-spacing\">Engager un dialogue permanent avec les communaut\u00e9s sous-repr\u00e9sent\u00e9es.<i aria-label=\"Ouvrir cet accord\u00e9on\" class=\"icon far fa-plus\" aria-hidden=\"true\"><\/i> <i aria-label=\"Fermer cet accord\u00e9on\" class=\"icon far fa-minus\" aria-hidden=\"true\"><\/i><\/h3>\n\n\n\n<div class=\"wp-block-group is-style-accordion is-layout-flow wp-block-group-is-layout-flow\">\n<p class=\"wp-block-paragraph\">Proc\u00e9der au lancement du groupe de travail sur l\u2019\u00e9quit\u00e9 et la repr\u00e9sentation afin d\u2019harmoniser les efforts men\u00e9s dans l\u2019ensemble de l\u2019organisation de T\u00e9l\u00e9film pour renforcer la diversit\u00e9 et l\u2019inclusion, en incluant les groupes de travail externes sur la Diversit\u00e9 et l\u2019inclusion, les Autochtones et la Parit\u00e9 hommes-femmes, de m\u00eame que le groupe de travail des employ\u00e9s sur la diversit\u00e9 et l\u2019inclusion.<\/p>\n\n\n\n<p class=\"wp-block-paragraph\">Accro\u00eetre le dialogue gr\u00e2ce \u00e0 des consultations, des programmes et des \u00e9v\u00e9nements et ainsi renforcer les liens avec les communaut\u00e9s sous-repr\u00e9sent\u00e9es.<\/p>\n<\/div>\n<\/div>\n\n\n\n<div class=\"wp-block-group is-style-boxed-accordion close act-section act-section--boxed-accordion is-layout-flow wp-block-group-is-layout-flow\">\n<h3 class=\"wp-block-heading act-section__heading is_accordion is-style-little-spacing\">S\u2019engager \u00e0 constituer une main-d\u2019\u0153uvre diversifi\u00e9e qui refl\u00e8te la soci\u00e9t\u00e9 canadienne.<i aria-label=\"Ouvrir cet accord\u00e9on\" class=\"icon far fa-plus\" aria-hidden=\"true\"><\/i> <i aria-label=\"Fermer cet accord\u00e9on\" class=\"icon far fa-minus\" aria-hidden=\"true\"><\/i><\/h3>\n\n\n\n<div class=\"wp-block-group is-style-accordion is-layout-flow wp-block-group-is-layout-flow\">\n<p class=\"wp-block-paragraph\">Cr\u00e9er quatre nouveaux postes pour des employ\u00e9s noirs, autochtones et de couleur&nbsp;: deux dans l\u2019\u00e9quipe de Financement des projets, un dans l\u2019\u00e9quipe des Relations d\u2019affaires, et un occupant un poste de cadre sup\u00e9rieur relevant de l\u2019\u00c9quipe de leadership de la haute direction.<\/p>\n\n\n\n<p class=\"wp-block-paragraph\">Renforcer les efforts en mati\u00e8re de d\u00e9pistage et de recrutement pour assurer une plus grande diversit\u00e9 et repr\u00e9sentation au sein du personnel de T\u00e9l\u00e9film.<\/p>\n\n\n\n<p class=\"wp-block-paragraph\">Augmenter la formation et l\u2019\u00e9ducation offertes au personnel des quatre bureaux de T\u00e9l\u00e9film.<\/p>\n<\/div>\n<\/div>\n\n\n\n<div class=\"wp-block-group is-style-boxed-accordion close act-section act-section--boxed-accordion is-layout-flow wp-block-group-is-layout-flow\">\n<h3 class=\"wp-block-heading act-section__heading is_accordion is-style-little-spacing\">S\u2019assurer que le personnel de tous les niveaux travaillant \u00e0 T\u00e9l\u00e9film refl\u00e8te la soci\u00e9t\u00e9 canadienne.<i aria-label=\"Ouvrir cet accord\u00e9on\" class=\"icon far fa-plus\" aria-hidden=\"true\"><\/i> <i aria-label=\"Fermer cet accord\u00e9on\" class=\"icon far fa-minus\" aria-hidden=\"true\"><\/i><\/h3>\n\n\n\n<div class=\"wp-block-group is-style-accordion is-layout-flow wp-block-group-is-layout-flow\">\n<p class=\"wp-block-paragraph\">S\u2019engager \u00e0 ce qu\u2019un minimum de 50 % des employ\u00e9s nouvellement embauch\u00e9s dans l\u2019ensemble de l\u2019organisation de T\u00e9l\u00e9film repr\u00e9sentent des identit\u00e9s sous-repr\u00e9sent\u00e9es d\u2019ici 2023 (Noirs, Autochtones, autres personnes racis\u00e9es, personnes ayant une invalidit\u00e9 et 2LGBTQIA+).<\/p>\n\n\n\n<p class=\"wp-block-paragraph\">S\u2019assurer qu\u2019un minimum de 30&nbsp;% des nouveaux employ\u00e9s cadres embauch\u00e9s dans l\u2019ensemble de l\u2019organisation de T\u00e9l\u00e9film repr\u00e9sentent des identit\u00e9s sous-repr\u00e9sent\u00e9es d\u2019ici 2023.<\/p>\n\n\n\n<p class=\"wp-block-paragraph\">Accro\u00eetre le dialogue par le biais de consultations, de programmes et d&#8217;\u00e9v\u00e9nements afin de renforcer les liens avec les communaut\u00e9s sous-repr\u00e9sent\u00e9es.<\/p>\n<\/div>\n<\/div>\n\n\n\n<div class=\"wp-block-group is-style-boxed-accordion close act-section act-section--boxed-accordion is-layout-flow wp-block-group-is-layout-flow\">\n<h3 class=\"wp-block-heading act-section__heading is_accordion is-style-little-spacing\">Prioriser la collecte de donn\u00e9es.<i aria-label=\"Ouvrir cet accord\u00e9on\" class=\"icon far fa-plus\" aria-hidden=\"true\"><\/i> <i aria-label=\"Fermer cet accord\u00e9on\" class=\"icon far fa-minus\" aria-hidden=\"true\"><\/i><\/h3>\n\n\n\n<div class=\"wp-block-group is-style-accordion is-layout-flow wp-block-group-is-layout-flow\">\n<p class=\"wp-block-paragraph\">Recueillir les donn\u00e9es li\u00e9es aux demandes de financement et aux programmes. Consultez la page <a href=\"https:\/\/telefilm.ca\/fr\/qui-nous-sommes\/nos-engagements\/diversite-et-inclusion\/collecte-de-donnees\">Collecte de donn\u00e9es<\/a> pour en savoir plus sur notre initiative en cours.<\/p>\n\n\n\n<p class=\"wp-block-paragraph\">D\u00e9velopper davantage d&#8217;initiatives pour saisir les donn\u00e9es relatives aux communaut\u00e9s sous-repr\u00e9sent\u00e9es dans les demandes de financement et les programmes.<\/p>\n<\/div>\n<\/div>\n\n\n\n<div class=\"wp-block-group is-style-boxed-accordion close act-section act-section--boxed-accordion is-layout-flow wp-block-group-is-layout-flow\">\n<h3 class=\"wp-block-heading act-section__heading is_accordion is-style-little-spacing\">Revoir le processus d\u00e9cisionnel de T\u00e9l\u00e9film.<i aria-label=\"Ouvrir cet accord\u00e9on\" class=\"icon far fa-plus\" aria-hidden=\"true\"><\/i> <i aria-label=\"Fermer cet accord\u00e9on\" class=\"icon far fa-minus\" aria-hidden=\"true\"><\/i><\/h3>\n\n\n\n<div class=\"wp-block-group is-style-accordion is-layout-flow wp-block-group-is-layout-flow\">\n<p class=\"wp-block-paragraph\">Revoir les processus d\u2019\u00e9valuation et de prise de d\u00e9cisions de T\u00e9l\u00e9film dans le cadre de notre engagement permanent \u00e0 encourager une plus grande diversit\u00e9 de talents, et recommander des plans d\u2019action.<\/p>\n<\/div>\n<\/div>\n\n\n\n<div class=\"wp-block-group is-style-boxed-accordion close act-section act-section--boxed-accordion is-layout-flow wp-block-group-is-layout-flow\">\n<h3 class=\"wp-block-heading act-section__heading is_accordion is-style-little-spacing\">\u00c9largir la port\u00e9e des programmes de financement de T\u00e9l\u00e9film pour soutenir les cr\u00e9ateurs d\u2019identit\u00e9s sous-repr\u00e9sent\u00e9es.<i aria-label=\"Ouvrir cet accord\u00e9on\" class=\"icon far fa-plus\" aria-hidden=\"true\"><\/i> <i aria-label=\"Fermer cet accord\u00e9on\" class=\"icon far fa-minus\" aria-hidden=\"true\"><\/i><\/h3>\n\n\n\n<div class=\"wp-block-group is-style-accordion is-layout-flow wp-block-group-is-layout-flow\">\n<p class=\"wp-block-paragraph\">Cr\u00e9er de nouveaux volets de D\u00e9veloppement pour les cin\u00e9astes provenant de communaut\u00e9s racis\u00e9es. <\/p>\n\n\n\n<p class=\"wp-block-paragraph\">\u00c9valuer nos programmes afin de soutenir des cr\u00e9ateurs issus des communaut\u00e9s LGBTQ2+, des personnes ayant des invalidit\u00e9s et de langue officielle en situation minoritaire. <\/p>\n\n\n\n<p class=\"wp-block-paragraph\">Explorer des initiatives qui \u00e9largiront l\u2019acc\u00e8s au financement et favoriseront le renforcement des capacit\u00e9s afin d\u2019amplifier les voix sous-repr\u00e9sent\u00e9es.<\/p>\n<\/div>\n<\/div>\n<\/div>\n\n\n\n<div class=\"wp-block-group is-layout-flow wp-block-group-is-layout-flow\">\n<h2 class=\"wp-block-heading\"><strong><strong>Constituer une main-d\u2019\u0153uvre diversifi\u00e9e<\/strong><\/strong><\/h2>\n\n\n\n<p class=\"wp-block-paragraph\">Pour renforcer notre engagement, T\u00e9l\u00e9film a compl\u00e9t\u00e9 l\u2019embauche pour quatre nouveaux r\u00f4les :<\/p>\n\n\n\n<ul class=\"wp-block-list\">\n<li>Analyste au contenu en chef, \u00c9quit\u00e9 et repr\u00e9sentation, march\u00e9 anglophone<\/li>\n\n\n\n<li>Analyste au contenu \u2013 Conseiller(\u00e8re), \u00c9quit\u00e9 et repr\u00e9sentation, march\u00e9 francophone (secondant l\u2019analyste principal, \u00c9quit\u00e9 et repr\u00e9sentation, et le charg\u00e9 des initiatives autochtones pour les deux march\u00e9s linguistiques)<\/li>\n\n\n\n<li>Analyste, Relations d\u2019affaires (assurant la liaison avec les analystes au contenu, \u00c9quit\u00e9 et repr\u00e9sentation)<\/li>\n\n\n\n<li>Chef du bureau de gestion des projets (relevant des membres de l\u2019\u00c9quipe de leadership de la haute direction de T\u00e9l\u00e9film)<\/li>\n<\/ul>\n\n\n\n<p class=\"wp-block-paragraph\">En plus de ces nouvelles embauches pr\u00e9vues, nous nous sommes engag\u00e9s \u00e0 ce que d\u2019ici 2023, au moins 50 % des nouveaux employ\u00e9s embauch\u00e9s \u00e0 T\u00e9l\u00e9film et au moins 30 % des nouveaux cadres embauch\u00e9s \u00e0 T\u00e9l\u00e9film repr\u00e9sentent des identit\u00e9s sous-repr\u00e9sent\u00e9es, en mettant l\u2019accent sur les Noirs, les Autochtones, les autres personnes racis\u00e9es, les personnes ayant une invalidit\u00e9 et les personnes 2LGBTQIA+. Pour y parvenir, nous allons \u00e9largir nos efforts en mati\u00e8re de d\u00e9pistage et de recrutement, et renforcer nos mesures de promotion et de r\u00e9tention.<\/p>\n\n\n\n<p class=\"wp-block-paragraph\">De plus, nous demeurons fid\u00e8les \u00e0 notre engagement de diversifier davantage notre main-d\u2019\u0153uvre au-del\u00e0 des nouveaux employ\u00e9s en offrant des possibilit\u00e9s comme le remplacement lors de cong\u00e9s de maternit\u00e9 ou de d\u00e9part \u00e0 la retraite, ainsi que l\u2019occupation de postes vacants existants, de postes de consultants ou de fournisseurs de services.<\/p>\n<\/div>\n\n\n\n<div class=\"wp-block-group is-layout-flow wp-block-group-is-layout-flow\">\n<h2 class=\"wp-block-heading\" id=\"groupe-de-travail-diversite-et-inclusion\">Groupe de travail \u2013 Diversit\u00e9 et inclusion<\/h2>\n\n\n\n<p class=\"wp-block-paragraph\">Le groupe de travail \u2013 Diversit\u00e9 et inclusion est compos\u00e9 de membres de l\u2019industrie issus de communaut\u00e9s autochtones et racis\u00e9es, de m\u00eame que de repr\u00e9sentants d\u2019unions et de guildes. T\u00e9l\u00e9film a invit\u00e9 les principales associations professionnelles, les partenaires du programme Talents en vue qui travaillent et soutiennent les communaut\u00e9s sous-repr\u00e9sent\u00e9es, ainsi que des experts de la diversit\u00e9 et de l\u2019inclusion.<\/p>\n\n\n\n<p class=\"has-h-4-font-size wp-block-paragraph\"><strong><strong>Les organisations suivantes&nbsp;sont repr\u00e9sent\u00e9es dans le Groupe de travail<\/strong>&nbsp;<strong>:<\/strong><\/strong><\/p>\n\n\n\n<div class=\"wp-block-columns is-layout-flex wp-container-core-columns-is-layout-c12710f6 wp-block-columns-is-layout-flex\">\n<div class=\"wp-block-column is-layout-flow wp-block-column-is-layout-flow\">\n<ul class=\"wp-block-list\">\n<li><a href=\"https:\/\/www.ami.ca\/home\">Accessible Media Inc<\/a><\/li>\n\n\n\n<li><a href=\"http:\/\/actra.ca\/\">ACTRA<\/a><\/li>\n\n\n\n<li><a href=\"https:\/\/apfc.info\/\">L\u2019Alliance des producteurs francophones du Canada (APFC)<\/a><\/li>\n\n\n\n<li><a href=\"https:\/\/www.impact-aptcmi.org\/\" target=\"_blank\" rel=\"noreferrer noopener\">L\u2019Association des producteur.trice.s de talents cin\u00e9matographiques des m\u00e9dias ind\u00e9pendants (A.P.T.C.M.I)<\/a><\/li>\n\n\n\n<li><a href=\"https:\/\/www.aqpm.ca\/\">Association qu\u00e9b\u00e9coise de la production m\u00e9diatique (AQPM)<\/a><\/li>\n\n\n\n<li><a href=\"https:\/\/reals.quebec\/\">Association des r\u00e9alisateurs et r\u00e9alisatrices du Qu\u00e9bec (ARRQ)<\/a><\/li>\n\n\n\n<li><a href=\"https:\/\/www.bipoctvandfilm.com\/\">BIPOC TV &amp; Film<\/a><\/li>\n\n\n\n<li><a href=\"https:\/\/iso-bea.ca\/\">Bureau de l\u2019\u00e9cran autochtone (BEA)<\/a><\/li>\n\n\n\n<li><a href=\"https:\/\/www.bso-ben.ca\/\">Bureau de l\u2019\u00e9cran des Noirs<\/a><\/li>\n\n\n\n<li><a href=\"https:\/\/cmpa.ca\/\">Canadian Media Producers Association (CMPA)<\/a><\/li>\n\n\n\n<li><a href=\"https:\/\/caribbeantalesfestival.com\/\">CaribbeanTales Media Group<\/a><\/li>\n\n\n\n<li><a href=\"https:\/\/ccdi.ca\/accueil\/\">Centre canadien pour la diversit\u00e9 et l\u2019inclusion (CCDI)<\/a><\/li>\n\n\n\n<li><a href=\"https:\/\/www.coalition.media\/\">Coalition M.E.D.I.A.<\/a><\/li>\n<\/ul>\n<\/div>\n\n\n\n<div class=\"wp-block-column is-layout-flow wp-block-column-is-layout-flow\">\n<ul class=\"wp-block-list\">\n<li><a href=\"https:\/\/www.diversiteartistique.org\/\">Diversit\u00e9 artistique Montr\u00e9al (DAM)<\/a><\/li>\n\n\n\n<li><a href=\"https:\/\/montrealblackfilm.com\/\">Festival International du Film black de Montr\u00e9al<\/a><\/li>\n\n\n\n<li><a href=\"https:\/\/insideout.ca\/telefilm\/\">Inside Out LGBT Film Festival<\/a><\/li>\n\n\n\n<li><a href=\"https:\/\/www.dgc.ca\/fr\/national\/\">La Guilde canadienne des r\u00e9alisateurs (DGC)<\/a><\/li>\n\n\n\n<li><a href=\"https:\/\/www.re-mc.org\/\">Racial Equity Media Collective (REMC)<\/a><\/li>\n\n\n\n<li><a href=\"https:\/\/www.reelworld.ca\/\">Reelworld Film Festival<\/a><\/li>\n\n\n\n<li><a href=\"http:\/\/www.sartec.qc.ca\/\">Soci\u00e9t\u00e9 des auteurs de radio, t\u00e9l\u00e9vision et cin\u00e9ma (SARTEC)<\/a><\/li>\n\n\n\n<li><a href=\"https:\/\/www.reelasian.com\/\">Toronto Reel Asian International Film Festival<\/a><\/li>\n\n\n\n<li><a href=\"https:\/\/uda.ca\/\">Union des Artistes (UDA)<\/a><\/li>\n\n\n\n<li><a href=\"https:\/\/www.writersguildofcanada.com\/\">Writers Guild of Canada (WGC)<\/a><\/li>\n<\/ul>\n<\/div>\n<\/div>\n<\/div>\n\n\n\n<div class=\"wp-block-group is-layout-flow wp-block-group-is-layout-flow\">\n<div class=\"wp-block-group is-layout-flow wp-block-group-is-layout-flow\">\n<h2 class=\"wp-block-heading\" id=\"groupe-de-travail-diversite-et-inclusion\">Groupe de travail &#8211; Diversit\u00e9 et inclusion<\/h2>\n\n\n\n<div class=\"wp-block-columns act-file act-file--boxed-with-metadata is-style-boxed is-layout-flex wp-container-core-columns-is-layout-c12710f6 wp-block-columns-is-layout-flex\">\n<div class=\"wp-block-column is-vertically-aligned-top is-layout-flow wp-block-column-is-layout-flow\" style=\"flex-basis:25%\">\n<p class=\"wp-block-paragraph\">9 mars 2020<\/p>\n<\/div>\n\n\n\n<div class=\"wp-block-column is-vertically-aligned-top is-layout-flow wp-block-column-is-layout-flow\" style=\"flex-basis:75%\"><div class=\"wp-block-file\"><a href=\"https:\/\/telefilm.ca\/wp-content\/uploads\/principaux-points-a-retenir-et-concepts-d.pdf\" class=\"wp-block-file__link\"><span class=\"wp-block-file__content\"><span class=\"wp-block-file__title\">R\u00e9union inaugurale du groupe de travail \u2013 Diversit\u00e9 et inclusion<\/span><span class=\"wp-block-file__description\">Faits saillants et points cl\u00e9s<\/span><\/span><i class=\"icon far fa-arrow-to-bottom\" aria-hidden=\"true\"><\/i><\/a><\/div><\/div>\n<\/div>\n\n\n\n<div class=\"wp-block-columns act-file act-file--boxed-with-metadata is-style-boxed is-layout-flex wp-container-core-columns-is-layout-c12710f6 wp-block-columns-is-layout-flex\">\n<div class=\"wp-block-column is-vertically-aligned-top is-layout-flow wp-block-column-is-layout-flow\" style=\"flex-basis:25%\">\n<p class=\"wp-block-paragraph\">11 ao\u00fbt 2020<\/p>\n<\/div>\n\n\n\n<div class=\"wp-block-column is-vertically-aligned-top is-layout-flow wp-block-column-is-layout-flow\" style=\"flex-basis:75%\"><div class=\"wp-block-file\"><a href=\"https:\/\/telefilm.ca\/wp-content\/uploads\/2020-08-11-diversity-and-inclusion-working-group-meeting-presentation-for-web-1.pdf\" class=\"wp-block-file__link\"><span class=\"wp-block-file__content\"><span class=\"wp-block-file__title\">R\u00e9union du groupe de travail \u2013 Diversit\u00e9 et inclusion<\/span><span class=\"wp-block-file__description\">Pr\u00e9sentation<\/span><\/span><i class=\"icon far fa-arrow-to-bottom\" aria-hidden=\"true\"><\/i><\/a><\/div><\/div>\n<\/div>\n\n\n\n<div class=\"wp-block-columns act-file act-file--boxed-with-metadata is-style-boxed is-layout-flex wp-container-core-columns-is-layout-c12710f6 wp-block-columns-is-layout-flex\">\n<div class=\"wp-block-column is-vertically-aligned-top is-layout-flow wp-block-column-is-layout-flow\" style=\"flex-basis:25%\">\n<p class=\"wp-block-paragraph\">8 juin 2021<\/p>\n<\/div>\n\n\n\n<div class=\"wp-block-column is-vertically-aligned-top is-layout-flow wp-block-column-is-layout-flow\" style=\"flex-basis:75%\"><div class=\"wp-block-file\"><a href=\"https:\/\/telefilm.ca\/wp-content\/uploads\/di-wg-presentation-06-08-2021-final-version.pdf\" class=\"wp-block-file__link\"><span class=\"wp-block-file__content\"><span class=\"wp-block-file__title\">R\u00e9union du groupe de travail \u2013 Diversit\u00e9 et inclusion<\/span><span class=\"wp-block-file__description\">Pr\u00e9sentation<\/span><\/span><i class=\"icon far fa-arrow-to-bottom\" aria-hidden=\"true\"><\/i><\/a><\/div><\/div>\n<\/div>\n<\/div>\n\n\n\n<div class=\"wp-block-group is-layout-flow wp-block-group-is-layout-flow\">\n<h5 class=\"wp-block-heading has-h-2-font-size\" id=\"sous-comite-developpement-de-carriere\">Sous-comit\u00e9 &#8211; D\u00e9veloppement de carri\u00e8re<\/h5>\n\n\n\n<div class=\"wp-block-columns act-file act-file--boxed-with-metadata is-style-boxed is-layout-flex wp-container-core-columns-is-layout-c12710f6 wp-block-columns-is-layout-flex\">\n<div class=\"wp-block-column is-vertically-aligned-top is-layout-flow wp-block-column-is-layout-flow\" style=\"flex-basis:25%\">\n<p class=\"wp-block-paragraph\">22 septembre 2020<\/p>\n<\/div>\n\n\n\n<div class=\"wp-block-column is-vertically-aligned-top is-layout-flow wp-block-column-is-layout-flow\" style=\"flex-basis:75%\"><div class=\"wp-block-file\"><a href=\"https:\/\/telefilm.ca\/wp-content\/uploads\/faits-saillants-et-points-cles--rencontre-du-22-septembre-2020.pdf\" class=\"wp-block-file__link\"><span class=\"wp-block-file__content\"><span class=\"wp-block-file__title\">R\u00e9union du sous-comit\u00e9 &#8211; D\u00e9veloppement de carri\u00e8re<\/span><span class=\"wp-block-file__description\">Faits saillants et points cl\u00e9s<\/span><\/span><\/a><\/div><\/div>\n<\/div>\n<\/div>\n\n\n\n<div class=\"wp-block-group is-layout-flow wp-block-group-is-layout-flow\">\n<h2 class=\"wp-block-heading\" id=\"sous-comite-collecte-de-donnees\">Sous-comit\u00e9 &#8211; Collecte de donn\u00e9es<\/h2>\n\n\n\n<div class=\"wp-block-columns act-file act-file--boxed-with-metadata is-style-boxed is-layout-flex wp-container-core-columns-is-layout-c12710f6 wp-block-columns-is-layout-flex\">\n<div class=\"wp-block-column is-vertically-aligned-top is-layout-flow wp-block-column-is-layout-flow\" style=\"flex-basis:25%\">\n<p class=\"wp-block-paragraph\">25 septembre 2020<\/p>\n<\/div>\n\n\n\n<div class=\"wp-block-column is-vertically-aligned-top is-layout-flow wp-block-column-is-layout-flow\" style=\"flex-basis:75%\"><div class=\"wp-block-file\"><a href=\"https:\/\/telefilm.ca\/wp-content\/uploads\/points-clesfaits-saillantssous-comite-collecte-de-donneesrencontresept-2020.pdf\" class=\"wp-block-file__link\"><span class=\"wp-block-file__content\"><span class=\"wp-block-file__title\">R\u00e9union du sous-comit\u00e9 &#8211; Collecte des donn\u00e9es<\/span><span class=\"wp-block-file__description\">Faits saillants et points cl\u00e9s<\/span><\/span><i class=\"icon far fa-arrow-to-bottom\" aria-hidden=\"true\"><\/i><\/a><\/div><\/div>\n<\/div>\n<\/div>\n<\/div>\n\n\n\n<div class=\"wp-block-group is-layout-flow wp-block-group-is-layout-flow\">\n<h2 class=\"wp-block-heading\" id=\"sous-comite-sur-les-projets-en-differentes-langues\">Sous-comit\u00e9 sur les projets en diff\u00e9rentes langues<\/h2>\n\n\n\n<p class=\"wp-block-paragraph\">T\u00e9l\u00e9film a cr\u00e9\u00e9 un sous-comit\u00e9 sur les projets en diff\u00e9rentes langues, compos\u00e9 de membres de l\u2019industrie ainsi que de cin\u00e9astes ind\u00e9pendants. Le sous-comit\u00e9 collabore avec une vari\u00e9t\u00e9 de voix et \u00e9change diverses perspectives dans le but d\u2019aider T\u00e9l\u00e9film \u00e0 cr\u00e9er un cadre visant \u00e0 soutenir les films en diff\u00e9rentes langues. Aucun compte-rendu ni document officiel n\u2019est produit \u00e0 la suite des r\u00e9unions du sous-comit\u00e9.<\/p>\n<\/div>\n\n\n\n<h2 class=\"wp-block-heading\" id=\"contact\">Contact<\/h2>\n\n\n\n<p class=\"wp-block-paragraph\"><strong><strong>Sans frais<\/strong>:<\/strong> 1 800 567-0890<br><strong><strong>Courriel<\/strong>: <\/strong><a href=\"mailto:sr@telefilm.ca\">sr@telefilm.ca<\/a><\/p>\n<\/div>","protected":false},"excerpt":{"rendered":"<p>En tant que Partenaire de choix, T\u00e9l\u00e9film Canada s\u2019engage \u00e0 favoriser une industrie qui refl\u00e8te une culture de respect mutuel, de dignit\u00e9 et d\u2019inclusion. Nous reconnaissons qu\u2019il est plus difficile pour les cr\u00e9atrices et les cr\u00e9ateurs canadiens d\u2019identit\u00e9s sous-repr\u00e9sent\u00e9es d\u2019obtenir du financement, et nous nous engageons fermement \u00e0 mettre en \u0153uvre des mesures concr\u00e8tes pour [&hellip;]<\/p>\n","protected":false},"author":3,"featured_media":0,"parent":4113,"menu_order":50,"comment_status":"closed","ping_status":"closed","template":"","meta":{"_acf_changed":false,"footnotes":""},"class_list":["post-128143","page","type-page","status-publish","hentry"],"acf":[],"yoast_head":"<!-- This site is optimized with the Yoast SEO plugin v28.4 - https:\/\/yoast.com\/product\/yoast-seo-wordpress\/ -->\n<title>Plan d\u2019action 2020 en mati\u00e8re d\u2019\u00e9quit\u00e9, de diversit\u00e9 et d\u2019inclusion | T\u00e9l\u00e9film Canada<\/title>\n<meta name=\"robots\" content=\"index, follow, max-snippet:-1, max-image-preview:large, max-video-preview:-1\" \/>\n<link rel=\"canonical\" href=\"https:\/\/telefilm.ca\/fr\/qui-nous-sommes\/nos-engagements\/equite-diversite-inclusion-et-accessibilite\/diversite-et-inclusion-2020\" \/>\n<meta property=\"og:locale\" content=\"fr_CA\" \/>\n<meta property=\"og:type\" content=\"article\" \/>\n<meta property=\"og:title\" content=\"Plan d\u2019action 2020 en mati\u00e8re d\u2019\u00e9quit\u00e9, de diversit\u00e9 et d\u2019inclusion | T\u00e9l\u00e9film Canada\" \/>\n<meta property=\"og:description\" content=\"En tant que Partenaire de choix, T\u00e9l\u00e9film Canada s\u2019engage \u00e0 favoriser une industrie qui refl\u00e8te une culture de respect mutuel, de dignit\u00e9 et d\u2019inclusion. Nous reconnaissons qu\u2019il est plus difficile pour les cr\u00e9atrices et les cr\u00e9ateurs canadiens d\u2019identit\u00e9s sous-repr\u00e9sent\u00e9es d\u2019obtenir du financement, et nous nous engageons fermement \u00e0 mettre en \u0153uvre des mesures concr\u00e8tes pour [&hellip;]\" \/>\n<meta property=\"og:url\" content=\"https:\/\/telefilm.ca\/fr\/qui-nous-sommes\/nos-engagements\/equite-diversite-inclusion-et-accessibilite\/diversite-et-inclusion-2020\" \/>\n<meta property=\"og:site_name\" content=\"T\u00e9l\u00e9film Canada\" \/>\n<meta property=\"article:publisher\" content=\"https:\/\/www.facebook.com\/TelefilmCanada\/\" \/>\n<meta property=\"article:modified_time\" content=\"2026-05-07T16:27:25+00:00\" \/>\n<meta property=\"og:image\" content=\"https:\/\/telefilm.ca\/wp-content\/uploads\/2026\/08\/og-image-t-1200x675-1.png\" \/>\n\t<meta property=\"og:image:width\" content=\"1200\" \/>\n\t<meta property=\"og:image:height\" content=\"675\" \/>\n\t<meta property=\"og:image:type\" content=\"image\/png\" \/>\n<meta name=\"twitter:card\" content=\"summary_large_image\" \/>\n<meta name=\"twitter:site\" content=\"@Telefilm_Canada\" \/>\n<meta name=\"twitter:label1\" content=\"Estimation du temps de lecture\" \/>\n\t<meta name=\"twitter:data1\" content=\"7 minutes\" \/>\n<script type=\"application\/ld+json\" class=\"yoast-schema-graph\">{\"@context\":\"https:\\\/\\\/schema.org\",\"@graph\":[{\"@type\":\"WebPage\",\"@id\":\"https:\\\/\\\/telefilm.ca\\\/fr\\\/qui-nous-sommes\\\/nos-engagements\\\/equite-diversite-inclusion-et-accessibilite\\\/diversite-et-inclusion-2020\",\"url\":\"https:\\\/\\\/telefilm.ca\\\/fr\\\/qui-nous-sommes\\\/nos-engagements\\\/equite-diversite-inclusion-et-accessibilite\\\/diversite-et-inclusion-2020\",\"name\":\"Plan d\u2019action 2020 en mati\u00e8re d\u2019\u00e9quit\u00e9, de diversit\u00e9 et d\u2019inclusion | T\u00e9l\u00e9film Canada\",\"isPartOf\":{\"@id\":\"https:\\\/\\\/telefilm.ca\\\/fr#website\"},\"datePublished\":\"2022-11-23T19:00:00+00:00\",\"dateModified\":\"2026-05-07T16:27:25+00:00\",\"breadcrumb\":{\"@id\":\"https:\\\/\\\/telefilm.ca\\\/fr\\\/qui-nous-sommes\\\/nos-engagements\\\/equite-diversite-inclusion-et-accessibilite\\\/diversite-et-inclusion-2020#breadcrumb\"},\"inLanguage\":\"fr-CA\",\"potentialAction\":[{\"@type\":\"ReadAction\",\"target\":[\"https:\\\/\\\/telefilm.ca\\\/fr\\\/qui-nous-sommes\\\/nos-engagements\\\/equite-diversite-inclusion-et-accessibilite\\\/diversite-et-inclusion-2020\"]}]},{\"@type\":\"BreadcrumbList\",\"@id\":\"https:\\\/\\\/telefilm.ca\\\/fr\\\/qui-nous-sommes\\\/nos-engagements\\\/equite-diversite-inclusion-et-accessibilite\\\/diversite-et-inclusion-2020#breadcrumb\",\"itemListElement\":[{\"@type\":\"ListItem\",\"position\":1,\"name\":\"Accueil\",\"item\":\"https:\\\/\\\/telefilm.ca\\\/fr\"},{\"@type\":\"ListItem\",\"position\":2,\"name\":\"Qui nous sommes\",\"item\":\"https:\\\/\\\/telefilm.ca\\\/fr\\\/qui-nous-sommes\"},{\"@type\":\"ListItem\",\"position\":3,\"name\":\"Nos engagements\",\"item\":\"https:\\\/\\\/telefilm.ca\\\/fr\\\/qui-nous-sommes\\\/nos-engagements\"},{\"@type\":\"ListItem\",\"position\":4,\"name\":\"Plan d&#8217;\u00e9quit\u00e9, de diversit\u00e9, d&#8217;inclusion et d&#8217;accessibilit\u00e9\",\"item\":\"https:\\\/\\\/telefilm.ca\\\/fr\\\/qui-nous-sommes\\\/nos-engagements\\\/equite-diversite-inclusion-et-accessibilite\"},{\"@type\":\"ListItem\",\"position\":5,\"name\":\"Plan d\u2019action 2020 en mati\u00e8re d\u2019\u00e9quit\u00e9, de diversit\u00e9 et d\u2019inclusion\"}]},{\"@type\":\"WebSite\",\"@id\":\"https:\\\/\\\/telefilm.ca\\\/fr#website\",\"url\":\"https:\\\/\\\/telefilm.ca\\\/fr\",\"name\":\"T\u00e9l\u00e9film Canada\",\"description\":\"Partenaire de choix\",\"publisher\":{\"@id\":\"https:\\\/\\\/telefilm.ca\\\/fr#organization\"},\"potentialAction\":[{\"@type\":\"SearchAction\",\"target\":{\"@type\":\"EntryPoint\",\"urlTemplate\":\"https:\\\/\\\/telefilm.ca\\\/fr?s={search_term_string}\"},\"query-input\":{\"@type\":\"PropertyValueSpecification\",\"valueRequired\":true,\"valueName\":\"search_term_string\"}}],\"inLanguage\":\"fr-CA\"},{\"@type\":\"Organization\",\"@id\":\"https:\\\/\\\/telefilm.ca\\\/fr#organization\",\"name\":\"Telefilm Canada\",\"url\":\"https:\\\/\\\/telefilm.ca\\\/fr\",\"logo\":{\"@type\":\"ImageObject\",\"inLanguage\":\"fr-CA\",\"@id\":\"https:\\\/\\\/telefilm.ca\\\/fr#\\\/schema\\\/logo\\\/image\\\/\",\"url\":\"https:\\\/\\\/telefilm.ca\\\/wp-content\\\/uploads\\\/2026\\\/05\\\/cropped-tfc_favicon_512.png\",\"contentUrl\":\"https:\\\/\\\/telefilm.ca\\\/wp-content\\\/uploads\\\/2026\\\/05\\\/cropped-tfc_favicon_512.png\",\"width\":512,\"height\":512,\"caption\":\"Telefilm Canada\"},\"image\":{\"@id\":\"https:\\\/\\\/telefilm.ca\\\/fr#\\\/schema\\\/logo\\\/image\\\/\"},\"sameAs\":[\"https:\\\/\\\/www.facebook.com\\\/TelefilmCanada\\\/\",\"https:\\\/\\\/x.com\\\/Telefilm_Canada\",\"https:\\\/\\\/www.instagram.com\\\/telefilm_canada\\\/\",\"https:\\\/\\\/www.linkedin.com\\\/company\\\/telefilm-canada\\\/\",\"https:\\\/\\\/www.youtube.com\\\/user\\\/telefilmcanada\"]}]}<\/script>\n<!-- \/ Yoast SEO plugin. -->","yoast_head_json":{"title":"Plan d\u2019action 2020 en mati\u00e8re d\u2019\u00e9quit\u00e9, de diversit\u00e9 et d\u2019inclusion | T\u00e9l\u00e9film Canada","robots":{"index":"index","follow":"follow","max-snippet":"max-snippet:-1","max-image-preview":"max-image-preview:large","max-video-preview":"max-video-preview:-1"},"canonical":"https:\/\/telefilm.ca\/fr\/qui-nous-sommes\/nos-engagements\/equite-diversite-inclusion-et-accessibilite\/diversite-et-inclusion-2020","og_locale":"fr_CA","og_type":"article","og_title":"Plan d\u2019action 2020 en mati\u00e8re d\u2019\u00e9quit\u00e9, de diversit\u00e9 et d\u2019inclusion | T\u00e9l\u00e9film Canada","og_description":"En tant que Partenaire de choix, T\u00e9l\u00e9film Canada s\u2019engage \u00e0 favoriser une industrie qui refl\u00e8te une culture de respect mutuel, de dignit\u00e9 et d\u2019inclusion. Nous reconnaissons qu\u2019il est plus difficile pour les cr\u00e9atrices et les cr\u00e9ateurs canadiens d\u2019identit\u00e9s sous-repr\u00e9sent\u00e9es d\u2019obtenir du financement, et nous nous engageons fermement \u00e0 mettre en \u0153uvre des mesures concr\u00e8tes pour [&hellip;]","og_url":"https:\/\/telefilm.ca\/fr\/qui-nous-sommes\/nos-engagements\/equite-diversite-inclusion-et-accessibilite\/diversite-et-inclusion-2020","og_site_name":"T\u00e9l\u00e9film Canada","article_publisher":"https:\/\/www.facebook.com\/TelefilmCanada\/","article_modified_time":"2026-05-07T16:27:25+00:00","og_image":[{"width":1200,"height":675,"url":"https:\/\/telefilm.ca\/wp-content\/uploads\/2026\/08\/og-image-t-1200x675-1.png","type":"image\/png"}],"twitter_card":"summary_large_image","twitter_site":"@Telefilm_Canada","twitter_misc":{"Estimation du temps de lecture":"7 minutes"},"schema":{"@context":"https:\/\/schema.org","@graph":[{"@type":"WebPage","@id":"https:\/\/telefilm.ca\/fr\/qui-nous-sommes\/nos-engagements\/equite-diversite-inclusion-et-accessibilite\/diversite-et-inclusion-2020","url":"https:\/\/telefilm.ca\/fr\/qui-nous-sommes\/nos-engagements\/equite-diversite-inclusion-et-accessibilite\/diversite-et-inclusion-2020","name":"Plan d\u2019action 2020 en mati\u00e8re d\u2019\u00e9quit\u00e9, de diversit\u00e9 et d\u2019inclusion | T\u00e9l\u00e9film Canada","isPartOf":{"@id":"https:\/\/telefilm.ca\/fr#website"},"datePublished":"2022-11-23T19:00:00+00:00","dateModified":"2026-05-07T16:27:25+00:00","breadcrumb":{"@id":"https:\/\/telefilm.ca\/fr\/qui-nous-sommes\/nos-engagements\/equite-diversite-inclusion-et-accessibilite\/diversite-et-inclusion-2020#breadcrumb"},"inLanguage":"fr-CA","potentialAction":[{"@type":"ReadAction","target":["https:\/\/telefilm.ca\/fr\/qui-nous-sommes\/nos-engagements\/equite-diversite-inclusion-et-accessibilite\/diversite-et-inclusion-2020"]}]},{"@type":"BreadcrumbList","@id":"https:\/\/telefilm.ca\/fr\/qui-nous-sommes\/nos-engagements\/equite-diversite-inclusion-et-accessibilite\/diversite-et-inclusion-2020#breadcrumb","itemListElement":[{"@type":"ListItem","position":1,"name":"Accueil","item":"https:\/\/telefilm.ca\/fr"},{"@type":"ListItem","position":2,"name":"Qui nous sommes","item":"https:\/\/telefilm.ca\/fr\/qui-nous-sommes"},{"@type":"ListItem","position":3,"name":"Nos engagements","item":"https:\/\/telefilm.ca\/fr\/qui-nous-sommes\/nos-engagements"},{"@type":"ListItem","position":4,"name":"Plan d&#8217;\u00e9quit\u00e9, de diversit\u00e9, d&#8217;inclusion et d&#8217;accessibilit\u00e9","item":"https:\/\/telefilm.ca\/fr\/qui-nous-sommes\/nos-engagements\/equite-diversite-inclusion-et-accessibilite"},{"@type":"ListItem","position":5,"name":"Plan d\u2019action 2020 en mati\u00e8re d\u2019\u00e9quit\u00e9, de diversit\u00e9 et d\u2019inclusion"}]},{"@type":"WebSite","@id":"https:\/\/telefilm.ca\/fr#website","url":"https:\/\/telefilm.ca\/fr","name":"T\u00e9l\u00e9film Canada","description":"Partenaire de choix","publisher":{"@id":"https:\/\/telefilm.ca\/fr#organization"},"potentialAction":[{"@type":"SearchAction","target":{"@type":"EntryPoint","urlTemplate":"https:\/\/telefilm.ca\/fr?s={search_term_string}"},"query-input":{"@type":"PropertyValueSpecification","valueRequired":true,"valueName":"search_term_string"}}],"inLanguage":"fr-CA"},{"@type":"Organization","@id":"https:\/\/telefilm.ca\/fr#organization","name":"Telefilm Canada","url":"https:\/\/telefilm.ca\/fr","logo":{"@type":"ImageObject","inLanguage":"fr-CA","@id":"https:\/\/telefilm.ca\/fr#\/schema\/logo\/image\/","url":"https:\/\/telefilm.ca\/wp-content\/uploads\/2026\/05\/cropped-tfc_favicon_512.png","contentUrl":"https:\/\/telefilm.ca\/wp-content\/uploads\/2026\/05\/cropped-tfc_favicon_512.png","width":512,"height":512,"caption":"Telefilm Canada"},"image":{"@id":"https:\/\/telefilm.ca\/fr#\/schema\/logo\/image\/"},"sameAs":["https:\/\/www.facebook.com\/TelefilmCanada\/","https:\/\/x.com\/Telefilm_Canada","https:\/\/www.instagram.com\/telefilm_canada\/","https:\/\/www.linkedin.com\/company\/telefilm-canada\/","https:\/\/www.youtube.com\/user\/telefilmcanada"]}]}},"wpml_current_locale":"fr_CA","wpml_translations":[{"locale":"en_CA","id":128142,"post_title":"2020 Equity, diversity and inclusion Action Plan","href":"https:\/\/telefilm.ca\/en\/who-we-are\/our-engagement\/equity-diversity-inclusion-and-accessibility\/equity-diversity-and-inclusion-2020\/"}],"_links":{"self":[{"href":"https:\/\/telefilm.ca\/fr\/wp-json\/wp\/v2\/pages\/128143","targetHints":{"allow":["GET"]}}],"collection":[{"href":"https:\/\/telefilm.ca\/fr\/wp-json\/wp\/v2\/pages"}],"about":[{"href":"https:\/\/telefilm.ca\/fr\/wp-json\/wp\/v2\/types\/page"}],"author":[{"embeddable":true,"href":"https:\/\/telefilm.ca\/fr\/wp-json\/wp\/v2\/users\/3"}],"replies":[{"embeddable":true,"href":"https:\/\/telefilm.ca\/fr\/wp-json\/wp\/v2\/comments?post=128143"}],"version-history":[{"count":10,"href":"https:\/\/telefilm.ca\/fr\/wp-json\/wp\/v2\/pages\/128143\/revisions"}],"predecessor-version":[{"id":181910,"href":"https:\/\/telefilm.ca\/fr\/wp-json\/wp\/v2\/pages\/128143\/revisions\/181910"}],"up":[{"embeddable":true,"href":"https:\/\/telefilm.ca\/fr\/wp-json\/wp\/v2\/pages\/4113"}],"wp:attachment":[{"href":"https:\/\/telefilm.ca\/fr\/wp-json\/wp\/v2\/media?parent=128143"}],"curies":[{"name":"wp","href":"https:\/\/api.w.org\/{rel}","templated":true}]}}