{"id":125094,"date":"2022-09-29T13:50:00","date_gmt":"2022-09-29T17:50:00","guid":{"rendered":"https:\/\/telefilm.ca\/?post_type=programmes&#038;p=125094"},"modified":"2026-07-09T12:14:17","modified_gmt":"2026-07-09T16:14:17","slug":"programme-daide-aux-festivals-admission-generale","status":"publish","type":"programmes","link":"https:\/\/telefilm.ca\/fr\/programmes\/programme-daide-aux-festivals-admission-generale","title":{"rendered":"Programme d\u2019aide aux festivals \u2013 Admission g\u00e9n\u00e9rale"},"content":{"rendered":"<div class=\"editor-content\">\n<div class=\"wp-block-group is-layout-flow wp-block-group-is-layout-flow\">\n<h2 class=\"wp-block-heading\" id=\"resume\">R\u00e9sum\u00e9<\/h2>\n\n\n\n<figure class=\"wp-block-table\"><table><tbody><tr><td><strong><strong><strong><strong>Type d\u2019activit\u00e9<\/strong><\/strong><\/strong><\/strong><\/td><td>Festivals de films canadiens de petite envergure ou \u00e9mergents<\/td><\/tr><tr><td><strong><strong>Date d\u2019activit\u00e9<\/strong><\/strong><\/td><td>Festivals se d\u00e9roulant \u00e0 compter du 1er octobre 2026<\/td><\/tr><tr><td><strong><strong><strong><strong><strong><strong><strong><strong><strong><strong><strong><strong>Applicants<\/strong><\/strong><\/strong><\/strong><\/strong><\/strong><\/strong><\/strong><\/strong><\/strong><\/strong><\/strong><\/td><td>Compagnies canadiennes<\/td><\/tr><tr><td><strong><strong><strong><strong><strong><strong><strong><strong><strong>Soumission<\/strong><\/strong><\/strong><\/strong><\/strong><\/strong><\/strong><\/strong><\/strong><\/td><td>Dialogue<\/td><\/tr><\/tbody><\/table><\/figure>\n<\/div>\n\n\n\n<div class=\"wp-block-group is-style-boxed-grey is-layout-flow wp-block-group-is-layout-flow\" style=\"border-top-left-radius:var(--wp--preset--border-radius--normal);border-top-right-radius:var(--wp--preset--border-radius--normal);border-bottom-left-radius:var(--wp--preset--border-radius--normal);border-bottom-right-radius:var(--wp--preset--border-radius--normal);margin-top:var(--wp--preset--spacing--xl);margin-bottom:var(--wp--preset--spacing--xl)\">\n<div class=\"align wp-block-acf-act-table-of-contents\">\n  <div class=\"act-table-of-contents__title\">\n    <h2 id=\"table-des-matieres\">Table des mati\u00e8res<\/h2>\n  <\/div>\n          <ul class=\"act-table-of-contents__grid\">\n                  <li class=\"act-table-of-contents__h2\">\n            <a href=\"#survol-du-programme\">Survol du programme<\/a>\n                          <ul>\n                                                    <li class=\"act-table-of-contents__h3\">\n                    <a href=\"#qui-peut-faire-une-demande\">Qui peut faire une demande<\/a>\n                  <\/li>\n                                                    <li class=\"act-table-of-contents__h3\">\n                    <a href=\"#principes-directeurs\">Principes directeurs<\/a>\n                  <\/li>\n                                                    <li class=\"act-table-of-contents__h3\">\n                    <a href=\"#dates-cles\">Dates cl\u00e9s<\/a>\n                  <\/li>\n                                                    <li class=\"act-table-of-contents__h3\">\n                    <a href=\"#dernieres-mises-a-jour\">Derni\u00e8res mises \u00e0 jour<\/a>\n                  <\/li>\n                              <\/ul>\n                      <\/li>\n                  <li class=\"act-table-of-contents__h2\">\n            <a href=\"#documentation\">Documentation<\/a>\n                          <ul>\n                                                    <li class=\"act-table-of-contents__h3\">\n                    <a href=\"#pour-faire-une-demande\">Pour faire une demande<\/a>\n                  <\/li>\n                                                    <li class=\"act-table-of-contents__h3\">\n                    <a href=\"#au-rapport-final\">Au rapport final<\/a>\n                  <\/li>\n                                                    <li class=\"act-table-of-contents__h3\">\n                    <a href=\"#politiques-daffaires\">Politiques d&#8217;affaires<\/a>\n                  <\/li>\n                                                    <li class=\"act-table-of-contents__h3\">\n                    <a href=\"#principes-directeurs-anterieurs\">Principes directeurs ant\u00e9rieurs<\/a>\n                  <\/li>\n                              <\/ul>\n                      <\/li>\n                <li><\/li>\n        <li class=\"act-table-of-contents__footer\">\n        \t<a href=\"#apply-for-funding\">Demande de financement<\/a>\n         \t<a href=\"#contact\">Nous joindre<\/a>\n        <\/li>\n      <\/ul>\n    <\/div>\n<\/div>\n\n\n\n<div class=\"wp-block-group is-layout-flow wp-block-group-is-layout-flow\" style=\"margin-top:var(--wp--preset--spacing--xl);margin-bottom:var(--wp--preset--spacing--xl)\">\n<hr class=\"wp-block-separator has-alpha-channel-opacity\"\/>\n\n\n\n<h2 class=\"wp-block-heading\" data-toc=\"true\" id=\"survol-du-programme\">Survol du programme<\/h2>\n\n\n\n<p class=\"wp-block-paragraph\">Le Programme d\u2019aide aux festivals \u2013 Admission g\u00e9n\u00e9rale fournit un financement simplifi\u00e9 aux festivals de films de petite envergure ou \u00e9mergents qui s\u2019adressent au grand public.<\/p>\n<\/div>\n\n\n\n<div class=\"wp-block-group is-layout-flow wp-block-group-is-layout-flow\" style=\"margin-top:var(--wp--preset--spacing--xl);margin-bottom:var(--wp--preset--spacing--xl)\">\n<h3 class=\"wp-block-heading\" id=\"qui-peut-faire-une-demande\">Qui peut faire une demande<\/h3>\n\n\n\n<p class=\"wp-block-paragraph\">Les soci\u00e9t\u00e9 sous contr\u00f4le canadien qui :&nbsp;<\/p>\n\n\n\n<ul class=\"wp-block-list\">\n<li>ont leur si\u00e8ge social au Canada;<\/li>\n\n\n\n<li>oeuvrent dans les secteurs du cin\u00e9ma, de la t\u00e9l\u00e9vision ou des m\u00e9dias num\u00e9riques.&nbsp;<\/li>\n<\/ul>\n\n\n\n<p class=\"wp-block-paragraph\">Des festivals qui ont eu au moins deux \u00e9ditions avant celle pour laquelle un financement est demand\u00e9.<\/p>\n<\/div>\n\n\n\n<div class=\"wp-block-group is-layout-flow wp-block-group-is-layout-flow\" style=\"margin-top:var(--wp--preset--spacing--xl);margin-bottom:var(--wp--preset--spacing--xl)\">\n<h3 class=\"wp-block-heading\" id=\"principes-directeurs\">Principes directeurs<\/h3>\n\n\n\n<p class=\"wp-block-paragraph\">Veuillez consulter les documents pour plus d\u2019information et pour l\u2019ensemble des crit\u00e8res d\u2019admissibilit\u00e9.<\/p>\n\n\n\n<div class=\"wp-block-columns is-not-stacked-on-mobile act-file act-file--boxed-with-metadata-and-description is-style-boxed is-layout-flex wp-container-core-columns-is-layout-c12710f6 wp-block-columns-is-layout-flex\">\n<div class=\"wp-block-column is-vertically-aligned-top is-layout-flow wp-block-column-is-layout-flow\" style=\"flex-basis:25%\">\n<p class=\"wp-block-paragraph\">\u00c0 partir du 27 mars 2026<\/p>\n<\/div>\n\n\n\n<div class=\"wp-block-column is-vertically-aligned-top is-layout-flow wp-block-column-is-layout-flow\" style=\"flex-basis:75%\"><div class=\"wp-block-file\"><a href=\"https:\/\/telefilm.ca\/wp-content\/uploads\/2026\/05\/Principes-directeurs_Admission_Generale_2026.pdf\" class=\"wp-block-file__link\"><span class=\"wp-block-file__content\"><span class=\"wp-block-file__title\">Principes directeurs<\/span><span class=\"wp-block-file__description\">Programme d\u2019aide aux festivals \u2013 Admission g\u00e9n\u00e9rale<\/span><\/span><i class=\"icon far fa-arrow-down-to-line\" aria-hidden=\"true\"><\/i><\/a><\/div><\/div>\n<\/div>\n\n\n\n<div class=\"wp-block-columns act-file act-file--boxed-with-metadata-and-description is-style-boxed is-layout-flex wp-container-core-columns-is-layout-c12710f6 wp-block-columns-is-layout-flex\">\n<div class=\"wp-block-column is-vertically-aligned-top is-layout-flow wp-block-column-is-layout-flow\" style=\"flex-basis:25%\">\n<p class=\"wp-block-paragraph\">\u00c0 partir du 27 mars 2026<\/p>\n<\/div>\n\n\n\n<div class=\"wp-block-column is-vertically-aligned-top is-layout-flow wp-block-column-is-layout-flow\" style=\"flex-basis:75%\"><div class=\"wp-block-file\"><a href=\"https:\/\/telefilm.ca\/wp-content\/uploads\/2026\/05\/Guide-dinformation-essentielle-Programme-daide-aux-festivals-Admission-generale_2026.pdf\" class=\"wp-block-file__link\"><span class=\"wp-block-file__content\"><span class=\"wp-block-file__title\">Guide d&#039;information essentielle<\/span><span class=\"wp-block-file__description\">Programme d\u2019aide aux festivals \u2013 Admission g\u00e9n\u00e9rale<\/span><\/span><i class=\"icon far fa-arrow-down-to-line\" aria-hidden=\"true\"><\/i><\/a><\/div><\/div>\n<\/div>\n\n\n\n<div class=\"wp-block-columns act-file act-file--boxed-with-metadata-and-description is-style-boxed is-layout-flex wp-container-core-columns-is-layout-c12710f6 wp-block-columns-is-layout-flex\">\n<div class=\"wp-block-column is-vertically-aligned-top is-layout-flow wp-block-column-is-layout-flow\" style=\"flex-basis:25%\">\n<p class=\"wp-block-paragraph\">\u00c0 partir du 27 mars 2026<\/p>\n<\/div>\n\n\n\n<div class=\"wp-block-column is-vertically-aligned-top is-layout-flow wp-block-column-is-layout-flow\" style=\"flex-basis:75%\"><div class=\"wp-block-file\"><a href=\"https:\/\/telefilm.ca\/wp-content\/uploads\/2026\/05\/Liste-des-documents-requis-Admission-generale_2026.pdf\" class=\"wp-block-file__link\"><span class=\"wp-block-file__content\"><span class=\"wp-block-file__title\">Liste des documents requis<\/span><span class=\"wp-block-file__description\">Programme d\u2019aide aux festivals \u2013 Admission g\u00e9n\u00e9rale<\/span><\/span><i class=\"icon far fa-arrow-down-to-line\" aria-hidden=\"true\"><\/i><\/a><\/div><\/div>\n<\/div>\n<\/div>\n\n\n\n<div class=\"wp-block-group is-layout-flow wp-block-group-is-layout-flow\" style=\"margin-top:var(--wp--preset--spacing--xl);margin-bottom:var(--wp--preset--spacing--xl)\">\n<h3 class=\"wp-block-heading act-heading__heading\" id=\"dates-cles\">Dates cl\u00e9s<\/h3>\n\n\n\n<p class=\"wp-block-paragraph\">Veuillez noter que l\u2019assistance informatique sera disponible<strong>&nbsp;jusqu\u2019\u00e0 17 h HNE tous les jours ouvrables.<\/strong><\/p>\n\n\n\n<!-- wp:table -->\n<figure class=\"wp-block-table is-style-border-top act-table act-table--groups\">\n    <table>\n                <tbody>\n                    <tr>\n                            <td><span class=\"fakelink\">Festivals d\u00e9butant entre le 1er octobre 2026 et le 31 mars 2027<br \/><b><\/b><\/span><\/td>\n                            <td><b>Ouverture<\/b><br \/><span class=\"date\">28 avril 2026<\/span><br \/><span class=\"time\">8:00 HAE<\/span><\/td>\n                            <td><b>Fermeture<\/b><br \/><span class=\"date\">5 mai 2026<\/span><br \/><span class=\"time\">23:59 HAE<\/span><\/td>\n                        <\/tr>\n                <\/tbody>\n    <\/table>\n    <\/figure>\n<!-- \/wp:table -->\n\n<!-- wp:table -->\n<figure class=\"wp-block-table is-style-border-top act-table act-table--groups\">\n    <table>\n                <tbody>\n                    <tr>\n                            <td><span class=\"fakelink\">Festivals d\u00e9butant entre le 1er avril 2027 et le 30 septembre 2027<br \/><b><\/b><\/span><\/td>\n                            <td><b>Ouverture<\/b><br \/><span class=\"date\">20 octobre 2026<\/span><br \/><span class=\"time\">8:00 HAE<\/span><\/td>\n                            <td><b>Fermeture<\/b><br \/><span class=\"date\">27 octobre 2026<\/span><br \/><span class=\"time\">23:59 HAE<\/span><\/td>\n                        <\/tr>\n                <\/tbody>\n    <\/table>\n    <\/figure>\n<!-- \/wp:table -->\n\n<\/div>\n\n\n\n<div class=\"wp-block-group is-layout-flow wp-block-group-is-layout-flow\" style=\"margin-top:var(--wp--preset--spacing--xl);margin-bottom:var(--wp--preset--spacing--xl)\">\n<h3 class=\"wp-block-heading act-heading__heading\" id=\"dernieres-mises-a-jour\">Derni\u00e8res mises \u00e0 jour<\/h3>\n\n\n\n<p class=\"wp-block-paragraph\"><a href=\"https:\/\/telefilm.ca\/fr\/restez-a-laffut\" target=\"_blank\" rel=\"noreferrer noopener\">Inscrivez-vous<\/a>&nbsp;\u00e0 notre infolettre pour recevoir les derni\u00e8res mises \u00e0 jour sur le program.<\/p>\n\n\n\n<div class=\"wp-block-group is-style-no-bloat act-timeline is-layout-flow wp-block-group-is-layout-flow\">\n<div class=\"wp-block-group act-timeline__title is-layout-flow wp-block-group-is-layout-flow\">\n<div class=\"wp-block-group is-style-default act-heading is-layout-flow wp-block-group-is-layout-flow\">\n<h4 class=\"wp-block-heading act-heading__heading\" id=\"27-mars-2025\">27 mars 2025<\/h4>\n<\/div>\n<\/div>\n\n\n\n<div class=\"wp-block-group act-timeline__text is-layout-flow wp-block-group-is-layout-flow\">\n<p class=\"wp-block-paragraph\" id=\"updated-documents-1\"><strong>Mise \u00e0 jour du document suivants<\/strong><\/p>\n\n\n\n<ul class=\"wp-block-list\">\n<li>Principes directeurs<\/li>\n\n\n\n<li>Guide d\u2019information essentielle<\/li>\n\n\n\n<li>Liste des documents requis<\/li>\n<\/ul>\n<\/div>\n<\/div>\n\n\n\n<div class=\"wp-block-group is-style-no-bloat act-timeline is-layout-flow wp-block-group-is-layout-flow\">\n<div class=\"wp-block-group act-timeline__title is-layout-flow wp-block-group-is-layout-flow\">\n<div class=\"wp-block-group is-style-default act-heading is-layout-flow wp-block-group-is-layout-flow\">\n<h4 class=\"wp-block-heading act-heading__heading\" id=\"12-janvier-2026\">12 janvier 2026<\/h4>\n<\/div>\n<\/div>\n\n\n\n<div class=\"wp-block-group act-timeline__text is-layout-flow wp-block-group-is-layout-flow\">\n<p class=\"wp-block-paragraph\" id=\"updated-documents-1\"><strong>Mise \u00e0 jour du document suivants<\/strong><\/p>\n\n\n\n<ul class=\"wp-block-list\">\n<li>Exigences en mati\u00e8re de comptabilisation et de pr\u00e9sentation \u2013 Promotion de l\u2019industrie (2025)<\/li>\n<\/ul>\n<\/div>\n<\/div>\n\n\n\n<div class=\"wp-block-group is-style-no-bloat act-timeline is-layout-flow wp-block-group-is-layout-flow\">\n<div class=\"wp-block-group act-timeline__title is-layout-flow wp-block-group-is-layout-flow\">\n<div class=\"wp-block-group is-style-default act-heading is-layout-flow wp-block-group-is-layout-flow\">\n<h4 class=\"wp-block-heading act-heading__heading\" id=\"27-mars-2025\">27 mars 2025<\/h4>\n<\/div>\n<\/div>\n\n\n\n<div class=\"wp-block-group act-timeline__text is-layout-flow wp-block-group-is-layout-flow\">\n<p class=\"wp-block-paragraph\" id=\"updated-documents-1\"><strong>Mise \u00e0 jour du Guide d&#8217;information essentielle<\/strong><\/p>\n\n\n\n<ul class=\"wp-block-list\">\n<li><\/li>\n<\/ul>\n<\/div>\n<\/div>\n<\/div>\n\n\n\n<div class=\"wp-block-group is-layout-flow wp-block-group-is-layout-flow\" style=\"margin-top:var(--wp--preset--spacing--xl);margin-bottom:var(--wp--preset--spacing--xl)\">\n<hr class=\"wp-block-separator has-alpha-channel-opacity\"\/>\n\n\n\n<h2 id=\"apply-for-funding\" class=\"wp-block-heading\">Demande de financement<\/h2>\n\n\n\n<p class=\"wp-block-paragraph\">Veuillez lire notre page <a href=\"https:\/\/telefilm.ca\/fr\/financement-et-support\/comment-faire-une-demande\">Comment faire une demande<\/a> pour plus d&#8217;informations sur le processus de demande.<\/p>\n\n\n<style id=\"bricks-inline-css-component-vutzqf\">\n\n\/* BREAKPOINT: Desktop (BASE) *\/\n.block-editor-iframe__body [data-brx-variant=\"hiruvl\"] .brxe-ldnvxz{display: none}\n\n\n\/* Disable links in editor *\/\n.block-editor-iframe__body a.brxe-vutzqf, .block-editor-iframe__body .brxe-vutzqf a{ pointer-events: none; }\n<\/style><a href=\"https:\/\/telefilm.ca\/fr\/se-connecter\" aria-label=\"Applications must be submitted through Dialogue.\" class=\"brxe-vutzqf brxe-section block-tile-beta block-tile-cta bg--ultra-dark\"><div class=\"brxe-oshiyb brxe-block block-tile-beta__content-wrapper\"><h3 class=\"brxe-cefffs brxe-heading clickable-parent block-tile-beta__heading\" id=\"les-demandes-de-financement-doivent-etre-soumises-via-dialogue\">Les demandes de financement doivent \u00eatre soumises via Dialogue.<\/h3><\/div><div class=\"brxe-ldnvxz brxe-block block-tile-cta-container block-tile-cta-container--right\"><div class=\"brxe-ugtskz brxe-div block-tile-cta__wrapper\"><span class=\"brxe-mobvov brxe-text-basic block-tile-cta__btn block-tile-cta__btn_l\">Soumettez votre demande <\/span><\/div><\/div><\/a><\/div>\n\n\n\n<div class=\"wp-block-group is-layout-flow wp-block-group-is-layout-flow\" style=\"margin-top:var(--wp--preset--spacing--xl);margin-bottom:var(--wp--preset--spacing--xl)\">\n<hr class=\"wp-block-separator has-alpha-channel-opacity is-style-default\"\/>\n\n\n\n<h2 id=\"documentation\" class=\"wp-block-heading has-h-2-font-size\" data-toc=\"true\">Documentation<\/h2>\n\n\n\n<h3 id=\"pour-faire-une-demande\" class=\"wp-block-heading\">Pour faire une demande<\/h3>\n\n\n\n<h4 class=\"wp-block-heading is-style-dark\"><strong>Ressources<\/strong><\/h4>\n\n\n<div class=\"wp-block-file act-file act-file--boxed-with-description is-style-boxed\"><a href=\"https:\/\/telefilm.ca\/wp-content\/uploads\/2026\/05\/Apercu-du-formulaire-de-demande-et-guide_2026.pdf\" class=\"wp-block-file__link\"><span class=\"wp-block-file__content\"><span class=\"wp-block-file__title\">Aper\u00e7u du formulaire de demande et guide<\/span><\/span><i class=\"icon far fa-arrow-down-to-line\" aria-hidden=\"true\"><\/i><\/a><\/div>\n\n\n<h3 id=\"au-rapport-final\" class=\"wp-block-heading\">Au rapport final<\/h3>\n\n\n\n<h4 class=\"wp-block-heading is-style-dark\"><strong><strong>Formulaires<\/strong><\/strong><\/h4>\n\n\n<div class=\"wp-block-file act-file act-file--boxed-with-description is-style-boxed\"><a href=\"https:\/\/telefilm.ca\/wp-content\/uploads\/2026\/05\/Rapport_Activite_Admission_generale_2026.xlsx\" class=\"wp-block-file__link\"><span class=\"wp-block-file__content\"><span class=\"wp-block-file__title\">Rapport d&#039;activit\u00e9<\/span><\/span><i class=\"icon far fa-arrow-down-to-line\" aria-hidden=\"true\"><\/i><\/a><\/div>\n\n<div class=\"wp-block-file act-file act-file--boxed-with-description is-style-boxed\"><a href=\"https:\/\/telefilm.ca\/wp-content\/uploads\/2026\/05\/Grille-de-visibilite-Admission-generale_2026.docx\" class=\"wp-block-file__link\"><span class=\"wp-block-file__content\"><span class=\"wp-block-file__title\">Grille de visibilit\u00e9 &#8211; Admission g\u00e9n\u00e9rale<\/span><\/span><i class=\"icon far fa-arrow-down-to-line\" aria-hidden=\"true\"><\/i><\/a><\/div>\n\n\n<h3 class=\"wp-block-heading\" id=\"politiques-daffaires\">Politiques d&#8217;affaires<\/h3>\n\n\n<div class=\"wp-block-file act-file act-file--boxed-with-description is-style-boxed\"><a href=\"https:\/\/telefilm.ca\/wp-content\/uploads\/2026\/05\/exigences-comptabilisation-presentation-promotion-Avril-2025-1.pdf\" class=\"wp-block-file__link\"><span class=\"wp-block-file__content\"><span class=\"wp-block-file__title\">Exigences en mati\u00e8re de comptabilisation et de pr\u00e9sentation &#8211; Promotion de l&#039;industrie (2025)<\/span><span class=\"wp-block-file__description\">Pour toutes les activit\u00e9s pour lesquelles des ententes de financement ont \u00e9t\u00e9 sign\u00e9es le ou apr\u00e8s le 1 avril 2025, les derni\u00e8res Exigences publi\u00e9es s\u2019appliquent.<\/span><\/span><\/a><\/div>\n\n<div class=\"wp-block-file act-file act-file--boxed-with-description is-style-boxed\"><a href=\"https:\/\/telefilm.ca\/wp-content\/uploads\/2024\/03\/exigences-comptabilisation-presentation-promotion-2024.pdf\" class=\"wp-block-file__link\"><span class=\"wp-block-file__content\"><span class=\"wp-block-file__title\">Exigences en mati\u00e8re de comptabilisation et de pr\u00e9sentation &#8211; Promotion de l&#039;industrie (2024)<\/span><span class=\"wp-block-file__description\">Pour toutes les activit\u00e9s pour lesquelles des ententes de financement ont \u00e9t\u00e9 sign\u00e9es le ou apr\u00e8s le 5 mars 2024, les derni\u00e8res Exigences publi\u00e9es s\u2019appliquent.<\/span><\/span><i class=\"icon far fa-arrow-down-to-line\" aria-hidden=\"true\"><\/i><\/a><\/div>\n\n<div class=\"wp-block-file act-file act-file--boxed-with-description is-style-boxed\"><a href=\"https:\/\/telefilm.ca\/wp-content\/uploads\/exigences-comptabilisation-presentation-promotion-2016.pdf\" class=\"wp-block-file__link\"><span class=\"wp-block-file__content\"><span class=\"wp-block-file__title\">Exigences en mati\u00e8re de comptabilisation et de pr\u00e9sentation &#8211; Promotion de l&#039;industrie (2016)<\/span><span class=\"wp-block-file__description\">Pour toutes toutes les activit\u00e9s pour lesquelles des ententes de financement ont \u00e9t\u00e9 sign\u00e9es entre le 19 septembre 2016 et le 5 mars 2024, les Exigences publi\u00e9es en 2016 s\u2019appliquent.<\/span><\/span><i class=\"icon far fa-arrow-down-to-line\" aria-hidden=\"true\"><\/i><\/a><\/div>\n\n\n<h3 id=\"principes-directeurs-anterieurs\" class=\"wp-block-heading\">Principes directeurs ant\u00e9rieurs<\/h3>\n\n\n\n<div class=\"wp-block-columns is-not-stacked-on-mobile act-file act-file--boxed-with-metadata-and-description is-style-boxed is-layout-flex wp-container-core-columns-is-layout-c12710f6 wp-block-columns-is-layout-flex\">\n<div class=\"wp-block-column is-vertically-aligned-top is-layout-flow wp-block-column-is-layout-flow\" style=\"flex-basis:25%\">\n<p class=\"wp-block-paragraph\">\u00c0 partir du 23 novembre 2023<\/p>\n<\/div>\n\n\n\n<div class=\"wp-block-column is-vertically-aligned-top is-layout-flow wp-block-column-is-layout-flow\" style=\"flex-basis:75%\"><div class=\"wp-block-file\"><a href=\"https:\/\/telefilm.ca\/wp-content\/uploads\/2023\/11\/Principes-directeurs-Programme-daide-aux-festivals-Admission-generale-Novembre-2023.pdf\" class=\"wp-block-file__link\"><span class=\"wp-block-file__content\"><span class=\"wp-block-file__title\">Principes directeurs<\/span><span class=\"wp-block-file__description\">Programme d\u2019aide aux festivals \u2013 Admission g\u00e9n\u00e9rale<\/span><\/span><i class=\"icon far fa-arrow-down-to-line\" aria-hidden=\"true\"><\/i><\/a><\/div><\/div>\n<\/div>\n\n\n\n<div class=\"wp-block-columns act-file act-file--boxed-with-metadata-and-description is-style-boxed is-layout-flex wp-container-core-columns-is-layout-c12710f6 wp-block-columns-is-layout-flex\">\n<div class=\"wp-block-column is-vertically-aligned-top is-layout-flow wp-block-column-is-layout-flow\" style=\"flex-basis:25%\">\n<p class=\"wp-block-paragraph\">Du 29 septembre 2022 au 23 novembre 2023<\/p>\n<\/div>\n\n\n\n<div class=\"wp-block-column is-vertically-aligned-top is-layout-flow wp-block-column-is-layout-flow\" style=\"flex-basis:75%\"><div class=\"wp-block-file\"><a href=\"https:\/\/telefilm.ca\/wp-content\/uploads\/2022\/12\/Principes-directeurs-Programme-daide-aux-festivals-Admission-generale-Sept2022-1.pdf\" class=\"wp-block-file__link\"><span class=\"wp-block-file__content\"><span class=\"wp-block-file__title\">Principes directeurs<\/span><span class=\"wp-block-file__description\">Programme d\u2019aide aux festivals \u2013 Admission g\u00e9n\u00e9rale<\/span><\/span><i class=\"icon far fa-arrow-down-to-line\" aria-hidden=\"true\"><\/i><\/a><\/div><\/div>\n<\/div>\n<\/div>\n\n\n\n<div class=\"wp-block-group is-layout-flow wp-block-group-is-layout-flow\" style=\"margin-top:var(--wp--preset--spacing--xl);margin-bottom:var(--wp--preset--spacing--xl)\">\n<hr class=\"wp-block-separator has-alpha-channel-opacity\"\/>\n\n\n\n<h2 id=\"contact\" class=\"wp-block-heading\">Nous joindre<\/h2>\n\n\n<style id=\"bricks-inline-css-component-bamfuh\">\n\/* Disable links in editor *\/\n.block-editor-iframe__body a.brxe-bamfuh, .block-editor-iframe__body .brxe-bamfuh a{ pointer-events: none; }\n<\/style><div class=\"brxe-bamfuh brxe-block block-tile-notice bg--secondary-ultra-light\"><div class=\"brxe-sylrpq brxe-div block-tile-notice__header-wrapper\"><div class=\"brxe-atfekq brxe-block\"><svg class=\"brxe-jfthyz brxe-icon block-tile-notice__icon brxi-bamfuh-717400db-015d-4ad6-91df-c90727a615af\" xmlns=\"http:\/\/www.w3.org\/2000\/svg\" width=\"24\" height=\"21\" viewBox=\"0 0 24 21\" fill=\"none\"><path d=\"M11.393 1.656a.71.71 0 0 1 1.214 0l.001.002 9.984 17.019a.677.677 0 0 1-.603 1.012H2.021c-.559 0-.86-.579-.604-1.008a1 1 0 0 0 .05-.106l9.925-16.917z\" stroke=\"currentColor\" stroke-width=\"1.5\" stroke-linecap=\"round\" stroke-linejoin=\"round\"><\/path><path d=\"M12.006 17.076c.317 0 .59-.112.806-.325s.33-.483.33-.796-.114-.584-.33-.796a1.1 1.1 0 0 0-.806-.326c-.319 0-.591.112-.807.325s-.33.483-.33.797c0 .313.114.583.33.796s.488.325.806.325m1.136-8.97H10.87v5.606h2.271z\" fill=\"currentColor\"><\/path><\/svg><\/div><div class=\"brxe-zojsnk brxe-block block-tile-notice__content\"><h3 class=\"brxe-iygkfm brxe-heading block-tile-notice__heading\" id=\"veuillez-lire-attentivement-les-principes-directeurs-et-les-documents-dappui-avant-de-poser-vos-questions\">Veuillez lire attentivement les principes directeurs et les documents d&#8217;appui avant de poser vos questions.<\/h3><\/div><\/div><\/div>\n\n\n<figure class=\"wp-block-table\"><table class=\"has-fixed-layout\"><tbody><tr><td>Pour toute question concernant l\u2019admissibilit\u00e9 et le processus de demande<\/td><td><strong><strong>T\u00e9l\u00e9phone<\/strong>&nbsp;:<\/strong>&nbsp;438-806-4865<br><strong>Sans frais :&nbsp;<\/strong>1 800 567-0890<a href=\"courriel: coordination@telefilm.ca\"><br><\/a><strong>Courriel :<\/strong>&nbsp;<a href=\"mailto:firstname.lastname@telefilm.ca\"><\/a><a href=\"mailto:raluca.tuturman@telefilm.ca\"><\/a><a href=\"mailto:antoinette.dure@telefilm.ca\"><\/a><a href=\"mailto:adriana.chartrand@telefilm.ca\"><\/a><a href=\"mailto:coordination@telefilm.ca\">coordination@telefilm.ca<\/a><\/td><\/tr><tr><td>R\u00e9gion de l\u2019Atlantique, Ontario, et francophonie canadienne<\/td><td><strong>Alison Zimmer<\/strong><br><br><strong>T\u00e9l\u00e9phone :<\/strong> 902 334-1369<br><strong>Sans frais :<\/strong> 1 800 567-0890<br><strong>Courriel : <\/strong><a href=\"mailto:alison.zimmer@telefilm.ca\">alison.zimmer@telefilm.ca<\/a><\/td><\/tr><tr><td>Qu\u00e9bec<\/td><td><strong>Sophie Therrien<\/strong><br><br><strong>T\u00e9l\u00e9phone :<\/strong> 438 469-1263<br><strong>Sans frais :<\/strong> 1 800 567-0890<br><strong>Courriel&nbsp;: <\/strong><a href=\"mailto:Sophie.Therrien@telefilm.ca\">Sophie.Therrien@telefilm.ca<\/a><\/td><\/tr><tr><td>R\u00e9gion de l\u2019Ouest et territoires du Nord<\/td><td><strong>Kim Hsu Guise<\/strong><br><br><strong>T\u00e9l\u00e9phone :<\/strong> 778-309-1779<br><strong>Sans frais :<\/strong> 1-800-567-0890<br><strong>Courriel : <\/strong><a href=\"mailto:kimhsu.guise@telefilm.ca\">kimhsu.guise@telefilm.ca<\/a><\/td><\/tr><tr><td>Pour toute question quant \u00e0 la cr\u00e9ation de votre compte<\/td><td><strong><strong>Courriel<\/strong> : <\/strong><a href=\"mailto:firstname.lastname@telefilm.ca\"><\/a><a href=\"mailto:enr@telefilm.ca\"><\/a><a href=\"mailto:enr@telefilm.ca\" target=\"_blank\" rel=\"noreferrer noopener\">enr@telefilm.ca<\/a><strong>&nbsp;<\/strong><\/td><\/tr><\/tbody><\/table><\/figure>\n<\/div>\n<\/div>","protected":false},"template":"","categorie_programme":[234],"class_list":["post-125094","programmes","type-programmes","status-publish","hentry","categorie_programme-festivals-activites-diffusions"],"acf":[],"yoast_head":"<!-- This site is optimized with the Yoast SEO plugin v28.4 - https:\/\/yoast.com\/product\/yoast-seo-wordpress\/ -->\n<title>Programme d\u2019aide aux festivals \u2013 Admission g\u00e9n\u00e9rale | T\u00e9l\u00e9film Canada<\/title>\n<meta name=\"robots\" content=\"index, follow, max-snippet:-1, max-image-preview:large, max-video-preview:-1\" \/>\n<link rel=\"canonical\" href=\"https:\/\/telefilm.ca\/fr\/programmes\/programme-daide-aux-festivals-admission-generale\" \/>\n<meta property=\"og:locale\" content=\"fr_CA\" \/>\n<meta property=\"og:type\" content=\"article\" \/>\n<meta property=\"og:title\" content=\"Programme d\u2019aide aux festivals \u2013 Admission g\u00e9n\u00e9rale | T\u00e9l\u00e9film Canada\" \/>\n<meta property=\"og:description\" content=\"R\u00e9sum\u00e9 Type d\u2019activit\u00e9 Festivals de films canadiens de petite envergure ou \u00e9mergents Date d\u2019activit\u00e9 Festivals se d\u00e9roulant \u00e0 compter du 1er octobre 2026 Applicants Compagnies canadiennes Soumission Dialogue Survol du programme Le Programme d\u2019aide aux festivals \u2013 Admission g\u00e9n\u00e9rale fournit un financement simplifi\u00e9 aux festivals de films de petite envergure ou \u00e9mergents qui s\u2019adressent au [&hellip;]\" \/>\n<meta property=\"og:url\" content=\"https:\/\/telefilm.ca\/fr\/programmes\/programme-daide-aux-festivals-admission-generale\" \/>\n<meta property=\"og:site_name\" content=\"T\u00e9l\u00e9film Canada\" \/>\n<meta property=\"article:publisher\" content=\"https:\/\/www.facebook.com\/TelefilmCanada\/\" \/>\n<meta property=\"article:modified_time\" content=\"2026-07-09T16:14:17+00:00\" \/>\n<meta property=\"og:image\" content=\"https:\/\/telefilm.ca\/wp-content\/uploads\/2026\/08\/og-image-t-1200x675-1.png\" \/>\n\t<meta property=\"og:image:width\" content=\"1200\" \/>\n\t<meta property=\"og:image:height\" content=\"675\" \/>\n\t<meta property=\"og:image:type\" content=\"image\/png\" \/>\n<meta name=\"twitter:card\" content=\"summary_large_image\" \/>\n<meta name=\"twitter:site\" content=\"@Telefilm_Canada\" \/>\n<meta name=\"twitter:label1\" content=\"Estimation du temps de lecture\" \/>\n\t<meta name=\"twitter:data1\" content=\"4 minutes\" \/>\n<script type=\"application\/ld+json\" class=\"yoast-schema-graph\">{\"@context\":\"https:\\\/\\\/schema.org\",\"@graph\":[{\"@type\":\"WebPage\",\"@id\":\"https:\\\/\\\/telefilm.ca\\\/fr\\\/programmes\\\/programme-daide-aux-festivals-admission-generale\",\"url\":\"https:\\\/\\\/telefilm.ca\\\/fr\\\/programmes\\\/programme-daide-aux-festivals-admission-generale\",\"name\":\"Programme d\u2019aide aux festivals \u2013 Admission g\u00e9n\u00e9rale | T\u00e9l\u00e9film Canada\",\"isPartOf\":{\"@id\":\"https:\\\/\\\/telefilm.ca\\\/fr#website\"},\"datePublished\":\"2022-09-29T17:50:00+00:00\",\"dateModified\":\"2026-07-09T16:14:17+00:00\",\"breadcrumb\":{\"@id\":\"https:\\\/\\\/telefilm.ca\\\/fr\\\/programmes\\\/programme-daide-aux-festivals-admission-generale#breadcrumb\"},\"inLanguage\":\"fr-CA\",\"potentialAction\":[{\"@type\":\"ReadAction\",\"target\":[\"https:\\\/\\\/telefilm.ca\\\/fr\\\/programmes\\\/programme-daide-aux-festivals-admission-generale\"]}]},{\"@type\":\"BreadcrumbList\",\"@id\":\"https:\\\/\\\/telefilm.ca\\\/fr\\\/programmes\\\/programme-daide-aux-festivals-admission-generale#breadcrumb\",\"itemListElement\":[{\"@type\":\"ListItem\",\"position\":1,\"name\":\"Accueil\",\"item\":\"https:\\\/\\\/telefilm.ca\\\/fr\"},{\"@type\":\"ListItem\",\"position\":2,\"name\":\"Programmes\",\"item\":\"https:\\\/\\\/telefilm.ca\\\/fr\\\/programmes\"},{\"@type\":\"ListItem\",\"position\":3,\"name\":\"Programme d\u2019aide aux festivals \u2013 Admission g\u00e9n\u00e9rale\"}]},{\"@type\":\"WebSite\",\"@id\":\"https:\\\/\\\/telefilm.ca\\\/fr#website\",\"url\":\"https:\\\/\\\/telefilm.ca\\\/fr\",\"name\":\"T\u00e9l\u00e9film Canada\",\"description\":\"Partenaire de choix\",\"publisher\":{\"@id\":\"https:\\\/\\\/telefilm.ca\\\/fr#organization\"},\"potentialAction\":[{\"@type\":\"SearchAction\",\"target\":{\"@type\":\"EntryPoint\",\"urlTemplate\":\"https:\\\/\\\/telefilm.ca\\\/fr?s={search_term_string}\"},\"query-input\":{\"@type\":\"PropertyValueSpecification\",\"valueRequired\":true,\"valueName\":\"search_term_string\"}}],\"inLanguage\":\"fr-CA\"},{\"@type\":\"Organization\",\"@id\":\"https:\\\/\\\/telefilm.ca\\\/fr#organization\",\"name\":\"Telefilm Canada\",\"url\":\"https:\\\/\\\/telefilm.ca\\\/fr\",\"logo\":{\"@type\":\"ImageObject\",\"inLanguage\":\"fr-CA\",\"@id\":\"https:\\\/\\\/telefilm.ca\\\/fr#\\\/schema\\\/logo\\\/image\\\/\",\"url\":\"https:\\\/\\\/telefilm.ca\\\/wp-content\\\/uploads\\\/2026\\\/05\\\/cropped-tfc_favicon_512.png\",\"contentUrl\":\"https:\\\/\\\/telefilm.ca\\\/wp-content\\\/uploads\\\/2026\\\/05\\\/cropped-tfc_favicon_512.png\",\"width\":512,\"height\":512,\"caption\":\"Telefilm Canada\"},\"image\":{\"@id\":\"https:\\\/\\\/telefilm.ca\\\/fr#\\\/schema\\\/logo\\\/image\\\/\"},\"sameAs\":[\"https:\\\/\\\/www.facebook.com\\\/TelefilmCanada\\\/\",\"https:\\\/\\\/x.com\\\/Telefilm_Canada\",\"https:\\\/\\\/www.instagram.com\\\/telefilm_canada\\\/\",\"https:\\\/\\\/www.linkedin.com\\\/company\\\/telefilm-canada\\\/\",\"https:\\\/\\\/www.youtube.com\\\/user\\\/telefilmcanada\"]}]}<\/script>\n<!-- \/ Yoast SEO plugin. -->","yoast_head_json":{"title":"Programme d\u2019aide aux festivals \u2013 Admission g\u00e9n\u00e9rale | T\u00e9l\u00e9film Canada","robots":{"index":"index","follow":"follow","max-snippet":"max-snippet:-1","max-image-preview":"max-image-preview:large","max-video-preview":"max-video-preview:-1"},"canonical":"https:\/\/telefilm.ca\/fr\/programmes\/programme-daide-aux-festivals-admission-generale","og_locale":"fr_CA","og_type":"article","og_title":"Programme d\u2019aide aux festivals \u2013 Admission g\u00e9n\u00e9rale | T\u00e9l\u00e9film Canada","og_description":"R\u00e9sum\u00e9 Type d\u2019activit\u00e9 Festivals de films canadiens de petite envergure ou \u00e9mergents Date d\u2019activit\u00e9 Festivals se d\u00e9roulant \u00e0 compter du 1er octobre 2026 Applicants Compagnies canadiennes Soumission Dialogue Survol du programme Le Programme d\u2019aide aux festivals \u2013 Admission g\u00e9n\u00e9rale fournit un financement simplifi\u00e9 aux festivals de films de petite envergure ou \u00e9mergents qui s\u2019adressent au [&hellip;]","og_url":"https:\/\/telefilm.ca\/fr\/programmes\/programme-daide-aux-festivals-admission-generale","og_site_name":"T\u00e9l\u00e9film Canada","article_publisher":"https:\/\/www.facebook.com\/TelefilmCanada\/","article_modified_time":"2026-07-09T16:14:17+00:00","og_image":[{"width":1200,"height":675,"url":"https:\/\/telefilm.ca\/wp-content\/uploads\/2026\/08\/og-image-t-1200x675-1.png","type":"image\/png"}],"twitter_card":"summary_large_image","twitter_site":"@Telefilm_Canada","twitter_misc":{"Estimation du temps de lecture":"4 minutes"},"schema":{"@context":"https:\/\/schema.org","@graph":[{"@type":"WebPage","@id":"https:\/\/telefilm.ca\/fr\/programmes\/programme-daide-aux-festivals-admission-generale","url":"https:\/\/telefilm.ca\/fr\/programmes\/programme-daide-aux-festivals-admission-generale","name":"Programme d\u2019aide aux festivals \u2013 Admission g\u00e9n\u00e9rale | T\u00e9l\u00e9film Canada","isPartOf":{"@id":"https:\/\/telefilm.ca\/fr#website"},"datePublished":"2022-09-29T17:50:00+00:00","dateModified":"2026-07-09T16:14:17+00:00","breadcrumb":{"@id":"https:\/\/telefilm.ca\/fr\/programmes\/programme-daide-aux-festivals-admission-generale#breadcrumb"},"inLanguage":"fr-CA","potentialAction":[{"@type":"ReadAction","target":["https:\/\/telefilm.ca\/fr\/programmes\/programme-daide-aux-festivals-admission-generale"]}]},{"@type":"BreadcrumbList","@id":"https:\/\/telefilm.ca\/fr\/programmes\/programme-daide-aux-festivals-admission-generale#breadcrumb","itemListElement":[{"@type":"ListItem","position":1,"name":"Accueil","item":"https:\/\/telefilm.ca\/fr"},{"@type":"ListItem","position":2,"name":"Programmes","item":"https:\/\/telefilm.ca\/fr\/programmes"},{"@type":"ListItem","position":3,"name":"Programme d\u2019aide aux festivals \u2013 Admission g\u00e9n\u00e9rale"}]},{"@type":"WebSite","@id":"https:\/\/telefilm.ca\/fr#website","url":"https:\/\/telefilm.ca\/fr","name":"T\u00e9l\u00e9film Canada","description":"Partenaire de choix","publisher":{"@id":"https:\/\/telefilm.ca\/fr#organization"},"potentialAction":[{"@type":"SearchAction","target":{"@type":"EntryPoint","urlTemplate":"https:\/\/telefilm.ca\/fr?s={search_term_string}"},"query-input":{"@type":"PropertyValueSpecification","valueRequired":true,"valueName":"search_term_string"}}],"inLanguage":"fr-CA"},{"@type":"Organization","@id":"https:\/\/telefilm.ca\/fr#organization","name":"Telefilm Canada","url":"https:\/\/telefilm.ca\/fr","logo":{"@type":"ImageObject","inLanguage":"fr-CA","@id":"https:\/\/telefilm.ca\/fr#\/schema\/logo\/image\/","url":"https:\/\/telefilm.ca\/wp-content\/uploads\/2026\/05\/cropped-tfc_favicon_512.png","contentUrl":"https:\/\/telefilm.ca\/wp-content\/uploads\/2026\/05\/cropped-tfc_favicon_512.png","width":512,"height":512,"caption":"Telefilm Canada"},"image":{"@id":"https:\/\/telefilm.ca\/fr#\/schema\/logo\/image\/"},"sameAs":["https:\/\/www.facebook.com\/TelefilmCanada\/","https:\/\/x.com\/Telefilm_Canada","https:\/\/www.instagram.com\/telefilm_canada\/","https:\/\/www.linkedin.com\/company\/telefilm-canada\/","https:\/\/www.youtube.com\/user\/telefilmcanada"]}]}},"wpml_current_locale":"fr_CA","wpml_translations":[{"locale":"en_CA","id":125093,"post_title":"General Admission Festivals Program","href":"https:\/\/telefilm.ca\/en\/general-admission-festivals-program\/"}],"_links":{"self":[{"href":"https:\/\/telefilm.ca\/fr\/wp-json\/wp\/v2\/programmes\/125094","targetHints":{"allow":["GET"]}}],"collection":[{"href":"https:\/\/telefilm.ca\/fr\/wp-json\/wp\/v2\/programmes"}],"about":[{"href":"https:\/\/telefilm.ca\/fr\/wp-json\/wp\/v2\/types\/programmes"}],"version-history":[{"count":5,"href":"https:\/\/telefilm.ca\/fr\/wp-json\/wp\/v2\/programmes\/125094\/revisions"}],"predecessor-version":[{"id":191848,"href":"https:\/\/telefilm.ca\/fr\/wp-json\/wp\/v2\/programmes\/125094\/revisions\/191848"}],"wp:attachment":[{"href":"https:\/\/telefilm.ca\/fr\/wp-json\/wp\/v2\/media?parent=125094"}],"wp:term":[{"taxonomy":"categorie_programme","embeddable":true,"href":"https:\/\/telefilm.ca\/fr\/wp-json\/wp\/v2\/categorie_programme?post=125094"}],"curies":[{"name":"wp","href":"https:\/\/api.w.org\/{rel}","templated":true}]}}